{"id":740642,"date":"2026-01-21T22:37:08","date_gmt":"2026-01-21T22:37:08","guid":{"rendered":"https:\/\/convertifypro.com\/?page_id=740642"},"modified":"2026-01-21T22:37:08","modified_gmt":"2026-01-21T22:37:08","slug":"aac-to-aiff-converter","status":"publish","type":"page","link":"https:\/\/convertifypro.com\/tr\/aacden-aiffye-donusturucu\/","title":{"rendered":"AAC'den AIFF'ye d\u00f6n\u00fc\u015ft\u00fcr\u00fcc\u00fc"},"content":{"rendered":"<style class=\"wpcode-css-snippet\">.ast-custom-button {\r\n  display: none;\r\n}<\/style>\n\n\n\n<!DOCTYPE html>\n<html lang=\"en\">\n<head>\n    <meta charset=\"UTF-8\">\n    <meta name=\"viewport\" content=\"width=device-width, initial-scale=1.0\">\n    <meta name=\"description\" content=\"Convert AAC files to AIFF format with our powerful offline converter. Perfect for professional audio production, archival storage, and DAW compatibility.\">\n    <meta name=\"keywords\" content=\"aac to aiff converter, convert aac to aiff, aac aiff conversion, audio converter, uncompressed audio, professional audio conversion, offline audio converter, windows audio converter\">\n    <title>AAC&#8217;den AIFF&#8217;ye D\u00f6n\u00fc\u015ft\u00fcr\u00fcc\u00fc: Windows i\u00e7in H\u0131zl\u0131, \u00dccretsiz ve \u00c7evrimd\u0131\u015f\u0131<\/title>\n    <link rel=\"stylesheet\" href=\"https:\/\/cdnjs.cloudflare.com\/ajax\/libs\/font-awesome\/6.4.0\/css\/all.min.css\">\n    \n    <style>\n        \/* Main Styles *\/\n        :root {\n            --primary-color: #FD9800;\n            --primary-hover: #e88a00;\n            --text-color: #3A3A3A;\n            --light-bg: #f8faff;\n            --gradient-bg: linear-gradient(135deg, #f8faff 0%, #fff5e6 100%);\n            --box-shadow: 0 10px 30px rgba(0, 0, 0, 0.05);\n            --hover-shadow: 0 15px 35px rgba(0, 0, 0, 0.1);\n            --border-color: #f1f5f9;\n        }\n\n        .converter-section {\n            max-width: 1200px;\n            margin: 0 auto;\n            padding: 2rem 1.5rem;\n            font-family: 'Inter', 'Segoe UI', system-ui, -apple-system, sans-serif;\n            color: var(--text-color);\n        }\n\n        \/* Hero Section *\/\n        .hero-section {\n            text-align: center;\n            padding: 3rem 1rem;\n            margin-bottom: 3rem;\n            background: var(--gradient-bg);\n            border-radius: 16px;\n            position: relative;\n            overflow: hidden;\n        }\n\n        .hero-pattern {\n            position: absolute;\n            top: 0;\n            left: 0;\n            right: 0;\n            bottom: 0;\n            background-image: url(\"data:image\/svg+xml,%3Csvg width='60' height='60' viewBox='0 0 60 60' xmlns='http:\/\/www.w3.org\/2000\/svg'%3E%3Cg fill='none' fill-rule='evenodd'%3E%3Cg fill='%23fd9800' fill-opacity='0.05'%3E%3Cpath d='M36 34v-4h-2v4h-4v2h4v4h2v-4h4v-2h-4zm0-30V0h-2v4h-4v2h4v4h2V6h4V4h-4zM6 34v-4H4v4H0v2h4v4h2v-4h4v-2H6zM6 4V0H4v4H0v2h4v4h2V6h4V4H6z'\/%3E%3C\/g%3E%3C\/g%3E%3C\/svg%3E\");\n            opacity: 0.5;\n            z-index: 0;\n        }\n\n        .hero-content {\n            position: relative;\n            z-index: 1;\n            max-width: 800px;\n            margin: 0 auto;\n        }\n\n        .hero-title {\n            font-size: 2.8rem;\n            font-weight: 800;\n            margin-bottom: 1.5rem;\n            color: var(--text-color);\n        }\n\n        .hero-subtitle {\n            font-size: 1.25rem;\n            margin-bottom: 2rem;\n            color: var(--text-color);\n            line-height: 1.6;\n        }\n\n        .hero-badges {\n            display: flex;\n            flex-wrap: wrap;\n            justify-content: center;\n            gap: 1rem;\n            margin-bottom: 2rem;\n        }\n\n        .hero-badge {\n            display: flex;\n            align-items: center;\n            background: white;\n            border-radius: 50px;\n            padding: 0.5rem 1rem;\n            box-shadow: var(--box-shadow);\n            transition: all 0.3s ease;\n            border: 1px solid var(--border-color);\n        }\n\n        .hero-badge:hover {\n            transform: translateY(-3px);\n            box-shadow: var(--hover-shadow);\n            border-color: rgba(253, 152, 0, 0.3);\n        }\n\n        .hero-badge-icon {\n            color: var(--primary-color);\n            margin-right: 0.5rem;\n            font-size: 1rem;\n        }\n\n        .hero-badge-text {\n            font-size: 0.9rem;\n            font-weight: 600;\n            color: var(--text-color);\n        }\n\n        .hero-buttons {\n            display: flex;\n            justify-content: center;\n            gap: 1rem;\n            flex-wrap: wrap;\n        }\n\n        .btn {\n            display: inline-block;\n            padding: 0.75rem 1.5rem;\n            border-radius: 8px;\n            font-weight: 600;\n            text-decoration: none !important;\n            transition: all 0.3s ease;\n            cursor: pointer;\n            font-size: 1rem;\n        }\n\n        .btn-primary {\n            background-color: var(--primary-color);\n            color: white !important;\n            box-shadow: 0 8px 16px rgba(253, 152, 0, 0.2);\n            border: none;\n        }\n\n        .btn-primary:hover {\n            background-color: var(--primary-hover);\n            transform: translateY(-2px);\n            text-decoration: none !important;\n        }\n\n        .btn-secondary {\n            background-color: white;\n            color: var(--primary-color) !important;\n            border: 1px solid var(--border-color);\n        }\n\n        .btn-secondary:hover {\n            background-color: #fff5e6;\n            transform: translateY(-2px);\n            text-decoration: none !important;\n        }\n\n        \/* Features Section *\/\n        .features-section {\n            margin-bottom: 4rem;\n        }\n\n        .section-title {\n            font-size: 2.2rem;\n            font-weight: 700;\n            text-align: center;\n            margin-bottom: 2.5rem;\n            color: var(--text-color);\n        }\n\n        .features-grid {\n            display: grid;\n            grid-template-columns: repeat(auto-fit, minmax(300px, 1fr));\n            gap: 2rem;\n        }\n\n        .feature-card {\n            background: white;\n            border-radius: 16px;\n            overflow: hidden;\n            box-shadow: var(--box-shadow);\n            transition: all 0.3s ease;\n            border: 1px solid var(--border-color);\n            height: 100%;\n            display: flex;\n            flex-direction: column;\n        }\n\n        .feature-card:hover {\n            transform: translateY(-5px);\n            box-shadow: var(--hover-shadow);\n            border-color: rgba(253, 152, 0, 0.3);\n        }\n\n        .feature-icon {\n            width: 60px;\n            height: 60px;\n            background-color: rgba(253, 152, 0, 0.15);\n            color: var(--primary-color);\n            border-radius: 12px;\n            display: flex;\n            align-items: center;\n            justify-content: center;\n            margin-bottom: 1.5rem;\n            font-size: 1.8rem;\n            transition: all 0.3s ease;\n        }\n\n        .feature-card:hover .feature-icon {\n            background: linear-gradient(135deg, #FD9800 0%, #FF6D00 100%);\n            color: white;\n            box-shadow: 0 10px 20px rgba(253, 152, 0, 0.2);\n        }\n\n        .feature-content {\n            padding: 2rem;\n            flex-grow: 1;\n        }\n\n        .feature-title {\n            font-size: 1.4rem;\n            font-weight: 700;\n            margin-bottom: 1rem;\n            color: var(--text-color);\n        }\n\n        .feature-text {\n            font-size: 1rem;\n            color: #555;\n            line-height: 1.6;\n            margin-bottom: 1.5rem;\n        }\n\n        .feature-list {\n            list-style: none;\n            padding: 0;\n            margin: 0;\n        }\n\n        .feature-item {\n            display: flex;\n            align-items: flex-start;\n            margin-bottom: 0.75rem;\n            line-height: 1.5;\n        }\n\n        .feature-check {\n            color: var(--primary-color);\n            margin-right: 0.75rem;\n            flex-shrink: 0;\n            margin-top: 0.2rem;\n        }\n\n        .feature-item-text {\n            font-size: 0.95rem;\n            color: var(--text-color);\n        }\n\n        \/* Why Convert Section *\/\n        .why-convert-section {\n            margin-bottom: 4rem;\n            background: var(--light-bg);\n            border-radius: 16px;\n            padding: 3rem 2rem;\n        }\n\n        .comparison-grid {\n            display: grid;\n            grid-template-columns: repeat(auto-fit, minmax(300px, 1fr));\n            gap: 2rem;\n            margin-top: 2rem;\n        }\n\n        .format-card {\n            background: white;\n            border-radius: 16px;\n            padding: 1.5rem;\n            box-shadow: var(--box-shadow);\n            transition: all 0.3s ease;\n            border: 1px solid var(--border-color);\n        }\n\n        .format-card:hover {\n            transform: translateY(-5px);\n            box-shadow: var(--hover-shadow);\n            border-color: rgba(253, 152, 0, 0.3);\n        }\n\n        .format-title {\n            font-size: 1.6rem;\n            font-weight: 700;\n            margin-bottom: 1.25rem;\n            color: var(--text-color);\n            display: flex;\n            align-items: center;\n        }\n\n        .format-icon {\n            color: var(--primary-color);\n            margin-right: 0.75rem;\n            font-size: 1.6rem;\n        }\n\n        .format-list {\n            list-style: none;\n            padding: 0;\n            margin: 0;\n        }\n\n        .format-item {\n            display: flex;\n            align-items: flex-start;\n            margin-bottom: 0.85rem;\n        }\n\n        .format-check {\n            color: var(--primary-color);\n            margin-right: 0.75rem;\n            flex-shrink: 0;\n            margin-top: 0.2rem;\n        }\n\n        .format-text {\n            font-size: 0.95rem;\n            color: #555;\n            line-height: 1.5;\n        }\n\n        \/* How It Works Section *\/\n        .how-it-works-section {\n            margin-bottom: 4rem;\n        }\n\n        .steps-container {\n            max-width: 900px;\n            margin: 0 auto;\n        }\n\n        .step-card {\n            display: flex;\n            align-items: flex-start;\n            background: white;\n            border-radius: 16px;\n            padding: 2rem;\n            box-shadow: var(--box-shadow);\n            margin-bottom: 2rem;\n            border: 1px solid var(--border-color);\n            transition: all 0.3s ease;\n        }\n\n        .step-card:hover {\n            transform: translateY(-5px);\n            box-shadow: var(--hover-shadow);\n            border-color: rgba(253, 152, 0, 0.3);\n        }\n\n        .step-number {\n            width: 50px;\n            height: 50px;\n            background-color: rgba(253, 152, 0, 0.15);\n            color: var(--primary-color);\n            border-radius: 50%;\n            display: flex;\n            align-items: center;\n            justify-content: center;\n            font-size: 1.5rem;\n            font-weight: 700;\n            margin-right: 1.5rem;\n            flex-shrink: 0;\n            transition: all 0.3s ease;\n        }\n\n        .step-card:hover .step-number {\n            background: linear-gradient(135deg, #FD9800 0%, #FF6D00 100%);\n            color: white;\n            box-shadow: 0 10px 20px rgba(253, 152, 0, 0.2);\n        }\n\n        .step-content {\n            flex: 1;\n        }\n\n        .step-title {\n            font-size: 1.4rem;\n            font-weight: 700;\n            margin-bottom: 0.75rem;\n            color: var(--text-color);\n        }\n\n        .step-text {\n            font-size: 1rem;\n            color: #555;\n            line-height: 1.6;\n        }\n\n        \/* Use Cases Section *\/\n        .use-cases-section {\n            margin-bottom: 4rem;\n            background: var(--light-bg);\n            border-radius: 16px;\n            padding: 3rem 2rem;\n        }\n\n        .use-cases-grid {\n            display: grid;\n            grid-template-columns: repeat(auto-fit, minmax(300px, 1fr));\n            gap: 2rem;\n            margin-top: 2rem;\n        }\n\n        .use-case-card {\n            background: white;\n            border-radius: 16px;\n            padding: 1.5rem;\n            box-shadow: var(--box-shadow);\n            transition: all 0.3s ease;\n            border: 1px solid var(--border-color);\n            height: 100%;\n        }\n\n        .use-case-card:hover {\n            transform: translateY(-5px);\n            box-shadow: var(--hover-shadow);\n            border-color: rgba(253, 152, 0, 0.3);\n        }\n\n        .use-case-icon {\n            color: var(--primary-color);\n            font-size: 2rem;\n            margin-bottom: 1rem;\n        }\n\n        .use-case-title {\n            font-size: 1.3rem;\n            font-weight: 700;\n            margin-bottom: 1rem;\n            color: var(--text-color);\n        }\n\n        .use-case-text {\n            font-size: 0.95rem;\n            color: #555;\n            line-height: 1.6;\n        }\n\n        \/* FAQ Section *\/\n        .faq-section {\n            margin-bottom: 4rem;\n        }\n\n        .faq-container {\n            max-width: 900px;\n            margin: 0 auto;\n        }\n\n        .faq-item {\n            background: white;\n            border-radius: 16px;\n            padding: 1.5rem 2rem;\n            box-shadow: var(--box-shadow);\n            margin-bottom: 1.5rem;\n            border: 1px solid var(--border-color);\n            transition: all 0.3s ease;\n        }\n\n        .faq-item:hover {\n            transform: translateY(-3px);\n            box-shadow: var(--hover-shadow);\n            border-color: rgba(253, 152, 0, 0.3);\n        }\n\n        .faq-question {\n            font-size: 1.2rem;\n            font-weight: 700;\n            margin-bottom: 1rem;\n            color: var(--text-color);\n            display: flex;\n            align-items: center;\n        }\n\n        .faq-icon {\n            color: var(--primary-color);\n            margin-right: 0.75rem;\n            font-size: 1.2rem;\n        }\n\n        .faq-answer {\n            font-size: 1rem;\n            color: #555;\n            line-height: 1.6;\n        }\n\n        \/* Technical Details Section *\/\n        .technical-details-section {\n            margin-bottom: 4rem;\n        }\n\n        .technical-details-grid {\n            display: grid;\n            grid-template-columns: repeat(auto-fit, minmax(300px, 1fr));\n            gap: 2rem;\n        }\n\n        .tech-detail-card {\n            background: white;\n            border-radius: 16px;\n            padding: 1.5rem;\n            box-shadow: var(--box-shadow);\n            transition: all 0.3s ease;\n            border: 1px solid var(--border-color);\n        }\n\n        .tech-detail-card:hover {\n            transform: translateY(-5px);\n            box-shadow: var(--hover-shadow);\n            border-color: rgba(253, 152, 0, 0.3);\n        }\n\n        .tech-detail-title {\n            font-size: 1.3rem;\n            font-weight: 700;\n            margin-bottom: 1rem;\n            color: var(--text-color);\n            display: flex;\n            align-items: center;\n        }\n\n        .tech-detail-icon {\n            color: var(--primary-color);\n            margin-right: 0.75rem;\n            font-size: 1.3rem;\n        }\n\n        .tech-detail-text {\n            font-size: 0.95rem;\n            color: #555;\n            line-height: 1.6;\n        }\n\n        \/* Security Section *\/\n        .security-section {\n            margin-bottom: 4rem;\n            background: var(--light-bg);\n            border-radius: 16px;\n            padding: 3rem 2rem;\n        }\n\n        .security-features {\n            display: grid;\n            grid-template-columns: repeat(auto-fit, minmax(300px, 1fr));\n            gap: 2rem;\n            margin-top: 2rem;\n        }\n\n        .security-card {\n            background: white;\n            border-radius: 16px;\n            padding: 1.5rem;\n            box-shadow: var(--box-shadow);\n            transition: all 0.3s ease;\n            border: 1px solid var(--border-color);\n        }\n\n        .security-card:hover {\n            transform: translateY(-5px);\n            box-shadow: var(--hover-shadow);\n            border-color: rgba(253, 152, 0, 0.3);\n        }\n\n        .security-title {\n            font-size: 1.3rem;\n            font-weight: 700;\n            margin-bottom: 1rem;\n            color: var(--text-color);\n            display: flex;\n            align-items: center;\n        }\n\n        .security-icon {\n            color: var(--primary-color);\n            margin-right: 0.75rem;\n            font-size: 1.3rem;\n        }\n\n        .security-text {\n            font-size: 0.95rem;\n            color: #555;\n            line-height: 1.6;\n        }\n\n        \/* CTA Section *\/\n        .cta-section {\n            text-align: center;\n            padding: 3rem 1rem;\n            background: var(--gradient-bg);\n            border-radius: 16px;\n            position: relative;\n            overflow: hidden;\n            margin-bottom: 2rem;\n        }\n\n        .cta-pattern {\n            position: absolute;\n            top: 0;\n            left: 0;\n            right: 0;\n            bottom: 0;\n            background-image: url(\"data:image\/svg+xml,%3Csvg width='60' height='60' viewBox='0 0 60 60' xmlns='http:\/\/www.w3.org\/2000\/svg'%3E%3Cg fill='none' fill-rule='evenodd'%3E%3Cg fill='%23fd9800' fill-opacity='0.05'%3E%3Cpath d='M36 34v-4h-2v4h-4v2h4v4h2v-4h4v-2h-4zm0-30V0h-2v4h-4v2h4v4h2V6h4V4h-4zM6 34v-4H4v4H0v2h4v4h2v-4h4v-2H6zM6 4V0H4v4H0v2h4v4h2V6h4V4H6z'\/%3E%3C\/g%3E%3C\/g%3E%3C\/svg%3E\");\n            opacity: 0.5;\n            z-index: 0;\n        }\n\n        .cta-content {\n            position: relative;\n            z-index: 1;\n            max-width: 800px;\n            margin: 0 auto;\n        }\n\n        .cta-title {\n            font-size: 2.2rem;\n            font-weight: 700;\n            margin-bottom: 1.5rem;\n            color: var(--text-color);\n        }\n\n        .cta-text {\n            font-size: 1.1rem;\n            margin-bottom: 2rem;\n            color: #555;\n            line-height: 1.6;\n        }\n\n        \/* Guide-specific Styles *\/\n        .guide-content {\n            background: white;\n            border-radius: 16px;\n            padding: 2rem;\n            margin-bottom: 2rem;\n            box-shadow: var(--box-shadow);\n            border: 1px solid var(--border-color);\n        }\n\n        .guide-section-title {\n            font-size: 1.6rem;\n            font-weight: 700;\n            color: var(--text-color);\n            margin-bottom: 1rem;\n        }\n\n        .guide-text {\n            font-size: 1rem;\n            color: #555;\n            line-height: 1.8;\n            margin-bottom: 1rem;\n        }\n\n        .guide-list {\n            list-style: none;\n            padding: 0;\n            margin: 1rem 0;\n        }\n\n        .guide-list-item {\n            display: flex;\n            align-items: flex-start;\n            margin-bottom: 0.75rem;\n            padding-left: 1.5rem;\n            position: relative;\n        }\n\n        .guide-list-item::before {\n            content: \"\u2022\";\n            color: var(--primary-color);\n            font-weight: bold;\n            position: absolute;\n            left: 0;\n        }\n\n        \/* Responsive Styles *\/\n        @media (max-width: 768px) {\n            .hero-title {\n                font-size: 2.2rem;\n            }\n\n            .section-title {\n                font-size: 1.8rem;\n            }\n\n            .cta-title {\n                font-size: 1.8rem;\n            }\n\n            .features-grid {\n                grid-template-columns: 1fr;\n                max-width: 500px;\n                margin: 0 auto;\n            }\n\n            .step-card {\n                flex-direction: column;\n                align-items: flex-start;\n            }\n\n            .step-number {\n                margin-bottom: 1rem;\n                margin-right: 0;\n            }\n        }\n\n        @media (max-width: 480px) {\n            .hero-title {\n                font-size: 1.8rem;\n            }\n\n            .hero-subtitle {\n                font-size: 1.1rem;\n            }\n\n            .section-title {\n                font-size: 1.6rem;\n            }\n\n            .feature-content {\n                padding: 1.5rem;\n            }\n\n            .step-card {\n                padding: 1.5rem;\n            }\n\n            .faq-item {\n                padding: 1.25rem;\n            }\n        }\n\n        \/* Button text should never be underlined *\/\n        .btn:hover, .btn:focus, .btn:active {\n            text-decoration: none !important;\n        }\n    <\/style>\n<\/head>\n<body>\n    <div class=\"converter-section\">\n        <!-- Hero Section -->\n        <section class=\"hero-section\">\n            <div class=\"hero-pattern\"><\/div>\n            <div class=\"hero-content\">\n                <h1 class=\"hero-title\">AAC&#8217;den AIFF&#8217;ye d\u00f6n\u00fc\u015ft\u00fcr\u00fcc\u00fc<\/h1>\n                <p class=\"hero-subtitle\">Profesyonel ses \u00fcretimi ve s\u0131k\u0131\u015ft\u0131r\u0131lmam\u0131\u015f ar\u015fiv depolama i\u00e7in AAC ses dosyalar\u0131n\u0131 y\u00fcksek kaliteli AIFF format\u0131na d\u00f6n\u00fc\u015ft\u00fcr\u00fcn. \u0130\u015f ak\u0131\u015flar\u0131n\u0131 d\u00fczenlemek ve mastering yapmak i\u00e7in kay\u0131ps\u0131z ses kalitesine ihtiya\u00e7 duyan m\u00fczisyenler, ses m\u00fchendisleri ve i\u00e7erik olu\u015fturucular i\u00e7in m\u00fckemmeldir.<\/p>\n\n                <div class=\"hero-badges\">\n                    <div class=\"hero-badge\">\n                        <span class=\"hero-badge-icon\"><i class=\"fas fa-desktop\"><\/i><\/span>\n                        <span class=\"hero-badge-text\">%100 \u00c7evrimd\u0131\u015f\u0131<\/span>\n                    <\/div>\n                    <div class=\"hero-badge\">\n                        <span class=\"hero-badge-icon\"><i class=\"fas fa-infinity\"><\/i><\/span>\n                        <span class=\"hero-badge-text\">S\u0131n\u0131rs\u0131z D\u00f6n\u00fc\u015f\u00fcm<\/span>\n                    <\/div>\n                    <div class=\"hero-badge\">\n                        <span class=\"hero-badge-icon\"><i class=\"fas fa-shield-alt\"><\/i><\/span>\n                        <span class=\"hero-badge-text\">\u00d6zel ve G\u00fcvenli<\/span>\n                    <\/div>\n                    <div class=\"hero-badge\">\n                        <span class=\"hero-badge-icon\"><i class=\"fas fa-bolt\"><\/i><\/span>\n                        <span class=\"hero-badge-text\">Y\u0131ld\u0131r\u0131m H\u0131z\u0131nda<\/span>\n                    <\/div>\n                <\/div>\n\n                <div class=\"hero-buttons\">\n                    <a href=\"\/download\" class=\"btn btn-primary\">\u00dccretsiz \u0130ndir<\/a>\n                    <a href=\"#how-it-works\" class=\"btn btn-secondary\">Daha fazla bilgi edin<\/a>\n                <\/div>\n            <\/div>\n        <\/section>\n\n\n        <!-- Features Section -->\n        <section class=\"features-section\">\n            <h2 class=\"section-title\">Neden AAC&#8217;den AIFF&#8217;ye D\u00f6n\u00fc\u015ft\u00fcrme i\u00e7in Convertify&#8217;\u0131 Se\u00e7melisiniz?<\/h2>\n\n            <div class=\"features-grid\">\n                <div class=\"feature-card\">\n                    <div class=\"feature-content\">\n                        <div class=\"feature-icon\">\n                            <i class=\"fas fa-bolt\"><\/i>\n                        <\/div>\n                        <h3 class=\"feature-title\">I\u015f\u0131k H\u0131z\u0131nda Ses \u0130\u015fleme<\/h3>\n                        <p class=\"feature-text\">\u00c7ok \u00e7ekirdekli optimizasyonla AAC dosyalar\u0131n\u0131 saniyeler i\u00e7inde AIFF format\u0131na d\u00f6n\u00fc\u015ft\u00fcr\u00fcn. CPU&#8217;nuzun yeteneklerini en \u00fcst d\u00fczeye \u00e7\u0131karan geli\u015fmi\u015f paralel i\u015fleme sayesinde b\u00fcy\u00fck ses kitapl\u0131klar\u0131n\u0131 beklemeden i\u015fleyin.<\/p>\n                        <ul class=\"feature-list\">\n                            <li class=\"feature-item\">\n                                <span class=\"feature-check\"><i class=\"fas fa-check-circle\"><\/i><\/span>\n                                <span class=\"feature-item-text\">\u00c7ok i\u015f par\u00e7ac\u0131kl\u0131 d\u00f6n\u00fc\u015ft\u00fcrme motoru<\/span>\n                            <\/li>\n                            <li class=\"feature-item\">\n                                <span class=\"feature-check\"><i class=\"fas fa-check-circle\"><\/i><\/span>\n                                <span class=\"feature-item-text\">Windows ses codec bile\u015fenleri i\u00e7in optimize edilmi\u015ftir<\/span>\n                            <\/li>\n                            <li class=\"feature-item\">\n                                <span class=\"feature-check\"><i class=\"fas fa-check-circle\"><\/i><\/span>\n                                <span class=\"feature-item-text\">B\u00fcy\u00fck dosyalar\u0131n an\u0131nda i\u015flenmesi<\/span>\n                            <\/li>\n                        <\/ul>\n                    <\/div>\n                <\/div>\n                <div class=\"feature-card\">\n                    <div class=\"feature-content\">\n                        <div class=\"feature-icon\">\n                            <i class=\"fas fa-shield-alt\"><\/i>\n                        <\/div>\n                        <h3 class=\"feature-title\">%100 \u00c7evrimd\u0131\u015f\u0131 Gizlilik Korumas\u0131<\/h3>\n                        <p class=\"feature-text\">Ses dosyalar\u0131n\u0131z d\u00f6n\u00fc\u015ft\u00fcrme s\u0131ras\u0131nda asla bilgisayar\u0131n\u0131zdan ayr\u0131lmaz. T\u00fcm i\u015flemler yerel olarak Windows makinenizde ger\u00e7ekle\u015fir ve hassas kay\u0131tlar ve \u00f6zel ses i\u00e7eri\u011fi i\u00e7in tam gizlilik sa\u011flar.<\/p>\n                        <ul class=\"feature-list\">\n                            <li class=\"feature-item\">\n                                <span class=\"feature-check\"><i class=\"fas fa-check-circle\"><\/i><\/span>\n                                <span class=\"feature-item-text\">\u0130nternet ba\u011flant\u0131s\u0131 gerekmez<\/span>\n                            <\/li>\n                            <li class=\"feature-item\">\n                                <span class=\"feature-check\"><i class=\"fas fa-check-circle\"><\/i><\/span>\n                                <span class=\"feature-item-text\">Dosyalar cihaz\u0131n\u0131zda kal\u0131r<\/span>\n                            <\/li>\n                            <li class=\"feature-item\">\n                                <span class=\"feature-check\"><i class=\"fas fa-check-circle\"><\/i><\/span>\n                                <span class=\"feature-item-text\">S\u0131f\u0131r veri toplama veya izleme<\/span>\n                            <\/li>\n                        <\/ul>\n                    <\/div>\n                <\/div>\n                <div class=\"feature-card\">\n                    <div class=\"feature-content\">\n                        <div class=\"feature-icon\">\n                            <i class=\"fas fa-infinity\"><\/i>\n                        <\/div>\n                        <h3 class=\"feature-title\">Sonsuza Kadar S\u0131n\u0131rs\u0131z D\u00f6n\u00fc\u015f\u00fcm<\/h3>\n                        <p class=\"feature-text\">S\u0131n\u0131rs\u0131z AAC dosyalar\u0131n\u0131 k\u0131s\u0131tlama, filigran veya gizli maliyetler olmadan AIFF&#8217;ye d\u00f6n\u00fc\u015ft\u00fcr\u00fcn. Binlerce ses dosyas\u0131n\u0131, dosya boyutu s\u0131n\u0131rlamalar\u0131 veya d\u00f6n\u00fc\u015ft\u00fcrme kotalar\u0131 olmadan i\u015fleyin.<\/p>\n                        <ul class=\"feature-list\">\n                            <li class=\"feature-item\">\n                                <span class=\"feature-check\"><i class=\"fas fa-check-circle\"><\/i><\/span>\n                                <span class=\"feature-item-text\">D\u00f6n\u00fc\u015f\u00fcm s\u0131n\u0131r\u0131 veya kota yok<\/span>\n                            <\/li>\n                            <li class=\"feature-item\">\n                                <span class=\"feature-check\"><i class=\"fas fa-check-circle\"><\/i><\/span>\n                                <span class=\"feature-item-text\">\u00c7\u0131kt\u0131 dosyalar\u0131nda filigran yok<\/span>\n                            <\/li>\n                            <li class=\"feature-item\">\n                                <span class=\"feature-check\"><i class=\"fas fa-check-circle\"><\/i><\/span>\n                                <span class=\"feature-item-text\">Her boyuttaki dosyalar\u0131 i\u015fleyin<\/span>\n                            <\/li>\n                        <\/ul>\n                    <\/div>\n                <\/div>\n            <\/div>\n        <\/section>\n\n\n        <!-- Why Convert Section -->\n        <section class=\"why-convert-section\">\n            <h2 class=\"section-title\">Neden AAC&#8217;yi AIFF&#8217;ye D\u00f6n\u00fc\u015ft\u00fcrmelisiniz?<\/h2>\n\n            <div class=\"comparison-grid\">\n                <div class=\"format-card\">\n                    <h3 class=\"format-title\">\n                        <span class=\"format-icon\"><i class=\"fas fa-file-video\"><\/i><\/span>\n                        AAC Format\u0131\n                    <\/h3>\n                    <ul class=\"format-list\">\n                        <li class=\"format-item\">\n                            <span class=\"format-check\"><i class=\"fas fa-check-circle\"><\/i><\/span>\n                            <span class=\"format-text\">D\u00fc\u015f\u00fck bit h\u0131zlar\u0131nda m\u00fckemmel s\u0131k\u0131\u015ft\u0131rma verimlili\u011fine sahip Geli\u015fmi\u015f Ses Kodlamas\u0131<\/span>\n                        <\/li>\n                        <li class=\"format-item\">\n                            <span class=\"format-check\"><i class=\"fas fa-check-circle\"><\/i><\/span>\n                            <span class=\"format-text\">Apple cihazlar\u0131, iTunes ve yay\u0131n platformlar\u0131 aras\u0131nda geni\u015f uyumluluk<\/span>\n                        <\/li>\n                        <li class=\"format-item\">\n                            <span class=\"format-check\"><i class=\"fas fa-times-circle\"><\/i><\/span>\n                            <span class=\"format-text\">Kay\u0131pl\u0131 s\u0131k\u0131\u015ft\u0131rma, kodlama s\u0131ras\u0131nda ses verilerini kal\u0131c\u0131 olarak kald\u0131r\u0131r<\/span>\n                        <\/li>\n                        <li class=\"format-item\">\n                            <span class=\"format-check\"><i class=\"fas fa-times-circle\"><\/i><\/span>\n                            <span class=\"format-text\">S\u0131k\u0131\u015ft\u0131r\u0131lmam\u0131\u015f formatlara k\u0131yasla profesyonel ses d\u00fczenleme yaz\u0131l\u0131m\u0131nda s\u0131n\u0131rl\u0131 destek<\/span>\n                        <\/li>\n                        <li class=\"format-item\">\n                            <span class=\"format-check\"><i class=\"fas fa-times-circle\"><\/i><\/span>\n                            <span class=\"format-text\">Patent lisanslama k\u0131s\u0131tlamalar\u0131 baz\u0131 ticari uygulamalarda kullan\u0131m\u0131 s\u0131n\u0131rlayabilir<\/span>\n                        <\/li>\n                    <\/ul>\n                <\/div>\n\n                <div class=\"format-card\">\n                    <h3 class=\"format-title\">\n                        <span class=\"format-icon\"><i class=\"fas fa-file-video\"><\/i><\/span>\n                        AIFF Format\u0131\n                    <\/h3>\n                    <ul class=\"format-list\">\n                        <li class=\"format-item\">\n                            <span class=\"format-check\"><i class=\"fas fa-check-circle\"><\/i><\/span>\n                            <span class=\"format-text\">S\u0131k\u0131\u015ft\u0131r\u0131lmam\u0131\u015f PCM ses, orijinal ses verilerinin her bitini korur<\/span>\n                        <\/li>\n                        <li class=\"format-item\">\n                            <span class=\"format-check\"><i class=\"fas fa-check-circle\"><\/i><\/span>\n                            <span class=\"format-text\">Pro Tools, Logic Pro ve profesyonel DAW yaz\u0131l\u0131m\u0131nda yerel destek<\/span>\n                        <\/li>\n                        <li class=\"format-item\">\n                            <span class=\"format-check\"><i class=\"fas fa-check-circle\"><\/i><\/span>\n                            <span class=\"format-text\">M\u00fckemmel macOS entegrasyonuyla Apple&#8217;\u0131n y\u00fcksek kaliteli ses standard\u0131<\/span>\n                        <\/li>\n                        <li class=\"format-item\">\n                            <span class=\"format-check\"><i class=\"fas fa-check-circle\"><\/i><\/span>\n                            <span class=\"format-text\">32 bit\/192 kHz \u00f6rnekleme h\u0131zlar\u0131na kadar y\u00fcksek \u00e7\u00f6z\u00fcn\u00fcrl\u00fckl\u00fc ses deste\u011fi<\/span>\n                        <\/li>\n                        <li class=\"format-item\">\n                            <span class=\"format-check\"><i class=\"fas fa-times-circle\"><\/i><\/span>\n                            <span class=\"format-text\">S\u0131k\u0131\u015ft\u0131r\u0131lmam\u0131\u015f ses verisi depolamas\u0131 nedeniyle b\u00fcy\u00fck dosya boyutlar\u0131<\/span>\n                        <\/li>\n                    <\/ul>\n                <\/div>\n            <\/div>\n        <\/section>\n\n\n        <!-- Technical Details Section -->\n        <section class=\"technical-details-section\">\n            <h2 class=\"section-title\">Teknik Detaylar<\/h2>\n\n            <div class=\"technical-details-grid\">\n                <div class=\"tech-detail-card\">\n                    <h3 class=\"tech-detail-title\">\n                        <span class=\"tech-detail-icon\"><i class=\"fas fa-cog\"><\/i><\/span>\n                        Ses Codec D\u00f6n\u00fc\u015f\u00fcm\u00fc\n                    <\/h3>\n                    <p class=\"tech-detail-text\">Convertify, AAC&#8217;nin Geli\u015fmi\u015f Ses Kodlama format\u0131n\u0131n kodunu \u00e7\u00f6zer ve AIFF&#8217;in s\u0131k\u0131\u015ft\u0131r\u0131lmam\u0131\u015f Do\u011frusal PCM&#8217;sine yeniden kodlar. Bu i\u015flem, s\u0131k\u0131\u015ft\u0131r\u0131lm\u0131\u015f ses verilerini tekrar tam \u00e7\u00f6z\u00fcn\u00fcrl\u00fc\u011fe geni\u015fletir ancak orijinal AAC kodlamas\u0131 s\u0131ras\u0131nda kaybolan verileri geri y\u00fckleyemez.<\/p>\n                <\/div>\n                <div class=\"tech-detail-card\">\n                    <h3 class=\"tech-detail-title\">\n                        <span class=\"tech-detail-icon\"><i class=\"fas fa-waveform\"><\/i><\/span>\n                        \u00d6rnekleme H\u0131z\u0131 ve Bit Derinli\u011fi \u0130\u015fleme\n                    <\/h3>\n                    <p class=\"tech-detail-text\">D\u00f6n\u00fc\u015ft\u00fcr\u00fcc\u00fc orijinal \u00f6rnekleme h\u0131zlar\u0131n\u0131 (tipik olarak 44,1kHz veya 48kHz) korur ve bit derinli\u011fini 16 bit veya 24 bit Do\u011frusal PCM&#8217;ye geni\u015fletir. AIFF&#8217;in y\u0131\u011f\u0131n tabanl\u0131 yap\u0131s\u0131, ses verilerini meta verilerin yan\u0131 s\u0131ra Apple&#8217;\u0131n yerel format\u0131nda saklar.<\/p>\n                <\/div>\n                <div class=\"tech-detail-card\">\n                    <h3 class=\"tech-detail-title\">\n                        <span class=\"tech-detail-icon\"><i class=\"fas fa-database\"><\/i><\/span>\n                        Meta Verilerin Korunmas\u0131\n                    <\/h3>\n                    <p class=\"tech-detail-text\">Par\u00e7a adlar\u0131, sanat\u00e7\u0131 bilgileri ve alb\u00fcm verilerini i\u00e7eren \u00f6nemli ses meta verileri, AAC&#8217;nin ID3 etiketlerinden AIFF&#8217;in uyumlu meta veri par\u00e7alar\u0131na aktar\u0131larak m\u00fczik kitapl\u0131\u011f\u0131 organizasyonunuzun bozulmadan kalmas\u0131 sa\u011flan\u0131r.<\/p>\n                <\/div>\n            <\/div>\n        <\/section>\n\n\n        <!-- How It Works Section -->\n        <section id=\"how-it-works\" class=\"how-it-works-section\">\n            <h2 class=\"section-title\">AAC&#8217;yi AIFF&#8217;ye d\u00f6n\u00fc\u015ft\u00fcrme<\/h2>\n\n            <div class=\"steps-container\">\n                <div class=\"step-card\">\n                    <div class=\"step-number\">1<\/div>\n                    <div class=\"step-content\">\n                        <h3 class=\"step-title\">\u0130ndir ve Y\u00fckle<\/h3>\n                        <p class=\"step-text\">Convertify&#8217;\u0131 \u00fccretsiz indirin ve Windows PC&#8217;nize y\u00fckleyin. Hesap veya kay\u0131t gerekmez.<\/p>\n                    <\/div>\n                <\/div>\n                <div class=\"step-card\">\n                    <div class=\"step-number\">2<\/div>\n                    <div class=\"step-content\">\n                        <h3 class=\"step-title\">AAC Dosyalar\u0131n\u0131z\u0131 Ekleyin<\/h3>\n                        <p class=\"step-text\">AAC dosyalar\u0131n\u0131z\u0131 Convertify&#8217;a s\u00fcr\u00fckleyip b\u0131rak\u0131n veya bunlar\u0131 se\u00e7mek i\u00e7in dosya taray\u0131c\u0131s\u0131n\u0131 kullan\u0131n.<\/p>\n                    <\/div>\n                <\/div>\n                <div class=\"step-card\">\n                    <div class=\"step-number\">3<\/div>\n                    <div class=\"step-content\">\n                        <h3 class=\"step-title\">AIFF \u00c7\u0131k\u0131\u015f\u0131n\u0131 Se\u00e7in<\/h3>\n                        <p class=\"step-text\">\u00c7\u0131kt\u0131 format\u0131n\u0131z olarak AIFF&#8217;yi se\u00e7in. Gerekirse kalite ayarlar\u0131n\u0131 yap\u0131n.<\/p>\n                    <\/div>\n                <\/div>\n                <div class=\"step-card\">\n                    <div class=\"step-number\">4<\/div>\n                    <div class=\"step-content\">\n                        <h3 class=\"step-title\">D\u00f6n\u00fc\u015ft\u00fcr ve Kaydet<\/h3>\n                        <p class=\"step-text\">D\u00f6n\u00fc\u015ft\u00fcr&#8217;e t\u0131klad\u0131\u011f\u0131n\u0131zda dosyalar\u0131n\u0131z an\u0131nda i\u015flenecektir. Bunlar\u0131 bilgisayar\u0131n\u0131zda herhangi bir yere kaydedin.<\/p>\n                    <\/div>\n                <\/div>\n            <\/div>\n        <\/section>\n\n\n        <!-- Use Cases Section -->\n        <section class=\"use-cases-section\">\n            <h2 class=\"section-title\">AAC&#8217;den AIFF&#8217;ye D\u00f6n\u00fc\u015f\u00fcm Ne Zaman Kullan\u0131lmal\u0131?<\/h2>\n\n            <div class=\"use-cases-grid\">\n                <div class=\"use-case-card\">\n                    <div class=\"use-case-icon\"><i class=\"fas fa-music\"><\/i><\/div>\n                    <h3 class=\"use-case-title\">Profesyonel M\u00fczik Prod\u00fcksiyonu<\/h3>\n                    <p class=\"use-case-text\">Pro Tools ve Logic Pro gibi profesyonel DAW&#8217;larda kullan\u0131lmak \u00fczere s\u0131k\u0131\u015ft\u0131r\u0131lm\u0131\u015f AAC par\u00e7alar\u0131n\u0131 s\u0131k\u0131\u015ft\u0131r\u0131lmam\u0131\u015f AIFF&#8217;ye d\u00f6n\u00fc\u015ft\u00fcr\u00fcn ve miksaj ve mastering oturumlar\u0131 i\u00e7in maksimum ses kalitesi sa\u011flay\u0131n.<\/p>\n                <\/div>\n                <div class=\"use-case-card\">\n                    <div class=\"use-case-icon\"><i class=\"fas fa-archive\"><\/i><\/div>\n                    <h3 class=\"use-case-title\">Ses Ar\u015fiv Depolama Alan\u0131<\/h3>\n                    <p class=\"use-case-text\">Uzun vadeli ar\u015fiv depolamas\u0131 i\u00e7in AAC dosyalar\u0131n\u0131 s\u0131k\u0131\u015ft\u0131r\u0131lmam\u0131\u015f AIFF format\u0131na d\u00f6n\u00fc\u015ft\u00fcr\u00fcn ve s\u0131k\u0131\u015ft\u0131r\u0131lm\u0131\u015f formatlar gibi zamanla bozulmayan m\u00fckemmel kopyalar olu\u015fturun.<\/p>\n                <\/div>\n                <div class=\"use-case-card\">\n                    <div class=\"use-case-icon\"><i class=\"fas fa-broadcast-tower\"><\/i><\/div>\n                    <h3 class=\"use-case-title\">Yay\u0131n ve Radyo Prod\u00fcksiyonu<\/h3>\n                    <p class=\"use-case-text\">S\u0131k\u0131\u015ft\u0131r\u0131lmam\u0131\u015f ses formatlar\u0131 gerektiren yay\u0131n sistemleri i\u00e7in AAC sesi AIFF&#8217;ye d\u00f6n\u00fc\u015ft\u00fcrerek profesyonel radyo ve televizyon prod\u00fcksiyon i\u015f ak\u0131\u015flar\u0131yla uyumluluk sa\u011flay\u0131n.<\/p>\n                <\/div>\n                <div class=\"use-case-card\">\n                    <div class=\"use-case-icon\"><i class=\"fas fa-film\"><\/i><\/div>\n                    <h3 class=\"use-case-title\">Video Post Prod\u00fcksiyonu<\/h3>\n                    <p class=\"use-case-text\">S\u0131k\u0131\u015ft\u0131r\u0131lmam\u0131\u015f sesle en iyi \u015fekilde \u00e7al\u0131\u015fan, daha iyi senkronizasyon do\u011frulu\u011fu ve d\u00fczenleme esnekli\u011fi sa\u011flayan video d\u00fczenleme yaz\u0131l\u0131m\u0131 i\u00e7in AAC film m\u00fczi\u011fi dosyalar\u0131n\u0131 AIFF&#8217;ye d\u00f6n\u00fc\u015ft\u00fcr\u00fcn.<\/p>\n                <\/div>\n                <div class=\"use-case-card\">\n                    <div class=\"use-case-icon\"><i class=\"fas fa-compact-disc\"><\/i><\/div>\n                    <h3 class=\"use-case-title\">CD Mastering Haz\u0131rl\u0131\u011f\u0131<\/h3>\n                    <p class=\"use-case-text\">AIFF&#8217;in s\u0131k\u0131\u015ft\u0131r\u0131lmam\u0131\u015f yap\u0131s\u0131, fiziksel medya \u00fcretimi i\u00e7in gerekli kalite standard\u0131n\u0131 sa\u011flad\u0131\u011f\u0131ndan, CD mastering i\u00e7in haz\u0131rl\u0131k olarak AAC dosyalar\u0131n\u0131 AIFF format\u0131na d\u00f6n\u00fc\u015ft\u00fcr\u00fcn.<\/p>\n                <\/div>\n                <div class=\"use-case-card\">\n                    <div class=\"use-case-icon\"><i class=\"fas fa-apple-alt\"><\/i><\/div>\n                    <h3 class=\"use-case-title\">Apple Ekosistemi Entegrasyonu<\/h3>\n                    <p class=\"use-case-text\">macOS ses uygulamalar\u0131, iTunes ve di\u011fer Apple profesyonel ses ara\u00e7lar\u0131yla kusursuz entegrasyon i\u00e7in AAC dosyalar\u0131n\u0131 Apple&#8217;\u0131n yerel AIFF format\u0131na d\u00f6n\u00fc\u015ft\u00fcr\u00fcn.<\/p>\n                <\/div>\n            <\/div>\n        <\/section>\n\n\n        <!-- Security Section -->\n        <section class=\"security-section\">\n            <h2 class=\"section-title\">Gizlili\u011finiz Korunuyor<\/h2>\n\n            <div class=\"security-features\">\n                <div class=\"security-card\">\n                    <h3 class=\"security-title\">\n                        <span class=\"security-icon\"><i class=\"fas fa-lock\"><\/i><\/span>\n                        %100 \u00c7evrimd\u0131\u015f\u0131\n                    <\/h3>\n                    <p class=\"security-text\">T\u00fcm d\u00f6n\u00fc\u015f\u00fcmler bilgisayar\u0131n\u0131zda yerel olarak ger\u00e7ekle\u015fir. Dosyalar\u0131n\u0131z asla cihaz\u0131n\u0131zdan \u00e7\u0131kmaz ve hi\u00e7bir sunucuya y\u00fcklenmez.<\/p>\n                <\/div>\n                <div class=\"security-card\">\n                    <h3 class=\"security-title\">\n                        <span class=\"security-icon\"><i class=\"fas fa-user-shield\"><\/i><\/span>\n                        Hesap Gerekmez\n                    <\/h3>\n                    <p class=\"security-text\">Hesap olu\u015fturmadan, ki\u015fisel bilgilerinizi vermeden veya herhangi bir \u015feye kaydolmadan hemen d\u00f6n\u00fc\u015ft\u00fcrmeye ba\u015flay\u0131n.<\/p>\n                <\/div>\n                <div class=\"security-card\">\n                    <h3 class=\"security-title\">\n                        <span class=\"security-icon\"><i class=\"fas fa-trash-alt\"><\/i><\/span>\n                        Otomatik Temizleme\n                    <\/h3>\n                    <p class=\"security-text\">Ge\u00e7ici dosyalar d\u00f6n\u00fc\u015ft\u00fcrme sonras\u0131nda g\u00fcvenli bir \u015fekilde silinir. Aksini se\u00e7medi\u011finiz s\u00fcrece orijinal dosyalar\u0131n\u0131z hi\u00e7bir \u015fekilde dokunulmaz.<\/p>\n                <\/div>\n            <\/div>\n        <\/section>\n\n\n        <!-- FAQ Section -->\n        <section class=\"faq-section\">\n            <h2 class=\"section-title\">S\u0131k\u00e7a Sorulan Sorular<\/h2>\n\n            <div class=\"faq-container\">\n                <div class=\"faq-item\">\n                    <h3 class=\"faq-question\">\n                        <span class=\"faq-icon\"><i class=\"fas fa-question-circle\"><\/i><\/span>\n                        AAC&#8217;yi AIFF&#8217;ye d\u00f6n\u00fc\u015ft\u00fcrmek ses kalitesini art\u0131r\u0131r m\u0131?\n                    <\/h3>\n                    <div class=\"faq-answer\">\n                        <p>AAC&#8217;yi AIFF&#8217;e d\u00f6n\u00fc\u015ft\u00fcrmek, orijinal AAC s\u0131k\u0131\u015ft\u0131rmas\u0131 s\u0131ras\u0131nda kaybolan ses verilerini geri y\u00fcklemez ancak d\u00fczenleme i\u00e7in daha uygun olan ve daha fazla kalite kayb\u0131na u\u011framayan s\u0131k\u0131\u015ft\u0131r\u0131lmam\u0131\u015f bir dosya olu\u015fturur. AIFF dosyas\u0131 kaynak AAC ile ayn\u0131 ses \u00e7\u0131kar\u0131r ancak s\u0131k\u0131\u015ft\u0131r\u0131lmam\u0131\u015f formattad\u0131r.<\/p>\n                    <\/div>\n                <\/div>\n                <div class=\"faq-item\">\n                    <h3 class=\"faq-question\">\n                        <span class=\"faq-icon\"><i class=\"fas fa-question-circle\"><\/i><\/span>\n                        AIFF dosyalar\u0131 AAC ile kar\u015f\u0131la\u015ft\u0131r\u0131ld\u0131\u011f\u0131nda ne kadar b\u00fcy\u00fck olacak?\n                    <\/h3>\n                    <div class=\"faq-answer\">\n                        <p>AIFF dosyalar\u0131 genellikle AAC dosyalar\u0131ndan 8-10 kat daha b\u00fcy\u00fckt\u00fcr. S\u0131k\u0131\u015ft\u0131r\u0131lmam\u0131\u015f Do\u011frusal PCM ses verileri nedeniyle 4 MB&#8217;l\u0131k bir AAC dosyas\u0131 AIFF olarak yakla\u015f\u0131k 35-40 MB olacakt\u0131r. Tam boyut, orijinal \u00f6rnekleme h\u0131z\u0131na ve bit derinli\u011fine ba\u011fl\u0131d\u0131r.<\/p>\n                    <\/div>\n                <\/div>\n                <div class=\"faq-item\">\n                    <h3 class=\"faq-question\">\n                        <span class=\"faq-icon\"><i class=\"fas fa-question-circle\"><\/i><\/span>\n                        AAC dosyalar\u0131n\u0131 DRM korumas\u0131yla d\u00f6n\u00fc\u015ft\u00fcrebilir miyim?\n                    <\/h3>\n                    <div class=\"faq-answer\">\n                        <p>Hay\u0131r, Convertify, DRM korumal\u0131 AAC dosyalar\u0131n\u0131 iTunes&#8217;dan veya di\u011fer korumal\u0131 kaynaklardan d\u00f6n\u00fc\u015ft\u00fcremez. Yaln\u0131zca DRM&#8217;siz AAC dosyalar\u0131 d\u00f6n\u00fc\u015ft\u00fcr\u00fclebilir. Kendi olu\u015fturdu\u011funuz veya DRM&#8217;siz indirmeler olarak sat\u0131n ald\u0131\u011f\u0131n\u0131z AAC dosyalar\u0131n\u0131 d\u00f6n\u00fc\u015ft\u00fcrebilirsiniz.<\/p>\n                    <\/div>\n                <\/div>\n                <div class=\"faq-item\">\n                    <h3 class=\"faq-question\">\n                        <span class=\"faq-icon\"><i class=\"fas fa-question-circle\"><\/i><\/span>\n                        \u015eark\u0131 adlar\u0131 ve sanat\u00e7\u0131 adlar\u0131 gibi meta veriler korunacak m\u0131?\n                    <\/h3>\n                    <div class=\"faq-answer\">\n                        <p>Evet, Convertify, par\u00e7a ba\u015fl\u0131klar\u0131, sanat\u00e7\u0131 adlar\u0131, alb\u00fcm bilgileri ve di\u011fer uyumlu etiketler dahil olmak \u00fczere \u00f6nemli meta verileri AAC dosyalar\u0131ndan AIFF format\u0131na aktar\u0131r. M\u00fczik kitapl\u0131\u011f\u0131 organizasyonunuz d\u00f6n\u00fc\u015f\u00fcmden sonra bozulmadan kalacakt\u0131r.<\/p>\n                    <\/div>\n                <\/div>\n                <div class=\"faq-item\">\n                    <h3 class=\"faq-question\">\n                        <span class=\"faq-icon\"><i class=\"fas fa-question-circle\"><\/i><\/span>\n                        D\u00f6n\u00fc\u015ft\u00fcr\u00fcc\u00fc hangi \u00f6rnek h\u0131zlar\u0131n\u0131 ve bit derinliklerini destekliyor?\n                    <\/h3>\n                    <div class=\"faq-answer\">\n                        <p>D\u00f6n\u00fc\u015ft\u00fcr\u00fcc\u00fc, t\u00fcm standart AAC \u00f6rnek h\u0131zlar\u0131n\u0131 (8kHz &#8211; 96kHz) destekler ve kaynak AAC dosyas\u0131n\u0131n \u00f6zelliklerine ba\u011fl\u0131 olarak AIFF dosyalar\u0131n\u0131 16 bit veya 24 bit Do\u011frusal PCM kodlamayla e\u015fle\u015fen \u00f6rnek h\u0131zlarda \u00e7\u0131kar\u0131r.<\/p>\n                    <\/div>\n                <\/div>\n                <div class=\"faq-item\">\n                    <h3 class=\"faq-question\">\n                        <span class=\"faq-icon\"><i class=\"fas fa-question-circle\"><\/i><\/span>\n                        Birden fazla AAC dosyas\u0131n\u0131 ayn\u0131 anda AIFF&#8217;e d\u00f6n\u00fc\u015ft\u00fcrebilir miyim?\n                    <\/h3>\n                    <div class=\"faq-answer\">\n                        <p>Evet, Convertify&#8217;\u0131n toplu i\u015fleme yetenekleriyle y\u00fczlerce veya binlerce AAC dosyas\u0131n\u0131 tek bir i\u015flemle AIFF format\u0131na d\u00f6n\u00fc\u015ft\u00fcrebilirsiniz. Toplu d\u00f6n\u00fc\u015ft\u00fcrme i\u00e7in birden fazla dosyay\u0131 veya klas\u00f6r\u00fcn tamam\u0131n\u0131 s\u00fcr\u00fckleyip b\u0131rakman\u0131z yeterlidir.<\/p>\n                    <\/div>\n                <\/div>\n                <div class=\"faq-item\">\n                    <h3 class=\"faq-question\">\n                        <span class=\"faq-icon\"><i class=\"fas fa-question-circle\"><\/i><\/span>\n                        AAC&#8217;yi AIFF&#8217;ye d\u00f6n\u00fc\u015ft\u00fcrmek i\u00e7in internet ba\u011flant\u0131s\u0131na ihtiyac\u0131m var m\u0131?\n                    <\/h3>\n                    <div class=\"faq-answer\">\n                        <p>\u0130nternet ba\u011flant\u0131s\u0131 gerekmez. Convertify, t\u00fcm AAC&#8217;den AIFF&#8217;ye d\u00f6n\u00fc\u015f\u00fcmleri Windows bilgisayar\u0131n\u0131zda yerel olarak i\u015fleyerek tam gizlilik sa\u011flar ve hassas ses dosyalar\u0131yla \u00e7evrimd\u0131\u015f\u0131 \u00e7al\u0131\u015fman\u0131za olanak tan\u0131r.<\/p>\n                    <\/div>\n                <\/div>\n                <div class=\"faq-item\">\n                    <h3 class=\"faq-question\">\n                        <span class=\"faq-icon\"><i class=\"fas fa-question-circle\"><\/i><\/span>\n                        Hangi profesyonel ses yaz\u0131l\u0131m\u0131 AIFF dosyalar\u0131yla en iyi \u015fekilde \u00e7al\u0131\u015f\u0131r?\n                    <\/h3>\n                    <div class=\"faq-answer\">\n                        <p>AIFF dosyalar\u0131 Pro Tools, Logic Pro, Cubase, Adobe Audition ve \u00e7o\u011fu profesyonel DAW ile m\u00fckemmel \u015fekilde \u00e7al\u0131\u015f\u0131r. Apple&#8217;\u0131n yerel ses uygulamalar\u0131, Apple&#8217;\u0131n standart s\u0131k\u0131\u015ft\u0131r\u0131lmam\u0131\u015f ses format\u0131 olmas\u0131 nedeniyle \u00f6zellikle AIFF&#8217;i tercih etmektedir.<\/p>\n                    <\/div>\n                <\/div>\n            <\/div>\n        <\/section>\n\n\n        <!-- CTA Section -->\n        <section class=\"cta-section\">\n            <div class=\"cta-pattern\"><\/div>\n            <div class=\"cta-content\">\n                <h2 class=\"cta-title\">Dosyalar\u0131n\u0131z\u0131 D\u00f6n\u00fc\u015ft\u00fcrmeye Haz\u0131r m\u0131s\u0131n\u0131z?<\/h2>\n                <p class=\"cta-text\">\u015eimdi Convertify&#8217;\u0131 indirin ve AAC&#8217;yi AIFF&#8217;e an\u0131nda d\u00f6n\u00fc\u015ft\u00fcrmeye ba\u015flay\u0131n. \u00dccretsiz, s\u0131n\u0131rs\u0131z ve tamamen \u00e7evrimd\u0131\u015f\u0131.<\/p>\n                <div class=\"hero-buttons\">\n                    <a href=\"\/download\" class=\"btn btn-primary\">Convertify&#8217;\u0131 \u00dccretsiz \u0130ndirin<\/a>\n                    <a href=\"\/pricing\" class=\"btn btn-secondary\">Fiyatland\u0131rmay\u0131 G\u00f6r\u00fcnt\u00fcle<\/a>\n                <\/div>\n            <\/div>\n        <\/section>\n    <\/div>\n<\/body>\n<\/html>\n\n\n\n<p><\/p>\n","protected":false},"excerpt":{"rendered":"<p>AAC&#8217;den AIFF&#8217;ye D\u00f6n\u00fc\u015ft\u00fcr\u00fcc\u00fc: Windows i\u00e7in H\u0131zl\u0131, \u00dccretsiz ve \u00c7evrimd\u0131\u015f\u0131 AAC&#8217;den AIFF&#8217;ye d\u00f6n\u00fc\u015ft\u00fcr\u00fcc\u00fc Profesyonel ses \u00fcretimi ve s\u0131k\u0131\u015ft\u0131r\u0131lmam\u0131\u015f ar\u015fiv depolama i\u00e7in [&hellip;]<\/p>\n","protected":false},"author":1,"featured_media":0,"parent":0,"menu_order":0,"comment_status":"closed","ping_status":"closed","template":"","meta":{"pagelayer_contact_templates":[],"_pagelayer_content":"","_uag_custom_page_level_css":"","site-sidebar-layout":"default","site-content-layout":"","ast-site-content-layout":"","site-content-style":"default","site-sidebar-style":"default","ast-global-header-display":"","ast-banner-title-visibility":"","ast-main-header-display":"","ast-hfb-above-header-display":"","ast-hfb-below-header-display":"","ast-hfb-mobile-header-display":"","site-post-title":"disabled","ast-breadcrumbs-content":"","ast-featured-img":"","footer-sml-layout":"","theme-transparent-header-meta":"","adv-header-id-meta":"","stick-header-meta":"","header-above-stick-meta":"","header-main-stick-meta":"","header-below-stick-meta":"","astra-migrate-meta-layouts":"default","ast-page-background-enabled":"default","ast-page-background-meta":{"desktop":{"background-color":"var(--ast-global-color-5)","background-image":"","background-repeat":"repeat","background-position":"center center","background-size":"auto","background-attachment":"scroll","background-type":"","background-media":"","overlay-type":"","overlay-color":"","overlay-opacity":"","overlay-gradient":""},"tablet":{"background-color":"","background-image":"","background-repeat":"repeat","background-position":"center center","background-size":"auto","background-attachment":"scroll","background-type":"","background-media":"","overlay-type":"","overlay-color":"","overlay-opacity":"","overlay-gradient":""},"mobile":{"background-color":"","background-image":"","background-repeat":"repeat","background-position":"center center","background-size":"auto","background-attachment":"scroll","background-type":"","background-media":"","overlay-type":"","overlay-color":"","overlay-opacity":"","overlay-gradient":""}},"ast-content-background-meta":{"desktop":{"background-color":"var(--ast-global-color-4)","background-image":"","background-repeat":"repeat","background-position":"center center","background-size":"auto","background-attachment":"scroll","background-type":"","background-media":"","overlay-type":"","overlay-color":"","overlay-opacity":"","overlay-gradient":""},"tablet":{"background-color":"var(--ast-global-color-4)","background-image":"","background-repeat":"repeat","background-position":"center center","background-size":"auto","background-attachment":"scroll","background-type":"","background-media":"","overlay-type":"","overlay-color":"","overlay-opacity":"","overlay-gradient":""},"mobile":{"background-color":"var(--ast-global-color-4)","background-image":"","background-repeat":"repeat","background-position":"center center","background-size":"auto","background-attachment":"scroll","background-type":"","background-media":"","overlay-type":"","overlay-color":"","overlay-opacity":"","overlay-gradient":""}},"footnotes":""},"class_list":["post-740642","page","type-page","status-publish","hentry"],"uagb_featured_image_src":{"full":false,"thumbnail":false,"medium":false,"medium_large":false,"large":false,"1536x1536":false,"2048x2048":false,"woocommerce_thumbnail":false,"woocommerce_single":false,"woocommerce_gallery_thumbnail":false},"uagb_author_info":{"display_name":"convertify","author_link":"https:\/\/convertifypro.com\/author\/convertifypro\/"},"uagb_comment_info":0,"uagb_excerpt":"AAC&#8217;den AIFF&#8217;ye D\u00f6n\u00fc\u015ft\u00fcr\u00fcc\u00fc: Windows i\u00e7in H\u0131zl\u0131, \u00dccretsiz ve \u00c7evrimd\u0131\u015f\u0131 AAC&#8217;den AIFF&#8217;ye d\u00f6n\u00fc\u015ft\u00fcr\u00fcc\u00fc Profesyonel ses \u00fcretimi ve s\u0131k\u0131\u015ft\u0131r\u0131lmam\u0131\u015f ar\u015fiv depolama i\u00e7in [&hellip;]","_links":{"self":[{"href":"https:\/\/convertifypro.com\/wp-json\/wp\/v2\/pages\/740642","targetHints":{"allow":["GET"]}}],"collection":[{"href":"https:\/\/convertifypro.com\/wp-json\/wp\/v2\/pages"}],"about":[{"href":"https:\/\/convertifypro.com\/wp-json\/wp\/v2\/types\/page"}],"author":[{"embeddable":true,"href":"https:\/\/convertifypro.com\/wp-json\/wp\/v2\/users\/1"}],"replies":[{"embeddable":true,"href":"https:\/\/convertifypro.com\/wp-json\/wp\/v2\/comments?post=740642"}],"version-history":[{"count":0,"href":"https:\/\/convertifypro.com\/wp-json\/wp\/v2\/pages\/740642\/revisions"}],"wp:attachment":[{"href":"https:\/\/convertifypro.com\/wp-json\/wp\/v2\/media?parent=740642"}],"curies":[{"name":"wp","href":"https:\/\/api.w.org\/{rel}","templated":true}]}}