{"id":740501,"date":"2026-01-21T22:37:37","date_gmt":"2026-01-21T22:37:37","guid":{"rendered":"https:\/\/convertifypro.com\/?page_id=740501"},"modified":"2026-01-21T22:37:37","modified_gmt":"2026-01-21T22:37:37","slug":"avif-to-tiff-converter","status":"publish","type":"page","link":"https:\/\/convertifypro.com\/tr\/avifden-tiffye-donusturucu\/","title":{"rendered":"AVIF'den TIFF'ye d\u00f6n\u00fc\u015ft\u00fcr\u00fcc\u00fc"},"content":{"rendered":"<style class=\"wpcode-css-snippet\">.ast-custom-button {\r\n  display: none;\r\n}<\/style>\n\n\n\n<!DOCTYPE html>\n<html lang=\"en\">\n<head>\n    <meta charset=\"UTF-8\">\n    <meta name=\"viewport\" content=\"width=device-width, initial-scale=1.0\">\n    <meta name=\"description\" content=\"Convert AVIF files to TIFF format with our powerful offline converter. Lossless quality preservation and batch processing. Perfect for professional printing workflows.\">\n    <meta name=\"keywords\" content=\"AVIF to TIFF converter, AVIF TIFF conversion, image format converter, lossless image conversion, batch image converter, offline image converter, professional image conversion\">\n    <title>AVIF&#8217;den TIFF&#8217;e D\u00f6n\u00fc\u015ft\u00fcr\u00fcc\u00fc: Windows i\u00e7in H\u0131zl\u0131, \u00dccretsiz ve \u00c7evrimd\u0131\u015f\u0131<\/title>\n    <link rel=\"stylesheet\" href=\"https:\/\/cdnjs.cloudflare.com\/ajax\/libs\/font-awesome\/6.4.0\/css\/all.min.css\">\n    \n    <style>\n        \/* Main Styles *\/\n        :root {\n            --primary-color: #FD9800;\n            --primary-hover: #e88a00;\n            --text-color: #3A3A3A;\n            --light-bg: #f8faff;\n            --gradient-bg: linear-gradient(135deg, #f8faff 0%, #fff5e6 100%);\n            --box-shadow: 0 10px 30px rgba(0, 0, 0, 0.05);\n            --hover-shadow: 0 15px 35px rgba(0, 0, 0, 0.1);\n            --border-color: #f1f5f9;\n        }\n\n        .converter-section {\n            max-width: 1200px;\n            margin: 0 auto;\n            padding: 2rem 1.5rem;\n            font-family: 'Inter', 'Segoe UI', system-ui, -apple-system, sans-serif;\n            color: var(--text-color);\n        }\n\n        \/* Hero Section *\/\n        .hero-section {\n            text-align: center;\n            padding: 3rem 1rem;\n            margin-bottom: 3rem;\n            background: var(--gradient-bg);\n            border-radius: 16px;\n            position: relative;\n            overflow: hidden;\n        }\n\n        .hero-pattern {\n            position: absolute;\n            top: 0;\n            left: 0;\n            right: 0;\n            bottom: 0;\n            background-image: url(\"data:image\/svg+xml,%3Csvg width='60' height='60' viewBox='0 0 60 60' xmlns='http:\/\/www.w3.org\/2000\/svg'%3E%3Cg fill='none' fill-rule='evenodd'%3E%3Cg fill='%23fd9800' fill-opacity='0.05'%3E%3Cpath d='M36 34v-4h-2v4h-4v2h4v4h2v-4h4v-2h-4zm0-30V0h-2v4h-4v2h4v4h2V6h4V4h-4zM6 34v-4H4v4H0v2h4v4h2v-4h4v-2H6zM6 4V0H4v4H0v2h4v4h2V6h4V4H6z'\/%3E%3C\/g%3E%3C\/g%3E%3C\/svg%3E\");\n            opacity: 0.5;\n            z-index: 0;\n        }\n\n        .hero-content {\n            position: relative;\n            z-index: 1;\n            max-width: 800px;\n            margin: 0 auto;\n        }\n\n        .hero-title {\n            font-size: 2.8rem;\n            font-weight: 800;\n            margin-bottom: 1.5rem;\n            color: var(--text-color);\n        }\n\n        .hero-subtitle {\n            font-size: 1.25rem;\n            margin-bottom: 2rem;\n            color: var(--text-color);\n            line-height: 1.6;\n        }\n\n        .hero-badges {\n            display: flex;\n            flex-wrap: wrap;\n            justify-content: center;\n            gap: 1rem;\n            margin-bottom: 2rem;\n        }\n\n        .hero-badge {\n            display: flex;\n            align-items: center;\n            background: white;\n            border-radius: 50px;\n            padding: 0.5rem 1rem;\n            box-shadow: var(--box-shadow);\n            transition: all 0.3s ease;\n            border: 1px solid var(--border-color);\n        }\n\n        .hero-badge:hover {\n            transform: translateY(-3px);\n            box-shadow: var(--hover-shadow);\n            border-color: rgba(253, 152, 0, 0.3);\n        }\n\n        .hero-badge-icon {\n            color: var(--primary-color);\n            margin-right: 0.5rem;\n            font-size: 1rem;\n        }\n\n        .hero-badge-text {\n            font-size: 0.9rem;\n            font-weight: 600;\n            color: var(--text-color);\n        }\n\n        .hero-buttons {\n            display: flex;\n            justify-content: center;\n            gap: 1rem;\n            flex-wrap: wrap;\n        }\n\n        .btn {\n            display: inline-block;\n            padding: 0.75rem 1.5rem;\n            border-radius: 8px;\n            font-weight: 600;\n            text-decoration: none !important;\n            transition: all 0.3s ease;\n            cursor: pointer;\n            font-size: 1rem;\n        }\n\n        .btn-primary {\n            background-color: var(--primary-color);\n            color: white !important;\n            box-shadow: 0 8px 16px rgba(253, 152, 0, 0.2);\n            border: none;\n        }\n\n        .btn-primary:hover {\n            background-color: var(--primary-hover);\n            transform: translateY(-2px);\n            text-decoration: none !important;\n        }\n\n        .btn-secondary {\n            background-color: white;\n            color: var(--primary-color) !important;\n            border: 1px solid var(--border-color);\n        }\n\n        .btn-secondary:hover {\n            background-color: #fff5e6;\n            transform: translateY(-2px);\n            text-decoration: none !important;\n        }\n\n        \/* Features Section *\/\n        .features-section {\n            margin-bottom: 4rem;\n        }\n\n        .section-title {\n            font-size: 2.2rem;\n            font-weight: 700;\n            text-align: center;\n            margin-bottom: 2.5rem;\n            color: var(--text-color);\n        }\n\n        .features-grid {\n            display: grid;\n            grid-template-columns: repeat(auto-fit, minmax(300px, 1fr));\n            gap: 2rem;\n        }\n\n        .feature-card {\n            background: white;\n            border-radius: 16px;\n            overflow: hidden;\n            box-shadow: var(--box-shadow);\n            transition: all 0.3s ease;\n            border: 1px solid var(--border-color);\n            height: 100%;\n            display: flex;\n            flex-direction: column;\n        }\n\n        .feature-card:hover {\n            transform: translateY(-5px);\n            box-shadow: var(--hover-shadow);\n            border-color: rgba(253, 152, 0, 0.3);\n        }\n\n        .feature-icon {\n            width: 60px;\n            height: 60px;\n            background-color: rgba(253, 152, 0, 0.15);\n            color: var(--primary-color);\n            border-radius: 12px;\n            display: flex;\n            align-items: center;\n            justify-content: center;\n            margin-bottom: 1.5rem;\n            font-size: 1.8rem;\n            transition: all 0.3s ease;\n        }\n\n        .feature-card:hover .feature-icon {\n            background: linear-gradient(135deg, #FD9800 0%, #FF6D00 100%);\n            color: white;\n            box-shadow: 0 10px 20px rgba(253, 152, 0, 0.2);\n        }\n\n        .feature-content {\n            padding: 2rem;\n            flex-grow: 1;\n        }\n\n        .feature-title {\n            font-size: 1.4rem;\n            font-weight: 700;\n            margin-bottom: 1rem;\n            color: var(--text-color);\n        }\n\n        .feature-text {\n            font-size: 1rem;\n            color: #555;\n            line-height: 1.6;\n            margin-bottom: 1.5rem;\n        }\n\n        .feature-list {\n            list-style: none;\n            padding: 0;\n            margin: 0;\n        }\n\n        .feature-item {\n            display: flex;\n            align-items: flex-start;\n            margin-bottom: 0.75rem;\n            line-height: 1.5;\n        }\n\n        .feature-check {\n            color: var(--primary-color);\n            margin-right: 0.75rem;\n            flex-shrink: 0;\n            margin-top: 0.2rem;\n        }\n\n        .feature-item-text {\n            font-size: 0.95rem;\n            color: var(--text-color);\n        }\n\n        \/* Why Convert Section *\/\n        .why-convert-section {\n            margin-bottom: 4rem;\n            background: var(--light-bg);\n            border-radius: 16px;\n            padding: 3rem 2rem;\n        }\n\n        .comparison-grid {\n            display: grid;\n            grid-template-columns: repeat(auto-fit, minmax(300px, 1fr));\n            gap: 2rem;\n            margin-top: 2rem;\n        }\n\n        .format-card {\n            background: white;\n            border-radius: 16px;\n            padding: 1.5rem;\n            box-shadow: var(--box-shadow);\n            transition: all 0.3s ease;\n            border: 1px solid var(--border-color);\n        }\n\n        .format-card:hover {\n            transform: translateY(-5px);\n            box-shadow: var(--hover-shadow);\n            border-color: rgba(253, 152, 0, 0.3);\n        }\n\n        .format-title {\n            font-size: 1.6rem;\n            font-weight: 700;\n            margin-bottom: 1.25rem;\n            color: var(--text-color);\n            display: flex;\n            align-items: center;\n        }\n\n        .format-icon {\n            color: var(--primary-color);\n            margin-right: 0.75rem;\n            font-size: 1.6rem;\n        }\n\n        .format-list {\n            list-style: none;\n            padding: 0;\n            margin: 0;\n        }\n\n        .format-item {\n            display: flex;\n            align-items: flex-start;\n            margin-bottom: 0.85rem;\n        }\n\n        .format-check {\n            color: var(--primary-color);\n            margin-right: 0.75rem;\n            flex-shrink: 0;\n            margin-top: 0.2rem;\n        }\n\n        .format-text {\n            font-size: 0.95rem;\n            color: #555;\n            line-height: 1.5;\n        }\n\n        \/* How It Works Section *\/\n        .how-it-works-section {\n            margin-bottom: 4rem;\n        }\n\n        .steps-container {\n            max-width: 900px;\n            margin: 0 auto;\n        }\n\n        .step-card {\n            display: flex;\n            align-items: flex-start;\n            background: white;\n            border-radius: 16px;\n            padding: 2rem;\n            box-shadow: var(--box-shadow);\n            margin-bottom: 2rem;\n            border: 1px solid var(--border-color);\n            transition: all 0.3s ease;\n        }\n\n        .step-card:hover {\n            transform: translateY(-5px);\n            box-shadow: var(--hover-shadow);\n            border-color: rgba(253, 152, 0, 0.3);\n        }\n\n        .step-number {\n            width: 50px;\n            height: 50px;\n            background-color: rgba(253, 152, 0, 0.15);\n            color: var(--primary-color);\n            border-radius: 50%;\n            display: flex;\n            align-items: center;\n            justify-content: center;\n            font-size: 1.5rem;\n            font-weight: 700;\n            margin-right: 1.5rem;\n            flex-shrink: 0;\n            transition: all 0.3s ease;\n        }\n\n        .step-card:hover .step-number {\n            background: linear-gradient(135deg, #FD9800 0%, #FF6D00 100%);\n            color: white;\n            box-shadow: 0 10px 20px rgba(253, 152, 0, 0.2);\n        }\n\n        .step-content {\n            flex: 1;\n        }\n\n        .step-title {\n            font-size: 1.4rem;\n            font-weight: 700;\n            margin-bottom: 0.75rem;\n            color: var(--text-color);\n        }\n\n        .step-text {\n            font-size: 1rem;\n            color: #555;\n            line-height: 1.6;\n        }\n\n        \/* Use Cases Section *\/\n        .use-cases-section {\n            margin-bottom: 4rem;\n            background: var(--light-bg);\n            border-radius: 16px;\n            padding: 3rem 2rem;\n        }\n\n        .use-cases-grid {\n            display: grid;\n            grid-template-columns: repeat(auto-fit, minmax(300px, 1fr));\n            gap: 2rem;\n            margin-top: 2rem;\n        }\n\n        .use-case-card {\n            background: white;\n            border-radius: 16px;\n            padding: 1.5rem;\n            box-shadow: var(--box-shadow);\n            transition: all 0.3s ease;\n            border: 1px solid var(--border-color);\n            height: 100%;\n        }\n\n        .use-case-card:hover {\n            transform: translateY(-5px);\n            box-shadow: var(--hover-shadow);\n            border-color: rgba(253, 152, 0, 0.3);\n        }\n\n        .use-case-icon {\n            color: var(--primary-color);\n            font-size: 2rem;\n            margin-bottom: 1rem;\n        }\n\n        .use-case-title {\n            font-size: 1.3rem;\n            font-weight: 700;\n            margin-bottom: 1rem;\n            color: var(--text-color);\n        }\n\n        .use-case-text {\n            font-size: 0.95rem;\n            color: #555;\n            line-height: 1.6;\n        }\n\n        \/* FAQ Section *\/\n        .faq-section {\n            margin-bottom: 4rem;\n        }\n\n        .faq-container {\n            max-width: 900px;\n            margin: 0 auto;\n        }\n\n        .faq-item {\n            background: white;\n            border-radius: 16px;\n            padding: 1.5rem 2rem;\n            box-shadow: var(--box-shadow);\n            margin-bottom: 1.5rem;\n            border: 1px solid var(--border-color);\n            transition: all 0.3s ease;\n        }\n\n        .faq-item:hover {\n            transform: translateY(-3px);\n            box-shadow: var(--hover-shadow);\n            border-color: rgba(253, 152, 0, 0.3);\n        }\n\n        .faq-question {\n            font-size: 1.2rem;\n            font-weight: 700;\n            margin-bottom: 1rem;\n            color: var(--text-color);\n            display: flex;\n            align-items: center;\n        }\n\n        .faq-icon {\n            color: var(--primary-color);\n            margin-right: 0.75rem;\n            font-size: 1.2rem;\n        }\n\n        .faq-answer {\n            font-size: 1rem;\n            color: #555;\n            line-height: 1.6;\n        }\n\n        \/* Technical Details Section *\/\n        .technical-details-section {\n            margin-bottom: 4rem;\n        }\n\n        .technical-details-grid {\n            display: grid;\n            grid-template-columns: repeat(auto-fit, minmax(300px, 1fr));\n            gap: 2rem;\n        }\n\n        .tech-detail-card {\n            background: white;\n            border-radius: 16px;\n            padding: 1.5rem;\n            box-shadow: var(--box-shadow);\n            transition: all 0.3s ease;\n            border: 1px solid var(--border-color);\n        }\n\n        .tech-detail-card:hover {\n            transform: translateY(-5px);\n            box-shadow: var(--hover-shadow);\n            border-color: rgba(253, 152, 0, 0.3);\n        }\n\n        .tech-detail-title {\n            font-size: 1.3rem;\n            font-weight: 700;\n            margin-bottom: 1rem;\n            color: var(--text-color);\n            display: flex;\n            align-items: center;\n        }\n\n        .tech-detail-icon {\n            color: var(--primary-color);\n            margin-right: 0.75rem;\n            font-size: 1.3rem;\n        }\n\n        .tech-detail-text {\n            font-size: 0.95rem;\n            color: #555;\n            line-height: 1.6;\n        }\n\n        \/* Security Section *\/\n        .security-section {\n            margin-bottom: 4rem;\n            background: var(--light-bg);\n            border-radius: 16px;\n            padding: 3rem 2rem;\n        }\n\n        .security-features {\n            display: grid;\n            grid-template-columns: repeat(auto-fit, minmax(300px, 1fr));\n            gap: 2rem;\n            margin-top: 2rem;\n        }\n\n        .security-card {\n            background: white;\n            border-radius: 16px;\n            padding: 1.5rem;\n            box-shadow: var(--box-shadow);\n            transition: all 0.3s ease;\n            border: 1px solid var(--border-color);\n        }\n\n        .security-card:hover {\n            transform: translateY(-5px);\n            box-shadow: var(--hover-shadow);\n            border-color: rgba(253, 152, 0, 0.3);\n        }\n\n        .security-title {\n            font-size: 1.3rem;\n            font-weight: 700;\n            margin-bottom: 1rem;\n            color: var(--text-color);\n            display: flex;\n            align-items: center;\n        }\n\n        .security-icon {\n            color: var(--primary-color);\n            margin-right: 0.75rem;\n            font-size: 1.3rem;\n        }\n\n        .security-text {\n            font-size: 0.95rem;\n            color: #555;\n            line-height: 1.6;\n        }\n\n        \/* CTA Section *\/\n        .cta-section {\n            text-align: center;\n            padding: 3rem 1rem;\n            background: var(--gradient-bg);\n            border-radius: 16px;\n            position: relative;\n            overflow: hidden;\n            margin-bottom: 2rem;\n        }\n\n        .cta-pattern {\n            position: absolute;\n            top: 0;\n            left: 0;\n            right: 0;\n            bottom: 0;\n            background-image: url(\"data:image\/svg+xml,%3Csvg width='60' height='60' viewBox='0 0 60 60' xmlns='http:\/\/www.w3.org\/2000\/svg'%3E%3Cg fill='none' fill-rule='evenodd'%3E%3Cg fill='%23fd9800' fill-opacity='0.05'%3E%3Cpath d='M36 34v-4h-2v4h-4v2h4v4h2v-4h4v-2h-4zm0-30V0h-2v4h-4v2h4v4h2V6h4V4h-4zM6 34v-4H4v4H0v2h4v4h2v-4h4v-2H6zM6 4V0H4v4H0v2h4v4h2V6h4V4H6z'\/%3E%3C\/g%3E%3C\/g%3E%3C\/svg%3E\");\n            opacity: 0.5;\n            z-index: 0;\n        }\n\n        .cta-content {\n            position: relative;\n            z-index: 1;\n            max-width: 800px;\n            margin: 0 auto;\n        }\n\n        .cta-title {\n            font-size: 2.2rem;\n            font-weight: 700;\n            margin-bottom: 1.5rem;\n            color: var(--text-color);\n        }\n\n        .cta-text {\n            font-size: 1.1rem;\n            margin-bottom: 2rem;\n            color: #555;\n            line-height: 1.6;\n        }\n\n        \/* Guide-specific Styles *\/\n        .guide-content {\n            background: white;\n            border-radius: 16px;\n            padding: 2rem;\n            margin-bottom: 2rem;\n            box-shadow: var(--box-shadow);\n            border: 1px solid var(--border-color);\n        }\n\n        .guide-section-title {\n            font-size: 1.6rem;\n            font-weight: 700;\n            color: var(--text-color);\n            margin-bottom: 1rem;\n        }\n\n        .guide-text {\n            font-size: 1rem;\n            color: #555;\n            line-height: 1.8;\n            margin-bottom: 1rem;\n        }\n\n        .guide-list {\n            list-style: none;\n            padding: 0;\n            margin: 1rem 0;\n        }\n\n        .guide-list-item {\n            display: flex;\n            align-items: flex-start;\n            margin-bottom: 0.75rem;\n            padding-left: 1.5rem;\n            position: relative;\n        }\n\n        .guide-list-item::before {\n            content: \"\u2022\";\n            color: var(--primary-color);\n            font-weight: bold;\n            position: absolute;\n            left: 0;\n        }\n\n        \/* Responsive Styles *\/\n        @media (max-width: 768px) {\n            .hero-title {\n                font-size: 2.2rem;\n            }\n\n            .section-title {\n                font-size: 1.8rem;\n            }\n\n            .cta-title {\n                font-size: 1.8rem;\n            }\n\n            .features-grid {\n                grid-template-columns: 1fr;\n                max-width: 500px;\n                margin: 0 auto;\n            }\n\n            .step-card {\n                flex-direction: column;\n                align-items: flex-start;\n            }\n\n            .step-number {\n                margin-bottom: 1rem;\n                margin-right: 0;\n            }\n        }\n\n        @media (max-width: 480px) {\n            .hero-title {\n                font-size: 1.8rem;\n            }\n\n            .hero-subtitle {\n                font-size: 1.1rem;\n            }\n\n            .section-title {\n                font-size: 1.6rem;\n            }\n\n            .feature-content {\n                padding: 1.5rem;\n            }\n\n            .step-card {\n                padding: 1.5rem;\n            }\n\n            .faq-item {\n                padding: 1.25rem;\n            }\n        }\n\n        \/* Button text should never be underlined *\/\n        .btn:hover, .btn:focus, .btn:active {\n            text-decoration: none !important;\n        }\n    <\/style>\n<\/head>\n<body>\n    <div class=\"converter-section\">\n        <!-- Hero Section -->\n        <section class=\"hero-section\">\n            <div class=\"hero-pattern\"><\/div>\n            <div class=\"hero-content\">\n                <h1 class=\"hero-title\">AVIF&#8217;den TIFF&#8217;ye d\u00f6n\u00fc\u015ft\u00fcr\u00fcc\u00fc<\/h1>\n                <p class=\"hero-subtitle\">Maksimum g\u00f6r\u00fcnt\u00fc kalitesini koruyarak ve geni\u015f uyumluluk ekleyerek AVIF g\u00f6r\u00fcnt\u00fclerini TIFF format\u0131na d\u00f6n\u00fc\u015ft\u00fcr\u00fcn. Kapsaml\u0131 meta veri deste\u011fiyle kay\u0131ps\u0131z g\u00f6r\u00fcnt\u00fc depolama gerektiren profesyonel i\u015f ak\u0131\u015flar\u0131 i\u00e7in m\u00fckemmeldir.<\/p>\n\n                <div class=\"hero-badges\">\n                    <div class=\"hero-badge\">\n                        <span class=\"hero-badge-icon\"><i class=\"fas fa-desktop\"><\/i><\/span>\n                        <span class=\"hero-badge-text\">%100 \u00c7evrimd\u0131\u015f\u0131<\/span>\n                    <\/div>\n                    <div class=\"hero-badge\">\n                        <span class=\"hero-badge-icon\"><i class=\"fas fa-infinity\"><\/i><\/span>\n                        <span class=\"hero-badge-text\">S\u0131n\u0131rs\u0131z D\u00f6n\u00fc\u015f\u00fcm<\/span>\n                    <\/div>\n                    <div class=\"hero-badge\">\n                        <span class=\"hero-badge-icon\"><i class=\"fas fa-shield-alt\"><\/i><\/span>\n                        <span class=\"hero-badge-text\">\u00d6zel ve G\u00fcvenli<\/span>\n                    <\/div>\n                    <div class=\"hero-badge\">\n                        <span class=\"hero-badge-icon\"><i class=\"fas fa-bolt\"><\/i><\/span>\n                        <span class=\"hero-badge-text\">Y\u0131ld\u0131r\u0131m H\u0131z\u0131nda<\/span>\n                    <\/div>\n                <\/div>\n\n                <div class=\"hero-buttons\">\n                    <a href=\"\/download\" class=\"btn btn-primary\">\u00dccretsiz \u0130ndir<\/a>\n                    <a href=\"#how-it-works\" class=\"btn btn-secondary\">Daha fazla bilgi edin<\/a>\n                <\/div>\n            <\/div>\n        <\/section>\n\n\n        <!-- Features Section -->\n        <section class=\"features-section\">\n            <h2 class=\"section-title\">Neden AVIF&#8217;den TIFF&#8217;e D\u00f6n\u00fc\u015ft\u00fcrme i\u00e7in Convertify&#8217;\u0131 Se\u00e7melisiniz?<\/h2>\n\n            <div class=\"features-grid\">\n                <div class=\"feature-card\">\n                    <div class=\"feature-content\">\n                        <div class=\"feature-icon\">\n                            <i class=\"fas fa-shield-alt\"><\/i>\n                        <\/div>\n                        <h3 class=\"feature-title\">Kay\u0131ps\u0131z Kalite Korumas\u0131<\/h3>\n                        <p class=\"feature-text\">Profesyonel uygulamalar i\u00e7in orijinal g\u00f6r\u00fcnt\u00fc verilerinizin her pikselini koruyarak herhangi bir kalite kayb\u0131 olmadan AVIF&#8217;yi TIFF&#8217;e d\u00f6n\u00fc\u015ft\u00fcr\u00fcn.<\/p>\n                        <ul class=\"feature-list\">\n                            <li class=\"feature-item\">\n                                <span class=\"feature-check\"><i class=\"fas fa-check-circle\"><\/i><\/span>\n                                <span class=\"feature-item-text\">Orijinal AVIF kalitesini korur<\/span>\n                            <\/li>\n                            <li class=\"feature-item\">\n                                <span class=\"feature-check\"><i class=\"fas fa-check-circle\"><\/i><\/span>\n                                <span class=\"feature-item-text\">Hi\u00e7bir s\u0131k\u0131\u015ft\u0131rma yap\u0131t\u0131 tan\u0131t\u0131lmad\u0131<\/span>\n                            <\/li>\n                            <li class=\"feature-item\">\n                                <span class=\"feature-check\"><i class=\"fas fa-check-circle\"><\/i><\/span>\n                                <span class=\"feature-item-text\">Renk derinli\u011fini ve do\u011frulu\u011funu korur<\/span>\n                            <\/li>\n                        <\/ul>\n                    <\/div>\n                <\/div>\n                <div class=\"feature-card\">\n                    <div class=\"feature-content\">\n                        <div class=\"feature-icon\">\n                            <i class=\"fas fa-expand-arrows-alt\"><\/i>\n                        <\/div>\n                        <h3 class=\"feature-title\">AI G\u00f6r\u00fcnt\u00fc Y\u00fckseltme<\/h3>\n                        <p class=\"feature-text\">Netli\u011fi korurken \u00e7\u00f6z\u00fcn\u00fcrl\u00fc\u011f\u00fc 4 kata kadar art\u0131ran ak\u0131ll\u0131 AI y\u00fckseltme teknolojisiyle d\u00f6n\u00fc\u015ft\u00fcrme s\u0131ras\u0131nda AVIF g\u00f6r\u00fcnt\u00fclerinizi geli\u015ftirin.<\/p>\n                        <ul class=\"feature-list\">\n                            <li class=\"feature-item\">\n                                <span class=\"feature-check\"><i class=\"fas fa-check-circle\"><\/i><\/span>\n                                <span class=\"feature-item-text\">G\u00f6r\u00fcnt\u00fcleri 4X \u00e7\u00f6z\u00fcn\u00fcrl\u00fc\u011fe kadar d\u00f6n\u00fc\u015ft\u00fcr\u00fcn<\/span>\n                            <\/li>\n                            <li class=\"feature-item\">\n                                <span class=\"feature-check\"><i class=\"fas fa-check-circle\"><\/i><\/span>\n                                <span class=\"feature-item-text\">Ak\u0131ll\u0131 ayr\u0131nt\u0131 geli\u015ftirme<\/span>\n                            <\/li>\n                            <li class=\"feature-item\">\n                                <span class=\"feature-check\"><i class=\"fas fa-check-circle\"><\/i><\/span>\n                                <span class=\"feature-item-text\">Bask\u0131 haz\u0131rl\u0131\u011f\u0131 i\u00e7in m\u00fckemmel<\/span>\n                            <\/li>\n                        <\/ul>\n                    <\/div>\n                <\/div>\n                <div class=\"feature-card\">\n                    <div class=\"feature-content\">\n                        <div class=\"feature-icon\">\n                            <i class=\"fas fa-layer-group\"><\/i>\n                        <\/div>\n                        <h3 class=\"feature-title\">B\u00fcy\u00fck Toplu \u0130\u015fleme<\/h3>\n                        <p class=\"feature-text\">Binlerce AVIF dosyas\u0131n\u0131 sistem \u00e7\u00f6kmesi olmadan ayn\u0131 anda i\u015fleyin; b\u00fcy\u00fck foto\u011fraf koleksiyonlar\u0131 veya profesyonel i\u015f ak\u0131\u015flar\u0131 i\u00e7in m\u00fckemmeldir.<\/p>\n                        <ul class=\"feature-list\">\n                            <li class=\"feature-item\">\n                                <span class=\"feature-check\"><i class=\"fas fa-check-circle\"><\/i><\/span>\n                                <span class=\"feature-item-text\">Tek seferde 10.000&#8217;den fazla dosyay\u0131 d\u00f6n\u00fc\u015ft\u00fcr\u00fcn<\/span>\n                            <\/li>\n                            <li class=\"feature-item\">\n                                <span class=\"feature-check\"><i class=\"fas fa-check-circle\"><\/i><\/span>\n                                <span class=\"feature-item-text\">\u00c7ok \u00e7ekirdekli i\u015flem optimizasyonu<\/span>\n                            <\/li>\n                            <li class=\"feature-item\">\n                                <span class=\"feature-check\"><i class=\"fas fa-check-circle\"><\/i><\/span>\n                                <span class=\"feature-item-text\">Dosya boyutu s\u0131n\u0131rlamas\u0131 yok<\/span>\n                            <\/li>\n                        <\/ul>\n                    <\/div>\n                <\/div>\n            <\/div>\n        <\/section>\n\n\n        <!-- Why Convert Section -->\n        <section class=\"why-convert-section\">\n            <h2 class=\"section-title\">AVIF&#8217;yi neden TIFF&#8217;e d\u00f6n\u00fc\u015ft\u00fcrmelisiniz?<\/h2>\n\n            <div class=\"comparison-grid\">\n                <div class=\"format-card\">\n                    <h3 class=\"format-title\">\n                        <span class=\"format-icon\"><i class=\"fas fa-file-video\"><\/i><\/span>\n                        AVIF Format\u0131\n                    <\/h3>\n                    <ul class=\"format-list\">\n                        <li class=\"format-item\">\n                            <span class=\"format-check\"><i class=\"fas fa-check-circle\"><\/i><\/span>\n                            <span class=\"format-text\">\u00dcst\u00fcn s\u0131k\u0131\u015ft\u0131rma verimlili\u011fi &#8211; JPEG&#8217;den %50 daha k\u00fc\u00e7\u00fck ve daha iyi kalitede dosyalar<\/span>\n                        <\/li>\n                        <li class=\"format-item\">\n                            <span class=\"format-check\"><i class=\"fas fa-check-circle\"><\/i><\/span>\n                            <span class=\"format-text\">Profesyonel foto\u011fraf\u00e7\u0131l\u0131k i\u00e7in HDR i\u00e7eri\u011fini ve geni\u015f renk gam\u0131n\u0131 destekler<\/span>\n                        <\/li>\n                        <li class=\"format-item\">\n                            <span class=\"format-check\"><i class=\"fas fa-check-circle\"><\/i><\/span>\n                            <span class=\"format-text\">Modern AV1 codec bile\u015feni, d\u00fc\u015f\u00fck bit h\u0131zlar\u0131nda m\u00fckemmel ayr\u0131nt\u0131 koruma sa\u011flar<\/span>\n                        <\/li>\n                        <li class=\"format-item\">\n                            <span class=\"format-check\"><i class=\"fas fa-times-circle\"><\/i><\/span>\n                            <span class=\"format-text\">S\u0131n\u0131rl\u0131 taray\u0131c\u0131 deste\u011fi &#8211; eski web taray\u0131c\u0131lar\u0131yla uyumlu de\u011fildir<\/span>\n                        <\/li>\n                        <li class=\"format-item\">\n                            <span class=\"format-check\"><i class=\"fas fa-times-circle\"><\/i><\/span>\n                            <span class=\"format-text\">Yerle\u015fik formatlara k\u0131yasla k\u0131s\u0131tl\u0131 yaz\u0131l\u0131m uyumlulu\u011fu<\/span>\n                        <\/li>\n                    <\/ul>\n                <\/div>\n\n                <div class=\"format-card\">\n                    <h3 class=\"format-title\">\n                        <span class=\"format-icon\"><i class=\"fas fa-file-video\"><\/i><\/span>\n                        TIFF Format\u0131\n                    <\/h3>\n                    <ul class=\"format-list\">\n                        <li class=\"format-item\">\n                            <span class=\"format-check\"><i class=\"fas fa-check-circle\"><\/i><\/span>\n                            <span class=\"format-text\">T\u00fcm g\u00f6r\u00fcnt\u00fc d\u00fczenleme yaz\u0131l\u0131m\u0131 ve i\u015fletim sistemlerinde evrensel uyumluluk<\/span>\n                        <\/li>\n                        <li class=\"format-item\">\n                            <span class=\"format-check\"><i class=\"fas fa-check-circle\"><\/i><\/span>\n                            <span class=\"format-text\">Kay\u0131ps\u0131z s\u0131k\u0131\u015ft\u0131rma, ar\u015fiv ve profesyonel kullan\u0131m i\u00e7in her ayr\u0131nt\u0131y\u0131 korur<\/span>\n                        <\/li>\n                        <li class=\"format-item\">\n                            <span class=\"format-check\"><i class=\"fas fa-check-circle\"><\/i><\/span>\n                            <span class=\"format-text\">EXIF, IPTC ve \u00f6zel etiketler dahil kapsaml\u0131 meta veri deste\u011fi<\/span>\n                        <\/li>\n                        <li class=\"format-item\">\n                            <span class=\"format-check\"><i class=\"fas fa-check-circle\"><\/i><\/span>\n                            <span class=\"format-text\">\u00c7ok sayfal\u0131 destek, birden fazla g\u00f6r\u00fcnt\u00fcn\u00fcn tek dosyada saklanmas\u0131na olanak tan\u0131r<\/span>\n                        <\/li>\n                        <li class=\"format-item\">\n                            <span class=\"format-check\"><i class=\"fas fa-check-circle\"><\/i><\/span>\n                            <span class=\"format-text\">Profesyonel bask\u0131 ve yay\u0131nlama i\u015f ak\u0131\u015flar\u0131 i\u00e7in end\u00fcstri standard\u0131<\/span>\n                        <\/li>\n                    <\/ul>\n                <\/div>\n            <\/div>\n        <\/section>\n\n\n        <!-- Technical Details Section -->\n        <section class=\"technical-details-section\">\n            <h2 class=\"section-title\">Teknik Detaylar<\/h2>\n\n            <div class=\"technical-details-grid\">\n                <div class=\"tech-detail-card\">\n                    <h3 class=\"tech-detail-title\">\n                        <span class=\"tech-detail-icon\"><i class=\"fas fa-microchip\"><\/i><\/span>\n                        Geli\u015fmi\u015f Codec \u0130\u015fleme\n                    <\/h3>\n                    <p class=\"tech-detail-text\">Convertify, optimize edilmi\u015f algoritmalar kullanarak AVIF&#8217;nin AV1 bit ak\u0131\u015f\u0131n\u0131n kodunu \u00e7\u00f6zer, ard\u0131ndan orijinal renk alan\u0131 ve bit derinli\u011fi bilgilerini korurken g\u00f6r\u00fcnt\u00fc verilerini TIFF&#8217;in s\u0131k\u0131\u015ft\u0131r\u0131lmam\u0131\u015f veya LZW s\u0131k\u0131\u015ft\u0131r\u0131lm\u0131\u015f format\u0131na yeniden yap\u0131land\u0131r\u0131r.<\/p>\n                <\/div>\n                <div class=\"tech-detail-card\">\n                    <h3 class=\"tech-detail-title\">\n                        <span class=\"tech-detail-icon\"><i class=\"fas fa-palette\"><\/i><\/span>\n                        Renk Alan\u0131n\u0131n Korunmas\u0131\n                    <\/h3>\n                    <p class=\"tech-detail-text\">D\u00f6n\u00fc\u015ft\u00fcrme i\u015flemi, AVIF&#8217;in BT.2020 ve Display P3 renk alanlar\u0131 da dahil olmak \u00fczere geni\u015f renk gam\u0131 \u200b\u200bdeste\u011fini koruyarak, profesyonel renk i\u015f ak\u0131\u015flar\u0131 i\u00e7in ortaya \u00e7\u0131kan TIFF dosyas\u0131nda do\u011fru renk \u00fcretimi sa\u011flar.<\/p>\n                <\/div>\n                <div class=\"tech-detail-card\">\n                    <h3 class=\"tech-detail-title\">\n                        <span class=\"tech-detail-icon\"><i class=\"fas fa-database\"><\/i><\/span>\n                        Meta Veri Ta\u015f\u0131ma\n                    <\/h3>\n                    <p class=\"tech-detail-text\">AVIF kapsay\u0131c\u0131lar\u0131ndan temel g\u00f6r\u00fcnt\u00fc meta verileri dikkatlice \u00e7\u0131kar\u0131l\u0131r ve TIFF&#8217;in esnek etiket yap\u0131s\u0131na g\u00f6m\u00fcl\u00fcr; b\u00f6ylece kamera ayarlar\u0131, zaman damgalar\u0131 ve di\u011fer kritik g\u00f6r\u00fcnt\u00fc bilgileri korunur.<\/p>\n                <\/div>\n            <\/div>\n        <\/section>\n\n\n        <!-- How It Works Section -->\n        <section id=\"how-it-works\" class=\"how-it-works-section\">\n            <h2 class=\"section-title\">AVIF&#8217;i TIFF&#8217;ye d\u00f6n\u00fc\u015ft\u00fcrme<\/h2>\n\n            <div class=\"steps-container\">\n                <div class=\"step-card\">\n                    <div class=\"step-number\">1<\/div>\n                    <div class=\"step-content\">\n                        <h3 class=\"step-title\">\u0130ndir ve Y\u00fckle<\/h3>\n                        <p class=\"step-text\">Convertify&#8217;\u0131 \u00fccretsiz indirin ve Windows PC&#8217;nize y\u00fckleyin. Hesap veya kay\u0131t gerekmez.<\/p>\n                    <\/div>\n                <\/div>\n                <div class=\"step-card\">\n                    <div class=\"step-number\">2<\/div>\n                    <div class=\"step-content\">\n                        <h3 class=\"step-title\">AVIF Dosyalar\u0131n\u0131z\u0131 Ekleyin<\/h3>\n                        <p class=\"step-text\">AVIF dosyalar\u0131n\u0131z\u0131 Convertify&#8217;a s\u00fcr\u00fckleyip b\u0131rak\u0131n veya se\u00e7mek i\u00e7in dosya taray\u0131c\u0131s\u0131n\u0131 kullan\u0131n.<\/p>\n                    <\/div>\n                <\/div>\n                <div class=\"step-card\">\n                    <div class=\"step-number\">3<\/div>\n                    <div class=\"step-content\">\n                        <h3 class=\"step-title\">TIFF \u00c7\u0131k\u0131\u015f\u0131n\u0131 Se\u00e7in<\/h3>\n                        <p class=\"step-text\">\u00c7\u0131k\u0131\u015f format\u0131n\u0131z olarak TIFF&#8217;i se\u00e7in. Gerekirse kalite ayarlar\u0131n\u0131 yap\u0131n.<\/p>\n                    <\/div>\n                <\/div>\n                <div class=\"step-card\">\n                    <div class=\"step-number\">4<\/div>\n                    <div class=\"step-content\">\n                        <h3 class=\"step-title\">D\u00f6n\u00fc\u015ft\u00fcr ve Kaydet<\/h3>\n                        <p class=\"step-text\">D\u00f6n\u00fc\u015ft\u00fcr&#8217;e t\u0131klad\u0131\u011f\u0131n\u0131zda dosyalar\u0131n\u0131z an\u0131nda i\u015flenecektir. Bunlar\u0131 bilgisayar\u0131n\u0131zda herhangi bir yere kaydedin.<\/p>\n                    <\/div>\n                <\/div>\n            <\/div>\n        <\/section>\n\n\n        <!-- Use Cases Section -->\n        <section class=\"use-cases-section\">\n            <h2 class=\"section-title\">AVIF&#8217;den TIFF&#8217;e D\u00f6n\u00fc\u015f\u00fcm Ne Zaman Kullan\u0131l\u0131r?<\/h2>\n\n            <div class=\"use-cases-grid\">\n                <div class=\"use-case-card\">\n                    <div class=\"use-case-icon\"><i class=\"fas fa-print\"><\/i><\/div>\n                    <h3 class=\"use-case-title\">Profesyonel Bask\u0131<\/h3>\n                    <p class=\"use-case-text\">Profesyonel \u00e7\u0131kt\u0131 i\u00e7in kay\u0131ps\u0131z s\u0131k\u0131\u015ft\u0131rma ve renk do\u011frulu\u011funun gerekli oldu\u011fu y\u00fcksek kaliteli yazd\u0131rma i\u015f ak\u0131\u015flar\u0131 i\u00e7in AVIF g\u00f6r\u00fcnt\u00fclerini TIFF&#8217;e d\u00f6n\u00fc\u015ft\u00fcr\u00fcn.<\/p>\n                <\/div>\n                <div class=\"use-case-card\">\n                    <div class=\"use-case-icon\"><i class=\"fas fa-archive\"><\/i><\/div>\n                    <h3 class=\"use-case-title\">Uzun S\u00fcreli Ar\u015fivleme<\/h3>\n                    <p class=\"use-case-text\">Uzun vadeli depolama ve ar\u015fivleme ama\u00e7lar\u0131 i\u00e7in AVIF dosyalar\u0131n\u0131 TIFF format\u0131na d\u00f6n\u00fc\u015ft\u00fcrerek codec deste\u011fi de\u011fi\u015fikliklerinden ba\u011f\u0131ms\u0131z olarak gelecekte eri\u015filebilirli\u011fi garanti alt\u0131na al\u0131n.<\/p>\n                <\/div>\n                <div class=\"use-case-card\">\n                    <div class=\"use-case-icon\"><i class=\"fas fa-edit\"><\/i><\/div>\n                    <h3 class=\"use-case-title\">Eski Yaz\u0131l\u0131m Uyumlulu\u011fu<\/h3>\n                    <p class=\"use-case-text\">AVIF g\u00f6r\u00fcnt\u00fclerinin, modern AVIF format\u0131n\u0131 desteklemeyen ancak y\u00fcksek kaliteli g\u00f6r\u00fcnt\u00fc verileri gerektiren eski g\u00f6r\u00fcnt\u00fc d\u00fczenleme yaz\u0131l\u0131m\u0131 ve sistemleriyle \u00e7al\u0131\u015fmas\u0131n\u0131 sa\u011flay\u0131n.<\/p>\n                <\/div>\n                <div class=\"use-case-card\">\n                    <div class=\"use-case-icon\"><i class=\"fas fa-camera\"><\/i><\/div>\n                    <h3 class=\"use-case-title\">Foto\u011fraf\u00e7\u0131l\u0131k \u0130\u015f Ak\u0131\u015flar\u0131<\/h3>\n                    <p class=\"use-case-text\">Modern kameralardan al\u0131nan AVIF g\u00f6r\u00fcnt\u00fclerini, i\u015fleme ve kataloglama i\u00e7in TIFF format\u0131n\u0131 kullanan yerle\u015fik foto\u011fraf i\u015f ak\u0131\u015flar\u0131na entegre edin.<\/p>\n                <\/div>\n                <div class=\"use-case-card\">\n                    <div class=\"use-case-icon\"><i class=\"fas fa-building\"><\/i><\/div>\n                    <h3 class=\"use-case-title\">Kurumsal Sistemler<\/h3>\n                    <p class=\"use-case-text\">Tutarl\u0131 i\u015fleme i\u00e7in standartla\u015ft\u0131r\u0131lm\u0131\u015f TIFF format\u0131 gerektiren kurumsal i\u00e7erik y\u00f6netimi sistemlerinde ve veritabanlar\u0131nda kullan\u0131lmak \u00fczere AVIF dosyalar\u0131n\u0131 d\u00f6n\u00fc\u015ft\u00fcr\u00fcn.<\/p>\n                <\/div>\n                <div class=\"use-case-card\">\n                    <div class=\"use-case-icon\"><i class=\"fas fa-microscope\"><\/i><\/div>\n                    <h3 class=\"use-case-title\">Bilimsel Dok\u00fcmantasyon<\/h3>\n                    <p class=\"use-case-text\">Kay\u0131ps\u0131z g\u00f6r\u00fcnt\u00fc kalitesi ve kapsaml\u0131 meta veri deste\u011finin kritik gereksinimler oldu\u011fu bilimsel ve t\u0131bbi uygulamalar i\u00e7in AVIF g\u00f6r\u00fcnt\u00fclerini TIFF&#8217;e d\u00f6n\u00fc\u015ft\u00fcr\u00fcn.<\/p>\n                <\/div>\n            <\/div>\n        <\/section>\n\n\n        <!-- Security Section -->\n        <section class=\"security-section\">\n            <h2 class=\"section-title\">Gizlili\u011finiz Korunuyor<\/h2>\n\n            <div class=\"security-features\">\n                <div class=\"security-card\">\n                    <h3 class=\"security-title\">\n                        <span class=\"security-icon\"><i class=\"fas fa-lock\"><\/i><\/span>\n                        %100 \u00c7evrimd\u0131\u015f\u0131\n                    <\/h3>\n                    <p class=\"security-text\">T\u00fcm d\u00f6n\u00fc\u015f\u00fcmler bilgisayar\u0131n\u0131zda yerel olarak ger\u00e7ekle\u015fir. Dosyalar\u0131n\u0131z asla cihaz\u0131n\u0131zdan \u00e7\u0131kmaz ve hi\u00e7bir sunucuya y\u00fcklenmez.<\/p>\n                <\/div>\n                <div class=\"security-card\">\n                    <h3 class=\"security-title\">\n                        <span class=\"security-icon\"><i class=\"fas fa-user-shield\"><\/i><\/span>\n                        Hesap Gerekmez\n                    <\/h3>\n                    <p class=\"security-text\">Hesap olu\u015fturmadan, ki\u015fisel bilgilerinizi vermeden veya herhangi bir \u015feye kaydolmadan hemen d\u00f6n\u00fc\u015ft\u00fcrmeye ba\u015flay\u0131n.<\/p>\n                <\/div>\n                <div class=\"security-card\">\n                    <h3 class=\"security-title\">\n                        <span class=\"security-icon\"><i class=\"fas fa-trash-alt\"><\/i><\/span>\n                        Otomatik Temizleme\n                    <\/h3>\n                    <p class=\"security-text\">Ge\u00e7ici dosyalar d\u00f6n\u00fc\u015ft\u00fcrme sonras\u0131nda g\u00fcvenli bir \u015fekilde silinir. Aksini se\u00e7medi\u011finiz s\u00fcrece orijinal dosyalar\u0131n\u0131z hi\u00e7bir \u015fekilde dokunulmaz.<\/p>\n                <\/div>\n            <\/div>\n        <\/section>\n\n\n        <!-- FAQ Section -->\n        <section class=\"faq-section\">\n            <h2 class=\"section-title\">S\u0131k\u00e7a Sorulan Sorular<\/h2>\n\n            <div class=\"faq-container\">\n                <div class=\"faq-item\">\n                    <h3 class=\"faq-question\">\n                        <span class=\"faq-icon\"><i class=\"fas fa-question-circle\"><\/i><\/span>\n                        AVIF&#8217;yi TIFF&#8217;e d\u00f6n\u00fc\u015ft\u00fcrmek g\u00f6r\u00fcnt\u00fc kalitesini d\u00fc\u015f\u00fcr\u00fcr m\u00fc?\n                    <\/h3>\n                    <div class=\"faq-answer\">\n                        <p>Hay\u0131r, AVIF&#8217;yi TIFF&#8217;e d\u00f6n\u00fc\u015ft\u00fcrmek kaliteyi d\u00fc\u015f\u00fcrmez. TIFF kay\u0131ps\u0131z s\u0131k\u0131\u015ft\u0131rma kullan\u0131r, b\u00f6ylece AVIF dosyan\u0131zdaki t\u00fcm g\u00f6r\u00fcnt\u00fc verileri korunur. D\u00f6n\u00fc\u015f\u00fcm asl\u0131nda ayn\u0131 g\u00f6rsel kaliteyi korurken uyumlulu\u011fu art\u0131rabilir.<\/p>\n                    <\/div>\n                <\/div>\n                <div class=\"faq-item\">\n                    <h3 class=\"faq-question\">\n                        <span class=\"faq-icon\"><i class=\"fas fa-question-circle\"><\/i><\/span>\n                        Dosya boyutunu daha k\u00fc\u00e7\u00fck tutmak yerine neden AVIF&#8217;yi TIFF&#8217;e d\u00f6n\u00fc\u015ft\u00fcreyim?\n                    <\/h3>\n                    <div class=\"faq-answer\">\n                        <p>AVIF dosyalar\u0131 daha k\u00fc\u00e7\u00fck olsa da TIFF evrensel uyumluluk, kapsaml\u0131 meta veri deste\u011fi sunar ve dosya boyutunun eri\u015filebilirlikten daha az \u00f6nemli oldu\u011fu profesyonel yazd\u0131rma, ar\u015fiv depolama ve eski sistem entegrasyonu i\u00e7in end\u00fcstri standard\u0131d\u0131r.<\/p>\n                    <\/div>\n                <\/div>\n                <div class=\"faq-item\">\n                    <h3 class=\"faq-question\">\n                        <span class=\"faq-icon\"><i class=\"fas fa-question-circle\"><\/i><\/span>\n                        Convertify, AVIF&#8217;yi TIFF&#8217;e d\u00f6n\u00fc\u015ft\u00fcr\u00fcrken HDR bilgilerini koruyor mu?\n                    <\/h3>\n                    <div class=\"faq-answer\">\n                        <p>Evet, Convertify, TIFF&#8217;e d\u00f6n\u00fc\u015ft\u00fcrme s\u0131ras\u0131nda AVIF dosyalar\u0131ndan gelen renk derinli\u011fini ve geni\u015f renk gam\u0131 \u200b\u200bbilgilerini koruyarak HDR \u00f6zelliklerini korur ve profesyonel i\u015f ak\u0131\u015flar\u0131nda do\u011fru renk \u00fcretimi sa\u011flar.<\/p>\n                    <\/div>\n                <\/div>\n                <div class=\"faq-item\">\n                    <h3 class=\"faq-question\">\n                        <span class=\"faq-icon\"><i class=\"fas fa-question-circle\"><\/i><\/span>\n                        Birden fazla AVIF dosyas\u0131n\u0131 ayn\u0131 anda TIFF&#8217;e d\u00f6n\u00fc\u015ft\u00fcrebilir miyim?\n                    <\/h3>\n                    <div class=\"faq-answer\">\n                        <p>Kesinlikle. Convertify&#8217;\u0131n toplu i\u015flemesi, binlerce AVIF dosyas\u0131n\u0131 ayn\u0131 anda i\u015fleyebilir ve hepsini tek bir i\u015flemle TIFF format\u0131na d\u00f6n\u00fc\u015ft\u00fcrebilir. Bu, b\u00fcy\u00fck foto\u011fraf koleksiyonlar\u0131 veya profesyonel i\u015f ak\u0131\u015flar\u0131 i\u00e7in idealdir.<\/p>\n                    <\/div>\n                <\/div>\n                <div class=\"faq-item\">\n                    <h3 class=\"faq-question\">\n                        <span class=\"faq-icon\"><i class=\"fas fa-question-circle\"><\/i><\/span>\n                        AVIF&#8217;den TIFF&#8217;e d\u00f6n\u00fc\u015ft\u00fcrme s\u0131ras\u0131nda kamera meta verileri korunacak m\u0131?\n                    <\/h3>\n                    <div class=\"faq-answer\">\n                        <p>Evet, EXIF \u200b\u200bverileri, kamera ayarlar\u0131, zaman damgalar\u0131 ve di\u011fer g\u00f6r\u00fcnt\u00fc bilgileri dahil \u00f6nemli meta veriler AVIF dosyas\u0131ndan \u00e7\u0131kar\u0131l\u0131r ve TIFF dosyas\u0131n\u0131n etiket yap\u0131s\u0131na d\u00fczg\u00fcn \u015fekilde g\u00f6m\u00fcl\u00fcr.<\/p>\n                    <\/div>\n                <\/div>\n                <div class=\"faq-item\">\n                    <h3 class=\"faq-question\">\n                        <span class=\"faq-icon\"><i class=\"fas fa-question-circle\"><\/i><\/span>\n                        TIFF dosyalar\u0131m orijinal AVIF dosyalar\u0131yla kar\u015f\u0131la\u015ft\u0131r\u0131ld\u0131\u011f\u0131nda ne kadar b\u00fcy\u00fck olacak?\n                    <\/h3>\n                    <div class=\"faq-answer\">\n                        <p>AVIF&#8217;in verimli kay\u0131pl\u0131 s\u0131k\u0131\u015ft\u0131rmas\u0131na kar\u015f\u0131l\u0131k kay\u0131ps\u0131z s\u0131k\u0131\u015ft\u0131rma nedeniyle TIFF dosyalar\u0131 AVIF dosyalar\u0131ndan \u00f6nemli \u00f6l\u00e7\u00fcde daha b\u00fcy\u00fck olacakt\u0131r. TIFF dosyalar\u0131n\u0131n 5-10 kat daha b\u00fcy\u00fck olmas\u0131n\u0131, ancak m\u00fckemmel kalitede korunmas\u0131n\u0131 ve evrensel uyumlulu\u011funu bekleyebilirsiniz.<\/p>\n                    <\/div>\n                <\/div>\n                <div class=\"faq-item\">\n                    <h3 class=\"faq-question\">\n                        <span class=\"faq-icon\"><i class=\"fas fa-question-circle\"><\/i><\/span>\n                        AVIF&#8217;yi TIFF&#8217;e d\u00f6n\u00fc\u015ft\u00fcrmek i\u00e7in internet ba\u011flant\u0131s\u0131na ihtiyac\u0131m var m\u0131?\n                    <\/h3>\n                    <div class=\"faq-answer\">\n                        <p>Hay\u0131r, Convertify tamamen \u00e7evrimd\u0131\u015f\u0131 \u00e7al\u0131\u015f\u0131yor. T\u00fcm d\u00f6n\u00fc\u015ft\u00fcrme i\u015flemleri yerel olarak bilgisayar\u0131n\u0131zda ger\u00e7ekle\u015fir, b\u00f6ylece g\u00f6rsellerinizin cihaz\u0131n\u0131zdan asla ayr\u0131lmamas\u0131 sa\u011flan\u0131r ve y\u00fckleme\/indirme s\u00fcreleri olmadan daha h\u0131zl\u0131 i\u015flem sa\u011flan\u0131r.<\/p>\n                    <\/div>\n                <\/div>\n                <div class=\"faq-item\">\n                    <h3 class=\"faq-question\">\n                        <span class=\"faq-icon\"><i class=\"fas fa-question-circle\"><\/i><\/span>\n                        AVIF g\u00f6r\u00fcnt\u00fclerini TIFF&#8217;e d\u00f6n\u00fc\u015ft\u00fcr\u00fcrken \u00f6l\u00e7eklendirebilir miyim?\n                    <\/h3>\n                    <div class=\"faq-answer\">\n                        <p>Evet, Convertify, d\u00f6n\u00fc\u015ft\u00fcrme i\u015flemi s\u0131ras\u0131nda g\u00f6r\u00fcnt\u00fc \u00e7\u00f6z\u00fcn\u00fcrl\u00fc\u011f\u00fcn\u00fcz\u00fc ak\u0131ll\u0131 bir \u015fekilde 4 kata kadar art\u0131rabilen AI y\u00fckseltme teknolojisini i\u00e7erir; g\u00f6r\u00fcnt\u00fcleri geni\u015f formatl\u0131 bask\u0131ya veya ayr\u0131nt\u0131l\u0131 d\u00fczenleme \u00e7al\u0131\u015fmalar\u0131na haz\u0131rlamak i\u00e7in m\u00fckemmeldir.<\/p>\n                    <\/div>\n                <\/div>\n            <\/div>\n        <\/section>\n\n\n        <!-- CTA Section -->\n        <section class=\"cta-section\">\n            <div class=\"cta-pattern\"><\/div>\n            <div class=\"cta-content\">\n                <h2 class=\"cta-title\">Dosyalar\u0131n\u0131z\u0131 D\u00f6n\u00fc\u015ft\u00fcrmeye Haz\u0131r m\u0131s\u0131n\u0131z?<\/h2>\n                <p class=\"cta-text\">\u015eimdi Convertify&#8217;\u0131 indirin ve AVIF&#8217;yi TIFF&#8217;e an\u0131nda d\u00f6n\u00fc\u015ft\u00fcrmeye ba\u015flay\u0131n. \u00dccretsiz, s\u0131n\u0131rs\u0131z ve tamamen \u00e7evrimd\u0131\u015f\u0131.<\/p>\n                <div class=\"hero-buttons\">\n                    <a href=\"\/download\" class=\"btn btn-primary\">Convertify&#8217;\u0131 \u00dccretsiz \u0130ndirin<\/a>\n                    <a href=\"\/pricing\" class=\"btn btn-secondary\">Fiyatland\u0131rmay\u0131 G\u00f6r\u00fcnt\u00fcle<\/a>\n                <\/div>\n            <\/div>\n        <\/section>\n    <\/div>\n<\/body>\n<\/html>\n\n\n\n<p><\/p>\n","protected":false},"excerpt":{"rendered":"<p>AVIF&#8217;den TIFF&#8217;e D\u00f6n\u00fc\u015ft\u00fcr\u00fcc\u00fc: Windows i\u00e7in H\u0131zl\u0131, \u00dccretsiz ve \u00c7evrimd\u0131\u015f\u0131 AVIF&#8217;den TIFF&#8217;ye d\u00f6n\u00fc\u015ft\u00fcr\u00fcc\u00fc Maksimum g\u00f6r\u00fcnt\u00fc kalitesini koruyarak ve geni\u015f uyumluluk ekleyerek [&hellip;]<\/p>\n","protected":false},"author":1,"featured_media":0,"parent":0,"menu_order":0,"comment_status":"closed","ping_status":"closed","template":"","meta":{"pagelayer_contact_templates":[],"_pagelayer_content":"","_uag_custom_page_level_css":"","site-sidebar-layout":"default","site-content-layout":"","ast-site-content-layout":"","site-content-style":"default","site-sidebar-style":"default","ast-global-header-display":"","ast-banner-title-visibility":"","ast-main-header-display":"","ast-hfb-above-header-display":"","ast-hfb-below-header-display":"","ast-hfb-mobile-header-display":"","site-post-title":"disabled","ast-breadcrumbs-content":"","ast-featured-img":"","footer-sml-layout":"","theme-transparent-header-meta":"","adv-header-id-meta":"","stick-header-meta":"","header-above-stick-meta":"","header-main-stick-meta":"","header-below-stick-meta":"","astra-migrate-meta-layouts":"default","ast-page-background-enabled":"default","ast-page-background-meta":{"desktop":{"background-color":"var(--ast-global-color-5)","background-image":"","background-repeat":"repeat","background-position":"center center","background-size":"auto","background-attachment":"scroll","background-type":"","background-media":"","overlay-type":"","overlay-color":"","overlay-opacity":"","overlay-gradient":""},"tablet":{"background-color":"","background-image":"","background-repeat":"repeat","background-position":"center center","background-size":"auto","background-attachment":"scroll","background-type":"","background-media":"","overlay-type":"","overlay-color":"","overlay-opacity":"","overlay-gradient":""},"mobile":{"background-color":"","background-image":"","background-repeat":"repeat","background-position":"center center","background-size":"auto","background-attachment":"scroll","background-type":"","background-media":"","overlay-type":"","overlay-color":"","overlay-opacity":"","overlay-gradient":""}},"ast-content-background-meta":{"desktop":{"background-color":"var(--ast-global-color-4)","background-image":"","background-repeat":"repeat","background-position":"center center","background-size":"auto","background-attachment":"scroll","background-type":"","background-media":"","overlay-type":"","overlay-color":"","overlay-opacity":"","overlay-gradient":""},"tablet":{"background-color":"var(--ast-global-color-4)","background-image":"","background-repeat":"repeat","background-position":"center center","background-size":"auto","background-attachment":"scroll","background-type":"","background-media":"","overlay-type":"","overlay-color":"","overlay-opacity":"","overlay-gradient":""},"mobile":{"background-color":"var(--ast-global-color-4)","background-image":"","background-repeat":"repeat","background-position":"center center","background-size":"auto","background-attachment":"scroll","background-type":"","background-media":"","overlay-type":"","overlay-color":"","overlay-opacity":"","overlay-gradient":""}},"footnotes":""},"class_list":["post-740501","page","type-page","status-publish","hentry"],"uagb_featured_image_src":{"full":false,"thumbnail":false,"medium":false,"medium_large":false,"large":false,"1536x1536":false,"2048x2048":false,"woocommerce_thumbnail":false,"woocommerce_single":false,"woocommerce_gallery_thumbnail":false},"uagb_author_info":{"display_name":"convertify","author_link":"https:\/\/convertifypro.com\/author\/convertifypro\/"},"uagb_comment_info":0,"uagb_excerpt":"AVIF&#8217;den TIFF&#8217;e D\u00f6n\u00fc\u015ft\u00fcr\u00fcc\u00fc: Windows i\u00e7in H\u0131zl\u0131, \u00dccretsiz ve \u00c7evrimd\u0131\u015f\u0131 AVIF&#8217;den TIFF&#8217;ye d\u00f6n\u00fc\u015ft\u00fcr\u00fcc\u00fc Maksimum g\u00f6r\u00fcnt\u00fc kalitesini koruyarak ve geni\u015f uyumluluk ekleyerek [&hellip;]","_links":{"self":[{"href":"https:\/\/convertifypro.com\/wp-json\/wp\/v2\/pages\/740501","targetHints":{"allow":["GET"]}}],"collection":[{"href":"https:\/\/convertifypro.com\/wp-json\/wp\/v2\/pages"}],"about":[{"href":"https:\/\/convertifypro.com\/wp-json\/wp\/v2\/types\/page"}],"author":[{"embeddable":true,"href":"https:\/\/convertifypro.com\/wp-json\/wp\/v2\/users\/1"}],"replies":[{"embeddable":true,"href":"https:\/\/convertifypro.com\/wp-json\/wp\/v2\/comments?post=740501"}],"version-history":[{"count":0,"href":"https:\/\/convertifypro.com\/wp-json\/wp\/v2\/pages\/740501\/revisions"}],"wp:attachment":[{"href":"https:\/\/convertifypro.com\/wp-json\/wp\/v2\/media?parent=740501"}],"curies":[{"name":"wp","href":"https:\/\/api.w.org\/{rel}","templated":true}]}}