{"id":740458,"date":"2026-01-21T22:37:47","date_gmt":"2026-01-21T22:37:47","guid":{"rendered":"https:\/\/convertifypro.com\/?page_id=740458"},"modified":"2026-01-21T22:37:47","modified_gmt":"2026-01-21T22:37:47","slug":"heic-to-tiff-converter","status":"publish","type":"page","link":"https:\/\/convertifypro.com\/tr\/heicden-tiffye-donusturucu\/","title":{"rendered":"HEIC'den TIFF'ye d\u00f6n\u00fc\u015ft\u00fcr\u00fcc\u00fc"},"content":{"rendered":"<style class=\"wpcode-css-snippet\">.ast-custom-button {\r\n  display: none;\r\n}<\/style>\n\n\n\n<!DOCTYPE html>\n<html lang=\"en\">\n<head>\n    <meta charset=\"UTF-8\">\n    <meta name=\"viewport\" content=\"width=device-width, initial-scale=1.0\">\n    <meta name=\"description\" content=\"Convert HEIC files to TIFF format with our powerful offline converter. Perfect for professional photography, printing, and cross-platform compatibility.\">\n    <meta name=\"keywords\" content=\"HEIC to TIFF converter, iPhone photo converter, HEIC converter Windows, offline image converter, batch HEIC conversion, lossless image conversion\">\n    <title>HEIC&#8217;den TIFF&#8217;e D\u00f6n\u00fc\u015ft\u00fcr\u00fcc\u00fc: Windows i\u00e7in H\u0131zl\u0131, \u00dccretsiz ve \u00c7evrimd\u0131\u015f\u0131<\/title>\n    <link rel=\"stylesheet\" href=\"https:\/\/cdnjs.cloudflare.com\/ajax\/libs\/font-awesome\/6.4.0\/css\/all.min.css\">\n    \n    <style>\n        \/* Main Styles *\/\n        :root {\n            --primary-color: #FD9800;\n            --primary-hover: #e88a00;\n            --text-color: #3A3A3A;\n            --light-bg: #f8faff;\n            --gradient-bg: linear-gradient(135deg, #f8faff 0%, #fff5e6 100%);\n            --box-shadow: 0 10px 30px rgba(0, 0, 0, 0.05);\n            --hover-shadow: 0 15px 35px rgba(0, 0, 0, 0.1);\n            --border-color: #f1f5f9;\n        }\n\n        .converter-section {\n            max-width: 1200px;\n            margin: 0 auto;\n            padding: 2rem 1.5rem;\n            font-family: 'Inter', 'Segoe UI', system-ui, -apple-system, sans-serif;\n            color: var(--text-color);\n        }\n\n        \/* Hero Section *\/\n        .hero-section {\n            text-align: center;\n            padding: 3rem 1rem;\n            margin-bottom: 3rem;\n            background: var(--gradient-bg);\n            border-radius: 16px;\n            position: relative;\n            overflow: hidden;\n        }\n\n        .hero-pattern {\n            position: absolute;\n            top: 0;\n            left: 0;\n            right: 0;\n            bottom: 0;\n            background-image: url(\"data:image\/svg+xml,%3Csvg width='60' height='60' viewBox='0 0 60 60' xmlns='http:\/\/www.w3.org\/2000\/svg'%3E%3Cg fill='none' fill-rule='evenodd'%3E%3Cg fill='%23fd9800' fill-opacity='0.05'%3E%3Cpath d='M36 34v-4h-2v4h-4v2h4v4h2v-4h4v-2h-4zm0-30V0h-2v4h-4v2h4v4h2V6h4V4h-4zM6 34v-4H4v4H0v2h4v4h2v-4h4v-2H6zM6 4V0H4v4H0v2h4v4h2V6h4V4H6z'\/%3E%3C\/g%3E%3C\/g%3E%3C\/svg%3E\");\n            opacity: 0.5;\n            z-index: 0;\n        }\n\n        .hero-content {\n            position: relative;\n            z-index: 1;\n            max-width: 800px;\n            margin: 0 auto;\n        }\n\n        .hero-title {\n            font-size: 2.8rem;\n            font-weight: 800;\n            margin-bottom: 1.5rem;\n            color: var(--text-color);\n        }\n\n        .hero-subtitle {\n            font-size: 1.25rem;\n            margin-bottom: 2rem;\n            color: var(--text-color);\n            line-height: 1.6;\n        }\n\n        .hero-badges {\n            display: flex;\n            flex-wrap: wrap;\n            justify-content: center;\n            gap: 1rem;\n            margin-bottom: 2rem;\n        }\n\n        .hero-badge {\n            display: flex;\n            align-items: center;\n            background: white;\n            border-radius: 50px;\n            padding: 0.5rem 1rem;\n            box-shadow: var(--box-shadow);\n            transition: all 0.3s ease;\n            border: 1px solid var(--border-color);\n        }\n\n        .hero-badge:hover {\n            transform: translateY(-3px);\n            box-shadow: var(--hover-shadow);\n            border-color: rgba(253, 152, 0, 0.3);\n        }\n\n        .hero-badge-icon {\n            color: var(--primary-color);\n            margin-right: 0.5rem;\n            font-size: 1rem;\n        }\n\n        .hero-badge-text {\n            font-size: 0.9rem;\n            font-weight: 600;\n            color: var(--text-color);\n        }\n\n        .hero-buttons {\n            display: flex;\n            justify-content: center;\n            gap: 1rem;\n            flex-wrap: wrap;\n        }\n\n        .btn {\n            display: inline-block;\n            padding: 0.75rem 1.5rem;\n            border-radius: 8px;\n            font-weight: 600;\n            text-decoration: none !important;\n            transition: all 0.3s ease;\n            cursor: pointer;\n            font-size: 1rem;\n        }\n\n        .btn-primary {\n            background-color: var(--primary-color);\n            color: white !important;\n            box-shadow: 0 8px 16px rgba(253, 152, 0, 0.2);\n            border: none;\n        }\n\n        .btn-primary:hover {\n            background-color: var(--primary-hover);\n            transform: translateY(-2px);\n            text-decoration: none !important;\n        }\n\n        .btn-secondary {\n            background-color: white;\n            color: var(--primary-color) !important;\n            border: 1px solid var(--border-color);\n        }\n\n        .btn-secondary:hover {\n            background-color: #fff5e6;\n            transform: translateY(-2px);\n            text-decoration: none !important;\n        }\n\n        \/* Features Section *\/\n        .features-section {\n            margin-bottom: 4rem;\n        }\n\n        .section-title {\n            font-size: 2.2rem;\n            font-weight: 700;\n            text-align: center;\n            margin-bottom: 2.5rem;\n            color: var(--text-color);\n        }\n\n        .features-grid {\n            display: grid;\n            grid-template-columns: repeat(auto-fit, minmax(300px, 1fr));\n            gap: 2rem;\n        }\n\n        .feature-card {\n            background: white;\n            border-radius: 16px;\n            overflow: hidden;\n            box-shadow: var(--box-shadow);\n            transition: all 0.3s ease;\n            border: 1px solid var(--border-color);\n            height: 100%;\n            display: flex;\n            flex-direction: column;\n        }\n\n        .feature-card:hover {\n            transform: translateY(-5px);\n            box-shadow: var(--hover-shadow);\n            border-color: rgba(253, 152, 0, 0.3);\n        }\n\n        .feature-icon {\n            width: 60px;\n            height: 60px;\n            background-color: rgba(253, 152, 0, 0.15);\n            color: var(--primary-color);\n            border-radius: 12px;\n            display: flex;\n            align-items: center;\n            justify-content: center;\n            margin-bottom: 1.5rem;\n            font-size: 1.8rem;\n            transition: all 0.3s ease;\n        }\n\n        .feature-card:hover .feature-icon {\n            background: linear-gradient(135deg, #FD9800 0%, #FF6D00 100%);\n            color: white;\n            box-shadow: 0 10px 20px rgba(253, 152, 0, 0.2);\n        }\n\n        .feature-content {\n            padding: 2rem;\n            flex-grow: 1;\n        }\n\n        .feature-title {\n            font-size: 1.4rem;\n            font-weight: 700;\n            margin-bottom: 1rem;\n            color: var(--text-color);\n        }\n\n        .feature-text {\n            font-size: 1rem;\n            color: #555;\n            line-height: 1.6;\n            margin-bottom: 1.5rem;\n        }\n\n        .feature-list {\n            list-style: none;\n            padding: 0;\n            margin: 0;\n        }\n\n        .feature-item {\n            display: flex;\n            align-items: flex-start;\n            margin-bottom: 0.75rem;\n            line-height: 1.5;\n        }\n\n        .feature-check {\n            color: var(--primary-color);\n            margin-right: 0.75rem;\n            flex-shrink: 0;\n            margin-top: 0.2rem;\n        }\n\n        .feature-item-text {\n            font-size: 0.95rem;\n            color: var(--text-color);\n        }\n\n        \/* Why Convert Section *\/\n        .why-convert-section {\n            margin-bottom: 4rem;\n            background: var(--light-bg);\n            border-radius: 16px;\n            padding: 3rem 2rem;\n        }\n\n        .comparison-grid {\n            display: grid;\n            grid-template-columns: repeat(auto-fit, minmax(300px, 1fr));\n            gap: 2rem;\n            margin-top: 2rem;\n        }\n\n        .format-card {\n            background: white;\n            border-radius: 16px;\n            padding: 1.5rem;\n            box-shadow: var(--box-shadow);\n            transition: all 0.3s ease;\n            border: 1px solid var(--border-color);\n        }\n\n        .format-card:hover {\n            transform: translateY(-5px);\n            box-shadow: var(--hover-shadow);\n            border-color: rgba(253, 152, 0, 0.3);\n        }\n\n        .format-title {\n            font-size: 1.6rem;\n            font-weight: 700;\n            margin-bottom: 1.25rem;\n            color: var(--text-color);\n            display: flex;\n            align-items: center;\n        }\n\n        .format-icon {\n            color: var(--primary-color);\n            margin-right: 0.75rem;\n            font-size: 1.6rem;\n        }\n\n        .format-list {\n            list-style: none;\n            padding: 0;\n            margin: 0;\n        }\n\n        .format-item {\n            display: flex;\n            align-items: flex-start;\n            margin-bottom: 0.85rem;\n        }\n\n        .format-check {\n            color: var(--primary-color);\n            margin-right: 0.75rem;\n            flex-shrink: 0;\n            margin-top: 0.2rem;\n        }\n\n        .format-text {\n            font-size: 0.95rem;\n            color: #555;\n            line-height: 1.5;\n        }\n\n        \/* How It Works Section *\/\n        .how-it-works-section {\n            margin-bottom: 4rem;\n        }\n\n        .steps-container {\n            max-width: 900px;\n            margin: 0 auto;\n        }\n\n        .step-card {\n            display: flex;\n            align-items: flex-start;\n            background: white;\n            border-radius: 16px;\n            padding: 2rem;\n            box-shadow: var(--box-shadow);\n            margin-bottom: 2rem;\n            border: 1px solid var(--border-color);\n            transition: all 0.3s ease;\n        }\n\n        .step-card:hover {\n            transform: translateY(-5px);\n            box-shadow: var(--hover-shadow);\n            border-color: rgba(253, 152, 0, 0.3);\n        }\n\n        .step-number {\n            width: 50px;\n            height: 50px;\n            background-color: rgba(253, 152, 0, 0.15);\n            color: var(--primary-color);\n            border-radius: 50%;\n            display: flex;\n            align-items: center;\n            justify-content: center;\n            font-size: 1.5rem;\n            font-weight: 700;\n            margin-right: 1.5rem;\n            flex-shrink: 0;\n            transition: all 0.3s ease;\n        }\n\n        .step-card:hover .step-number {\n            background: linear-gradient(135deg, #FD9800 0%, #FF6D00 100%);\n            color: white;\n            box-shadow: 0 10px 20px rgba(253, 152, 0, 0.2);\n        }\n\n        .step-content {\n            flex: 1;\n        }\n\n        .step-title {\n            font-size: 1.4rem;\n            font-weight: 700;\n            margin-bottom: 0.75rem;\n            color: var(--text-color);\n        }\n\n        .step-text {\n            font-size: 1rem;\n            color: #555;\n            line-height: 1.6;\n        }\n\n        \/* Use Cases Section *\/\n        .use-cases-section {\n            margin-bottom: 4rem;\n            background: var(--light-bg);\n            border-radius: 16px;\n            padding: 3rem 2rem;\n        }\n\n        .use-cases-grid {\n            display: grid;\n            grid-template-columns: repeat(auto-fit, minmax(300px, 1fr));\n            gap: 2rem;\n            margin-top: 2rem;\n        }\n\n        .use-case-card {\n            background: white;\n            border-radius: 16px;\n            padding: 1.5rem;\n            box-shadow: var(--box-shadow);\n            transition: all 0.3s ease;\n            border: 1px solid var(--border-color);\n            height: 100%;\n        }\n\n        .use-case-card:hover {\n            transform: translateY(-5px);\n            box-shadow: var(--hover-shadow);\n            border-color: rgba(253, 152, 0, 0.3);\n        }\n\n        .use-case-icon {\n            color: var(--primary-color);\n            font-size: 2rem;\n            margin-bottom: 1rem;\n        }\n\n        .use-case-title {\n            font-size: 1.3rem;\n            font-weight: 700;\n            margin-bottom: 1rem;\n            color: var(--text-color);\n        }\n\n        .use-case-text {\n            font-size: 0.95rem;\n            color: #555;\n            line-height: 1.6;\n        }\n\n        \/* FAQ Section *\/\n        .faq-section {\n            margin-bottom: 4rem;\n        }\n\n        .faq-container {\n            max-width: 900px;\n            margin: 0 auto;\n        }\n\n        .faq-item {\n            background: white;\n            border-radius: 16px;\n            padding: 1.5rem 2rem;\n            box-shadow: var(--box-shadow);\n            margin-bottom: 1.5rem;\n            border: 1px solid var(--border-color);\n            transition: all 0.3s ease;\n        }\n\n        .faq-item:hover {\n            transform: translateY(-3px);\n            box-shadow: var(--hover-shadow);\n            border-color: rgba(253, 152, 0, 0.3);\n        }\n\n        .faq-question {\n            font-size: 1.2rem;\n            font-weight: 700;\n            margin-bottom: 1rem;\n            color: var(--text-color);\n            display: flex;\n            align-items: center;\n        }\n\n        .faq-icon {\n            color: var(--primary-color);\n            margin-right: 0.75rem;\n            font-size: 1.2rem;\n        }\n\n        .faq-answer {\n            font-size: 1rem;\n            color: #555;\n            line-height: 1.6;\n        }\n\n        \/* Technical Details Section *\/\n        .technical-details-section {\n            margin-bottom: 4rem;\n        }\n\n        .technical-details-grid {\n            display: grid;\n            grid-template-columns: repeat(auto-fit, minmax(300px, 1fr));\n            gap: 2rem;\n        }\n\n        .tech-detail-card {\n            background: white;\n            border-radius: 16px;\n            padding: 1.5rem;\n            box-shadow: var(--box-shadow);\n            transition: all 0.3s ease;\n            border: 1px solid var(--border-color);\n        }\n\n        .tech-detail-card:hover {\n            transform: translateY(-5px);\n            box-shadow: var(--hover-shadow);\n            border-color: rgba(253, 152, 0, 0.3);\n        }\n\n        .tech-detail-title {\n            font-size: 1.3rem;\n            font-weight: 700;\n            margin-bottom: 1rem;\n            color: var(--text-color);\n            display: flex;\n            align-items: center;\n        }\n\n        .tech-detail-icon {\n            color: var(--primary-color);\n            margin-right: 0.75rem;\n            font-size: 1.3rem;\n        }\n\n        .tech-detail-text {\n            font-size: 0.95rem;\n            color: #555;\n            line-height: 1.6;\n        }\n\n        \/* Security Section *\/\n        .security-section {\n            margin-bottom: 4rem;\n            background: var(--light-bg);\n            border-radius: 16px;\n            padding: 3rem 2rem;\n        }\n\n        .security-features {\n            display: grid;\n            grid-template-columns: repeat(auto-fit, minmax(300px, 1fr));\n            gap: 2rem;\n            margin-top: 2rem;\n        }\n\n        .security-card {\n            background: white;\n            border-radius: 16px;\n            padding: 1.5rem;\n            box-shadow: var(--box-shadow);\n            transition: all 0.3s ease;\n            border: 1px solid var(--border-color);\n        }\n\n        .security-card:hover {\n            transform: translateY(-5px);\n            box-shadow: var(--hover-shadow);\n            border-color: rgba(253, 152, 0, 0.3);\n        }\n\n        .security-title {\n            font-size: 1.3rem;\n            font-weight: 700;\n            margin-bottom: 1rem;\n            color: var(--text-color);\n            display: flex;\n            align-items: center;\n        }\n\n        .security-icon {\n            color: var(--primary-color);\n            margin-right: 0.75rem;\n            font-size: 1.3rem;\n        }\n\n        .security-text {\n            font-size: 0.95rem;\n            color: #555;\n            line-height: 1.6;\n        }\n\n        \/* CTA Section *\/\n        .cta-section {\n            text-align: center;\n            padding: 3rem 1rem;\n            background: var(--gradient-bg);\n            border-radius: 16px;\n            position: relative;\n            overflow: hidden;\n            margin-bottom: 2rem;\n        }\n\n        .cta-pattern {\n            position: absolute;\n            top: 0;\n            left: 0;\n            right: 0;\n            bottom: 0;\n            background-image: url(\"data:image\/svg+xml,%3Csvg width='60' height='60' viewBox='0 0 60 60' xmlns='http:\/\/www.w3.org\/2000\/svg'%3E%3Cg fill='none' fill-rule='evenodd'%3E%3Cg fill='%23fd9800' fill-opacity='0.05'%3E%3Cpath d='M36 34v-4h-2v4h-4v2h4v4h2v-4h4v-2h-4zm0-30V0h-2v4h-4v2h4v4h2V6h4V4h-4zM6 34v-4H4v4H0v2h4v4h2v-4h4v-2H6zM6 4V0H4v4H0v2h4v4h2V6h4V4H6z'\/%3E%3C\/g%3E%3C\/g%3E%3C\/svg%3E\");\n            opacity: 0.5;\n            z-index: 0;\n        }\n\n        .cta-content {\n            position: relative;\n            z-index: 1;\n            max-width: 800px;\n            margin: 0 auto;\n        }\n\n        .cta-title {\n            font-size: 2.2rem;\n            font-weight: 700;\n            margin-bottom: 1.5rem;\n            color: var(--text-color);\n        }\n\n        .cta-text {\n            font-size: 1.1rem;\n            margin-bottom: 2rem;\n            color: #555;\n            line-height: 1.6;\n        }\n\n        \/* Guide-specific Styles *\/\n        .guide-content {\n            background: white;\n            border-radius: 16px;\n            padding: 2rem;\n            margin-bottom: 2rem;\n            box-shadow: var(--box-shadow);\n            border: 1px solid var(--border-color);\n        }\n\n        .guide-section-title {\n            font-size: 1.6rem;\n            font-weight: 700;\n            color: var(--text-color);\n            margin-bottom: 1rem;\n        }\n\n        .guide-text {\n            font-size: 1rem;\n            color: #555;\n            line-height: 1.8;\n            margin-bottom: 1rem;\n        }\n\n        .guide-list {\n            list-style: none;\n            padding: 0;\n            margin: 1rem 0;\n        }\n\n        .guide-list-item {\n            display: flex;\n            align-items: flex-start;\n            margin-bottom: 0.75rem;\n            padding-left: 1.5rem;\n            position: relative;\n        }\n\n        .guide-list-item::before {\n            content: \"\u2022\";\n            color: var(--primary-color);\n            font-weight: bold;\n            position: absolute;\n            left: 0;\n        }\n\n        \/* Responsive Styles *\/\n        @media (max-width: 768px) {\n            .hero-title {\n                font-size: 2.2rem;\n            }\n\n            .section-title {\n                font-size: 1.8rem;\n            }\n\n            .cta-title {\n                font-size: 1.8rem;\n            }\n\n            .features-grid {\n                grid-template-columns: 1fr;\n                max-width: 500px;\n                margin: 0 auto;\n            }\n\n            .step-card {\n                flex-direction: column;\n                align-items: flex-start;\n            }\n\n            .step-number {\n                margin-bottom: 1rem;\n                margin-right: 0;\n            }\n        }\n\n        @media (max-width: 480px) {\n            .hero-title {\n                font-size: 1.8rem;\n            }\n\n            .hero-subtitle {\n                font-size: 1.1rem;\n            }\n\n            .section-title {\n                font-size: 1.6rem;\n            }\n\n            .feature-content {\n                padding: 1.5rem;\n            }\n\n            .step-card {\n                padding: 1.5rem;\n            }\n\n            .faq-item {\n                padding: 1.25rem;\n            }\n        }\n\n        \/* Button text should never be underlined *\/\n        .btn:hover, .btn:focus, .btn:active {\n            text-decoration: none !important;\n        }\n    <\/style>\n<\/head>\n<body>\n    <div class=\"converter-section\">\n        <!-- Hero Section -->\n        <section class=\"hero-section\">\n            <div class=\"hero-pattern\"><\/div>\n            <div class=\"hero-content\">\n                <h1 class=\"hero-title\">HEIC&#8217;den TIFF&#8217;ye d\u00f6n\u00fc\u015ft\u00fcr\u00fcc\u00fc<\/h1>\n                <p class=\"hero-subtitle\">Profesyonel kullan\u0131m ve platformlar aras\u0131 uyumluluk i\u00e7in Apple&#8217;\u0131n yerden tasarruf sa\u011flayan HEIC foto\u011fraflar\u0131n\u0131 evrensel olarak uyumlu TIFF format\u0131na d\u00f6n\u00fc\u015ft\u00fcr\u00fcn. Farkl\u0131 sistemlerde y\u00fcksek kaliteli g\u00f6r\u00fcnt\u00fclerle \u00e7al\u0131\u015fan foto\u011fraf\u00e7\u0131lar, tasar\u0131mc\u0131lar ve i\u015fletmeler i\u00e7in gereklidir.<\/p>\n\n                <div class=\"hero-badges\">\n                    <div class=\"hero-badge\">\n                        <span class=\"hero-badge-icon\"><i class=\"fas fa-desktop\"><\/i><\/span>\n                        <span class=\"hero-badge-text\">%100 \u00c7evrimd\u0131\u015f\u0131<\/span>\n                    <\/div>\n                    <div class=\"hero-badge\">\n                        <span class=\"hero-badge-icon\"><i class=\"fas fa-infinity\"><\/i><\/span>\n                        <span class=\"hero-badge-text\">S\u0131n\u0131rs\u0131z D\u00f6n\u00fc\u015f\u00fcm<\/span>\n                    <\/div>\n                    <div class=\"hero-badge\">\n                        <span class=\"hero-badge-icon\"><i class=\"fas fa-shield-alt\"><\/i><\/span>\n                        <span class=\"hero-badge-text\">\u00d6zel ve G\u00fcvenli<\/span>\n                    <\/div>\n                    <div class=\"hero-badge\">\n                        <span class=\"hero-badge-icon\"><i class=\"fas fa-bolt\"><\/i><\/span>\n                        <span class=\"hero-badge-text\">Y\u0131ld\u0131r\u0131m H\u0131z\u0131nda<\/span>\n                    <\/div>\n                <\/div>\n\n                <div class=\"hero-buttons\">\n                    <a href=\"\/download\" class=\"btn btn-primary\">\u00dccretsiz \u0130ndir<\/a>\n                    <a href=\"#how-it-works\" class=\"btn btn-secondary\">Daha fazla bilgi edin<\/a>\n                <\/div>\n            <\/div>\n        <\/section>\n\n\n        <!-- Features Section -->\n        <section class=\"features-section\">\n            <h2 class=\"section-title\">Neden HEIC&#8217;den TIFF&#8217;e D\u00f6n\u00fc\u015ft\u00fcrme i\u00e7in Convertify&#8217;\u0131 Se\u00e7melisiniz?<\/h2>\n\n            <div class=\"features-grid\">\n                <div class=\"feature-card\">\n                    <div class=\"feature-content\">\n                        <div class=\"feature-icon\">\n                            <i class=\"fas fa-bolt\"><\/i>\n                        <\/div>\n                        <h3 class=\"feature-title\">I\u015f\u0131k H\u0131z\u0131nda \u00c7evrimd\u0131\u015f\u0131 \u0130\u015fleme<\/h3>\n                        <p class=\"feature-text\">HEIC g\u00f6r\u00fcnt\u00fclerini internet ba\u011flant\u0131s\u0131 olmadan an\u0131nda TIFF format\u0131na d\u00f6n\u00fc\u015ft\u00fcr\u00fcn. Saniyeler i\u00e7inde d\u00f6n\u00fc\u015f\u00fcm sa\u011flayan \u00e7ok \u00e7ekirdekli optimizasyonla binlerce iPhone foto\u011fraf\u0131n\u0131 yerel olarak Windows bilgisayar\u0131n\u0131zda i\u015fleyin.<\/p>\n                        <ul class=\"feature-list\">\n                            <li class=\"feature-item\">\n                                <span class=\"feature-check\"><i class=\"fas fa-check-circle\"><\/i><\/span>\n                                <span class=\"feature-item-text\">%100 \u00e7evrimd\u0131\u015f\u0131 d\u00f6n\u00fc\u015f\u00fcm &#8211; buluta y\u00fckleme yok<\/span>\n                            <\/li>\n                            <li class=\"feature-item\">\n                                <span class=\"feature-check\"><i class=\"fas fa-check-circle\"><\/i><\/span>\n                                <span class=\"feature-item-text\">Maksimum h\u0131z i\u00e7in \u00e7ok \u00e7ekirdekli i\u015flem<\/span>\n                            <\/li>\n                            <li class=\"feature-item\">\n                                <span class=\"feature-check\"><i class=\"fas fa-check-circle\"><\/i><\/span>\n                                <span class=\"feature-item-text\">10.000&#8217;den fazla dosyay\u0131 ayn\u0131 anda d\u00f6n\u00fc\u015ft\u00fcr\u00fcn<\/span>\n                            <\/li>\n                        <\/ul>\n                    <\/div>\n                <\/div>\n                <div class=\"feature-card\">\n                    <div class=\"feature-content\">\n                        <div class=\"feature-icon\">\n                            <i class=\"fas fa-shield-alt\"><\/i>\n                        <\/div>\n                        <h3 class=\"feature-title\">Eksiksiz Gizlilik Korumas\u0131<\/h3>\n                        <p class=\"feature-text\">HEIC foto\u011fraflar\u0131n\u0131z d\u00f6n\u00fc\u015ft\u00fcrme s\u0131ras\u0131nda asla cihaz\u0131n\u0131zdan ayr\u0131lmaz. T\u00fcm i\u015flemler, d\u00f6n\u00fc\u015ft\u00fcrme tamamland\u0131ktan sonra ge\u00e7ici dosyalar\u0131n g\u00fcvenli bir \u015fekilde silinmesiyle bilgisayar\u0131n\u0131zda yerel olarak ger\u00e7ekle\u015fir.<\/p>\n                        <ul class=\"feature-list\">\n                            <li class=\"feature-item\">\n                                <span class=\"feature-check\"><i class=\"fas fa-check-circle\"><\/i><\/span>\n                                <span class=\"feature-item-text\">\u0130nternete hi\u00e7 y\u00fcklenmemi\u015f dosyalar<\/span>\n                            <\/li>\n                            <li class=\"feature-item\">\n                                <span class=\"feature-check\"><i class=\"fas fa-check-circle\"><\/i><\/span>\n                                <span class=\"feature-item-text\">Hesap veya kay\u0131t gerekmez<\/span>\n                            <\/li>\n                            <li class=\"feature-item\">\n                                <span class=\"feature-check\"><i class=\"fas fa-check-circle\"><\/i><\/span>\n                                <span class=\"feature-item-text\">Ge\u00e7ici dosyalar g\u00fcvenli bir \u015fekilde silindi<\/span>\n                            <\/li>\n                        <\/ul>\n                    <\/div>\n                <\/div>\n                <div class=\"feature-card\">\n                    <div class=\"feature-content\">\n                        <div class=\"feature-icon\">\n                            <i class=\"fas fa-magic\"><\/i>\n                        <\/div>\n                        <h3 class=\"feature-title\">Yapay Zeka G\u00f6r\u00fcnt\u00fc \u0130yile\u015ftirme<\/h3>\n                        <p class=\"feature-text\">D\u00fc\u015f\u00fck \u00e7\u00f6z\u00fcn\u00fcrl\u00fckl\u00fc HEIC g\u00f6r\u00fcnt\u00fclerini 4X \u00e7\u00f6z\u00fcn\u00fcrl\u00fc\u011fe kadar ak\u0131ll\u0131 yapay zeka y\u00fckseltmeyle d\u00f6n\u00fc\u015ft\u00fcr\u00fcn. TIFF format\u0131nda profesyonel kaliteyi korurken eski iPhone foto\u011fraflar\u0131n\u0131 b\u00fcy\u00fctmek i\u00e7in m\u00fckemmeldir.<\/p>\n                        <ul class=\"feature-list\">\n                            <li class=\"feature-item\">\n                                <span class=\"feature-check\"><i class=\"fas fa-check-circle\"><\/i><\/span>\n                                <span class=\"feature-item-text\">AI 4X \u00e7\u00f6z\u00fcn\u00fcrl\u00fc\u011fe kadar y\u00fckseltme<\/span>\n                            <\/li>\n                            <li class=\"feature-item\">\n                                <span class=\"feature-check\"><i class=\"fas fa-check-circle\"><\/i><\/span>\n                                <span class=\"feature-item-text\">Ak\u0131ll\u0131 geli\u015ftirme algoritmalar\u0131<\/span>\n                            <\/li>\n                            <li class=\"feature-item\">\n                                <span class=\"feature-check\"><i class=\"fas fa-check-circle\"><\/i><\/span>\n                                <span class=\"feature-item-text\">Profesyonel kalitede \u00e7\u0131kt\u0131<\/span>\n                            <\/li>\n                        <\/ul>\n                    <\/div>\n                <\/div>\n                <div class=\"feature-card\">\n                    <div class=\"feature-content\">\n                        <div class=\"feature-icon\">\n                            <i class=\"fas fa-infinity\"><\/i>\n                        <\/div>\n                        <h3 class=\"feature-title\">S\u0131n\u0131rs\u0131z \u00dccretsiz D\u00f6n\u00fc\u015f\u00fcm<\/h3>\n                        <p class=\"feature-text\">S\u0131n\u0131rs\u0131z HEIC dosyalar\u0131n\u0131 k\u0131s\u0131tlama, filigran veya gizli maliyetler olmadan TIFF format\u0131na d\u00f6n\u00fc\u015ft\u00fcr\u00fcn. \u00c7evrimi\u00e7i d\u00f6n\u00fc\u015ft\u00fcr\u00fcc\u00fclerin i\u015fleyemeyece\u011fi devasa dosya boyutlar\u0131n\u0131 i\u015fleyin.<\/p>\n                        <ul class=\"feature-list\">\n                            <li class=\"feature-item\">\n                                <span class=\"feature-check\"><i class=\"fas fa-check-circle\"><\/i><\/span>\n                                <span class=\"feature-item-text\">Dosya boyutu s\u0131n\u0131r\u0131 veya k\u0131s\u0131tlamas\u0131 yok<\/span>\n                            <\/li>\n                            <li class=\"feature-item\">\n                                <span class=\"feature-check\"><i class=\"fas fa-check-circle\"><\/i><\/span>\n                                <span class=\"feature-item-text\">\u00c7\u0131kt\u0131 dosyalar\u0131nda s\u0131f\u0131r filigran<\/span>\n                            <\/li>\n                            <li class=\"feature-item\">\n                                <span class=\"feature-check\"><i class=\"fas fa-check-circle\"><\/i><\/span>\n                                <span class=\"feature-item-text\">Ger\u00e7ekten s\u0131n\u0131rs\u0131z \u00fccretsiz d\u00f6n\u00fc\u015f\u00fcmler<\/span>\n                            <\/li>\n                        <\/ul>\n                    <\/div>\n                <\/div>\n                <div class=\"feature-card\">\n                    <div class=\"feature-content\">\n                        <div class=\"feature-icon\">\n                            <i class=\"fas fa-layer-group\"><\/i>\n                        <\/div>\n                        <h3 class=\"feature-title\">B\u00fcy\u00fck Toplu \u0130\u015fleme<\/h3>\n                        <p class=\"feature-text\">Tek i\u015flemle iPhone foto\u011fraf kitapl\u0131klar\u0131n\u0131n tamam\u0131n\u0131 HEIC&#8217;den TIFF&#8217;e d\u00f6n\u00fc\u015ft\u00fcr\u00fcn. Ak\u0131ll\u0131 kuyruk y\u00f6netimi ve ilerleme takibi ile binlerce dosyay\u0131 s\u00fcr\u00fckleyip b\u0131rak\u0131n.<\/p>\n                        <ul class=\"feature-list\">\n                            <li class=\"feature-item\">\n                                <span class=\"feature-check\"><i class=\"fas fa-check-circle\"><\/i><\/span>\n                                <span class=\"feature-item-text\">Binlerce dosyay\u0131 ayn\u0131 anda i\u015fleyin<\/span>\n                            <\/li>\n                            <li class=\"feature-item\">\n                                <span class=\"feature-check\"><i class=\"fas fa-check-circle\"><\/i><\/span>\n                                <span class=\"feature-item-text\">Ak\u0131ll\u0131 kuyruk y\u00f6netim sistemi<\/span>\n                            <\/li>\n                            <li class=\"feature-item\">\n                                <span class=\"feature-check\"><i class=\"fas fa-check-circle\"><\/i><\/span>\n                                <span class=\"feature-item-text\">Ger\u00e7ek zamanl\u0131 d\u00f6n\u00fc\u015f\u00fcm ilerleme takibi<\/span>\n                            <\/li>\n                        <\/ul>\n                    <\/div>\n                <\/div>\n                <div class=\"feature-card\">\n                    <div class=\"feature-content\">\n                        <div class=\"feature-icon\">\n                            <i class=\"fas fa-desktop\"><\/i>\n                        <\/div>\n                        <h3 class=\"feature-title\">Windows Optimizasyonu<\/h3>\n                        <p class=\"feature-text\">Yerel Windows uygulamas\u0131, Windows 7&#8217;den 11&#8217;e kadar t\u00fcm s\u00fcr\u00fcmler i\u00e7in optimize edilmi\u015ftir. Kolayla\u015ft\u0131r\u0131lm\u0131\u015f i\u015f ak\u0131\u015f\u0131 i\u00e7in Windows Gezgini ve dosya ili\u015fkilendirmeleriyle sorunsuz bir \u015fekilde b\u00fct\u00fcnle\u015fir.<\/p>\n                        <ul class=\"feature-list\">\n                            <li class=\"feature-item\">\n                                <span class=\"feature-check\"><i class=\"fas fa-check-circle\"><\/i><\/span>\n                                <span class=\"feature-item-text\">Windows 7, 8, 10 ve 11&#8217;i destekler<\/span>\n                            <\/li>\n                            <li class=\"feature-item\">\n                                <span class=\"feature-check\"><i class=\"fas fa-check-circle\"><\/i><\/span>\n                                <span class=\"feature-item-text\">Yerel Windows Gezgini entegrasyonu<\/span>\n                            <\/li>\n                            <li class=\"feature-item\">\n                                <span class=\"feature-check\"><i class=\"fas fa-check-circle\"><\/i><\/span>\n                                <span class=\"feature-item-text\">Windows dosya sistemi i\u00e7in optimize edilmi\u015ftir<\/span>\n                            <\/li>\n                        <\/ul>\n                    <\/div>\n                <\/div>\n            <\/div>\n        <\/section>\n\n\n        <!-- Why Convert Section -->\n        <section class=\"why-convert-section\">\n            <h2 class=\"section-title\">HEIC&#8217;i neden TIFF&#8217;e d\u00f6n\u00fc\u015ft\u00fcrmelisiniz?<\/h2>\n\n            <div class=\"comparison-grid\">\n                <div class=\"format-card\">\n                    <h3 class=\"format-title\">\n                        <span class=\"format-icon\"><i class=\"fas fa-file-video\"><\/i><\/span>\n                        HEIC Format\u0131\n                    <\/h3>\n                    <ul class=\"format-list\">\n                        <li class=\"format-item\">\n                            <span class=\"format-check\"><i class=\"fas fa-check-circle\"><\/i><\/span>\n                            <span class=\"format-text\">M\u00fckemmel s\u0131k\u0131\u015ft\u0131rma &#8211; HEIC dosyalar\u0131 e\u015fde\u011fer JPEG g\u00f6r\u00fcnt\u00fclerden %50 daha k\u00fc\u00e7\u00fckt\u00fcr<\/span>\n                        <\/li>\n                        <li class=\"format-item\">\n                            <span class=\"format-check\"><i class=\"fas fa-check-circle\"><\/i><\/span>\n                            <span class=\"format-text\">\u015eeffafl\u0131k, 16 bit renk derinli\u011fi ve \u00e7oklu g\u00f6r\u00fcnt\u00fc gibi geli\u015fmi\u015f \u00f6zellikleri destekler<\/span>\n                        <\/li>\n                        <li class=\"format-item\">\n                            <span class=\"format-check\"><i class=\"fas fa-times-circle\"><\/i><\/span>\n                            <span class=\"format-text\">S\u0131n\u0131rl\u0131 uyumluluk &#8211; bir\u00e7ok Windows uygulamas\u0131 ve eski cihaz HEIC dosyalar\u0131n\u0131 a\u00e7amaz<\/span>\n                        <\/li>\n                        <li class=\"format-item\">\n                            <span class=\"format-check\"><i class=\"fas fa-times-circle\"><\/i><\/span>\n                            <span class=\"format-text\">Profesyonel yaz\u0131l\u0131m deste\u011fi eksik &#8211; \u00e7o\u011fu tasar\u0131m ve d\u00fczenleme arac\u0131 HEIC&#8217;i yerel olarak desteklemiyor<\/span>\n                        <\/li>\n                        <li class=\"format-item\">\n                            <span class=\"format-check\"><i class=\"fas fa-times-circle\"><\/i><\/span>\n                            <span class=\"format-text\">Web taray\u0131c\u0131s\u0131 uyumsuzlu\u011fu &#8211; HEIC g\u00f6r\u00fcnt\u00fcleri \u00e7o\u011fu web taray\u0131c\u0131s\u0131nda g\u00f6r\u00fcnt\u00fclenemiyor<\/span>\n                        <\/li>\n                    <\/ul>\n                <\/div>\n\n                <div class=\"format-card\">\n                    <h3 class=\"format-title\">\n                        <span class=\"format-icon\"><i class=\"fas fa-file-video\"><\/i><\/span>\n                        TIFF Format\u0131\n                    <\/h3>\n                    <ul class=\"format-list\">\n                        <li class=\"format-item\">\n                            <span class=\"format-check\"><i class=\"fas fa-check-circle\"><\/i><\/span>\n                            <span class=\"format-text\">T\u00fcm i\u015fletim sistemleri, taray\u0131c\u0131lar ve profesyonel yaz\u0131l\u0131mlar aras\u0131nda evrensel uyumluluk<\/span>\n                        <\/li>\n                        <li class=\"format-item\">\n                            <span class=\"format-check\"><i class=\"fas fa-check-circle\"><\/i><\/span>\n                            <span class=\"format-text\">Kay\u0131ps\u0131z s\u0131k\u0131\u015ft\u0131rma, orijinal g\u00f6r\u00fcnt\u00fc verilerinin her pikselini m\u00fckemmel \u015fekilde korur<\/span>\n                        <\/li>\n                        <li class=\"format-item\">\n                            <span class=\"format-check\"><i class=\"fas fa-check-circle\"><\/i><\/span>\n                            <span class=\"format-text\">Bas\u0131m, yay\u0131nc\u0131l\u0131k ve grafik tasar\u0131m end\u00fcstrilerinde yayg\u0131n olarak kullan\u0131lan profesyonel standart format<\/span>\n                        <\/li>\n                        <li class=\"format-item\">\n                            <span class=\"format-check\"><i class=\"fas fa-check-circle\"><\/i><\/span>\n                            <span class=\"format-text\">Katmanlar, \u015feffafl\u0131k ve kapsaml\u0131 meta veri depolama gibi geli\u015fmi\u015f \u00f6zellikleri destekler<\/span>\n                        <\/li>\n                        <li class=\"format-item\">\n                            <span class=\"format-check\"><i class=\"fas fa-check-circle\"><\/i><\/span>\n                            <span class=\"format-text\">Uzun vadeli format kararl\u0131l\u0131\u011f\u0131 ve g\u00fcvenilirli\u011fiyle ar\u015fiv depolama i\u00e7in m\u00fckemmel<\/span>\n                        <\/li>\n                    <\/ul>\n                <\/div>\n            <\/div>\n        <\/section>\n\n\n        <!-- Technical Details Section -->\n        <section class=\"technical-details-section\">\n            <h2 class=\"section-title\">Teknik Detaylar<\/h2>\n\n            <div class=\"technical-details-grid\">\n                <div class=\"tech-detail-card\">\n                    <h3 class=\"tech-detail-title\">\n                        <span class=\"tech-detail-icon\"><i class=\"fas fa-cog\"><\/i><\/span>\n                        S\u0131k\u0131\u015ft\u0131rma Algoritmas\u0131 D\u00f6n\u00fc\u015f\u00fcm\u00fc\n                    <\/h3>\n                    <p class=\"tech-detail-text\">HEIC&#8217;in HEVC tabanl\u0131 s\u0131k\u0131\u015ft\u0131rmas\u0131ndan (g\u00f6r\u00fcnt\u00fcler i\u00e7in uyarlanm\u0131\u015f H.265 video codec bile\u015feni) TIFF&#8217;in LZW veya ZIP kay\u0131ps\u0131z s\u0131k\u0131\u015ft\u0131rmas\u0131na d\u00f6n\u00fc\u015ft\u00fcr\u00fcr. Bu s\u00fcre\u00e7, HEIC&#8217;in geli\u015fmi\u015f kareler aras\u0131 tahmininin kodunu \u00e7\u00f6zer ve onu TIFF&#8217;in basit piksel piksel depolamas\u0131na d\u00f6n\u00fc\u015ft\u00fcrerek m\u00fckemmel g\u00f6r\u00fcnt\u00fc do\u011frulu\u011fu sa\u011flar.<\/p>\n                <\/div>\n                <div class=\"tech-detail-card\">\n                    <h3 class=\"tech-detail-title\">\n                        <span class=\"tech-detail-icon\"><i class=\"fas fa-palette\"><\/i><\/span>\n                        Renk Alan\u0131n\u0131n Korunmas\u0131\n                    <\/h3>\n                    <p class=\"tech-detail-text\">HEIC dosyalar\u0131nda yayg\u0131n olarak kullan\u0131lan sRGB ve Display P3 geni\u015f renk gamlar\u0131n\u0131 destekleyerek d\u00f6n\u00fc\u015ft\u00fcrme s\u0131ras\u0131nda orijinal renk profillerini korur. TIFF format\u0131na d\u00f6n\u00fc\u015ft\u00fcr\u00fcrken 10 bit ve 16 bit renk derinli\u011fi bilgilerini koruyarak yazd\u0131rma ve g\u00f6r\u00fcnt\u00fcleme uygulamalar\u0131 i\u00e7in profesyonel renk do\u011frulu\u011fu sa\u011flar.<\/p>\n                <\/div>\n                <div class=\"tech-detail-card\">\n                    <h3 class=\"tech-detail-title\">\n                        <span class=\"tech-detail-icon\"><i class=\"fas fa-database\"><\/i><\/span>\n                        Meta Veri Aktar\u0131m\u0131\n                    <\/h3>\n                    <p class=\"tech-detail-text\">Kamera ayarlar\u0131, GPS koordinatlar\u0131 ve zaman damgalar\u0131 da dahil olmak \u00fczere HEIC dosyalar\u0131ndan EXIF \u200b\u200bmeta verilerini \u00e7\u0131kar\u0131r ve korur, bunlar\u0131 standart meta veri \u015femalar\u0131n\u0131 kullanarak TIFF format\u0131na g\u00f6mer. Apple&#8217;a \u00f6zg\u00fc meta veri uzant\u0131lar\u0131n\u0131 y\u00f6netir ve maksimum bilgi saklama i\u00e7in bunlar\u0131 uyumlu TIFF etiketlerine d\u00f6n\u00fc\u015ft\u00fcr\u00fcr.<\/p>\n                <\/div>\n            <\/div>\n        <\/section>\n\n\n        <!-- How It Works Section -->\n        <section id=\"how-it-works\" class=\"how-it-works-section\">\n            <h2 class=\"section-title\">HEIC&#8217;i TIFF&#8217;ye D\u00f6n\u00fc\u015ft\u00fcrme<\/h2>\n\n            <div class=\"steps-container\">\n                <div class=\"step-card\">\n                    <div class=\"step-number\">1<\/div>\n                    <div class=\"step-content\">\n                        <h3 class=\"step-title\">\u0130ndir ve Y\u00fckle<\/h3>\n                        <p class=\"step-text\">Convertify&#8217;\u0131 \u00fccretsiz indirin ve Windows PC&#8217;nize y\u00fckleyin. Hesap veya kay\u0131t gerekmez.<\/p>\n                    <\/div>\n                <\/div>\n                <div class=\"step-card\">\n                    <div class=\"step-number\">2<\/div>\n                    <div class=\"step-content\">\n                        <h3 class=\"step-title\">HEIC Dosyalar\u0131n\u0131z\u0131 Ekleyin<\/h3>\n                        <p class=\"step-text\">HEIC dosyalar\u0131n\u0131z\u0131 Convertify&#8217;a s\u00fcr\u00fckleyip b\u0131rak\u0131n veya se\u00e7mek i\u00e7in dosya taray\u0131c\u0131s\u0131n\u0131 kullan\u0131n.<\/p>\n                    <\/div>\n                <\/div>\n                <div class=\"step-card\">\n                    <div class=\"step-number\">3<\/div>\n                    <div class=\"step-content\">\n                        <h3 class=\"step-title\">TIFF \u00c7\u0131k\u0131\u015f\u0131n\u0131 Se\u00e7in<\/h3>\n                        <p class=\"step-text\">\u00c7\u0131k\u0131\u015f format\u0131n\u0131z olarak TIFF&#8217;i se\u00e7in. Gerekirse kalite ayarlar\u0131n\u0131 yap\u0131n.<\/p>\n                    <\/div>\n                <\/div>\n                <div class=\"step-card\">\n                    <div class=\"step-number\">4<\/div>\n                    <div class=\"step-content\">\n                        <h3 class=\"step-title\">D\u00f6n\u00fc\u015ft\u00fcr ve Kaydet<\/h3>\n                        <p class=\"step-text\">D\u00f6n\u00fc\u015ft\u00fcr&#8217;e t\u0131klad\u0131\u011f\u0131n\u0131zda dosyalar\u0131n\u0131z an\u0131nda i\u015flenecektir. Bunlar\u0131 bilgisayar\u0131n\u0131zda herhangi bir yere kaydedin.<\/p>\n                    <\/div>\n                <\/div>\n            <\/div>\n        <\/section>\n\n\n        <!-- Use Cases Section -->\n        <section class=\"use-cases-section\">\n            <h2 class=\"section-title\">HEIC&#8217;den TIFF&#8217;e D\u00f6n\u00fc\u015f\u00fcm Ne Zaman Kullan\u0131l\u0131r?<\/h2>\n\n            <div class=\"use-cases-grid\">\n                <div class=\"use-case-card\">\n                    <div class=\"use-case-icon\"><i class=\"fas fa-camera\"><\/i><\/div>\n                    <h3 class=\"use-case-title\">Profesyonel Foto\u011fraf\u00e7\u0131l\u0131k \u0130\u015f Ak\u0131\u015f\u0131<\/h3>\n                    <p class=\"use-case-text\">Adobe Photoshop, Lightroom veya evrensel format uyumlulu\u011fu ve kay\u0131ps\u0131z kalite gerektiren di\u011fer end\u00fcstri standard\u0131 yaz\u0131l\u0131mlarda profesyonel foto\u011fraf d\u00fczenleme i\u00e7in iPhone HEIC foto\u011fraflar\u0131n\u0131 TIFF&#8217;e d\u00f6n\u00fc\u015ft\u00fcr\u00fcn.<\/p>\n                <\/div>\n                <div class=\"use-case-card\">\n                    <div class=\"use-case-icon\"><i class=\"fas fa-print\"><\/i><\/div>\n                    <h3 class=\"use-case-title\">Ticari Bask\u0131 Haz\u0131rl\u0131\u011f\u0131<\/h3>\n                    <p class=\"use-case-text\">HEIC g\u00f6r\u00fcnt\u00fclerini TIFF format\u0131na d\u00f6n\u00fc\u015ft\u00fcrerek y\u00fcksek kaliteli ticari bask\u0131ya haz\u0131rlay\u0131n. M\u00fckemmel renk \u00fcretimine sahip end\u00fcstri standard\u0131 formatlara ihtiya\u00e7 duyan matbaalar, pazarlama malzemeleri ve yay\u0131nlar i\u00e7in gereklidir.<\/p>\n                <\/div>\n                <div class=\"use-case-card\">\n                    <div class=\"use-case-icon\"><i class=\"fas fa-building\"><\/i><\/div>\n                    <h3 class=\"use-case-title\">Kurumsal Dok\u00fcmantasyon<\/h3>\n                    <p class=\"use-case-text\">Apple&#8217;\u0131n \u00f6zel g\u00f6r\u00fcnt\u00fc format\u0131n\u0131 desteklemeyen dahili veritabanlar\u0131 ve belge y\u00f6netimi sistemleri i\u00e7in \u00e7al\u0131\u015fan foto\u011fraflar\u0131n\u0131, \u00fcr\u00fcn g\u00f6rsellerini ve \u015firket varl\u0131klar\u0131n\u0131 HEIC&#8217;den TIFF&#8217;e d\u00f6n\u00fc\u015ft\u00fcr\u00fcn.<\/p>\n                <\/div>\n                <div class=\"use-case-card\">\n                    <div class=\"use-case-icon\"><i class=\"fas fa-archive\"><\/i><\/div>\n                    <h3 class=\"use-case-title\">Uzun Vadeli G\u00f6r\u00fcnt\u00fc Ar\u015fivleme<\/h3>\n                    <p class=\"use-case-text\">Uzun s\u00fcreli depolama ve gelecekte eri\u015filebilirlik i\u00e7in \u00f6nemli HEIC foto\u011fraflar\u0131n\u0131 TIFF format\u0131nda koruyun. TIFF&#8217;in a\u00e7\u0131k standard\u0131, ge\u00e7erlili\u011fini yitirebilecek \u00f6zel formatlar\u0131n aksine, g\u00f6r\u00fcnt\u00fclerin onlarca y\u0131l sonra bile g\u00f6r\u00fcnt\u00fclenebilmesini sa\u011flar.<\/p>\n                <\/div>\n                <div class=\"use-case-card\">\n                    <div class=\"use-case-icon\"><i class=\"fas fa-globe\"><\/i><\/div>\n                    <h3 class=\"use-case-title\">Platformlar Aras\u0131 Uyumluluk<\/h3>\n                    <p class=\"use-case-text\">HEIC g\u00f6r\u00fcnt\u00fclerini evrensel olarak uyumlu TIFF format\u0131na d\u00f6n\u00fc\u015ft\u00fcrerek Windows, Linux ve daha eski Mac kullan\u0131c\u0131lar\u0131yla payla\u015f\u0131n. Karma platform ortamlar\u0131nda ve eski sistemlerde uyumluluk sorunlar\u0131n\u0131 ortadan kald\u0131r\u0131r.<\/p>\n                <\/div>\n                <div class=\"use-case-card\">\n                    <div class=\"use-case-icon\"><i class=\"fas fa-palette\"><\/i><\/div>\n                    <h3 class=\"use-case-title\">Grafik Tasar\u0131m Projeleri<\/h3>\n                    <p class=\"use-case-text\">HEIC&#8217;i TIFF&#8217;e d\u00f6n\u00fc\u015ft\u00fcrerek iPhone foto\u011fraflar\u0131n\u0131 InDesign, Illustrator veya CorelDRAW gibi profesyonel tasar\u0131m yaz\u0131l\u0131mlar\u0131na aktar\u0131n. End\u00fcstri standard\u0131 yarat\u0131c\u0131 uygulamalarla uyumlulu\u011fu sa\u011flarken g\u00f6r\u00fcnt\u00fc kalitesini korur.<\/p>\n                <\/div>\n            <\/div>\n        <\/section>\n\n\n        <!-- Security Section -->\n        <section class=\"security-section\">\n            <h2 class=\"section-title\">Gizlili\u011finiz Korunuyor<\/h2>\n\n            <div class=\"security-features\">\n                <div class=\"security-card\">\n                    <h3 class=\"security-title\">\n                        <span class=\"security-icon\"><i class=\"fas fa-lock\"><\/i><\/span>\n                        %100 \u00c7evrimd\u0131\u015f\u0131\n                    <\/h3>\n                    <p class=\"security-text\">T\u00fcm d\u00f6n\u00fc\u015f\u00fcmler bilgisayar\u0131n\u0131zda yerel olarak ger\u00e7ekle\u015fir. Dosyalar\u0131n\u0131z asla cihaz\u0131n\u0131zdan \u00e7\u0131kmaz ve hi\u00e7bir sunucuya y\u00fcklenmez.<\/p>\n                <\/div>\n                <div class=\"security-card\">\n                    <h3 class=\"security-title\">\n                        <span class=\"security-icon\"><i class=\"fas fa-user-shield\"><\/i><\/span>\n                        Hesap Gerekmez\n                    <\/h3>\n                    <p class=\"security-text\">Hesap olu\u015fturmadan, ki\u015fisel bilgilerinizi vermeden veya herhangi bir \u015feye kaydolmadan hemen d\u00f6n\u00fc\u015ft\u00fcrmeye ba\u015flay\u0131n.<\/p>\n                <\/div>\n                <div class=\"security-card\">\n                    <h3 class=\"security-title\">\n                        <span class=\"security-icon\"><i class=\"fas fa-trash-alt\"><\/i><\/span>\n                        Otomatik Temizleme\n                    <\/h3>\n                    <p class=\"security-text\">Ge\u00e7ici dosyalar d\u00f6n\u00fc\u015ft\u00fcrme sonras\u0131nda g\u00fcvenli bir \u015fekilde silinir. Aksini se\u00e7medi\u011finiz s\u00fcrece orijinal dosyalar\u0131n\u0131z hi\u00e7bir \u015fekilde dokunulmaz.<\/p>\n                <\/div>\n            <\/div>\n        <\/section>\n\n\n        <!-- FAQ Section -->\n        <section class=\"faq-section\">\n            <h2 class=\"section-title\">S\u0131k\u00e7a Sorulan Sorular<\/h2>\n\n            <div class=\"faq-container\">\n                <div class=\"faq-item\">\n                    <h3 class=\"faq-question\">\n                        <span class=\"faq-icon\"><i class=\"fas fa-question-circle\"><\/i><\/span>\n                        HEIC&#8217;i TIFF&#8217;e d\u00f6n\u00fc\u015ft\u00fcrmek g\u00f6r\u00fcnt\u00fc kalitesini d\u00fc\u015f\u00fcr\u00fcr m\u00fc?\n                    <\/h3>\n                    <div class=\"faq-answer\">\n                        <p>Hay\u0131r, TIFF kay\u0131ps\u0131z s\u0131k\u0131\u015ft\u0131rma kulland\u0131\u011f\u0131ndan HEIC&#8217;i TIFF&#8217;e d\u00f6n\u00fc\u015ft\u00fcrmek g\u00f6r\u00fcnt\u00fc kalitesini korur veya iyile\u015ftirir. HEIC dosyalar\u0131 b\u00fcy\u00fcrken, orijinal g\u00f6r\u00fcnt\u00fc verilerinin her pikselini hi\u00e7bir s\u0131k\u0131\u015ft\u0131rma hatas\u0131 veya kalite kayb\u0131 olmadan koruyacaks\u0131n\u0131z.<\/p>\n                    <\/div>\n                <\/div>\n                <div class=\"faq-item\">\n                    <h3 class=\"faq-question\">\n                        <span class=\"faq-icon\"><i class=\"fas fa-question-circle\"><\/i><\/span>\n                        TIFF dosyalar\u0131m neden orijinal HEIC dosyalar\u0131ndan \u00e7ok daha b\u00fcy\u00fck?\n                    <\/h3>\n                    <div class=\"faq-answer\">\n                        <p>HEIC, JPEG&#8217;e k\u0131yasla dosya boyutlar\u0131n\u0131 %50 oran\u0131nda azaltan geli\u015fmi\u015f s\u0131k\u0131\u015ft\u0131rmay\u0131 kullan\u0131rken, TIFF boyuttan ziyade kaliteye \u00f6ncelik verir. Daha b\u00fcy\u00fck TIFF dosyalar\u0131, profesyonel kullan\u0131m, d\u00fczenleme ve ar\u015fiv depolama i\u00e7in ideal olan s\u0131k\u0131\u015ft\u0131r\u0131lmam\u0131\u015f veya kay\u0131ps\u0131z s\u0131k\u0131\u015ft\u0131r\u0131lm\u0131\u015f g\u00f6r\u00fcnt\u00fc verileri i\u00e7erir.<\/p>\n                    <\/div>\n                <\/div>\n                <div class=\"faq-item\">\n                    <h3 class=\"faq-question\">\n                        <span class=\"faq-icon\"><i class=\"fas fa-question-circle\"><\/i><\/span>\n                        Live Photos&#8217;u HEIC&#8217;den TIFF format\u0131na d\u00f6n\u00fc\u015ft\u00fcrebilir miyim?\n                    <\/h3>\n                    <div class=\"faq-answer\">\n                        <p>Evet, Convertify ana hareketsiz g\u00f6r\u00fcnt\u00fcy\u00fc Live Photos&#8217;tan \u00e7\u0131kar\u0131p TIFF format\u0131na d\u00f6n\u00fc\u015ft\u00fcrecektir. Hareketsiz g\u00f6r\u00fcnt\u00fc format\u0131 oldu\u011fundan hareket bile\u015feni TIFF&#8217;te korunamaz, ancak foto\u011fraf k\u0131sm\u0131n\u0131n en y\u00fcksek kalitede versiyonunu elde edersiniz.<\/p>\n                    <\/div>\n                <\/div>\n                <div class=\"faq-item\">\n                    <h3 class=\"faq-question\">\n                        <span class=\"faq-icon\"><i class=\"fas fa-question-circle\"><\/i><\/span>\n                        EXIF verileri ve foto\u011fraf meta verileri d\u00f6n\u00fc\u015ft\u00fcrme s\u0131ras\u0131nda korunacak m\u0131?\n                    <\/h3>\n                    <div class=\"faq-answer\">\n                        <p>Evet, Convertify, HEIC&#8217;den TIFF&#8217;e d\u00f6n\u00fc\u015ft\u00fcrme s\u0131ras\u0131nda EXIF \u200b\u200bverileri, kamera ayarlar\u0131, GPS koordinatlar\u0131, zaman damgalar\u0131 ve di\u011fer teknik bilgiler dahil olmak \u00fczere \u00f6nemli meta verileri korur. Bu, d\u00f6n\u00fc\u015ft\u00fcrme i\u015flemi s\u0131ras\u0131nda de\u011ferli foto\u011fraf bilgilerinizi kaybetmemenizi sa\u011flar.<\/p>\n                    <\/div>\n                <\/div>\n                <div class=\"faq-item\">\n                    <h3 class=\"faq-question\">\n                        <span class=\"faq-icon\"><i class=\"fas fa-question-circle\"><\/i><\/span>\n                        Seri \u00e7ekim modunda veya \u00e7oklu pozlamayla \u00e7ekilen HEIC dosyalar\u0131n\u0131 d\u00f6n\u00fc\u015ft\u00fcrebilir miyim?\n                    <\/h3>\n                    <div class=\"faq-answer\">\n                        <p>Evet, Convertify, seri \u00e7ekim modundaki foto\u011fraflar, HDR g\u00f6r\u00fcnt\u00fcler ve derinlik bilgisine sahip portreler dahil olmak \u00fczere her t\u00fcrl\u00fc HEIC dosyas\u0131n\u0131 y\u00f6netir. Her foto\u011fraf\u0131n en y\u00fcksek kalitedeki s\u00fcr\u00fcm\u00fc korunarak, her g\u00f6r\u00fcnt\u00fc ayr\u0131 bir TIFF dosyas\u0131na d\u00f6n\u00fc\u015ft\u00fcr\u00fclecektir.<\/p>\n                    <\/div>\n                <\/div>\n                <div class=\"faq-item\">\n                    <h3 class=\"faq-question\">\n                        <span class=\"faq-icon\"><i class=\"fas fa-question-circle\"><\/i><\/span>\n                        HEIC&#8217;i TIFF&#8217;e d\u00f6n\u00fc\u015ft\u00fcrmek i\u00e7in internet ba\u011flant\u0131s\u0131na ihtiyac\u0131m var m\u0131?\n                    <\/h3>\n                    <div class=\"faq-answer\">\n                        <p>Hay\u0131r, Convertify tamamen \u00e7evrimd\u0131\u015f\u0131 \u00e7al\u0131\u015f\u0131yor. HEIC dosyalar\u0131n\u0131z herhangi bir internet ba\u011flant\u0131s\u0131 gerekmeden Windows bilgisayar\u0131n\u0131zda yerel olarak i\u015flenir. Bu, tam gizlilik sa\u011flar ve internet ba\u011flant\u0131n\u0131z kesildi\u011finde bile dosyalar\u0131 d\u00f6n\u00fc\u015ft\u00fcrmenize olanak tan\u0131r.<\/p>\n                    <\/div>\n                <\/div>\n                <div class=\"faq-item\">\n                    <h3 class=\"faq-question\">\n                        <span class=\"faq-icon\"><i class=\"fas fa-question-circle\"><\/i><\/span>\n                        Windows&#8217;un eski s\u00fcr\u00fcmleri d\u00f6n\u00fc\u015ft\u00fcr\u00fclen TIFF dosyalar\u0131n\u0131 a\u00e7abilir mi?\n                    <\/h3>\n                    <div class=\"faq-answer\">\n                        <p>Evet, TIFF, Windows XP ve sonraki s\u00fcr\u00fcmlerin yan\u0131 s\u0131ra neredeyse t\u00fcm resim g\u00f6r\u00fcnt\u00fcleyiciler, web taray\u0131c\u0131lar\u0131 ve profesyonel yaz\u0131l\u0131mlar taraf\u0131ndan desteklenen, evrensel olarak en uyumlu g\u00f6r\u00fcnt\u00fc formatlar\u0131ndan biridir. TIFF&#8217;e d\u00f6n\u00fc\u015ft\u00fcrme, farkl\u0131 sistemler ve uygulamalar aras\u0131nda maksimum uyumluluk sa\u011flar.<\/p>\n                    <\/div>\n                <\/div>\n                <div class=\"faq-item\">\n                    <h3 class=\"faq-question\">\n                        <span class=\"faq-icon\"><i class=\"fas fa-question-circle\"><\/i><\/span>\n                        Ayn\u0131 anda ka\u00e7 HEIC dosyas\u0131n\u0131 TIFF&#8217;e d\u00f6n\u00fc\u015ft\u00fcrebilirim?\n                    <\/h3>\n                    <div class=\"faq-answer\">\n                        <p>Convertify, b\u00fcy\u00fck toplu i\u015flemeyi destekler ve binlerce HEIC dosyas\u0131n\u0131 ayn\u0131 anda i\u015fleyebilir. iPhone foto\u011fraf kitapl\u0131klar\u0131n\u0131n tamam\u0131n\u0131 tek bir i\u015flemle d\u00f6n\u00fc\u015ft\u00fcrebilirsiniz; tam say\u0131 yaln\u0131zca bilgisayar\u0131n\u0131z\u0131n kullan\u0131labilir belle\u011fi ve depolama alan\u0131yla s\u0131n\u0131rl\u0131d\u0131r.<\/p>\n                    <\/div>\n                <\/div>\n            <\/div>\n        <\/section>\n\n\n        <!-- CTA Section -->\n        <section class=\"cta-section\">\n            <div class=\"cta-pattern\"><\/div>\n            <div class=\"cta-content\">\n                <h2 class=\"cta-title\">Dosyalar\u0131n\u0131z\u0131 D\u00f6n\u00fc\u015ft\u00fcrmeye Haz\u0131r m\u0131s\u0131n\u0131z?<\/h2>\n                <p class=\"cta-text\">\u015eimdi Convertify&#8217;\u0131 indirin ve HEIC&#8217;i TIFF&#8217;e an\u0131nda d\u00f6n\u00fc\u015ft\u00fcrmeye ba\u015flay\u0131n. \u00dccretsiz, s\u0131n\u0131rs\u0131z ve tamamen \u00e7evrimd\u0131\u015f\u0131.<\/p>\n                <div class=\"hero-buttons\">\n                    <a href=\"\/download\" class=\"btn btn-primary\">Convertify&#8217;\u0131 \u00dccretsiz \u0130ndirin<\/a>\n                    <a href=\"\/pricing\" class=\"btn btn-secondary\">Fiyatland\u0131rmay\u0131 G\u00f6r\u00fcnt\u00fcle<\/a>\n                <\/div>\n            <\/div>\n        <\/section>\n    <\/div>\n<\/body>\n<\/html>\n\n\n\n<p><\/p>\n","protected":false},"excerpt":{"rendered":"<p>HEIC&#8217;den TIFF&#8217;e D\u00f6n\u00fc\u015ft\u00fcr\u00fcc\u00fc: Windows i\u00e7in H\u0131zl\u0131, \u00dccretsiz ve \u00c7evrimd\u0131\u015f\u0131 HEIC&#8217;den TIFF&#8217;ye d\u00f6n\u00fc\u015ft\u00fcr\u00fcc\u00fc Profesyonel kullan\u0131m ve platformlar aras\u0131 uyumluluk i\u00e7in Apple&#8217;\u0131n [&hellip;]<\/p>\n","protected":false},"author":1,"featured_media":0,"parent":0,"menu_order":0,"comment_status":"closed","ping_status":"closed","template":"","meta":{"pagelayer_contact_templates":[],"_pagelayer_content":"","_uag_custom_page_level_css":"","site-sidebar-layout":"default","site-content-layout":"","ast-site-content-layout":"","site-content-style":"default","site-sidebar-style":"default","ast-global-header-display":"","ast-banner-title-visibility":"","ast-main-header-display":"","ast-hfb-above-header-display":"","ast-hfb-below-header-display":"","ast-hfb-mobile-header-display":"","site-post-title":"disabled","ast-breadcrumbs-content":"","ast-featured-img":"","footer-sml-layout":"","theme-transparent-header-meta":"","adv-header-id-meta":"","stick-header-meta":"","header-above-stick-meta":"","header-main-stick-meta":"","header-below-stick-meta":"","astra-migrate-meta-layouts":"default","ast-page-background-enabled":"default","ast-page-background-meta":{"desktop":{"background-color":"var(--ast-global-color-5)","background-image":"","background-repeat":"repeat","background-position":"center center","background-size":"auto","background-attachment":"scroll","background-type":"","background-media":"","overlay-type":"","overlay-color":"","overlay-opacity":"","overlay-gradient":""},"tablet":{"background-color":"","background-image":"","background-repeat":"repeat","background-position":"center center","background-size":"auto","background-attachment":"scroll","background-type":"","background-media":"","overlay-type":"","overlay-color":"","overlay-opacity":"","overlay-gradient":""},"mobile":{"background-color":"","background-image":"","background-repeat":"repeat","background-position":"center center","background-size":"auto","background-attachment":"scroll","background-type":"","background-media":"","overlay-type":"","overlay-color":"","overlay-opacity":"","overlay-gradient":""}},"ast-content-background-meta":{"desktop":{"background-color":"var(--ast-global-color-4)","background-image":"","background-repeat":"repeat","background-position":"center center","background-size":"auto","background-attachment":"scroll","background-type":"","background-media":"","overlay-type":"","overlay-color":"","overlay-opacity":"","overlay-gradient":""},"tablet":{"background-color":"var(--ast-global-color-4)","background-image":"","background-repeat":"repeat","background-position":"center center","background-size":"auto","background-attachment":"scroll","background-type":"","background-media":"","overlay-type":"","overlay-color":"","overlay-opacity":"","overlay-gradient":""},"mobile":{"background-color":"var(--ast-global-color-4)","background-image":"","background-repeat":"repeat","background-position":"center center","background-size":"auto","background-attachment":"scroll","background-type":"","background-media":"","overlay-type":"","overlay-color":"","overlay-opacity":"","overlay-gradient":""}},"footnotes":""},"class_list":["post-740458","page","type-page","status-publish","hentry"],"uagb_featured_image_src":{"full":false,"thumbnail":false,"medium":false,"medium_large":false,"large":false,"1536x1536":false,"2048x2048":false,"woocommerce_thumbnail":false,"woocommerce_single":false,"woocommerce_gallery_thumbnail":false},"uagb_author_info":{"display_name":"convertify","author_link":"https:\/\/convertifypro.com\/author\/convertifypro\/"},"uagb_comment_info":0,"uagb_excerpt":"HEIC&#8217;den TIFF&#8217;e D\u00f6n\u00fc\u015ft\u00fcr\u00fcc\u00fc: Windows i\u00e7in H\u0131zl\u0131, \u00dccretsiz ve \u00c7evrimd\u0131\u015f\u0131 HEIC&#8217;den TIFF&#8217;ye d\u00f6n\u00fc\u015ft\u00fcr\u00fcc\u00fc Profesyonel kullan\u0131m ve platformlar aras\u0131 uyumluluk i\u00e7in Apple&#8217;\u0131n [&hellip;]","_links":{"self":[{"href":"https:\/\/convertifypro.com\/wp-json\/wp\/v2\/pages\/740458","targetHints":{"allow":["GET"]}}],"collection":[{"href":"https:\/\/convertifypro.com\/wp-json\/wp\/v2\/pages"}],"about":[{"href":"https:\/\/convertifypro.com\/wp-json\/wp\/v2\/types\/page"}],"author":[{"embeddable":true,"href":"https:\/\/convertifypro.com\/wp-json\/wp\/v2\/users\/1"}],"replies":[{"embeddable":true,"href":"https:\/\/convertifypro.com\/wp-json\/wp\/v2\/comments?post=740458"}],"version-history":[{"count":0,"href":"https:\/\/convertifypro.com\/wp-json\/wp\/v2\/pages\/740458\/revisions"}],"wp:attachment":[{"href":"https:\/\/convertifypro.com\/wp-json\/wp\/v2\/media?parent=740458"}],"curies":[{"name":"wp","href":"https:\/\/api.w.org\/{rel}","templated":true}]}}