{"id":740319,"date":"2026-01-21T22:48:24","date_gmt":"2026-01-21T22:48:24","guid":{"rendered":"https:\/\/convertifypro.com\/?page_id=740319"},"modified":"2026-01-21T22:48:24","modified_gmt":"2026-01-21T22:48:24","slug":"webp-to-avif-converter","status":"publish","type":"page","link":"https:\/\/convertifypro.com\/tr\/webpden-avifye-donusturucu\/","title":{"rendered":"WEBP'den AVIF'ye d\u00f6n\u00fc\u015ft\u00fcr\u00fcc\u00fc"},"content":{"rendered":"<style class=\"wpcode-css-snippet\">.ast-custom-button {\r\n  display: none;\r\n}<\/style>\n\n\n\n<!DOCTYPE html>\n<html lang=\"en\">\n<head>\n    <meta charset=\"UTF-8\">\n    <meta name=\"viewport\" content=\"width=device-width, initial-scale=1.0\">\n    <meta name=\"description\" content=\"Convert WEBP images to next-gen AVIF format with our powerful offline converter. 30-50% smaller files with better quality. Perfect for modern web development.\">\n    <meta name=\"keywords\" content=\"WEBP to AVIF converter, convert WEBP to AVIF, offline image converter, Windows AVIF converter, batch WEBP conversion, free image converter, AVIF encoder, web image optimization\">\n    <title>WEBP&#8217;den AVIF&#8217;ye D\u00f6n\u00fc\u015ft\u00fcr\u00fcc\u00fc: Windows i\u00e7in H\u0131zl\u0131, \u00dccretsiz ve \u00c7evrimd\u0131\u015f\u0131<\/title>\n    <link rel=\"stylesheet\" href=\"https:\/\/cdnjs.cloudflare.com\/ajax\/libs\/font-awesome\/6.4.0\/css\/all.min.css\">\n    \n    <style>\n        \/* Main Styles *\/\n        :root {\n            --primary-color: #FD9800;\n            --primary-hover: #e88a00;\n            --text-color: #3A3A3A;\n            --light-bg: #f8faff;\n            --gradient-bg: linear-gradient(135deg, #f8faff 0%, #fff5e6 100%);\n            --box-shadow: 0 10px 30px rgba(0, 0, 0, 0.05);\n            --hover-shadow: 0 15px 35px rgba(0, 0, 0, 0.1);\n            --border-color: #f1f5f9;\n        }\n\n        .converter-section {\n            max-width: 1200px;\n            margin: 0 auto;\n            padding: 2rem 1.5rem;\n            font-family: 'Inter', 'Segoe UI', system-ui, -apple-system, sans-serif;\n            color: var(--text-color);\n        }\n\n        \/* Hero Section *\/\n        .hero-section {\n            text-align: center;\n            padding: 3rem 1rem;\n            margin-bottom: 3rem;\n            background: var(--gradient-bg);\n            border-radius: 16px;\n            position: relative;\n            overflow: hidden;\n        }\n\n        .hero-pattern {\n            position: absolute;\n            top: 0;\n            left: 0;\n            right: 0;\n            bottom: 0;\n            background-image: url(\"data:image\/svg+xml,%3Csvg width='60' height='60' viewBox='0 0 60 60' xmlns='http:\/\/www.w3.org\/2000\/svg'%3E%3Cg fill='none' fill-rule='evenodd'%3E%3Cg fill='%23fd9800' fill-opacity='0.05'%3E%3Cpath d='M36 34v-4h-2v4h-4v2h4v4h2v-4h4v-2h-4zm0-30V0h-2v4h-4v2h4v4h2V6h4V4h-4zM6 34v-4H4v4H0v2h4v4h2v-4h4v-2H6zM6 4V0H4v4H0v2h4v4h2V6h4V4H6z'\/%3E%3C\/g%3E%3C\/g%3E%3C\/svg%3E\");\n            opacity: 0.5;\n            z-index: 0;\n        }\n\n        .hero-content {\n            position: relative;\n            z-index: 1;\n            max-width: 800px;\n            margin: 0 auto;\n        }\n\n        .hero-title {\n            font-size: 2.8rem;\n            font-weight: 800;\n            margin-bottom: 1.5rem;\n            color: var(--text-color);\n        }\n\n        .hero-subtitle {\n            font-size: 1.25rem;\n            margin-bottom: 2rem;\n            color: var(--text-color);\n            line-height: 1.6;\n        }\n\n        .hero-badges {\n            display: flex;\n            flex-wrap: wrap;\n            justify-content: center;\n            gap: 1rem;\n            margin-bottom: 2rem;\n        }\n\n        .hero-badge {\n            display: flex;\n            align-items: center;\n            background: white;\n            border-radius: 50px;\n            padding: 0.5rem 1rem;\n            box-shadow: var(--box-shadow);\n            transition: all 0.3s ease;\n            border: 1px solid var(--border-color);\n        }\n\n        .hero-badge:hover {\n            transform: translateY(-3px);\n            box-shadow: var(--hover-shadow);\n            border-color: rgba(253, 152, 0, 0.3);\n        }\n\n        .hero-badge-icon {\n            color: var(--primary-color);\n            margin-right: 0.5rem;\n            font-size: 1rem;\n        }\n\n        .hero-badge-text {\n            font-size: 0.9rem;\n            font-weight: 600;\n            color: var(--text-color);\n        }\n\n        .hero-buttons {\n            display: flex;\n            justify-content: center;\n            gap: 1rem;\n            flex-wrap: wrap;\n        }\n\n        .btn {\n            display: inline-block;\n            padding: 0.75rem 1.5rem;\n            border-radius: 8px;\n            font-weight: 600;\n            text-decoration: none !important;\n            transition: all 0.3s ease;\n            cursor: pointer;\n            font-size: 1rem;\n        }\n\n        .btn-primary {\n            background-color: var(--primary-color);\n            color: white !important;\n            box-shadow: 0 8px 16px rgba(253, 152, 0, 0.2);\n            border: none;\n        }\n\n        .btn-primary:hover {\n            background-color: var(--primary-hover);\n            transform: translateY(-2px);\n            text-decoration: none !important;\n        }\n\n        .btn-secondary {\n            background-color: white;\n            color: var(--primary-color) !important;\n            border: 1px solid var(--border-color);\n        }\n\n        .btn-secondary:hover {\n            background-color: #fff5e6;\n            transform: translateY(-2px);\n            text-decoration: none !important;\n        }\n\n        \/* Features Section *\/\n        .features-section {\n            margin-bottom: 4rem;\n        }\n\n        .section-title {\n            font-size: 2.2rem;\n            font-weight: 700;\n            text-align: center;\n            margin-bottom: 2.5rem;\n            color: var(--text-color);\n        }\n\n        .features-grid {\n            display: grid;\n            grid-template-columns: repeat(auto-fit, minmax(300px, 1fr));\n            gap: 2rem;\n        }\n\n        .feature-card {\n            background: white;\n            border-radius: 16px;\n            overflow: hidden;\n            box-shadow: var(--box-shadow);\n            transition: all 0.3s ease;\n            border: 1px solid var(--border-color);\n            height: 100%;\n            display: flex;\n            flex-direction: column;\n        }\n\n        .feature-card:hover {\n            transform: translateY(-5px);\n            box-shadow: var(--hover-shadow);\n            border-color: rgba(253, 152, 0, 0.3);\n        }\n\n        .feature-icon {\n            width: 60px;\n            height: 60px;\n            background-color: rgba(253, 152, 0, 0.15);\n            color: var(--primary-color);\n            border-radius: 12px;\n            display: flex;\n            align-items: center;\n            justify-content: center;\n            margin-bottom: 1.5rem;\n            font-size: 1.8rem;\n            transition: all 0.3s ease;\n        }\n\n        .feature-card:hover .feature-icon {\n            background: linear-gradient(135deg, #FD9800 0%, #FF6D00 100%);\n            color: white;\n            box-shadow: 0 10px 20px rgba(253, 152, 0, 0.2);\n        }\n\n        .feature-content {\n            padding: 2rem;\n            flex-grow: 1;\n        }\n\n        .feature-title {\n            font-size: 1.4rem;\n            font-weight: 700;\n            margin-bottom: 1rem;\n            color: var(--text-color);\n        }\n\n        .feature-text {\n            font-size: 1rem;\n            color: #555;\n            line-height: 1.6;\n            margin-bottom: 1.5rem;\n        }\n\n        .feature-list {\n            list-style: none;\n            padding: 0;\n            margin: 0;\n        }\n\n        .feature-item {\n            display: flex;\n            align-items: flex-start;\n            margin-bottom: 0.75rem;\n            line-height: 1.5;\n        }\n\n        .feature-check {\n            color: var(--primary-color);\n            margin-right: 0.75rem;\n            flex-shrink: 0;\n            margin-top: 0.2rem;\n        }\n\n        .feature-item-text {\n            font-size: 0.95rem;\n            color: var(--text-color);\n        }\n\n        \/* Why Convert Section *\/\n        .why-convert-section {\n            margin-bottom: 4rem;\n            background: var(--light-bg);\n            border-radius: 16px;\n            padding: 3rem 2rem;\n        }\n\n        .comparison-grid {\n            display: grid;\n            grid-template-columns: repeat(auto-fit, minmax(300px, 1fr));\n            gap: 2rem;\n            margin-top: 2rem;\n        }\n\n        .format-card {\n            background: white;\n            border-radius: 16px;\n            padding: 1.5rem;\n            box-shadow: var(--box-shadow);\n            transition: all 0.3s ease;\n            border: 1px solid var(--border-color);\n        }\n\n        .format-card:hover {\n            transform: translateY(-5px);\n            box-shadow: var(--hover-shadow);\n            border-color: rgba(253, 152, 0, 0.3);\n        }\n\n        .format-title {\n            font-size: 1.6rem;\n            font-weight: 700;\n            margin-bottom: 1.25rem;\n            color: var(--text-color);\n            display: flex;\n            align-items: center;\n        }\n\n        .format-icon {\n            color: var(--primary-color);\n            margin-right: 0.75rem;\n            font-size: 1.6rem;\n        }\n\n        .format-list {\n            list-style: none;\n            padding: 0;\n            margin: 0;\n        }\n\n        .format-item {\n            display: flex;\n            align-items: flex-start;\n            margin-bottom: 0.85rem;\n        }\n\n        .format-check {\n            color: var(--primary-color);\n            margin-right: 0.75rem;\n            flex-shrink: 0;\n            margin-top: 0.2rem;\n        }\n\n        .format-text {\n            font-size: 0.95rem;\n            color: #555;\n            line-height: 1.5;\n        }\n\n        \/* How It Works Section *\/\n        .how-it-works-section {\n            margin-bottom: 4rem;\n        }\n\n        .steps-container {\n            max-width: 900px;\n            margin: 0 auto;\n        }\n\n        .step-card {\n            display: flex;\n            align-items: flex-start;\n            background: white;\n            border-radius: 16px;\n            padding: 2rem;\n            box-shadow: var(--box-shadow);\n            margin-bottom: 2rem;\n            border: 1px solid var(--border-color);\n            transition: all 0.3s ease;\n        }\n\n        .step-card:hover {\n            transform: translateY(-5px);\n            box-shadow: var(--hover-shadow);\n            border-color: rgba(253, 152, 0, 0.3);\n        }\n\n        .step-number {\n            width: 50px;\n            height: 50px;\n            background-color: rgba(253, 152, 0, 0.15);\n            color: var(--primary-color);\n            border-radius: 50%;\n            display: flex;\n            align-items: center;\n            justify-content: center;\n            font-size: 1.5rem;\n            font-weight: 700;\n            margin-right: 1.5rem;\n            flex-shrink: 0;\n            transition: all 0.3s ease;\n        }\n\n        .step-card:hover .step-number {\n            background: linear-gradient(135deg, #FD9800 0%, #FF6D00 100%);\n            color: white;\n            box-shadow: 0 10px 20px rgba(253, 152, 0, 0.2);\n        }\n\n        .step-content {\n            flex: 1;\n        }\n\n        .step-title {\n            font-size: 1.4rem;\n            font-weight: 700;\n            margin-bottom: 0.75rem;\n            color: var(--text-color);\n        }\n\n        .step-text {\n            font-size: 1rem;\n            color: #555;\n            line-height: 1.6;\n        }\n\n        \/* Use Cases Section *\/\n        .use-cases-section {\n            margin-bottom: 4rem;\n            background: var(--light-bg);\n            border-radius: 16px;\n            padding: 3rem 2rem;\n        }\n\n        .use-cases-grid {\n            display: grid;\n            grid-template-columns: repeat(auto-fit, minmax(300px, 1fr));\n            gap: 2rem;\n            margin-top: 2rem;\n        }\n\n        .use-case-card {\n            background: white;\n            border-radius: 16px;\n            padding: 1.5rem;\n            box-shadow: var(--box-shadow);\n            transition: all 0.3s ease;\n            border: 1px solid var(--border-color);\n            height: 100%;\n        }\n\n        .use-case-card:hover {\n            transform: translateY(-5px);\n            box-shadow: var(--hover-shadow);\n            border-color: rgba(253, 152, 0, 0.3);\n        }\n\n        .use-case-icon {\n            color: var(--primary-color);\n            font-size: 2rem;\n            margin-bottom: 1rem;\n        }\n\n        .use-case-title {\n            font-size: 1.3rem;\n            font-weight: 700;\n            margin-bottom: 1rem;\n            color: var(--text-color);\n        }\n\n        .use-case-text {\n            font-size: 0.95rem;\n            color: #555;\n            line-height: 1.6;\n        }\n\n        \/* FAQ Section *\/\n        .faq-section {\n            margin-bottom: 4rem;\n        }\n\n        .faq-container {\n            max-width: 900px;\n            margin: 0 auto;\n        }\n\n        .faq-item {\n            background: white;\n            border-radius: 16px;\n            padding: 1.5rem 2rem;\n            box-shadow: var(--box-shadow);\n            margin-bottom: 1.5rem;\n            border: 1px solid var(--border-color);\n            transition: all 0.3s ease;\n        }\n\n        .faq-item:hover {\n            transform: translateY(-3px);\n            box-shadow: var(--hover-shadow);\n            border-color: rgba(253, 152, 0, 0.3);\n        }\n\n        .faq-question {\n            font-size: 1.2rem;\n            font-weight: 700;\n            margin-bottom: 1rem;\n            color: var(--text-color);\n            display: flex;\n            align-items: center;\n        }\n\n        .faq-icon {\n            color: var(--primary-color);\n            margin-right: 0.75rem;\n            font-size: 1.2rem;\n        }\n\n        .faq-answer {\n            font-size: 1rem;\n            color: #555;\n            line-height: 1.6;\n        }\n\n        \/* Technical Details Section *\/\n        .technical-details-section {\n            margin-bottom: 4rem;\n        }\n\n        .technical-details-grid {\n            display: grid;\n            grid-template-columns: repeat(auto-fit, minmax(300px, 1fr));\n            gap: 2rem;\n        }\n\n        .tech-detail-card {\n            background: white;\n            border-radius: 16px;\n            padding: 1.5rem;\n            box-shadow: var(--box-shadow);\n            transition: all 0.3s ease;\n            border: 1px solid var(--border-color);\n        }\n\n        .tech-detail-card:hover {\n            transform: translateY(-5px);\n            box-shadow: var(--hover-shadow);\n            border-color: rgba(253, 152, 0, 0.3);\n        }\n\n        .tech-detail-title {\n            font-size: 1.3rem;\n            font-weight: 700;\n            margin-bottom: 1rem;\n            color: var(--text-color);\n            display: flex;\n            align-items: center;\n        }\n\n        .tech-detail-icon {\n            color: var(--primary-color);\n            margin-right: 0.75rem;\n            font-size: 1.3rem;\n        }\n\n        .tech-detail-text {\n            font-size: 0.95rem;\n            color: #555;\n            line-height: 1.6;\n        }\n\n        \/* Security Section *\/\n        .security-section {\n            margin-bottom: 4rem;\n            background: var(--light-bg);\n            border-radius: 16px;\n            padding: 3rem 2rem;\n        }\n\n        .security-features {\n            display: grid;\n            grid-template-columns: repeat(auto-fit, minmax(300px, 1fr));\n            gap: 2rem;\n            margin-top: 2rem;\n        }\n\n        .security-card {\n            background: white;\n            border-radius: 16px;\n            padding: 1.5rem;\n            box-shadow: var(--box-shadow);\n            transition: all 0.3s ease;\n            border: 1px solid var(--border-color);\n        }\n\n        .security-card:hover {\n            transform: translateY(-5px);\n            box-shadow: var(--hover-shadow);\n            border-color: rgba(253, 152, 0, 0.3);\n        }\n\n        .security-title {\n            font-size: 1.3rem;\n            font-weight: 700;\n            margin-bottom: 1rem;\n            color: var(--text-color);\n            display: flex;\n            align-items: center;\n        }\n\n        .security-icon {\n            color: var(--primary-color);\n            margin-right: 0.75rem;\n            font-size: 1.3rem;\n        }\n\n        .security-text {\n            font-size: 0.95rem;\n            color: #555;\n            line-height: 1.6;\n        }\n\n        \/* CTA Section *\/\n        .cta-section {\n            text-align: center;\n            padding: 3rem 1rem;\n            background: var(--gradient-bg);\n            border-radius: 16px;\n            position: relative;\n            overflow: hidden;\n            margin-bottom: 2rem;\n        }\n\n        .cta-pattern {\n            position: absolute;\n            top: 0;\n            left: 0;\n            right: 0;\n            bottom: 0;\n            background-image: url(\"data:image\/svg+xml,%3Csvg width='60' height='60' viewBox='0 0 60 60' xmlns='http:\/\/www.w3.org\/2000\/svg'%3E%3Cg fill='none' fill-rule='evenodd'%3E%3Cg fill='%23fd9800' fill-opacity='0.05'%3E%3Cpath d='M36 34v-4h-2v4h-4v2h4v4h2v-4h4v-2h-4zm0-30V0h-2v4h-4v2h4v4h2V6h4V4h-4zM6 34v-4H4v4H0v2h4v4h2v-4h4v-2H6zM6 4V0H4v4H0v2h4v4h2V6h4V4H6z'\/%3E%3C\/g%3E%3C\/g%3E%3C\/svg%3E\");\n            opacity: 0.5;\n            z-index: 0;\n        }\n\n        .cta-content {\n            position: relative;\n            z-index: 1;\n            max-width: 800px;\n            margin: 0 auto;\n        }\n\n        .cta-title {\n            font-size: 2.2rem;\n            font-weight: 700;\n            margin-bottom: 1.5rem;\n            color: var(--text-color);\n        }\n\n        .cta-text {\n            font-size: 1.1rem;\n            margin-bottom: 2rem;\n            color: #555;\n            line-height: 1.6;\n        }\n\n        \/* Guide-specific Styles *\/\n        .guide-content {\n            background: white;\n            border-radius: 16px;\n            padding: 2rem;\n            margin-bottom: 2rem;\n            box-shadow: var(--box-shadow);\n            border: 1px solid var(--border-color);\n        }\n\n        .guide-section-title {\n            font-size: 1.6rem;\n            font-weight: 700;\n            color: var(--text-color);\n            margin-bottom: 1rem;\n        }\n\n        .guide-text {\n            font-size: 1rem;\n            color: #555;\n            line-height: 1.8;\n            margin-bottom: 1rem;\n        }\n\n        .guide-list {\n            list-style: none;\n            padding: 0;\n            margin: 1rem 0;\n        }\n\n        .guide-list-item {\n            display: flex;\n            align-items: flex-start;\n            margin-bottom: 0.75rem;\n            padding-left: 1.5rem;\n            position: relative;\n        }\n\n        .guide-list-item::before {\n            content: \"\u2022\";\n            color: var(--primary-color);\n            font-weight: bold;\n            position: absolute;\n            left: 0;\n        }\n\n        \/* Responsive Styles *\/\n        @media (max-width: 768px) {\n            .hero-title {\n                font-size: 2.2rem;\n            }\n\n            .section-title {\n                font-size: 1.8rem;\n            }\n\n            .cta-title {\n                font-size: 1.8rem;\n            }\n\n            .features-grid {\n                grid-template-columns: 1fr;\n                max-width: 500px;\n                margin: 0 auto;\n            }\n\n            .step-card {\n                flex-direction: column;\n                align-items: flex-start;\n            }\n\n            .step-number {\n                margin-bottom: 1rem;\n                margin-right: 0;\n            }\n        }\n\n        @media (max-width: 480px) {\n            .hero-title {\n                font-size: 1.8rem;\n            }\n\n            .hero-subtitle {\n                font-size: 1.1rem;\n            }\n\n            .section-title {\n                font-size: 1.6rem;\n            }\n\n            .feature-content {\n                padding: 1.5rem;\n            }\n\n            .step-card {\n                padding: 1.5rem;\n            }\n\n            .faq-item {\n                padding: 1.25rem;\n            }\n        }\n\n        \/* Button text should never be underlined *\/\n        .btn:hover, .btn:focus, .btn:active {\n            text-decoration: none !important;\n        }\n    <\/style>\n<\/head>\n<body>\n    <div class=\"converter-section\">\n        <!-- Hero Section -->\n        <section class=\"hero-section\">\n            <div class=\"hero-pattern\"><\/div>\n            <div class=\"hero-content\">\n                <h1 class=\"hero-title\">WEBP&#8217;den AVIF&#8217;ye d\u00f6n\u00fc\u015ft\u00fcr\u00fcc\u00fc<\/h1>\n                <p class=\"hero-subtitle\">\u00dcst\u00fcn s\u0131k\u0131\u015ft\u0131rma verimlili\u011fi ve gelece\u011fe d\u00f6n\u00fck web uyumlulu\u011fu i\u00e7in WEBP g\u00f6r\u00fcnt\u00fclerini yeni nesil AVIF format\u0131na d\u00f6n\u00fc\u015ft\u00fcr\u00fcn. Kalite kayb\u0131 olmadan en uygun dosya boyutlar\u0131n\u0131 arayan modern web geli\u015ftiricileri ve i\u00e7erik yarat\u0131c\u0131lar\u0131 i\u00e7in m\u00fckemmeldir.<\/p>\n\n                <div class=\"hero-badges\">\n                    <div class=\"hero-badge\">\n                        <span class=\"hero-badge-icon\"><i class=\"fas fa-desktop\"><\/i><\/span>\n                        <span class=\"hero-badge-text\">%100 \u00c7evrimd\u0131\u015f\u0131<\/span>\n                    <\/div>\n                    <div class=\"hero-badge\">\n                        <span class=\"hero-badge-icon\"><i class=\"fas fa-infinity\"><\/i><\/span>\n                        <span class=\"hero-badge-text\">S\u0131n\u0131rs\u0131z D\u00f6n\u00fc\u015f\u00fcm<\/span>\n                    <\/div>\n                    <div class=\"hero-badge\">\n                        <span class=\"hero-badge-icon\"><i class=\"fas fa-shield-alt\"><\/i><\/span>\n                        <span class=\"hero-badge-text\">\u00d6zel ve G\u00fcvenli<\/span>\n                    <\/div>\n                    <div class=\"hero-badge\">\n                        <span class=\"hero-badge-icon\"><i class=\"fas fa-bolt\"><\/i><\/span>\n                        <span class=\"hero-badge-text\">Y\u0131ld\u0131r\u0131m H\u0131z\u0131nda<\/span>\n                    <\/div>\n                <\/div>\n\n                <div class=\"hero-buttons\">\n                    <a href=\"\/download\" class=\"btn btn-primary\">\u00dccretsiz \u0130ndir<\/a>\n                    <a href=\"#how-it-works\" class=\"btn btn-secondary\">Daha fazla bilgi edin<\/a>\n                <\/div>\n            <\/div>\n        <\/section>\n\n\n        <!-- Features Section -->\n        <section class=\"features-section\">\n            <h2 class=\"section-title\">Neden WEBP&#8217;den AVIF&#8217;e D\u00f6n\u00fc\u015ft\u00fcrme i\u00e7in D\u00f6n\u00fc\u015ft\u00fcrmeyi Se\u00e7melisiniz?<\/h2>\n\n            <div class=\"features-grid\">\n                <div class=\"feature-card\">\n                    <div class=\"feature-content\">\n                        <div class=\"feature-icon\">\n                            <i class=\"fas fa-bolt\"><\/i>\n                        <\/div>\n                        <h3 class=\"feature-title\">I\u015f\u0131k H\u0131z\u0131nda \u0130\u015fleme<\/h3>\n                        <p class=\"feature-text\">\u00c7ok \u00e7ekirdekli optimizasyon ve geli\u015fmi\u015f kodlama algoritmalar\u0131yla WEBP&#8217;yi saniyeler i\u00e7inde AVIF&#8217;ye d\u00f6n\u00fc\u015ft\u00fcr\u00fcn. Sistem yava\u015flamas\u0131 olmadan binlerce g\u00f6r\u00fcnt\u00fcy\u00fc ayn\u0131 anda i\u015fleyin.<\/p>\n                        <ul class=\"feature-list\">\n                            <li class=\"feature-item\">\n                                <span class=\"feature-check\"><i class=\"fas fa-check-circle\"><\/i><\/span>\n                                <span class=\"feature-item-text\">10.000&#8217;den fazla dosyay\u0131 tek grupta i\u015fleyin<\/span>\n                            <\/li>\n                            <li class=\"feature-item\">\n                                <span class=\"feature-check\"><i class=\"fas fa-check-circle\"><\/i><\/span>\n                                <span class=\"feature-item-text\">H\u0131z i\u00e7in \u00e7ok i\u015f par\u00e7ac\u0131kl\u0131 kodlama<\/span>\n                            <\/li>\n                            <li class=\"feature-item\">\n                                <span class=\"feature-check\"><i class=\"fas fa-check-circle\"><\/i><\/span>\n                                <span class=\"feature-item-text\">Ger\u00e7ek zamanl\u0131 ilerleme takibi<\/span>\n                            <\/li>\n                        <\/ul>\n                    <\/div>\n                <\/div>\n                <div class=\"feature-card\">\n                    <div class=\"feature-content\">\n                        <div class=\"feature-icon\">\n                            <i class=\"fas fa-shield-alt\"><\/i>\n                        <\/div>\n                        <h3 class=\"feature-title\">%100 \u00c7evrimd\u0131\u015f\u0131 ve G\u00fcvenli<\/h3>\n                        <p class=\"feature-text\">T\u00fcm WEBP&#8217;den AVIF&#8217;ye d\u00f6n\u00fc\u015f\u00fcmler Windows cihaz\u0131n\u0131zda yerel olarak ger\u00e7ekle\u015fir. Resimleriniz bilgisayar\u0131n\u0131zdan asla ayr\u0131lmaz, bu da hassas i\u00e7erik i\u00e7in tam gizlilik ve g\u00fcvenlik sa\u011flar.<\/p>\n                        <ul class=\"feature-list\">\n                            <li class=\"feature-item\">\n                                <span class=\"feature-check\"><i class=\"fas fa-check-circle\"><\/i><\/span>\n                                <span class=\"feature-item-text\">\u0130nternet ba\u011flant\u0131s\u0131 gerekmez<\/span>\n                            <\/li>\n                            <li class=\"feature-item\">\n                                <span class=\"feature-check\"><i class=\"fas fa-check-circle\"><\/i><\/span>\n                                <span class=\"feature-item-text\">Dosyalar hi\u00e7bir zaman buluta y\u00fcklenmedi<\/span>\n                            <\/li>\n                            <li class=\"feature-item\">\n                                <span class=\"feature-check\"><i class=\"fas fa-check-circle\"><\/i><\/span>\n                                <span class=\"feature-item-text\">G\u00fcvenli ge\u00e7ici dosya i\u015fleme<\/span>\n                            <\/li>\n                        <\/ul>\n                    <\/div>\n                <\/div>\n                <div class=\"feature-card\">\n                    <div class=\"feature-content\">\n                        <div class=\"feature-icon\">\n                            <i class=\"fas fa-expand-arrows-alt\"><\/i>\n                        <\/div>\n                        <h3 class=\"feature-title\">Yapay Zeka Destekli Y\u00fckseltme<\/h3>\n                        <p class=\"feature-text\">Ak\u0131ll\u0131 AI y\u00fckseltme teknolojisiyle d\u00f6n\u00fc\u015ft\u00fcrme s\u0131ras\u0131nda WEBP g\u00f6r\u00fcnt\u00fclerinizi geli\u015ftirin. AVIF format\u0131na d\u00f6n\u00fc\u015ft\u00fcr\u00fcrken d\u00fc\u015f\u00fck \u00e7\u00f6z\u00fcn\u00fcrl\u00fckl\u00fc g\u00f6r\u00fcnt\u00fcleri 4X&#8217;e kadar d\u00f6n\u00fc\u015ft\u00fcr\u00fcn.<\/p>\n                        <ul class=\"feature-list\">\n                            <li class=\"feature-item\">\n                                <span class=\"feature-check\"><i class=\"fas fa-check-circle\"><\/i><\/span>\n                                <span class=\"feature-item-text\">4X&#8217;e kadar \u00e7\u00f6z\u00fcn\u00fcrl\u00fck geli\u015ftirme<\/span>\n                            <\/li>\n                            <li class=\"feature-item\">\n                                <span class=\"feature-check\"><i class=\"fas fa-check-circle\"><\/i><\/span>\n                                <span class=\"feature-item-text\">Ak\u0131ll\u0131 ayr\u0131nt\u0131 korumas\u0131<\/span>\n                            <\/li>\n                            <li class=\"feature-item\">\n                                <span class=\"feature-check\"><i class=\"fas fa-check-circle\"><\/i><\/span>\n                                <span class=\"feature-item-text\">G\u00fcr\u00fclt\u00fc azaltma algoritmalar\u0131<\/span>\n                            <\/li>\n                        <\/ul>\n                    <\/div>\n                <\/div>\n            <\/div>\n        <\/section>\n\n\n        <!-- Why Convert Section -->\n        <section class=\"why-convert-section\">\n            <h2 class=\"section-title\">WEBP&#8217;yi neden AVIF&#8217;e d\u00f6n\u00fc\u015ft\u00fcrmelisiniz?<\/h2>\n\n            <div class=\"comparison-grid\">\n                <div class=\"format-card\">\n                    <h3 class=\"format-title\">\n                        <span class=\"format-icon\"><i class=\"fas fa-file-video\"><\/i><\/span>\n                        WEBP Format\u0131\n                    <\/h3>\n                    <ul class=\"format-list\">\n                        <li class=\"format-item\">\n                            <span class=\"format-check\"><i class=\"fas fa-check-circle\"><\/i><\/span>\n                            <span class=\"format-text\">VP8\/VP8L codec&#8217;leriyle m\u00fckemmel kay\u0131pl\u0131 ve kay\u0131ps\u0131z s\u0131k\u0131\u015ft\u0131rma<\/span>\n                        <\/li>\n                        <li class=\"format-item\">\n                            <span class=\"format-check\"><i class=\"fas fa-check-circle\"><\/i><\/span>\n                            <span class=\"format-text\">Tek kapta \u015feffafl\u0131\u011f\u0131 ve animasyonu destekler<\/span>\n                        <\/li>\n                        <li class=\"format-item\">\n                            <span class=\"format-check\"><i class=\"fas fa-times-circle\"><\/i><\/span>\n                            <span class=\"format-text\">Eski Safari s\u00fcr\u00fcmlerinde s\u0131n\u0131rl\u0131 taray\u0131c\u0131 deste\u011fi<\/span>\n                        <\/li>\n                        <li class=\"format-item\">\n                            <span class=\"format-check\"><i class=\"fas fa-check-circle\"><\/i><\/span>\n                            <span class=\"format-text\">JPEG ve PNG e\u015fde\u011ferlerinden daha k\u00fc\u00e7\u00fck dosya boyutlar\u0131<\/span>\n                        <\/li>\n                        <li class=\"format-item\">\n                            <span class=\"format-check\"><i class=\"fas fa-times-circle\"><\/i><\/span>\n                            <span class=\"format-text\">T\u00fcm g\u00f6r\u00fcnt\u00fc d\u00fczenleme yaz\u0131l\u0131mlar\u0131 taraf\u0131ndan desteklenmez<\/span>\n                        <\/li>\n                    <\/ul>\n                <\/div>\n\n                <div class=\"format-card\">\n                    <h3 class=\"format-title\">\n                        <span class=\"format-icon\"><i class=\"fas fa-file-video\"><\/i><\/span>\n                        AVIF Format\u0131\n                    <\/h3>\n                    <ul class=\"format-list\">\n                        <li class=\"format-item\">\n                            <span class=\"format-check\"><i class=\"fas fa-check-circle\"><\/i><\/span>\n                            <span class=\"format-text\">Ayn\u0131 kalitede WEBP&#8217;den %30-50 daha k\u00fc\u00e7\u00fck dosya boyutlar\u0131<\/span>\n                        <\/li>\n                        <li class=\"format-item\">\n                            <span class=\"format-check\"><i class=\"fas fa-check-circle\"><\/i><\/span>\n                            <span class=\"format-text\">\u00dcst\u00fcn s\u0131k\u0131\u015ft\u0131rma verimlili\u011fi i\u00e7in AV1 codec bile\u015feni \u00fczerine kurulmu\u015ftur<\/span>\n                        <\/li>\n                        <li class=\"format-item\">\n                            <span class=\"format-check\"><i class=\"fas fa-check-circle\"><\/i><\/span>\n                            <span class=\"format-text\">HDR i\u00e7eri\u011fi i\u00e7in 10 bit ve 12 bit renk derinli\u011fini destekler<\/span>\n                        <\/li>\n                        <li class=\"format-item\">\n                            <span class=\"format-check\"><i class=\"fas fa-check-circle\"><\/i><\/span>\n                            <span class=\"format-text\">Modern platformlarda taray\u0131c\u0131 deste\u011fi art\u0131yor<\/span>\n                        <\/li>\n                        <li class=\"format-item\">\n                            <span class=\"format-check\"><i class=\"fas fa-check-circle\"><\/i><\/span>\n                            <span class=\"format-text\">B\u00fcy\u00fck teknoloji \u015firketleri taraf\u0131ndan benimsenen gelece\u011fe y\u00f6nelik format<\/span>\n                        <\/li>\n                    <\/ul>\n                <\/div>\n            <\/div>\n        <\/section>\n\n\n        <!-- Technical Details Section -->\n        <section class=\"technical-details-section\">\n            <h2 class=\"section-title\">Teknik Detaylar<\/h2>\n\n            <div class=\"technical-details-grid\">\n                <div class=\"tech-detail-card\">\n                    <h3 class=\"tech-detail-title\">\n                        <span class=\"tech-detail-icon\"><i class=\"fas fa-cog\"><\/i><\/span>\n                        Geli\u015fmi\u015f Codec Ge\u00e7i\u015fi\n                    <\/h3>\n                    <p class=\"tech-detail-text\">WEBP&#8217;den (VP8\/VP8L) AVIF&#8217;ye (AV1) d\u00f6n\u00fc\u015ft\u00fcrme, Alliance for Open Media spesifikasyonlar\u0131 kullan\u0131larak karma\u015f\u0131k yeniden kodlamay\u0131 i\u00e7erir. S\u00fcre\u00e7, optimum dosya boyutunu k\u00fc\u00e7\u00fcltmek i\u00e7in AV1&#8217;in \u00fcst\u00fcn s\u0131k\u0131\u015ft\u0131rma algoritmalar\u0131ndan yararlan\u0131rken renk profillerini, meta verileri ve \u015feffafl\u0131\u011f\u0131 korur.<\/p>\n                <\/div>\n                <div class=\"tech-detail-card\">\n                    <h3 class=\"tech-detail-title\">\n                        <span class=\"tech-detail-icon\"><i class=\"fas fa-palette\"><\/i><\/span>\n                        Renk Alan\u0131 \u0130\u015fleme\n                    <\/h3>\n                    <p class=\"tech-detail-text\">AVIF, Rec dahil daha geni\u015f renk gamlar\u0131n\u0131 destekler. 2020 ve P3, WEBP ise sRGB ile s\u0131n\u0131rl\u0131d\u0131r. D\u00f6n\u00fc\u015ft\u00fcr\u00fcc\u00fcm\u00fcz renk alanlar\u0131n\u0131 ak\u0131ll\u0131ca e\u015fler, ICC profillerini korur ve WEBP&#8217;nin 8 bitinden AVIF&#8217;nin 8, 10 ve 12 bit renk derinli\u011fi deste\u011fine bit derinli\u011fi d\u00f6n\u00fc\u015f\u00fcm\u00fcn\u00fc ger\u00e7ekle\u015ftirir.<\/p>\n                <\/div>\n                <div class=\"tech-detail-card\">\n                    <h3 class=\"tech-detail-title\">\n                        <span class=\"tech-detail-icon\"><i class=\"fas fa-compress\"><\/i><\/span>\n                        S\u0131k\u0131\u015ft\u0131rma Optimizasyonu\n                    <\/h3>\n                    <p class=\"tech-detail-text\">D\u00f6n\u00fc\u015ft\u00fcrme i\u015flemi AVIF&#8217;in uyarlanabilir niceleme, d\u00f6ng\u00fc filtreleme ve blok i\u00e7i kopyalama gibi geli\u015fmi\u015f \u00f6zelliklerini kullan\u0131r. Kalite ayarlar\u0131, AV1&#8217;in etkili kodlamas\u0131 sayesinde dosya boyutunda \u00f6nemli azalmalar elde ederken WEBP g\u00f6rsel do\u011frulu\u011funa uyacak veya onu a\u015facak \u015fekilde otomatik olarak kalibre edilir.<\/p>\n                <\/div>\n            <\/div>\n        <\/section>\n\n\n        <!-- How It Works Section -->\n        <section id=\"how-it-works\" class=\"how-it-works-section\">\n            <h2 class=\"section-title\">WEBP&#8217;yi AVIF&#8217;ye d\u00f6n\u00fc\u015ft\u00fcrme<\/h2>\n\n            <div class=\"steps-container\">\n                <div class=\"step-card\">\n                    <div class=\"step-number\">1<\/div>\n                    <div class=\"step-content\">\n                        <h3 class=\"step-title\">\u0130ndir ve Y\u00fckle<\/h3>\n                        <p class=\"step-text\">Convertify&#8217;\u0131 \u00fccretsiz indirin ve Windows PC&#8217;nize y\u00fckleyin. Hesap veya kay\u0131t gerekmez.<\/p>\n                    <\/div>\n                <\/div>\n                <div class=\"step-card\">\n                    <div class=\"step-number\">2<\/div>\n                    <div class=\"step-content\">\n                        <h3 class=\"step-title\">WEBP Dosyalar\u0131n\u0131z\u0131 Ekleyin<\/h3>\n                        <p class=\"step-text\">WEBP dosyalar\u0131n\u0131z\u0131 Convertify&#8217;a s\u00fcr\u00fckleyip b\u0131rak\u0131n veya bunlar\u0131 se\u00e7mek i\u00e7in dosya taray\u0131c\u0131s\u0131n\u0131 kullan\u0131n.<\/p>\n                    <\/div>\n                <\/div>\n                <div class=\"step-card\">\n                    <div class=\"step-number\">3<\/div>\n                    <div class=\"step-content\">\n                        <h3 class=\"step-title\">AVIF \u00c7\u0131k\u0131\u015f\u0131n\u0131 Se\u00e7in<\/h3>\n                        <p class=\"step-text\">\u00c7\u0131k\u0131\u015f format\u0131n\u0131z olarak AVIF&#8217;yi se\u00e7in. Gerekirse kalite ayarlar\u0131n\u0131 yap\u0131n.<\/p>\n                    <\/div>\n                <\/div>\n                <div class=\"step-card\">\n                    <div class=\"step-number\">4<\/div>\n                    <div class=\"step-content\">\n                        <h3 class=\"step-title\">D\u00f6n\u00fc\u015ft\u00fcr ve Kaydet<\/h3>\n                        <p class=\"step-text\">D\u00f6n\u00fc\u015ft\u00fcr&#8217;e t\u0131klad\u0131\u011f\u0131n\u0131zda dosyalar\u0131n\u0131z an\u0131nda i\u015flenecektir. Bunlar\u0131 bilgisayar\u0131n\u0131zda herhangi bir yere kaydedin.<\/p>\n                    <\/div>\n                <\/div>\n            <\/div>\n        <\/section>\n\n\n        <!-- Use Cases Section -->\n        <section class=\"use-cases-section\">\n            <h2 class=\"section-title\">WEBP&#8217;den AVIF&#8217;ye D\u00f6n\u00fc\u015f\u00fcm Ne Zaman Kullan\u0131l\u0131r?<\/h2>\n\n            <div class=\"use-cases-grid\">\n                <div class=\"use-case-card\">\n                    <div class=\"use-case-icon\"><i class=\"fas fa-globe\"><\/i><\/div>\n                    <h3 class=\"use-case-title\">Modern Web Geli\u015ftirme<\/h3>\n                    <p class=\"use-case-text\">G\u00f6rsel kaliteyi korurken maksimum y\u00fckleme h\u0131z\u0131 ve bant geni\u015fli\u011fi verimlili\u011fi gerektiren yeni nesil web siteleri i\u00e7in WEBP varl\u0131klar\u0131n\u0131 AVIF&#8217;ye d\u00f6n\u00fc\u015ft\u00fcr\u00fcn.<\/p>\n                <\/div>\n                <div class=\"use-case-card\">\n                    <div class=\"use-case-icon\"><i class=\"fas fa-mobile-alt\"><\/i><\/div>\n                    <h3 class=\"use-case-title\">Mobil Uygulama Optimizasyonu<\/h3>\n                    <p class=\"use-case-text\">WEBP g\u00f6r\u00fcnt\u00fclerini kat\u0131 boyut s\u0131n\u0131rlamalar\u0131na sahip mobil uygulamalar i\u00e7in \u00e7ok \u00f6nemli olan ultra s\u0131k\u0131\u015ft\u0131r\u0131lm\u0131\u015f AVIF bi\u00e7imine d\u00f6n\u00fc\u015ft\u00fcrerek uygulama paketi boyutlar\u0131n\u0131 azalt\u0131n.<\/p>\n                <\/div>\n                <div class=\"use-case-card\">\n                    <div class=\"use-case-icon\"><i class=\"fas fa-cloud-upload-alt\"><\/i><\/div>\n                    <h3 class=\"use-case-title\">CDN Ta\u015f\u0131ma<\/h3>\n                    <p class=\"use-case-text\">Optimum s\u0131k\u0131\u015ft\u0131rma oranlar\u0131 ve azalt\u0131lm\u0131\u015f bant geni\u015fli\u011fi maliyetleri arayan i\u00e7erik da\u011f\u0131t\u0131m a\u011flar\u0131 i\u00e7in mevcut WEBP g\u00f6r\u00fcnt\u00fc kitapl\u0131klar\u0131n\u0131 AVIF&#8217;ye d\u00f6n\u00fc\u015ft\u00fcr\u00fcn.<\/p>\n                <\/div>\n                <div class=\"use-case-card\">\n                    <div class=\"use-case-icon\"><i class=\"fas fa-camera\"><\/i><\/div>\n                    <h3 class=\"use-case-title\">Foto\u011fraf\u00e7\u0131l\u0131k Portfolyolar\u0131<\/h3>\n                    <p class=\"use-case-text\">Minimum dosya boyutuyla maksimum kalite gerektiren profesyonel foto\u011fraf\u00e7\u0131l\u0131k web siteleri i\u00e7in WEBP portf\u00f6y g\u00f6r\u00fcnt\u00fclerini AVIF&#8217;ye d\u00f6n\u00fc\u015ft\u00fcr\u00fcn.<\/p>\n                <\/div>\n                <div class=\"use-case-card\">\n                    <div class=\"use-case-icon\"><i class=\"fas fa-shopping-cart\"><\/i><\/div>\n                    <h3 class=\"use-case-title\">E-ticaret Platformlar\u0131<\/h3>\n                    <p class=\"use-case-text\">WEBP&#8217;yi AVIF&#8217;e d\u00f6n\u00fc\u015ft\u00fcrerek \u00fcr\u00fcn resim kataloglar\u0131n\u0131 optimize edin, sayfa y\u00fckleme s\u00fcrelerini \u00f6nemli \u00f6l\u00e7\u00fcde azalt\u0131n ve m\u00fc\u015fteri deneyimini iyile\u015ftirin.<\/p>\n                <\/div>\n                <div class=\"use-case-card\">\n                    <div class=\"use-case-icon\"><i class=\"fas fa-archive\"><\/i><\/div>\n                    <h3 class=\"use-case-title\">Dijital Varl\u0131k Y\u00f6netimi<\/h3>\n                    <p class=\"use-case-text\">Meta verileri ve kaliteyi korurken WEBP koleksiyonlar\u0131n\u0131 yerden tasarruf sa\u011flayan AVIF format\u0131na toplu olarak d\u00f6n\u00fc\u015ft\u00fcrerek g\u00f6r\u00fcnt\u00fc ar\u015fivlerini modernle\u015ftirin.<\/p>\n                <\/div>\n            <\/div>\n        <\/section>\n\n\n        <!-- Security Section -->\n        <section class=\"security-section\">\n            <h2 class=\"section-title\">Gizlili\u011finiz Korunuyor<\/h2>\n\n            <div class=\"security-features\">\n                <div class=\"security-card\">\n                    <h3 class=\"security-title\">\n                        <span class=\"security-icon\"><i class=\"fas fa-lock\"><\/i><\/span>\n                        %100 \u00c7evrimd\u0131\u015f\u0131\n                    <\/h3>\n                    <p class=\"security-text\">T\u00fcm d\u00f6n\u00fc\u015f\u00fcmler bilgisayar\u0131n\u0131zda yerel olarak ger\u00e7ekle\u015fir. Dosyalar\u0131n\u0131z asla cihaz\u0131n\u0131zdan \u00e7\u0131kmaz ve hi\u00e7bir sunucuya y\u00fcklenmez.<\/p>\n                <\/div>\n                <div class=\"security-card\">\n                    <h3 class=\"security-title\">\n                        <span class=\"security-icon\"><i class=\"fas fa-user-shield\"><\/i><\/span>\n                        Hesap Gerekmez\n                    <\/h3>\n                    <p class=\"security-text\">Hesap olu\u015fturmadan, ki\u015fisel bilgilerinizi vermeden veya herhangi bir \u015feye kaydolmadan hemen d\u00f6n\u00fc\u015ft\u00fcrmeye ba\u015flay\u0131n.<\/p>\n                <\/div>\n                <div class=\"security-card\">\n                    <h3 class=\"security-title\">\n                        <span class=\"security-icon\"><i class=\"fas fa-trash-alt\"><\/i><\/span>\n                        Otomatik Temizleme\n                    <\/h3>\n                    <p class=\"security-text\">Ge\u00e7ici dosyalar d\u00f6n\u00fc\u015ft\u00fcrme sonras\u0131nda g\u00fcvenli bir \u015fekilde silinir. Aksini se\u00e7medi\u011finiz s\u00fcrece orijinal dosyalar\u0131n\u0131z hi\u00e7bir \u015fekilde dokunulmaz.<\/p>\n                <\/div>\n            <\/div>\n        <\/section>\n\n\n        <!-- FAQ Section -->\n        <section class=\"faq-section\">\n            <h2 class=\"section-title\">S\u0131k\u00e7a Sorulan Sorular<\/h2>\n\n            <div class=\"faq-container\">\n                <div class=\"faq-item\">\n                    <h3 class=\"faq-question\">\n                        <span class=\"faq-icon\"><i class=\"fas fa-question-circle\"><\/i><\/span>\n                        WEBP&#8217;yi AVIF&#8217;e d\u00f6n\u00fc\u015ft\u00fcrmek g\u00f6r\u00fcnt\u00fc kalitesini d\u00fc\u015f\u00fcr\u00fcr m\u00fc?\n                    <\/h3>\n                    <div class=\"faq-answer\">\n                        <p>AVIF, geli\u015fmi\u015f AV1 codec bile\u015feni nedeniyle genellikle ayn\u0131 dosya boyutunda WEBP&#8217;den daha iyi kalite sa\u011flar. Ancak her ikisi de s\u0131k\u0131\u015ft\u0131r\u0131lm\u0131\u015f formatlar oldu\u011fundan, aralar\u0131nda d\u00f6n\u00fc\u015ft\u00fcrme yeniden kodlamay\u0131 gerektirir ve bu da minimum kalite kayb\u0131na neden olabilir. En iyi sonu\u00e7lar\u0131 elde etmek i\u00e7in m\u00fcmk\u00fcnse orijinal s\u0131k\u0131\u015ft\u0131r\u0131lmam\u0131\u015f kaynaklardan d\u00f6n\u00fc\u015ft\u00fcr\u00fcn.<\/p>\n                    <\/div>\n                <\/div>\n                <div class=\"faq-item\">\n                    <h3 class=\"faq-question\">\n                        <span class=\"faq-icon\"><i class=\"fas fa-question-circle\"><\/i><\/span>\n                        AVIF g\u00f6r\u00fcnt\u00fcleri t\u00fcm taray\u0131c\u0131larla uyumlu mudur?\n                    <\/h3>\n                    <div class=\"faq-answer\">\n                        <p>AVIF deste\u011fi, format\u0131 destekleyen Chrome 85+, Firefox 93+ ve Safari 16+ ile h\u0131zla art\u0131yor. AVIF hen\u00fcz evrensel olmasa da modern web uygulamalar\u0131 i\u00e7in standart haline geliyor. Eski taray\u0131c\u0131lar i\u00e7in her zaman yedek g\u00f6rselleri uygulay\u0131n.<\/p>\n                    <\/div>\n                <\/div>\n                <div class=\"faq-item\">\n                    <h3 class=\"faq-question\">\n                        <span class=\"faq-icon\"><i class=\"fas fa-question-circle\"><\/i><\/span>\n                        AVIF dosyalar\u0131 WEBP&#8217;ye k\u0131yasla ne kadar k\u00fc\u00e7\u00fckt\u00fcr?\n                    <\/h3>\n                    <div class=\"faq-answer\">\n                        <p>AVIF dosyalar\u0131, ayn\u0131 g\u00f6rsel kaliteyi korurken genellikle e\u015fde\u011fer WEBP g\u00f6r\u00fcnt\u00fclerinden %30-50 daha k\u00fc\u00e7\u00fckt\u00fcr. Kesin tasarruflar g\u00f6r\u00fcnt\u00fc i\u00e7eri\u011fine ba\u011fl\u0131d\u0131r; foto\u011fraflar keskin kenarl\u0131 grafiklere g\u00f6re daha fazla s\u0131k\u0131\u015ft\u0131rma kazan\u0131m\u0131 g\u00f6sterir.<\/p>\n                    <\/div>\n                <\/div>\n                <div class=\"faq-item\">\n                    <h3 class=\"faq-question\">\n                        <span class=\"faq-icon\"><i class=\"fas fa-question-circle\"><\/i><\/span>\n                        Animasyonlu WEBP dosyalar\u0131n\u0131 AVIF&#8217;e d\u00f6n\u00fc\u015ft\u00fcrebilir miyim?\n                    <\/h3>\n                    <div class=\"faq-answer\">\n                        <p>Evet, AVIF animasyon dizilerini destekler. D\u00f6n\u00fc\u015ft\u00fcr\u00fcc\u00fcm\u00fcz animasyonlu WEBP dosyalar\u0131n\u0131 i\u015fleyebilir ve bunlar\u0131 kare zamanlamas\u0131n\u0131, d\u00f6ng\u00fc ayarlar\u0131n\u0131 ve \u015feffafl\u0131k bilgilerini korurken AVIF format\u0131na d\u00f6n\u00fc\u015ft\u00fcrebilir.<\/p>\n                    <\/div>\n                <\/div>\n                <div class=\"faq-item\">\n                    <h3 class=\"faq-question\">\n                        <span class=\"faq-icon\"><i class=\"fas fa-question-circle\"><\/i><\/span>\n                        D\u00f6n\u00fc\u015ft\u00fcrme EXIF \u200b\u200bverilerini ve renk profillerini koruyor mu?\n                    <\/h3>\n                    <div class=\"faq-answer\">\n                        <p>Evet, Convertify, WEBP&#8217;den AVIF&#8217;ye d\u00f6n\u00fc\u015ft\u00fcrme s\u0131ras\u0131nda EXIF \u200b\u200bverileri, ICC renk profilleri ve di\u011fer g\u00f6m\u00fcl\u00fc bilgiler dahil olmak \u00fczere meta verileri korur. Bu, renk do\u011frulu\u011funu sa\u011flar ve \u00f6nemli g\u00f6r\u00fcnt\u00fc meta verilerini korur.<\/p>\n                    <\/div>\n                <\/div>\n                <div class=\"faq-item\">\n                    <h3 class=\"faq-question\">\n                        <span class=\"faq-icon\"><i class=\"fas fa-question-circle\"><\/i><\/span>\n                        Neden \u00e7evrimi\u00e7i WEBP&#8217;den AVIF&#8217;e d\u00f6n\u00fc\u015ft\u00fcr\u00fcc\u00fcler yerine \u00e7evrimd\u0131\u015f\u0131 d\u00f6n\u00fc\u015ft\u00fcrmeyi se\u00e7melisiniz?\n                    <\/h3>\n                    <div class=\"faq-answer\">\n                        <p>\u00c7evrimd\u0131\u015f\u0131 d\u00f6n\u00fc\u015ft\u00fcrme, resimlerinizin cihaz\u0131n\u0131zdan asla \u00e7\u0131kmamas\u0131, s\u0131n\u0131rs\u0131z dosya boyutlar\u0131n\u0131 y\u00fckleme k\u0131s\u0131tlamas\u0131 olmaks\u0131z\u0131n i\u015flemesi, internet ba\u011flant\u0131s\u0131 olmadan \u00e7al\u0131\u015fmas\u0131 ve toplu i\u015flemleri bant geni\u015fli\u011fi s\u0131n\u0131rlamas\u0131 olmadan daha h\u0131zl\u0131 i\u015flemesi nedeniyle tam bir gizlilik sa\u011flar.<\/p>\n                    <\/div>\n                <\/div>\n                <div class=\"faq-item\">\n                    <h3 class=\"faq-question\">\n                        <span class=\"faq-icon\"><i class=\"fas fa-question-circle\"><\/i><\/span>\n                        Binlerce WEBP dosyas\u0131n\u0131 ayn\u0131 anda toplu olarak d\u00f6n\u00fc\u015ft\u00fcrebilir miyim?\n                    <\/h3>\n                    <div class=\"faq-answer\">\n                        <p>Kesinlikle. Convertify, 10.000&#8217;den fazla WEBP dosyas\u0131n\u0131n devasa toplu d\u00f6n\u00fc\u015ft\u00fcrme i\u015flemlerini, \u00e7\u00f6kme veya bellek sorunlar\u0131 olmadan ayn\u0131 anda ger\u00e7ekle\u015ftirir. Toplu i\u015fleme i\u00e7in t\u00fcm klas\u00f6rleri s\u00fcr\u00fckleyip b\u0131rakman\u0131z yeterlidir.<\/p>\n                    <\/div>\n                <\/div>\n                <div class=\"faq-item\">\n                    <h3 class=\"faq-question\">\n                        <span class=\"faq-icon\"><i class=\"fas fa-question-circle\"><\/i><\/span>\n                        Hangi Windows s\u00fcr\u00fcmleri WEBP&#8217;den AVIF&#8217;ye d\u00f6n\u00fc\u015ft\u00fcrmeyi destekler?\n                    <\/h3>\n                    <div class=\"faq-answer\">\n                        <p>Convertify, Windows 7, 8, 10 ve 11 dahil t\u00fcm modern Windows s\u00fcr\u00fcmlerinde \u00e7al\u0131\u015f\u0131r. Yaz\u0131l\u0131m, Windows mimarisi i\u00e7in optimize edilmi\u015ftir ve y\u00fcksek d\u00f6n\u00fc\u015ft\u00fcrme h\u0131zlar\u0131 i\u00e7in \u00e7ok \u00e7ekirdekli i\u015flemcilerin avantajlar\u0131ndan yararlan\u0131r.<\/p>\n                    <\/div>\n                <\/div>\n            <\/div>\n        <\/section>\n\n\n        <!-- CTA Section -->\n        <section class=\"cta-section\">\n            <div class=\"cta-pattern\"><\/div>\n            <div class=\"cta-content\">\n                <h2 class=\"cta-title\">Dosyalar\u0131n\u0131z\u0131 D\u00f6n\u00fc\u015ft\u00fcrmeye Haz\u0131r m\u0131s\u0131n\u0131z?<\/h2>\n                <p class=\"cta-text\">\u015eimdi Convertify&#8217;\u0131 indirin ve WEBP&#8217;yi AVIF&#8217;e an\u0131nda d\u00f6n\u00fc\u015ft\u00fcrmeye ba\u015flay\u0131n. \u00dccretsiz, s\u0131n\u0131rs\u0131z ve tamamen \u00e7evrimd\u0131\u015f\u0131.<\/p>\n                <div class=\"hero-buttons\">\n                    <a href=\"\/download\" class=\"btn btn-primary\">Convertify&#8217;\u0131 \u00dccretsiz \u0130ndirin<\/a>\n                    <a href=\"\/pricing\" class=\"btn btn-secondary\">Fiyatland\u0131rmay\u0131 G\u00f6r\u00fcnt\u00fcle<\/a>\n                <\/div>\n            <\/div>\n        <\/section>\n    <\/div>\n<\/body>\n<\/html>\n\n\n\n<p><\/p>\n","protected":false},"excerpt":{"rendered":"<p>WEBP&#8217;den AVIF&#8217;ye D\u00f6n\u00fc\u015ft\u00fcr\u00fcc\u00fc: Windows i\u00e7in H\u0131zl\u0131, \u00dccretsiz ve \u00c7evrimd\u0131\u015f\u0131 WEBP&#8217;den AVIF&#8217;ye d\u00f6n\u00fc\u015ft\u00fcr\u00fcc\u00fc \u00dcst\u00fcn s\u0131k\u0131\u015ft\u0131rma verimlili\u011fi ve gelece\u011fe d\u00f6n\u00fck web uyumlulu\u011fu [&hellip;]<\/p>\n","protected":false},"author":1,"featured_media":0,"parent":0,"menu_order":0,"comment_status":"closed","ping_status":"closed","template":"","meta":{"pagelayer_contact_templates":[],"_pagelayer_content":"","_uag_custom_page_level_css":"","site-sidebar-layout":"default","site-content-layout":"","ast-site-content-layout":"","site-content-style":"default","site-sidebar-style":"default","ast-global-header-display":"","ast-banner-title-visibility":"","ast-main-header-display":"","ast-hfb-above-header-display":"","ast-hfb-below-header-display":"","ast-hfb-mobile-header-display":"","site-post-title":"disabled","ast-breadcrumbs-content":"","ast-featured-img":"","footer-sml-layout":"","theme-transparent-header-meta":"","adv-header-id-meta":"","stick-header-meta":"","header-above-stick-meta":"","header-main-stick-meta":"","header-below-stick-meta":"","astra-migrate-meta-layouts":"default","ast-page-background-enabled":"default","ast-page-background-meta":{"desktop":{"background-color":"var(--ast-global-color-5)","background-image":"","background-repeat":"repeat","background-position":"center center","background-size":"auto","background-attachment":"scroll","background-type":"","background-media":"","overlay-type":"","overlay-color":"","overlay-opacity":"","overlay-gradient":""},"tablet":{"background-color":"","background-image":"","background-repeat":"repeat","background-position":"center center","background-size":"auto","background-attachment":"scroll","background-type":"","background-media":"","overlay-type":"","overlay-color":"","overlay-opacity":"","overlay-gradient":""},"mobile":{"background-color":"","background-image":"","background-repeat":"repeat","background-position":"center center","background-size":"auto","background-attachment":"scroll","background-type":"","background-media":"","overlay-type":"","overlay-color":"","overlay-opacity":"","overlay-gradient":""}},"ast-content-background-meta":{"desktop":{"background-color":"var(--ast-global-color-4)","background-image":"","background-repeat":"repeat","background-position":"center center","background-size":"auto","background-attachment":"scroll","background-type":"","background-media":"","overlay-type":"","overlay-color":"","overlay-opacity":"","overlay-gradient":""},"tablet":{"background-color":"var(--ast-global-color-4)","background-image":"","background-repeat":"repeat","background-position":"center center","background-size":"auto","background-attachment":"scroll","background-type":"","background-media":"","overlay-type":"","overlay-color":"","overlay-opacity":"","overlay-gradient":""},"mobile":{"background-color":"var(--ast-global-color-4)","background-image":"","background-repeat":"repeat","background-position":"center center","background-size":"auto","background-attachment":"scroll","background-type":"","background-media":"","overlay-type":"","overlay-color":"","overlay-opacity":"","overlay-gradient":""}},"footnotes":""},"class_list":["post-740319","page","type-page","status-publish","hentry"],"uagb_featured_image_src":{"full":false,"thumbnail":false,"medium":false,"medium_large":false,"large":false,"1536x1536":false,"2048x2048":false,"woocommerce_thumbnail":false,"woocommerce_single":false,"woocommerce_gallery_thumbnail":false},"uagb_author_info":{"display_name":"convertify","author_link":"https:\/\/convertifypro.com\/author\/convertifypro\/"},"uagb_comment_info":0,"uagb_excerpt":"WEBP&#8217;den AVIF&#8217;ye D\u00f6n\u00fc\u015ft\u00fcr\u00fcc\u00fc: Windows i\u00e7in H\u0131zl\u0131, \u00dccretsiz ve \u00c7evrimd\u0131\u015f\u0131 WEBP&#8217;den AVIF&#8217;ye d\u00f6n\u00fc\u015ft\u00fcr\u00fcc\u00fc \u00dcst\u00fcn s\u0131k\u0131\u015ft\u0131rma verimlili\u011fi ve gelece\u011fe d\u00f6n\u00fck web uyumlulu\u011fu [&hellip;]","_links":{"self":[{"href":"https:\/\/convertifypro.com\/wp-json\/wp\/v2\/pages\/740319","targetHints":{"allow":["GET"]}}],"collection":[{"href":"https:\/\/convertifypro.com\/wp-json\/wp\/v2\/pages"}],"about":[{"href":"https:\/\/convertifypro.com\/wp-json\/wp\/v2\/types\/page"}],"author":[{"embeddable":true,"href":"https:\/\/convertifypro.com\/wp-json\/wp\/v2\/users\/1"}],"replies":[{"embeddable":true,"href":"https:\/\/convertifypro.com\/wp-json\/wp\/v2\/comments?post=740319"}],"version-history":[{"count":0,"href":"https:\/\/convertifypro.com\/wp-json\/wp\/v2\/pages\/740319\/revisions"}],"wp:attachment":[{"href":"https:\/\/convertifypro.com\/wp-json\/wp\/v2\/media?parent=740319"}],"curies":[{"name":"wp","href":"https:\/\/api.w.org\/{rel}","templated":true}]}}