{"id":740517,"date":"2026-01-21T22:37:34","date_gmt":"2026-01-21T22:37:34","guid":{"rendered":"https:\/\/convertifypro.com\/?page_id=740517"},"modified":"2026-01-21T22:37:34","modified_gmt":"2026-01-21T22:37:34","slug":"wav-to-aiff-converter","status":"publish","type":"page","link":"https:\/\/convertifypro.com\/tk\/aiff-owrujisine-wav\/","title":{"rendered":"AIFF \u00f6wr\u00fcjisine WAV"},"content":{"rendered":"<style class=\"wpcode-css-snippet\">.ast-custom-button {\r\n  display: none;\r\n}<\/style>\n\n\n\n<!DOCTYPE html>\n<html lang=\"en\">\n<head>\n    <meta charset=\"UTF-8\">\n    <meta name=\"viewport\" content=\"width=device-width, initial-scale=1.0\">\n    <meta name=\"description\" content=\"Convert WAV files to AIFF format with our powerful offline converter. Perfect for Mac compatibility, professional audio workflows, and enhanced metadata support.\">\n    <meta name=\"keywords\" content=\"WAV to AIFF converter, audio format converter, AIFF converter Windows, WAV AIFF conversion, offline audio converter, lossless audio conversion, Mac audio format, professional audio conversion\">\n    <title>AIFF \u00f6wr\u00fcjisine WAV: Windows \u00fc\u00e7in mugt, \u00e7alt we awtonom<\/title>\n    <link rel=\"stylesheet\" href=\"https:\/\/cdnjs.cloudflare.com\/ajax\/libs\/font-awesome\/6.4.0\/css\/all.min.css\">\n    \n    <style>\n        \/* Main Styles *\/\n        :root {\n            --primary-color: #FD9800;\n            --primary-hover: #e88a00;\n            --text-color: #3A3A3A;\n            --light-bg: #f8faff;\n            --gradient-bg: linear-gradient(135deg, #f8faff 0%, #fff5e6 100%);\n            --box-shadow: 0 10px 30px rgba(0, 0, 0, 0.05);\n            --hover-shadow: 0 15px 35px rgba(0, 0, 0, 0.1);\n            --border-color: #f1f5f9;\n        }\n\n        .converter-section {\n            max-width: 1200px;\n            margin: 0 auto;\n            padding: 2rem 1.5rem;\n            font-family: 'Inter', 'Segoe UI', system-ui, -apple-system, sans-serif;\n            color: var(--text-color);\n        }\n\n        \/* Hero Section *\/\n        .hero-section {\n            text-align: center;\n            padding: 3rem 1rem;\n            margin-bottom: 3rem;\n            background: var(--gradient-bg);\n            border-radius: 16px;\n            position: relative;\n            overflow: hidden;\n        }\n\n        .hero-pattern {\n            position: absolute;\n            top: 0;\n            left: 0;\n            right: 0;\n            bottom: 0;\n            background-image: url(\"data:image\/svg+xml,%3Csvg width='60' height='60' viewBox='0 0 60 60' xmlns='http:\/\/www.w3.org\/2000\/svg'%3E%3Cg fill='none' fill-rule='evenodd'%3E%3Cg fill='%23fd9800' fill-opacity='0.05'%3E%3Cpath d='M36 34v-4h-2v4h-4v2h4v4h2v-4h4v-2h-4zm0-30V0h-2v4h-4v2h4v4h2V6h4V4h-4zM6 34v-4H4v4H0v2h4v4h2v-4h4v-2H6zM6 4V0H4v4H0v2h4v4h2V6h4V4H6z'\/%3E%3C\/g%3E%3C\/g%3E%3C\/svg%3E\");\n            opacity: 0.5;\n            z-index: 0;\n        }\n\n        .hero-content {\n            position: relative;\n            z-index: 1;\n            max-width: 800px;\n            margin: 0 auto;\n        }\n\n        .hero-title {\n            font-size: 2.8rem;\n            font-weight: 800;\n            margin-bottom: 1.5rem;\n            color: var(--text-color);\n        }\n\n        .hero-subtitle {\n            font-size: 1.25rem;\n            margin-bottom: 2rem;\n            color: var(--text-color);\n            line-height: 1.6;\n        }\n\n        .hero-badges {\n            display: flex;\n            flex-wrap: wrap;\n            justify-content: center;\n            gap: 1rem;\n            margin-bottom: 2rem;\n        }\n\n        .hero-badge {\n            display: flex;\n            align-items: center;\n            background: white;\n            border-radius: 50px;\n            padding: 0.5rem 1rem;\n            box-shadow: var(--box-shadow);\n            transition: all 0.3s ease;\n            border: 1px solid var(--border-color);\n        }\n\n        .hero-badge:hover {\n            transform: translateY(-3px);\n            box-shadow: var(--hover-shadow);\n            border-color: rgba(253, 152, 0, 0.3);\n        }\n\n        .hero-badge-icon {\n            color: var(--primary-color);\n            margin-right: 0.5rem;\n            font-size: 1rem;\n        }\n\n        .hero-badge-text {\n            font-size: 0.9rem;\n            font-weight: 600;\n            color: var(--text-color);\n        }\n\n        .hero-buttons {\n            display: flex;\n            justify-content: center;\n            gap: 1rem;\n            flex-wrap: wrap;\n        }\n\n        .btn {\n            display: inline-block;\n            padding: 0.75rem 1.5rem;\n            border-radius: 8px;\n            font-weight: 600;\n            text-decoration: none !important;\n            transition: all 0.3s ease;\n            cursor: pointer;\n            font-size: 1rem;\n        }\n\n        .btn-primary {\n            background-color: var(--primary-color);\n            color: white !important;\n            box-shadow: 0 8px 16px rgba(253, 152, 0, 0.2);\n            border: none;\n        }\n\n        .btn-primary:hover {\n            background-color: var(--primary-hover);\n            transform: translateY(-2px);\n            text-decoration: none !important;\n        }\n\n        .btn-secondary {\n            background-color: white;\n            color: var(--primary-color) !important;\n            border: 1px solid var(--border-color);\n        }\n\n        .btn-secondary:hover {\n            background-color: #fff5e6;\n            transform: translateY(-2px);\n            text-decoration: none !important;\n        }\n\n        \/* Features Section *\/\n        .features-section {\n            margin-bottom: 4rem;\n        }\n\n        .section-title {\n            font-size: 2.2rem;\n            font-weight: 700;\n            text-align: center;\n            margin-bottom: 2.5rem;\n            color: var(--text-color);\n        }\n\n        .features-grid {\n            display: grid;\n            grid-template-columns: repeat(auto-fit, minmax(300px, 1fr));\n            gap: 2rem;\n        }\n\n        .feature-card {\n            background: white;\n            border-radius: 16px;\n            overflow: hidden;\n            box-shadow: var(--box-shadow);\n            transition: all 0.3s ease;\n            border: 1px solid var(--border-color);\n            height: 100%;\n            display: flex;\n            flex-direction: column;\n        }\n\n        .feature-card:hover {\n            transform: translateY(-5px);\n            box-shadow: var(--hover-shadow);\n            border-color: rgba(253, 152, 0, 0.3);\n        }\n\n        .feature-icon {\n            width: 60px;\n            height: 60px;\n            background-color: rgba(253, 152, 0, 0.15);\n            color: var(--primary-color);\n            border-radius: 12px;\n            display: flex;\n            align-items: center;\n            justify-content: center;\n            margin-bottom: 1.5rem;\n            font-size: 1.8rem;\n            transition: all 0.3s ease;\n        }\n\n        .feature-card:hover .feature-icon {\n            background: linear-gradient(135deg, #FD9800 0%, #FF6D00 100%);\n            color: white;\n            box-shadow: 0 10px 20px rgba(253, 152, 0, 0.2);\n        }\n\n        .feature-content {\n            padding: 2rem;\n            flex-grow: 1;\n        }\n\n        .feature-title {\n            font-size: 1.4rem;\n            font-weight: 700;\n            margin-bottom: 1rem;\n            color: var(--text-color);\n        }\n\n        .feature-text {\n            font-size: 1rem;\n            color: #555;\n            line-height: 1.6;\n            margin-bottom: 1.5rem;\n        }\n\n        .feature-list {\n            list-style: none;\n            padding: 0;\n            margin: 0;\n        }\n\n        .feature-item {\n            display: flex;\n            align-items: flex-start;\n            margin-bottom: 0.75rem;\n            line-height: 1.5;\n        }\n\n        .feature-check {\n            color: var(--primary-color);\n            margin-right: 0.75rem;\n            flex-shrink: 0;\n            margin-top: 0.2rem;\n        }\n\n        .feature-item-text {\n            font-size: 0.95rem;\n            color: var(--text-color);\n        }\n\n        \/* Why Convert Section *\/\n        .why-convert-section {\n            margin-bottom: 4rem;\n            background: var(--light-bg);\n            border-radius: 16px;\n            padding: 3rem 2rem;\n        }\n\n        .comparison-grid {\n            display: grid;\n            grid-template-columns: repeat(auto-fit, minmax(300px, 1fr));\n            gap: 2rem;\n            margin-top: 2rem;\n        }\n\n        .format-card {\n            background: white;\n            border-radius: 16px;\n            padding: 1.5rem;\n            box-shadow: var(--box-shadow);\n            transition: all 0.3s ease;\n            border: 1px solid var(--border-color);\n        }\n\n        .format-card:hover {\n            transform: translateY(-5px);\n            box-shadow: var(--hover-shadow);\n            border-color: rgba(253, 152, 0, 0.3);\n        }\n\n        .format-title {\n            font-size: 1.6rem;\n            font-weight: 700;\n            margin-bottom: 1.25rem;\n            color: var(--text-color);\n            display: flex;\n            align-items: center;\n        }\n\n        .format-icon {\n            color: var(--primary-color);\n            margin-right: 0.75rem;\n            font-size: 1.6rem;\n        }\n\n        .format-list {\n            list-style: none;\n            padding: 0;\n            margin: 0;\n        }\n\n        .format-item {\n            display: flex;\n            align-items: flex-start;\n            margin-bottom: 0.85rem;\n        }\n\n        .format-check {\n            color: var(--primary-color);\n            margin-right: 0.75rem;\n            flex-shrink: 0;\n            margin-top: 0.2rem;\n        }\n\n        .format-text {\n            font-size: 0.95rem;\n            color: #555;\n            line-height: 1.5;\n        }\n\n        \/* How It Works Section *\/\n        .how-it-works-section {\n            margin-bottom: 4rem;\n        }\n\n        .steps-container {\n            max-width: 900px;\n            margin: 0 auto;\n        }\n\n        .step-card {\n            display: flex;\n            align-items: flex-start;\n            background: white;\n            border-radius: 16px;\n            padding: 2rem;\n            box-shadow: var(--box-shadow);\n            margin-bottom: 2rem;\n            border: 1px solid var(--border-color);\n            transition: all 0.3s ease;\n        }\n\n        .step-card:hover {\n            transform: translateY(-5px);\n            box-shadow: var(--hover-shadow);\n            border-color: rgba(253, 152, 0, 0.3);\n        }\n\n        .step-number {\n            width: 50px;\n            height: 50px;\n            background-color: rgba(253, 152, 0, 0.15);\n            color: var(--primary-color);\n            border-radius: 50%;\n            display: flex;\n            align-items: center;\n            justify-content: center;\n            font-size: 1.5rem;\n            font-weight: 700;\n            margin-right: 1.5rem;\n            flex-shrink: 0;\n            transition: all 0.3s ease;\n        }\n\n        .step-card:hover .step-number {\n            background: linear-gradient(135deg, #FD9800 0%, #FF6D00 100%);\n            color: white;\n            box-shadow: 0 10px 20px rgba(253, 152, 0, 0.2);\n        }\n\n        .step-content {\n            flex: 1;\n        }\n\n        .step-title {\n            font-size: 1.4rem;\n            font-weight: 700;\n            margin-bottom: 0.75rem;\n            color: var(--text-color);\n        }\n\n        .step-text {\n            font-size: 1rem;\n            color: #555;\n            line-height: 1.6;\n        }\n\n        \/* Use Cases Section *\/\n        .use-cases-section {\n            margin-bottom: 4rem;\n            background: var(--light-bg);\n            border-radius: 16px;\n            padding: 3rem 2rem;\n        }\n\n        .use-cases-grid {\n            display: grid;\n            grid-template-columns: repeat(auto-fit, minmax(300px, 1fr));\n            gap: 2rem;\n            margin-top: 2rem;\n        }\n\n        .use-case-card {\n            background: white;\n            border-radius: 16px;\n            padding: 1.5rem;\n            box-shadow: var(--box-shadow);\n            transition: all 0.3s ease;\n            border: 1px solid var(--border-color);\n            height: 100%;\n        }\n\n        .use-case-card:hover {\n            transform: translateY(-5px);\n            box-shadow: var(--hover-shadow);\n            border-color: rgba(253, 152, 0, 0.3);\n        }\n\n        .use-case-icon {\n            color: var(--primary-color);\n            font-size: 2rem;\n            margin-bottom: 1rem;\n        }\n\n        .use-case-title {\n            font-size: 1.3rem;\n            font-weight: 700;\n            margin-bottom: 1rem;\n            color: var(--text-color);\n        }\n\n        .use-case-text {\n            font-size: 0.95rem;\n            color: #555;\n            line-height: 1.6;\n        }\n\n        \/* FAQ Section *\/\n        .faq-section {\n            margin-bottom: 4rem;\n        }\n\n        .faq-container {\n            max-width: 900px;\n            margin: 0 auto;\n        }\n\n        .faq-item {\n            background: white;\n            border-radius: 16px;\n            padding: 1.5rem 2rem;\n            box-shadow: var(--box-shadow);\n            margin-bottom: 1.5rem;\n            border: 1px solid var(--border-color);\n            transition: all 0.3s ease;\n        }\n\n        .faq-item:hover {\n            transform: translateY(-3px);\n            box-shadow: var(--hover-shadow);\n            border-color: rgba(253, 152, 0, 0.3);\n        }\n\n        .faq-question {\n            font-size: 1.2rem;\n            font-weight: 700;\n            margin-bottom: 1rem;\n            color: var(--text-color);\n            display: flex;\n            align-items: center;\n        }\n\n        .faq-icon {\n            color: var(--primary-color);\n            margin-right: 0.75rem;\n            font-size: 1.2rem;\n        }\n\n        .faq-answer {\n            font-size: 1rem;\n            color: #555;\n            line-height: 1.6;\n        }\n\n        \/* Technical Details Section *\/\n        .technical-details-section {\n            margin-bottom: 4rem;\n        }\n\n        .technical-details-grid {\n            display: grid;\n            grid-template-columns: repeat(auto-fit, minmax(300px, 1fr));\n            gap: 2rem;\n        }\n\n        .tech-detail-card {\n            background: white;\n            border-radius: 16px;\n            padding: 1.5rem;\n            box-shadow: var(--box-shadow);\n            transition: all 0.3s ease;\n            border: 1px solid var(--border-color);\n        }\n\n        .tech-detail-card:hover {\n            transform: translateY(-5px);\n            box-shadow: var(--hover-shadow);\n            border-color: rgba(253, 152, 0, 0.3);\n        }\n\n        .tech-detail-title {\n            font-size: 1.3rem;\n            font-weight: 700;\n            margin-bottom: 1rem;\n            color: var(--text-color);\n            display: flex;\n            align-items: center;\n        }\n\n        .tech-detail-icon {\n            color: var(--primary-color);\n            margin-right: 0.75rem;\n            font-size: 1.3rem;\n        }\n\n        .tech-detail-text {\n            font-size: 0.95rem;\n            color: #555;\n            line-height: 1.6;\n        }\n\n        \/* Security Section *\/\n        .security-section {\n            margin-bottom: 4rem;\n            background: var(--light-bg);\n            border-radius: 16px;\n            padding: 3rem 2rem;\n        }\n\n        .security-features {\n            display: grid;\n            grid-template-columns: repeat(auto-fit, minmax(300px, 1fr));\n            gap: 2rem;\n            margin-top: 2rem;\n        }\n\n        .security-card {\n            background: white;\n            border-radius: 16px;\n            padding: 1.5rem;\n            box-shadow: var(--box-shadow);\n            transition: all 0.3s ease;\n            border: 1px solid var(--border-color);\n        }\n\n        .security-card:hover {\n            transform: translateY(-5px);\n            box-shadow: var(--hover-shadow);\n            border-color: rgba(253, 152, 0, 0.3);\n        }\n\n        .security-title {\n            font-size: 1.3rem;\n            font-weight: 700;\n            margin-bottom: 1rem;\n            color: var(--text-color);\n            display: flex;\n            align-items: center;\n        }\n\n        .security-icon {\n            color: var(--primary-color);\n            margin-right: 0.75rem;\n            font-size: 1.3rem;\n        }\n\n        .security-text {\n            font-size: 0.95rem;\n            color: #555;\n            line-height: 1.6;\n        }\n\n        \/* CTA Section *\/\n        .cta-section {\n            text-align: center;\n            padding: 3rem 1rem;\n            background: var(--gradient-bg);\n            border-radius: 16px;\n            position: relative;\n            overflow: hidden;\n            margin-bottom: 2rem;\n        }\n\n        .cta-pattern {\n            position: absolute;\n            top: 0;\n            left: 0;\n            right: 0;\n            bottom: 0;\n            background-image: url(\"data:image\/svg+xml,%3Csvg width='60' height='60' viewBox='0 0 60 60' xmlns='http:\/\/www.w3.org\/2000\/svg'%3E%3Cg fill='none' fill-rule='evenodd'%3E%3Cg fill='%23fd9800' fill-opacity='0.05'%3E%3Cpath d='M36 34v-4h-2v4h-4v2h4v4h2v-4h4v-2h-4zm0-30V0h-2v4h-4v2h4v4h2V6h4V4h-4zM6 34v-4H4v4H0v2h4v4h2v-4h4v-2H6zM6 4V0H4v4H0v2h4v4h2V6h4V4H6z'\/%3E%3C\/g%3E%3C\/g%3E%3C\/svg%3E\");\n            opacity: 0.5;\n            z-index: 0;\n        }\n\n        .cta-content {\n            position: relative;\n            z-index: 1;\n            max-width: 800px;\n            margin: 0 auto;\n        }\n\n        .cta-title {\n            font-size: 2.2rem;\n            font-weight: 700;\n            margin-bottom: 1.5rem;\n            color: var(--text-color);\n        }\n\n        .cta-text {\n            font-size: 1.1rem;\n            margin-bottom: 2rem;\n            color: #555;\n            line-height: 1.6;\n        }\n\n        \/* Guide-specific Styles *\/\n        .guide-content {\n            background: white;\n            border-radius: 16px;\n            padding: 2rem;\n            margin-bottom: 2rem;\n            box-shadow: var(--box-shadow);\n            border: 1px solid var(--border-color);\n        }\n\n        .guide-section-title {\n            font-size: 1.6rem;\n            font-weight: 700;\n            color: var(--text-color);\n            margin-bottom: 1rem;\n        }\n\n        .guide-text {\n            font-size: 1rem;\n            color: #555;\n            line-height: 1.8;\n            margin-bottom: 1rem;\n        }\n\n        .guide-list {\n            list-style: none;\n            padding: 0;\n            margin: 1rem 0;\n        }\n\n        .guide-list-item {\n            display: flex;\n            align-items: flex-start;\n            margin-bottom: 0.75rem;\n            padding-left: 1.5rem;\n            position: relative;\n        }\n\n        .guide-list-item::before {\n            content: \"\u2022\";\n            color: var(--primary-color);\n            font-weight: bold;\n            position: absolute;\n            left: 0;\n        }\n\n        \/* Responsive Styles *\/\n        @media (max-width: 768px) {\n            .hero-title {\n                font-size: 2.2rem;\n            }\n\n            .section-title {\n                font-size: 1.8rem;\n            }\n\n            .cta-title {\n                font-size: 1.8rem;\n            }\n\n            .features-grid {\n                grid-template-columns: 1fr;\n                max-width: 500px;\n                margin: 0 auto;\n            }\n\n            .step-card {\n                flex-direction: column;\n                align-items: flex-start;\n            }\n\n            .step-number {\n                margin-bottom: 1rem;\n                margin-right: 0;\n            }\n        }\n\n        @media (max-width: 480px) {\n            .hero-title {\n                font-size: 1.8rem;\n            }\n\n            .hero-subtitle {\n                font-size: 1.1rem;\n            }\n\n            .section-title {\n                font-size: 1.6rem;\n            }\n\n            .feature-content {\n                padding: 1.5rem;\n            }\n\n            .step-card {\n                padding: 1.5rem;\n            }\n\n            .faq-item {\n                padding: 1.25rem;\n            }\n        }\n\n        \/* Button text should never be underlined *\/\n        .btn:hover, .btn:focus, .btn:active {\n            text-decoration: none !important;\n        }\n    <\/style>\n<\/head>\n<body>\n    <div class=\"converter-section\">\n        <!-- Hero Section -->\n        <section class=\"hero-section\">\n            <div class=\"hero-pattern\"><\/div>\n            <div class=\"hero-content\">\n                <h1 class=\"hero-title\">AIFF \u00f6wr\u00fcjisine WAV<\/h1>\n                <p class=\"hero-subtitle\">WAV ses fa\u00fdllaryny doly ses hilini we meta-maglumatyny gorap saklamak bilen AIFF formatyna \u00f6w\u00fcri\u0148. \u201cMac\u201d sazla\u015fyklylygy, professional ses akymlary we platforma ses taslamalary \u00fc\u00e7in aja\u00fdyp.<\/p>\n\n                <div class=\"hero-badges\">\n                    <div class=\"hero-badge\">\n                        <span class=\"hero-badge-icon\"><i class=\"fas fa-desktop\"><\/i><\/span>\n                        <span class=\"hero-badge-text\">100% awtonom<\/span>\n                    <\/div>\n                    <div class=\"hero-badge\">\n                        <span class=\"hero-badge-icon\"><i class=\"fas fa-infinity\"><\/i><\/span>\n                        <span class=\"hero-badge-text\">\u00c7\u00e4klendirilmedik \u00f6wr\u00fcli\u015fikler<\/span>\n                    <\/div>\n                    <div class=\"hero-badge\">\n                        <span class=\"hero-badge-icon\"><i class=\"fas fa-shield-alt\"><\/i><\/span>\n                        <span class=\"hero-badge-text\">Hususy we ygtybarly<\/span>\n                    <\/div>\n                    <div class=\"hero-badge\">\n                        <span class=\"hero-badge-icon\"><i class=\"fas fa-bolt\"><\/i><\/span>\n                        <span class=\"hero-badge-text\">Ningyldyrym \u00e7alt<\/span>\n                    <\/div>\n                <\/div>\n\n                <div class=\"hero-buttons\">\n                    <a href=\"\/download\" class=\"btn btn-primary\">Mugt g\u00f6\u00e7\u00fcrip aly\u0148<\/a>\n                    <a href=\"#how-it-works\" class=\"btn btn-secondary\">Has gi\u0148i\u015fle\u00fdin \u00f6wreni\u0148<\/a>\n                <\/div>\n            <\/div>\n        <\/section>\n\n\n        <!-- Features Section -->\n        <section class=\"features-section\">\n            <h2 class=\"section-title\">N\u00e4me \u00fc\u00e7in WAV \u00fc\u00e7in AIFF \u00f6wr\u00fcli\u015figine \u00f6wr\u00fclmegi sa\u00fdla\u0148?<\/h2>\n\n            <div class=\"features-grid\">\n                <div class=\"feature-card\">\n                    <div class=\"feature-content\">\n                        <div class=\"feature-icon\">\n                            <i class=\"fas fa-music\"><\/i>\n                        <\/div>\n                        <h3 class=\"feature-title\">Ossitirilmedik ses \u00f6wr\u00fcli\u015figi<\/h3>\n                        <p class=\"feature-text\">Aja\u00fdyp ses wepalylygy bilen WAV-ni AIFF-e \u00f6w\u00fcri\u0148. Iki formatda-da gysylmadyk PCM kodlamagy ulanyl\u00fdar, sesi\u0148izi\u0148 asyl hilini, dinamiki diapazonyny we \u00fdygylyk seslenmesini hi\u00e7 bir nesil \u00fditirmezden \u00fcpj\u00fcn ed\u00fd\u00e4r.<\/p>\n                        <ul class=\"feature-list\">\n                            <li class=\"feature-item\">\n                                <span class=\"feature-check\"><i class=\"fas fa-check-circle\"><\/i><\/span>\n                                <span class=\"feature-item-text\">Asyl bit \u00e7u\u0148lugyny we nusga derejesini sakla\u00fdar<\/span>\n                            <\/li>\n                            <li class=\"feature-item\">\n                                <span class=\"feature-check\"><i class=\"fas fa-check-circle\"><\/i><\/span>\n                                <span class=\"feature-item-text\">Doly dinamiki diapazony sakla\u00fdar<\/span>\n                            <\/li>\n                            <li class=\"feature-item\">\n                                <span class=\"feature-check\"><i class=\"fas fa-check-circle\"><\/i><\/span>\n                                <span class=\"feature-item-text\">\u00d6w\u00fcrmek wagtynda hili\u0148 peselmegi \u00fdok<\/span>\n                            <\/li>\n                        <\/ul>\n                    <\/div>\n                <\/div>\n                <div class=\"feature-card\">\n                    <div class=\"feature-content\">\n                        <div class=\"feature-icon\">\n                            <i class=\"fas fa-apple-alt\"><\/i>\n                        <\/div>\n                        <h3 class=\"feature-title\">Gi\u0148eldilen Mac la\u00fdyklygy<\/h3>\n                        <p class=\"feature-text\">AIFF formaty, \u201cApple\u201d -i\u0148 ekosistemasy we professional ses programmalary bilen has \u00fdokary integrasi\u00fdany \u00fcpj\u00fcn ed\u00fd\u00e4r. WAV fa\u00fdllary\u0148yzy Logic Pro, GarageBand we be\u00fdleki Mac \u00fderli ses programma \u00fcpj\u00fcn\u00e7iligi bilen yzygiderli utga\u015fdyrmak \u00fc\u00e7in AIFF-e \u00f6w\u00fcri\u0148.<\/p>\n                        <ul class=\"feature-list\">\n                            <li class=\"feature-item\">\n                                <span class=\"feature-check\"><i class=\"fas fa-check-circle\"><\/i><\/span>\n                                <span class=\"feature-item-text\">MacOS we iOS-da \u00fderli goldaw<\/span>\n                            <\/li>\n                            <li class=\"feature-item\">\n                                <span class=\"feature-check\"><i class=\"fas fa-check-circle\"><\/i><\/span>\n                                <span class=\"feature-item-text\">\u201cApple\u201d ses programmalary \u00fc\u00e7in amatly<\/span>\n                            <\/li>\n                            <li class=\"feature-item\">\n                                <span class=\"feature-check\"><i class=\"fas fa-check-circle\"><\/i><\/span>\n                                <span class=\"feature-item-text\">Mac ulgamlarynda has gowy \u00e7e\u015fme wilkasy<\/span>\n                            <\/li>\n                        <\/ul>\n                    <\/div>\n                <\/div>\n                <div class=\"feature-card\">\n                    <div class=\"feature-content\">\n                        <div class=\"feature-icon\">\n                            <i class=\"fas fa-tags\"><\/i>\n                        <\/div>\n                        <h3 class=\"feature-title\">I\u0148 \u00fdokary metadata goldawy<\/h3>\n                        <p class=\"feature-text\">AIFF formaty WAV fa\u00fdllary bilen de\u0148e\u015fdirilende has ygtybarly metadata m\u00fcmkin\u00e7iliklerini h\u00f6d\u00fcrle\u00fd\u00e4r. Jikme-jik yzarla\u00fdy\u015f maglumatlary, awtorlyk hukugy maglumatlary we \u00fd\u00f6rite bellikler \u00fdaly ses fa\u00fdl maglumatlary\u0148yzy gorap saklamak we \u00f6sd\u00fcrmek \u00fc\u00e7in \u00f6w\u00fcri\u0148.<\/p>\n                        <ul class=\"feature-list\">\n                            <li class=\"feature-item\">\n                                <span class=\"feature-check\"><i class=\"fas fa-check-circle\"><\/i><\/span>\n                                <span class=\"feature-item-text\">Gi\u0148i\u015fle\u00fdin ID3 belligi goldawy<\/span>\n                            <\/li>\n                            <li class=\"feature-item\">\n                                <span class=\"feature-check\"><i class=\"fas fa-check-circle\"><\/i><\/span>\n                                <span class=\"feature-item-text\">Metadata me\u00fddanlary<\/span>\n                            <\/li>\n                            <li class=\"feature-item\">\n                                <span class=\"feature-check\"><i class=\"fas fa-check-circle\"><\/i><\/span>\n                                <span class=\"feature-item-text\">Professional ses d\u00fc\u015f\u00fcndiri\u015f m\u00fcmkin\u00e7ilikleri<\/span>\n                            <\/li>\n                        <\/ul>\n                    <\/div>\n                <\/div>\n                <div class=\"feature-card\">\n                    <div class=\"feature-content\">\n                        <div class=\"feature-icon\">\n                            <i class=\"fas fa-compress-arrows-alt\"><\/i>\n                        <\/div>\n                        <h3 class=\"feature-title\">\u00c7e\u00fde gysy\u015f opsi\u00fdalary<\/h3>\n                        <p class=\"feature-text\">Lossitgisiz hilini saklamak bilen, AIFF AIFF-C formatyny go\u015fmak bilen d\u00fcrli gysy\u015f shemalaryny golda\u00fdar. WAV fa\u00fdllaryny ses hilini pida etmezden fa\u00fdl \u00f6l\u00e7egini azald\u00fdan akylly gysy\u015fdan pe\u00fddalanmak \u00fc\u00e7in \u00f6w\u00fcri\u0148.<\/p>\n                        <ul class=\"feature-list\">\n                            <li class=\"feature-item\">\n                                <span class=\"feature-check\"><i class=\"fas fa-check-circle\"><\/i><\/span>\n                                <span class=\"feature-item-text\">AIFF-C gysylan format goldawy<\/span>\n                            <\/li>\n                            <li class=\"feature-item\">\n                                <span class=\"feature-check\"><i class=\"fas fa-check-circle\"><\/i><\/span>\n                                <span class=\"feature-item-text\">Akylly ses gysy\u015fy<\/span>\n                            <\/li>\n                            <li class=\"feature-item\">\n                                <span class=\"feature-check\"><i class=\"fas fa-check-circle\"><\/i><\/span>\n                                <span class=\"feature-item-text\">Saklamak talaplaryny\u0148 azalmagy<\/span>\n                            <\/li>\n                        <\/ul>\n                    <\/div>\n                <\/div>\n                <div class=\"feature-card\">\n                    <div class=\"feature-content\">\n                        <div class=\"feature-icon\">\n                            <i class=\"fas fa-exchange-alt\"><\/i>\n                        <\/div>\n                        <h3 class=\"feature-title\">Platforma ses aly\u015f-\u00e7al\u015fygy<\/h3>\n                        <p class=\"feature-text\">AIFF formaty, d\u00fcrli platformalar we amaly programmalar arasynda pa\u00fdla\u015fyl\u00fdan professional ses gur\u015fawynda has \u00fdokarydyr. D\u00fcrli ses \u00f6n\u00fcm\u00e7ilik i\u015flerini\u0148 arasynda sazla\u015fyklylygy gowulandyrmak \u00fc\u00e7in WAV-ni AIFF-e \u00f6w\u00fcri\u0148.<\/p>\n                        <ul class=\"feature-list\">\n                            <li class=\"feature-item\">\n                                <span class=\"feature-check\"><i class=\"fas fa-check-circle\"><\/i><\/span>\n                                <span class=\"feature-item-text\">Professional studi\u00fdany\u0148 standart formaty<\/span>\n                            <\/li>\n                            <li class=\"feature-item\">\n                                <span class=\"feature-check\"><i class=\"fas fa-check-circle\"><\/i><\/span>\n                                <span class=\"feature-item-text\">Platforma la\u00fdyklygy g\u00fc\u00fd\u00e7lendirildi<\/span>\n                            <\/li>\n                            <li class=\"feature-item\">\n                                <span class=\"feature-check\"><i class=\"fas fa-check-circle\"><\/i><\/span>\n                                <span class=\"feature-item-text\">Ses \u00f6n\u00fcm\u00e7ilik turbalary \u00fc\u00e7in amatly<\/span>\n                            <\/li>\n                        <\/ul>\n                    <\/div>\n                <\/div>\n                <div class=\"feature-card\">\n                    <div class=\"feature-content\">\n                        <div class=\"feature-icon\">\n                            <i class=\"fas fa-shield-alt\"><\/i>\n                        <\/div>\n                        <h3 class=\"feature-title\">Ses b\u00fctewiligini goramak<\/h3>\n                        <p class=\"feature-text\">AIFF formaty, ses maglumatlary\u0148yzy korrupsi\u00fdadan goramaga k\u00f6mek ed\u00fd\u00e4n i\u00e7erki \u00fdal\u0148y\u015flary \u00fd\u00fcze \u00e7ykarmak we d\u00fczedi\u015f m\u00fcmkin\u00e7iliklerini \u00f6z i\u00e7ine al\u00fdar. Professional \u015fertlerde go\u015fma\u00e7a maglumat bitewiligi \u00fc\u00e7in m\u00f6h\u00fcm WAV fa\u00fdllaryny AIFF-e \u00f6w\u00fcri\u0148.<\/p>\n                        <ul class=\"feature-list\">\n                            <li class=\"feature-item\">\n                                <span class=\"feature-check\"><i class=\"fas fa-check-circle\"><\/i><\/span>\n                                <span class=\"feature-item-text\">Gurlan \u00fdal\u0148y\u015flygy kesgitlemek mehanizmleri<\/span>\n                            <\/li>\n                            <li class=\"feature-item\">\n                                <span class=\"feature-check\"><i class=\"fas fa-check-circle\"><\/i><\/span>\n                                <span class=\"feature-item-text\">Maglumat korrupsi\u00fdasyny goramak<\/span>\n                            <\/li>\n                            <li class=\"feature-item\">\n                                <span class=\"feature-check\"><i class=\"fas fa-check-circle\"><\/i><\/span>\n                                <span class=\"feature-item-text\">Professional derejeli ses goragy<\/span>\n                            <\/li>\n                        <\/ul>\n                    <\/div>\n                <\/div>\n            <\/div>\n        <\/section>\n\n\n        <!-- Why Convert Section -->\n        <section class=\"why-convert-section\">\n            <h2 class=\"section-title\">N\u00e4me \u00fc\u00e7in WAV-ni AIFF-e \u00f6w\u00fcrmeli?<\/h2>\n\n            <div class=\"comparison-grid\">\n                <div class=\"format-card\">\n                    <h3 class=\"format-title\">\n                        <span class=\"format-icon\"><i class=\"fas fa-file-video\"><\/i><\/span>\n                        WAV formaty\n                    <\/h3>\n                    <ul class=\"format-list\">\n                        <li class=\"format-item\">\n                            <span class=\"format-check\"><i class=\"fas fa-check-circle\"><\/i><\/span>\n                            <span class=\"format-text\">Platformhli platformalarda we ses programma \u00fcpj\u00fcn\u00e7iliginde \u00e4hliumumy utga\u015fyklyk<\/span>\n                        <\/li>\n                        <li class=\"format-item\">\n                            <span class=\"format-check\"><i class=\"fas fa-check-circle\"><\/i><\/span>\n                            <span class=\"format-text\">Has \u00fd\u00f6neke\u00fd s\u00f6zba\u015fy gurlu\u015fy seb\u00e4pli ki\u00e7i fa\u00fdl ululyklary<\/span>\n                        <\/li>\n                        <li class=\"format-item\">\n                            <span class=\"format-check\"><i class=\"fas fa-times-circle\"><\/i><\/span>\n                            <span class=\"format-text\">H\u00e4zirki zaman ses formatlary bilen de\u0148e\u015fdirilende \u00e7\u00e4kli metadata goldawy<\/span>\n                        <\/li>\n                        <li class=\"format-item\">\n                            <span class=\"format-check\"><i class=\"fas fa-times-circle\"><\/i><\/span>\n                            <span class=\"format-text\">\u00d6sen \u00fdal\u0148y\u015flary d\u00fczetmek we maglumatlary\u0148 bitewiligi a\u00fdratynlyklary \u00fdok<\/span>\n                        <\/li>\n                        <li class=\"format-item\">\n                            <span class=\"format-check\"><i class=\"fas fa-times-circle\"><\/i><\/span>\n                            <span class=\"format-text\">\u201cApple\u201d -i\u0148 ses ekosistemasy we amaly programmalary bilen has amatly integrasi\u00fda<\/span>\n                        <\/li>\n                    <\/ul>\n                <\/div>\n\n                <div class=\"format-card\">\n                    <h3 class=\"format-title\">\n                        <span class=\"format-icon\"><i class=\"fas fa-file-video\"><\/i><\/span>\n                        AIFF formaty\n                    <\/h3>\n                    <ul class=\"format-list\">\n                        <li class=\"format-item\">\n                            <span class=\"format-check\"><i class=\"fas fa-check-circle\"><\/i><\/span>\n                            <span class=\"format-text\">MacOS, iOS we Apple ses programmalary bilen \u00fderli integrasi\u00fda<\/span>\n                        <\/li>\n                        <li class=\"format-item\">\n                            <span class=\"format-check\"><i class=\"fas fa-check-circle\"><\/i><\/span>\n                            <span class=\"format-text\">Gi\u0148i\u015fle\u00fdin bellikleme m\u00fcmkin\u00e7ilikleri bilen \u00fdokary metadata goldawy<\/span>\n                        <\/li>\n                        <li class=\"format-item\">\n                            <span class=\"format-check\"><i class=\"fas fa-check-circle\"><\/i><\/span>\n                            <span class=\"format-text\">Gurlan \u00fdal\u0148y\u015flygy \u00fd\u00fcze \u00e7ykarmak we maglumatlary\u0148 bitewiligini goramak mehanizmleri<\/span>\n                        <\/li>\n                        <li class=\"format-item\">\n                            <span class=\"format-check\"><i class=\"fas fa-check-circle\"><\/i><\/span>\n                            <span class=\"format-text\">Fa\u00fdl ululyklaryny azaltmak \u00fc\u00e7in gysylan AIFF-C formaty \u00fc\u00e7in goldaw<\/span>\n                        <\/li>\n                        <li class=\"format-item\">\n                            <span class=\"format-check\"><i class=\"fas fa-check-circle\"><\/i><\/span>\n                            <span class=\"format-text\">Gi\u0148eldilen d\u00fc\u015f\u00fcndiri\u015f a\u00fdratynlyklary bilen professional ses senagaty standarty<\/span>\n                        <\/li>\n                    <\/ul>\n                <\/div>\n            <\/div>\n        <\/section>\n\n\n        <!-- Technical Details Section -->\n        <section class=\"technical-details-section\">\n            <h2 class=\"section-title\">Tehniki maglumatlar<\/h2>\n\n            <div class=\"technical-details-grid\">\n                <div class=\"tech-detail-card\">\n                    <h3 class=\"tech-detail-title\">\n                        <span class=\"tech-detail-icon\"><i class=\"fas fa-code\"><\/i><\/span>\n                        Ses formatyny\u0148 a\u00fdratynlyklary\n                    <\/h3>\n                    <p class=\"tech-detail-text\">WAV we AIFF ikisi hem d\u00fcrli bit \u00e7u\u0148lugyny (8, 16, 24, 32 bit) we 192kHz \u00e7enli nusga nyrhlaryny golda\u00fdan gysylmadyk PCM ses kodlamasyny ulan\u00fdarlar. AIFF formaty, WAV-i\u0148 ki\u00e7i endian formaty bilen de\u0148e\u015fdirilende uly endian ba\u00fdt sargytlaryny ulan\u00fdar we ADPCM we be\u00fdleki \u00fditgisiz gysy\u015f algoritmlerini go\u015fmak bilen AIFF-C warianty arkaly go\u015fma\u00e7a gysy\u015f shemalaryny golda\u00fdar.<\/p>\n                <\/div>\n                <div class=\"tech-detail-card\">\n                    <h3 class=\"tech-detail-title\">\n                        <span class=\"tech-detail-icon\"><i class=\"fas fa-database\"><\/i><\/span>\n                        Metadata we b\u00f6lek gurlu\u015fy\n                    <\/h3>\n                    <p class=\"tech-detail-text\">AIFF formaty, WAV-den has \u00e7e\u00fde b\u00f6lek esasly EA IFF 85 (Elektron sungat aly\u015f-\u00e7aly\u015f fa\u00fdl formaty) spesifikasi\u00fdasyny ulan\u00fdar. Bu, gi\u0148i\u015fle\u00fdin ses fa\u00fdl resminamalary \u00fc\u00e7in NAME, AUTH, ANNO we COMT b\u00f6l\u00fcmlerini \u00f6z i\u00e7ine al\u00fdan gi\u0148i\u015fle\u00fdin meta-maglumaty saklamaga m\u00fcmkin\u00e7ilik ber\u00fd\u00e4r, bu bolsa professional ses arhiwi we katalog programmalary \u00fc\u00e7in has \u00fdokary bol\u00fdar.<\/p>\n                <\/div>\n                <div class=\"tech-detail-card\">\n                    <h3 class=\"tech-detail-title\">\n                        <span class=\"tech-detail-icon\"><i class=\"fas fa-microchip\"><\/i><\/span>\n                        Platformany optimizasi\u00fda\n                    <\/h3>\n                    <p class=\"tech-detail-text\">AIFF formaty, \u201cApple\u201d -i\u0148 \u201cCore Audio\u201d \u00e7ar\u00e7uwasy \u00fc\u00e7in \u00fd\u00f6rite optimalla\u015fdyryl\u00fdar we macOS ses ga\u00fdtadan i\u015flemek m\u00fcmkin\u00e7iliklerinden pe\u00fddalan\u00fdar. Formaty\u0148 uly endian ba\u00fdt tertibi PowerPC arhitektura mirasyna gabat gel\u00fd\u00e4r we Apple kremnisinde has netijeli i\u015flemegi \u00fcpj\u00fcn ed\u00fd\u00e4r. AIFF go\u015fma\u00e7a fa\u00fdl meta-maglumatyny we \u00fd\u00f6rite programma maglumatlaryny saklamak \u00fc\u00e7in macOS-daky \u00e7e\u015fme \u00e7atryklaryny hem golda\u00fdar.<\/p>\n                <\/div>\n            <\/div>\n        <\/section>\n\n\n        <!-- How It Works Section -->\n        <section id=\"how-it-works\" class=\"how-it-works-section\">\n            <h2 class=\"section-title\">WAV-ni AIFF-e n\u00e4dip \u00f6w\u00fcrmeli<\/h2>\n\n            <div class=\"steps-container\">\n                <div class=\"step-card\">\n                    <div class=\"step-number\">1<\/div>\n                    <div class=\"step-content\">\n                        <h3 class=\"step-title\">G\u00f6\u00e7\u00fcrip al we gur<\/h3>\n                        <p class=\"step-text\">\u201cConvertify\u201d -ni mugt g\u00f6\u00e7\u00fcrip aly\u0148 we Windows komp\u00fduteri\u0148ize guru\u0148. Hasap \u00fda-da \u00fdazylmak talap edilme\u00fd\u00e4r.<\/p>\n                    <\/div>\n                <\/div>\n                <div class=\"step-card\">\n                    <div class=\"step-number\">2<\/div>\n                    <div class=\"step-content\">\n                        <h3 class=\"step-title\">WAV fa\u00fdllary\u0148yzy go\u015fu\u0148<\/h3>\n                        <p class=\"step-text\">WAV fa\u00fdllary\u0148yzy s\u00fc\u00fdr\u00e4\u0148 we \u00f6w\u00fcri\u0148 \u00fda-da sa\u00fdlamak \u00fc\u00e7in fa\u00fdl brauzerini ulany\u0148.<\/p>\n                    <\/div>\n                <\/div>\n                <div class=\"step-card\">\n                    <div class=\"step-number\">3<\/div>\n                    <div class=\"step-content\">\n                        <h3 class=\"step-title\">AIFF \u00e7yky\u015fyny sa\u00fdla\u0148<\/h3>\n                        <p class=\"step-text\">\u00c7yky\u015f formaty h\u00f6km\u00fcnde AIFF sa\u00fdla\u0148. Gerek bolsa hil sazlamalaryny sazla\u0148.<\/p>\n                    <\/div>\n                <\/div>\n                <div class=\"step-card\">\n                    <div class=\"step-number\">4<\/div>\n                    <div class=\"step-content\">\n                        <h3 class=\"step-title\">\u00d6w\u00fcrmek we saklamak<\/h3>\n                        <p class=\"step-text\">\u00d6w\u00fcrmek d\u00fcwmesine basy\u0148 we fa\u00fdllary\u0148yz derrew i\u015flener. Olary komp\u00fduteri\u0148izi\u0148 islendik \u00fderinde sakla\u0148.<\/p>\n                    <\/div>\n                <\/div>\n            <\/div>\n        <\/section>\n\n\n        <!-- Use Cases Section -->\n        <section class=\"use-cases-section\">\n            <h2 class=\"section-title\">WAF-i ha\u00e7an AIFF \u00f6w\u00fcrmek \u00fc\u00e7in ulanmaly<\/h2>\n\n            <div class=\"use-cases-grid\">\n                <div class=\"use-case-card\">\n                    <div class=\"use-case-icon\"><i class=\"fas fa-music\"><\/i><\/div>\n                    <h3 class=\"use-case-title\">Professional a\u00fddym-saz \u00f6n\u00fcm\u00e7iligi<\/h3>\n                    <p class=\"use-case-text\">WAV sapaklaryny we \u00fdollaryny Logic Pro, Pro Tools we be\u00fdleki professional DAW-lerde ulanmak \u00fc\u00e7in \u00e7yl\u015fyrymly gary\u015fyk we \u00f6zle\u015fdiri\u015f sessi\u00fdalarynda optimal \u00f6nd\u00fcrijilik we metadata i\u015flemegi \u00fc\u00e7in AIFF formatyny has gowy g\u00f6r\u00fd\u00e4n DAW-lere \u00f6w\u00fcri\u0148.<\/p>\n                <\/div>\n                <div class=\"use-case-card\">\n                    <div class=\"use-case-icon\"><i class=\"fas fa-laptop\"><\/i><\/div>\n                    <h3 class=\"use-case-title\">\u201cMac-Centric\u201d ses akymlary<\/h3>\n                    <p class=\"use-case-text\">Ilki bilen \u201cMacOS\u201d ses hyzmatlary, \u201cQuickTime\u201d we \u00fderli ses programmalary bilen sazla\u015fyksyz birle\u015fmegi \u00fcpj\u00fcn etmek \u00fc\u00e7in \u201cApple\u201d -i\u0148 ekosistemasyny\u0148 \u00e7\u00e4ginde i\u015fle\u00fd\u00e4n wagty\u0148yz WAV fa\u00fdllaryny AIFF-e \u00f6w\u00fcri\u0148.<\/p>\n                <\/div>\n                <div class=\"use-case-card\">\n                    <div class=\"use-case-icon\"><i class=\"fas fa-archive\"><\/i><\/div>\n                    <h3 class=\"use-case-title\">Ses arhiw dolandyry\u015fy<\/h3>\n                    <p class=\"use-case-text\">Jikme-jik d\u00fc\u015f\u00fcndiri\u015fler, awtorlyk hukugy maglumatlary we \u00fd\u00f6rite gurama\u00e7ylyk bellikleri \u00fdaly gi\u0148i\u015fle\u00fdin ses kitaphanasyny\u0148 katalogla\u015fdyrylmagy \u00fc\u00e7in has \u00fdokary metadata m\u00fcmkin\u00e7iliklerinden pe\u00fddalanmak \u00fc\u00e7in m\u00f6h\u00fcm WAV \u00fdazgylaryny AIFF formatyna \u00f6w\u00fcri\u0148.<\/p>\n                <\/div>\n                <div class=\"use-case-card\">\n                    <div class=\"use-case-icon\"><i class=\"fas fa-broadcast-tower\"><\/i><\/div>\n                    <h3 class=\"use-case-title\">Broada\u00fdlym we radio<\/h3>\n                    <p class=\"use-case-text\">Apple esasly ulgamlary ulan\u00fdan radio \u00fda\u00fdlymlary we \u00fda\u00fdlym desgalary \u00fc\u00e7in WAV fa\u00fdllaryny AIFF-e \u00f6w\u00fcri\u0148, efirde awtomatla\u015fdyry\u015f ulgamlarynda i\u0148 o\u0148at o\u00fdnamagy we metadata g\u00f6rkezilmegini \u00fcpj\u00fcn ed\u00fd\u00e4r.<\/p>\n                <\/div>\n                <div class=\"use-case-card\">\n                    <div class=\"use-case-icon\"><i class=\"fas fa-film\"><\/i><\/div>\n                    <h3 class=\"use-case-title\">Sesden so\u0148ky ses<\/h3>\n                    <p class=\"use-case-text\">Final Cut Pro we be\u00fdleki Apple programmalaryny ulanyp, WAV ses \u00fdazgylaryny AIFF-e \u00f6w\u00fcri\u0148, bu \u00fderde AIFF has gowy wagt integrasi\u00fdasy we ses sinhronlamak m\u00fcmkin\u00e7iliklerini \u00fcpj\u00fcn ed\u00fd\u00e4r.<\/p>\n                <\/div>\n                <div class=\"use-case-card\">\n                    <div class=\"use-case-icon\"><i class=\"fas fa-mobile-alt\"><\/i><\/div>\n                    <h3 class=\"use-case-title\">iOS programma \u00fcpj\u00fcn\u00e7iligi<\/h3>\n                    <p class=\"use-case-text\">I\u0148 amatly \u00f6nd\u00fcrijiligi, ga\u00fdtadan i\u015flemegi\u0148 peselmegini we ykjam programma d\u00fcz\u00fcli\u015finde Core Audio \u00e7ar\u00e7uwalary bilen \u00fczn\u00fcksiz birle\u015fmegi \u00fcpj\u00fcn etmek \u00fc\u00e7in iOS programmalary \u00fc\u00e7in WAV ses aktiwlerini AIFF formata \u00f6w\u00fcri\u0148.<\/p>\n                <\/div>\n            <\/div>\n        <\/section>\n\n\n        <!-- Security Section -->\n        <section class=\"security-section\">\n            <h2 class=\"section-title\">Gizlinligi\u0148iz goral\u00fdar<\/h2>\n\n            <div class=\"security-features\">\n                <div class=\"security-card\">\n                    <h3 class=\"security-title\">\n                        <span class=\"security-icon\"><i class=\"fas fa-lock\"><\/i><\/span>\n                        100% awtonom\n                    <\/h3>\n                    <p class=\"security-text\">Convershli \u00f6wr\u00fcli\u015fikler komp\u00fduteri\u0148izde \u00fderli bolup ge\u00e7\u00fd\u00e4r. Fa\u00fdllary\u0148yz hi\u00e7 ha\u00e7an enjamy\u0148yzy terk etme\u00fd\u00e4r we hi\u00e7 ha\u00e7an serwere \u00fd\u00fcklenme\u00fd\u00e4r.<\/p>\n                <\/div>\n                <div class=\"security-card\">\n                    <h3 class=\"security-title\">\n                        <span class=\"security-icon\"><i class=\"fas fa-user-shield\"><\/i><\/span>\n                        Hasap gerek d\u00e4l\n                    <\/h3>\n                    <p class=\"security-text\">Hasap d\u00f6retmezden, \u015fahsy maglumatlary bermezden \u00fda-da ha\u00fdsydyr bir zada \u00fdazylman derrew \u00f6wr\u00fcp ba\u015fla\u0148.<\/p>\n                <\/div>\n                <div class=\"security-card\">\n                    <h3 class=\"security-title\">\n                        <span class=\"security-icon\"><i class=\"fas fa-trash-alt\"><\/i><\/span>\n                        Awtomatiki arassalama\n                    <\/h3>\n                    <p class=\"security-text\">Wagtla\u00fdyn fa\u00fdllar \u00f6wr\u00fclden so\u0148 ygtybarly pozul\u00fdar. Ba\u015fga bir zady sa\u00fdlamasa\u0148yz, asyl fa\u00fdllary\u0148yz doly el\u00fdeterli d\u00e4l.<\/p>\n                <\/div>\n            <\/div>\n        <\/section>\n\n\n        <!-- FAQ Section -->\n        <section class=\"faq-section\">\n            <h2 class=\"section-title\">Freygy-\u00fdygydan soral\u00fdan soraglar<\/h2>\n\n            <div class=\"faq-container\">\n                <div class=\"faq-item\">\n                    <h3 class=\"faq-question\">\n                        <span class=\"faq-icon\"><i class=\"fas fa-question-circle\"><\/i><\/span>\n                        WAV-ni AIFF-e \u00f6w\u00fcrmek sesi\u0148 hilini peseldermi?\n                    <\/h3>\n                    <div class=\"faq-answer\">\n                        <p>, Ok, WAV-ni AIFF-e \u00f6w\u00fcrmek aja\u00fdyp ses hilini sakla\u00fdar, seb\u00e4bi iki formatda gysylmadyk PCM kodlamagy ulanyl\u00fdar. \u00d6w\u00fcrmek di\u0148e fa\u00fdl konte\u00fdnerini we ba\u00fdt sargytlaryny \u00fc\u00fdtged\u00fd\u00e4r, \u00e4hli ses maglumatlaryny asyl WAV fa\u00fdlyndaky \u00fdaly sakla\u00fdar.<\/p>\n                    <\/div>\n                <\/div>\n                <div class=\"faq-item\">\n                    <h3 class=\"faq-question\">\n                        <span class=\"faq-icon\"><i class=\"fas fa-question-circle\"><\/i><\/span>\n                        WAV we AIFF formatlaryny\u0148 arasynda esasy tapawut n\u00e4me?\n                    <\/h3>\n                    <div class=\"faq-answer\">\n                        <p>Esasy tapawutlar ba\u00fdt zakaz etmekdir (WAV az endian ulan\u00fdar, AIFF uly endian ulan\u00fdar), metadata goldawy (AIFF has \u00fdokary bellikleme m\u00fcmkin\u00e7ilikleri bar) we platforma optimizasi\u00fdasy (WAF has hemmeler bilen utga\u015fykly bolsa, AIFF Apple ulgamlary \u00fc\u00e7in optimalla\u015fdyryl\u00fdar).<\/p>\n                    <\/div>\n                <\/div>\n                <div class=\"faq-item\">\n                    <h3 class=\"faq-question\">\n                        <span class=\"faq-icon\"><i class=\"fas fa-question-circle\"><\/i><\/span>\n                        AIFF fa\u00fdllary WAV fa\u00fdllaryndan ulymy?\n                    <\/h3>\n                    <div class=\"faq-answer\">\n                        <p>AIFF fa\u00fdllary has gi\u0148i\u015fle\u00fdin s\u00f6zba\u015fy maglumatlary we metadata saklamak m\u00fcmkin\u00e7ilikleri seb\u00e4pli adat\u00e7a ekwiwalent WAV fa\u00fdllaryndan birneme uludyr. \u015ee\u00fdle-de bolsa, tapawut i\u0148 az (k\u00f6plen\u00e7 1KB-dan az) we AIFF-C gysylan format aslynda WAV-den ki\u00e7i bolup biler.<\/p>\n                    <\/div>\n                <\/div>\n                <div class=\"faq-item\">\n                    <h3 class=\"faq-question\">\n                        <span class=\"faq-icon\"><i class=\"fas fa-question-circle\"><\/i><\/span>\n                        D\u00fcrli \u00e7u\u0148lugy bolan WAV fa\u00fdllaryny AIFF-e \u00f6wr\u00fcp bilerinmi?\n                    <\/h3>\n                    <div class=\"faq-answer\">\n                        <p>Hawa, AIFF formaty WAV (8, 16, 24 we 32 bit) bilen de\u0148 \u00e7u\u0148lugy we 192kHz \u00e7enli nusga nyrhlaryny golda\u00fdar. \u00d6w\u00fcrmek, asyl ses a\u00fdratynlyklary\u0148yzy takyk sakla\u00fdar, \u00e7e\u015fme WAV fa\u00fdly bilen de\u0148 derejede \u00e7u\u0148lugy we nusga derejesini sakla\u00fdar.<\/p>\n                    <\/div>\n                <\/div>\n                <div class=\"faq-item\">\n                    <h3 class=\"faq-question\">\n                        <span class=\"faq-icon\"><i class=\"fas fa-question-circle\"><\/i><\/span>\n                        Ses programma \u00fcpj\u00fcn\u00e7iligim \u00fc\u00fdtgedilen AIFF fa\u00fdllaryny tanarmy?\n                    <\/h3>\n                    <div class=\"faq-answer\">\n                        <p>Professional ses programma \u00fcpj\u00fcn\u00e7iligini\u0148 k\u00f6p\u00fcsi, esasanam Mac ulgamlarynda AIFF formatyny golda\u00fdar. \u201cLogic Pro\u201d, \u201cGarageBand\u201d we \u201cQuickTime\u201d \u00fdaly \u201cApple\u201d programmalarynda \u00fderli AIFF goldawy bar, k\u00f6p platforma DAW-ler hem AIFF fa\u00fdllaryny kyn\u00e7ylyksyz dolandyr\u00fdarlar.<\/p>\n                    <\/div>\n                <\/div>\n                <div class=\"faq-item\">\n                    <h3 class=\"faq-question\">\n                        <span class=\"faq-icon\"><i class=\"fas fa-question-circle\"><\/i><\/span>\n                        Birn\u00e4\u00e7e WAV fa\u00fdly AIFF-e \u00f6wr\u00fcp bilerinmi?\n                    <\/h3>\n                    <div class=\"faq-answer\">\n                        <p>Hawa, \u201cConvertify\u201d m\u00fc\u0148ler\u00e7e WAV fa\u00fdlyny bir wagty\u0148 \u00f6z\u00fcnde AIFF formata \u00f6w\u00fcrm\u00e4ge m\u00fcmkin\u00e7ilik ber\u00fd\u00e4n k\u00f6p\u00e7\u00fclikle\u00fdin i\u015flemegi golda\u00fdar. Topary ga\u00fdtadan i\u015flemek, asyl bukjany\u0148 gurlu\u015flaryny we fa\u00fdl atlaryny gorap saklamak bilen \u00e4hli fa\u00fdllarda yzygiderli hil we sazlamalary sakla\u00fdar.<\/p>\n                    <\/div>\n                <\/div>\n                <div class=\"faq-item\">\n                    <h3 class=\"faq-question\">\n                        <span class=\"faq-icon\"><i class=\"fas fa-question-circle\"><\/i><\/span>\n                        AIFF formaty i\u00e7erki albom sungatyny we s\u00f6zlerini golda\u00fdarmy?\n                    <\/h3>\n                    <div class=\"faq-answer\">\n                        <p>Hawa, AIFF formaty WAV bilen de\u0148e\u015fdirilende has \u00fdokary metadata m\u00fcmkin\u00e7iliklerine e\u00fdedir we i\u00e7erki albom sungat eserlerini, s\u00f6zlerini we gi\u0148i\u015fle\u00fdin ID3 belliklerini saklap biler. Bu, AIFF-i jikme-jik maglumat maglumatlary m\u00f6h\u00fcm bolan a\u00fddym-saz kitaphanalary \u00fc\u00e7in ideal ed\u00fd\u00e4r.<\/p>\n                    <\/div>\n                <\/div>\n                <div class=\"faq-item\">\n                    <h3 class=\"faq-question\">\n                        <span class=\"faq-icon\"><i class=\"fas fa-question-circle\"><\/i><\/span>\n                        Windows-da AIFF fa\u00fdllary bilen utga\u015fyklyk meselesi barmy?\n                    <\/h3>\n                    <div class=\"faq-answer\">\n                        <p>AIFF \u201cApple\u201d ulgamlary \u00fc\u00e7in amatly bolsa-da, h\u00e4zirki zaman Windows ses programma \u00fcpj\u00fcn\u00e7iligini\u0148 k\u00f6p\u00fcsi AIFF fa\u00fdllaryny dolandyryp biler. \u015ee\u00fdle-de bolsa, k\u00e4bir k\u00f6ne \u00fda-da esasy Windows media ple\u00fderlerini\u0148 \u00e7\u00e4kli AIFF goldawy bolup biler, \u015fonu\u0148 \u00fc\u00e7in formatlary\u0148 arasynda sa\u00fdlany\u0148yzda maksatly o\u00fdnamak gur\u015fawy\u0148yzy g\u00f6z \u00f6\u0148\u00fcnde tutu\u0148.<\/p>\n                    <\/div>\n                <\/div>\n            <\/div>\n        <\/section>\n\n\n        <!-- CTA Section -->\n        <section class=\"cta-section\">\n            <div class=\"cta-pattern\"><\/div>\n            <div class=\"cta-content\">\n                <h2 class=\"cta-title\">Fa\u00fdllary\u0148yzy \u00f6w\u00fcrm\u00e4ge ta\u00fdynmy?<\/h2>\n                <p class=\"cta-text\">Indi g\u00f6\u00e7\u00fcrip aly\u0148 WAV-i derrew AIFF-e \u00f6wr\u00fcp ba\u015fla\u0148. Mugt, \u00e7\u00e4klendirilmedik we b\u00fctinle\u00fd awtonom.<\/p>\n                <div class=\"hero-buttons\">\n                    <a href=\"\/download\" class=\"btn btn-primary\">Mugt \u00f6w\u00fcrmek<\/a>\n                    <a href=\"\/pricing\" class=\"btn btn-secondary\">Bahalary g\u00f6rmek<\/a>\n                <\/div>\n            <\/div>\n        <\/section>\n    <\/div>\n<\/body>\n<\/html>\n\n\n\n<p><\/p>\n","protected":false},"excerpt":{"rendered":"<p>AIFF \u00f6wr\u00fcjisine WAV: Windows \u00fc\u00e7in mugt, \u00e7alt we awtonom AIFF \u00f6wr\u00fcjisine WAV WAV ses fa\u00fdllaryny doly ses hilini we meta-maglumatyny [&hellip;]<\/p>\n","protected":false},"author":1,"featured_media":0,"parent":0,"menu_order":0,"comment_status":"closed","ping_status":"closed","template":"","meta":{"pagelayer_contact_templates":[],"_pagelayer_content":"","_uag_custom_page_level_css":"","site-sidebar-layout":"default","site-content-layout":"","ast-site-content-layout":"","site-content-style":"default","site-sidebar-style":"default","ast-global-header-display":"","ast-banner-title-visibility":"","ast-main-header-display":"","ast-hfb-above-header-display":"","ast-hfb-below-header-display":"","ast-hfb-mobile-header-display":"","site-post-title":"disabled","ast-breadcrumbs-content":"","ast-featured-img":"","footer-sml-layout":"","theme-transparent-header-meta":"","adv-header-id-meta":"","stick-header-meta":"","header-above-stick-meta":"","header-main-stick-meta":"","header-below-stick-meta":"","astra-migrate-meta-layouts":"default","ast-page-background-enabled":"default","ast-page-background-meta":{"desktop":{"background-color":"var(--ast-global-color-5)","background-image":"","background-repeat":"repeat","background-position":"center center","background-size":"auto","background-attachment":"scroll","background-type":"","background-media":"","overlay-type":"","overlay-color":"","overlay-opacity":"","overlay-gradient":""},"tablet":{"background-color":"","background-image":"","background-repeat":"repeat","background-position":"center center","background-size":"auto","background-attachment":"scroll","background-type":"","background-media":"","overlay-type":"","overlay-color":"","overlay-opacity":"","overlay-gradient":""},"mobile":{"background-color":"","background-image":"","background-repeat":"repeat","background-position":"center center","background-size":"auto","background-attachment":"scroll","background-type":"","background-media":"","overlay-type":"","overlay-color":"","overlay-opacity":"","overlay-gradient":""}},"ast-content-background-meta":{"desktop":{"background-color":"var(--ast-global-color-4)","background-image":"","background-repeat":"repeat","background-position":"center center","background-size":"auto","background-attachment":"scroll","background-type":"","background-media":"","overlay-type":"","overlay-color":"","overlay-opacity":"","overlay-gradient":""},"tablet":{"background-color":"var(--ast-global-color-4)","background-image":"","background-repeat":"repeat","background-position":"center center","background-size":"auto","background-attachment":"scroll","background-type":"","background-media":"","overlay-type":"","overlay-color":"","overlay-opacity":"","overlay-gradient":""},"mobile":{"background-color":"var(--ast-global-color-4)","background-image":"","background-repeat":"repeat","background-position":"center center","background-size":"auto","background-attachment":"scroll","background-type":"","background-media":"","overlay-type":"","overlay-color":"","overlay-opacity":"","overlay-gradient":""}},"footnotes":""},"class_list":["post-740517","page","type-page","status-publish","hentry"],"uagb_featured_image_src":{"full":false,"thumbnail":false,"medium":false,"medium_large":false,"large":false,"1536x1536":false,"2048x2048":false,"woocommerce_thumbnail":false,"woocommerce_single":false,"woocommerce_gallery_thumbnail":false},"uagb_author_info":{"display_name":"convertify","author_link":"https:\/\/convertifypro.com\/author\/convertifypro\/"},"uagb_comment_info":0,"uagb_excerpt":"AIFF \u00f6wr\u00fcjisine WAV: Windows \u00fc\u00e7in mugt, \u00e7alt we awtonom AIFF \u00f6wr\u00fcjisine WAV WAV ses fa\u00fdllaryny doly ses hilini we meta-maglumatyny [&hellip;]","_links":{"self":[{"href":"https:\/\/convertifypro.com\/wp-json\/wp\/v2\/pages\/740517","targetHints":{"allow":["GET"]}}],"collection":[{"href":"https:\/\/convertifypro.com\/wp-json\/wp\/v2\/pages"}],"about":[{"href":"https:\/\/convertifypro.com\/wp-json\/wp\/v2\/types\/page"}],"author":[{"embeddable":true,"href":"https:\/\/convertifypro.com\/wp-json\/wp\/v2\/users\/1"}],"replies":[{"embeddable":true,"href":"https:\/\/convertifypro.com\/wp-json\/wp\/v2\/comments?post=740517"}],"version-history":[{"count":0,"href":"https:\/\/convertifypro.com\/wp-json\/wp\/v2\/pages\/740517\/revisions"}],"wp:attachment":[{"href":"https:\/\/convertifypro.com\/wp-json\/wp\/v2\/media?parent=740517"}],"curies":[{"name":"wp","href":"https:\/\/api.w.org\/{rel}","templated":true}]}}