{"id":740441,"date":"2026-01-21T22:37:50","date_gmt":"2026-01-21T22:37:50","guid":{"rendered":"https:\/\/convertifypro.com\/?page_id=740441"},"modified":"2026-01-21T22:37:50","modified_gmt":"2026-01-21T22:37:50","slug":"mp3-to-aiff-converter","status":"publish","type":"page","link":"https:\/\/convertifypro.com\/sq\/konvertuesi-mp3-ne-aiff\/","title":{"rendered":"Konvertuesi MP3 n\u00eb AIFF"},"content":{"rendered":"<style class=\"wpcode-css-snippet\">.ast-custom-button {\r\n  display: none;\r\n}<\/style>\n\n\n\n<!DOCTYPE html>\n<html lang=\"en\">\n<head>\n    <meta charset=\"UTF-8\">\n    <meta name=\"viewport\" content=\"width=device-width, initial-scale=1.0\">\n    <meta name=\"description\" content=\"Convert MP3 files to uncompressed AIFF format with our powerful offline converter. Perfect for professional audio editing, broadcasting, and mastering workflows.\">\n    <meta name=\"keywords\" content=\"MP3 to AIFF converter, audio format converter, professional audio conversion, uncompressed audio, DAW compatible, broadcast audio, Windows audio converter\">\n    <title>Konvertuesi MP3 n\u00eb AIFF: Audio profesionale, falas dhe jasht\u00eb linje<\/title>\n    <link rel=\"stylesheet\" href=\"https:\/\/cdnjs.cloudflare.com\/ajax\/libs\/font-awesome\/6.4.0\/css\/all.min.css\">\n    \n    <style>\n        \/* Main Styles *\/\n        :root {\n            --primary-color: #FD9800;\n            --primary-hover: #e88a00;\n            --text-color: #3A3A3A;\n            --light-bg: #f8faff;\n            --gradient-bg: linear-gradient(135deg, #f8faff 0%, #fff5e6 100%);\n            --box-shadow: 0 10px 30px rgba(0, 0, 0, 0.05);\n            --hover-shadow: 0 15px 35px rgba(0, 0, 0, 0.1);\n            --border-color: #f1f5f9;\n        }\n\n        .converter-section {\n            max-width: 1200px;\n            margin: 0 auto;\n            padding: 2rem 1.5rem;\n            font-family: 'Inter', 'Segoe UI', system-ui, -apple-system, sans-serif;\n            color: var(--text-color);\n        }\n\n        \/* Hero Section *\/\n        .hero-section {\n            text-align: center;\n            padding: 3rem 1rem;\n            margin-bottom: 3rem;\n            background: var(--gradient-bg);\n            border-radius: 16px;\n            position: relative;\n            overflow: hidden;\n        }\n\n        .hero-pattern {\n            position: absolute;\n            top: 0;\n            left: 0;\n            right: 0;\n            bottom: 0;\n            background-image: url(\"data:image\/svg+xml,%3Csvg width='60' height='60' viewBox='0 0 60 60' xmlns='http:\/\/www.w3.org\/2000\/svg'%3E%3Cg fill='none' fill-rule='evenodd'%3E%3Cg fill='%23fd9800' fill-opacity='0.05'%3E%3Cpath d='M36 34v-4h-2v4h-4v2h4v4h2v-4h4v-2h-4zm0-30V0h-2v4h-4v2h4v4h2V6h4V4h-4zM6 34v-4H4v4H0v2h4v4h2v-4h4v-2H6zM6 4V0H4v4H0v2h4v4h2V6h4V4H6z'\/%3E%3C\/g%3E%3C\/g%3E%3C\/svg%3E\");\n            opacity: 0.5;\n            z-index: 0;\n        }\n\n        .hero-content {\n            position: relative;\n            z-index: 1;\n            max-width: 800px;\n            margin: 0 auto;\n        }\n\n        .hero-title {\n            font-size: 2.8rem;\n            font-weight: 800;\n            margin-bottom: 1.5rem;\n            color: var(--text-color);\n        }\n\n        .hero-subtitle {\n            font-size: 1.25rem;\n            margin-bottom: 2rem;\n            color: var(--text-color);\n            line-height: 1.6;\n        }\n\n        .hero-badges {\n            display: flex;\n            flex-wrap: wrap;\n            justify-content: center;\n            gap: 1rem;\n            margin-bottom: 2rem;\n        }\n\n        .hero-badge {\n            display: flex;\n            align-items: center;\n            background: white;\n            border-radius: 50px;\n            padding: 0.5rem 1rem;\n            box-shadow: var(--box-shadow);\n            transition: all 0.3s ease;\n            border: 1px solid var(--border-color);\n        }\n\n        .hero-badge:hover {\n            transform: translateY(-3px);\n            box-shadow: var(--hover-shadow);\n            border-color: rgba(253, 152, 0, 0.3);\n        }\n\n        .hero-badge-icon {\n            color: var(--primary-color);\n            margin-right: 0.5rem;\n            font-size: 1rem;\n        }\n\n        .hero-badge-text {\n            font-size: 0.9rem;\n            font-weight: 600;\n            color: var(--text-color);\n        }\n\n        .hero-buttons {\n            display: flex;\n            justify-content: center;\n            gap: 1rem;\n            flex-wrap: wrap;\n        }\n\n        .btn {\n            display: inline-block;\n            padding: 0.75rem 1.5rem;\n            border-radius: 8px;\n            font-weight: 600;\n            text-decoration: none !important;\n            transition: all 0.3s ease;\n            cursor: pointer;\n            font-size: 1rem;\n        }\n\n        .btn-primary {\n            background-color: var(--primary-color);\n            color: white !important;\n            box-shadow: 0 8px 16px rgba(253, 152, 0, 0.2);\n            border: none;\n        }\n\n        .btn-primary:hover {\n            background-color: var(--primary-hover);\n            transform: translateY(-2px);\n            text-decoration: none !important;\n        }\n\n        .btn-secondary {\n            background-color: white;\n            color: var(--primary-color) !important;\n            border: 1px solid var(--border-color);\n        }\n\n        .btn-secondary:hover {\n            background-color: #fff5e6;\n            transform: translateY(-2px);\n            text-decoration: none !important;\n        }\n\n        \/* Features Section *\/\n        .features-section {\n            margin-bottom: 4rem;\n        }\n\n        .section-title {\n            font-size: 2.2rem;\n            font-weight: 700;\n            text-align: center;\n            margin-bottom: 2.5rem;\n            color: var(--text-color);\n        }\n\n        .features-grid {\n            display: grid;\n            grid-template-columns: repeat(auto-fit, minmax(300px, 1fr));\n            gap: 2rem;\n        }\n\n        .feature-card {\n            background: white;\n            border-radius: 16px;\n            overflow: hidden;\n            box-shadow: var(--box-shadow);\n            transition: all 0.3s ease;\n            border: 1px solid var(--border-color);\n            height: 100%;\n            display: flex;\n            flex-direction: column;\n        }\n\n        .feature-card:hover {\n            transform: translateY(-5px);\n            box-shadow: var(--hover-shadow);\n            border-color: rgba(253, 152, 0, 0.3);\n        }\n\n        .feature-icon {\n            width: 60px;\n            height: 60px;\n            background-color: rgba(253, 152, 0, 0.15);\n            color: var(--primary-color);\n            border-radius: 12px;\n            display: flex;\n            align-items: center;\n            justify-content: center;\n            margin-bottom: 1.5rem;\n            font-size: 1.8rem;\n            transition: all 0.3s ease;\n        }\n\n        .feature-card:hover .feature-icon {\n            background: linear-gradient(135deg, #FD9800 0%, #FF6D00 100%);\n            color: white;\n            box-shadow: 0 10px 20px rgba(253, 152, 0, 0.2);\n        }\n\n        .feature-content {\n            padding: 2rem;\n            flex-grow: 1;\n        }\n\n        .feature-title {\n            font-size: 1.4rem;\n            font-weight: 700;\n            margin-bottom: 1rem;\n            color: var(--text-color);\n        }\n\n        .feature-text {\n            font-size: 1rem;\n            color: #555;\n            line-height: 1.6;\n            margin-bottom: 1.5rem;\n        }\n\n        .feature-list {\n            list-style: none;\n            padding: 0;\n            margin: 0;\n        }\n\n        .feature-item {\n            display: flex;\n            align-items: flex-start;\n            margin-bottom: 0.75rem;\n            line-height: 1.5;\n        }\n\n        .feature-check {\n            color: var(--primary-color);\n            margin-right: 0.75rem;\n            flex-shrink: 0;\n            margin-top: 0.2rem;\n        }\n\n        .feature-item-text {\n            font-size: 0.95rem;\n            color: var(--text-color);\n        }\n\n        \/* Why Convert Section *\/\n        .why-convert-section {\n            margin-bottom: 4rem;\n            background: var(--light-bg);\n            border-radius: 16px;\n            padding: 3rem 2rem;\n        }\n\n        .comparison-grid {\n            display: grid;\n            grid-template-columns: repeat(auto-fit, minmax(300px, 1fr));\n            gap: 2rem;\n            margin-top: 2rem;\n        }\n\n        .format-card {\n            background: white;\n            border-radius: 16px;\n            padding: 1.5rem;\n            box-shadow: var(--box-shadow);\n            transition: all 0.3s ease;\n            border: 1px solid var(--border-color);\n        }\n\n        .format-card:hover {\n            transform: translateY(-5px);\n            box-shadow: var(--hover-shadow);\n            border-color: rgba(253, 152, 0, 0.3);\n        }\n\n        .format-title {\n            font-size: 1.6rem;\n            font-weight: 700;\n            margin-bottom: 1.25rem;\n            color: var(--text-color);\n            display: flex;\n            align-items: center;\n        }\n\n        .format-icon {\n            color: var(--primary-color);\n            margin-right: 0.75rem;\n            font-size: 1.6rem;\n        }\n\n        .format-list {\n            list-style: none;\n            padding: 0;\n            margin: 0;\n        }\n\n        .format-item {\n            display: flex;\n            align-items: flex-start;\n            margin-bottom: 0.85rem;\n        }\n\n        .format-check {\n            color: var(--primary-color);\n            margin-right: 0.75rem;\n            flex-shrink: 0;\n            margin-top: 0.2rem;\n        }\n\n        .format-text {\n            font-size: 0.95rem;\n            color: #555;\n            line-height: 1.5;\n        }\n\n        \/* How It Works Section *\/\n        .how-it-works-section {\n            margin-bottom: 4rem;\n        }\n\n        .steps-container {\n            max-width: 900px;\n            margin: 0 auto;\n        }\n\n        .step-card {\n            display: flex;\n            align-items: flex-start;\n            background: white;\n            border-radius: 16px;\n            padding: 2rem;\n            box-shadow: var(--box-shadow);\n            margin-bottom: 2rem;\n            border: 1px solid var(--border-color);\n            transition: all 0.3s ease;\n        }\n\n        .step-card:hover {\n            transform: translateY(-5px);\n            box-shadow: var(--hover-shadow);\n            border-color: rgba(253, 152, 0, 0.3);\n        }\n\n        .step-number {\n            width: 50px;\n            height: 50px;\n            background-color: rgba(253, 152, 0, 0.15);\n            color: var(--primary-color);\n            border-radius: 50%;\n            display: flex;\n            align-items: center;\n            justify-content: center;\n            font-size: 1.5rem;\n            font-weight: 700;\n            margin-right: 1.5rem;\n            flex-shrink: 0;\n            transition: all 0.3s ease;\n        }\n\n        .step-card:hover .step-number {\n            background: linear-gradient(135deg, #FD9800 0%, #FF6D00 100%);\n            color: white;\n            box-shadow: 0 10px 20px rgba(253, 152, 0, 0.2);\n        }\n\n        .step-content {\n            flex: 1;\n        }\n\n        .step-title {\n            font-size: 1.4rem;\n            font-weight: 700;\n            margin-bottom: 0.75rem;\n            color: var(--text-color);\n        }\n\n        .step-text {\n            font-size: 1rem;\n            color: #555;\n            line-height: 1.6;\n        }\n\n        \/* Use Cases Section *\/\n        .use-cases-section {\n            margin-bottom: 4rem;\n            background: var(--light-bg);\n            border-radius: 16px;\n            padding: 3rem 2rem;\n        }\n\n        .use-cases-grid {\n            display: grid;\n            grid-template-columns: repeat(auto-fit, minmax(300px, 1fr));\n            gap: 2rem;\n            margin-top: 2rem;\n        }\n\n        .use-case-card {\n            background: white;\n            border-radius: 16px;\n            padding: 1.5rem;\n            box-shadow: var(--box-shadow);\n            transition: all 0.3s ease;\n            border: 1px solid var(--border-color);\n            height: 100%;\n        }\n\n        .use-case-card:hover {\n            transform: translateY(-5px);\n            box-shadow: var(--hover-shadow);\n            border-color: rgba(253, 152, 0, 0.3);\n        }\n\n        .use-case-icon {\n            color: var(--primary-color);\n            font-size: 2rem;\n            margin-bottom: 1rem;\n        }\n\n        .use-case-title {\n            font-size: 1.3rem;\n            font-weight: 700;\n            margin-bottom: 1rem;\n            color: var(--text-color);\n        }\n\n        .use-case-text {\n            font-size: 0.95rem;\n            color: #555;\n            line-height: 1.6;\n        }\n\n        \/* FAQ Section *\/\n        .faq-section {\n            margin-bottom: 4rem;\n        }\n\n        .faq-container {\n            max-width: 900px;\n            margin: 0 auto;\n        }\n\n        .faq-item {\n            background: white;\n            border-radius: 16px;\n            padding: 1.5rem 2rem;\n            box-shadow: var(--box-shadow);\n            margin-bottom: 1.5rem;\n            border: 1px solid var(--border-color);\n            transition: all 0.3s ease;\n        }\n\n        .faq-item:hover {\n            transform: translateY(-3px);\n            box-shadow: var(--hover-shadow);\n            border-color: rgba(253, 152, 0, 0.3);\n        }\n\n        .faq-question {\n            font-size: 1.2rem;\n            font-weight: 700;\n            margin-bottom: 1rem;\n            color: var(--text-color);\n            display: flex;\n            align-items: center;\n        }\n\n        .faq-icon {\n            color: var(--primary-color);\n            margin-right: 0.75rem;\n            font-size: 1.2rem;\n        }\n\n        .faq-answer {\n            font-size: 1rem;\n            color: #555;\n            line-height: 1.6;\n        }\n\n        \/* Technical Details Section *\/\n        .technical-details-section {\n            margin-bottom: 4rem;\n        }\n\n        .technical-details-grid {\n            display: grid;\n            grid-template-columns: repeat(auto-fit, minmax(300px, 1fr));\n            gap: 2rem;\n        }\n\n        .tech-detail-card {\n            background: white;\n            border-radius: 16px;\n            padding: 1.5rem;\n            box-shadow: var(--box-shadow);\n            transition: all 0.3s ease;\n            border: 1px solid var(--border-color);\n        }\n\n        .tech-detail-card:hover {\n            transform: translateY(-5px);\n            box-shadow: var(--hover-shadow);\n            border-color: rgba(253, 152, 0, 0.3);\n        }\n\n        .tech-detail-title {\n            font-size: 1.3rem;\n            font-weight: 700;\n            margin-bottom: 1rem;\n            color: var(--text-color);\n            display: flex;\n            align-items: center;\n        }\n\n        .tech-detail-icon {\n            color: var(--primary-color);\n            margin-right: 0.75rem;\n            font-size: 1.3rem;\n        }\n\n        .tech-detail-text {\n            font-size: 0.95rem;\n            color: #555;\n            line-height: 1.6;\n        }\n\n        \/* Security Section *\/\n        .security-section {\n            margin-bottom: 4rem;\n            background: var(--light-bg);\n            border-radius: 16px;\n            padding: 3rem 2rem;\n        }\n\n        .security-features {\n            display: grid;\n            grid-template-columns: repeat(auto-fit, minmax(300px, 1fr));\n            gap: 2rem;\n            margin-top: 2rem;\n        }\n\n        .security-card {\n            background: white;\n            border-radius: 16px;\n            padding: 1.5rem;\n            box-shadow: var(--box-shadow);\n            transition: all 0.3s ease;\n            border: 1px solid var(--border-color);\n        }\n\n        .security-card:hover {\n            transform: translateY(-5px);\n            box-shadow: var(--hover-shadow);\n            border-color: rgba(253, 152, 0, 0.3);\n        }\n\n        .security-title {\n            font-size: 1.3rem;\n            font-weight: 700;\n            margin-bottom: 1rem;\n            color: var(--text-color);\n            display: flex;\n            align-items: center;\n        }\n\n        .security-icon {\n            color: var(--primary-color);\n            margin-right: 0.75rem;\n            font-size: 1.3rem;\n        }\n\n        .security-text {\n            font-size: 0.95rem;\n            color: #555;\n            line-height: 1.6;\n        }\n\n        \/* CTA Section *\/\n        .cta-section {\n            text-align: center;\n            padding: 3rem 1rem;\n            background: var(--gradient-bg);\n            border-radius: 16px;\n            position: relative;\n            overflow: hidden;\n            margin-bottom: 2rem;\n        }\n\n        .cta-pattern {\n            position: absolute;\n            top: 0;\n            left: 0;\n            right: 0;\n            bottom: 0;\n            background-image: url(\"data:image\/svg+xml,%3Csvg width='60' height='60' viewBox='0 0 60 60' xmlns='http:\/\/www.w3.org\/2000\/svg'%3E%3Cg fill='none' fill-rule='evenodd'%3E%3Cg fill='%23fd9800' fill-opacity='0.05'%3E%3Cpath d='M36 34v-4h-2v4h-4v2h4v4h2v-4h4v-2h-4zm0-30V0h-2v4h-4v2h4v4h2V6h4V4h-4zM6 34v-4H4v4H0v2h4v4h2v-4h4v-2H6zM6 4V0H4v4H0v2h4v4h2V6h4V4H6z'\/%3E%3C\/g%3E%3C\/g%3E%3C\/svg%3E\");\n            opacity: 0.5;\n            z-index: 0;\n        }\n\n        .cta-content {\n            position: relative;\n            z-index: 1;\n            max-width: 800px;\n            margin: 0 auto;\n        }\n\n        .cta-title {\n            font-size: 2.2rem;\n            font-weight: 700;\n            margin-bottom: 1.5rem;\n            color: var(--text-color);\n        }\n\n        .cta-text {\n            font-size: 1.1rem;\n            margin-bottom: 2rem;\n            color: #555;\n            line-height: 1.6;\n        }\n\n        \/* Guide-specific Styles *\/\n        .guide-content {\n            background: white;\n            border-radius: 16px;\n            padding: 2rem;\n            margin-bottom: 2rem;\n            box-shadow: var(--box-shadow);\n            border: 1px solid var(--border-color);\n        }\n\n        .guide-section-title {\n            font-size: 1.6rem;\n            font-weight: 700;\n            color: var(--text-color);\n            margin-bottom: 1rem;\n        }\n\n        .guide-text {\n            font-size: 1rem;\n            color: #555;\n            line-height: 1.8;\n            margin-bottom: 1rem;\n        }\n\n        .guide-list {\n            list-style: none;\n            padding: 0;\n            margin: 1rem 0;\n        }\n\n        .guide-list-item {\n            display: flex;\n            align-items: flex-start;\n            margin-bottom: 0.75rem;\n            padding-left: 1.5rem;\n            position: relative;\n        }\n\n        .guide-list-item::before {\n            content: \"\u2022\";\n            color: var(--primary-color);\n            font-weight: bold;\n            position: absolute;\n            left: 0;\n        }\n\n        \/* Responsive Styles *\/\n        @media (max-width: 768px) {\n            .hero-title {\n                font-size: 2.2rem;\n            }\n\n            .section-title {\n                font-size: 1.8rem;\n            }\n\n            .cta-title {\n                font-size: 1.8rem;\n            }\n\n            .features-grid {\n                grid-template-columns: 1fr;\n                max-width: 500px;\n                margin: 0 auto;\n            }\n\n            .step-card {\n                flex-direction: column;\n                align-items: flex-start;\n            }\n\n            .step-number {\n                margin-bottom: 1rem;\n                margin-right: 0;\n            }\n        }\n\n        @media (max-width: 480px) {\n            .hero-title {\n                font-size: 1.8rem;\n            }\n\n            .hero-subtitle {\n                font-size: 1.1rem;\n            }\n\n            .section-title {\n                font-size: 1.6rem;\n            }\n\n            .feature-content {\n                padding: 1.5rem;\n            }\n\n            .step-card {\n                padding: 1.5rem;\n            }\n\n            .faq-item {\n                padding: 1.25rem;\n            }\n        }\n\n        \/* Button text should never be underlined *\/\n        .btn:hover, .btn:focus, .btn:active {\n            text-decoration: none !important;\n        }\n    <\/style>\n<\/head>\n<body>\n    <div class=\"converter-section\">\n        <!-- Hero Section -->\n        <section class=\"hero-section\">\n            <div class=\"hero-pattern\"><\/div>\n            <div class=\"hero-content\">\n                <h1 class=\"hero-title\">Konvertuesi MP3 n\u00eb AIFF<\/h1>\n                <p class=\"hero-subtitle\">Konvertoni skedar\u00ebt MP3 n\u00eb formatin AIFF t\u00eb pakompresuar p\u00ebr redaktimin profesional t\u00eb audios dhe zot\u00ebrimin e rrjedhave t\u00eb pun\u00ebs. Ruani cil\u00ebsin\u00eb origjinale t\u00eb audios duke ruajtur p\u00ebrputhshm\u00ebrin\u00eb me DAW-t\u00eb profesionale dhe softuerin e prodhimit t\u00eb audios.<\/p>\n\n                <div class=\"hero-badges\">\n                    <div class=\"hero-badge\">\n                        <span class=\"hero-badge-icon\"><i class=\"fas fa-desktop\"><\/i><\/span>\n                        <span class=\"hero-badge-text\">100% offline<\/span>\n                    <\/div>\n                    <div class=\"hero-badge\">\n                        <span class=\"hero-badge-icon\"><i class=\"fas fa-infinity\"><\/i><\/span>\n                        <span class=\"hero-badge-text\">Konvertime t\u00eb pakufizuara<\/span>\n                    <\/div>\n                    <div class=\"hero-badge\">\n                        <span class=\"hero-badge-icon\"><i class=\"fas fa-shield-alt\"><\/i><\/span>\n                        <span class=\"hero-badge-text\">Privat dhe i Sigurt<\/span>\n                    <\/div>\n                    <div class=\"hero-badge\">\n                        <span class=\"hero-badge-icon\"><i class=\"fas fa-bolt\"><\/i><\/span>\n                        <span class=\"hero-badge-text\">Rrufe e shpejt\u00eb<\/span>\n                    <\/div>\n                <\/div>\n\n                <div class=\"hero-buttons\">\n                    <a href=\"\/download\" class=\"btn btn-primary\">Shkarko Pa pages\u00eb<\/a>\n                    <a href=\"#how-it-works\" class=\"btn btn-secondary\">M\u00ebsoni m\u00eb shum\u00eb<\/a>\n                <\/div>\n            <\/div>\n        <\/section>\n\n\n        <!-- Features Section -->\n        <section class=\"features-section\">\n            <h2 class=\"section-title\">Pse t\u00eb zgjidhni Convertify p\u00ebr konvertimin MP3 n\u00eb AIFF?<\/h2>\n\n            <div class=\"features-grid\">\n                <div class=\"feature-card\">\n                    <div class=\"feature-content\">\n                        <div class=\"feature-icon\">\n                            <i class=\"fas fa-shield-alt\"><\/i>\n                        <\/div>\n                        <h3 class=\"feature-title\">Konvertimi audio pa humbje<\/h3>\n                        <p class=\"feature-text\">Transformoni skedar\u00ebt MP3 t\u00eb kompresuar n\u00eb formatin AIFF t\u00eb pakompresuar, duke eliminuar degradimin e m\u00ebtejsh\u00ebm t\u00eb cil\u00ebsis\u00eb gjat\u00eb flukseve profesionale t\u00eb redaktimit audio.<\/p>\n                        <ul class=\"feature-list\">\n                            <li class=\"feature-item\">\n                                <span class=\"feature-check\"><i class=\"fas fa-check-circle\"><\/i><\/span>\n                                <span class=\"feature-item-text\">Ruan besueshm\u00ebrin\u00eb maksimale t\u00eb audios nga burimi<\/span>\n                            <\/li>\n                            <li class=\"feature-item\">\n                                <span class=\"feature-check\"><i class=\"fas fa-check-circle\"><\/i><\/span>\n                                <span class=\"feature-item-text\">Nuk ka objekte shtes\u00eb kompresimi<\/span>\n                            <\/li>\n                            <li class=\"feature-item\">\n                                <span class=\"feature-check\"><i class=\"fas fa-check-circle\"><\/i><\/span>\n                                <span class=\"feature-item-text\">Ruan imazhin stereo dhe diapazonin dinamik<\/span>\n                            <\/li>\n                        <\/ul>\n                    <\/div>\n                <\/div>\n                <div class=\"feature-card\">\n                    <div class=\"feature-content\">\n                        <div class=\"feature-icon\">\n                            <i class=\"fas fa-cogs\"><\/i>\n                        <\/div>\n                        <h3 class=\"feature-title\">Standardet Profesionale Audio<\/h3>\n                        <p class=\"feature-text\">Gjeneroni skedar\u00eb AIFF q\u00eb plot\u00ebsojn\u00eb standardet e transmetimit dhe zot\u00ebrimit t\u00eb industris\u00eb, duke siguruar p\u00ebrputhshm\u00ebri me pajisjet dhe softuerin profesional audio.<\/p>\n                        <ul class=\"feature-list\">\n                            <li class=\"feature-item\">\n                                <span class=\"feature-check\"><i class=\"fas fa-check-circle\"><\/i><\/span>\n                                <span class=\"feature-item-text\">Mb\u00ebshtetje standarde e kodimit PCM<\/span>\n                            <\/li>\n                            <li class=\"feature-item\">\n                                <span class=\"feature-check\"><i class=\"fas fa-check-circle\"><\/i><\/span>\n                                <span class=\"feature-item-text\">Specifikimet audio t\u00eb gatshme p\u00ebr transmetim<\/span>\n                            <\/li>\n                            <li class=\"feature-item\">\n                                <span class=\"feature-check\"><i class=\"fas fa-check-circle\"><\/i><\/span>\n                                <span class=\"feature-item-text\">P\u00ebrputhshm\u00ebria profesionale DAW e garantuar<\/span>\n                            <\/li>\n                        <\/ul>\n                    <\/div>\n                <\/div>\n                <div class=\"feature-card\">\n                    <div class=\"feature-content\">\n                        <div class=\"feature-icon\">\n                            <i class=\"fas fa-rocket\"><\/i>\n                        <\/div>\n                        <h3 class=\"feature-title\">P\u00ebrpunim me shpejt\u00ebsi t\u00eb lart\u00eb<\/h3>\n                        <p class=\"feature-text\">Konvertoni shpejt bibliotekat e m\u00ebdha muzikore nga formati MP3 n\u00eb AIFF me algoritme t\u00eb optimizuara t\u00eb p\u00ebrpunimit audio dhe p\u00ebrdorimin me shum\u00eb b\u00ebrthama.<\/p>\n                        <ul class=\"feature-list\">\n                            <li class=\"feature-item\">\n                                <span class=\"feature-check\"><i class=\"fas fa-check-circle\"><\/i><\/span>\n                                <span class=\"feature-item-text\">P\u00ebrpunoni albume t\u00eb t\u00ebra n\u00eb sekonda<\/span>\n                            <\/li>\n                            <li class=\"feature-item\">\n                                <span class=\"feature-check\"><i class=\"fas fa-check-circle\"><\/i><\/span>\n                                <span class=\"feature-item-text\">Motori i konvertimit me shum\u00eb fije<\/span>\n                            <\/li>\n                            <li class=\"feature-item\">\n                                <span class=\"feature-check\"><i class=\"fas fa-check-circle\"><\/i><\/span>\n                                <span class=\"feature-item-text\">Nuk ka kompromise cil\u00ebsia kundrejt shpejt\u00ebsis\u00eb<\/span>\n                            <\/li>\n                        <\/ul>\n                    <\/div>\n                <\/div>\n            <\/div>\n        <\/section>\n\n\n        <!-- Why Convert Section -->\n        <section class=\"why-convert-section\">\n            <h2 class=\"section-title\">Pse t\u00eb konvertohet MP3 n\u00eb AIFF?<\/h2>\n\n            <div class=\"comparison-grid\">\n                <div class=\"format-card\">\n                    <h3 class=\"format-title\">\n                        <span class=\"format-icon\"><i class=\"fas fa-file-video\"><\/i><\/span>\n                        Format MP3\n                    <\/h3>\n                    <ul class=\"format-list\">\n                        <li class=\"format-item\">\n                            <span class=\"format-check\"><i class=\"fas fa-check-circle\"><\/i><\/span>\n                            <span class=\"format-text\">Efikasitet i shk\u00eblqyesh\u00ebm i kompresimit me madh\u00ebsi t\u00eb vogla skedar\u00ebsh ideale p\u00ebr shp\u00ebrndarje<\/span>\n                        <\/li>\n                        <li class=\"format-item\">\n                            <span class=\"format-check\"><i class=\"fas fa-check-circle\"><\/i><\/span>\n                            <span class=\"format-text\">P\u00ebrputhshm\u00ebri universale n\u00eb t\u00eb gjitha pajisjet dhe platformat<\/span>\n                        <\/li>\n                        <li class=\"format-item\">\n                            <span class=\"format-check\"><i class=\"fas fa-times-circle\"><\/i><\/span>\n                            <span class=\"format-text\">Kompresimi me humbje heq p\u00ebrgjithmon\u00eb t\u00eb dh\u00ebnat audio dhe prezanton artefakte<\/span>\n                        <\/li>\n                        <li class=\"format-item\">\n                            <span class=\"format-check\"><i class=\"fas fa-times-circle\"><\/i><\/span>\n                            <span class=\"format-text\">I kufizuar n\u00eb shpejt\u00ebsin\u00eb maksimale t\u00eb biteve 320 kbps q\u00eb ndikon n\u00eb cil\u00ebsin\u00eb profesionale t\u00eb audios<\/span>\n                        <\/li>\n                        <li class=\"format-item\">\n                            <span class=\"format-check\"><i class=\"fas fa-times-circle\"><\/i><\/span>\n                            <span class=\"format-text\">Jo i p\u00ebrshtatsh\u00ebm p\u00ebr redaktimin e audios p\u00ebr shkak t\u00eb humbjes s\u00eb gjenerimit gjat\u00eb rikodimit<\/span>\n                        <\/li>\n                    <\/ul>\n                <\/div>\n\n                <div class=\"format-card\">\n                    <h3 class=\"format-title\">\n                        <span class=\"format-icon\"><i class=\"fas fa-file-video\"><\/i><\/span>\n                        Formati AIFF\n                    <\/h3>\n                    <ul class=\"format-list\">\n                        <li class=\"format-item\">\n                            <span class=\"format-check\"><i class=\"fas fa-check-circle\"><\/i><\/span>\n                            <span class=\"format-text\">Audioja e pakompresuar PCM ruan integritetin e plot\u00eb origjinal t\u00eb t\u00eb dh\u00ebnave audio<\/span>\n                        <\/li>\n                        <li class=\"format-item\">\n                            <span class=\"format-check\"><i class=\"fas fa-check-circle\"><\/i><\/span>\n                            <span class=\"format-text\">Mb\u00ebshtetje vendase n\u00eb DAW profesionale si Pro Tools, Logic Pro dhe Cubase<\/span>\n                        <\/li>\n                        <li class=\"format-item\">\n                            <span class=\"format-check\"><i class=\"fas fa-check-circle\"><\/i><\/span>\n                            <span class=\"format-text\">Standardi i industris\u00eb p\u00ebr transmetimin dhe zot\u00ebrimin e aplikacioneve<\/span>\n                        <\/li>\n                        <li class=\"format-item\">\n                            <span class=\"format-check\"><i class=\"fas fa-check-circle\"><\/i><\/span>\n                            <span class=\"format-text\">Mb\u00ebshtet norma t\u00eb larta t\u00eb mostr\u00ebs deri n\u00eb 192 kHz dhe thell\u00ebsi 32-bit<\/span>\n                        <\/li>\n                        <li class=\"format-item\">\n                            <span class=\"format-check\"><i class=\"fas fa-times-circle\"><\/i><\/span>\n                            <span class=\"format-text\">Madh\u00ebsit\u00eb e m\u00ebdha t\u00eb skedar\u00ebve k\u00ebrkojn\u00eb shum\u00eb m\u00eb shum\u00eb hap\u00ebsir\u00eb \u200b\u200bruajt\u00ebse sesa formatet e kompresuara<\/span>\n                        <\/li>\n                    <\/ul>\n                <\/div>\n            <\/div>\n        <\/section>\n\n\n        <!-- Technical Details Section -->\n        <section class=\"technical-details-section\">\n            <h2 class=\"section-title\">Detajet Teknike<\/h2>\n\n            <div class=\"technical-details-grid\">\n                <div class=\"tech-detail-card\">\n                    <h3 class=\"tech-detail-title\">\n                        <span class=\"tech-detail-icon\"><i class=\"fas fa-wave-square\"><\/i><\/span>\n                        Konvertimi i formatit audio\n                    <\/h3>\n                    <p class=\"tech-detail-text\">MP3 p\u00ebrdor kompresimin me humbje MPEG-1 Layer 3 me modelim psikoakustik, nd\u00ebrsa AIFF ruan t\u00eb dh\u00ebnat audio t\u00eb pakompresuara PCM n\u00eb kontejnerin e formatit t\u00eb skedarit t\u00eb shk\u00ebmbimit audio t\u00eb Apple. Procesi i konvertimit dekompreson t\u00eb dh\u00ebnat MP3 dhe i ripaketon ato si PCM lineare pa humbje t\u00eb m\u00ebtejshme t\u00eb cil\u00ebsis\u00eb.<\/p>\n                <\/div>\n                <div class=\"tech-detail-card\">\n                    <h3 class=\"tech-detail-title\">\n                        <span class=\"tech-detail-icon\"><i class=\"fas fa-chart-line\"><\/i><\/span>\n                        Ruajtja e norm\u00ebs s\u00eb mostr\u00ebs\n                    <\/h3>\n                    <p class=\"tech-detail-text\">Formati AIFF mb\u00ebshtet t\u00eb nj\u00ebjtat shpejt\u00ebsi t\u00eb mostr\u00ebs si burimi MP3 (zakonisht 44,1 kHz ose 48 kHz) nd\u00ebrsa zgjeron thell\u00ebsin\u00eb e bitit n\u00eb PCM t\u00eb pakompresuar 16-bit ose 24-bit. Kjo eliminon artefaktet e ngjeshjes psikoakustike t\u00eb pranishme n\u00eb kodimin MP3.<\/p>\n                <\/div>\n                <div class=\"tech-detail-card\">\n                    <h3 class=\"tech-detail-title\">\n                        <span class=\"tech-detail-icon\"><i class=\"fas fa-microchip\"><\/i><\/span>\n                        Trajtimi i meta t\u00eb dh\u00ebnave\n                    <\/h3>\n                    <p class=\"tech-detail-text\">Etiketat ID3 nga skedar\u00ebt MP3 konvertohen n\u00eb sistemin e meta t\u00eb dh\u00ebnave t\u00eb AIFF-it t\u00eb bazuar n\u00eb copa, duke ruajtur informacionin e artistit, albumit dhe k\u00ebng\u00ebve. AIFF p\u00ebrdor pjes\u00eb t\u00eb ve\u00e7anta p\u00ebr komente, sh\u00ebnime dhe meta t\u00eb dh\u00ebna t\u00eb tjera brenda struktur\u00ebs s\u00eb skedarit.<\/p>\n                <\/div>\n            <\/div>\n        <\/section>\n\n\n        <!-- How It Works Section -->\n        <section id=\"how-it-works\" class=\"how-it-works-section\">\n            <h2 class=\"section-title\">Si t\u00eb konvertohet MP3 n\u00eb AIFF<\/h2>\n\n            <div class=\"steps-container\">\n                <div class=\"step-card\">\n                    <div class=\"step-number\">1<\/div>\n                    <div class=\"step-content\">\n                        <h3 class=\"step-title\">Shkarkoni dhe instaloni<\/h3>\n                        <p class=\"step-text\">Shkarkoni Convertify falas dhe instaloni n\u00eb kompjuterin tuaj Windows. Nuk k\u00ebrkohet llogari ose regjistrim.<\/p>\n                    <\/div>\n                <\/div>\n                <div class=\"step-card\">\n                    <div class=\"step-number\">2<\/div>\n                    <div class=\"step-content\">\n                        <h3 class=\"step-title\">Shtoni skedar\u00ebt tuaj MP3<\/h3>\n                        <p class=\"step-text\">Zvarritni dhe l\u00ebshoni skedar\u00ebt tuaj MP3 n\u00eb Convertify ose p\u00ebrdorni shfletuesin e skedar\u00ebve p\u00ebr t&#8217;i zgjedhur ato.<\/p>\n                    <\/div>\n                <\/div>\n                <div class=\"step-card\">\n                    <div class=\"step-number\">3<\/div>\n                    <div class=\"step-content\">\n                        <h3 class=\"step-title\">Zgjidhni daljen AIFF<\/h3>\n                        <p class=\"step-text\">Zgjidhni AIFF si formatin tuaj t\u00eb daljes. Rregulloni cil\u00ebsimet e cil\u00ebsis\u00eb n\u00ebse \u00ebsht\u00eb e nevojshme.<\/p>\n                    <\/div>\n                <\/div>\n                <div class=\"step-card\">\n                    <div class=\"step-number\">4<\/div>\n                    <div class=\"step-content\">\n                        <h3 class=\"step-title\">Konverto &#038; Ruaj<\/h3>\n                        <p class=\"step-text\">Klikoni &#8220;Konverto&#8221; dhe skedar\u00ebt tuaj do t\u00eb p\u00ebrpunohen menj\u00ebher\u00eb. Ruani ato kudo n\u00eb kompjuterin tuaj.<\/p>\n                    <\/div>\n                <\/div>\n            <\/div>\n        <\/section>\n\n\n        <!-- Use Cases Section -->\n        <section class=\"use-cases-section\">\n            <h2 class=\"section-title\">Kur t\u00eb p\u00ebrdorni konvertimin MP3 n\u00eb AIFF<\/h2>\n\n            <div class=\"use-cases-grid\">\n                <div class=\"use-case-card\">\n                    <div class=\"use-case-icon\"><i class=\"fas fa-music\"><\/i><\/div>\n                    <h3 class=\"use-case-title\">Rrjedhat e pun\u00ebs s\u00eb prodhimit audio<\/h3>\n                    <p class=\"use-case-text\">Konvertoni pjes\u00ebt MP3 n\u00eb AIFF p\u00ebr t&#8217;i importuar n\u00eb DAW profesionale ku k\u00ebrkohet audio e pakompresuar p\u00ebr p\u00ebrzierjen, masterizimin dhe p\u00ebrpunimin e efekteve pa humbje t\u00eb cil\u00ebsis\u00eb s\u00eb gjenerimit.<\/p>\n                <\/div>\n                <div class=\"use-case-card\">\n                    <div class=\"use-case-icon\"><i class=\"fas fa-broadcast-tower\"><\/i><\/div>\n                    <h3 class=\"use-case-title\">Standardet e Transmetimit<\/h3>\n                    <p class=\"use-case-text\">P\u00ebrgatitni p\u00ebrmbajtje audio p\u00ebr sistemet e transmetimit t\u00eb radios dhe televizionit q\u00eb k\u00ebrkojn\u00eb format AIFF t\u00eb pakompresuar p\u00ebr cil\u00ebsin\u00eb e transmetimit dhe pajtueshm\u00ebrin\u00eb me rregullat.<\/p>\n                <\/div>\n                <div class=\"use-case-card\">\n                    <div class=\"use-case-icon\"><i class=\"fas fa-compact-disc\"><\/i><\/div>\n                    <h3 class=\"use-case-title\">P\u00ebrgatitja p\u00ebr Mastering CD<\/h3>\n                    <p class=\"use-case-text\">Konvertoni audion n\u00eb formatin AIFF si p\u00ebrgatitje p\u00ebr masterizimin dhe replikimin e CD-s\u00eb, duke siguruar cil\u00ebsin\u00eb m\u00eb t\u00eb lart\u00eb t\u00eb mundshme nga materiali burim i kompresuar.<\/p>\n                <\/div>\n                <div class=\"use-case-card\">\n                    <div class=\"use-case-icon\"><i class=\"fas fa-archive\"><\/i><\/div>\n                    <h3 class=\"use-case-title\">Ruajtja e arkivave audio<\/h3>\n                    <p class=\"use-case-text\">Krijoni arkiva t\u00eb pakompresuara AIFF t\u00eb koleksioneve muzikore p\u00ebr t\u00eb parandaluar degradimin e m\u00ebtejsh\u00ebm t\u00eb cil\u00ebsis\u00eb gjat\u00eb ruajtjes afatgjat\u00eb dhe migrimeve t\u00eb formatit n\u00eb t\u00eb ardhmen.<\/p>\n                <\/div>\n                <div class=\"use-case-card\">\n                    <div class=\"use-case-icon\"><i class=\"fas fa-film\"><\/i><\/div>\n                    <h3 class=\"use-case-title\">Video Post-Produksioni<\/h3>\n                    <p class=\"use-case-text\">P\u00ebrgatitni pjes\u00eb audio n\u00eb formatin AIFF p\u00ebr flukset e pun\u00ebs pas prodhimit t\u00eb filmave dhe videove, ku audioja e pakompresuar \u00ebsht\u00eb thelb\u00ebsore p\u00ebr kompletet profesionale t\u00eb redaktimit.<\/p>\n                <\/div>\n                <div class=\"use-case-card\">\n                    <div class=\"use-case-icon\"><i class=\"fas fa-headphones\"><\/i><\/div>\n                    <h3 class=\"use-case-title\">Riprodhimi me audiofile<\/h3>\n                    <p class=\"use-case-text\">Konvertoni muzik\u00ebn n\u00eb AIFF p\u00ebr sisteme audio t\u00eb nivelit t\u00eb lart\u00eb dhe pajisje riprodhimi audiofile q\u00eb p\u00ebrfitojn\u00eb nga shtigjet e sinjaleve audio t\u00eb pakompresuara.<\/p>\n                <\/div>\n            <\/div>\n        <\/section>\n\n\n        <!-- Security Section -->\n        <section class=\"security-section\">\n            <h2 class=\"section-title\">Privat\u00ebsia juaj \u00ebsht\u00eb e mbrojtur<\/h2>\n\n            <div class=\"security-features\">\n                <div class=\"security-card\">\n                    <h3 class=\"security-title\">\n                        <span class=\"security-icon\"><i class=\"fas fa-lock\"><\/i><\/span>\n                        100% offline\n                    <\/h3>\n                    <p class=\"security-text\">T\u00eb gjitha konvertimet ndodhin lokalisht n\u00eb kompjuterin tuaj. Skedar\u00ebt tuaj nuk largohen kurr\u00eb nga pajisja juaj dhe nuk ngarkohen kurr\u00eb n\u00eb asnj\u00eb server.<\/p>\n                <\/div>\n                <div class=\"security-card\">\n                    <h3 class=\"security-title\">\n                        <span class=\"security-icon\"><i class=\"fas fa-user-shield\"><\/i><\/span>\n                        Nuk k\u00ebrkohet llogari\n                    <\/h3>\n                    <p class=\"security-text\">Filloni konvertimin menj\u00ebher\u00eb pa krijuar nj\u00eb llogari, duke ofruar informacione personale ose pa u regjistruar p\u00ebr ndonj\u00eb gj\u00eb.<\/p>\n                <\/div>\n                <div class=\"security-card\">\n                    <h3 class=\"security-title\">\n                        <span class=\"security-icon\"><i class=\"fas fa-trash-alt\"><\/i><\/span>\n                        Pastrim automatik\n                    <\/h3>\n                    <p class=\"security-text\">Skedar\u00ebt e p\u00ebrkohsh\u00ebm fshihen n\u00eb m\u00ebnyr\u00eb t\u00eb sigurt pas konvertimit. Skedar\u00ebt tuaj origjinal\u00eb mbeten plot\u00ebsisht t\u00eb paprekur n\u00ebse nuk zgjidhni ndryshe.<\/p>\n                <\/div>\n            <\/div>\n        <\/section>\n\n\n        <!-- FAQ Section -->\n        <section class=\"faq-section\">\n            <h2 class=\"section-title\">Pyetjet e b\u00ebra m\u00eb shpesh<\/h2>\n\n            <div class=\"faq-container\">\n                <div class=\"faq-item\">\n                    <h3 class=\"faq-question\">\n                        <span class=\"faq-icon\"><i class=\"fas fa-question-circle\"><\/i><\/span>\n                        A do t\u00eb p\u00ebrmir\u00ebsoj\u00eb cil\u00ebsin\u00eb e audios konvertimi i MP3 n\u00eb AIFF?\n                    <\/h3>\n                    <div class=\"faq-answer\">\n                        <p>Konvertimi i MP3 n\u00eb AIFF nuk do t\u00eb rivendos\u00eb t\u00eb dh\u00ebnat audio t\u00eb humbura gjat\u00eb kompresimit origjinal MP3, por parandalon humbjen e m\u00ebtejshme t\u00eb cil\u00ebsis\u00eb gjat\u00eb redaktimit dhe siguron p\u00ebrputhshm\u00ebri m\u00eb t\u00eb mir\u00eb me softuerin audio profesional q\u00eb k\u00ebrkon formate t\u00eb pakompresuara.<\/p>\n                    <\/div>\n                <\/div>\n                <div class=\"faq-item\">\n                    <h3 class=\"faq-question\">\n                        <span class=\"faq-icon\"><i class=\"fas fa-question-circle\"><\/i><\/span>\n                        Sa m\u00eb t\u00eb m\u00ebdhenj jan\u00eb skedar\u00ebt AIFF n\u00eb krahasim me MP3?\n                    <\/h3>\n                    <div class=\"faq-answer\">\n                        <p>Skedar\u00ebt AIFF jan\u00eb zakonisht 8-10 her\u00eb m\u00eb t\u00eb m\u00ebdhenj se skedar\u00ebt MP3. Nj\u00eb k\u00ebng\u00eb MP3 4 MB do t\u00eb b\u00ebhet af\u00ebrsisht 40-45 MB si skedar AIFF, n\u00eb var\u00ebsi t\u00eb shpejt\u00ebsis\u00eb origjinale t\u00eb bitit MP3 dhe thell\u00ebsis\u00eb s\u00eb bitit t\u00eb synuar AIFF.<\/p>\n                    <\/div>\n                <\/div>\n                <div class=\"faq-item\">\n                    <h3 class=\"faq-question\">\n                        <span class=\"faq-icon\"><i class=\"fas fa-question-circle\"><\/i><\/span>\n                        A mb\u00ebshtet AIFF t\u00eb nj\u00ebjtat meta t\u00eb dh\u00ebna si MP3?\n                    <\/h3>\n                    <div class=\"faq-answer\">\n                        <p>AIFF mb\u00ebshtet metadatat p\u00ebrmes ruajtjes s\u00eb bazuar n\u00eb copa, duke ruajtur shumic\u00ebn e informacionit t\u00eb etiketave ID3 nga skedar\u00ebt MP3 duke p\u00ebrfshir\u00eb artistin, titullin, albumin dhe zhanrin. Megjithat\u00eb, disa ve\u00e7ori t\u00eb avancuara ID3v2 mund t\u00eb mos ken\u00eb ekuivalent\u00eb t\u00eb drejtp\u00ebrdrejt\u00eb AIFF.<\/p>\n                    <\/div>\n                <\/div>\n                <div class=\"faq-item\">\n                    <h3 class=\"faq-question\">\n                        <span class=\"faq-icon\"><i class=\"fas fa-question-circle\"><\/i><\/span>\n                        A mund t\u00eb p\u00ebrdor skedar\u00ebt AIFF n\u00eb media player t\u00eb Windows?\n                    <\/h3>\n                    <div class=\"faq-answer\">\n                        <p>Nd\u00ebrsa AIFF \u00ebsht\u00eb nj\u00eb format Apple, shumica e lojtar\u00ebve t\u00eb mediave t\u00eb Windows duke p\u00ebrfshir\u00eb VLC, Foobar2000 dhe Windows Media Player me kodek\u00eb t\u00eb p\u00ebrshtatsh\u00ebm mund t\u00eb luajn\u00eb skedar\u00eb AIFF. Megjithat\u00eb, MP3 ka pajtueshm\u00ebri m\u00eb t\u00eb gjer\u00eb t\u00eb Windows-it.<\/p>\n                    <\/div>\n                <\/div>\n                <div class=\"faq-item\">\n                    <h3 class=\"faq-question\">\n                        <span class=\"faq-icon\"><i class=\"fas fa-question-circle\"><\/i><\/span>\n                        A \u00ebsht\u00eb AIFF m\u00eb i mir\u00eb se WAV p\u00ebr pun\u00eb profesionale audio?\n                    <\/h3>\n                    <div class=\"faq-answer\">\n                        <p>T\u00eb dy AIFF dhe WAV jan\u00eb formate PCM t\u00eb pakompresuara t\u00eb p\u00ebrshtatshme p\u00ebr pun\u00eb profesionale. AIFF preferohet n\u00eb studiot me baz\u00eb Mac dhe ofron mb\u00ebshtetje m\u00eb t\u00eb mir\u00eb t\u00eb meta t\u00eb dh\u00ebnave, nd\u00ebrsa WAV \u00ebsht\u00eb m\u00eb i zakonsh\u00ebm n\u00eb mjediset Windows. Cil\u00ebsia e audios \u00ebsht\u00eb e nj\u00ebjt\u00eb.<\/p>\n                    <\/div>\n                <\/div>\n                <div class=\"faq-item\">\n                    <h3 class=\"faq-question\">\n                        <span class=\"faq-icon\"><i class=\"fas fa-question-circle\"><\/i><\/span>\n                        A duhet ta konvertoj t\u00eb gjith\u00eb bibliotek\u00ebn time MP3 n\u00eb AIFF?\n                    <\/h3>\n                    <div class=\"faq-answer\">\n                        <p>Konvertojeni n\u00eb AIFF vet\u00ebm n\u00ebse keni nevoj\u00eb p\u00ebr audio t\u00eb pakompresuar p\u00ebr redaktim profesional, q\u00ebllime arkivore ose k\u00ebrkesa specifike riprodhimi. P\u00ebr d\u00ebgjim t\u00eb rast\u00ebsish\u00ebm, skedar\u00ebt MP3 jan\u00eb m\u00eb praktik p\u00ebr shkak t\u00eb k\u00ebrkesave m\u00eb t\u00eb vogla t\u00eb ruajtjes.<\/p>\n                    <\/div>\n                <\/div>\n                <div class=\"faq-item\">\n                    <h3 class=\"faq-question\">\n                        <span class=\"faq-icon\"><i class=\"fas fa-question-circle\"><\/i><\/span>\n                        Cilat norma t\u00eb mostr\u00ebs mb\u00ebshtet AIFF?\n                    <\/h3>\n                    <div class=\"faq-answer\">\n                        <p>AIFF mb\u00ebshtet shpejt\u00ebsit\u00eb e mostr\u00ebs nga 8 kHz n\u00eb 192 kHz dhe thell\u00ebsi bit nga 8-bit n\u00eb 32-bit. Kur konvertohet nga MP3, dalja do t\u00eb p\u00ebrputhet me shpejt\u00ebsin\u00eb e kampionit t\u00eb burimit (zakonisht 44,1 kHz), por do t\u00eb zgjerohet n\u00eb kodimin PCM t\u00eb pakompresuar.<\/p>\n                    <\/div>\n                <\/div>\n                <div class=\"faq-item\">\n                    <h3 class=\"faq-question\">\n                        <span class=\"faq-icon\"><i class=\"fas fa-question-circle\"><\/i><\/span>\n                        A mund t\u00eb konvertoj n\u00eb grup albume t\u00eb shumta MP3 n\u00eb AIFF?\n                    <\/h3>\n                    <div class=\"faq-answer\">\n                        <p>Po, Convertify mb\u00ebshtet p\u00ebrpunimin masiv t\u00eb grupit, duke ju lejuar t\u00eb konvertoni t\u00eb gjitha bibliotekat muzikore nga MP3 n\u00eb AIFF nj\u00ebkoh\u00ebsisht. Tipari i p\u00ebrpunimit t\u00eb grupit ruan strukturat e dosjeve dhe ruan t\u00eb gjitha meta t\u00eb dh\u00ebnat gjat\u00eb konvertimit.<\/p>\n                    <\/div>\n                <\/div>\n            <\/div>\n        <\/section>\n\n\n        <!-- CTA Section -->\n        <section class=\"cta-section\">\n            <div class=\"cta-pattern\"><\/div>\n            <div class=\"cta-content\">\n                <h2 class=\"cta-title\">Gati p\u00ebr t\u00eb konvertuar skedar\u00ebt tuaj?<\/h2>\n                <p class=\"cta-text\">Shkarkoni Convertify tani dhe filloni t\u00eb konvertoni MP3 n\u00eb AIFF menj\u00ebher\u00eb. Falas, i pakufizuar dhe plot\u00ebsisht jasht\u00eb linje.<\/p>\n                <div class=\"hero-buttons\">\n                    <a href=\"\/download\" class=\"btn btn-primary\">Shkarkoni Convertify Falas<\/a>\n                    <a href=\"\/pricing\" class=\"btn btn-secondary\">Shiko \u00e7mimet<\/a>\n                <\/div>\n            <\/div>\n        <\/section>\n    <\/div>\n<\/body>\n<\/html>\n\n\n\n<p><\/p>\n","protected":false},"excerpt":{"rendered":"<p>Konvertuesi MP3 n\u00eb AIFF: Audio profesionale, falas dhe jasht\u00eb linje Konvertuesi MP3 n\u00eb AIFF Konvertoni skedar\u00ebt MP3 n\u00eb formatin AIFF [&hellip;]<\/p>\n","protected":false},"author":1,"featured_media":0,"parent":0,"menu_order":0,"comment_status":"closed","ping_status":"closed","template":"","meta":{"pagelayer_contact_templates":[],"_pagelayer_content":"","_uag_custom_page_level_css":"","site-sidebar-layout":"default","site-content-layout":"","ast-site-content-layout":"","site-content-style":"default","site-sidebar-style":"default","ast-global-header-display":"","ast-banner-title-visibility":"","ast-main-header-display":"","ast-hfb-above-header-display":"","ast-hfb-below-header-display":"","ast-hfb-mobile-header-display":"","site-post-title":"disabled","ast-breadcrumbs-content":"","ast-featured-img":"","footer-sml-layout":"","theme-transparent-header-meta":"","adv-header-id-meta":"","stick-header-meta":"","header-above-stick-meta":"","header-main-stick-meta":"","header-below-stick-meta":"","astra-migrate-meta-layouts":"default","ast-page-background-enabled":"default","ast-page-background-meta":{"desktop":{"background-color":"var(--ast-global-color-5)","background-image":"","background-repeat":"repeat","background-position":"center center","background-size":"auto","background-attachment":"scroll","background-type":"","background-media":"","overlay-type":"","overlay-color":"","overlay-opacity":"","overlay-gradient":""},"tablet":{"background-color":"","background-image":"","background-repeat":"repeat","background-position":"center center","background-size":"auto","background-attachment":"scroll","background-type":"","background-media":"","overlay-type":"","overlay-color":"","overlay-opacity":"","overlay-gradient":""},"mobile":{"background-color":"","background-image":"","background-repeat":"repeat","background-position":"center center","background-size":"auto","background-attachment":"scroll","background-type":"","background-media":"","overlay-type":"","overlay-color":"","overlay-opacity":"","overlay-gradient":""}},"ast-content-background-meta":{"desktop":{"background-color":"var(--ast-global-color-4)","background-image":"","background-repeat":"repeat","background-position":"center center","background-size":"auto","background-attachment":"scroll","background-type":"","background-media":"","overlay-type":"","overlay-color":"","overlay-opacity":"","overlay-gradient":""},"tablet":{"background-color":"var(--ast-global-color-4)","background-image":"","background-repeat":"repeat","background-position":"center center","background-size":"auto","background-attachment":"scroll","background-type":"","background-media":"","overlay-type":"","overlay-color":"","overlay-opacity":"","overlay-gradient":""},"mobile":{"background-color":"var(--ast-global-color-4)","background-image":"","background-repeat":"repeat","background-position":"center center","background-size":"auto","background-attachment":"scroll","background-type":"","background-media":"","overlay-type":"","overlay-color":"","overlay-opacity":"","overlay-gradient":""}},"footnotes":""},"class_list":["post-740441","page","type-page","status-publish","hentry"],"uagb_featured_image_src":{"full":false,"thumbnail":false,"medium":false,"medium_large":false,"large":false,"1536x1536":false,"2048x2048":false,"woocommerce_thumbnail":false,"woocommerce_single":false,"woocommerce_gallery_thumbnail":false},"uagb_author_info":{"display_name":"convertify","author_link":"https:\/\/convertifypro.com\/author\/convertifypro\/"},"uagb_comment_info":0,"uagb_excerpt":"Konvertuesi MP3 n\u00eb AIFF: Audio profesionale, falas dhe jasht\u00eb linje Konvertuesi MP3 n\u00eb AIFF Konvertoni skedar\u00ebt MP3 n\u00eb formatin AIFF [&hellip;]","_links":{"self":[{"href":"https:\/\/convertifypro.com\/wp-json\/wp\/v2\/pages\/740441","targetHints":{"allow":["GET"]}}],"collection":[{"href":"https:\/\/convertifypro.com\/wp-json\/wp\/v2\/pages"}],"about":[{"href":"https:\/\/convertifypro.com\/wp-json\/wp\/v2\/types\/page"}],"author":[{"embeddable":true,"href":"https:\/\/convertifypro.com\/wp-json\/wp\/v2\/users\/1"}],"replies":[{"embeddable":true,"href":"https:\/\/convertifypro.com\/wp-json\/wp\/v2\/comments?post=740441"}],"version-history":[{"count":0,"href":"https:\/\/convertifypro.com\/wp-json\/wp\/v2\/pages\/740441\/revisions"}],"wp:attachment":[{"href":"https:\/\/convertifypro.com\/wp-json\/wp\/v2\/media?parent=740441"}],"curies":[{"name":"wp","href":"https:\/\/api.w.org\/{rel}","templated":true}]}}