{"id":740301,"date":"2026-01-21T22:48:28","date_gmt":"2026-01-21T22:48:28","guid":{"rendered":"https:\/\/convertifypro.com\/?page_id=740301"},"modified":"2026-01-21T22:48:28","modified_gmt":"2026-01-21T22:48:28","slug":"avif-to-pdf-converter","status":"publish","type":"page","link":"https:\/\/convertifypro.com\/sq\/konvertuesi-avif-ne-pdf\/","title":{"rendered":"Konvertuesi AVIF n\u00eb PDF"},"content":{"rendered":"<style class=\"wpcode-css-snippet\">.ast-custom-button {\r\n  display: none;\r\n}<\/style>\n\n\n\n<!DOCTYPE html>\n<html lang=\"en\">\n<head>\n    <meta charset=\"UTF-8\">\n    <meta name=\"viewport\" content=\"width=device-width, initial-scale=1.0\">\n    <meta name=\"description\" content=\"Convert AVIF images to PDF documents with our powerful offline converter. Perfect for portfolios, presentations, and universal compatibility.\">\n    <meta name=\"keywords\" content=\"AVIF to PDF converter, convert AVIF to PDF, AVIF PDF conversion, offline image converter, Windows AVIF converter, AV1 image to PDF, batch AVIF conversion, free PDF converter\">\n    <title>Konvertuesi AVIF n\u00eb PDF: i shpejt\u00eb, falas dhe jasht\u00eb linje p\u00ebr Windows<\/title>\n    <link rel=\"stylesheet\" href=\"https:\/\/cdnjs.cloudflare.com\/ajax\/libs\/font-awesome\/6.4.0\/css\/all.min.css\">\n    \n    <style>\n        \/* Main Styles *\/\n        :root {\n            --primary-color: #FD9800;\n            --primary-hover: #e88a00;\n            --text-color: #3A3A3A;\n            --light-bg: #f8faff;\n            --gradient-bg: linear-gradient(135deg, #f8faff 0%, #fff5e6 100%);\n            --box-shadow: 0 10px 30px rgba(0, 0, 0, 0.05);\n            --hover-shadow: 0 15px 35px rgba(0, 0, 0, 0.1);\n            --border-color: #f1f5f9;\n        }\n\n        .converter-section {\n            max-width: 1200px;\n            margin: 0 auto;\n            padding: 2rem 1.5rem;\n            font-family: 'Inter', 'Segoe UI', system-ui, -apple-system, sans-serif;\n            color: var(--text-color);\n        }\n\n        \/* Hero Section *\/\n        .hero-section {\n            text-align: center;\n            padding: 3rem 1rem;\n            margin-bottom: 3rem;\n            background: var(--gradient-bg);\n            border-radius: 16px;\n            position: relative;\n            overflow: hidden;\n        }\n\n        .hero-pattern {\n            position: absolute;\n            top: 0;\n            left: 0;\n            right: 0;\n            bottom: 0;\n            background-image: url(\"data:image\/svg+xml,%3Csvg width='60' height='60' viewBox='0 0 60 60' xmlns='http:\/\/www.w3.org\/2000\/svg'%3E%3Cg fill='none' fill-rule='evenodd'%3E%3Cg fill='%23fd9800' fill-opacity='0.05'%3E%3Cpath d='M36 34v-4h-2v4h-4v2h4v4h2v-4h4v-2h-4zm0-30V0h-2v4h-4v2h4v4h2V6h4V4h-4zM6 34v-4H4v4H0v2h4v4h2v-4h4v-2H6zM6 4V0H4v4H0v2h4v4h2V6h4V4H6z'\/%3E%3C\/g%3E%3C\/g%3E%3C\/svg%3E\");\n            opacity: 0.5;\n            z-index: 0;\n        }\n\n        .hero-content {\n            position: relative;\n            z-index: 1;\n            max-width: 800px;\n            margin: 0 auto;\n        }\n\n        .hero-title {\n            font-size: 2.8rem;\n            font-weight: 800;\n            margin-bottom: 1.5rem;\n            color: var(--text-color);\n        }\n\n        .hero-subtitle {\n            font-size: 1.25rem;\n            margin-bottom: 2rem;\n            color: var(--text-color);\n            line-height: 1.6;\n        }\n\n        .hero-badges {\n            display: flex;\n            flex-wrap: wrap;\n            justify-content: center;\n            gap: 1rem;\n            margin-bottom: 2rem;\n        }\n\n        .hero-badge {\n            display: flex;\n            align-items: center;\n            background: white;\n            border-radius: 50px;\n            padding: 0.5rem 1rem;\n            box-shadow: var(--box-shadow);\n            transition: all 0.3s ease;\n            border: 1px solid var(--border-color);\n        }\n\n        .hero-badge:hover {\n            transform: translateY(-3px);\n            box-shadow: var(--hover-shadow);\n            border-color: rgba(253, 152, 0, 0.3);\n        }\n\n        .hero-badge-icon {\n            color: var(--primary-color);\n            margin-right: 0.5rem;\n            font-size: 1rem;\n        }\n\n        .hero-badge-text {\n            font-size: 0.9rem;\n            font-weight: 600;\n            color: var(--text-color);\n        }\n\n        .hero-buttons {\n            display: flex;\n            justify-content: center;\n            gap: 1rem;\n            flex-wrap: wrap;\n        }\n\n        .btn {\n            display: inline-block;\n            padding: 0.75rem 1.5rem;\n            border-radius: 8px;\n            font-weight: 600;\n            text-decoration: none !important;\n            transition: all 0.3s ease;\n            cursor: pointer;\n            font-size: 1rem;\n        }\n\n        .btn-primary {\n            background-color: var(--primary-color);\n            color: white !important;\n            box-shadow: 0 8px 16px rgba(253, 152, 0, 0.2);\n            border: none;\n        }\n\n        .btn-primary:hover {\n            background-color: var(--primary-hover);\n            transform: translateY(-2px);\n            text-decoration: none !important;\n        }\n\n        .btn-secondary {\n            background-color: white;\n            color: var(--primary-color) !important;\n            border: 1px solid var(--border-color);\n        }\n\n        .btn-secondary:hover {\n            background-color: #fff5e6;\n            transform: translateY(-2px);\n            text-decoration: none !important;\n        }\n\n        \/* Features Section *\/\n        .features-section {\n            margin-bottom: 4rem;\n        }\n\n        .section-title {\n            font-size: 2.2rem;\n            font-weight: 700;\n            text-align: center;\n            margin-bottom: 2.5rem;\n            color: var(--text-color);\n        }\n\n        .features-grid {\n            display: grid;\n            grid-template-columns: repeat(auto-fit, minmax(300px, 1fr));\n            gap: 2rem;\n        }\n\n        .feature-card {\n            background: white;\n            border-radius: 16px;\n            overflow: hidden;\n            box-shadow: var(--box-shadow);\n            transition: all 0.3s ease;\n            border: 1px solid var(--border-color);\n            height: 100%;\n            display: flex;\n            flex-direction: column;\n        }\n\n        .feature-card:hover {\n            transform: translateY(-5px);\n            box-shadow: var(--hover-shadow);\n            border-color: rgba(253, 152, 0, 0.3);\n        }\n\n        .feature-icon {\n            width: 60px;\n            height: 60px;\n            background-color: rgba(253, 152, 0, 0.15);\n            color: var(--primary-color);\n            border-radius: 12px;\n            display: flex;\n            align-items: center;\n            justify-content: center;\n            margin-bottom: 1.5rem;\n            font-size: 1.8rem;\n            transition: all 0.3s ease;\n        }\n\n        .feature-card:hover .feature-icon {\n            background: linear-gradient(135deg, #FD9800 0%, #FF6D00 100%);\n            color: white;\n            box-shadow: 0 10px 20px rgba(253, 152, 0, 0.2);\n        }\n\n        .feature-content {\n            padding: 2rem;\n            flex-grow: 1;\n        }\n\n        .feature-title {\n            font-size: 1.4rem;\n            font-weight: 700;\n            margin-bottom: 1rem;\n            color: var(--text-color);\n        }\n\n        .feature-text {\n            font-size: 1rem;\n            color: #555;\n            line-height: 1.6;\n            margin-bottom: 1.5rem;\n        }\n\n        .feature-list {\n            list-style: none;\n            padding: 0;\n            margin: 0;\n        }\n\n        .feature-item {\n            display: flex;\n            align-items: flex-start;\n            margin-bottom: 0.75rem;\n            line-height: 1.5;\n        }\n\n        .feature-check {\n            color: var(--primary-color);\n            margin-right: 0.75rem;\n            flex-shrink: 0;\n            margin-top: 0.2rem;\n        }\n\n        .feature-item-text {\n            font-size: 0.95rem;\n            color: var(--text-color);\n        }\n\n        \/* Why Convert Section *\/\n        .why-convert-section {\n            margin-bottom: 4rem;\n            background: var(--light-bg);\n            border-radius: 16px;\n            padding: 3rem 2rem;\n        }\n\n        .comparison-grid {\n            display: grid;\n            grid-template-columns: repeat(auto-fit, minmax(300px, 1fr));\n            gap: 2rem;\n            margin-top: 2rem;\n        }\n\n        .format-card {\n            background: white;\n            border-radius: 16px;\n            padding: 1.5rem;\n            box-shadow: var(--box-shadow);\n            transition: all 0.3s ease;\n            border: 1px solid var(--border-color);\n        }\n\n        .format-card:hover {\n            transform: translateY(-5px);\n            box-shadow: var(--hover-shadow);\n            border-color: rgba(253, 152, 0, 0.3);\n        }\n\n        .format-title {\n            font-size: 1.6rem;\n            font-weight: 700;\n            margin-bottom: 1.25rem;\n            color: var(--text-color);\n            display: flex;\n            align-items: center;\n        }\n\n        .format-icon {\n            color: var(--primary-color);\n            margin-right: 0.75rem;\n            font-size: 1.6rem;\n        }\n\n        .format-list {\n            list-style: none;\n            padding: 0;\n            margin: 0;\n        }\n\n        .format-item {\n            display: flex;\n            align-items: flex-start;\n            margin-bottom: 0.85rem;\n        }\n\n        .format-check {\n            color: var(--primary-color);\n            margin-right: 0.75rem;\n            flex-shrink: 0;\n            margin-top: 0.2rem;\n        }\n\n        .format-text {\n            font-size: 0.95rem;\n            color: #555;\n            line-height: 1.5;\n        }\n\n        \/* How It Works Section *\/\n        .how-it-works-section {\n            margin-bottom: 4rem;\n        }\n\n        .steps-container {\n            max-width: 900px;\n            margin: 0 auto;\n        }\n\n        .step-card {\n            display: flex;\n            align-items: flex-start;\n            background: white;\n            border-radius: 16px;\n            padding: 2rem;\n            box-shadow: var(--box-shadow);\n            margin-bottom: 2rem;\n            border: 1px solid var(--border-color);\n            transition: all 0.3s ease;\n        }\n\n        .step-card:hover {\n            transform: translateY(-5px);\n            box-shadow: var(--hover-shadow);\n            border-color: rgba(253, 152, 0, 0.3);\n        }\n\n        .step-number {\n            width: 50px;\n            height: 50px;\n            background-color: rgba(253, 152, 0, 0.15);\n            color: var(--primary-color);\n            border-radius: 50%;\n            display: flex;\n            align-items: center;\n            justify-content: center;\n            font-size: 1.5rem;\n            font-weight: 700;\n            margin-right: 1.5rem;\n            flex-shrink: 0;\n            transition: all 0.3s ease;\n        }\n\n        .step-card:hover .step-number {\n            background: linear-gradient(135deg, #FD9800 0%, #FF6D00 100%);\n            color: white;\n            box-shadow: 0 10px 20px rgba(253, 152, 0, 0.2);\n        }\n\n        .step-content {\n            flex: 1;\n        }\n\n        .step-title {\n            font-size: 1.4rem;\n            font-weight: 700;\n            margin-bottom: 0.75rem;\n            color: var(--text-color);\n        }\n\n        .step-text {\n            font-size: 1rem;\n            color: #555;\n            line-height: 1.6;\n        }\n\n        \/* Use Cases Section *\/\n        .use-cases-section {\n            margin-bottom: 4rem;\n            background: var(--light-bg);\n            border-radius: 16px;\n            padding: 3rem 2rem;\n        }\n\n        .use-cases-grid {\n            display: grid;\n            grid-template-columns: repeat(auto-fit, minmax(300px, 1fr));\n            gap: 2rem;\n            margin-top: 2rem;\n        }\n\n        .use-case-card {\n            background: white;\n            border-radius: 16px;\n            padding: 1.5rem;\n            box-shadow: var(--box-shadow);\n            transition: all 0.3s ease;\n            border: 1px solid var(--border-color);\n            height: 100%;\n        }\n\n        .use-case-card:hover {\n            transform: translateY(-5px);\n            box-shadow: var(--hover-shadow);\n            border-color: rgba(253, 152, 0, 0.3);\n        }\n\n        .use-case-icon {\n            color: var(--primary-color);\n            font-size: 2rem;\n            margin-bottom: 1rem;\n        }\n\n        .use-case-title {\n            font-size: 1.3rem;\n            font-weight: 700;\n            margin-bottom: 1rem;\n            color: var(--text-color);\n        }\n\n        .use-case-text {\n            font-size: 0.95rem;\n            color: #555;\n            line-height: 1.6;\n        }\n\n        \/* FAQ Section *\/\n        .faq-section {\n            margin-bottom: 4rem;\n        }\n\n        .faq-container {\n            max-width: 900px;\n            margin: 0 auto;\n        }\n\n        .faq-item {\n            background: white;\n            border-radius: 16px;\n            padding: 1.5rem 2rem;\n            box-shadow: var(--box-shadow);\n            margin-bottom: 1.5rem;\n            border: 1px solid var(--border-color);\n            transition: all 0.3s ease;\n        }\n\n        .faq-item:hover {\n            transform: translateY(-3px);\n            box-shadow: var(--hover-shadow);\n            border-color: rgba(253, 152, 0, 0.3);\n        }\n\n        .faq-question {\n            font-size: 1.2rem;\n            font-weight: 700;\n            margin-bottom: 1rem;\n            color: var(--text-color);\n            display: flex;\n            align-items: center;\n        }\n\n        .faq-icon {\n            color: var(--primary-color);\n            margin-right: 0.75rem;\n            font-size: 1.2rem;\n        }\n\n        .faq-answer {\n            font-size: 1rem;\n            color: #555;\n            line-height: 1.6;\n        }\n\n        \/* Technical Details Section *\/\n        .technical-details-section {\n            margin-bottom: 4rem;\n        }\n\n        .technical-details-grid {\n            display: grid;\n            grid-template-columns: repeat(auto-fit, minmax(300px, 1fr));\n            gap: 2rem;\n        }\n\n        .tech-detail-card {\n            background: white;\n            border-radius: 16px;\n            padding: 1.5rem;\n            box-shadow: var(--box-shadow);\n            transition: all 0.3s ease;\n            border: 1px solid var(--border-color);\n        }\n\n        .tech-detail-card:hover {\n            transform: translateY(-5px);\n            box-shadow: var(--hover-shadow);\n            border-color: rgba(253, 152, 0, 0.3);\n        }\n\n        .tech-detail-title {\n            font-size: 1.3rem;\n            font-weight: 700;\n            margin-bottom: 1rem;\n            color: var(--text-color);\n            display: flex;\n            align-items: center;\n        }\n\n        .tech-detail-icon {\n            color: var(--primary-color);\n            margin-right: 0.75rem;\n            font-size: 1.3rem;\n        }\n\n        .tech-detail-text {\n            font-size: 0.95rem;\n            color: #555;\n            line-height: 1.6;\n        }\n\n        \/* Security Section *\/\n        .security-section {\n            margin-bottom: 4rem;\n            background: var(--light-bg);\n            border-radius: 16px;\n            padding: 3rem 2rem;\n        }\n\n        .security-features {\n            display: grid;\n            grid-template-columns: repeat(auto-fit, minmax(300px, 1fr));\n            gap: 2rem;\n            margin-top: 2rem;\n        }\n\n        .security-card {\n            background: white;\n            border-radius: 16px;\n            padding: 1.5rem;\n            box-shadow: var(--box-shadow);\n            transition: all 0.3s ease;\n            border: 1px solid var(--border-color);\n        }\n\n        .security-card:hover {\n            transform: translateY(-5px);\n            box-shadow: var(--hover-shadow);\n            border-color: rgba(253, 152, 0, 0.3);\n        }\n\n        .security-title {\n            font-size: 1.3rem;\n            font-weight: 700;\n            margin-bottom: 1rem;\n            color: var(--text-color);\n            display: flex;\n            align-items: center;\n        }\n\n        .security-icon {\n            color: var(--primary-color);\n            margin-right: 0.75rem;\n            font-size: 1.3rem;\n        }\n\n        .security-text {\n            font-size: 0.95rem;\n            color: #555;\n            line-height: 1.6;\n        }\n\n        \/* CTA Section *\/\n        .cta-section {\n            text-align: center;\n            padding: 3rem 1rem;\n            background: var(--gradient-bg);\n            border-radius: 16px;\n            position: relative;\n            overflow: hidden;\n            margin-bottom: 2rem;\n        }\n\n        .cta-pattern {\n            position: absolute;\n            top: 0;\n            left: 0;\n            right: 0;\n            bottom: 0;\n            background-image: url(\"data:image\/svg+xml,%3Csvg width='60' height='60' viewBox='0 0 60 60' xmlns='http:\/\/www.w3.org\/2000\/svg'%3E%3Cg fill='none' fill-rule='evenodd'%3E%3Cg fill='%23fd9800' fill-opacity='0.05'%3E%3Cpath d='M36 34v-4h-2v4h-4v2h4v4h2v-4h4v-2h-4zm0-30V0h-2v4h-4v2h4v4h2V6h4V4h-4zM6 34v-4H4v4H0v2h4v4h2v-4h4v-2H6zM6 4V0H4v4H0v2h4v4h2V6h4V4H6z'\/%3E%3C\/g%3E%3C\/g%3E%3C\/svg%3E\");\n            opacity: 0.5;\n            z-index: 0;\n        }\n\n        .cta-content {\n            position: relative;\n            z-index: 1;\n            max-width: 800px;\n            margin: 0 auto;\n        }\n\n        .cta-title {\n            font-size: 2.2rem;\n            font-weight: 700;\n            margin-bottom: 1.5rem;\n            color: var(--text-color);\n        }\n\n        .cta-text {\n            font-size: 1.1rem;\n            margin-bottom: 2rem;\n            color: #555;\n            line-height: 1.6;\n        }\n\n        \/* Guide-specific Styles *\/\n        .guide-content {\n            background: white;\n            border-radius: 16px;\n            padding: 2rem;\n            margin-bottom: 2rem;\n            box-shadow: var(--box-shadow);\n            border: 1px solid var(--border-color);\n        }\n\n        .guide-section-title {\n            font-size: 1.6rem;\n            font-weight: 700;\n            color: var(--text-color);\n            margin-bottom: 1rem;\n        }\n\n        .guide-text {\n            font-size: 1rem;\n            color: #555;\n            line-height: 1.8;\n            margin-bottom: 1rem;\n        }\n\n        .guide-list {\n            list-style: none;\n            padding: 0;\n            margin: 1rem 0;\n        }\n\n        .guide-list-item {\n            display: flex;\n            align-items: flex-start;\n            margin-bottom: 0.75rem;\n            padding-left: 1.5rem;\n            position: relative;\n        }\n\n        .guide-list-item::before {\n            content: \"\u2022\";\n            color: var(--primary-color);\n            font-weight: bold;\n            position: absolute;\n            left: 0;\n        }\n\n        \/* Responsive Styles *\/\n        @media (max-width: 768px) {\n            .hero-title {\n                font-size: 2.2rem;\n            }\n\n            .section-title {\n                font-size: 1.8rem;\n            }\n\n            .cta-title {\n                font-size: 1.8rem;\n            }\n\n            .features-grid {\n                grid-template-columns: 1fr;\n                max-width: 500px;\n                margin: 0 auto;\n            }\n\n            .step-card {\n                flex-direction: column;\n                align-items: flex-start;\n            }\n\n            .step-number {\n                margin-bottom: 1rem;\n                margin-right: 0;\n            }\n        }\n\n        @media (max-width: 480px) {\n            .hero-title {\n                font-size: 1.8rem;\n            }\n\n            .hero-subtitle {\n                font-size: 1.1rem;\n            }\n\n            .section-title {\n                font-size: 1.6rem;\n            }\n\n            .feature-content {\n                padding: 1.5rem;\n            }\n\n            .step-card {\n                padding: 1.5rem;\n            }\n\n            .faq-item {\n                padding: 1.25rem;\n            }\n        }\n\n        \/* Button text should never be underlined *\/\n        .btn:hover, .btn:focus, .btn:active {\n            text-decoration: none !important;\n        }\n    <\/style>\n<\/head>\n<body>\n    <div class=\"converter-section\">\n        <!-- Hero Section -->\n        <section class=\"hero-section\">\n            <div class=\"hero-pattern\"><\/div>\n            <div class=\"hero-content\">\n                <h1 class=\"hero-title\">Konvertuesi AVIF n\u00eb PDF<\/h1>\n                <p class=\"hero-subtitle\">Konvertoni imazhet AVIF n\u00eb dokumente PDF me cil\u00ebsi t\u00eb p\u00ebrsosur pixel dhe privat\u00ebsi t\u00eb plot\u00eb. E p\u00ebrkryer p\u00ebr krijimin e portofoleve t\u00eb imazheve, prezantimeve ose dokumenteve arkivore nga imazhet AVIF t\u00eb gjenerat\u00ebs s\u00eb ardhshme.<\/p>\n\n                <div class=\"hero-badges\">\n                    <div class=\"hero-badge\">\n                        <span class=\"hero-badge-icon\"><i class=\"fas fa-desktop\"><\/i><\/span>\n                        <span class=\"hero-badge-text\">100% offline<\/span>\n                    <\/div>\n                    <div class=\"hero-badge\">\n                        <span class=\"hero-badge-icon\"><i class=\"fas fa-infinity\"><\/i><\/span>\n                        <span class=\"hero-badge-text\">Konvertime t\u00eb pakufizuara<\/span>\n                    <\/div>\n                    <div class=\"hero-badge\">\n                        <span class=\"hero-badge-icon\"><i class=\"fas fa-shield-alt\"><\/i><\/span>\n                        <span class=\"hero-badge-text\">Privat dhe i Sigurt<\/span>\n                    <\/div>\n                    <div class=\"hero-badge\">\n                        <span class=\"hero-badge-icon\"><i class=\"fas fa-bolt\"><\/i><\/span>\n                        <span class=\"hero-badge-text\">Rrufe e shpejt\u00eb<\/span>\n                    <\/div>\n                <\/div>\n\n                <div class=\"hero-buttons\">\n                    <a href=\"\/download\" class=\"btn btn-primary\">Shkarko Pa pages\u00eb<\/a>\n                    <a href=\"#how-it-works\" class=\"btn btn-secondary\">M\u00ebsoni m\u00eb shum\u00eb<\/a>\n                <\/div>\n            <\/div>\n        <\/section>\n\n\n        <!-- Features Section -->\n        <section class=\"features-section\">\n            <h2 class=\"section-title\">Pse t\u00eb zgjidhni Convertify p\u00ebr konvertimin AVIF n\u00eb PDF?<\/h2>\n\n            <div class=\"features-grid\">\n                <div class=\"feature-card\">\n                    <div class=\"feature-content\">\n                        <div class=\"feature-icon\">\n                            <i class=\"fas fa-bolt\"><\/i>\n                        <\/div>\n                        <h3 class=\"feature-title\">P\u00ebrpunim rrufe-shpejt\u00eb<\/h3>\n                        <p class=\"feature-text\">Konvertoni imazhet AVIF n\u00eb dokumente PDF n\u00eb sekonda me dekodimin e optimizuar t\u00eb imazhit AV1 dhe gjenerimin efikas t\u00eb PDF-ve. P\u00ebrpunimi yn\u00eb me shum\u00eb b\u00ebrthama siguron konvertim t\u00eb shpejt\u00eb edhe p\u00ebr skedar\u00ebt AVIF me rezolucion t\u00eb lart\u00eb.<\/p>\n                        <ul class=\"feature-list\">\n                            <li class=\"feature-item\">\n                                <span class=\"feature-check\"><i class=\"fas fa-check-circle\"><\/i><\/span>\n                                <span class=\"feature-item-text\">Dekodimi i menj\u00ebhersh\u00ebm i kodekut AV1<\/span>\n                            <\/li>\n                            <li class=\"feature-item\">\n                                <span class=\"feature-check\"><i class=\"fas fa-check-circle\"><\/i><\/span>\n                                <span class=\"feature-item-text\">Gjenerimi PDF me shum\u00eb fije<\/span>\n                            <\/li>\n                            <li class=\"feature-item\">\n                                <span class=\"feature-check\"><i class=\"fas fa-check-circle\"><\/i><\/span>\n                                <span class=\"feature-item-text\">Nuk ka vonesa n\u00eb p\u00ebrpunim ose radh\u00eb<\/span>\n                            <\/li>\n                        <\/ul>\n                    <\/div>\n                <\/div>\n                <div class=\"feature-card\">\n                    <div class=\"feature-content\">\n                        <div class=\"feature-icon\">\n                            <i class=\"fas fa-shield-alt\"><\/i>\n                        <\/div>\n                        <h3 class=\"feature-title\">Mbrojtje e plot\u00eb e privat\u00ebsis\u00eb<\/h3>\n                        <p class=\"feature-text\">T\u00eb gjitha konvertimet AVIF n\u00eb PDF ndodhin lokalisht n\u00eb kompjuterin tuaj Windows me zero ngarkime n\u00eb ren\u00eb kompjuterike. Imazhet tuaja nuk largohen kurr\u00eb nga pajisja juaj, duke siguruar privat\u00ebsi dhe siguri t\u00eb plot\u00eb p\u00ebr p\u00ebrmbajtjen e ndjeshme vizuale.<\/p>\n                        <ul class=\"feature-list\">\n                            <li class=\"feature-item\">\n                                <span class=\"feature-check\"><i class=\"fas fa-check-circle\"><\/i><\/span>\n                                <span class=\"feature-item-text\">P\u00ebrpunim 100% jasht\u00eb linje<\/span>\n                            <\/li>\n                            <li class=\"feature-item\">\n                                <span class=\"feature-check\"><i class=\"fas fa-check-circle\"><\/i><\/span>\n                                <span class=\"feature-item-text\">Nuk k\u00ebrkohen ngarkime n\u00eb ren\u00eb kompjuterike<\/span>\n                            <\/li>\n                            <li class=\"feature-item\">\n                                <span class=\"feature-check\"><i class=\"fas fa-check-circle\"><\/i><\/span>\n                                <span class=\"feature-item-text\">Skedar\u00ebt nuk largohen kurr\u00eb nga kompjuteri juaj<\/span>\n                            <\/li>\n                        <\/ul>\n                    <\/div>\n                <\/div>\n                <div class=\"feature-card\">\n                    <div class=\"feature-content\">\n                        <div class=\"feature-icon\">\n                            <i class=\"fas fa-expand-arrows-alt\"><\/i>\n                        <\/div>\n                        <h3 class=\"feature-title\">P\u00ebrmir\u00ebsimi i imazhit t\u00eb AI<\/h3>\n                        <p class=\"feature-text\">P\u00ebrmir\u00ebsoni imazhet AVIF deri n\u00eb rezolucion 4X p\u00ebrpara se t&#8217;i konvertoni n\u00eb PDF duke p\u00ebrdorur teknologjin\u00eb e avancuar t\u00eb p\u00ebrmir\u00ebsimit t\u00eb AI. Transformoni skedar\u00ebt e ngjeshur AVIF n\u00eb dokumente t\u00eb qarta dhe t\u00eb detajuara PDF me p\u00ebrmir\u00ebsim inteligjent t\u00eb piksel\u00ebve.<\/p>\n                        <ul class=\"feature-list\">\n                            <li class=\"feature-item\">\n                                <span class=\"feature-check\"><i class=\"fas fa-check-circle\"><\/i><\/span>\n                                <span class=\"feature-item-text\">P\u00ebrmir\u00ebsim i rezolucionit deri n\u00eb 4X<\/span>\n                            <\/li>\n                            <li class=\"feature-item\">\n                                <span class=\"feature-check\"><i class=\"fas fa-check-circle\"><\/i><\/span>\n                                <span class=\"feature-item-text\">Restaurim inteligjent i detajeve<\/span>\n                            <\/li>\n                            <li class=\"feature-item\">\n                                <span class=\"feature-check\"><i class=\"fas fa-check-circle\"><\/i><\/span>\n                                <span class=\"feature-item-text\">E p\u00ebrkryer p\u00ebr skedar\u00ebt AVIF me rezolucion t\u00eb ul\u00ebt<\/span>\n                            <\/li>\n                        <\/ul>\n                    <\/div>\n                <\/div>\n                <div class=\"feature-card\">\n                    <div class=\"feature-content\">\n                        <div class=\"feature-icon\">\n                            <i class=\"fas fa-layer-group\"><\/i>\n                        <\/div>\n                        <h3 class=\"feature-title\">P\u00ebrpunimi masiv i grupeve<\/h3>\n                        <p class=\"feature-text\">Konvertoni mij\u00ebra skedar\u00eb AVIF n\u00eb dokumente individuale PDF ose kombinoni imazhe t\u00eb shumta AVIF n\u00eb portofol t\u00eb vet\u00ebm PDF. Trajtoni t\u00eb gjitha bibliotekat e fotografive pa kufizime t\u00eb sasis\u00eb s\u00eb skedar\u00ebve ose d\u00ebshtime.<\/p>\n                        <ul class=\"feature-list\">\n                            <li class=\"feature-item\">\n                                <span class=\"feature-check\"><i class=\"fas fa-check-circle\"><\/i><\/span>\n                                <span class=\"feature-item-text\">P\u00ebrpunoni mbi 10,000 skedar\u00eb nj\u00ebkoh\u00ebsisht<\/span>\n                            <\/li>\n                            <li class=\"feature-item\">\n                                <span class=\"feature-check\"><i class=\"fas fa-check-circle\"><\/i><\/span>\n                                <span class=\"feature-item-text\">Krijoni portofol PDF me shum\u00eb faqe<\/span>\n                            <\/li>\n                            <li class=\"feature-item\">\n                                <span class=\"feature-check\"><i class=\"fas fa-check-circle\"><\/i><\/span>\n                                <span class=\"feature-item-text\">Kufizime zero t\u00eb madh\u00ebsis\u00eb s\u00eb skedarit<\/span>\n                            <\/li>\n                        <\/ul>\n                    <\/div>\n                <\/div>\n                <div class=\"feature-card\">\n                    <div class=\"feature-content\">\n                        <div class=\"feature-icon\">\n                            <i class=\"fas fa-palette\"><\/i>\n                        <\/div>\n                        <h3 class=\"feature-title\">Ruajtja e avancuar e ngjyrave<\/h3>\n                        <p class=\"feature-text\">Ruani gam\u00ebn e gjer\u00eb t\u00eb ngjyrave dhe informacionin HDR t\u00eb AVIF gjat\u00eb konvertimit n\u00eb PDF me hart\u00ebn inteligjente t\u00eb hap\u00ebsir\u00ebs s\u00eb ngjyrave. Ruani avantazhin e cil\u00ebsis\u00eb vizuale t\u00eb formatit t\u00eb imazhit AV1 n\u00eb dokumentet tuaja PDF.<\/p>\n                        <ul class=\"feature-list\">\n                            <li class=\"feature-item\">\n                                <span class=\"feature-check\"><i class=\"fas fa-check-circle\"><\/i><\/span>\n                                <span class=\"feature-item-text\">Ruajtja e gam\u00ebs s\u00eb gjer\u00eb t\u00eb ngjyrave<\/span>\n                            <\/li>\n                            <li class=\"feature-item\">\n                                <span class=\"feature-check\"><i class=\"fas fa-check-circle\"><\/i><\/span>\n                                <span class=\"feature-item-text\">Mb\u00ebshtetje p\u00ebr hart\u00ebn e tonit HDR<\/span>\n                            <\/li>\n                            <li class=\"feature-item\">\n                                <span class=\"feature-check\"><i class=\"fas fa-check-circle\"><\/i><\/span>\n                                <span class=\"feature-item-text\">Sakt\u00ebsia profesionale e ngjyrave<\/span>\n                            <\/li>\n                        <\/ul>\n                    <\/div>\n                <\/div>\n                <div class=\"feature-card\">\n                    <div class=\"feature-content\">\n                        <div class=\"feature-icon\">\n                            <i class=\"fas fa-file-pdf\"><\/i>\n                        <\/div>\n                        <h3 class=\"feature-title\">Dalje fleksib\u00ebl PDF<\/h3>\n                        <p class=\"feature-text\">Gjeneroni skedar\u00eb PDF me paraqitje t\u00eb personalizueshme t\u00eb faqeve, cil\u00ebsime t\u00eb ngjeshjes dhe ruajtje t\u00eb meta t\u00eb dh\u00ebnave. Krijoni dokumente t\u00eb gatshme p\u00ebr prezantime ose PDF arkivore t\u00eb optimizuara p\u00ebr raste t\u00eb ve\u00e7anta p\u00ebrdorimi dhe madh\u00ebsi skedar\u00ebsh.<\/p>\n                        <ul class=\"feature-list\">\n                            <li class=\"feature-item\">\n                                <span class=\"feature-check\"><i class=\"fas fa-check-circle\"><\/i><\/span>\n                                <span class=\"feature-item-text\">Paraqitjet dhe madh\u00ebsia e personalizuar e faqeve<\/span>\n                            <\/li>\n                            <li class=\"feature-item\">\n                                <span class=\"feature-check\"><i class=\"fas fa-check-circle\"><\/i><\/span>\n                                <span class=\"feature-item-text\">Nivele t\u00eb rregullueshme t\u00eb kompresimit PDF<\/span>\n                            <\/li>\n                            <li class=\"feature-item\">\n                                <span class=\"feature-check\"><i class=\"fas fa-check-circle\"><\/i><\/span>\n                                <span class=\"feature-item-text\">Ruajtja e meta t\u00eb dh\u00ebnave dhe EXIF<\/span>\n                            <\/li>\n                        <\/ul>\n                    <\/div>\n                <\/div>\n            <\/div>\n        <\/section>\n\n\n        <!-- Why Convert Section -->\n        <section class=\"why-convert-section\">\n            <h2 class=\"section-title\">Pse t\u00eb konvertohet AVIF n\u00eb PDF?<\/h2>\n\n            <div class=\"comparison-grid\">\n                <div class=\"format-card\">\n                    <h3 class=\"format-title\">\n                        <span class=\"format-icon\"><i class=\"fas fa-file-video\"><\/i><\/span>\n                        Formati AVIF\n                    <\/h3>\n                    <ul class=\"format-list\">\n                        <li class=\"format-item\">\n                            <span class=\"format-check\"><i class=\"fas fa-check-circle\"><\/i><\/span>\n                            <span class=\"format-text\">Efikasitet superior i kompresimit &#8211; skedar\u00eb 50% m\u00eb t\u00eb vegj\u00ebl se JPEG me cil\u00ebsi m\u00eb t\u00eb mir\u00eb<\/span>\n                        <\/li>\n                        <li class=\"format-item\">\n                            <span class=\"format-check\"><i class=\"fas fa-check-circle\"><\/i><\/span>\n                            <span class=\"format-text\">Mb\u00ebshtetje e gam\u00ebs s\u00eb gjer\u00eb t\u00eb ngjyrave duke p\u00ebrfshir\u00eb HDR dhe thell\u00ebsin\u00eb e ngjyrave 10-bit<\/span>\n                        <\/li>\n                        <li class=\"format-item\">\n                            <span class=\"format-check\"><i class=\"fas fa-check-circle\"><\/i><\/span>\n                            <span class=\"format-text\">Teknologji e avancuar e kodekut AV1 p\u00ebr cil\u00ebsin\u00eb e imazhit t\u00eb gjenerat\u00ebs s\u00eb ardhshme<\/span>\n                        <\/li>\n                        <li class=\"format-item\">\n                            <span class=\"format-check\"><i class=\"fas fa-times-circle\"><\/i><\/span>\n                            <span class=\"format-text\">Mb\u00ebshtetje e kufizuar e shfletuesit dhe aplikacioneve n\u00eb krahasim me formatet tradicionale<\/span>\n                        <\/li>\n                        <li class=\"format-item\">\n                            <span class=\"format-check\"><i class=\"fas fa-times-circle\"><\/i><\/span>\n                            <span class=\"format-text\">K\u00ebrkon softuer modern me aft\u00ebsi t\u00eb dekodimit t\u00eb imazhit AV1<\/span>\n                        <\/li>\n                    <\/ul>\n                <\/div>\n\n                <div class=\"format-card\">\n                    <h3 class=\"format-title\">\n                        <span class=\"format-icon\"><i class=\"fas fa-file-video\"><\/i><\/span>\n                        Formati PDF\n                    <\/h3>\n                    <ul class=\"format-list\">\n                        <li class=\"format-item\">\n                            <span class=\"format-check\"><i class=\"fas fa-check-circle\"><\/i><\/span>\n                            <span class=\"format-text\">P\u00ebrputhshm\u00ebri universale n\u00eb t\u00eb gjitha pajisjet, shfletuesit dhe sistemet operative<\/span>\n                        <\/li>\n                        <li class=\"format-item\">\n                            <span class=\"format-check\"><i class=\"fas fa-check-circle\"><\/i><\/span>\n                            <span class=\"format-text\">Standarde dokumentesh profesionale p\u00ebr prezantime dhe materiale t\u00eb printuara<\/span>\n                        <\/li>\n                        <li class=\"format-item\">\n                            <span class=\"format-check\"><i class=\"fas fa-check-circle\"><\/i><\/span>\n                            <span class=\"format-text\">Ruan cil\u00ebsin\u00eb e imazhit nd\u00ebrsa mund\u00ebson sh\u00ebnimet e tekstit dhe t\u00eb dh\u00ebnat meta<\/span>\n                        <\/li>\n                        <li class=\"format-item\">\n                            <span class=\"format-check\"><i class=\"fas fa-check-circle\"><\/i><\/span>\n                            <span class=\"format-text\">E p\u00ebrkryer p\u00ebr krijimin e portofoleve t\u00eb imazheve dhe dokumenteve fotografike me shum\u00eb faqe<\/span>\n                        <\/li>\n                        <li class=\"format-item\">\n                            <span class=\"format-check\"><i class=\"fas fa-check-circle\"><\/i><\/span>\n                            <span class=\"format-text\">Mb\u00ebshtet integrimin e grafik\u00ebs vektoriale dhe shtresat e tekstit t\u00eb k\u00ebrkuesh\u00ebm<\/span>\n                        <\/li>\n                    <\/ul>\n                <\/div>\n            <\/div>\n        <\/section>\n\n\n        <!-- Technical Details Section -->\n        <section class=\"technical-details-section\">\n            <h2 class=\"section-title\">Detajet Teknike<\/h2>\n\n            <div class=\"technical-details-grid\">\n                <div class=\"tech-detail-card\">\n                    <h3 class=\"tech-detail-title\">\n                        <span class=\"tech-detail-icon\"><i class=\"fas fa-cog\"><\/i><\/span>\n                        Dekodimi i imazhit AV1\n                    <\/h3>\n                    <p class=\"tech-detail-text\">AVIF p\u00ebrdor kompresimin brenda korniz\u00ebs s\u00eb kodekut t\u00eb videos AV1 p\u00ebr imazhe statike, duke ofruar cil\u00ebsi t\u00eb jasht\u00ebzakonshme n\u00eb madh\u00ebsi t\u00eb vogla skedar\u00ebsh. Konvertuesi yn\u00eb trajton t\u00eb gjitha profilet AV1 duke p\u00ebrfshir\u00eb Main, High dhe Professional me mb\u00ebshtetje p\u00ebr thell\u00ebsin\u00eb e ngjyrave 8-bit n\u00eb 12-bit, duke siguruar dekodim t\u00eb sakt\u00eb t\u00eb hap\u00ebsirave komplekse t\u00eb ngjyrave AVIF dhe meta t\u00eb dh\u00ebnave HDR.<\/p>\n                <\/div>\n                <div class=\"tech-detail-card\">\n                    <h3 class=\"tech-detail-title\">\n                        <span class=\"tech-detail-icon\"><i class=\"fas fa-palette\"><\/i><\/span>\n                        Konvertimi i hap\u00ebsir\u00ebs s\u00eb ngjyrave\n                    <\/h3>\n                    <p class=\"tech-detail-text\">Hart\u00ebzimi inteligjent i hap\u00ebsir\u00ebs s\u00eb ngjyrave ruan gam\u00ebn e gjer\u00eb t\u00eb ngjyrave t\u00eb AVIF (Rec. 2020, P3) gjat\u00eb konvertimit n\u00eb PDF. Procesi p\u00ebrfshin hart\u00ebn e tonit HDR p\u00ebr ekranet, korrigjimin e gam\u00ebs dhe futjen e profilit ICC p\u00ebr t\u00eb ruajtur sakt\u00ebsin\u00eb e ngjyrave n\u00eb mjedise t\u00eb ndryshme shikimi dhe flukse pune printimi.<\/p>\n                <\/div>\n                <div class=\"tech-detail-card\">\n                    <h3 class=\"tech-detail-title\">\n                        <span class=\"tech-detail-icon\"><i class=\"fas fa-file-pdf\"><\/i><\/span>\n                        Gjenerimi i struktur\u00ebs PDF\n                    <\/h3>\n                    <p class=\"tech-detail-text\">Krijon dokumente t\u00eb pajtueshme me PDF 1.7 me imazhe raster t\u00eb ngulitura duke p\u00ebrdorur JPEG2000 ose kompresim standard JPEG. Mb\u00ebshtet dimensionet e personalizuara t\u00eb faqeve, cil\u00ebsimet DPI dhe ruajtjen e meta t\u00eb dh\u00ebnave duke p\u00ebrfshir\u00eb t\u00eb dh\u00ebnat EXIF \u200b\u200bnga skedar\u00ebt origjinal\u00eb AVIF. PDF-t\u00eb me shum\u00eb faqe kombinojn\u00eb burime t\u00eb shumta AVIF me paraqitje t\u00eb personalizueshme.<\/p>\n                <\/div>\n            <\/div>\n        <\/section>\n\n\n        <!-- How It Works Section -->\n        <section id=\"how-it-works\" class=\"how-it-works-section\">\n            <h2 class=\"section-title\">Si t\u00eb konvertoni AVIF n\u00eb PDF<\/h2>\n\n            <div class=\"steps-container\">\n                <div class=\"step-card\">\n                    <div class=\"step-number\">1<\/div>\n                    <div class=\"step-content\">\n                        <h3 class=\"step-title\">Shkarkoni dhe instaloni<\/h3>\n                        <p class=\"step-text\">Shkarkoni Convertify falas dhe instaloni n\u00eb kompjuterin tuaj Windows. Nuk k\u00ebrkohet llogari ose regjistrim.<\/p>\n                    <\/div>\n                <\/div>\n                <div class=\"step-card\">\n                    <div class=\"step-number\">2<\/div>\n                    <div class=\"step-content\">\n                        <h3 class=\"step-title\">Shtoni skedar\u00ebt tuaj AVIF<\/h3>\n                        <p class=\"step-text\">Zvarritni dhe l\u00ebshoni skedar\u00ebt tuaj AVIF n\u00eb Convertify ose p\u00ebrdorni shfletuesin e skedar\u00ebve p\u00ebr t&#8217;i zgjedhur ato.<\/p>\n                    <\/div>\n                <\/div>\n                <div class=\"step-card\">\n                    <div class=\"step-number\">3<\/div>\n                    <div class=\"step-content\">\n                        <h3 class=\"step-title\">Zgjidhni daljen PDF<\/h3>\n                        <p class=\"step-text\">Zgjidhni PDF si formatin tuaj t\u00eb daljes. Rregulloni cil\u00ebsimet e cil\u00ebsis\u00eb n\u00ebse \u00ebsht\u00eb e nevojshme.<\/p>\n                    <\/div>\n                <\/div>\n                <div class=\"step-card\">\n                    <div class=\"step-number\">4<\/div>\n                    <div class=\"step-content\">\n                        <h3 class=\"step-title\">Konverto &#038; Ruaj<\/h3>\n                        <p class=\"step-text\">Klikoni &#8220;Konverto&#8221; dhe skedar\u00ebt tuaj do t\u00eb p\u00ebrpunohen menj\u00ebher\u00eb. Ruani ato kudo n\u00eb kompjuterin tuaj.<\/p>\n                    <\/div>\n                <\/div>\n            <\/div>\n        <\/section>\n\n\n        <!-- Use Cases Section -->\n        <section class=\"use-cases-section\">\n            <h2 class=\"section-title\">Kur t\u00eb p\u00ebrdorni konvertimin AVIF n\u00eb PDF<\/h2>\n\n            <div class=\"use-cases-grid\">\n                <div class=\"use-case-card\">\n                    <div class=\"use-case-icon\"><i class=\"fas fa-presentation-screen\"><\/i><\/div>\n                    <h3 class=\"use-case-title\">Prezantimet Profesionale<\/h3>\n                    <p class=\"use-case-text\">Konvertoni pamjet e ekranit, grafik\u00ebt dhe grafika AVIF n\u00eb formatin PDF p\u00ebr integrimin n\u00eb PowerPoint dhe prezantime profesionale. Ideale p\u00ebr t\u00eb shfaqur pamjet vizuale me cil\u00ebsi t\u00eb lart\u00eb n\u00eb takimet e biznesit ku p\u00ebrputhshm\u00ebria universale \u00ebsht\u00eb thelb\u00ebsore.<\/p>\n                <\/div>\n                <div class=\"use-case-card\">\n                    <div class=\"use-case-icon\"><i class=\"fas fa-archive\"><\/i><\/div>\n                    <h3 class=\"use-case-title\">Arkivat e Fotove Dixhitale<\/h3>\n                    <p class=\"use-case-text\">Transformoni koleksionet e fotografive AVIF n\u00eb portofol t\u00eb organizuar PDF p\u00ebr ruajtje afatgjat\u00eb arkivore. E p\u00ebrkryer p\u00ebr ruajtjen e fotografive t\u00eb familjes, dokumentacionit t\u00eb veprave artistike ose fotografis\u00eb profesionale n\u00eb nj\u00eb format t\u00eb aksesuesh\u00ebm universal.<\/p>\n                <\/div>\n                <div class=\"use-case-card\">\n                    <div class=\"use-case-icon\"><i class=\"fas fa-print\"><\/i><\/div>\n                    <h3 class=\"use-case-title\">P\u00ebrgatitja e botimit t\u00eb shtypur<\/h3>\n                    <p class=\"use-case-text\">Konvertoni imazhet AVIF n\u00eb PDF p\u00ebr paraqitjet e revistave, broshurat dhe materialet e printimit. Thelb\u00ebsore p\u00ebr dizajner\u00ebt grafik\u00eb q\u00eb punojn\u00eb me asete moderne AVIF q\u00eb kan\u00eb nevoj\u00eb p\u00ebr dokumente t\u00eb gatshme p\u00ebr printim me sakt\u00ebsi t\u00eb ruajtur t\u00eb ngjyrave.<\/p>\n                <\/div>\n                <div class=\"use-case-card\">\n                    <div class=\"use-case-icon\"><i class=\"fas fa-share\"><\/i><\/div>\n                    <h3 class=\"use-case-title\">Dor\u00ebzimi i klientit<\/h3>\n                    <p class=\"use-case-text\">Paketoni modele t\u00eb dizajnit AVIF, foto produkti ose pun\u00eb krijuese n\u00eb dokumente profesionale PDF p\u00ebr shqyrtimin e klientit. Siguron q\u00eb klient\u00ebt mund t\u00eb shikojn\u00eb imazhe me cil\u00ebsi t\u00eb lart\u00eb pavar\u00ebsisht nga aft\u00ebsit\u00eb e tyre softuerike ose pajtueshm\u00ebria e pajisjes.<\/p>\n                <\/div>\n                <div class=\"use-case-card\">\n                    <div class=\"use-case-icon\"><i class=\"fas fa-book\"><\/i><\/div>\n                    <h3 class=\"use-case-title\">Dokumentacioni Teknik<\/h3>\n                    <p class=\"use-case-text\">Vendosni diagramet AVIF, pamjet e ekranit t\u00eb nd\u00ebrfaqes dhe ilustrimet teknike n\u00eb manualet dhe dokumentacionin PDF. E p\u00ebrkryer p\u00ebr dokumentacionin e softuerit ku formatet moderne t\u00eb imazhit kan\u00eb nevoj\u00eb p\u00ebr akses universal n\u00eb t\u00eb gjitha platformat.<\/p>\n                <\/div>\n                <div class=\"use-case-card\">\n                    <div class=\"use-case-icon\"><i class=\"fas fa-certificate\"><\/i><\/div>\n                    <h3 class=\"use-case-title\">Krijimi i portofolit<\/h3>\n                    <p class=\"use-case-text\">P\u00ebrpiloni vepra arti, fotografike ose dizajni AVIF n\u00eb portofol koheziv PDF p\u00ebr aplikime pune ose prezantime klient\u00ebsh. Krijon dokumente profesionale q\u00eb shfaqin pun\u00ebn vizuale me cil\u00ebsi t\u00eb ruajtur dhe aft\u00ebsi t\u00eb shp\u00ebrndarjes s\u00eb leht\u00eb.<\/p>\n                <\/div>\n            <\/div>\n        <\/section>\n\n\n        <!-- Security Section -->\n        <section class=\"security-section\">\n            <h2 class=\"section-title\">Privat\u00ebsia juaj \u00ebsht\u00eb e mbrojtur<\/h2>\n\n            <div class=\"security-features\">\n                <div class=\"security-card\">\n                    <h3 class=\"security-title\">\n                        <span class=\"security-icon\"><i class=\"fas fa-lock\"><\/i><\/span>\n                        100% offline\n                    <\/h3>\n                    <p class=\"security-text\">T\u00eb gjitha konvertimet ndodhin lokalisht n\u00eb kompjuterin tuaj. Skedar\u00ebt tuaj nuk largohen kurr\u00eb nga pajisja juaj dhe nuk ngarkohen kurr\u00eb n\u00eb asnj\u00eb server.<\/p>\n                <\/div>\n                <div class=\"security-card\">\n                    <h3 class=\"security-title\">\n                        <span class=\"security-icon\"><i class=\"fas fa-user-shield\"><\/i><\/span>\n                        Nuk k\u00ebrkohet llogari\n                    <\/h3>\n                    <p class=\"security-text\">Filloni konvertimin menj\u00ebher\u00eb pa krijuar nj\u00eb llogari, duke ofruar informacione personale ose pa u regjistruar p\u00ebr ndonj\u00eb gj\u00eb.<\/p>\n                <\/div>\n                <div class=\"security-card\">\n                    <h3 class=\"security-title\">\n                        <span class=\"security-icon\"><i class=\"fas fa-trash-alt\"><\/i><\/span>\n                        Pastrim automatik\n                    <\/h3>\n                    <p class=\"security-text\">Skedar\u00ebt e p\u00ebrkohsh\u00ebm fshihen n\u00eb m\u00ebnyr\u00eb t\u00eb sigurt pas konvertimit. Skedar\u00ebt tuaj origjinal\u00eb mbeten plot\u00ebsisht t\u00eb paprekur n\u00ebse nuk zgjidhni ndryshe.<\/p>\n                <\/div>\n            <\/div>\n        <\/section>\n\n\n        <!-- FAQ Section -->\n        <section class=\"faq-section\">\n            <h2 class=\"section-title\">Pyetjet e b\u00ebra m\u00eb shpesh<\/h2>\n\n            <div class=\"faq-container\">\n                <div class=\"faq-item\">\n                    <h3 class=\"faq-question\">\n                        <span class=\"faq-icon\"><i class=\"fas fa-question-circle\"><\/i><\/span>\n                        Pse m\u00eb duhet t\u00eb konvertoj imazhet AVIF n\u00eb formatin PDF?\n                    <\/h3>\n                    <div class=\"faq-answer\">\n                        <p>AVIF \u00ebsht\u00eb nj\u00eb format i avancuar me p\u00ebrputhshm\u00ebri t\u00eb kufizuar, nd\u00ebrsa PDF mb\u00ebshtetet n\u00eb m\u00ebnyr\u00eb universale. Konvertimi ju lejon t\u00eb ndani imazhe me cil\u00ebsi t\u00eb lart\u00eb me k\u00ebdo, t\u00eb krijoni portofole profesionale, t\u00eb p\u00ebrgatitni materiale t\u00eb printuara ose t\u00eb integroni imazhe AVIF n\u00eb prezantime dhe dokumente q\u00eb k\u00ebrkojn\u00eb akses universal.<\/p>\n                    <\/div>\n                <\/div>\n                <div class=\"faq-item\">\n                    <h3 class=\"faq-question\">\n                        <span class=\"faq-icon\"><i class=\"fas fa-question-circle\"><\/i><\/span>\n                        A do t\u00eb ruhet cil\u00ebsia e imazhit gjat\u00eb konvertimit AVIF n\u00eb PDF?\n                    <\/h3>\n                    <div class=\"faq-answer\">\n                        <p>Po, konverteri yn\u00eb ruan cil\u00ebsin\u00eb vizuale t\u00eb imazheve AVIF gjat\u00eb konvertimit n\u00eb PDF. Ne ruajm\u00eb sakt\u00ebsin\u00eb e ngjyrave, rezolucionin dhe madje mund t\u00eb p\u00ebrmir\u00ebsojm\u00eb imazhet duke p\u00ebrdorur p\u00ebrmir\u00ebsimin e AI. Procesi i konvertimit p\u00ebrfshin hart\u00ebn inteligjente t\u00eb hap\u00ebsir\u00ebs s\u00eb ngjyrave p\u00ebr t\u00eb ruajtur avantazhet e gam\u00ebs s\u00eb gjer\u00eb t\u00eb ngjyrave t\u00eb AVIF.<\/p>\n                    <\/div>\n                <\/div>\n                <div class=\"faq-item\">\n                    <h3 class=\"faq-question\">\n                        <span class=\"faq-icon\"><i class=\"fas fa-question-circle\"><\/i><\/span>\n                        A mund t\u00eb konvertoj shum\u00eb skedar\u00eb AVIF n\u00eb nj\u00eb dokument t\u00eb vet\u00ebm PDF?\n                    <\/h3>\n                    <div class=\"faq-answer\">\n                        <p>Absolutisht! Ju mund t\u00eb kombinoni imazhe t\u00eb shumta AVIF n\u00eb nj\u00eb dokument t\u00eb vet\u00ebm PDF me shum\u00eb faqe, duke krijuar portofol ose albume fotografish. Ju gjithashtu mund t\u00eb konvertoni \u00e7do skedar AVIF n\u00eb dokumente individuale PDF. P\u00ebrpunimi i grupit mb\u00ebshtet t\u00eb dyja qasjet me paraqitje t\u00eb personalizueshme t\u00eb faqeve.<\/p>\n                    <\/div>\n                <\/div>\n                <div class=\"faq-item\">\n                    <h3 class=\"faq-question\">\n                        <span class=\"faq-icon\"><i class=\"fas fa-question-circle\"><\/i><\/span>\n                        A i mb\u00ebshtet Convertify skedar\u00ebt AVIF me ngjyra HDR ose 10-bit?\n                    <\/h3>\n                    <div class=\"faq-answer\">\n                        <p>Po, konverteri yn\u00eb trajton ve\u00e7ori t\u00eb avancuara AVIF, duke p\u00ebrfshir\u00eb p\u00ebrmbajtjen HDR dhe thell\u00ebsin\u00eb e ngjyrave 10-bit. Procesi i konvertimit p\u00ebrfshin hart\u00ebn inteligjente t\u00eb tonit dhe konvertimin e hap\u00ebsir\u00ebs s\u00eb ngjyrave p\u00ebr t\u00eb siguruar q\u00eb imazhet HDR AVIF t\u00eb p\u00ebrfaq\u00ebsohen si\u00e7 duhet n\u00eb formatin PDF duke ruajtur cil\u00ebsin\u00eb vizuale.<\/p>\n                    <\/div>\n                <\/div>\n                <div class=\"faq-item\">\n                    <h3 class=\"faq-question\">\n                        <span class=\"faq-icon\"><i class=\"fas fa-question-circle\"><\/i><\/span>\n                        Cilat cil\u00ebsime PDF mund t\u00eb personalizoj gjat\u00eb konvertimit AVIF?\n                    <\/h3>\n                    <div class=\"faq-answer\">\n                        <p>Mund t\u00eb personalizoni dimensionet e faqes, cil\u00ebsimet e DPI, nivelet e kompresimit dhe opsionet e paraqitjes. Konvertuesi ruan meta t\u00eb dh\u00ebnat EXIF \u200b\u200bnga skedar\u00ebt AVIF dhe ju lejon t\u00eb krijoni PDF arkivore me cil\u00ebsi t\u00eb lart\u00eb ose versione t\u00eb kompresuara t\u00eb optimizuara p\u00ebr ndarje dhe shp\u00ebrndarje n\u00eb ueb.<\/p>\n                    <\/div>\n                <\/div>\n                <div class=\"faq-item\">\n                    <h3 class=\"faq-question\">\n                        <span class=\"faq-icon\"><i class=\"fas fa-question-circle\"><\/i><\/span>\n                        A \u00ebsht\u00eb konvertimi AVIF n\u00eb PDF plot\u00ebsisht jasht\u00eb linje dhe privat?\n                    <\/h3>\n                    <div class=\"faq-answer\">\n                        <p>Po, t\u00eb gjitha konvertimet AVIF n\u00eb PDF ndodhin t\u00ebr\u00ebsisht n\u00eb kompjuterin tuaj Windows pa pasur nevoj\u00eb p\u00ebr lidhje interneti. Imazhet tuaja nuk largohen kurr\u00eb nga pajisja juaj, duke siguruar privat\u00ebsi t\u00eb plot\u00eb p\u00ebr p\u00ebrmbajtje t\u00eb ndjeshme vizuale. Nuk p\u00ebrfshihen ngarkime n\u00eb ren\u00eb kompjuterike, llogari ose mbledhje t\u00eb dh\u00ebnash.<\/p>\n                    <\/div>\n                <\/div>\n                <div class=\"faq-item\">\n                    <h3 class=\"faq-question\">\n                        <span class=\"faq-icon\"><i class=\"fas fa-question-circle\"><\/i><\/span>\n                        Sa i shpejt\u00eb \u00ebsht\u00eb procesi i konvertimit AVIF n\u00eb PDF?\n                    <\/h3>\n                    <div class=\"faq-answer\">\n                        <p>Shpejt\u00ebsia e konvertimit \u00ebsht\u00eb shum\u00eb e shpejt\u00eb fal\u00eb dekodimit t\u00eb optimizuar AV1 dhe p\u00ebrpunimit me shum\u00eb b\u00ebrthama. Skedar\u00ebt individual\u00eb AVIF konvertohen n\u00eb sekonda, nd\u00ebrsa konvertimet n\u00eb grup t\u00eb mij\u00ebra skedar\u00ebve p\u00ebrfundojn\u00eb me efikasitet pa nd\u00ebrprerje t\u00eb sistemit ose probleme me kujtes\u00ebn.<\/p>\n                    <\/div>\n                <\/div>\n                <div class=\"faq-item\">\n                    <h3 class=\"faq-question\">\n                        <span class=\"faq-icon\"><i class=\"fas fa-question-circle\"><\/i><\/span>\n                        A mund t\u00eb p\u00ebrmir\u00ebsoj imazhet AVIF me cil\u00ebsi t\u00eb ul\u00ebt p\u00ebrpara se t&#8217;i konvertoj n\u00eb PDF?\n                    <\/h3>\n                    <div class=\"faq-answer\">\n                        <p>po! Ve\u00e7oria jon\u00eb e p\u00ebrmir\u00ebsimit t\u00eb imazhit t\u00eb AI mund t\u00eb p\u00ebrmir\u00ebsoj\u00eb imazhet AVIF deri n\u00eb rezolucion 4X p\u00ebrpara konvertimit n\u00eb PDF. Kjo \u00ebsht\u00eb e p\u00ebrkryer p\u00ebr p\u00ebrmir\u00ebsimin e skedar\u00ebve AVIF t\u00eb ngjeshur ose me rezolucion t\u00eb ul\u00ebt, duke krijuar dokumente PDF t\u00eb mprehta dhe t\u00eb detajuara nga imazhe me burim m\u00eb t\u00eb vog\u00ebl.<\/p>\n                    <\/div>\n                <\/div>\n            <\/div>\n        <\/section>\n\n\n        <!-- CTA Section -->\n        <section class=\"cta-section\">\n            <div class=\"cta-pattern\"><\/div>\n            <div class=\"cta-content\">\n                <h2 class=\"cta-title\">Gati p\u00ebr t\u00eb konvertuar skedar\u00ebt tuaj?<\/h2>\n                <p class=\"cta-text\">Shkarkoni Convertify tani dhe filloni t\u00eb konvertoni AVIF n\u00eb PDF menj\u00ebher\u00eb. Falas, i pakufizuar dhe plot\u00ebsisht jasht\u00eb linje.<\/p>\n                <div class=\"hero-buttons\">\n                    <a href=\"\/download\" class=\"btn btn-primary\">Shkarkoni Convertify Falas<\/a>\n                    <a href=\"\/pricing\" class=\"btn btn-secondary\">Shiko \u00e7mimet<\/a>\n                <\/div>\n            <\/div>\n        <\/section>\n    <\/div>\n<\/body>\n<\/html>\n\n\n\n<p><\/p>\n","protected":false},"excerpt":{"rendered":"<p>Konvertuesi AVIF n\u00eb PDF: i shpejt\u00eb, falas dhe jasht\u00eb linje p\u00ebr Windows Konvertuesi AVIF n\u00eb PDF Konvertoni imazhet AVIF n\u00eb [&hellip;]<\/p>\n","protected":false},"author":1,"featured_media":0,"parent":0,"menu_order":0,"comment_status":"closed","ping_status":"closed","template":"","meta":{"pagelayer_contact_templates":[],"_pagelayer_content":"","_uag_custom_page_level_css":"","site-sidebar-layout":"default","site-content-layout":"","ast-site-content-layout":"","site-content-style":"default","site-sidebar-style":"default","ast-global-header-display":"","ast-banner-title-visibility":"","ast-main-header-display":"","ast-hfb-above-header-display":"","ast-hfb-below-header-display":"","ast-hfb-mobile-header-display":"","site-post-title":"disabled","ast-breadcrumbs-content":"","ast-featured-img":"","footer-sml-layout":"","theme-transparent-header-meta":"","adv-header-id-meta":"","stick-header-meta":"","header-above-stick-meta":"","header-main-stick-meta":"","header-below-stick-meta":"","astra-migrate-meta-layouts":"default","ast-page-background-enabled":"default","ast-page-background-meta":{"desktop":{"background-color":"var(--ast-global-color-5)","background-image":"","background-repeat":"repeat","background-position":"center center","background-size":"auto","background-attachment":"scroll","background-type":"","background-media":"","overlay-type":"","overlay-color":"","overlay-opacity":"","overlay-gradient":""},"tablet":{"background-color":"","background-image":"","background-repeat":"repeat","background-position":"center center","background-size":"auto","background-attachment":"scroll","background-type":"","background-media":"","overlay-type":"","overlay-color":"","overlay-opacity":"","overlay-gradient":""},"mobile":{"background-color":"","background-image":"","background-repeat":"repeat","background-position":"center center","background-size":"auto","background-attachment":"scroll","background-type":"","background-media":"","overlay-type":"","overlay-color":"","overlay-opacity":"","overlay-gradient":""}},"ast-content-background-meta":{"desktop":{"background-color":"var(--ast-global-color-4)","background-image":"","background-repeat":"repeat","background-position":"center center","background-size":"auto","background-attachment":"scroll","background-type":"","background-media":"","overlay-type":"","overlay-color":"","overlay-opacity":"","overlay-gradient":""},"tablet":{"background-color":"var(--ast-global-color-4)","background-image":"","background-repeat":"repeat","background-position":"center center","background-size":"auto","background-attachment":"scroll","background-type":"","background-media":"","overlay-type":"","overlay-color":"","overlay-opacity":"","overlay-gradient":""},"mobile":{"background-color":"var(--ast-global-color-4)","background-image":"","background-repeat":"repeat","background-position":"center center","background-size":"auto","background-attachment":"scroll","background-type":"","background-media":"","overlay-type":"","overlay-color":"","overlay-opacity":"","overlay-gradient":""}},"footnotes":""},"class_list":["post-740301","page","type-page","status-publish","hentry"],"uagb_featured_image_src":{"full":false,"thumbnail":false,"medium":false,"medium_large":false,"large":false,"1536x1536":false,"2048x2048":false,"woocommerce_thumbnail":false,"woocommerce_single":false,"woocommerce_gallery_thumbnail":false},"uagb_author_info":{"display_name":"convertify","author_link":"https:\/\/convertifypro.com\/author\/convertifypro\/"},"uagb_comment_info":0,"uagb_excerpt":"Konvertuesi AVIF n\u00eb PDF: i shpejt\u00eb, falas dhe jasht\u00eb linje p\u00ebr Windows Konvertuesi AVIF n\u00eb PDF Konvertoni imazhet AVIF n\u00eb [&hellip;]","_links":{"self":[{"href":"https:\/\/convertifypro.com\/wp-json\/wp\/v2\/pages\/740301","targetHints":{"allow":["GET"]}}],"collection":[{"href":"https:\/\/convertifypro.com\/wp-json\/wp\/v2\/pages"}],"about":[{"href":"https:\/\/convertifypro.com\/wp-json\/wp\/v2\/types\/page"}],"author":[{"embeddable":true,"href":"https:\/\/convertifypro.com\/wp-json\/wp\/v2\/users\/1"}],"replies":[{"embeddable":true,"href":"https:\/\/convertifypro.com\/wp-json\/wp\/v2\/comments?post=740301"}],"version-history":[{"count":0,"href":"https:\/\/convertifypro.com\/wp-json\/wp\/v2\/pages\/740301\/revisions"}],"wp:attachment":[{"href":"https:\/\/convertifypro.com\/wp-json\/wp\/v2\/media?parent=740301"}],"curies":[{"name":"wp","href":"https:\/\/api.w.org\/{rel}","templated":true}]}}