{"id":740505,"date":"2026-01-21T22:37:37","date_gmt":"2026-01-21T22:37:37","guid":{"rendered":"https:\/\/convertifypro.com\/?page_id=740505"},"modified":"2026-01-21T22:37:37","modified_gmt":"2026-01-21T22:37:37","slug":"cr2-to-tiff-converter","status":"publish","type":"page","link":"https:\/\/convertifypro.com\/ro\/convertor-cr2-la-tiff\/","title":{"rendered":"Convertor CR2 la TIFF"},"content":{"rendered":"<style class=\"wpcode-css-snippet\">.ast-custom-button {\r\n  display: none;\r\n}<\/style>\n\n\n\n<!DOCTYPE html>\n<html lang=\"en\">\n<head>\n    <meta charset=\"UTF-8\">\n    <meta name=\"viewport\" content=\"width=device-width, initial-scale=1.0\">\n    <meta name=\"description\" content=\"Convert Canon CR2 RAW files to TIFF format with our powerful offline converter. Perfect for professional photography workflows and universal compatibility.\">\n    <meta name=\"keywords\" content=\"CR2 to TIFF converter, Canon RAW converter, professional image conversion, offline RAW processor, batch CR2 conversion, TIFF converter Windows\">\n    <title>Convertor CR2 \u00een TIFF: profesional, gratuit \u0219i offline pentru Windows<\/title>\n    <link rel=\"stylesheet\" href=\"https:\/\/cdnjs.cloudflare.com\/ajax\/libs\/font-awesome\/6.4.0\/css\/all.min.css\">\n    \n    <style>\n        \/* Main Styles *\/\n        :root {\n            --primary-color: #FD9800;\n            --primary-hover: #e88a00;\n            --text-color: #3A3A3A;\n            --light-bg: #f8faff;\n            --gradient-bg: linear-gradient(135deg, #f8faff 0%, #fff5e6 100%);\n            --box-shadow: 0 10px 30px rgba(0, 0, 0, 0.05);\n            --hover-shadow: 0 15px 35px rgba(0, 0, 0, 0.1);\n            --border-color: #f1f5f9;\n        }\n\n        .converter-section {\n            max-width: 1200px;\n            margin: 0 auto;\n            padding: 2rem 1.5rem;\n            font-family: 'Inter', 'Segoe UI', system-ui, -apple-system, sans-serif;\n            color: var(--text-color);\n        }\n\n        \/* Hero Section *\/\n        .hero-section {\n            text-align: center;\n            padding: 3rem 1rem;\n            margin-bottom: 3rem;\n            background: var(--gradient-bg);\n            border-radius: 16px;\n            position: relative;\n            overflow: hidden;\n        }\n\n        .hero-pattern {\n            position: absolute;\n            top: 0;\n            left: 0;\n            right: 0;\n            bottom: 0;\n            background-image: url(\"data:image\/svg+xml,%3Csvg width='60' height='60' viewBox='0 0 60 60' xmlns='http:\/\/www.w3.org\/2000\/svg'%3E%3Cg fill='none' fill-rule='evenodd'%3E%3Cg fill='%23fd9800' fill-opacity='0.05'%3E%3Cpath d='M36 34v-4h-2v4h-4v2h4v4h2v-4h4v-2h-4zm0-30V0h-2v4h-4v2h4v4h2V6h4V4h-4zM6 34v-4H4v4H0v2h4v4h2v-4h4v-2H6zM6 4V0H4v4H0v2h4v4h2V6h4V4H6z'\/%3E%3C\/g%3E%3C\/g%3E%3C\/svg%3E\");\n            opacity: 0.5;\n            z-index: 0;\n        }\n\n        .hero-content {\n            position: relative;\n            z-index: 1;\n            max-width: 800px;\n            margin: 0 auto;\n        }\n\n        .hero-title {\n            font-size: 2.8rem;\n            font-weight: 800;\n            margin-bottom: 1.5rem;\n            color: var(--text-color);\n        }\n\n        .hero-subtitle {\n            font-size: 1.25rem;\n            margin-bottom: 2rem;\n            color: var(--text-color);\n            line-height: 1.6;\n        }\n\n        .hero-badges {\n            display: flex;\n            flex-wrap: wrap;\n            justify-content: center;\n            gap: 1rem;\n            margin-bottom: 2rem;\n        }\n\n        .hero-badge {\n            display: flex;\n            align-items: center;\n            background: white;\n            border-radius: 50px;\n            padding: 0.5rem 1rem;\n            box-shadow: var(--box-shadow);\n            transition: all 0.3s ease;\n            border: 1px solid var(--border-color);\n        }\n\n        .hero-badge:hover {\n            transform: translateY(-3px);\n            box-shadow: var(--hover-shadow);\n            border-color: rgba(253, 152, 0, 0.3);\n        }\n\n        .hero-badge-icon {\n            color: var(--primary-color);\n            margin-right: 0.5rem;\n            font-size: 1rem;\n        }\n\n        .hero-badge-text {\n            font-size: 0.9rem;\n            font-weight: 600;\n            color: var(--text-color);\n        }\n\n        .hero-buttons {\n            display: flex;\n            justify-content: center;\n            gap: 1rem;\n            flex-wrap: wrap;\n        }\n\n        .btn {\n            display: inline-block;\n            padding: 0.75rem 1.5rem;\n            border-radius: 8px;\n            font-weight: 600;\n            text-decoration: none !important;\n            transition: all 0.3s ease;\n            cursor: pointer;\n            font-size: 1rem;\n        }\n\n        .btn-primary {\n            background-color: var(--primary-color);\n            color: white !important;\n            box-shadow: 0 8px 16px rgba(253, 152, 0, 0.2);\n            border: none;\n        }\n\n        .btn-primary:hover {\n            background-color: var(--primary-hover);\n            transform: translateY(-2px);\n            text-decoration: none !important;\n        }\n\n        .btn-secondary {\n            background-color: white;\n            color: var(--primary-color) !important;\n            border: 1px solid var(--border-color);\n        }\n\n        .btn-secondary:hover {\n            background-color: #fff5e6;\n            transform: translateY(-2px);\n            text-decoration: none !important;\n        }\n\n        \/* Features Section *\/\n        .features-section {\n            margin-bottom: 4rem;\n        }\n\n        .section-title {\n            font-size: 2.2rem;\n            font-weight: 700;\n            text-align: center;\n            margin-bottom: 2.5rem;\n            color: var(--text-color);\n        }\n\n        .features-grid {\n            display: grid;\n            grid-template-columns: repeat(auto-fit, minmax(300px, 1fr));\n            gap: 2rem;\n        }\n\n        .feature-card {\n            background: white;\n            border-radius: 16px;\n            overflow: hidden;\n            box-shadow: var(--box-shadow);\n            transition: all 0.3s ease;\n            border: 1px solid var(--border-color);\n            height: 100%;\n            display: flex;\n            flex-direction: column;\n        }\n\n        .feature-card:hover {\n            transform: translateY(-5px);\n            box-shadow: var(--hover-shadow);\n            border-color: rgba(253, 152, 0, 0.3);\n        }\n\n        .feature-icon {\n            width: 60px;\n            height: 60px;\n            background-color: rgba(253, 152, 0, 0.15);\n            color: var(--primary-color);\n            border-radius: 12px;\n            display: flex;\n            align-items: center;\n            justify-content: center;\n            margin-bottom: 1.5rem;\n            font-size: 1.8rem;\n            transition: all 0.3s ease;\n        }\n\n        .feature-card:hover .feature-icon {\n            background: linear-gradient(135deg, #FD9800 0%, #FF6D00 100%);\n            color: white;\n            box-shadow: 0 10px 20px rgba(253, 152, 0, 0.2);\n        }\n\n        .feature-content {\n            padding: 2rem;\n            flex-grow: 1;\n        }\n\n        .feature-title {\n            font-size: 1.4rem;\n            font-weight: 700;\n            margin-bottom: 1rem;\n            color: var(--text-color);\n        }\n\n        .feature-text {\n            font-size: 1rem;\n            color: #555;\n            line-height: 1.6;\n            margin-bottom: 1.5rem;\n        }\n\n        .feature-list {\n            list-style: none;\n            padding: 0;\n            margin: 0;\n        }\n\n        .feature-item {\n            display: flex;\n            align-items: flex-start;\n            margin-bottom: 0.75rem;\n            line-height: 1.5;\n        }\n\n        .feature-check {\n            color: var(--primary-color);\n            margin-right: 0.75rem;\n            flex-shrink: 0;\n            margin-top: 0.2rem;\n        }\n\n        .feature-item-text {\n            font-size: 0.95rem;\n            color: var(--text-color);\n        }\n\n        \/* Why Convert Section *\/\n        .why-convert-section {\n            margin-bottom: 4rem;\n            background: var(--light-bg);\n            border-radius: 16px;\n            padding: 3rem 2rem;\n        }\n\n        .comparison-grid {\n            display: grid;\n            grid-template-columns: repeat(auto-fit, minmax(300px, 1fr));\n            gap: 2rem;\n            margin-top: 2rem;\n        }\n\n        .format-card {\n            background: white;\n            border-radius: 16px;\n            padding: 1.5rem;\n            box-shadow: var(--box-shadow);\n            transition: all 0.3s ease;\n            border: 1px solid var(--border-color);\n        }\n\n        .format-card:hover {\n            transform: translateY(-5px);\n            box-shadow: var(--hover-shadow);\n            border-color: rgba(253, 152, 0, 0.3);\n        }\n\n        .format-title {\n            font-size: 1.6rem;\n            font-weight: 700;\n            margin-bottom: 1.25rem;\n            color: var(--text-color);\n            display: flex;\n            align-items: center;\n        }\n\n        .format-icon {\n            color: var(--primary-color);\n            margin-right: 0.75rem;\n            font-size: 1.6rem;\n        }\n\n        .format-list {\n            list-style: none;\n            padding: 0;\n            margin: 0;\n        }\n\n        .format-item {\n            display: flex;\n            align-items: flex-start;\n            margin-bottom: 0.85rem;\n        }\n\n        .format-check {\n            color: var(--primary-color);\n            margin-right: 0.75rem;\n            flex-shrink: 0;\n            margin-top: 0.2rem;\n        }\n\n        .format-text {\n            font-size: 0.95rem;\n            color: #555;\n            line-height: 1.5;\n        }\n\n        \/* How It Works Section *\/\n        .how-it-works-section {\n            margin-bottom: 4rem;\n        }\n\n        .steps-container {\n            max-width: 900px;\n            margin: 0 auto;\n        }\n\n        .step-card {\n            display: flex;\n            align-items: flex-start;\n            background: white;\n            border-radius: 16px;\n            padding: 2rem;\n            box-shadow: var(--box-shadow);\n            margin-bottom: 2rem;\n            border: 1px solid var(--border-color);\n            transition: all 0.3s ease;\n        }\n\n        .step-card:hover {\n            transform: translateY(-5px);\n            box-shadow: var(--hover-shadow);\n            border-color: rgba(253, 152, 0, 0.3);\n        }\n\n        .step-number {\n            width: 50px;\n            height: 50px;\n            background-color: rgba(253, 152, 0, 0.15);\n            color: var(--primary-color);\n            border-radius: 50%;\n            display: flex;\n            align-items: center;\n            justify-content: center;\n            font-size: 1.5rem;\n            font-weight: 700;\n            margin-right: 1.5rem;\n            flex-shrink: 0;\n            transition: all 0.3s ease;\n        }\n\n        .step-card:hover .step-number {\n            background: linear-gradient(135deg, #FD9800 0%, #FF6D00 100%);\n            color: white;\n            box-shadow: 0 10px 20px rgba(253, 152, 0, 0.2);\n        }\n\n        .step-content {\n            flex: 1;\n        }\n\n        .step-title {\n            font-size: 1.4rem;\n            font-weight: 700;\n            margin-bottom: 0.75rem;\n            color: var(--text-color);\n        }\n\n        .step-text {\n            font-size: 1rem;\n            color: #555;\n            line-height: 1.6;\n        }\n\n        \/* Use Cases Section *\/\n        .use-cases-section {\n            margin-bottom: 4rem;\n            background: var(--light-bg);\n            border-radius: 16px;\n            padding: 3rem 2rem;\n        }\n\n        .use-cases-grid {\n            display: grid;\n            grid-template-columns: repeat(auto-fit, minmax(300px, 1fr));\n            gap: 2rem;\n            margin-top: 2rem;\n        }\n\n        .use-case-card {\n            background: white;\n            border-radius: 16px;\n            padding: 1.5rem;\n            box-shadow: var(--box-shadow);\n            transition: all 0.3s ease;\n            border: 1px solid var(--border-color);\n            height: 100%;\n        }\n\n        .use-case-card:hover {\n            transform: translateY(-5px);\n            box-shadow: var(--hover-shadow);\n            border-color: rgba(253, 152, 0, 0.3);\n        }\n\n        .use-case-icon {\n            color: var(--primary-color);\n            font-size: 2rem;\n            margin-bottom: 1rem;\n        }\n\n        .use-case-title {\n            font-size: 1.3rem;\n            font-weight: 700;\n            margin-bottom: 1rem;\n            color: var(--text-color);\n        }\n\n        .use-case-text {\n            font-size: 0.95rem;\n            color: #555;\n            line-height: 1.6;\n        }\n\n        \/* FAQ Section *\/\n        .faq-section {\n            margin-bottom: 4rem;\n        }\n\n        .faq-container {\n            max-width: 900px;\n            margin: 0 auto;\n        }\n\n        .faq-item {\n            background: white;\n            border-radius: 16px;\n            padding: 1.5rem 2rem;\n            box-shadow: var(--box-shadow);\n            margin-bottom: 1.5rem;\n            border: 1px solid var(--border-color);\n            transition: all 0.3s ease;\n        }\n\n        .faq-item:hover {\n            transform: translateY(-3px);\n            box-shadow: var(--hover-shadow);\n            border-color: rgba(253, 152, 0, 0.3);\n        }\n\n        .faq-question {\n            font-size: 1.2rem;\n            font-weight: 700;\n            margin-bottom: 1rem;\n            color: var(--text-color);\n            display: flex;\n            align-items: center;\n        }\n\n        .faq-icon {\n            color: var(--primary-color);\n            margin-right: 0.75rem;\n            font-size: 1.2rem;\n        }\n\n        .faq-answer {\n            font-size: 1rem;\n            color: #555;\n            line-height: 1.6;\n        }\n\n        \/* Technical Details Section *\/\n        .technical-details-section {\n            margin-bottom: 4rem;\n        }\n\n        .technical-details-grid {\n            display: grid;\n            grid-template-columns: repeat(auto-fit, minmax(300px, 1fr));\n            gap: 2rem;\n        }\n\n        .tech-detail-card {\n            background: white;\n            border-radius: 16px;\n            padding: 1.5rem;\n            box-shadow: var(--box-shadow);\n            transition: all 0.3s ease;\n            border: 1px solid var(--border-color);\n        }\n\n        .tech-detail-card:hover {\n            transform: translateY(-5px);\n            box-shadow: var(--hover-shadow);\n            border-color: rgba(253, 152, 0, 0.3);\n        }\n\n        .tech-detail-title {\n            font-size: 1.3rem;\n            font-weight: 700;\n            margin-bottom: 1rem;\n            color: var(--text-color);\n            display: flex;\n            align-items: center;\n        }\n\n        .tech-detail-icon {\n            color: var(--primary-color);\n            margin-right: 0.75rem;\n            font-size: 1.3rem;\n        }\n\n        .tech-detail-text {\n            font-size: 0.95rem;\n            color: #555;\n            line-height: 1.6;\n        }\n\n        \/* Security Section *\/\n        .security-section {\n            margin-bottom: 4rem;\n            background: var(--light-bg);\n            border-radius: 16px;\n            padding: 3rem 2rem;\n        }\n\n        .security-features {\n            display: grid;\n            grid-template-columns: repeat(auto-fit, minmax(300px, 1fr));\n            gap: 2rem;\n            margin-top: 2rem;\n        }\n\n        .security-card {\n            background: white;\n            border-radius: 16px;\n            padding: 1.5rem;\n            box-shadow: var(--box-shadow);\n            transition: all 0.3s ease;\n            border: 1px solid var(--border-color);\n        }\n\n        .security-card:hover {\n            transform: translateY(-5px);\n            box-shadow: var(--hover-shadow);\n            border-color: rgba(253, 152, 0, 0.3);\n        }\n\n        .security-title {\n            font-size: 1.3rem;\n            font-weight: 700;\n            margin-bottom: 1rem;\n            color: var(--text-color);\n            display: flex;\n            align-items: center;\n        }\n\n        .security-icon {\n            color: var(--primary-color);\n            margin-right: 0.75rem;\n            font-size: 1.3rem;\n        }\n\n        .security-text {\n            font-size: 0.95rem;\n            color: #555;\n            line-height: 1.6;\n        }\n\n        \/* CTA Section *\/\n        .cta-section {\n            text-align: center;\n            padding: 3rem 1rem;\n            background: var(--gradient-bg);\n            border-radius: 16px;\n            position: relative;\n            overflow: hidden;\n            margin-bottom: 2rem;\n        }\n\n        .cta-pattern {\n            position: absolute;\n            top: 0;\n            left: 0;\n            right: 0;\n            bottom: 0;\n            background-image: url(\"data:image\/svg+xml,%3Csvg width='60' height='60' viewBox='0 0 60 60' xmlns='http:\/\/www.w3.org\/2000\/svg'%3E%3Cg fill='none' fill-rule='evenodd'%3E%3Cg fill='%23fd9800' fill-opacity='0.05'%3E%3Cpath d='M36 34v-4h-2v4h-4v2h4v4h2v-4h4v-2h-4zm0-30V0h-2v4h-4v2h4v4h2V6h4V4h-4zM6 34v-4H4v4H0v2h4v4h2v-4h4v-2H6zM6 4V0H4v4H0v2h4v4h2V6h4V4H6z'\/%3E%3C\/g%3E%3C\/g%3E%3C\/svg%3E\");\n            opacity: 0.5;\n            z-index: 0;\n        }\n\n        .cta-content {\n            position: relative;\n            z-index: 1;\n            max-width: 800px;\n            margin: 0 auto;\n        }\n\n        .cta-title {\n            font-size: 2.2rem;\n            font-weight: 700;\n            margin-bottom: 1.5rem;\n            color: var(--text-color);\n        }\n\n        .cta-text {\n            font-size: 1.1rem;\n            margin-bottom: 2rem;\n            color: #555;\n            line-height: 1.6;\n        }\n\n        \/* Guide-specific Styles *\/\n        .guide-content {\n            background: white;\n            border-radius: 16px;\n            padding: 2rem;\n            margin-bottom: 2rem;\n            box-shadow: var(--box-shadow);\n            border: 1px solid var(--border-color);\n        }\n\n        .guide-section-title {\n            font-size: 1.6rem;\n            font-weight: 700;\n            color: var(--text-color);\n            margin-bottom: 1rem;\n        }\n\n        .guide-text {\n            font-size: 1rem;\n            color: #555;\n            line-height: 1.8;\n            margin-bottom: 1rem;\n        }\n\n        .guide-list {\n            list-style: none;\n            padding: 0;\n            margin: 1rem 0;\n        }\n\n        .guide-list-item {\n            display: flex;\n            align-items: flex-start;\n            margin-bottom: 0.75rem;\n            padding-left: 1.5rem;\n            position: relative;\n        }\n\n        .guide-list-item::before {\n            content: \"\u2022\";\n            color: var(--primary-color);\n            font-weight: bold;\n            position: absolute;\n            left: 0;\n        }\n\n        \/* Responsive Styles *\/\n        @media (max-width: 768px) {\n            .hero-title {\n                font-size: 2.2rem;\n            }\n\n            .section-title {\n                font-size: 1.8rem;\n            }\n\n            .cta-title {\n                font-size: 1.8rem;\n            }\n\n            .features-grid {\n                grid-template-columns: 1fr;\n                max-width: 500px;\n                margin: 0 auto;\n            }\n\n            .step-card {\n                flex-direction: column;\n                align-items: flex-start;\n            }\n\n            .step-number {\n                margin-bottom: 1rem;\n                margin-right: 0;\n            }\n        }\n\n        @media (max-width: 480px) {\n            .hero-title {\n                font-size: 1.8rem;\n            }\n\n            .hero-subtitle {\n                font-size: 1.1rem;\n            }\n\n            .section-title {\n                font-size: 1.6rem;\n            }\n\n            .feature-content {\n                padding: 1.5rem;\n            }\n\n            .step-card {\n                padding: 1.5rem;\n            }\n\n            .faq-item {\n                padding: 1.25rem;\n            }\n        }\n\n        \/* Button text should never be underlined *\/\n        .btn:hover, .btn:focus, .btn:active {\n            text-decoration: none !important;\n        }\n    <\/style>\n<\/head>\n<body>\n    <div class=\"converter-section\">\n        <!-- Hero Section -->\n        <section class=\"hero-section\">\n            <div class=\"hero-pattern\"><\/div>\n            <div class=\"hero-content\">\n                <h1 class=\"hero-title\">Convertor CR2 la TIFF<\/h1>\n                <p class=\"hero-subtitle\">Converti\u021bi fi\u0219ierele raw Canon CR2 \u00een format profesional TIFF, p\u0103str\u00e2nd \u00een acela\u0219i timp calitatea imaginii \u0219i metadatele. Transform\u0103-\u021bi fotografiile RAW \u00een imagini de \u00eenalt\u0103 rezolu\u021bie compatibile universal pentru fluxuri de lucru profesionale.<\/p>\n\n                <div class=\"hero-badges\">\n                    <div class=\"hero-badge\">\n                        <span class=\"hero-badge-icon\"><i class=\"fas fa-desktop\"><\/i><\/span>\n                        <span class=\"hero-badge-text\">100% offline<\/span>\n                    <\/div>\n                    <div class=\"hero-badge\">\n                        <span class=\"hero-badge-icon\"><i class=\"fas fa-infinity\"><\/i><\/span>\n                        <span class=\"hero-badge-text\">Conversii nelimitate<\/span>\n                    <\/div>\n                    <div class=\"hero-badge\">\n                        <span class=\"hero-badge-icon\"><i class=\"fas fa-shield-alt\"><\/i><\/span>\n                        <span class=\"hero-badge-text\">Privat \u0219i Securizat<\/span>\n                    <\/div>\n                    <div class=\"hero-badge\">\n                        <span class=\"hero-badge-icon\"><i class=\"fas fa-bolt\"><\/i><\/span>\n                        <span class=\"hero-badge-text\">Rapid fulger<\/span>\n                    <\/div>\n                <\/div>\n\n                <div class=\"hero-buttons\">\n                    <a href=\"\/download\" class=\"btn btn-primary\">Desc\u0103rca\u021bi gratuit<\/a>\n                    <a href=\"#how-it-works\" class=\"btn btn-secondary\">Afl\u0103 mai multe<\/a>\n                <\/div>\n            <\/div>\n        <\/section>\n\n\n        <!-- Features Section -->\n        <section class=\"features-section\">\n            <h2 class=\"section-title\">De ce s\u0103 alege\u021bi Convertify pentru conversia CR2 \u00een TIFF?<\/h2>\n\n            <div class=\"features-grid\">\n                <div class=\"feature-card\">\n                    <div class=\"feature-content\">\n                        <div class=\"feature-icon\">\n                            <i class=\"fas fa-palette\"><\/i>\n                        <\/div>\n                        <h3 class=\"feature-title\">P\u0103streaz\u0103 calitatea imaginii RAW<\/h3>\n                        <p class=\"feature-text\">Men\u021bine\u021bi calitatea excep\u021bional\u0103 a fi\u0219ierelor dvs. brute Canon CR2 \u00een timpul conversiei \u00een format TIFF. Convertorul nostru p\u0103streaz\u0103 ad\u00e2ncimea culorii, intervalul dinamic \u0219i detaliile fine f\u0103r\u0103 artefacte de compresie.<\/p>\n                        <ul class=\"feature-list\">\n                            <li class=\"feature-item\">\n                                <span class=\"feature-check\"><i class=\"fas fa-check-circle\"><\/i><\/span>\n                                <span class=\"feature-item-text\">P\u0103strarea ad\u00e2ncimii culorii pe 14 bi\u021bi<\/span>\n                            <\/li>\n                            <li class=\"feature-item\">\n                                <span class=\"feature-check\"><i class=\"fas fa-check-circle\"><\/i><\/span>\n                                <span class=\"feature-item-text\">Re\u021binere complet\u0103 a intervalului dinamic<\/span>\n                            <\/li>\n                            <li class=\"feature-item\">\n                                <span class=\"feature-check\"><i class=\"fas fa-check-circle\"><\/i><\/span>\n                                <span class=\"feature-item-text\">Nicio degradare a calit\u0103\u021bii \u00een timpul conversiei<\/span>\n                            <\/li>\n                        <\/ul>\n                    <\/div>\n                <\/div>\n                <div class=\"feature-card\">\n                    <div class=\"feature-content\">\n                        <div class=\"feature-icon\">\n                            <i class=\"fas fa-tags\"><\/i>\n                        <\/div>\n                        <h3 class=\"feature-title\">Transfer de metadate complet<\/h3>\n                        <p class=\"feature-text\">Transfera\u021bi toate datele EXIF, set\u0103rile camerei \u0219i parametrii de fotografiere din fi\u0219ierele dvs. CR2 la imaginile TIFF de ie\u0219ire. Informa\u021biile esen\u021biale precum ISO, diafragma \u0219i set\u0103rile de expunere r\u0103m\u00e2n intacte.<\/p>\n                        <ul class=\"feature-list\">\n                            <li class=\"feature-item\">\n                                <span class=\"feature-check\"><i class=\"fas fa-check-circle\"><\/i><\/span>\n                                <span class=\"feature-item-text\">P\u0103strarea datelor EXIF<\/span>\n                            <\/li>\n                            <li class=\"feature-item\">\n                                <span class=\"feature-check\"><i class=\"fas fa-check-circle\"><\/i><\/span>\n                                <span class=\"feature-item-text\">P\u0103strarea set\u0103rilor camerei<\/span>\n                            <\/li>\n                            <li class=\"feature-item\">\n                                <span class=\"feature-check\"><i class=\"fas fa-check-circle\"><\/i><\/span>\n                                <span class=\"feature-item-text\">Parametrii de fotografiere p\u0103stra\u021bi<\/span>\n                            <\/li>\n                        <\/ul>\n                    <\/div>\n                <\/div>\n                <div class=\"feature-card\">\n                    <div class=\"feature-content\">\n                        <div class=\"feature-icon\">\n                            <i class=\"fas fa-shield-alt\"><\/i>\n                        <\/div>\n                        <h3 class=\"feature-title\">Procesare 100% offline<\/h3>\n                        <p class=\"feature-text\">Converti\u021bi-v\u0103 fi\u0219ierele RAW valoroase complet offline, f\u0103r\u0103 a \u00eenc\u0103rca imagini sensibile \u00een serviciile cloud. Lucrarea dvs. de fotografie profesional\u0103 r\u0103m\u00e2ne privat\u0103 \u0219i securizat\u0103 pe dispozitiv.<\/p>\n                        <ul class=\"feature-list\">\n                            <li class=\"feature-item\">\n                                <span class=\"feature-check\"><i class=\"fas fa-check-circle\"><\/i><\/span>\n                                <span class=\"feature-item-text\">Nu este necesar\u0103 conexiune la internet<\/span>\n                            <\/li>\n                            <li class=\"feature-item\">\n                                <span class=\"feature-check\"><i class=\"fas fa-check-circle\"><\/i><\/span>\n                                <span class=\"feature-item-text\">Protec\u021bie complet\u0103 a confiden\u021bialit\u0103\u021bii<\/span>\n                            <\/li>\n                            <li class=\"feature-item\">\n                                <span class=\"feature-check\"><i class=\"fas fa-check-circle\"><\/i><\/span>\n                                <span class=\"feature-item-text\">Numai procesare local\u0103<\/span>\n                            <\/li>\n                        <\/ul>\n                    <\/div>\n                <\/div>\n                <div class=\"feature-card\">\n                    <div class=\"feature-content\">\n                        <div class=\"feature-icon\">\n                            <i class=\"fas fa-layer-group\"><\/i>\n                        <\/div>\n                        <h3 class=\"feature-title\">Procesare RAW \u00een loturi<\/h3>\n                        <p class=\"feature-text\">Procesa\u021bi mii de fi\u0219iere CR2 simultan pentru o gestionare eficient\u0103 a fluxului de lucru. Perfect pentru fotografi profesioni\u0219ti care manipuleaz\u0103 \u0219edin\u021be foto mari sau biblioteci extinse de imagini.<\/p>\n                        <ul class=\"feature-list\">\n                            <li class=\"feature-item\">\n                                <span class=\"feature-check\"><i class=\"fas fa-check-circle\"><\/i><\/span>\n                                <span class=\"feature-item-text\">Procesa\u021bi peste 10.000 de fi\u0219iere simultan<\/span>\n                            <\/li>\n                            <li class=\"feature-item\">\n                                <span class=\"feature-check\"><i class=\"fas fa-check-circle\"><\/i><\/span>\n                                <span class=\"feature-item-text\">Men\u021bine calitatea constant\u0103<\/span>\n                            <\/li>\n                            <li class=\"feature-item\">\n                                <span class=\"feature-check\"><i class=\"fas fa-check-circle\"><\/i><\/span>\n                                <span class=\"feature-item-text\">Conversie \u00een vrac eficient\u0103 \u00een timp<\/span>\n                            <\/li>\n                        <\/ul>\n                    <\/div>\n                <\/div>\n                <div class=\"feature-card\">\n                    <div class=\"feature-content\">\n                        <div class=\"feature-icon\">\n                            <i class=\"fas fa-expand-arrows-alt\"><\/i>\n                        <\/div>\n                        <h3 class=\"feature-title\">\u00cembun\u0103t\u0103\u021birea imaginii AI<\/h3>\n                        <p class=\"feature-text\">\u00cembun\u0103t\u0103\u021bi\u021bi-v\u0103 imaginile TIFF convertite cu tehnologia inteligent\u0103 de upscaling AI. M\u0103re\u0219te rezolu\u021bia de p\u00e2n\u0103 la 4X, p\u0103str\u00e2nd \u00een acela\u0219i timp detaliile clare \u0219i texturile naturale.<\/p>\n                        <ul class=\"feature-list\">\n                            <li class=\"feature-item\">\n                                <span class=\"feature-check\"><i class=\"fas fa-check-circle\"><\/i><\/span>\n                                <span class=\"feature-item-text\">Cre\u0219tere rezolu\u021bie de p\u00e2n\u0103 la 4X<\/span>\n                            <\/li>\n                            <li class=\"feature-item\">\n                                <span class=\"feature-check\"><i class=\"fas fa-check-circle\"><\/i><\/span>\n                                <span class=\"feature-item-text\">\u00cembun\u0103t\u0103\u021birea inteligent\u0103 a detaliilor<\/span>\n                            <\/li>\n                            <li class=\"feature-item\">\n                                <span class=\"feature-check\"><i class=\"fas fa-check-circle\"><\/i><\/span>\n                                <span class=\"feature-item-text\">P\u0103strarea texturii naturale<\/span>\n                            <\/li>\n                        <\/ul>\n                    <\/div>\n                <\/div>\n                <div class=\"feature-card\">\n                    <div class=\"feature-content\">\n                        <div class=\"feature-icon\">\n                            <i class=\"fas fa-infinity\"><\/i>\n                        <\/div>\n                        <h3 class=\"feature-title\">Conversii gratuite nelimitate<\/h3>\n                        <p class=\"feature-text\">Converti\u021bi fi\u0219iere CR2 nelimitate \u00een format TIFF f\u0103r\u0103 restric\u021bii, filigrane sau limite de dimensiune a fi\u0219ierelor. Capacit\u0103\u021bi de conversie de calitate profesional\u0103 f\u0103r\u0103 costuri.<\/p>\n                        <ul class=\"feature-list\">\n                            <li class=\"feature-item\">\n                                <span class=\"feature-check\"><i class=\"fas fa-check-circle\"><\/i><\/span>\n                                <span class=\"feature-item-text\">F\u0103r\u0103 limite de conversie<\/span>\n                            <\/li>\n                            <li class=\"feature-item\">\n                                <span class=\"feature-check\"><i class=\"fas fa-check-circle\"><\/i><\/span>\n                                <span class=\"feature-item-text\">Nu au ad\u0103ugat filigrane<\/span>\n                            <\/li>\n                            <li class=\"feature-item\">\n                                <span class=\"feature-check\"><i class=\"fas fa-check-circle\"><\/i><\/span>\n                                <span class=\"feature-item-text\">F\u0103r\u0103 restric\u021bii privind dimensiunea fi\u0219ierului<\/span>\n                            <\/li>\n                        <\/ul>\n                    <\/div>\n                <\/div>\n            <\/div>\n        <\/section>\n\n\n        <!-- Why Convert Section -->\n        <section class=\"why-convert-section\">\n            <h2 class=\"section-title\">De ce converti CR2 \u00een TIFF?<\/h2>\n\n            <div class=\"comparison-grid\">\n                <div class=\"format-card\">\n                    <h3 class=\"format-title\">\n                        <span class=\"format-icon\"><i class=\"fas fa-file-video\"><\/i><\/span>\n                        Format CR2\n                    <\/h3>\n                    <ul class=\"format-list\">\n                        <li class=\"format-item\">\n                            <span class=\"format-check\"><i class=\"fas fa-check-circle\"><\/i><\/span>\n                            <span class=\"format-text\">Profunzimea de culoare de 14 bi\u021bi capteaz\u0103 o gam\u0103 larg\u0103 de tonuri \u0219i informa\u021bii despre culoare<\/span>\n                        <\/li>\n                        <li class=\"format-item\">\n                            <span class=\"format-check\"><i class=\"fas fa-check-circle\"><\/i><\/span>\n                            <span class=\"format-text\">Datele RAW f\u0103r\u0103 pierderi p\u0103streaz\u0103 calitatea maxim\u0103 a imaginii \u0219i flexibilitatea de editare<\/span>\n                        <\/li>\n                        <li class=\"format-item\">\n                            <span class=\"format-check\"><i class=\"fas fa-times-circle\"><\/i><\/span>\n                            <span class=\"format-text\">Fi\u0219ierele de dimensiuni mari (20-30 MB fiecare) consum\u0103 spa\u021biu de stocare semnificativ<\/span>\n                        <\/li>\n                        <li class=\"format-item\">\n                            <span class=\"format-check\"><i class=\"fas fa-times-circle\"><\/i><\/span>\n                            <span class=\"format-text\">Formatul proprietar Canon necesit\u0103 software specializat pentru vizualizare \u0219i editare<\/span>\n                        <\/li>\n                        <li class=\"format-item\">\n                            <span class=\"format-check\"><i class=\"fas fa-times-circle\"><\/i><\/span>\n                            <span class=\"format-text\">Compatibilitate limitat\u0103 cu vizualizatoare de imagini \u0219i browsere web standard<\/span>\n                        <\/li>\n                    <\/ul>\n                <\/div>\n\n                <div class=\"format-card\">\n                    <h3 class=\"format-title\">\n                        <span class=\"format-icon\"><i class=\"fas fa-file-video\"><\/i><\/span>\n                        Format TIFF\n                    <\/h3>\n                    <ul class=\"format-list\">\n                        <li class=\"format-item\">\n                            <span class=\"format-check\"><i class=\"fas fa-check-circle\"><\/i><\/span>\n                            <span class=\"format-text\">Compatibilitate universal\u0103 cu toate sistemele de operare \u0219i software-ul de editare a imaginilor<\/span>\n                        <\/li>\n                        <li class=\"format-item\">\n                            <span class=\"format-check\"><i class=\"fas fa-check-circle\"><\/i><\/span>\n                            <span class=\"format-text\">Compresia f\u0103r\u0103 pierderi men\u021bine calitatea imaginii, reduc\u00e2nd \u00een acela\u0219i timp dimensiunea fi\u0219ierului<\/span>\n                        <\/li>\n                        <li class=\"format-item\">\n                            <span class=\"format-check\"><i class=\"fas fa-check-circle\"><\/i><\/span>\n                            <span class=\"format-text\">Format profesional standard acceptat pe scar\u0103 larg\u0103 \u00een industriile tip\u0103rite \u0219i editoriale<\/span>\n                        <\/li>\n                        <li class=\"format-item\">\n                            <span class=\"format-check\"><i class=\"fas fa-check-circle\"><\/i><\/span>\n                            <span class=\"format-text\">Suport\u0103 profiluri de culoare \u00eencorporate pentru o reproducere precis\u0103 a culorilor<\/span>\n                        <\/li>\n                        <li class=\"format-item\">\n                            <span class=\"format-check\"><i class=\"fas fa-check-circle\"><\/i><\/span>\n                            <span class=\"format-text\">P\u0103streaz\u0103 rezolu\u021bia complet\u0103 \u0219i ad\u00e2ncimea de bi\u021bi din fi\u0219ierele RAW originale<\/span>\n                        <\/li>\n                    <\/ul>\n                <\/div>\n            <\/div>\n        <\/section>\n\n\n        <!-- Technical Details Section -->\n        <section class=\"technical-details-section\">\n            <h2 class=\"section-title\">Detalii tehnice<\/h2>\n\n            <div class=\"technical-details-grid\">\n                <div class=\"tech-detail-card\">\n                    <h3 class=\"tech-detail-title\">\n                        <span class=\"tech-detail-icon\"><i class=\"fas fa-camera\"><\/i><\/span>\n                        Procesare RAW Canon\n                    <\/h3>\n                    <p class=\"tech-detail-text\">Fi\u0219ierele CR2 folosesc formatul RAW proprietar Canon, bazat pe structura TIFF cu compresie personalizat\u0103. Convertorul nostru interpreteaz\u0103 cu acurate\u021be \u0219tiin\u021ba culorilor Canon, set\u0103rile balansului de alb \u0219i corec\u021biile lentilelor pentru a produce conversii TIFF fidele care men\u021bin inten\u021bia original\u0103 a fotografului.<\/p>\n                <\/div>\n                <div class=\"tech-detail-card\">\n                    <h3 class=\"tech-detail-title\">\n                        <span class=\"tech-detail-icon\"><i class=\"fas fa-compress-alt\"><\/i><\/span>\n                        Op\u021biuni de compresie TIFF\n                    <\/h3>\n                    <p class=\"tech-detail-text\">Formatul TIFF accept\u0103 mai mul\u021bi algoritmi de compresie, inclusiv compresie f\u0103r\u0103 pierderi LZW, dezumflare ZIP \u0219i stocare necomprimat\u0103. Convertorul selecteaz\u0103 automat compresia optim\u0103 pe baza con\u021binutului imaginii, p\u0103str\u00e2nd \u00een acela\u0219i timp toate datele pixelilor \u0219i men\u021bin\u00e2nd standardele profesionale de calitate.<\/p>\n                <\/div>\n                <div class=\"tech-detail-card\">\n                    <h3 class=\"tech-detail-title\">\n                        <span class=\"tech-detail-icon\"><i class=\"fas fa-palette\"><\/i><\/span>\n                        Managementul spa\u021biului de culoare\n                    <\/h3>\n                    <p class=\"tech-detail-text\">Conversie adecvat\u0103 a spa\u021biului de culoare din spa\u021biul de culoare nativ Canon \u00een profiluri TIFF standard, cum ar fi sRGB, Adobe RGB sau ProPhoto RGB. Convertorul gestioneaz\u0103 corec\u021bia gama, ajustarea punctului alb \u0219i maparea gamei de culori pentru a asigura reproducerea exact\u0103 a culorilor pe diferite dispozitive \u0219i fluxuri de lucru.<\/p>\n                <\/div>\n            <\/div>\n        <\/section>\n\n\n        <!-- How It Works Section -->\n        <section id=\"how-it-works\" class=\"how-it-works-section\">\n            <h2 class=\"section-title\">Cum se convertesc CR2 \u00een TIFF<\/h2>\n\n            <div class=\"steps-container\">\n                <div class=\"step-card\">\n                    <div class=\"step-number\">1<\/div>\n                    <div class=\"step-content\">\n                        <h3 class=\"step-title\">Desc\u0103rca\u021bi \u0219i instala\u021bi<\/h3>\n                        <p class=\"step-text\">Desc\u0103rca\u021bi Convertify gratuit \u0219i instala\u021bi-l pe computerul Windows. Nu este nevoie de cont sau de \u00eenregistrare.<\/p>\n                    <\/div>\n                <\/div>\n                <div class=\"step-card\">\n                    <div class=\"step-number\">2<\/div>\n                    <div class=\"step-content\">\n                        <h3 class=\"step-title\">Ad\u0103uga\u021bi fi\u0219ierele dvs. CR2<\/h3>\n                        <p class=\"step-text\">Trage\u021bi \u0219i plasa\u021bi fi\u0219ierele CR2 \u00een Convertify sau utiliza\u021bi browserul de fi\u0219iere pentru a le selecta.<\/p>\n                    <\/div>\n                <\/div>\n                <div class=\"step-card\">\n                    <div class=\"step-number\">3<\/div>\n                    <div class=\"step-content\">\n                        <h3 class=\"step-title\">Selecta\u021bi Ie\u0219ire TIFF<\/h3>\n                        <p class=\"step-text\">Alege\u021bi TIFF ca format de ie\u0219ire. Ajusta\u021bi set\u0103rile de calitate dac\u0103 este necesar.<\/p>\n                    <\/div>\n                <\/div>\n                <div class=\"step-card\">\n                    <div class=\"step-number\">4<\/div>\n                    <div class=\"step-content\">\n                        <h3 class=\"step-title\">Converti\u021bi \u0219i salva\u021bi<\/h3>\n                        <p class=\"step-text\">Face\u021bi clic pe Conversie \u0219i fi\u0219ierele dvs. vor fi procesate instantaneu. Salva\u021bi-le oriunde pe computer.<\/p>\n                    <\/div>\n                <\/div>\n            <\/div>\n        <\/section>\n\n\n        <!-- Use Cases Section -->\n        <section class=\"use-cases-section\">\n            <h2 class=\"section-title\">C\u00e2nd s\u0103 utiliza\u021bi conversia CR2 \u00een TIFF<\/h2>\n\n            <div class=\"use-cases-grid\">\n                <div class=\"use-case-card\">\n                    <div class=\"use-case-icon\"><i class=\"fas fa-camera-retro\"><\/i><\/div>\n                    <h3 class=\"use-case-title\">Fotografie profesional\u0103<\/h3>\n                    <p class=\"use-case-text\">Converti\u021bi \u0219edin\u021be foto client din CR2 \u00een TIFF pentru fluxuri de lucru profesionale de editare. Formatul TIFF asigur\u0103 compatibilitatea cu toate programele de editare a imaginilor, men\u021bin\u00e2nd \u00een acela\u0219i timp calitatea necesar\u0103 pentru retu\u0219area de v\u00e2rf \u0219i gradarea culorilor.<\/p>\n                <\/div>\n                <div class=\"use-case-card\">\n                    <div class=\"use-case-icon\"><i class=\"fas fa-print\"><\/i><\/div>\n                    <h3 class=\"use-case-title\">Tip\u0103rire comercial\u0103<\/h3>\n                    <p class=\"use-case-text\">Preg\u0103ti\u021bi fi\u0219iere Canon RAW pentru produc\u021bia de imprimare comercial\u0103. Formatul TIFF este standardul industrial pentru imprimarea de \u00eenalt\u0103 calitate, oferind acurate\u021bea culorilor \u0219i rezolu\u021bia necesare pentru reviste, bro\u0219uri \u0219i tip\u0103rituri \u00een format mare.<\/p>\n                <\/div>\n                <div class=\"use-case-card\">\n                    <div class=\"use-case-icon\"><i class=\"fas fa-archive\"><\/i><\/div>\n                    <h3 class=\"use-case-title\">Arhiv\u0103 pe termen lung<\/h3>\n                    <p class=\"use-case-text\">Converti\u021bi fi\u0219ierele CR2 \u00een TIFF pentru stocare pe termen lung \u0219i \u00een scopuri de arhivare. TIFF este un format standard deschis care asigur\u0103 c\u0103 imaginile dvs. vor r\u0103m\u00e2ne accesibile peste zeci de ani, spre deosebire de formatele RAW proprietare care pot deveni \u00eenvechite.<\/p>\n                <\/div>\n                <div class=\"use-case-card\">\n                    <div class=\"use-case-icon\"><i class=\"fas fa-share-alt\"><\/i><\/div>\n                    <h3 class=\"use-case-title\">Livrarea clientului<\/h3>\n                    <p class=\"use-case-text\">Oferi\u021bi clien\u021bilor imagini procesate \u00een format TIFF compatibil universal. Clien\u021bii pot deschide fi\u0219iere TIFF pe orice sistem f\u0103r\u0103 a necesita software specializat de procesare RAW, ceea ce \u00eel face ideal pentru livrarea imaginii finale.<\/p>\n                <\/div>\n                <div class=\"use-case-card\">\n                    <div class=\"use-case-icon\"><i class=\"fas fa-layer-group\"><\/i><\/div>\n                    <h3 class=\"use-case-title\">Fotografie de stoc<\/h3>\n                    <p class=\"use-case-text\">Converti\u021bi fi\u0219ierele Canon RAW \u00een TIFF pentru trimiteri de fotografii stoc. Majoritatea agen\u021biilor de burs\u0103 accept\u0103 formatul TIFF \u0219i necesit\u0103 calitatea \u00eenalt\u0103 \u0219i p\u0103strarea metadatelor pe care TIFF le ofer\u0103 pentru licen\u021bierea comercial\u0103.<\/p>\n                <\/div>\n                <div class=\"use-case-card\">\n                    <div class=\"use-case-icon\"><i class=\"fas fa-palette\"><\/i><\/div>\n                    <h3 class=\"use-case-title\">Editare multiplatform\u0103<\/h3>\n                    <p class=\"use-case-text\">Permite\u021bi colaborarea f\u0103r\u0103 \u00eentreruperi \u00eentre diferite sisteme de operare \u0219i platforme software. Fi\u0219ierele TIFF se deschid \u00een mod constant \u00een Photoshop, GIMP \u0219i alte editoare, f\u0103r\u0103 a necesita procesoare RAW specifice Canon.<\/p>\n                <\/div>\n            <\/div>\n        <\/section>\n\n\n        <!-- Security Section -->\n        <section class=\"security-section\">\n            <h2 class=\"section-title\">Confiden\u021bialitatea dvs. este protejat\u0103<\/h2>\n\n            <div class=\"security-features\">\n                <div class=\"security-card\">\n                    <h3 class=\"security-title\">\n                        <span class=\"security-icon\"><i class=\"fas fa-lock\"><\/i><\/span>\n                        100% offline\n                    <\/h3>\n                    <p class=\"security-text\">Toate conversiile au loc local pe computerul dvs. Fi\u0219ierele dvs. nu p\u0103r\u0103sesc dispozitivul \u0219i nu sunt \u00eenc\u0103rcate niciodat\u0103 pe niciun server.<\/p>\n                <\/div>\n                <div class=\"security-card\">\n                    <h3 class=\"security-title\">\n                        <span class=\"security-icon\"><i class=\"fas fa-user-shield\"><\/i><\/span>\n                        Nu este necesar un cont\n                    <\/h3>\n                    <p class=\"security-text\">\u00cencepe\u021bi s\u0103 converti\u021bi imediat, f\u0103r\u0103 a crea un cont, a furniza informa\u021bii personale sau a v\u0103 \u00eenscrie pentru ceva.<\/p>\n                <\/div>\n                <div class=\"security-card\">\n                    <h3 class=\"security-title\">\n                        <span class=\"security-icon\"><i class=\"fas fa-trash-alt\"><\/i><\/span>\n                        Cur\u0103\u021bare automat\u0103\n                    <\/h3>\n                    <p class=\"security-text\">Fi\u0219ierele temporare sunt \u0219terse \u00een siguran\u021b\u0103 dup\u0103 conversie. Fi\u0219ierele dvs. originale r\u0103m\u00e2n complet neatinse, dac\u0103 nu alege\u021bi altfel.<\/p>\n                <\/div>\n            <\/div>\n        <\/section>\n\n\n        <!-- FAQ Section -->\n        <section class=\"faq-section\">\n            <h2 class=\"section-title\">\u00centreb\u0103ri frecvente<\/h2>\n\n            <div class=\"faq-container\">\n                <div class=\"faq-item\">\n                    <h3 class=\"faq-question\">\n                        <span class=\"faq-icon\"><i class=\"fas fa-question-circle\"><\/i><\/span>\n                        Conversia CR2 \u00een TIFF va reduce calitatea imaginii?\n                    <\/h3>\n                    <div class=\"faq-answer\">\n                        <p>Nu, conversia CR2 \u00een TIFF men\u021bine calitatea complet\u0103 a imaginii. TIFF accept\u0103 compresie f\u0103r\u0103 pierderi \u0219i poate p\u0103stra aceea\u0219i ad\u00e2ncime de bi\u021bi \u0219i informa\u021bii de culoare ca fi\u0219ierul original Canon RAW. Procesul de conversie interpreteaz\u0103 datele RAW \u0219i le salveaz\u0103 \u00eentr-un format standard f\u0103r\u0103 degradare.<\/p>\n                    <\/div>\n                <\/div>\n                <div class=\"faq-item\">\n                    <h3 class=\"faq-question\">\n                        <span class=\"faq-icon\"><i class=\"fas fa-question-circle\"><\/i><\/span>\n                        Ce se \u00eent\u00e2mpl\u0103 cu datele EXIF \u200b\u200bla conversia CR2 \u00een TIFF?\n                    <\/h3>\n                    <div class=\"faq-answer\">\n                        <p>Toate metadatele EXIF, inclusiv set\u0103rile camerei, parametrii de fotografiere, coordonatele GPS \u0219i marcajele de timp sunt p\u0103strate \u00een timpul conversiei. Formatul TIFF accept\u0103 pe deplin metadate \u00eencorporate, asigur\u00e2ndu-v\u0103 c\u0103 informa\u021biile dvs. de fotografiere r\u0103m\u00e2n intacte pentru referin\u021be viitoare.<\/p>\n                    <\/div>\n                <\/div>\n                <div class=\"faq-item\">\n                    <h3 class=\"faq-question\">\n                        <span class=\"faq-icon\"><i class=\"fas fa-question-circle\"><\/i><\/span>\n                        Pot converti mai multe fi\u0219iere CR2 simultan?\n                    <\/h3>\n                    <div class=\"faq-answer\">\n                        <p>Da, Convertify accept\u0103 procesarea masiv\u0103 \u00een loturi, permi\u021b\u00e2ndu-v\u0103 s\u0103 converti\u021bi mii de fi\u0219iere CR2 simultan. Pur \u0219i simplu trage\u021bi \u0219i plasa\u021bi \u00eentreaga colec\u021bie de fotografii, iar convertorul va procesa toate fi\u0219ierele, men\u021bin\u00e2nd \u00een acela\u0219i timp calitatea constant\u0103 \u0219i p\u0103str\u00e2nd metadatele individuale.<\/p>\n                    <\/div>\n                <\/div>\n                <div class=\"faq-item\">\n                    <h3 class=\"faq-question\">\n                        <span class=\"faq-icon\"><i class=\"fas fa-question-circle\"><\/i><\/span>\n                        C\u00e2t de mari vor fi fi\u0219ierele mele TIFF \u00een compara\u021bie cu CR2?\n                    <\/h3>\n                    <div class=\"faq-answer\">\n                        <p>Fi\u0219ierele TIFF sunt de obicei similare ca dimensiune cu fi\u0219ierele CR2 atunci c\u00e2nd se utilizeaz\u0103 compresia f\u0103r\u0103 pierderi, de obicei variind \u00eentre 15 \u0219i 40 MB, \u00een func\u021bie de con\u021binutul \u0219i rezolu\u021bia imaginii. Convertorul optimizeaz\u0103 automat compresia pentru cel mai bun echilibru \u00eentre calitate \u0219i dimensiunea fi\u0219ierului.<\/p>\n                    <\/div>\n                <\/div>\n                <div class=\"faq-item\">\n                    <h3 class=\"faq-question\">\n                        <span class=\"faq-icon\"><i class=\"fas fa-question-circle\"><\/i><\/span>\n                        Am nevoie de conexiune la internet pentru a converti fi\u0219ierele CR2?\n                    <\/h3>\n                    <div class=\"faq-answer\">\n                        <p>Nu este necesar\u0103 conexiune la internet. Convertify proceseaz\u0103 toate conversiile CR2 \u00een TIFF complet offline pe computer. Fi\u0219ierele dvs. RAW nu p\u0103r\u0103sesc dispozitivul dvs., asigur\u00e2nd confiden\u021bialitate \u0219i securitate complet\u0103 pentru munca dvs. de fotografie profesional\u0103.<\/p>\n                    <\/div>\n                <\/div>\n                <div class=\"faq-item\">\n                    <h3 class=\"faq-question\">\n                        <span class=\"faq-icon\"><i class=\"fas fa-question-circle\"><\/i><\/span>\n                        Vor fi p\u0103strate profilurile de culoare \u00een conversia TIFF?\n                    <\/h3>\n                    <div class=\"faq-answer\">\n                        <p>Da, profilurile de culoare \u0219i informa\u021biile despre spa\u021biul de culoare sunt gestionate corect \u00een timpul conversiei. Formatul TIFF accept\u0103 profiluri ICC \u00eencorporate, asigur\u00e2nd reproducerea corect\u0103 a culorilor atunci c\u00e2nd fi\u0219ierele sunt deschise \u00een alt software sau trimise pentru imprimare.<\/p>\n                    <\/div>\n                <\/div>\n                <div class=\"faq-item\">\n                    <h3 class=\"faq-question\">\n                        <span class=\"faq-icon\"><i class=\"fas fa-question-circle\"><\/i><\/span>\n                        Pot converti fi\u0219ierele CR2 de la toate modelele de camere Canon?\n                    <\/h3>\n                    <div class=\"faq-answer\">\n                        <p>Convertify accept\u0103 fi\u0219iere CR2 de la toate camerele Canon DSLR \u0219i f\u0103r\u0103 oglind\u0103 care utilizeaz\u0103 formatul CR2, inclusiv camerele din seria EOS R, seria 5D, seria 7D \u0219i seria Rebel. Convertorul gestioneaz\u0103 automat diferite variante \u0219i versiuni CR2.<\/p>\n                    <\/div>\n                <\/div>\n                <div class=\"faq-item\">\n                    <h3 class=\"faq-question\">\n                        <span class=\"faq-icon\"><i class=\"fas fa-question-circle\"><\/i><\/span>\n                        Exist\u0103 o limit\u0103 la c\u00e2te fi\u0219iere CR2 pot converti?\n                    <\/h3>\n                    <div class=\"faq-answer\">\n                        <p>Nu exist\u0103 limite de conversie cu Convertify. Pute\u021bi converti fi\u0219iere CR2 nelimitate \u00een format TIFF f\u0103r\u0103 restric\u021bii, filigrane sau limite de dimensiune a fi\u0219ierului. Versiunea gratuit\u0103 ofer\u0103 capabilit\u0103\u021bi complete de conversie f\u0103r\u0103 restric\u021bii de utilizare.<\/p>\n                    <\/div>\n                <\/div>\n            <\/div>\n        <\/section>\n\n\n        <!-- CTA Section -->\n        <section class=\"cta-section\">\n            <div class=\"cta-pattern\"><\/div>\n            <div class=\"cta-content\">\n                <h2 class=\"cta-title\">Sunte\u021bi gata s\u0103 v\u0103 converti\u021bi fi\u0219ierele?<\/h2>\n                <p class=\"cta-text\">Desc\u0103rca\u021bi Convertify acum \u0219i \u00eencepe\u021bi s\u0103 converti\u021bi instantaneu CR2 \u00een TIFF. Gratuit, nelimitat \u0219i complet offline.<\/p>\n                <div class=\"hero-buttons\">\n                    <a href=\"\/download\" class=\"btn btn-primary\">Desc\u0103rca\u021bi Convertify gratuit<\/a>\n                    <a href=\"\/pricing\" class=\"btn btn-secondary\">Vede\u021bi pre\u021burile<\/a>\n                <\/div>\n            <\/div>\n        <\/section>\n    <\/div>\n<\/body>\n<\/html>\n\n\n\n<p><\/p>\n","protected":false},"excerpt":{"rendered":"<p>Convertor CR2 \u00een TIFF: profesional, gratuit \u0219i offline pentru Windows Convertor CR2 la TIFF Converti\u021bi fi\u0219ierele raw Canon CR2 \u00een [&hellip;]<\/p>\n","protected":false},"author":1,"featured_media":0,"parent":0,"menu_order":0,"comment_status":"closed","ping_status":"closed","template":"","meta":{"pagelayer_contact_templates":[],"_pagelayer_content":"","_uag_custom_page_level_css":"","site-sidebar-layout":"default","site-content-layout":"","ast-site-content-layout":"","site-content-style":"default","site-sidebar-style":"default","ast-global-header-display":"","ast-banner-title-visibility":"","ast-main-header-display":"","ast-hfb-above-header-display":"","ast-hfb-below-header-display":"","ast-hfb-mobile-header-display":"","site-post-title":"disabled","ast-breadcrumbs-content":"","ast-featured-img":"","footer-sml-layout":"","theme-transparent-header-meta":"","adv-header-id-meta":"","stick-header-meta":"","header-above-stick-meta":"","header-main-stick-meta":"","header-below-stick-meta":"","astra-migrate-meta-layouts":"default","ast-page-background-enabled":"default","ast-page-background-meta":{"desktop":{"background-color":"var(--ast-global-color-5)","background-image":"","background-repeat":"repeat","background-position":"center center","background-size":"auto","background-attachment":"scroll","background-type":"","background-media":"","overlay-type":"","overlay-color":"","overlay-opacity":"","overlay-gradient":""},"tablet":{"background-color":"","background-image":"","background-repeat":"repeat","background-position":"center center","background-size":"auto","background-attachment":"scroll","background-type":"","background-media":"","overlay-type":"","overlay-color":"","overlay-opacity":"","overlay-gradient":""},"mobile":{"background-color":"","background-image":"","background-repeat":"repeat","background-position":"center center","background-size":"auto","background-attachment":"scroll","background-type":"","background-media":"","overlay-type":"","overlay-color":"","overlay-opacity":"","overlay-gradient":""}},"ast-content-background-meta":{"desktop":{"background-color":"var(--ast-global-color-4)","background-image":"","background-repeat":"repeat","background-position":"center center","background-size":"auto","background-attachment":"scroll","background-type":"","background-media":"","overlay-type":"","overlay-color":"","overlay-opacity":"","overlay-gradient":""},"tablet":{"background-color":"var(--ast-global-color-4)","background-image":"","background-repeat":"repeat","background-position":"center center","background-size":"auto","background-attachment":"scroll","background-type":"","background-media":"","overlay-type":"","overlay-color":"","overlay-opacity":"","overlay-gradient":""},"mobile":{"background-color":"var(--ast-global-color-4)","background-image":"","background-repeat":"repeat","background-position":"center center","background-size":"auto","background-attachment":"scroll","background-type":"","background-media":"","overlay-type":"","overlay-color":"","overlay-opacity":"","overlay-gradient":""}},"footnotes":""},"class_list":["post-740505","page","type-page","status-publish","hentry"],"uagb_featured_image_src":{"full":false,"thumbnail":false,"medium":false,"medium_large":false,"large":false,"1536x1536":false,"2048x2048":false,"woocommerce_thumbnail":false,"woocommerce_single":false,"woocommerce_gallery_thumbnail":false},"uagb_author_info":{"display_name":"convertify","author_link":"https:\/\/convertifypro.com\/author\/convertifypro\/"},"uagb_comment_info":0,"uagb_excerpt":"Convertor CR2 \u00een TIFF: profesional, gratuit \u0219i offline pentru Windows Convertor CR2 la TIFF Converti\u021bi fi\u0219ierele raw Canon CR2 \u00een [&hellip;]","_links":{"self":[{"href":"https:\/\/convertifypro.com\/wp-json\/wp\/v2\/pages\/740505","targetHints":{"allow":["GET"]}}],"collection":[{"href":"https:\/\/convertifypro.com\/wp-json\/wp\/v2\/pages"}],"about":[{"href":"https:\/\/convertifypro.com\/wp-json\/wp\/v2\/types\/page"}],"author":[{"embeddable":true,"href":"https:\/\/convertifypro.com\/wp-json\/wp\/v2\/users\/1"}],"replies":[{"embeddable":true,"href":"https:\/\/convertifypro.com\/wp-json\/wp\/v2\/comments?post=740505"}],"version-history":[{"count":0,"href":"https:\/\/convertifypro.com\/wp-json\/wp\/v2\/pages\/740505\/revisions"}],"wp:attachment":[{"href":"https:\/\/convertifypro.com\/wp-json\/wp\/v2\/media?parent=740505"}],"curies":[{"name":"wp","href":"https:\/\/api.w.org\/{rel}","templated":true}]}}