{"id":740301,"date":"2026-01-21T22:48:28","date_gmt":"2026-01-21T22:48:28","guid":{"rendered":"https:\/\/convertifypro.com\/?page_id=740301"},"modified":"2026-01-21T22:48:28","modified_gmt":"2026-01-21T22:48:28","slug":"avif-to-pdf-converter","status":"publish","type":"page","link":"https:\/\/convertifypro.com\/pt-PT\/conversor-avif-para-pdf\/","title":{"rendered":"Conversor AVIF para PDF"},"content":{"rendered":"<style class=\"wpcode-css-snippet\">.ast-custom-button {\r\n  display: none;\r\n}<\/style>\n\n\n\n<!DOCTYPE html>\n<html lang=\"en\">\n<head>\n    <meta charset=\"UTF-8\">\n    <meta name=\"viewport\" content=\"width=device-width, initial-scale=1.0\">\n    <meta name=\"description\" content=\"Convert AVIF images to PDF documents with our powerful offline converter. Perfect for portfolios, presentations, and universal compatibility.\">\n    <meta name=\"keywords\" content=\"AVIF to PDF converter, convert AVIF to PDF, AVIF PDF conversion, offline image converter, Windows AVIF converter, AV1 image to PDF, batch AVIF conversion, free PDF converter\">\n    <title>Conversor AVIF para PDF: r\u00e1pido, gratuito e offline para Windows<\/title>\n    <link rel=\"stylesheet\" href=\"https:\/\/cdnjs.cloudflare.com\/ajax\/libs\/font-awesome\/6.4.0\/css\/all.min.css\">\n    \n    <style>\n        \/* Main Styles *\/\n        :root {\n            --primary-color: #FD9800;\n            --primary-hover: #e88a00;\n            --text-color: #3A3A3A;\n            --light-bg: #f8faff;\n            --gradient-bg: linear-gradient(135deg, #f8faff 0%, #fff5e6 100%);\n            --box-shadow: 0 10px 30px rgba(0, 0, 0, 0.05);\n            --hover-shadow: 0 15px 35px rgba(0, 0, 0, 0.1);\n            --border-color: #f1f5f9;\n        }\n\n        .converter-section {\n            max-width: 1200px;\n            margin: 0 auto;\n            padding: 2rem 1.5rem;\n            font-family: 'Inter', 'Segoe UI', system-ui, -apple-system, sans-serif;\n            color: var(--text-color);\n        }\n\n        \/* Hero Section *\/\n        .hero-section {\n            text-align: center;\n            padding: 3rem 1rem;\n            margin-bottom: 3rem;\n            background: var(--gradient-bg);\n            border-radius: 16px;\n            position: relative;\n            overflow: hidden;\n        }\n\n        .hero-pattern {\n            position: absolute;\n            top: 0;\n            left: 0;\n            right: 0;\n            bottom: 0;\n            background-image: url(\"data:image\/svg+xml,%3Csvg width='60' height='60' viewBox='0 0 60 60' xmlns='http:\/\/www.w3.org\/2000\/svg'%3E%3Cg fill='none' fill-rule='evenodd'%3E%3Cg fill='%23fd9800' fill-opacity='0.05'%3E%3Cpath d='M36 34v-4h-2v4h-4v2h4v4h2v-4h4v-2h-4zm0-30V0h-2v4h-4v2h4v4h2V6h4V4h-4zM6 34v-4H4v4H0v2h4v4h2v-4h4v-2H6zM6 4V0H4v4H0v2h4v4h2V6h4V4H6z'\/%3E%3C\/g%3E%3C\/g%3E%3C\/svg%3E\");\n            opacity: 0.5;\n            z-index: 0;\n        }\n\n        .hero-content {\n            position: relative;\n            z-index: 1;\n            max-width: 800px;\n            margin: 0 auto;\n        }\n\n        .hero-title {\n            font-size: 2.8rem;\n            font-weight: 800;\n            margin-bottom: 1.5rem;\n            color: var(--text-color);\n        }\n\n        .hero-subtitle {\n            font-size: 1.25rem;\n            margin-bottom: 2rem;\n            color: var(--text-color);\n            line-height: 1.6;\n        }\n\n        .hero-badges {\n            display: flex;\n            flex-wrap: wrap;\n            justify-content: center;\n            gap: 1rem;\n            margin-bottom: 2rem;\n        }\n\n        .hero-badge {\n            display: flex;\n            align-items: center;\n            background: white;\n            border-radius: 50px;\n            padding: 0.5rem 1rem;\n            box-shadow: var(--box-shadow);\n            transition: all 0.3s ease;\n            border: 1px solid var(--border-color);\n        }\n\n        .hero-badge:hover {\n            transform: translateY(-3px);\n            box-shadow: var(--hover-shadow);\n            border-color: rgba(253, 152, 0, 0.3);\n        }\n\n        .hero-badge-icon {\n            color: var(--primary-color);\n            margin-right: 0.5rem;\n            font-size: 1rem;\n        }\n\n        .hero-badge-text {\n            font-size: 0.9rem;\n            font-weight: 600;\n            color: var(--text-color);\n        }\n\n        .hero-buttons {\n            display: flex;\n            justify-content: center;\n            gap: 1rem;\n            flex-wrap: wrap;\n        }\n\n        .btn {\n            display: inline-block;\n            padding: 0.75rem 1.5rem;\n            border-radius: 8px;\n            font-weight: 600;\n            text-decoration: none !important;\n            transition: all 0.3s ease;\n            cursor: pointer;\n            font-size: 1rem;\n        }\n\n        .btn-primary {\n            background-color: var(--primary-color);\n            color: white !important;\n            box-shadow: 0 8px 16px rgba(253, 152, 0, 0.2);\n            border: none;\n        }\n\n        .btn-primary:hover {\n            background-color: var(--primary-hover);\n            transform: translateY(-2px);\n            text-decoration: none !important;\n        }\n\n        .btn-secondary {\n            background-color: white;\n            color: var(--primary-color) !important;\n            border: 1px solid var(--border-color);\n        }\n\n        .btn-secondary:hover {\n            background-color: #fff5e6;\n            transform: translateY(-2px);\n            text-decoration: none !important;\n        }\n\n        \/* Features Section *\/\n        .features-section {\n            margin-bottom: 4rem;\n        }\n\n        .section-title {\n            font-size: 2.2rem;\n            font-weight: 700;\n            text-align: center;\n            margin-bottom: 2.5rem;\n            color: var(--text-color);\n        }\n\n        .features-grid {\n            display: grid;\n            grid-template-columns: repeat(auto-fit, minmax(300px, 1fr));\n            gap: 2rem;\n        }\n\n        .feature-card {\n            background: white;\n            border-radius: 16px;\n            overflow: hidden;\n            box-shadow: var(--box-shadow);\n            transition: all 0.3s ease;\n            border: 1px solid var(--border-color);\n            height: 100%;\n            display: flex;\n            flex-direction: column;\n        }\n\n        .feature-card:hover {\n            transform: translateY(-5px);\n            box-shadow: var(--hover-shadow);\n            border-color: rgba(253, 152, 0, 0.3);\n        }\n\n        .feature-icon {\n            width: 60px;\n            height: 60px;\n            background-color: rgba(253, 152, 0, 0.15);\n            color: var(--primary-color);\n            border-radius: 12px;\n            display: flex;\n            align-items: center;\n            justify-content: center;\n            margin-bottom: 1.5rem;\n            font-size: 1.8rem;\n            transition: all 0.3s ease;\n        }\n\n        .feature-card:hover .feature-icon {\n            background: linear-gradient(135deg, #FD9800 0%, #FF6D00 100%);\n            color: white;\n            box-shadow: 0 10px 20px rgba(253, 152, 0, 0.2);\n        }\n\n        .feature-content {\n            padding: 2rem;\n            flex-grow: 1;\n        }\n\n        .feature-title {\n            font-size: 1.4rem;\n            font-weight: 700;\n            margin-bottom: 1rem;\n            color: var(--text-color);\n        }\n\n        .feature-text {\n            font-size: 1rem;\n            color: #555;\n            line-height: 1.6;\n            margin-bottom: 1.5rem;\n        }\n\n        .feature-list {\n            list-style: none;\n            padding: 0;\n            margin: 0;\n        }\n\n        .feature-item {\n            display: flex;\n            align-items: flex-start;\n            margin-bottom: 0.75rem;\n            line-height: 1.5;\n        }\n\n        .feature-check {\n            color: var(--primary-color);\n            margin-right: 0.75rem;\n            flex-shrink: 0;\n            margin-top: 0.2rem;\n        }\n\n        .feature-item-text {\n            font-size: 0.95rem;\n            color: var(--text-color);\n        }\n\n        \/* Why Convert Section *\/\n        .why-convert-section {\n            margin-bottom: 4rem;\n            background: var(--light-bg);\n            border-radius: 16px;\n            padding: 3rem 2rem;\n        }\n\n        .comparison-grid {\n            display: grid;\n            grid-template-columns: repeat(auto-fit, minmax(300px, 1fr));\n            gap: 2rem;\n            margin-top: 2rem;\n        }\n\n        .format-card {\n            background: white;\n            border-radius: 16px;\n            padding: 1.5rem;\n            box-shadow: var(--box-shadow);\n            transition: all 0.3s ease;\n            border: 1px solid var(--border-color);\n        }\n\n        .format-card:hover {\n            transform: translateY(-5px);\n            box-shadow: var(--hover-shadow);\n            border-color: rgba(253, 152, 0, 0.3);\n        }\n\n        .format-title {\n            font-size: 1.6rem;\n            font-weight: 700;\n            margin-bottom: 1.25rem;\n            color: var(--text-color);\n            display: flex;\n            align-items: center;\n        }\n\n        .format-icon {\n            color: var(--primary-color);\n            margin-right: 0.75rem;\n            font-size: 1.6rem;\n        }\n\n        .format-list {\n            list-style: none;\n            padding: 0;\n            margin: 0;\n        }\n\n        .format-item {\n            display: flex;\n            align-items: flex-start;\n            margin-bottom: 0.85rem;\n        }\n\n        .format-check {\n            color: var(--primary-color);\n            margin-right: 0.75rem;\n            flex-shrink: 0;\n            margin-top: 0.2rem;\n        }\n\n        .format-text {\n            font-size: 0.95rem;\n            color: #555;\n            line-height: 1.5;\n        }\n\n        \/* How It Works Section *\/\n        .how-it-works-section {\n            margin-bottom: 4rem;\n        }\n\n        .steps-container {\n            max-width: 900px;\n            margin: 0 auto;\n        }\n\n        .step-card {\n            display: flex;\n            align-items: flex-start;\n            background: white;\n            border-radius: 16px;\n            padding: 2rem;\n            box-shadow: var(--box-shadow);\n            margin-bottom: 2rem;\n            border: 1px solid var(--border-color);\n            transition: all 0.3s ease;\n        }\n\n        .step-card:hover {\n            transform: translateY(-5px);\n            box-shadow: var(--hover-shadow);\n            border-color: rgba(253, 152, 0, 0.3);\n        }\n\n        .step-number {\n            width: 50px;\n            height: 50px;\n            background-color: rgba(253, 152, 0, 0.15);\n            color: var(--primary-color);\n            border-radius: 50%;\n            display: flex;\n            align-items: center;\n            justify-content: center;\n            font-size: 1.5rem;\n            font-weight: 700;\n            margin-right: 1.5rem;\n            flex-shrink: 0;\n            transition: all 0.3s ease;\n        }\n\n        .step-card:hover .step-number {\n            background: linear-gradient(135deg, #FD9800 0%, #FF6D00 100%);\n            color: white;\n            box-shadow: 0 10px 20px rgba(253, 152, 0, 0.2);\n        }\n\n        .step-content {\n            flex: 1;\n        }\n\n        .step-title {\n            font-size: 1.4rem;\n            font-weight: 700;\n            margin-bottom: 0.75rem;\n            color: var(--text-color);\n        }\n\n        .step-text {\n            font-size: 1rem;\n            color: #555;\n            line-height: 1.6;\n        }\n\n        \/* Use Cases Section *\/\n        .use-cases-section {\n            margin-bottom: 4rem;\n            background: var(--light-bg);\n            border-radius: 16px;\n            padding: 3rem 2rem;\n        }\n\n        .use-cases-grid {\n            display: grid;\n            grid-template-columns: repeat(auto-fit, minmax(300px, 1fr));\n            gap: 2rem;\n            margin-top: 2rem;\n        }\n\n        .use-case-card {\n            background: white;\n            border-radius: 16px;\n            padding: 1.5rem;\n            box-shadow: var(--box-shadow);\n            transition: all 0.3s ease;\n            border: 1px solid var(--border-color);\n            height: 100%;\n        }\n\n        .use-case-card:hover {\n            transform: translateY(-5px);\n            box-shadow: var(--hover-shadow);\n            border-color: rgba(253, 152, 0, 0.3);\n        }\n\n        .use-case-icon {\n            color: var(--primary-color);\n            font-size: 2rem;\n            margin-bottom: 1rem;\n        }\n\n        .use-case-title {\n            font-size: 1.3rem;\n            font-weight: 700;\n            margin-bottom: 1rem;\n            color: var(--text-color);\n        }\n\n        .use-case-text {\n            font-size: 0.95rem;\n            color: #555;\n            line-height: 1.6;\n        }\n\n        \/* FAQ Section *\/\n        .faq-section {\n            margin-bottom: 4rem;\n        }\n\n        .faq-container {\n            max-width: 900px;\n            margin: 0 auto;\n        }\n\n        .faq-item {\n            background: white;\n            border-radius: 16px;\n            padding: 1.5rem 2rem;\n            box-shadow: var(--box-shadow);\n            margin-bottom: 1.5rem;\n            border: 1px solid var(--border-color);\n            transition: all 0.3s ease;\n        }\n\n        .faq-item:hover {\n            transform: translateY(-3px);\n            box-shadow: var(--hover-shadow);\n            border-color: rgba(253, 152, 0, 0.3);\n        }\n\n        .faq-question {\n            font-size: 1.2rem;\n            font-weight: 700;\n            margin-bottom: 1rem;\n            color: var(--text-color);\n            display: flex;\n            align-items: center;\n        }\n\n        .faq-icon {\n            color: var(--primary-color);\n            margin-right: 0.75rem;\n            font-size: 1.2rem;\n        }\n\n        .faq-answer {\n            font-size: 1rem;\n            color: #555;\n            line-height: 1.6;\n        }\n\n        \/* Technical Details Section *\/\n        .technical-details-section {\n            margin-bottom: 4rem;\n        }\n\n        .technical-details-grid {\n            display: grid;\n            grid-template-columns: repeat(auto-fit, minmax(300px, 1fr));\n            gap: 2rem;\n        }\n\n        .tech-detail-card {\n            background: white;\n            border-radius: 16px;\n            padding: 1.5rem;\n            box-shadow: var(--box-shadow);\n            transition: all 0.3s ease;\n            border: 1px solid var(--border-color);\n        }\n\n        .tech-detail-card:hover {\n            transform: translateY(-5px);\n            box-shadow: var(--hover-shadow);\n            border-color: rgba(253, 152, 0, 0.3);\n        }\n\n        .tech-detail-title {\n            font-size: 1.3rem;\n            font-weight: 700;\n            margin-bottom: 1rem;\n            color: var(--text-color);\n            display: flex;\n            align-items: center;\n        }\n\n        .tech-detail-icon {\n            color: var(--primary-color);\n            margin-right: 0.75rem;\n            font-size: 1.3rem;\n        }\n\n        .tech-detail-text {\n            font-size: 0.95rem;\n            color: #555;\n            line-height: 1.6;\n        }\n\n        \/* Security Section *\/\n        .security-section {\n            margin-bottom: 4rem;\n            background: var(--light-bg);\n            border-radius: 16px;\n            padding: 3rem 2rem;\n        }\n\n        .security-features {\n            display: grid;\n            grid-template-columns: repeat(auto-fit, minmax(300px, 1fr));\n            gap: 2rem;\n            margin-top: 2rem;\n        }\n\n        .security-card {\n            background: white;\n            border-radius: 16px;\n            padding: 1.5rem;\n            box-shadow: var(--box-shadow);\n            transition: all 0.3s ease;\n            border: 1px solid var(--border-color);\n        }\n\n        .security-card:hover {\n            transform: translateY(-5px);\n            box-shadow: var(--hover-shadow);\n            border-color: rgba(253, 152, 0, 0.3);\n        }\n\n        .security-title {\n            font-size: 1.3rem;\n            font-weight: 700;\n            margin-bottom: 1rem;\n            color: var(--text-color);\n            display: flex;\n            align-items: center;\n        }\n\n        .security-icon {\n            color: var(--primary-color);\n            margin-right: 0.75rem;\n            font-size: 1.3rem;\n        }\n\n        .security-text {\n            font-size: 0.95rem;\n            color: #555;\n            line-height: 1.6;\n        }\n\n        \/* CTA Section *\/\n        .cta-section {\n            text-align: center;\n            padding: 3rem 1rem;\n            background: var(--gradient-bg);\n            border-radius: 16px;\n            position: relative;\n            overflow: hidden;\n            margin-bottom: 2rem;\n        }\n\n        .cta-pattern {\n            position: absolute;\n            top: 0;\n            left: 0;\n            right: 0;\n            bottom: 0;\n            background-image: url(\"data:image\/svg+xml,%3Csvg width='60' height='60' viewBox='0 0 60 60' xmlns='http:\/\/www.w3.org\/2000\/svg'%3E%3Cg fill='none' fill-rule='evenodd'%3E%3Cg fill='%23fd9800' fill-opacity='0.05'%3E%3Cpath d='M36 34v-4h-2v4h-4v2h4v4h2v-4h4v-2h-4zm0-30V0h-2v4h-4v2h4v4h2V6h4V4h-4zM6 34v-4H4v4H0v2h4v4h2v-4h4v-2H6zM6 4V0H4v4H0v2h4v4h2V6h4V4H6z'\/%3E%3C\/g%3E%3C\/g%3E%3C\/svg%3E\");\n            opacity: 0.5;\n            z-index: 0;\n        }\n\n        .cta-content {\n            position: relative;\n            z-index: 1;\n            max-width: 800px;\n            margin: 0 auto;\n        }\n\n        .cta-title {\n            font-size: 2.2rem;\n            font-weight: 700;\n            margin-bottom: 1.5rem;\n            color: var(--text-color);\n        }\n\n        .cta-text {\n            font-size: 1.1rem;\n            margin-bottom: 2rem;\n            color: #555;\n            line-height: 1.6;\n        }\n\n        \/* Guide-specific Styles *\/\n        .guide-content {\n            background: white;\n            border-radius: 16px;\n            padding: 2rem;\n            margin-bottom: 2rem;\n            box-shadow: var(--box-shadow);\n            border: 1px solid var(--border-color);\n        }\n\n        .guide-section-title {\n            font-size: 1.6rem;\n            font-weight: 700;\n            color: var(--text-color);\n            margin-bottom: 1rem;\n        }\n\n        .guide-text {\n            font-size: 1rem;\n            color: #555;\n            line-height: 1.8;\n            margin-bottom: 1rem;\n        }\n\n        .guide-list {\n            list-style: none;\n            padding: 0;\n            margin: 1rem 0;\n        }\n\n        .guide-list-item {\n            display: flex;\n            align-items: flex-start;\n            margin-bottom: 0.75rem;\n            padding-left: 1.5rem;\n            position: relative;\n        }\n\n        .guide-list-item::before {\n            content: \"\u2022\";\n            color: var(--primary-color);\n            font-weight: bold;\n            position: absolute;\n            left: 0;\n        }\n\n        \/* Responsive Styles *\/\n        @media (max-width: 768px) {\n            .hero-title {\n                font-size: 2.2rem;\n            }\n\n            .section-title {\n                font-size: 1.8rem;\n            }\n\n            .cta-title {\n                font-size: 1.8rem;\n            }\n\n            .features-grid {\n                grid-template-columns: 1fr;\n                max-width: 500px;\n                margin: 0 auto;\n            }\n\n            .step-card {\n                flex-direction: column;\n                align-items: flex-start;\n            }\n\n            .step-number {\n                margin-bottom: 1rem;\n                margin-right: 0;\n            }\n        }\n\n        @media (max-width: 480px) {\n            .hero-title {\n                font-size: 1.8rem;\n            }\n\n            .hero-subtitle {\n                font-size: 1.1rem;\n            }\n\n            .section-title {\n                font-size: 1.6rem;\n            }\n\n            .feature-content {\n                padding: 1.5rem;\n            }\n\n            .step-card {\n                padding: 1.5rem;\n            }\n\n            .faq-item {\n                padding: 1.25rem;\n            }\n        }\n\n        \/* Button text should never be underlined *\/\n        .btn:hover, .btn:focus, .btn:active {\n            text-decoration: none !important;\n        }\n    <\/style>\n<\/head>\n<body>\n    <div class=\"converter-section\">\n        <!-- Hero Section -->\n        <section class=\"hero-section\">\n            <div class=\"hero-pattern\"><\/div>\n            <div class=\"hero-content\">\n                <h1 class=\"hero-title\">Conversor AVIF para PDF<\/h1>\n                <p class=\"hero-subtitle\">Converta imagens AVIF em documentos PDF com qualidade perfeita e total privacidade. Perfeito para criar portf\u00f3lios de imagens, apresenta\u00e7\u00f5es ou documentos de arquivo a partir de imagens AVIF de \u00faltima gera\u00e7\u00e3o.<\/p>\n\n                <div class=\"hero-badges\">\n                    <div class=\"hero-badge\">\n                        <span class=\"hero-badge-icon\"><i class=\"fas fa-desktop\"><\/i><\/span>\n                        <span class=\"hero-badge-text\">100% off-line<\/span>\n                    <\/div>\n                    <div class=\"hero-badge\">\n                        <span class=\"hero-badge-icon\"><i class=\"fas fa-infinity\"><\/i><\/span>\n                        <span class=\"hero-badge-text\">Convers\u00f5es ilimitadas<\/span>\n                    <\/div>\n                    <div class=\"hero-badge\">\n                        <span class=\"hero-badge-icon\"><i class=\"fas fa-shield-alt\"><\/i><\/span>\n                        <span class=\"hero-badge-text\">Privado e seguro<\/span>\n                    <\/div>\n                    <div class=\"hero-badge\">\n                        <span class=\"hero-badge-icon\"><i class=\"fas fa-bolt\"><\/i><\/span>\n                        <span class=\"hero-badge-text\">R\u00e1pido como um rel\u00e2mpago<\/span>\n                    <\/div>\n                <\/div>\n\n                <div class=\"hero-buttons\">\n                    <a href=\"\/download\" class=\"btn btn-primary\">Baixe gr\u00e1tis<\/a>\n                    <a href=\"#how-it-works\" class=\"btn btn-secondary\">Saber mais<\/a>\n                <\/div>\n            <\/div>\n        <\/section>\n\n\n        <!-- Features Section -->\n        <section class=\"features-section\">\n            <h2 class=\"section-title\">Por que escolher o Convertify para convers\u00e3o de AVIF em PDF?<\/h2>\n\n            <div class=\"features-grid\">\n                <div class=\"feature-card\">\n                    <div class=\"feature-content\">\n                        <div class=\"feature-icon\">\n                            <i class=\"fas fa-bolt\"><\/i>\n                        <\/div>\n                        <h3 class=\"feature-title\">Processamento extremamente r\u00e1pido<\/h3>\n                        <p class=\"feature-text\">Converta imagens AVIF em documentos PDF em segundos com decodifica\u00e7\u00e3o de imagem AV1 otimizada e gera\u00e7\u00e3o eficiente de PDF. Nosso processamento multin\u00facleo garante convers\u00e3o r\u00e1pida, mesmo para arquivos AVIF de alta resolu\u00e7\u00e3o.<\/p>\n                        <ul class=\"feature-list\">\n                            <li class=\"feature-item\">\n                                <span class=\"feature-check\"><i class=\"fas fa-check-circle\"><\/i><\/span>\n                                <span class=\"feature-item-text\">Decodifica\u00e7\u00e3o instant\u00e2nea do codec AV1<\/span>\n                            <\/li>\n                            <li class=\"feature-item\">\n                                <span class=\"feature-check\"><i class=\"fas fa-check-circle\"><\/i><\/span>\n                                <span class=\"feature-item-text\">Gera\u00e7\u00e3o de PDF multithread<\/span>\n                            <\/li>\n                            <li class=\"feature-item\">\n                                <span class=\"feature-check\"><i class=\"fas fa-check-circle\"><\/i><\/span>\n                                <span class=\"feature-item-text\">Sem atrasos ou filas de processamento<\/span>\n                            <\/li>\n                        <\/ul>\n                    <\/div>\n                <\/div>\n                <div class=\"feature-card\">\n                    <div class=\"feature-content\">\n                        <div class=\"feature-icon\">\n                            <i class=\"fas fa-shield-alt\"><\/i>\n                        <\/div>\n                        <h3 class=\"feature-title\">Prote\u00e7\u00e3o completa de privacidade<\/h3>\n                        <p class=\"feature-text\">Todas as convers\u00f5es de AVIF para PDF acontecem localmente em seu computador Windows, sem nenhum upload na nuvem. Suas imagens nunca saem do seu dispositivo, garantindo total privacidade e seguran\u00e7a para conte\u00fado visual sens\u00edvel.<\/p>\n                        <ul class=\"feature-list\">\n                            <li class=\"feature-item\">\n                                <span class=\"feature-check\"><i class=\"fas fa-check-circle\"><\/i><\/span>\n                                <span class=\"feature-item-text\">Processamento 100% off-line<\/span>\n                            <\/li>\n                            <li class=\"feature-item\">\n                                <span class=\"feature-check\"><i class=\"fas fa-check-circle\"><\/i><\/span>\n                                <span class=\"feature-item-text\">N\u00e3o s\u00e3o necess\u00e1rios uploads na nuvem<\/span>\n                            <\/li>\n                            <li class=\"feature-item\">\n                                <span class=\"feature-check\"><i class=\"fas fa-check-circle\"><\/i><\/span>\n                                <span class=\"feature-item-text\">Os arquivos nunca saem do seu computador<\/span>\n                            <\/li>\n                        <\/ul>\n                    <\/div>\n                <\/div>\n                <div class=\"feature-card\">\n                    <div class=\"feature-content\">\n                        <div class=\"feature-icon\">\n                            <i class=\"fas fa-expand-arrows-alt\"><\/i>\n                        <\/div>\n                        <h3 class=\"feature-title\">Aprimoramento de imagem de IA<\/h3>\n                        <p class=\"feature-text\">Aprimore imagens AVIF com resolu\u00e7\u00e3o de at\u00e9 4X antes de convert\u00ea-las para PDF usando tecnologia avan\u00e7ada de upscaling de IA. Transforme arquivos AVIF compactados em documentos PDF n\u00edtidos e detalhados com aprimoramento inteligente de pixels.<\/p>\n                        <ul class=\"feature-list\">\n                            <li class=\"feature-item\">\n                                <span class=\"feature-check\"><i class=\"fas fa-check-circle\"><\/i><\/span>\n                                <span class=\"feature-item-text\">Melhoria de resolu\u00e7\u00e3o de at\u00e9 4X<\/span>\n                            <\/li>\n                            <li class=\"feature-item\">\n                                <span class=\"feature-check\"><i class=\"fas fa-check-circle\"><\/i><\/span>\n                                <span class=\"feature-item-text\">Restaura\u00e7\u00e3o inteligente de detalhes<\/span>\n                            <\/li>\n                            <li class=\"feature-item\">\n                                <span class=\"feature-check\"><i class=\"fas fa-check-circle\"><\/i><\/span>\n                                <span class=\"feature-item-text\">Perfeito para arquivos AVIF de baixa resolu\u00e7\u00e3o<\/span>\n                            <\/li>\n                        <\/ul>\n                    <\/div>\n                <\/div>\n                <div class=\"feature-card\">\n                    <div class=\"feature-content\">\n                        <div class=\"feature-icon\">\n                            <i class=\"fas fa-layer-group\"><\/i>\n                        <\/div>\n                        <h3 class=\"feature-title\">Processamento em lote massivo<\/h3>\n                        <p class=\"feature-text\">Converta milhares de arquivos AVIF em documentos PDF individuais ou combine v\u00e1rias imagens AVIF em portf\u00f3lios PDF \u00fanicos. Lide com bibliotecas de fotos inteiras sem restri\u00e7\u00f5es de quantidade de arquivos ou travamentos.<\/p>\n                        <ul class=\"feature-list\">\n                            <li class=\"feature-item\">\n                                <span class=\"feature-check\"><i class=\"fas fa-check-circle\"><\/i><\/span>\n                                <span class=\"feature-item-text\">Processe mais de 10.000 arquivos simultaneamente<\/span>\n                            <\/li>\n                            <li class=\"feature-item\">\n                                <span class=\"feature-check\"><i class=\"fas fa-check-circle\"><\/i><\/span>\n                                <span class=\"feature-item-text\">Crie portf\u00f3lios PDF de v\u00e1rias p\u00e1ginas<\/span>\n                            <\/li>\n                            <li class=\"feature-item\">\n                                <span class=\"feature-check\"><i class=\"fas fa-check-circle\"><\/i><\/span>\n                                <span class=\"feature-item-text\">Limita\u00e7\u00f5es de tamanho de arquivo zero<\/span>\n                            <\/li>\n                        <\/ul>\n                    <\/div>\n                <\/div>\n                <div class=\"feature-card\">\n                    <div class=\"feature-content\">\n                        <div class=\"feature-icon\">\n                            <i class=\"fas fa-palette\"><\/i>\n                        <\/div>\n                        <h3 class=\"feature-title\">Preserva\u00e7\u00e3o avan\u00e7ada de cores<\/h3>\n                        <p class=\"feature-text\">Mantenha a ampla gama de cores e informa\u00e7\u00f5es HDR do AVIF durante a convers\u00e3o de PDF com mapeamento inteligente do espa\u00e7o de cores. Preserve a vantagem de qualidade visual do formato de imagem AV1 em seus documentos PDF.<\/p>\n                        <ul class=\"feature-list\">\n                            <li class=\"feature-item\">\n                                <span class=\"feature-check\"><i class=\"fas fa-check-circle\"><\/i><\/span>\n                                <span class=\"feature-item-text\">Preserva\u00e7\u00e3o de ampla gama de cores<\/span>\n                            <\/li>\n                            <li class=\"feature-item\">\n                                <span class=\"feature-check\"><i class=\"fas fa-check-circle\"><\/i><\/span>\n                                <span class=\"feature-item-text\">Suporte para mapeamento de tons HDR<\/span>\n                            <\/li>\n                            <li class=\"feature-item\">\n                                <span class=\"feature-check\"><i class=\"fas fa-check-circle\"><\/i><\/span>\n                                <span class=\"feature-item-text\">Precis\u00e3o de cores profissional<\/span>\n                            <\/li>\n                        <\/ul>\n                    <\/div>\n                <\/div>\n                <div class=\"feature-card\">\n                    <div class=\"feature-content\">\n                        <div class=\"feature-icon\">\n                            <i class=\"fas fa-file-pdf\"><\/i>\n                        <\/div>\n                        <h3 class=\"feature-title\">Sa\u00edda flex\u00edvel de PDF<\/h3>\n                        <p class=\"feature-text\">Gere PDFs com layouts de p\u00e1gina personaliz\u00e1veis, configura\u00e7\u00f5es de compacta\u00e7\u00e3o e preserva\u00e7\u00e3o de metadados. Crie documentos prontos para apresenta\u00e7\u00e3o ou PDFs de arquivo otimizados para casos de uso e tamanhos de arquivo espec\u00edficos.<\/p>\n                        <ul class=\"feature-list\">\n                            <li class=\"feature-item\">\n                                <span class=\"feature-check\"><i class=\"fas fa-check-circle\"><\/i><\/span>\n                                <span class=\"feature-item-text\">Layouts e dimensionamento de p\u00e1ginas personalizados<\/span>\n                            <\/li>\n                            <li class=\"feature-item\">\n                                <span class=\"feature-check\"><i class=\"fas fa-check-circle\"><\/i><\/span>\n                                <span class=\"feature-item-text\">N\u00edveis de compress\u00e3o de PDF ajust\u00e1veis<\/span>\n                            <\/li>\n                            <li class=\"feature-item\">\n                                <span class=\"feature-check\"><i class=\"fas fa-check-circle\"><\/i><\/span>\n                                <span class=\"feature-item-text\">Preserva\u00e7\u00e3o de metadados e EXIF<\/span>\n                            <\/li>\n                        <\/ul>\n                    <\/div>\n                <\/div>\n            <\/div>\n        <\/section>\n\n\n        <!-- Why Convert Section -->\n        <section class=\"why-convert-section\">\n            <h2 class=\"section-title\">Por que converter AVIF para PDF?<\/h2>\n\n            <div class=\"comparison-grid\">\n                <div class=\"format-card\">\n                    <h3 class=\"format-title\">\n                        <span class=\"format-icon\"><i class=\"fas fa-file-video\"><\/i><\/span>\n                        Formato AVIF\n                    <\/h3>\n                    <ul class=\"format-list\">\n                        <li class=\"format-item\">\n                            <span class=\"format-check\"><i class=\"fas fa-check-circle\"><\/i><\/span>\n                            <span class=\"format-text\">Efici\u00eancia de compacta\u00e7\u00e3o superior \u2013 arquivos 50% menores que JPEG com melhor qualidade<\/span>\n                        <\/li>\n                        <li class=\"format-item\">\n                            <span class=\"format-check\"><i class=\"fas fa-check-circle\"><\/i><\/span>\n                            <span class=\"format-text\">Ampla gama de cores, incluindo HDR e profundidade de cores de 10 bits<\/span>\n                        <\/li>\n                        <li class=\"format-item\">\n                            <span class=\"format-check\"><i class=\"fas fa-check-circle\"><\/i><\/span>\n                            <span class=\"format-text\">Tecnologia avan\u00e7ada de codec AV1 para qualidade de imagem de \u00faltima gera\u00e7\u00e3o<\/span>\n                        <\/li>\n                        <li class=\"format-item\">\n                            <span class=\"format-check\"><i class=\"fas fa-times-circle\"><\/i><\/span>\n                            <span class=\"format-text\">Suporte limitado a navegadores e aplicativos em compara\u00e7\u00e3o com formatos tradicionais<\/span>\n                        <\/li>\n                        <li class=\"format-item\">\n                            <span class=\"format-check\"><i class=\"fas fa-times-circle\"><\/i><\/span>\n                            <span class=\"format-text\">Requer software moderno com recursos de decodifica\u00e7\u00e3o de imagem AV1<\/span>\n                        <\/li>\n                    <\/ul>\n                <\/div>\n\n                <div class=\"format-card\">\n                    <h3 class=\"format-title\">\n                        <span class=\"format-icon\"><i class=\"fas fa-file-video\"><\/i><\/span>\n                        Formato PDF\n                    <\/h3>\n                    <ul class=\"format-list\">\n                        <li class=\"format-item\">\n                            <span class=\"format-check\"><i class=\"fas fa-check-circle\"><\/i><\/span>\n                            <span class=\"format-text\">Compatibilidade universal entre todos os dispositivos, navegadores e sistemas operacionais<\/span>\n                        <\/li>\n                        <li class=\"format-item\">\n                            <span class=\"format-check\"><i class=\"fas fa-check-circle\"><\/i><\/span>\n                            <span class=\"format-text\">Padr\u00e3o de documento profissional para apresenta\u00e7\u00f5es e materiais impressos<\/span>\n                        <\/li>\n                        <li class=\"format-item\">\n                            <span class=\"format-check\"><i class=\"fas fa-check-circle\"><\/i><\/span>\n                            <span class=\"format-text\">Preserva a qualidade da imagem enquanto permite anota\u00e7\u00f5es de texto e metadados<\/span>\n                        <\/li>\n                        <li class=\"format-item\">\n                            <span class=\"format-check\"><i class=\"fas fa-check-circle\"><\/i><\/span>\n                            <span class=\"format-text\">Perfeito para criar portf\u00f3lios de imagens e documentos fotogr\u00e1ficos de v\u00e1rias p\u00e1ginas<\/span>\n                        <\/li>\n                        <li class=\"format-item\">\n                            <span class=\"format-check\"><i class=\"fas fa-check-circle\"><\/i><\/span>\n                            <span class=\"format-text\">Suporta integra\u00e7\u00e3o de gr\u00e1ficos vetoriais e camadas de texto pesquis\u00e1veis<\/span>\n                        <\/li>\n                    <\/ul>\n                <\/div>\n            <\/div>\n        <\/section>\n\n\n        <!-- Technical Details Section -->\n        <section class=\"technical-details-section\">\n            <h2 class=\"section-title\">Detalhes t\u00e9cnicos<\/h2>\n\n            <div class=\"technical-details-grid\">\n                <div class=\"tech-detail-card\">\n                    <h3 class=\"tech-detail-title\">\n                        <span class=\"tech-detail-icon\"><i class=\"fas fa-cog\"><\/i><\/span>\n                        Decodifica\u00e7\u00e3o de imagem AV1\n                    <\/h3>\n                    <p class=\"tech-detail-text\">AVIF usa a compacta\u00e7\u00e3o intraquadro do codec de v\u00eddeo AV1 para imagens est\u00e1ticas, proporcionando qualidade excepcional em tamanhos de arquivo pequenos. Nosso conversor lida com todos os perfis AV1, incluindo Main, High e Professional, com suporte para profundidade de cores de 8 a 12 bits, garantindo decodifica\u00e7\u00e3o precisa de espa\u00e7os de cores AVIF complexos e metadados HDR.<\/p>\n                <\/div>\n                <div class=\"tech-detail-card\">\n                    <h3 class=\"tech-detail-title\">\n                        <span class=\"tech-detail-icon\"><i class=\"fas fa-palette\"><\/i><\/span>\n                        Convers\u00e3o de espa\u00e7o de cores\n                    <\/h3>\n                    <p class=\"tech-detail-text\">O mapeamento inteligente do espa\u00e7o de cores preserva a ampla gama de cores do AVIF (Rec. 2020, P3) durante a convers\u00e3o de PDF. O processo inclui mapeamento de tons HDR para monitores, corre\u00e7\u00e3o gama e incorpora\u00e7\u00e3o de perfil ICC para manter a precis\u00e3o das cores em diferentes ambientes de visualiza\u00e7\u00e3o e fluxos de trabalho de impress\u00e3o.<\/p>\n                <\/div>\n                <div class=\"tech-detail-card\">\n                    <h3 class=\"tech-detail-title\">\n                        <span class=\"tech-detail-icon\"><i class=\"fas fa-file-pdf\"><\/i><\/span>\n                        Gera\u00e7\u00e3o de Estrutura PDF\n                    <\/h3>\n                    <p class=\"tech-detail-text\">Cria documentos compat\u00edveis com PDF 1.7 com imagens raster incorporadas usando JPEG2000 ou compacta\u00e7\u00e3o JPEG padr\u00e3o. Suporta dimens\u00f5es de p\u00e1gina personalizadas, configura\u00e7\u00f5es de DPI e preserva\u00e7\u00e3o de metadados, incluindo dados EXIF \u200b\u200bde arquivos AVIF originais. PDFs de v\u00e1rias p\u00e1ginas combinam v\u00e1rias fontes AVIF com layouts personaliz\u00e1veis.<\/p>\n                <\/div>\n            <\/div>\n        <\/section>\n\n\n        <!-- How It Works Section -->\n        <section id=\"how-it-works\" class=\"how-it-works-section\">\n            <h2 class=\"section-title\">Como converter AVIF para PDF<\/h2>\n\n            <div class=\"steps-container\">\n                <div class=\"step-card\">\n                    <div class=\"step-number\">1<\/div>\n                    <div class=\"step-content\">\n                        <h3 class=\"step-title\">Baixe e instale<\/h3>\n                        <p class=\"step-text\">Baixe Convertify gratuitamente e instale-o em seu PC com Windows. Nenhuma conta ou inscri\u00e7\u00e3o \u00e9 necess\u00e1ria.<\/p>\n                    <\/div>\n                <\/div>\n                <div class=\"step-card\">\n                    <div class=\"step-number\">2<\/div>\n                    <div class=\"step-content\">\n                        <h3 class=\"step-title\">Adicione seus arquivos AVIF<\/h3>\n                        <p class=\"step-text\">Arraste e solte seus arquivos AVIF no Convertify ou use o navegador de arquivos para selecion\u00e1-los.<\/p>\n                    <\/div>\n                <\/div>\n                <div class=\"step-card\">\n                    <div class=\"step-number\">3<\/div>\n                    <div class=\"step-content\">\n                        <h3 class=\"step-title\">Selecione a sa\u00edda PDF<\/h3>\n                        <p class=\"step-text\">Escolha PDF como formato de sa\u00edda. Ajuste as configura\u00e7\u00f5es de qualidade, se necess\u00e1rio.<\/p>\n                    <\/div>\n                <\/div>\n                <div class=\"step-card\">\n                    <div class=\"step-number\">4<\/div>\n                    <div class=\"step-content\">\n                        <h3 class=\"step-title\">Converter e salvar<\/h3>\n                        <p class=\"step-text\">Clique em Converter e seus arquivos ser\u00e3o processados \u200b\u200binstantaneamente. Salve-os em qualquer lugar do seu computador.<\/p>\n                    <\/div>\n                <\/div>\n            <\/div>\n        <\/section>\n\n\n        <!-- Use Cases Section -->\n        <section class=\"use-cases-section\">\n            <h2 class=\"section-title\">Quando usar a convers\u00e3o de AVIF para PDF<\/h2>\n\n            <div class=\"use-cases-grid\">\n                <div class=\"use-case-card\">\n                    <div class=\"use-case-icon\"><i class=\"fas fa-presentation-screen\"><\/i><\/div>\n                    <h3 class=\"use-case-title\">Apresenta\u00e7\u00f5es Profissionais<\/h3>\n                    <p class=\"use-case-text\">Converta capturas de tela, gr\u00e1ficos e gr\u00e1ficos AVIF em formato PDF para integra\u00e7\u00e3o com PowerPoint e apresenta\u00e7\u00f5es profissionais. Ideal para apresentar recursos visuais de alta qualidade em reuni\u00f5es de neg\u00f3cios onde a compatibilidade universal \u00e9 essencial.<\/p>\n                <\/div>\n                <div class=\"use-case-card\">\n                    <div class=\"use-case-icon\"><i class=\"fas fa-archive\"><\/i><\/div>\n                    <h3 class=\"use-case-title\">Arquivos de fotos digitais<\/h3>\n                    <p class=\"use-case-text\">Transforme cole\u00e7\u00f5es de fotos AVIF em portf\u00f3lios PDF organizados para armazenamento de arquivos a longo prazo. Perfeito para preservar fotos de fam\u00edlia, documenta\u00e7\u00e3o art\u00edstica ou fotografia profissional em um formato universalmente acess\u00edvel.<\/p>\n                <\/div>\n                <div class=\"use-case-card\">\n                    <div class=\"use-case-icon\"><i class=\"fas fa-print\"><\/i><\/div>\n                    <h3 class=\"use-case-title\">Prepara\u00e7\u00e3o para publica\u00e7\u00e3o impressa<\/h3>\n                    <p class=\"use-case-text\">Converta imagens AVIF em PDF para layouts de revistas, brochuras e materiais impressos. Essencial para designers gr\u00e1ficos que trabalham com recursos AVIF modernos e que precisam de documentos prontos para impress\u00e3o com precis\u00e3o de cores preservada.<\/p>\n                <\/div>\n                <div class=\"use-case-card\">\n                    <div class=\"use-case-icon\"><i class=\"fas fa-share\"><\/i><\/div>\n                    <h3 class=\"use-case-title\">Entreg\u00e1veis \u200b\u200bdo cliente<\/h3>\n                    <p class=\"use-case-text\">Empacote modelos de design AVIF, fotos de produtos ou trabalhos criativos em documentos PDF profissionais para an\u00e1lise do cliente. Garante que os clientes possam visualizar imagens de alta qualidade, independentemente dos recursos de software ou da compatibilidade do dispositivo.<\/p>\n                <\/div>\n                <div class=\"use-case-card\">\n                    <div class=\"use-case-icon\"><i class=\"fas fa-book\"><\/i><\/div>\n                    <h3 class=\"use-case-title\">Documenta\u00e7\u00e3o T\u00e9cnica<\/h3>\n                    <p class=\"use-case-text\">Incorpore diagramas AVIF, capturas de tela da interface e ilustra\u00e7\u00f5es t\u00e9cnicas em manuais e documenta\u00e7\u00e3o em PDF. Perfeito para documenta\u00e7\u00e3o de software onde os formatos de imagem modernos precisam de acessibilidade universal em todas as plataformas.<\/p>\n                <\/div>\n                <div class=\"use-case-card\">\n                    <div class=\"use-case-icon\"><i class=\"fas fa-certificate\"><\/i><\/div>\n                    <h3 class=\"use-case-title\">Cria\u00e7\u00e3o de portf\u00f3lio<\/h3>\n                    <p class=\"use-case-text\">Compile obras de arte, fotografia ou design AVIF em portf\u00f3lios PDF coesos para candidaturas a empregos ou apresenta\u00e7\u00f5es a clientes. Cria documentos profissionais que apresentam trabalho visual com qualidade mantida e recursos de f\u00e1cil compartilhamento.<\/p>\n                <\/div>\n            <\/div>\n        <\/section>\n\n\n        <!-- Security Section -->\n        <section class=\"security-section\">\n            <h2 class=\"section-title\">Sua privacidade est\u00e1 protegida<\/h2>\n\n            <div class=\"security-features\">\n                <div class=\"security-card\">\n                    <h3 class=\"security-title\">\n                        <span class=\"security-icon\"><i class=\"fas fa-lock\"><\/i><\/span>\n                        100% off-line\n                    <\/h3>\n                    <p class=\"security-text\">Todas as convers\u00f5es acontecem localmente no seu computador. Seus arquivos nunca saem do seu dispositivo e nunca s\u00e3o enviados para nenhum servidor.<\/p>\n                <\/div>\n                <div class=\"security-card\">\n                    <h3 class=\"security-title\">\n                        <span class=\"security-icon\"><i class=\"fas fa-user-shield\"><\/i><\/span>\n                        Nenhuma conta necess\u00e1ria\n                    <\/h3>\n                    <p class=\"security-text\">Comece a converter imediatamente sem criar uma conta, fornecer informa\u00e7\u00f5es pessoais ou inscrever-se em nada.<\/p>\n                <\/div>\n                <div class=\"security-card\">\n                    <h3 class=\"security-title\">\n                        <span class=\"security-icon\"><i class=\"fas fa-trash-alt\"><\/i><\/span>\n                        Limpeza Autom\u00e1tica\n                    <\/h3>\n                    <p class=\"security-text\">Os arquivos tempor\u00e1rios s\u00e3o exclu\u00eddos com seguran\u00e7a ap\u00f3s a convers\u00e3o. Seus arquivos originais permanecem completamente intactos, a menos que voc\u00ea escolha o contr\u00e1rio.<\/p>\n                <\/div>\n            <\/div>\n        <\/section>\n\n\n        <!-- FAQ Section -->\n        <section class=\"faq-section\">\n            <h2 class=\"section-title\">Perguntas frequentes<\/h2>\n\n            <div class=\"faq-container\">\n                <div class=\"faq-item\">\n                    <h3 class=\"faq-question\">\n                        <span class=\"faq-icon\"><i class=\"fas fa-question-circle\"><\/i><\/span>\n                        Por que eu precisaria converter imagens AVIF para o formato PDF?\n                    <\/h3>\n                    <div class=\"faq-answer\">\n                        <p>AVIF \u00e9 um formato de \u00faltima gera\u00e7\u00e3o com compatibilidade limitada, enquanto o PDF tem suporte universal. A convers\u00e3o permite compartilhar imagens de alta qualidade com qualquer pessoa, criar portf\u00f3lios profissionais, preparar materiais impressos ou integrar imagens AVIF em apresenta\u00e7\u00f5es e documentos que exigem acessibilidade universal.<\/p>\n                    <\/div>\n                <\/div>\n                <div class=\"faq-item\">\n                    <h3 class=\"faq-question\">\n                        <span class=\"faq-icon\"><i class=\"fas fa-question-circle\"><\/i><\/span>\n                        A qualidade da imagem ser\u00e1 preservada durante a convers\u00e3o de AVIF para PDF?\n                    <\/h3>\n                    <div class=\"faq-answer\">\n                        <p>Sim, nosso conversor preserva a qualidade visual das imagens AVIF durante a convers\u00e3o de PDF. Mantemos a precis\u00e3o das cores e a resolu\u00e7\u00e3o e podemos at\u00e9 aprimorar as imagens usando o upscaling de IA. O processo de convers\u00e3o inclui mapeamento inteligente do espa\u00e7o de cores para preservar as vantagens da ampla gama de cores do AVIF.<\/p>\n                    <\/div>\n                <\/div>\n                <div class=\"faq-item\">\n                    <h3 class=\"faq-question\">\n                        <span class=\"faq-icon\"><i class=\"fas fa-question-circle\"><\/i><\/span>\n                        Posso converter v\u00e1rios arquivos AVIF em um \u00fanico documento PDF?\n                    <\/h3>\n                    <div class=\"faq-answer\">\n                        <p>Absolutamente! Voc\u00ea pode combinar v\u00e1rias imagens AVIF em um \u00fanico documento PDF de v\u00e1rias p\u00e1ginas, criando portf\u00f3lios ou \u00e1lbuns de fotos. Voc\u00ea tamb\u00e9m pode converter cada arquivo AVIF em documentos PDF individuais. O processamento em lote oferece suporte a ambas as abordagens com layouts de p\u00e1gina personaliz\u00e1veis.<\/p>\n                    <\/div>\n                <\/div>\n                <div class=\"faq-item\">\n                    <h3 class=\"faq-question\">\n                        <span class=\"faq-icon\"><i class=\"fas fa-question-circle\"><\/i><\/span>\n                        O Convertify oferece suporte a arquivos AVIF com HDR ou cores de 10 bits?\n                    <\/h3>\n                    <div class=\"faq-answer\">\n                        <p>Sim, nosso conversor suporta recursos avan\u00e7ados de AVIF, incluindo conte\u00fado HDR e profundidade de cor de 10 bits. O processo de convers\u00e3o inclui mapeamento inteligente de tons e convers\u00e3o de espa\u00e7o de cores para garantir que as imagens HDR AVIF sejam adequadamente representadas no formato PDF, mantendo a qualidade visual.<\/p>\n                    <\/div>\n                <\/div>\n                <div class=\"faq-item\">\n                    <h3 class=\"faq-question\">\n                        <span class=\"faq-icon\"><i class=\"fas fa-question-circle\"><\/i><\/span>\n                        Quais configura\u00e7\u00f5es de PDF posso personalizar durante a convers\u00e3o de AVIF?\n                    <\/h3>\n                    <div class=\"faq-answer\">\n                        <p>Voc\u00ea pode personalizar as dimens\u00f5es da p\u00e1gina, configura\u00e7\u00f5es de DPI, n\u00edveis de compacta\u00e7\u00e3o e op\u00e7\u00f5es de layout. O conversor preserva metadados EXIF \u200b\u200bde arquivos AVIF e permite criar PDFs de arquivo de alta qualidade ou vers\u00f5es compactadas otimizadas para compartilhamento e distribui\u00e7\u00e3o na web.<\/p>\n                    <\/div>\n                <\/div>\n                <div class=\"faq-item\">\n                    <h3 class=\"faq-question\">\n                        <span class=\"faq-icon\"><i class=\"fas fa-question-circle\"><\/i><\/span>\n                        A convers\u00e3o de AVIF para PDF \u00e9 totalmente offline e privada?\n                    <\/h3>\n                    <div class=\"faq-answer\">\n                        <p>Sim, todas as convers\u00f5es de AVIF para PDF acontecem inteiramente em seu computador Windows, sem necessidade de conex\u00e3o com a Internet. Suas imagens nunca saem do seu dispositivo, garantindo total privacidade para conte\u00fado visual sens\u00edvel. N\u00e3o h\u00e1 uploads na nuvem, contas ou coleta de dados envolvidos.<\/p>\n                    <\/div>\n                <\/div>\n                <div class=\"faq-item\">\n                    <h3 class=\"faq-question\">\n                        <span class=\"faq-icon\"><i class=\"fas fa-question-circle\"><\/i><\/span>\n                        Qu\u00e3o r\u00e1pido \u00e9 o processo de convers\u00e3o de AVIF para PDF?\n                    <\/h3>\n                    <div class=\"faq-answer\">\n                        <p>A velocidade de convers\u00e3o \u00e9 muito r\u00e1pida gra\u00e7as \u00e0 decodifica\u00e7\u00e3o AV1 otimizada e ao processamento multi-core. Arquivos AVIF individuais s\u00e3o convertidos em segundos, enquanto as convers\u00f5es em lote de milhares de arquivos s\u00e3o conclu\u00eddas com efici\u00eancia, sem falhas no sistema ou problemas de mem\u00f3ria.<\/p>\n                    <\/div>\n                <\/div>\n                <div class=\"faq-item\">\n                    <h3 class=\"faq-question\">\n                        <span class=\"faq-icon\"><i class=\"fas fa-question-circle\"><\/i><\/span>\n                        Posso aprimorar imagens AVIF de baixa qualidade antes de convert\u00ea-las para PDF?\n                    <\/h3>\n                    <div class=\"faq-answer\">\n                        <p>Sim! Nosso recurso de aumento de escala de imagem AI pode aprimorar imagens AVIF em at\u00e9 4X de resolu\u00e7\u00e3o antes da convers\u00e3o de PDF. Isso \u00e9 perfeito para melhorar arquivos AVIF compactados ou de baixa resolu\u00e7\u00e3o, criando documentos PDF n\u00edtidos e detalhados a partir de imagens de origem menores.<\/p>\n                    <\/div>\n                <\/div>\n            <\/div>\n        <\/section>\n\n\n        <!-- CTA Section -->\n        <section class=\"cta-section\">\n            <div class=\"cta-pattern\"><\/div>\n            <div class=\"cta-content\">\n                <h2 class=\"cta-title\">Pronto para converter seus arquivos?<\/h2>\n                <p class=\"cta-text\">Baixe o Convertify agora e comece a converter AVIF em PDF instantaneamente. Gratuito, ilimitado e totalmente offline.<\/p>\n                <div class=\"hero-buttons\">\n                    <a href=\"\/download\" class=\"btn btn-primary\">Baixe o Convertify gr\u00e1tis<\/a>\n                    <a href=\"\/pricing\" class=\"btn btn-secondary\">Ver pre\u00e7os<\/a>\n                <\/div>\n            <\/div>\n        <\/section>\n    <\/div>\n<\/body>\n<\/html>\n\n\n\n<p><\/p>\n","protected":false},"excerpt":{"rendered":"<p>Conversor AVIF para PDF: r\u00e1pido, gratuito e offline para Windows Conversor AVIF para PDF Converta imagens AVIF em documentos PDF [&hellip;]<\/p>\n","protected":false},"author":1,"featured_media":0,"parent":0,"menu_order":0,"comment_status":"closed","ping_status":"closed","template":"","meta":{"pagelayer_contact_templates":[],"_pagelayer_content":"","_uag_custom_page_level_css":"","site-sidebar-layout":"default","site-content-layout":"","ast-site-content-layout":"","site-content-style":"default","site-sidebar-style":"default","ast-global-header-display":"","ast-banner-title-visibility":"","ast-main-header-display":"","ast-hfb-above-header-display":"","ast-hfb-below-header-display":"","ast-hfb-mobile-header-display":"","site-post-title":"disabled","ast-breadcrumbs-content":"","ast-featured-img":"","footer-sml-layout":"","theme-transparent-header-meta":"","adv-header-id-meta":"","stick-header-meta":"","header-above-stick-meta":"","header-main-stick-meta":"","header-below-stick-meta":"","astra-migrate-meta-layouts":"default","ast-page-background-enabled":"default","ast-page-background-meta":{"desktop":{"background-color":"var(--ast-global-color-5)","background-image":"","background-repeat":"repeat","background-position":"center center","background-size":"auto","background-attachment":"scroll","background-type":"","background-media":"","overlay-type":"","overlay-color":"","overlay-opacity":"","overlay-gradient":""},"tablet":{"background-color":"","background-image":"","background-repeat":"repeat","background-position":"center center","background-size":"auto","background-attachment":"scroll","background-type":"","background-media":"","overlay-type":"","overlay-color":"","overlay-opacity":"","overlay-gradient":""},"mobile":{"background-color":"","background-image":"","background-repeat":"repeat","background-position":"center center","background-size":"auto","background-attachment":"scroll","background-type":"","background-media":"","overlay-type":"","overlay-color":"","overlay-opacity":"","overlay-gradient":""}},"ast-content-background-meta":{"desktop":{"background-color":"var(--ast-global-color-4)","background-image":"","background-repeat":"repeat","background-position":"center center","background-size":"auto","background-attachment":"scroll","background-type":"","background-media":"","overlay-type":"","overlay-color":"","overlay-opacity":"","overlay-gradient":""},"tablet":{"background-color":"var(--ast-global-color-4)","background-image":"","background-repeat":"repeat","background-position":"center center","background-size":"auto","background-attachment":"scroll","background-type":"","background-media":"","overlay-type":"","overlay-color":"","overlay-opacity":"","overlay-gradient":""},"mobile":{"background-color":"var(--ast-global-color-4)","background-image":"","background-repeat":"repeat","background-position":"center center","background-size":"auto","background-attachment":"scroll","background-type":"","background-media":"","overlay-type":"","overlay-color":"","overlay-opacity":"","overlay-gradient":""}},"footnotes":""},"class_list":["post-740301","page","type-page","status-publish","hentry"],"uagb_featured_image_src":{"full":false,"thumbnail":false,"medium":false,"medium_large":false,"large":false,"1536x1536":false,"2048x2048":false,"woocommerce_thumbnail":false,"woocommerce_single":false,"woocommerce_gallery_thumbnail":false},"uagb_author_info":{"display_name":"convertify","author_link":"https:\/\/convertifypro.com\/author\/convertifypro\/"},"uagb_comment_info":0,"uagb_excerpt":"Conversor AVIF para PDF: r\u00e1pido, gratuito e offline para Windows Conversor AVIF para PDF Converta imagens AVIF em documentos PDF [&hellip;]","_links":{"self":[{"href":"https:\/\/convertifypro.com\/wp-json\/wp\/v2\/pages\/740301","targetHints":{"allow":["GET"]}}],"collection":[{"href":"https:\/\/convertifypro.com\/wp-json\/wp\/v2\/pages"}],"about":[{"href":"https:\/\/convertifypro.com\/wp-json\/wp\/v2\/types\/page"}],"author":[{"embeddable":true,"href":"https:\/\/convertifypro.com\/wp-json\/wp\/v2\/users\/1"}],"replies":[{"embeddable":true,"href":"https:\/\/convertifypro.com\/wp-json\/wp\/v2\/comments?post=740301"}],"version-history":[{"count":0,"href":"https:\/\/convertifypro.com\/wp-json\/wp\/v2\/pages\/740301\/revisions"}],"wp:attachment":[{"href":"https:\/\/convertifypro.com\/wp-json\/wp\/v2\/media?parent=740301"}],"curies":[{"name":"wp","href":"https:\/\/api.w.org\/{rel}","templated":true}]}}