{"id":740517,"date":"2026-01-21T22:37:34","date_gmt":"2026-01-21T22:37:34","guid":{"rendered":"https:\/\/convertifypro.com\/?page_id=740517"},"modified":"2026-01-21T22:37:34","modified_gmt":"2026-01-21T22:37:34","slug":"wav-to-aiff-converter","status":"publish","type":"page","link":"https:\/\/convertifypro.com\/pl\/konwerter-wav-na-aiff\/","title":{"rendered":"Konwerter WAV na AIFF"},"content":{"rendered":"<style class=\"wpcode-css-snippet\">.ast-custom-button {\r\n  display: none;\r\n}<\/style>\n\n\n\n<!DOCTYPE html>\n<html lang=\"en\">\n<head>\n    <meta charset=\"UTF-8\">\n    <meta name=\"viewport\" content=\"width=device-width, initial-scale=1.0\">\n    <meta name=\"description\" content=\"Convert WAV files to AIFF format with our powerful offline converter. Perfect for Mac compatibility, professional audio workflows, and enhanced metadata support.\">\n    <meta name=\"keywords\" content=\"WAV to AIFF converter, audio format converter, AIFF converter Windows, WAV AIFF conversion, offline audio converter, lossless audio conversion, Mac audio format, professional audio conversion\">\n    <title>Konwerter WAV na AIFF: bezp\u0142atny, szybki i offline dla systemu Windows<\/title>\n    <link rel=\"stylesheet\" href=\"https:\/\/cdnjs.cloudflare.com\/ajax\/libs\/font-awesome\/6.4.0\/css\/all.min.css\">\n    \n    <style>\n        \/* Main Styles *\/\n        :root {\n            --primary-color: #FD9800;\n            --primary-hover: #e88a00;\n            --text-color: #3A3A3A;\n            --light-bg: #f8faff;\n            --gradient-bg: linear-gradient(135deg, #f8faff 0%, #fff5e6 100%);\n            --box-shadow: 0 10px 30px rgba(0, 0, 0, 0.05);\n            --hover-shadow: 0 15px 35px rgba(0, 0, 0, 0.1);\n            --border-color: #f1f5f9;\n        }\n\n        .converter-section {\n            max-width: 1200px;\n            margin: 0 auto;\n            padding: 2rem 1.5rem;\n            font-family: 'Inter', 'Segoe UI', system-ui, -apple-system, sans-serif;\n            color: var(--text-color);\n        }\n\n        \/* Hero Section *\/\n        .hero-section {\n            text-align: center;\n            padding: 3rem 1rem;\n            margin-bottom: 3rem;\n            background: var(--gradient-bg);\n            border-radius: 16px;\n            position: relative;\n            overflow: hidden;\n        }\n\n        .hero-pattern {\n            position: absolute;\n            top: 0;\n            left: 0;\n            right: 0;\n            bottom: 0;\n            background-image: url(\"data:image\/svg+xml,%3Csvg width='60' height='60' viewBox='0 0 60 60' xmlns='http:\/\/www.w3.org\/2000\/svg'%3E%3Cg fill='none' fill-rule='evenodd'%3E%3Cg fill='%23fd9800' fill-opacity='0.05'%3E%3Cpath d='M36 34v-4h-2v4h-4v2h4v4h2v-4h4v-2h-4zm0-30V0h-2v4h-4v2h4v4h2V6h4V4h-4zM6 34v-4H4v4H0v2h4v4h2v-4h4v-2H6zM6 4V0H4v4H0v2h4v4h2V6h4V4H6z'\/%3E%3C\/g%3E%3C\/g%3E%3C\/svg%3E\");\n            opacity: 0.5;\n            z-index: 0;\n        }\n\n        .hero-content {\n            position: relative;\n            z-index: 1;\n            max-width: 800px;\n            margin: 0 auto;\n        }\n\n        .hero-title {\n            font-size: 2.8rem;\n            font-weight: 800;\n            margin-bottom: 1.5rem;\n            color: var(--text-color);\n        }\n\n        .hero-subtitle {\n            font-size: 1.25rem;\n            margin-bottom: 2rem;\n            color: var(--text-color);\n            line-height: 1.6;\n        }\n\n        .hero-badges {\n            display: flex;\n            flex-wrap: wrap;\n            justify-content: center;\n            gap: 1rem;\n            margin-bottom: 2rem;\n        }\n\n        .hero-badge {\n            display: flex;\n            align-items: center;\n            background: white;\n            border-radius: 50px;\n            padding: 0.5rem 1rem;\n            box-shadow: var(--box-shadow);\n            transition: all 0.3s ease;\n            border: 1px solid var(--border-color);\n        }\n\n        .hero-badge:hover {\n            transform: translateY(-3px);\n            box-shadow: var(--hover-shadow);\n            border-color: rgba(253, 152, 0, 0.3);\n        }\n\n        .hero-badge-icon {\n            color: var(--primary-color);\n            margin-right: 0.5rem;\n            font-size: 1rem;\n        }\n\n        .hero-badge-text {\n            font-size: 0.9rem;\n            font-weight: 600;\n            color: var(--text-color);\n        }\n\n        .hero-buttons {\n            display: flex;\n            justify-content: center;\n            gap: 1rem;\n            flex-wrap: wrap;\n        }\n\n        .btn {\n            display: inline-block;\n            padding: 0.75rem 1.5rem;\n            border-radius: 8px;\n            font-weight: 600;\n            text-decoration: none !important;\n            transition: all 0.3s ease;\n            cursor: pointer;\n            font-size: 1rem;\n        }\n\n        .btn-primary {\n            background-color: var(--primary-color);\n            color: white !important;\n            box-shadow: 0 8px 16px rgba(253, 152, 0, 0.2);\n            border: none;\n        }\n\n        .btn-primary:hover {\n            background-color: var(--primary-hover);\n            transform: translateY(-2px);\n            text-decoration: none !important;\n        }\n\n        .btn-secondary {\n            background-color: white;\n            color: var(--primary-color) !important;\n            border: 1px solid var(--border-color);\n        }\n\n        .btn-secondary:hover {\n            background-color: #fff5e6;\n            transform: translateY(-2px);\n            text-decoration: none !important;\n        }\n\n        \/* Features Section *\/\n        .features-section {\n            margin-bottom: 4rem;\n        }\n\n        .section-title {\n            font-size: 2.2rem;\n            font-weight: 700;\n            text-align: center;\n            margin-bottom: 2.5rem;\n            color: var(--text-color);\n        }\n\n        .features-grid {\n            display: grid;\n            grid-template-columns: repeat(auto-fit, minmax(300px, 1fr));\n            gap: 2rem;\n        }\n\n        .feature-card {\n            background: white;\n            border-radius: 16px;\n            overflow: hidden;\n            box-shadow: var(--box-shadow);\n            transition: all 0.3s ease;\n            border: 1px solid var(--border-color);\n            height: 100%;\n            display: flex;\n            flex-direction: column;\n        }\n\n        .feature-card:hover {\n            transform: translateY(-5px);\n            box-shadow: var(--hover-shadow);\n            border-color: rgba(253, 152, 0, 0.3);\n        }\n\n        .feature-icon {\n            width: 60px;\n            height: 60px;\n            background-color: rgba(253, 152, 0, 0.15);\n            color: var(--primary-color);\n            border-radius: 12px;\n            display: flex;\n            align-items: center;\n            justify-content: center;\n            margin-bottom: 1.5rem;\n            font-size: 1.8rem;\n            transition: all 0.3s ease;\n        }\n\n        .feature-card:hover .feature-icon {\n            background: linear-gradient(135deg, #FD9800 0%, #FF6D00 100%);\n            color: white;\n            box-shadow: 0 10px 20px rgba(253, 152, 0, 0.2);\n        }\n\n        .feature-content {\n            padding: 2rem;\n            flex-grow: 1;\n        }\n\n        .feature-title {\n            font-size: 1.4rem;\n            font-weight: 700;\n            margin-bottom: 1rem;\n            color: var(--text-color);\n        }\n\n        .feature-text {\n            font-size: 1rem;\n            color: #555;\n            line-height: 1.6;\n            margin-bottom: 1.5rem;\n        }\n\n        .feature-list {\n            list-style: none;\n            padding: 0;\n            margin: 0;\n        }\n\n        .feature-item {\n            display: flex;\n            align-items: flex-start;\n            margin-bottom: 0.75rem;\n            line-height: 1.5;\n        }\n\n        .feature-check {\n            color: var(--primary-color);\n            margin-right: 0.75rem;\n            flex-shrink: 0;\n            margin-top: 0.2rem;\n        }\n\n        .feature-item-text {\n            font-size: 0.95rem;\n            color: var(--text-color);\n        }\n\n        \/* Why Convert Section *\/\n        .why-convert-section {\n            margin-bottom: 4rem;\n            background: var(--light-bg);\n            border-radius: 16px;\n            padding: 3rem 2rem;\n        }\n\n        .comparison-grid {\n            display: grid;\n            grid-template-columns: repeat(auto-fit, minmax(300px, 1fr));\n            gap: 2rem;\n            margin-top: 2rem;\n        }\n\n        .format-card {\n            background: white;\n            border-radius: 16px;\n            padding: 1.5rem;\n            box-shadow: var(--box-shadow);\n            transition: all 0.3s ease;\n            border: 1px solid var(--border-color);\n        }\n\n        .format-card:hover {\n            transform: translateY(-5px);\n            box-shadow: var(--hover-shadow);\n            border-color: rgba(253, 152, 0, 0.3);\n        }\n\n        .format-title {\n            font-size: 1.6rem;\n            font-weight: 700;\n            margin-bottom: 1.25rem;\n            color: var(--text-color);\n            display: flex;\n            align-items: center;\n        }\n\n        .format-icon {\n            color: var(--primary-color);\n            margin-right: 0.75rem;\n            font-size: 1.6rem;\n        }\n\n        .format-list {\n            list-style: none;\n            padding: 0;\n            margin: 0;\n        }\n\n        .format-item {\n            display: flex;\n            align-items: flex-start;\n            margin-bottom: 0.85rem;\n        }\n\n        .format-check {\n            color: var(--primary-color);\n            margin-right: 0.75rem;\n            flex-shrink: 0;\n            margin-top: 0.2rem;\n        }\n\n        .format-text {\n            font-size: 0.95rem;\n            color: #555;\n            line-height: 1.5;\n        }\n\n        \/* How It Works Section *\/\n        .how-it-works-section {\n            margin-bottom: 4rem;\n        }\n\n        .steps-container {\n            max-width: 900px;\n            margin: 0 auto;\n        }\n\n        .step-card {\n            display: flex;\n            align-items: flex-start;\n            background: white;\n            border-radius: 16px;\n            padding: 2rem;\n            box-shadow: var(--box-shadow);\n            margin-bottom: 2rem;\n            border: 1px solid var(--border-color);\n            transition: all 0.3s ease;\n        }\n\n        .step-card:hover {\n            transform: translateY(-5px);\n            box-shadow: var(--hover-shadow);\n            border-color: rgba(253, 152, 0, 0.3);\n        }\n\n        .step-number {\n            width: 50px;\n            height: 50px;\n            background-color: rgba(253, 152, 0, 0.15);\n            color: var(--primary-color);\n            border-radius: 50%;\n            display: flex;\n            align-items: center;\n            justify-content: center;\n            font-size: 1.5rem;\n            font-weight: 700;\n            margin-right: 1.5rem;\n            flex-shrink: 0;\n            transition: all 0.3s ease;\n        }\n\n        .step-card:hover .step-number {\n            background: linear-gradient(135deg, #FD9800 0%, #FF6D00 100%);\n            color: white;\n            box-shadow: 0 10px 20px rgba(253, 152, 0, 0.2);\n        }\n\n        .step-content {\n            flex: 1;\n        }\n\n        .step-title {\n            font-size: 1.4rem;\n            font-weight: 700;\n            margin-bottom: 0.75rem;\n            color: var(--text-color);\n        }\n\n        .step-text {\n            font-size: 1rem;\n            color: #555;\n            line-height: 1.6;\n        }\n\n        \/* Use Cases Section *\/\n        .use-cases-section {\n            margin-bottom: 4rem;\n            background: var(--light-bg);\n            border-radius: 16px;\n            padding: 3rem 2rem;\n        }\n\n        .use-cases-grid {\n            display: grid;\n            grid-template-columns: repeat(auto-fit, minmax(300px, 1fr));\n            gap: 2rem;\n            margin-top: 2rem;\n        }\n\n        .use-case-card {\n            background: white;\n            border-radius: 16px;\n            padding: 1.5rem;\n            box-shadow: var(--box-shadow);\n            transition: all 0.3s ease;\n            border: 1px solid var(--border-color);\n            height: 100%;\n        }\n\n        .use-case-card:hover {\n            transform: translateY(-5px);\n            box-shadow: var(--hover-shadow);\n            border-color: rgba(253, 152, 0, 0.3);\n        }\n\n        .use-case-icon {\n            color: var(--primary-color);\n            font-size: 2rem;\n            margin-bottom: 1rem;\n        }\n\n        .use-case-title {\n            font-size: 1.3rem;\n            font-weight: 700;\n            margin-bottom: 1rem;\n            color: var(--text-color);\n        }\n\n        .use-case-text {\n            font-size: 0.95rem;\n            color: #555;\n            line-height: 1.6;\n        }\n\n        \/* FAQ Section *\/\n        .faq-section {\n            margin-bottom: 4rem;\n        }\n\n        .faq-container {\n            max-width: 900px;\n            margin: 0 auto;\n        }\n\n        .faq-item {\n            background: white;\n            border-radius: 16px;\n            padding: 1.5rem 2rem;\n            box-shadow: var(--box-shadow);\n            margin-bottom: 1.5rem;\n            border: 1px solid var(--border-color);\n            transition: all 0.3s ease;\n        }\n\n        .faq-item:hover {\n            transform: translateY(-3px);\n            box-shadow: var(--hover-shadow);\n            border-color: rgba(253, 152, 0, 0.3);\n        }\n\n        .faq-question {\n            font-size: 1.2rem;\n            font-weight: 700;\n            margin-bottom: 1rem;\n            color: var(--text-color);\n            display: flex;\n            align-items: center;\n        }\n\n        .faq-icon {\n            color: var(--primary-color);\n            margin-right: 0.75rem;\n            font-size: 1.2rem;\n        }\n\n        .faq-answer {\n            font-size: 1rem;\n            color: #555;\n            line-height: 1.6;\n        }\n\n        \/* Technical Details Section *\/\n        .technical-details-section {\n            margin-bottom: 4rem;\n        }\n\n        .technical-details-grid {\n            display: grid;\n            grid-template-columns: repeat(auto-fit, minmax(300px, 1fr));\n            gap: 2rem;\n        }\n\n        .tech-detail-card {\n            background: white;\n            border-radius: 16px;\n            padding: 1.5rem;\n            box-shadow: var(--box-shadow);\n            transition: all 0.3s ease;\n            border: 1px solid var(--border-color);\n        }\n\n        .tech-detail-card:hover {\n            transform: translateY(-5px);\n            box-shadow: var(--hover-shadow);\n            border-color: rgba(253, 152, 0, 0.3);\n        }\n\n        .tech-detail-title {\n            font-size: 1.3rem;\n            font-weight: 700;\n            margin-bottom: 1rem;\n            color: var(--text-color);\n            display: flex;\n            align-items: center;\n        }\n\n        .tech-detail-icon {\n            color: var(--primary-color);\n            margin-right: 0.75rem;\n            font-size: 1.3rem;\n        }\n\n        .tech-detail-text {\n            font-size: 0.95rem;\n            color: #555;\n            line-height: 1.6;\n        }\n\n        \/* Security Section *\/\n        .security-section {\n            margin-bottom: 4rem;\n            background: var(--light-bg);\n            border-radius: 16px;\n            padding: 3rem 2rem;\n        }\n\n        .security-features {\n            display: grid;\n            grid-template-columns: repeat(auto-fit, minmax(300px, 1fr));\n            gap: 2rem;\n            margin-top: 2rem;\n        }\n\n        .security-card {\n            background: white;\n            border-radius: 16px;\n            padding: 1.5rem;\n            box-shadow: var(--box-shadow);\n            transition: all 0.3s ease;\n            border: 1px solid var(--border-color);\n        }\n\n        .security-card:hover {\n            transform: translateY(-5px);\n            box-shadow: var(--hover-shadow);\n            border-color: rgba(253, 152, 0, 0.3);\n        }\n\n        .security-title {\n            font-size: 1.3rem;\n            font-weight: 700;\n            margin-bottom: 1rem;\n            color: var(--text-color);\n            display: flex;\n            align-items: center;\n        }\n\n        .security-icon {\n            color: var(--primary-color);\n            margin-right: 0.75rem;\n            font-size: 1.3rem;\n        }\n\n        .security-text {\n            font-size: 0.95rem;\n            color: #555;\n            line-height: 1.6;\n        }\n\n        \/* CTA Section *\/\n        .cta-section {\n            text-align: center;\n            padding: 3rem 1rem;\n            background: var(--gradient-bg);\n            border-radius: 16px;\n            position: relative;\n            overflow: hidden;\n            margin-bottom: 2rem;\n        }\n\n        .cta-pattern {\n            position: absolute;\n            top: 0;\n            left: 0;\n            right: 0;\n            bottom: 0;\n            background-image: url(\"data:image\/svg+xml,%3Csvg width='60' height='60' viewBox='0 0 60 60' xmlns='http:\/\/www.w3.org\/2000\/svg'%3E%3Cg fill='none' fill-rule='evenodd'%3E%3Cg fill='%23fd9800' fill-opacity='0.05'%3E%3Cpath d='M36 34v-4h-2v4h-4v2h4v4h2v-4h4v-2h-4zm0-30V0h-2v4h-4v2h4v4h2V6h4V4h-4zM6 34v-4H4v4H0v2h4v4h2v-4h4v-2H6zM6 4V0H4v4H0v2h4v4h2V6h4V4H6z'\/%3E%3C\/g%3E%3C\/g%3E%3C\/svg%3E\");\n            opacity: 0.5;\n            z-index: 0;\n        }\n\n        .cta-content {\n            position: relative;\n            z-index: 1;\n            max-width: 800px;\n            margin: 0 auto;\n        }\n\n        .cta-title {\n            font-size: 2.2rem;\n            font-weight: 700;\n            margin-bottom: 1.5rem;\n            color: var(--text-color);\n        }\n\n        .cta-text {\n            font-size: 1.1rem;\n            margin-bottom: 2rem;\n            color: #555;\n            line-height: 1.6;\n        }\n\n        \/* Guide-specific Styles *\/\n        .guide-content {\n            background: white;\n            border-radius: 16px;\n            padding: 2rem;\n            margin-bottom: 2rem;\n            box-shadow: var(--box-shadow);\n            border: 1px solid var(--border-color);\n        }\n\n        .guide-section-title {\n            font-size: 1.6rem;\n            font-weight: 700;\n            color: var(--text-color);\n            margin-bottom: 1rem;\n        }\n\n        .guide-text {\n            font-size: 1rem;\n            color: #555;\n            line-height: 1.8;\n            margin-bottom: 1rem;\n        }\n\n        .guide-list {\n            list-style: none;\n            padding: 0;\n            margin: 1rem 0;\n        }\n\n        .guide-list-item {\n            display: flex;\n            align-items: flex-start;\n            margin-bottom: 0.75rem;\n            padding-left: 1.5rem;\n            position: relative;\n        }\n\n        .guide-list-item::before {\n            content: \"\u2022\";\n            color: var(--primary-color);\n            font-weight: bold;\n            position: absolute;\n            left: 0;\n        }\n\n        \/* Responsive Styles *\/\n        @media (max-width: 768px) {\n            .hero-title {\n                font-size: 2.2rem;\n            }\n\n            .section-title {\n                font-size: 1.8rem;\n            }\n\n            .cta-title {\n                font-size: 1.8rem;\n            }\n\n            .features-grid {\n                grid-template-columns: 1fr;\n                max-width: 500px;\n                margin: 0 auto;\n            }\n\n            .step-card {\n                flex-direction: column;\n                align-items: flex-start;\n            }\n\n            .step-number {\n                margin-bottom: 1rem;\n                margin-right: 0;\n            }\n        }\n\n        @media (max-width: 480px) {\n            .hero-title {\n                font-size: 1.8rem;\n            }\n\n            .hero-subtitle {\n                font-size: 1.1rem;\n            }\n\n            .section-title {\n                font-size: 1.6rem;\n            }\n\n            .feature-content {\n                padding: 1.5rem;\n            }\n\n            .step-card {\n                padding: 1.5rem;\n            }\n\n            .faq-item {\n                padding: 1.25rem;\n            }\n        }\n\n        \/* Button text should never be underlined *\/\n        .btn:hover, .btn:focus, .btn:active {\n            text-decoration: none !important;\n        }\n    <\/style>\n<\/head>\n<body>\n    <div class=\"converter-section\">\n        <!-- Hero Section -->\n        <section class=\"hero-section\">\n            <div class=\"hero-pattern\"><\/div>\n            <div class=\"hero-content\">\n                <h1 class=\"hero-title\">Konwerter WAV na AIFF<\/h1>\n                <p class=\"hero-subtitle\">Konwertuj pliki audio WAV do formatu AIFF, zachowuj\u0105c pe\u0142n\u0105 jako\u015b\u0107 d\u017awi\u0119ku i metadane. Idealny do zgodno\u015bci z komputerami Mac, profesjonalnych przep\u0142yw\u00f3w pracy audio i wieloplatformowych projekt\u00f3w audio.<\/p>\n\n                <div class=\"hero-badges\">\n                    <div class=\"hero-badge\">\n                        <span class=\"hero-badge-icon\"><i class=\"fas fa-desktop\"><\/i><\/span>\n                        <span class=\"hero-badge-text\">100% offline<\/span>\n                    <\/div>\n                    <div class=\"hero-badge\">\n                        <span class=\"hero-badge-icon\"><i class=\"fas fa-infinity\"><\/i><\/span>\n                        <span class=\"hero-badge-text\">Nieograniczone konwersje<\/span>\n                    <\/div>\n                    <div class=\"hero-badge\">\n                        <span class=\"hero-badge-icon\"><i class=\"fas fa-shield-alt\"><\/i><\/span>\n                        <span class=\"hero-badge-text\">Prywatne i bezpieczne<\/span>\n                    <\/div>\n                    <div class=\"hero-badge\">\n                        <span class=\"hero-badge-icon\"><i class=\"fas fa-bolt\"><\/i><\/span>\n                        <span class=\"hero-badge-text\">B\u0142yskawicznie szybki<\/span>\n                    <\/div>\n                <\/div>\n\n                <div class=\"hero-buttons\">\n                    <a href=\"\/download\" class=\"btn btn-primary\">Pobierz za darmo<\/a>\n                    <a href=\"#how-it-works\" class=\"btn btn-secondary\">Dowiedz si\u0119 wi\u0119cej<\/a>\n                <\/div>\n            <\/div>\n        <\/section>\n\n\n        <!-- Features Section -->\n        <section class=\"features-section\">\n            <h2 class=\"section-title\">Dlaczego warto wybra\u0107 Convertify do konwersji WAV na AIFF?<\/h2>\n\n            <div class=\"features-grid\">\n                <div class=\"feature-card\">\n                    <div class=\"feature-content\">\n                        <div class=\"feature-icon\">\n                            <i class=\"fas fa-music\"><\/i>\n                        <\/div>\n                        <h3 class=\"feature-title\">Bezstratna konwersja audio<\/h3>\n                        <p class=\"feature-text\">Konwertuj WAV na AIFF z doskona\u0142ym zachowaniem wierno\u015bci d\u017awi\u0119ku. Obydwa formaty wykorzystuj\u0105 nieskompresowane kodowanie PCM, dzi\u0119ki czemu d\u017awi\u0119k zachowuje oryginaln\u0105 jako\u015b\u0107, zakres dynamiki i pasmo przenoszenia bez utraty generacji.<\/p>\n                        <ul class=\"feature-list\">\n                            <li class=\"feature-item\">\n                                <span class=\"feature-check\"><i class=\"fas fa-check-circle\"><\/i><\/span>\n                                <span class=\"feature-item-text\">Zachowuje oryginaln\u0105 g\u0142\u0119bi\u0119 bitow\u0105 i cz\u0119stotliwo\u015b\u0107 pr\u00f3bkowania<\/span>\n                            <\/li>\n                            <li class=\"feature-item\">\n                                <span class=\"feature-check\"><i class=\"fas fa-check-circle\"><\/i><\/span>\n                                <span class=\"feature-item-text\">Zachowuje pe\u0142ny zakres dynamiki<\/span>\n                            <\/li>\n                            <li class=\"feature-item\">\n                                <span class=\"feature-check\"><i class=\"fas fa-check-circle\"><\/i><\/span>\n                                <span class=\"feature-item-text\">Brak pogorszenia jako\u015bci podczas konwersji<\/span>\n                            <\/li>\n                        <\/ul>\n                    <\/div>\n                <\/div>\n                <div class=\"feature-card\">\n                    <div class=\"feature-content\">\n                        <div class=\"feature-icon\">\n                            <i class=\"fas fa-apple-alt\"><\/i>\n                        <\/div>\n                        <h3 class=\"feature-title\">Ulepszona kompatybilno\u015b\u0107 z komputerami Mac<\/h3>\n                        <p class=\"feature-text\">Format AIFF zapewnia doskona\u0142\u0105 integracj\u0119 z ekosystemem Apple i profesjonalnymi aplikacjami audio. Konwertuj pliki WAV do formatu AIFF, aby zapewni\u0107 bezproblemow\u0105 kompatybilno\u015b\u0107 z Logic Pro, GarageBand i innym oprogramowaniem audio natywnym dla komputer\u00f3w Mac.<\/p>\n                        <ul class=\"feature-list\">\n                            <li class=\"feature-item\">\n                                <span class=\"feature-check\"><i class=\"fas fa-check-circle\"><\/i><\/span>\n                                <span class=\"feature-item-text\">Natywne wsparcie w systemach macOS i iOS<\/span>\n                            <\/li>\n                            <li class=\"feature-item\">\n                                <span class=\"feature-check\"><i class=\"fas fa-check-circle\"><\/i><\/span>\n                                <span class=\"feature-item-text\">Zoptymalizowany pod k\u0105tem aplikacji audio Apple<\/span>\n                            <\/li>\n                            <li class=\"feature-item\">\n                                <span class=\"feature-check\"><i class=\"fas fa-check-circle\"><\/i><\/span>\n                                <span class=\"feature-item-text\">Lepsza obs\u0142uga fork\u00f3w zasob\u00f3w w systemach Mac<\/span>\n                            <\/li>\n                        <\/ul>\n                    <\/div>\n                <\/div>\n                <div class=\"feature-card\">\n                    <div class=\"feature-content\">\n                        <div class=\"feature-icon\">\n                            <i class=\"fas fa-tags\"><\/i>\n                        <\/div>\n                        <h3 class=\"feature-title\">Doskona\u0142a obs\u0142uga metadanych<\/h3>\n                        <p class=\"feature-text\">Format AIFF oferuje bardziej niezawodne mo\u017cliwo\u015bci metadanych w por\u00f3wnaniu do plik\u00f3w WAV. Konwertuj, aby zachowa\u0107 i ulepszy\u0107 informacje o pliku audio, w tym szczeg\u00f3\u0142owe dane utworu, informacje o prawach autorskich i niestandardowe adnotacje.<\/p>\n                        <ul class=\"feature-list\">\n                            <li class=\"feature-item\">\n                                <span class=\"feature-check\"><i class=\"fas fa-check-circle\"><\/i><\/span>\n                                <span class=\"feature-item-text\">Kompleksowa obs\u0142uga znacznik\u00f3w ID3<\/span>\n                            <\/li>\n                            <li class=\"feature-item\">\n                                <span class=\"feature-check\"><i class=\"fas fa-check-circle\"><\/i><\/span>\n                                <span class=\"feature-item-text\">Niestandardowe pola metadanych<\/span>\n                            <\/li>\n                            <li class=\"feature-item\">\n                                <span class=\"feature-check\"><i class=\"fas fa-check-circle\"><\/i><\/span>\n                                <span class=\"feature-item-text\">Profesjonalne mo\u017cliwo\u015bci adnotacji d\u017awi\u0119kowych<\/span>\n                            <\/li>\n                        <\/ul>\n                    <\/div>\n                <\/div>\n                <div class=\"feature-card\">\n                    <div class=\"feature-content\">\n                        <div class=\"feature-icon\">\n                            <i class=\"fas fa-compress-arrows-alt\"><\/i>\n                        <\/div>\n                        <h3 class=\"feature-title\">Elastyczne opcje kompresji<\/h3>\n                        <p class=\"feature-text\">Zachowuj\u0105c bezstratn\u0105 jako\u015b\u0107, AIFF obs\u0142uguje r\u00f3\u017cne schematy kompresji, w tym format AIFF-C. Konwertuj pliki WAV, aby skorzysta\u0107 z inteligentnej kompresji, kt\u00f3ra zmniejsza rozmiar pliku bez utraty jako\u015bci d\u017awi\u0119ku.<\/p>\n                        <ul class=\"feature-list\">\n                            <li class=\"feature-item\">\n                                <span class=\"feature-check\"><i class=\"fas fa-check-circle\"><\/i><\/span>\n                                <span class=\"feature-item-text\">Obs\u0142uga skompresowanego formatu AIFF-C<\/span>\n                            <\/li>\n                            <li class=\"feature-item\">\n                                <span class=\"feature-check\"><i class=\"fas fa-check-circle\"><\/i><\/span>\n                                <span class=\"feature-item-text\">Inteligentna kompresja d\u017awi\u0119ku<\/span>\n                            <\/li>\n                            <li class=\"feature-item\">\n                                <span class=\"feature-check\"><i class=\"fas fa-check-circle\"><\/i><\/span>\n                                <span class=\"feature-item-text\">Zmniejszone wymagania dotycz\u0105ce przechowywania<\/span>\n                            <\/li>\n                        <\/ul>\n                    <\/div>\n                <\/div>\n                <div class=\"feature-card\">\n                    <div class=\"feature-content\">\n                        <div class=\"feature-icon\">\n                            <i class=\"fas fa-exchange-alt\"><\/i>\n                        <\/div>\n                        <h3 class=\"feature-title\">Mi\u0119dzyplatformowa wymiana audio<\/h3>\n                        <p class=\"feature-text\">Format AIFF doskonale sprawdza si\u0119 w profesjonalnych \u015brodowiskach audio, w kt\u00f3rych pliki s\u0105 udost\u0119pniane pomi\u0119dzy r\u00f3\u017cnymi platformami i aplikacjami. Konwertuj format WAV na AIFF, aby uzyska\u0107 lepsz\u0105 kompatybilno\u015b\u0107 w r\u00f3\u017cnych procesach produkcji audio.<\/p>\n                        <ul class=\"feature-list\">\n                            <li class=\"feature-item\">\n                                <span class=\"feature-check\"><i class=\"fas fa-check-circle\"><\/i><\/span>\n                                <span class=\"feature-item-text\">Profesjonalny, standardowy format studyjny<\/span>\n                            <\/li>\n                            <li class=\"feature-item\">\n                                <span class=\"feature-check\"><i class=\"fas fa-check-circle\"><\/i><\/span>\n                                <span class=\"feature-item-text\">Ulepszona kompatybilno\u015b\u0107 mi\u0119dzy platformami<\/span>\n                            <\/li>\n                            <li class=\"feature-item\">\n                                <span class=\"feature-check\"><i class=\"fas fa-check-circle\"><\/i><\/span>\n                                <span class=\"feature-item-text\">Zoptymalizowany pod k\u0105tem potok\u00f3w produkcji audio<\/span>\n                            <\/li>\n                        <\/ul>\n                    <\/div>\n                <\/div>\n                <div class=\"feature-card\">\n                    <div class=\"feature-content\">\n                        <div class=\"feature-icon\">\n                            <i class=\"fas fa-shield-alt\"><\/i>\n                        <\/div>\n                        <h3 class=\"feature-title\">Ochrona integralno\u015bci d\u017awi\u0119ku<\/h3>\n                        <p class=\"feature-text\">Format AIFF zawiera wbudowane funkcje wykrywania i korygowania b\u0142\u0119d\u00f3w, kt\u00f3re pomagaj\u0105 chroni\u0107 dane audio przed uszkodzeniem. Konwertuj krytyczne pliki WAV na AIFF, aby zwi\u0119kszy\u0107 integralno\u015b\u0107 danych w \u015brodowiskach profesjonalnych.<\/p>\n                        <ul class=\"feature-list\">\n                            <li class=\"feature-item\">\n                                <span class=\"feature-check\"><i class=\"fas fa-check-circle\"><\/i><\/span>\n                                <span class=\"feature-item-text\">Wbudowane mechanizmy wykrywania b\u0142\u0119d\u00f3w<\/span>\n                            <\/li>\n                            <li class=\"feature-item\">\n                                <span class=\"feature-check\"><i class=\"fas fa-check-circle\"><\/i><\/span>\n                                <span class=\"feature-item-text\">Ochrona przed uszkodzeniem danych<\/span>\n                            <\/li>\n                            <li class=\"feature-item\">\n                                <span class=\"feature-check\"><i class=\"fas fa-check-circle\"><\/i><\/span>\n                                <span class=\"feature-item-text\">Profesjonalna ochrona d\u017awi\u0119ku<\/span>\n                            <\/li>\n                        <\/ul>\n                    <\/div>\n                <\/div>\n            <\/div>\n        <\/section>\n\n\n        <!-- Why Convert Section -->\n        <section class=\"why-convert-section\">\n            <h2 class=\"section-title\">Dlaczego warto przekonwertowa\u0107 WAV na AIFF?<\/h2>\n\n            <div class=\"comparison-grid\">\n                <div class=\"format-card\">\n                    <h3 class=\"format-title\">\n                        <span class=\"format-icon\"><i class=\"fas fa-file-video\"><\/i><\/span>\n                        w formacie WAV\n                    <\/h3>\n                    <ul class=\"format-list\">\n                        <li class=\"format-item\">\n                            <span class=\"format-check\"><i class=\"fas fa-check-circle\"><\/i><\/span>\n                            <span class=\"format-text\">Uniwersalna kompatybilno\u015b\u0107 ze wszystkimi platformami i oprogramowaniem audio<\/span>\n                        <\/li>\n                        <li class=\"format-item\">\n                            <span class=\"format-check\"><i class=\"fas fa-check-circle\"><\/i><\/span>\n                            <span class=\"format-text\">Mniejsze rozmiary plik\u00f3w dzi\u0119ki prostszej strukturze nag\u0142\u00f3wka<\/span>\n                        <\/li>\n                        <li class=\"format-item\">\n                            <span class=\"format-check\"><i class=\"fas fa-times-circle\"><\/i><\/span>\n                            <span class=\"format-text\">Ograniczona obs\u0142uga metadanych w por\u00f3wnaniu do nowoczesnych format\u00f3w audio<\/span>\n                        <\/li>\n                        <li class=\"format-item\">\n                            <span class=\"format-check\"><i class=\"fas fa-times-circle\"><\/i><\/span>\n                            <span class=\"format-text\">Brakuje zaawansowanych funkcji korekcji b\u0142\u0119d\u00f3w i integralno\u015bci danych<\/span>\n                        <\/li>\n                        <li class=\"format-item\">\n                            <span class=\"format-check\"><i class=\"fas fa-times-circle\"><\/i><\/span>\n                            <span class=\"format-text\">Mniej optymalna integracja z ekosystemem audio i aplikacjami Apple<\/span>\n                        <\/li>\n                    <\/ul>\n                <\/div>\n\n                <div class=\"format-card\">\n                    <h3 class=\"format-title\">\n                        <span class=\"format-icon\"><i class=\"fas fa-file-video\"><\/i><\/span>\n                        formacie AIFF\n                    <\/h3>\n                    <ul class=\"format-list\">\n                        <li class=\"format-item\">\n                            <span class=\"format-check\"><i class=\"fas fa-check-circle\"><\/i><\/span>\n                            <span class=\"format-text\">Natywna integracja z aplikacjami audio macOS, iOS i Apple<\/span>\n                        <\/li>\n                        <li class=\"format-item\">\n                            <span class=\"format-check\"><i class=\"fas fa-check-circle\"><\/i><\/span>\n                            <span class=\"format-text\">Doskona\u0142a obs\u0142uga metadanych z kompleksowymi mo\u017cliwo\u015bciami tagowania<\/span>\n                        <\/li>\n                        <li class=\"format-item\">\n                            <span class=\"format-check\"><i class=\"fas fa-check-circle\"><\/i><\/span>\n                            <span class=\"format-text\">Wbudowane mechanizmy wykrywania b\u0142\u0119d\u00f3w i ochrony integralno\u015bci danych<\/span>\n                        <\/li>\n                        <li class=\"format-item\">\n                            <span class=\"format-check\"><i class=\"fas fa-check-circle\"><\/i><\/span>\n                            <span class=\"format-text\">Obs\u0142uga skompresowanego formatu AIFF-C w celu zmniejszenia rozmiaru plik\u00f3w<\/span>\n                        <\/li>\n                        <li class=\"format-item\">\n                            <span class=\"format-check\"><i class=\"fas fa-check-circle\"><\/i><\/span>\n                            <span class=\"format-text\">Profesjonalny standard bran\u017cowy audio z ulepszonymi funkcjami adnotacji<\/span>\n                        <\/li>\n                    <\/ul>\n                <\/div>\n            <\/div>\n        <\/section>\n\n\n        <!-- Technical Details Section -->\n        <section class=\"technical-details-section\">\n            <h2 class=\"section-title\">Szczeg\u00f3\u0142y techniczne<\/h2>\n\n            <div class=\"technical-details-grid\">\n                <div class=\"tech-detail-card\">\n                    <h3 class=\"tech-detail-title\">\n                        <span class=\"tech-detail-icon\"><i class=\"fas fa-code\"><\/i><\/span>\n                        Specyfikacje formatu audio\n                    <\/h3>\n                    <p class=\"tech-detail-text\">Zar\u00f3wno WAV, jak i AIFF wykorzystuj\u0105 nieskompresowane kodowanie d\u017awi\u0119ku PCM z obs\u0142ug\u0105 r\u00f3\u017cnych g\u0142\u0119bi bitowych (8, 16, 24, 32-bity) i cz\u0119stotliwo\u015bci pr\u00f3bkowania do 192 kHz. Format AIFF wykorzystuje kolejno\u015b\u0107 bajt\u00f3w big-endian w por\u00f3wnaniu z formatem small-endian WAV i obs\u0142uguje dodatkowe schematy kompresji poprzez wariant AIFF-C, w tym ADPCM i inne algorytmy kompresji bezstratnej.<\/p>\n                <\/div>\n                <div class=\"tech-detail-card\">\n                    <h3 class=\"tech-detail-title\">\n                        <span class=\"tech-detail-icon\"><i class=\"fas fa-database\"><\/i><\/span>\n                        Metadane i struktura fragment\u00f3w\n                    <\/h3>\n                    <p class=\"tech-detail-text\">Format AIFF wykorzystuje specyfikacj\u0119 EA IFF 85 (Electronic Arts Interchange File Format) z bardziej elastyczn\u0105 struktur\u0105 opart\u0105 na fragmentach ni\u017c WAV. Pozwala to na obszerne przechowywanie metadanych, w tym fragment\u00f3w NAME, AUTH, ANNO i COMT, w celu uzyskania kompleksowej dokumentacji plik\u00f3w audio, dzi\u0119ki czemu doskonale nadaje si\u0119 do profesjonalnych aplikacji do archiwizacji i katalogowania d\u017awi\u0119ku.<\/p>\n                <\/div>\n                <div class=\"tech-detail-card\">\n                    <h3 class=\"tech-detail-title\">\n                        <span class=\"tech-detail-icon\"><i class=\"fas fa-microchip\"><\/i><\/span>\n                        Optymalizacja platformy\n                    <\/h3>\n                    <p class=\"tech-detail-text\">Format AIFF jest specjalnie zoptymalizowany pod k\u0105tem platformy Apple Core Audio i wykorzystuje mo\u017cliwo\u015bci przetwarzania d\u017awi\u0119ku macOS. Kolejno\u015b\u0107 bajt\u00f3w big-endian w formacie odpowiada starszej architekturze PowerPC i zapewnia bardziej wydajne przetwarzanie na krzemie Apple. AIFF obs\u0142uguje tak\u017ce forki zasob\u00f3w w systemie macOS do przechowywania dodatkowych metadanych plik\u00f3w i niestandardowych danych aplikacji.<\/p>\n                <\/div>\n            <\/div>\n        <\/section>\n\n\n        <!-- How It Works Section -->\n        <section id=\"how-it-works\" class=\"how-it-works-section\">\n            <h2 class=\"section-title\">Jak przekonwertowa\u0107 plik WAV na AIFF<\/h2>\n\n            <div class=\"steps-container\">\n                <div class=\"step-card\">\n                    <div class=\"step-number\">1<\/div>\n                    <div class=\"step-content\">\n                        <h3 class=\"step-title\">Pobierz i zainstaluj<\/h3>\n                        <p class=\"step-text\">Pobierz Convertify za darmo i zainstaluj na swoim komputerze z systemem Windows. Nie jest wymagane \u017cadne konto ani rejestracja.<\/p>\n                    <\/div>\n                <\/div>\n                <div class=\"step-card\">\n                    <div class=\"step-number\">2<\/div>\n                    <div class=\"step-content\">\n                        <h3 class=\"step-title\">Dodaj swoje pliki WAV<\/h3>\n                        <p class=\"step-text\">Przeci\u0105gnij i upu\u015b\u0107 pliki WAV do Convertify lub u\u017cyj przegl\u0105darki plik\u00f3w, aby je wybra\u0107.<\/p>\n                    <\/div>\n                <\/div>\n                <div class=\"step-card\">\n                    <div class=\"step-number\">3<\/div>\n                    <div class=\"step-content\">\n                        <h3 class=\"step-title\">Wybierz opcj\u0119 Wyj\u015bcie AIFF<\/h3>\n                        <p class=\"step-text\">Wybierz AIFF jako format wyj\u015bciowy. W razie potrzeby dostosuj ustawienia jako\u015bci.<\/p>\n                    <\/div>\n                <\/div>\n                <div class=\"step-card\">\n                    <div class=\"step-number\">4<\/div>\n                    <div class=\"step-content\">\n                        <h3 class=\"step-title\">Konwertuj i zapisuj<\/h3>\n                        <p class=\"step-text\">Kliknij Konwertuj, a Twoje pliki zostan\u0105 natychmiast przetworzone. Zapisz je w dowolnym miejscu na swoim komputerze.<\/p>\n                    <\/div>\n                <\/div>\n            <\/div>\n        <\/section>\n\n\n        <!-- Use Cases Section -->\n        <section class=\"use-cases-section\">\n            <h2 class=\"section-title\">Kiedy u\u017cywa\u0107 konwersji WAV do AIFF<\/h2>\n\n            <div class=\"use-cases-grid\">\n                <div class=\"use-case-card\">\n                    <div class=\"use-case-icon\"><i class=\"fas fa-music\"><\/i><\/div>\n                    <h3 class=\"use-case-title\">Profesjonalna produkcja muzyczna<\/h3>\n                    <p class=\"use-case-text\">Konwertuj \u0142odygi i \u015bcie\u017cki WAV do formatu AIFF do u\u017cytku w Logic Pro, Pro Tools i innych profesjonalnych programach DAW, kt\u00f3re preferuj\u0105 format AIFF w celu uzyskania optymalnej wydajno\u015bci i obs\u0142ugi metadanych w z\u0142o\u017conych sesjach miksowania i masteringu.<\/p>\n                <\/div>\n                <div class=\"use-case-card\">\n                    <div class=\"use-case-icon\"><i class=\"fas fa-laptop\"><\/i><\/div>\n                    <h3 class=\"use-case-title\">Procesy pracy z d\u017awi\u0119kiem zorientowane na komputery Mac<\/h3>\n                    <p class=\"use-case-text\">Przekszta\u0142caj pliki WAV do AIFF, pracuj\u0105c g\u0142\u00f3wnie w ekosystemie Apple, aby zapewni\u0107 bezproblemow\u0105 integracj\u0119 z us\u0142ugami audio macOS, QuickTime i natywnymi aplikacjami audio bez problem\u00f3w ze zgodno\u015bci\u0105.<\/p>\n                <\/div>\n                <div class=\"use-case-card\">\n                    <div class=\"use-case-icon\"><i class=\"fas fa-archive\"><\/i><\/div>\n                    <h3 class=\"use-case-title\">Zarz\u0105dzanie archiwum audio<\/h3>\n                    <p class=\"use-case-text\">Konwertuj wa\u017cne nagrania WAV do formatu AIFF, aby skorzysta\u0107 z doskona\u0142ych mo\u017cliwo\u015bci metadanych do kompleksowego katalogowania bibliotek audio, w tym szczeg\u00f3\u0142owych adnotacji, informacji o prawach autorskich i niestandardowych znacznik\u00f3w organizacyjnych.<\/p>\n                <\/div>\n                <div class=\"use-case-card\">\n                    <div class=\"use-case-icon\"><i class=\"fas fa-broadcast-tower\"><\/i><\/div>\n                    <h3 class=\"use-case-title\">Nadawanie i radio<\/h3>\n                    <p class=\"use-case-text\">Przekszta\u0142caj pliki WAV do AIFF dla stacji radiowych i obiekt\u00f3w nadawczych korzystaj\u0105cych z system\u00f3w opartych na Apple, zapewniaj\u0105c optymaln\u0105 wydajno\u015b\u0107 odtwarzania i wy\u015bwietlanie metadanych w systemach automatyki naziemnej.<\/p>\n                <\/div>\n                <div class=\"use-case-card\">\n                    <div class=\"use-case-icon\"><i class=\"fas fa-film\"><\/i><\/div>\n                    <h3 class=\"use-case-title\">Postprodukcja d\u017awi\u0119ku<\/h3>\n                    <p class=\"use-case-text\">Konwertuj \u015bcie\u017cki audio WAV na AIFF na potrzeby postprodukcji film\u00f3w i wideo przy u\u017cyciu Final Cut Pro i innych aplikacji Apple, w kt\u00f3rych AIFF zapewnia lepsz\u0105 integracj\u0119 osi czasu i mo\u017cliwo\u015bci synchronizacji d\u017awi\u0119ku.<\/p>\n                <\/div>\n                <div class=\"use-case-card\">\n                    <div class=\"use-case-icon\"><i class=\"fas fa-mobile-alt\"><\/i><\/div>\n                    <h3 class=\"use-case-title\">Tworzenie aplikacji na iOS<\/h3>\n                    <p class=\"use-case-text\">Przekszta\u0142caj zasoby audio WAV do formatu AIFF dla aplikacji iOS, aby zapewni\u0107 optymaln\u0105 wydajno\u015b\u0107, zmniejszone obci\u0105\u017cenie przetwarzania i bezproblemow\u0105 integracj\u0119 ze frameworkami Core Audio podczas tworzenia aplikacji mobilnych.<\/p>\n                <\/div>\n            <\/div>\n        <\/section>\n\n\n        <!-- Security Section -->\n        <section class=\"security-section\">\n            <h2 class=\"section-title\">Twoja prywatno\u015b\u0107 jest chroniona<\/h2>\n\n            <div class=\"security-features\">\n                <div class=\"security-card\">\n                    <h3 class=\"security-title\">\n                        <span class=\"security-icon\"><i class=\"fas fa-lock\"><\/i><\/span>\n                        100% offline\n                    <\/h3>\n                    <p class=\"security-text\">Wszystkie konwersje odbywaj\u0105 si\u0119 lokalnie na Twoim komputerze. Twoje pliki nigdy nie opuszczaj\u0105 Twojego urz\u0105dzenia i nie s\u0105 przesy\u0142ane na \u017caden serwer.<\/p>\n                <\/div>\n                <div class=\"security-card\">\n                    <h3 class=\"security-title\">\n                        <span class=\"security-icon\"><i class=\"fas fa-user-shield\"><\/i><\/span>\n                        Nie jest wymagane konto\n                    <\/h3>\n                    <p class=\"security-text\">Rozpocznij konwersj\u0119 natychmiast, bez tworzenia konta, podawania danych osobowych lub rejestrowania si\u0119 w czymkolwiek.<\/p>\n                <\/div>\n                <div class=\"security-card\">\n                    <h3 class=\"security-title\">\n                        <span class=\"security-icon\"><i class=\"fas fa-trash-alt\"><\/i><\/span>\n                        Automatyczne czyszczenie\n                    <\/h3>\n                    <p class=\"security-text\">Pliki tymczasowe s\u0105 bezpiecznie usuwane po konwersji. Twoje oryginalne pliki pozostan\u0105 ca\u0142kowicie nienaruszone, chyba \u017ce zdecydujesz inaczej.<\/p>\n                <\/div>\n            <\/div>\n        <\/section>\n\n\n        <!-- FAQ Section -->\n        <section class=\"faq-section\">\n            <h2 class=\"section-title\">Cz\u0119sto zadawane pytania<\/h2>\n\n            <div class=\"faq-container\">\n                <div class=\"faq-item\">\n                    <h3 class=\"faq-question\">\n                        <span class=\"faq-icon\"><i class=\"fas fa-question-circle\"><\/i><\/span>\n                        Czy konwersja WAV do AIFF obni\u017cy jako\u015b\u0107 d\u017awi\u0119ku?\n                    <\/h3>\n                    <div class=\"faq-answer\">\n                        <p>Nie, konwersja WAV na AIFF pozwala zachowa\u0107 doskona\u0142\u0105 jako\u015b\u0107 d\u017awi\u0119ku, poniewa\u017c oba formaty korzystaj\u0105 z nieskompresowanego kodowania PCM. Konwersja zmienia jedynie kontener pliku i kolejno\u015b\u0107 bajt\u00f3w, zachowuj\u0105c jednocze\u015bnie wszystkie dane audio dok\u0142adnie tak, jak w oryginalnym pliku WAV.<\/p>\n                    <\/div>\n                <\/div>\n                <div class=\"faq-item\">\n                    <h3 class=\"faq-question\">\n                        <span class=\"faq-icon\"><i class=\"fas fa-question-circle\"><\/i><\/span>\n                        Jaka jest g\u0142\u00f3wna r\u00f3\u017cnica mi\u0119dzy formatami WAV i AIFF?\n                    <\/h3>\n                    <div class=\"faq-answer\">\n                        <p>Podstawowe r\u00f3\u017cnice to kolejno\u015b\u0107 bajt\u00f3w (WAV u\u017cywa Little-endian, AIFF u\u017cywa big-endian), obs\u0142uga metadanych (AIFF ma doskona\u0142e mo\u017cliwo\u015bci tagowania) i optymalizacja platformy (AIFF jest zoptymalizowany dla system\u00f3w Apple, podczas gdy WAV jest bardziej uniwersalnie kompatybilny).<\/p>\n                    <\/div>\n                <\/div>\n                <div class=\"faq-item\">\n                    <h3 class=\"faq-question\">\n                        <span class=\"faq-icon\"><i class=\"fas fa-question-circle\"><\/i><\/span>\n                        Czy pliki AIFF s\u0105 wi\u0119ksze ni\u017c pliki WAV?\n                    <\/h3>\n                    <div class=\"faq-answer\">\n                        <p>Pliki AIFF s\u0105 zazwyczaj nieco wi\u0119ksze ni\u017c r\u00f3wnowa\u017cne pliki WAV ze wzgl\u0119du na bardziej wszechstronne informacje nag\u0142\u00f3wkowe i mo\u017cliwo\u015bci przechowywania metadanych. R\u00f3\u017cnica jest jednak minimalna (zwykle mniejsza ni\u017c 1 KB), a skompresowany format AIFF-C mo\u017ce w rzeczywisto\u015bci by\u0107 mniejszy ni\u017c WAV.<\/p>\n                    <\/div>\n                <\/div>\n                <div class=\"faq-item\">\n                    <h3 class=\"faq-question\">\n                        <span class=\"faq-icon\"><i class=\"fas fa-question-circle\"><\/i><\/span>\n                        Czy mog\u0119 konwertowa\u0107 pliki WAV o r\u00f3\u017cnej g\u0142\u0119bi bitowej do formatu AIFF?\n                    <\/h3>\n                    <div class=\"faq-answer\">\n                        <p>Tak, format AIFF obs\u0142uguje t\u0119 sam\u0105 g\u0142\u0119bi\u0119 bitow\u0105 co WAV (8, 16, 24 i 32-bity) i cz\u0119stotliwo\u015b\u0107 pr\u00f3bkowania do 192 kHz. Konwersja dok\u0142adnie zachowuje oryginalne specyfikacje audio, zachowuj\u0105c t\u0119 \u200b\u200bsam\u0105 g\u0142\u0119bi\u0119 bitow\u0105 i cz\u0119stotliwo\u015b\u0107 pr\u00f3bkowania, co \u017ar\u00f3d\u0142owy plik WAV.<\/p>\n                    <\/div>\n                <\/div>\n                <div class=\"faq-item\">\n                    <h3 class=\"faq-question\">\n                        <span class=\"faq-icon\"><i class=\"fas fa-question-circle\"><\/i><\/span>\n                        Czy moje oprogramowanie audio rozpozna przekonwertowane pliki AIFF?\n                    <\/h3>\n                    <div class=\"faq-answer\">\n                        <p>Wi\u0119kszo\u015b\u0107 profesjonalnego oprogramowania audio obs\u0142uguje format AIFF, szczeg\u00f3lnie w systemach Mac. Aplikacje Apple, takie jak Logic Pro, GarageBand i QuickTime, maj\u0105 natywn\u0105 obs\u0142ug\u0119 AIFF, podczas gdy wiele wieloplatformowych program\u00f3w DAW r\u00f3wnie\u017c bez problem\u00f3w obs\u0142uguje pliki AIFF.<\/p>\n                    <\/div>\n                <\/div>\n                <div class=\"faq-item\">\n                    <h3 class=\"faq-question\">\n                        <span class=\"faq-icon\"><i class=\"fas fa-question-circle\"><\/i><\/span>\n                        Czy mog\u0119 wsadowo przekonwertowa\u0107 wiele plik\u00f3w WAV na AIFF?\n                    <\/h3>\n                    <div class=\"faq-answer\">\n                        <p>Tak, Convertify obs\u0142uguje masowe przetwarzanie wsadowe, umo\u017cliwiaj\u0105c jednoczesn\u0105 konwersj\u0119 tysi\u0119cy plik\u00f3w WAV do formatu AIFF. Przetwarzanie wsadowe pozwala zachowa\u0107 sta\u0142\u0105 jako\u015b\u0107 i ustawienia wszystkich plik\u00f3w, zachowuj\u0105c jednocze\u015bnie oryginalne struktury folder\u00f3w i nazwy plik\u00f3w.<\/p>\n                    <\/div>\n                <\/div>\n                <div class=\"faq-item\">\n                    <h3 class=\"faq-question\">\n                        <span class=\"faq-icon\"><i class=\"fas fa-question-circle\"><\/i><\/span>\n                        Czy format AIFF obs\u0142uguje osadzone ok\u0142adki album\u00f3w i teksty?\n                    <\/h3>\n                    <div class=\"faq-answer\">\n                        <p>Tak, format AIFF oferuje lepsze mo\u017cliwo\u015bci w zakresie metadanych w por\u00f3wnaniu do formatu WAV i umo\u017cliwia przechowywanie osadzonych ok\u0142adek album\u00f3w, tekst\u00f3w piosenek i kompleksowych znacznik\u00f3w ID3. To sprawia, \u017ce \u200b\u200bAIFF jest idealnym rozwi\u0105zaniem dla bibliotek muzycznych, w kt\u00f3rych wa\u017cne s\u0105 szczeg\u00f3\u0142owe informacje o utworach.<\/p>\n                    <\/div>\n                <\/div>\n                <div class=\"faq-item\">\n                    <h3 class=\"faq-question\">\n                        <span class=\"faq-icon\"><i class=\"fas fa-question-circle\"><\/i><\/span>\n                        Czy s\u0105 jakie\u015b problemy ze zgodno\u015bci\u0105 plik\u00f3w AIFF w systemie Windows?\n                    <\/h3>\n                    <div class=\"faq-answer\">\n                        <p>Chocia\u017c AIFF jest zoptymalizowany dla system\u00f3w Apple, wi\u0119kszo\u015b\u0107 nowoczesnego oprogramowania audio Windows mo\u017ce obs\u0142ugiwa\u0107 pliki AIFF. Jednak\u017ce niekt\u00f3re starsze lub podstawowe odtwarzacze multimedialne Windows mog\u0105 mie\u0107 ograniczon\u0105 obs\u0142ug\u0119 formatu AIFF, dlatego przy wyborze formatu nale\u017cy wzi\u0105\u0107 pod uwag\u0119 docelowe \u015brodowisko odtwarzania.<\/p>\n                    <\/div>\n                <\/div>\n            <\/div>\n        <\/section>\n\n\n        <!-- CTA Section -->\n        <section class=\"cta-section\">\n            <div class=\"cta-pattern\"><\/div>\n            <div class=\"cta-content\">\n                <h2 class=\"cta-title\">Gotowy do konwersji plik\u00f3w?<\/h2>\n                <p class=\"cta-text\">Pobierz teraz Convertify i natychmiast rozpocznij konwersj\u0119 WAV do AIFF. Bezp\u0142atny, nieograniczony i ca\u0142kowicie offline.<\/p>\n                <div class=\"hero-buttons\">\n                    <a href=\"\/download\" class=\"btn btn-primary\">Pobierz Convertify za darmo<\/a>\n                    <a href=\"\/pricing\" class=\"btn btn-secondary\">Zobacz Cennik<\/a>\n                <\/div>\n            <\/div>\n        <\/section>\n    <\/div>\n<\/body>\n<\/html>\n\n\n\n<p><\/p>\n","protected":false},"excerpt":{"rendered":"<p>Konwerter WAV na AIFF: bezp\u0142atny, szybki i offline dla systemu Windows Konwerter WAV na AIFF Konwertuj pliki audio WAV do [&hellip;]<\/p>\n","protected":false},"author":1,"featured_media":0,"parent":0,"menu_order":0,"comment_status":"closed","ping_status":"closed","template":"","meta":{"pagelayer_contact_templates":[],"_pagelayer_content":"","_uag_custom_page_level_css":"","site-sidebar-layout":"default","site-content-layout":"","ast-site-content-layout":"","site-content-style":"default","site-sidebar-style":"default","ast-global-header-display":"","ast-banner-title-visibility":"","ast-main-header-display":"","ast-hfb-above-header-display":"","ast-hfb-below-header-display":"","ast-hfb-mobile-header-display":"","site-post-title":"disabled","ast-breadcrumbs-content":"","ast-featured-img":"","footer-sml-layout":"","theme-transparent-header-meta":"","adv-header-id-meta":"","stick-header-meta":"","header-above-stick-meta":"","header-main-stick-meta":"","header-below-stick-meta":"","astra-migrate-meta-layouts":"default","ast-page-background-enabled":"default","ast-page-background-meta":{"desktop":{"background-color":"var(--ast-global-color-5)","background-image":"","background-repeat":"repeat","background-position":"center center","background-size":"auto","background-attachment":"scroll","background-type":"","background-media":"","overlay-type":"","overlay-color":"","overlay-opacity":"","overlay-gradient":""},"tablet":{"background-color":"","background-image":"","background-repeat":"repeat","background-position":"center center","background-size":"auto","background-attachment":"scroll","background-type":"","background-media":"","overlay-type":"","overlay-color":"","overlay-opacity":"","overlay-gradient":""},"mobile":{"background-color":"","background-image":"","background-repeat":"repeat","background-position":"center center","background-size":"auto","background-attachment":"scroll","background-type":"","background-media":"","overlay-type":"","overlay-color":"","overlay-opacity":"","overlay-gradient":""}},"ast-content-background-meta":{"desktop":{"background-color":"var(--ast-global-color-4)","background-image":"","background-repeat":"repeat","background-position":"center center","background-size":"auto","background-attachment":"scroll","background-type":"","background-media":"","overlay-type":"","overlay-color":"","overlay-opacity":"","overlay-gradient":""},"tablet":{"background-color":"var(--ast-global-color-4)","background-image":"","background-repeat":"repeat","background-position":"center center","background-size":"auto","background-attachment":"scroll","background-type":"","background-media":"","overlay-type":"","overlay-color":"","overlay-opacity":"","overlay-gradient":""},"mobile":{"background-color":"var(--ast-global-color-4)","background-image":"","background-repeat":"repeat","background-position":"center center","background-size":"auto","background-attachment":"scroll","background-type":"","background-media":"","overlay-type":"","overlay-color":"","overlay-opacity":"","overlay-gradient":""}},"footnotes":""},"class_list":["post-740517","page","type-page","status-publish","hentry"],"uagb_featured_image_src":{"full":false,"thumbnail":false,"medium":false,"medium_large":false,"large":false,"1536x1536":false,"2048x2048":false,"woocommerce_thumbnail":false,"woocommerce_single":false,"woocommerce_gallery_thumbnail":false},"uagb_author_info":{"display_name":"convertify","author_link":"https:\/\/convertifypro.com\/author\/convertifypro\/"},"uagb_comment_info":0,"uagb_excerpt":"Konwerter WAV na AIFF: bezp\u0142atny, szybki i offline dla systemu Windows Konwerter WAV na AIFF Konwertuj pliki audio WAV do [&hellip;]","_links":{"self":[{"href":"https:\/\/convertifypro.com\/wp-json\/wp\/v2\/pages\/740517","targetHints":{"allow":["GET"]}}],"collection":[{"href":"https:\/\/convertifypro.com\/wp-json\/wp\/v2\/pages"}],"about":[{"href":"https:\/\/convertifypro.com\/wp-json\/wp\/v2\/types\/page"}],"author":[{"embeddable":true,"href":"https:\/\/convertifypro.com\/wp-json\/wp\/v2\/users\/1"}],"replies":[{"embeddable":true,"href":"https:\/\/convertifypro.com\/wp-json\/wp\/v2\/comments?post=740517"}],"version-history":[{"count":0,"href":"https:\/\/convertifypro.com\/wp-json\/wp\/v2\/pages\/740517\/revisions"}],"wp:attachment":[{"href":"https:\/\/convertifypro.com\/wp-json\/wp\/v2\/media?parent=740517"}],"curies":[{"name":"wp","href":"https:\/\/api.w.org\/{rel}","templated":true}]}}