{"id":740517,"date":"2026-01-21T22:37:34","date_gmt":"2026-01-21T22:37:34","guid":{"rendered":"https:\/\/convertifypro.com\/?page_id=740517"},"modified":"2026-01-21T22:37:34","modified_gmt":"2026-01-21T22:37:34","slug":"wav-to-aiff-converter","status":"publish","type":"page","link":"https:\/\/convertifypro.com\/lv\/wav-uz-aiff-parveidotajs\/","title":{"rendered":"WAV uz AIFF p\u0101rveidot\u0101js"},"content":{"rendered":"<style class=\"wpcode-css-snippet\">.ast-custom-button {\r\n  display: none;\r\n}<\/style>\n\n\n\n<!DOCTYPE html>\n<html lang=\"en\">\n<head>\n    <meta charset=\"UTF-8\">\n    <meta name=\"viewport\" content=\"width=device-width, initial-scale=1.0\">\n    <meta name=\"description\" content=\"Convert WAV files to AIFF format with our powerful offline converter. Perfect for Mac compatibility, professional audio workflows, and enhanced metadata support.\">\n    <meta name=\"keywords\" content=\"WAV to AIFF converter, audio format converter, AIFF converter Windows, WAV AIFF conversion, offline audio converter, lossless audio conversion, Mac audio format, professional audio conversion\">\n    <title>WAV uz AIFF p\u0101rveidot\u0101js: bezmaksas, \u0101trs un bezsaist\u0113 oper\u0113t\u0101jsist\u0113mai Windows<\/title>\n    <link rel=\"stylesheet\" href=\"https:\/\/cdnjs.cloudflare.com\/ajax\/libs\/font-awesome\/6.4.0\/css\/all.min.css\">\n    \n    <style>\n        \/* Main Styles *\/\n        :root {\n            --primary-color: #FD9800;\n            --primary-hover: #e88a00;\n            --text-color: #3A3A3A;\n            --light-bg: #f8faff;\n            --gradient-bg: linear-gradient(135deg, #f8faff 0%, #fff5e6 100%);\n            --box-shadow: 0 10px 30px rgba(0, 0, 0, 0.05);\n            --hover-shadow: 0 15px 35px rgba(0, 0, 0, 0.1);\n            --border-color: #f1f5f9;\n        }\n\n        .converter-section {\n            max-width: 1200px;\n            margin: 0 auto;\n            padding: 2rem 1.5rem;\n            font-family: 'Inter', 'Segoe UI', system-ui, -apple-system, sans-serif;\n            color: var(--text-color);\n        }\n\n        \/* Hero Section *\/\n        .hero-section {\n            text-align: center;\n            padding: 3rem 1rem;\n            margin-bottom: 3rem;\n            background: var(--gradient-bg);\n            border-radius: 16px;\n            position: relative;\n            overflow: hidden;\n        }\n\n        .hero-pattern {\n            position: absolute;\n            top: 0;\n            left: 0;\n            right: 0;\n            bottom: 0;\n            background-image: url(\"data:image\/svg+xml,%3Csvg width='60' height='60' viewBox='0 0 60 60' xmlns='http:\/\/www.w3.org\/2000\/svg'%3E%3Cg fill='none' fill-rule='evenodd'%3E%3Cg fill='%23fd9800' fill-opacity='0.05'%3E%3Cpath d='M36 34v-4h-2v4h-4v2h4v4h2v-4h4v-2h-4zm0-30V0h-2v4h-4v2h4v4h2V6h4V4h-4zM6 34v-4H4v4H0v2h4v4h2v-4h4v-2H6zM6 4V0H4v4H0v2h4v4h2V6h4V4H6z'\/%3E%3C\/g%3E%3C\/g%3E%3C\/svg%3E\");\n            opacity: 0.5;\n            z-index: 0;\n        }\n\n        .hero-content {\n            position: relative;\n            z-index: 1;\n            max-width: 800px;\n            margin: 0 auto;\n        }\n\n        .hero-title {\n            font-size: 2.8rem;\n            font-weight: 800;\n            margin-bottom: 1.5rem;\n            color: var(--text-color);\n        }\n\n        .hero-subtitle {\n            font-size: 1.25rem;\n            margin-bottom: 2rem;\n            color: var(--text-color);\n            line-height: 1.6;\n        }\n\n        .hero-badges {\n            display: flex;\n            flex-wrap: wrap;\n            justify-content: center;\n            gap: 1rem;\n            margin-bottom: 2rem;\n        }\n\n        .hero-badge {\n            display: flex;\n            align-items: center;\n            background: white;\n            border-radius: 50px;\n            padding: 0.5rem 1rem;\n            box-shadow: var(--box-shadow);\n            transition: all 0.3s ease;\n            border: 1px solid var(--border-color);\n        }\n\n        .hero-badge:hover {\n            transform: translateY(-3px);\n            box-shadow: var(--hover-shadow);\n            border-color: rgba(253, 152, 0, 0.3);\n        }\n\n        .hero-badge-icon {\n            color: var(--primary-color);\n            margin-right: 0.5rem;\n            font-size: 1rem;\n        }\n\n        .hero-badge-text {\n            font-size: 0.9rem;\n            font-weight: 600;\n            color: var(--text-color);\n        }\n\n        .hero-buttons {\n            display: flex;\n            justify-content: center;\n            gap: 1rem;\n            flex-wrap: wrap;\n        }\n\n        .btn {\n            display: inline-block;\n            padding: 0.75rem 1.5rem;\n            border-radius: 8px;\n            font-weight: 600;\n            text-decoration: none !important;\n            transition: all 0.3s ease;\n            cursor: pointer;\n            font-size: 1rem;\n        }\n\n        .btn-primary {\n            background-color: var(--primary-color);\n            color: white !important;\n            box-shadow: 0 8px 16px rgba(253, 152, 0, 0.2);\n            border: none;\n        }\n\n        .btn-primary:hover {\n            background-color: var(--primary-hover);\n            transform: translateY(-2px);\n            text-decoration: none !important;\n        }\n\n        .btn-secondary {\n            background-color: white;\n            color: var(--primary-color) !important;\n            border: 1px solid var(--border-color);\n        }\n\n        .btn-secondary:hover {\n            background-color: #fff5e6;\n            transform: translateY(-2px);\n            text-decoration: none !important;\n        }\n\n        \/* Features Section *\/\n        .features-section {\n            margin-bottom: 4rem;\n        }\n\n        .section-title {\n            font-size: 2.2rem;\n            font-weight: 700;\n            text-align: center;\n            margin-bottom: 2.5rem;\n            color: var(--text-color);\n        }\n\n        .features-grid {\n            display: grid;\n            grid-template-columns: repeat(auto-fit, minmax(300px, 1fr));\n            gap: 2rem;\n        }\n\n        .feature-card {\n            background: white;\n            border-radius: 16px;\n            overflow: hidden;\n            box-shadow: var(--box-shadow);\n            transition: all 0.3s ease;\n            border: 1px solid var(--border-color);\n            height: 100%;\n            display: flex;\n            flex-direction: column;\n        }\n\n        .feature-card:hover {\n            transform: translateY(-5px);\n            box-shadow: var(--hover-shadow);\n            border-color: rgba(253, 152, 0, 0.3);\n        }\n\n        .feature-icon {\n            width: 60px;\n            height: 60px;\n            background-color: rgba(253, 152, 0, 0.15);\n            color: var(--primary-color);\n            border-radius: 12px;\n            display: flex;\n            align-items: center;\n            justify-content: center;\n            margin-bottom: 1.5rem;\n            font-size: 1.8rem;\n            transition: all 0.3s ease;\n        }\n\n        .feature-card:hover .feature-icon {\n            background: linear-gradient(135deg, #FD9800 0%, #FF6D00 100%);\n            color: white;\n            box-shadow: 0 10px 20px rgba(253, 152, 0, 0.2);\n        }\n\n        .feature-content {\n            padding: 2rem;\n            flex-grow: 1;\n        }\n\n        .feature-title {\n            font-size: 1.4rem;\n            font-weight: 700;\n            margin-bottom: 1rem;\n            color: var(--text-color);\n        }\n\n        .feature-text {\n            font-size: 1rem;\n            color: #555;\n            line-height: 1.6;\n            margin-bottom: 1.5rem;\n        }\n\n        .feature-list {\n            list-style: none;\n            padding: 0;\n            margin: 0;\n        }\n\n        .feature-item {\n            display: flex;\n            align-items: flex-start;\n            margin-bottom: 0.75rem;\n            line-height: 1.5;\n        }\n\n        .feature-check {\n            color: var(--primary-color);\n            margin-right: 0.75rem;\n            flex-shrink: 0;\n            margin-top: 0.2rem;\n        }\n\n        .feature-item-text {\n            font-size: 0.95rem;\n            color: var(--text-color);\n        }\n\n        \/* Why Convert Section *\/\n        .why-convert-section {\n            margin-bottom: 4rem;\n            background: var(--light-bg);\n            border-radius: 16px;\n            padding: 3rem 2rem;\n        }\n\n        .comparison-grid {\n            display: grid;\n            grid-template-columns: repeat(auto-fit, minmax(300px, 1fr));\n            gap: 2rem;\n            margin-top: 2rem;\n        }\n\n        .format-card {\n            background: white;\n            border-radius: 16px;\n            padding: 1.5rem;\n            box-shadow: var(--box-shadow);\n            transition: all 0.3s ease;\n            border: 1px solid var(--border-color);\n        }\n\n        .format-card:hover {\n            transform: translateY(-5px);\n            box-shadow: var(--hover-shadow);\n            border-color: rgba(253, 152, 0, 0.3);\n        }\n\n        .format-title {\n            font-size: 1.6rem;\n            font-weight: 700;\n            margin-bottom: 1.25rem;\n            color: var(--text-color);\n            display: flex;\n            align-items: center;\n        }\n\n        .format-icon {\n            color: var(--primary-color);\n            margin-right: 0.75rem;\n            font-size: 1.6rem;\n        }\n\n        .format-list {\n            list-style: none;\n            padding: 0;\n            margin: 0;\n        }\n\n        .format-item {\n            display: flex;\n            align-items: flex-start;\n            margin-bottom: 0.85rem;\n        }\n\n        .format-check {\n            color: var(--primary-color);\n            margin-right: 0.75rem;\n            flex-shrink: 0;\n            margin-top: 0.2rem;\n        }\n\n        .format-text {\n            font-size: 0.95rem;\n            color: #555;\n            line-height: 1.5;\n        }\n\n        \/* How It Works Section *\/\n        .how-it-works-section {\n            margin-bottom: 4rem;\n        }\n\n        .steps-container {\n            max-width: 900px;\n            margin: 0 auto;\n        }\n\n        .step-card {\n            display: flex;\n            align-items: flex-start;\n            background: white;\n            border-radius: 16px;\n            padding: 2rem;\n            box-shadow: var(--box-shadow);\n            margin-bottom: 2rem;\n            border: 1px solid var(--border-color);\n            transition: all 0.3s ease;\n        }\n\n        .step-card:hover {\n            transform: translateY(-5px);\n            box-shadow: var(--hover-shadow);\n            border-color: rgba(253, 152, 0, 0.3);\n        }\n\n        .step-number {\n            width: 50px;\n            height: 50px;\n            background-color: rgba(253, 152, 0, 0.15);\n            color: var(--primary-color);\n            border-radius: 50%;\n            display: flex;\n            align-items: center;\n            justify-content: center;\n            font-size: 1.5rem;\n            font-weight: 700;\n            margin-right: 1.5rem;\n            flex-shrink: 0;\n            transition: all 0.3s ease;\n        }\n\n        .step-card:hover .step-number {\n            background: linear-gradient(135deg, #FD9800 0%, #FF6D00 100%);\n            color: white;\n            box-shadow: 0 10px 20px rgba(253, 152, 0, 0.2);\n        }\n\n        .step-content {\n            flex: 1;\n        }\n\n        .step-title {\n            font-size: 1.4rem;\n            font-weight: 700;\n            margin-bottom: 0.75rem;\n            color: var(--text-color);\n        }\n\n        .step-text {\n            font-size: 1rem;\n            color: #555;\n            line-height: 1.6;\n        }\n\n        \/* Use Cases Section *\/\n        .use-cases-section {\n            margin-bottom: 4rem;\n            background: var(--light-bg);\n            border-radius: 16px;\n            padding: 3rem 2rem;\n        }\n\n        .use-cases-grid {\n            display: grid;\n            grid-template-columns: repeat(auto-fit, minmax(300px, 1fr));\n            gap: 2rem;\n            margin-top: 2rem;\n        }\n\n        .use-case-card {\n            background: white;\n            border-radius: 16px;\n            padding: 1.5rem;\n            box-shadow: var(--box-shadow);\n            transition: all 0.3s ease;\n            border: 1px solid var(--border-color);\n            height: 100%;\n        }\n\n        .use-case-card:hover {\n            transform: translateY(-5px);\n            box-shadow: var(--hover-shadow);\n            border-color: rgba(253, 152, 0, 0.3);\n        }\n\n        .use-case-icon {\n            color: var(--primary-color);\n            font-size: 2rem;\n            margin-bottom: 1rem;\n        }\n\n        .use-case-title {\n            font-size: 1.3rem;\n            font-weight: 700;\n            margin-bottom: 1rem;\n            color: var(--text-color);\n        }\n\n        .use-case-text {\n            font-size: 0.95rem;\n            color: #555;\n            line-height: 1.6;\n        }\n\n        \/* FAQ Section *\/\n        .faq-section {\n            margin-bottom: 4rem;\n        }\n\n        .faq-container {\n            max-width: 900px;\n            margin: 0 auto;\n        }\n\n        .faq-item {\n            background: white;\n            border-radius: 16px;\n            padding: 1.5rem 2rem;\n            box-shadow: var(--box-shadow);\n            margin-bottom: 1.5rem;\n            border: 1px solid var(--border-color);\n            transition: all 0.3s ease;\n        }\n\n        .faq-item:hover {\n            transform: translateY(-3px);\n            box-shadow: var(--hover-shadow);\n            border-color: rgba(253, 152, 0, 0.3);\n        }\n\n        .faq-question {\n            font-size: 1.2rem;\n            font-weight: 700;\n            margin-bottom: 1rem;\n            color: var(--text-color);\n            display: flex;\n            align-items: center;\n        }\n\n        .faq-icon {\n            color: var(--primary-color);\n            margin-right: 0.75rem;\n            font-size: 1.2rem;\n        }\n\n        .faq-answer {\n            font-size: 1rem;\n            color: #555;\n            line-height: 1.6;\n        }\n\n        \/* Technical Details Section *\/\n        .technical-details-section {\n            margin-bottom: 4rem;\n        }\n\n        .technical-details-grid {\n            display: grid;\n            grid-template-columns: repeat(auto-fit, minmax(300px, 1fr));\n            gap: 2rem;\n        }\n\n        .tech-detail-card {\n            background: white;\n            border-radius: 16px;\n            padding: 1.5rem;\n            box-shadow: var(--box-shadow);\n            transition: all 0.3s ease;\n            border: 1px solid var(--border-color);\n        }\n\n        .tech-detail-card:hover {\n            transform: translateY(-5px);\n            box-shadow: var(--hover-shadow);\n            border-color: rgba(253, 152, 0, 0.3);\n        }\n\n        .tech-detail-title {\n            font-size: 1.3rem;\n            font-weight: 700;\n            margin-bottom: 1rem;\n            color: var(--text-color);\n            display: flex;\n            align-items: center;\n        }\n\n        .tech-detail-icon {\n            color: var(--primary-color);\n            margin-right: 0.75rem;\n            font-size: 1.3rem;\n        }\n\n        .tech-detail-text {\n            font-size: 0.95rem;\n            color: #555;\n            line-height: 1.6;\n        }\n\n        \/* Security Section *\/\n        .security-section {\n            margin-bottom: 4rem;\n            background: var(--light-bg);\n            border-radius: 16px;\n            padding: 3rem 2rem;\n        }\n\n        .security-features {\n            display: grid;\n            grid-template-columns: repeat(auto-fit, minmax(300px, 1fr));\n            gap: 2rem;\n            margin-top: 2rem;\n        }\n\n        .security-card {\n            background: white;\n            border-radius: 16px;\n            padding: 1.5rem;\n            box-shadow: var(--box-shadow);\n            transition: all 0.3s ease;\n            border: 1px solid var(--border-color);\n        }\n\n        .security-card:hover {\n            transform: translateY(-5px);\n            box-shadow: var(--hover-shadow);\n            border-color: rgba(253, 152, 0, 0.3);\n        }\n\n        .security-title {\n            font-size: 1.3rem;\n            font-weight: 700;\n            margin-bottom: 1rem;\n            color: var(--text-color);\n            display: flex;\n            align-items: center;\n        }\n\n        .security-icon {\n            color: var(--primary-color);\n            margin-right: 0.75rem;\n            font-size: 1.3rem;\n        }\n\n        .security-text {\n            font-size: 0.95rem;\n            color: #555;\n            line-height: 1.6;\n        }\n\n        \/* CTA Section *\/\n        .cta-section {\n            text-align: center;\n            padding: 3rem 1rem;\n            background: var(--gradient-bg);\n            border-radius: 16px;\n            position: relative;\n            overflow: hidden;\n            margin-bottom: 2rem;\n        }\n\n        .cta-pattern {\n            position: absolute;\n            top: 0;\n            left: 0;\n            right: 0;\n            bottom: 0;\n            background-image: url(\"data:image\/svg+xml,%3Csvg width='60' height='60' viewBox='0 0 60 60' xmlns='http:\/\/www.w3.org\/2000\/svg'%3E%3Cg fill='none' fill-rule='evenodd'%3E%3Cg fill='%23fd9800' fill-opacity='0.05'%3E%3Cpath d='M36 34v-4h-2v4h-4v2h4v4h2v-4h4v-2h-4zm0-30V0h-2v4h-4v2h4v4h2V6h4V4h-4zM6 34v-4H4v4H0v2h4v4h2v-4h4v-2H6zM6 4V0H4v4H0v2h4v4h2V6h4V4H6z'\/%3E%3C\/g%3E%3C\/g%3E%3C\/svg%3E\");\n            opacity: 0.5;\n            z-index: 0;\n        }\n\n        .cta-content {\n            position: relative;\n            z-index: 1;\n            max-width: 800px;\n            margin: 0 auto;\n        }\n\n        .cta-title {\n            font-size: 2.2rem;\n            font-weight: 700;\n            margin-bottom: 1.5rem;\n            color: var(--text-color);\n        }\n\n        .cta-text {\n            font-size: 1.1rem;\n            margin-bottom: 2rem;\n            color: #555;\n            line-height: 1.6;\n        }\n\n        \/* Guide-specific Styles *\/\n        .guide-content {\n            background: white;\n            border-radius: 16px;\n            padding: 2rem;\n            margin-bottom: 2rem;\n            box-shadow: var(--box-shadow);\n            border: 1px solid var(--border-color);\n        }\n\n        .guide-section-title {\n            font-size: 1.6rem;\n            font-weight: 700;\n            color: var(--text-color);\n            margin-bottom: 1rem;\n        }\n\n        .guide-text {\n            font-size: 1rem;\n            color: #555;\n            line-height: 1.8;\n            margin-bottom: 1rem;\n        }\n\n        .guide-list {\n            list-style: none;\n            padding: 0;\n            margin: 1rem 0;\n        }\n\n        .guide-list-item {\n            display: flex;\n            align-items: flex-start;\n            margin-bottom: 0.75rem;\n            padding-left: 1.5rem;\n            position: relative;\n        }\n\n        .guide-list-item::before {\n            content: \"\u2022\";\n            color: var(--primary-color);\n            font-weight: bold;\n            position: absolute;\n            left: 0;\n        }\n\n        \/* Responsive Styles *\/\n        @media (max-width: 768px) {\n            .hero-title {\n                font-size: 2.2rem;\n            }\n\n            .section-title {\n                font-size: 1.8rem;\n            }\n\n            .cta-title {\n                font-size: 1.8rem;\n            }\n\n            .features-grid {\n                grid-template-columns: 1fr;\n                max-width: 500px;\n                margin: 0 auto;\n            }\n\n            .step-card {\n                flex-direction: column;\n                align-items: flex-start;\n            }\n\n            .step-number {\n                margin-bottom: 1rem;\n                margin-right: 0;\n            }\n        }\n\n        @media (max-width: 480px) {\n            .hero-title {\n                font-size: 1.8rem;\n            }\n\n            .hero-subtitle {\n                font-size: 1.1rem;\n            }\n\n            .section-title {\n                font-size: 1.6rem;\n            }\n\n            .feature-content {\n                padding: 1.5rem;\n            }\n\n            .step-card {\n                padding: 1.5rem;\n            }\n\n            .faq-item {\n                padding: 1.25rem;\n            }\n        }\n\n        \/* Button text should never be underlined *\/\n        .btn:hover, .btn:focus, .btn:active {\n            text-decoration: none !important;\n        }\n    <\/style>\n<\/head>\n<body>\n    <div class=\"converter-section\">\n        <!-- Hero Section -->\n        <section class=\"hero-section\">\n            <div class=\"hero-pattern\"><\/div>\n            <div class=\"hero-content\">\n                <h1 class=\"hero-title\">WAV uz AIFF p\u0101rveidot\u0101js<\/h1>\n                <p class=\"hero-subtitle\">Konvert\u0113jiet WAV audio failus AIFF form\u0101t\u0101, vienlaikus saglab\u0101jot pilnu audio kvalit\u0101ti un metadatus. Lieliski piem\u0113rots sader\u012bbai ar Mac, profesion\u0101l\u0101m audio darbpl\u016bsm\u0101m un starpplatformu audio projektiem.<\/p>\n\n                <div class=\"hero-badges\">\n                    <div class=\"hero-badge\">\n                        <span class=\"hero-badge-icon\"><i class=\"fas fa-desktop\"><\/i><\/span>\n                        <span class=\"hero-badge-text\">100% bezsaist\u0113<\/span>\n                    <\/div>\n                    <div class=\"hero-badge\">\n                        <span class=\"hero-badge-icon\"><i class=\"fas fa-infinity\"><\/i><\/span>\n                        <span class=\"hero-badge-text\">Neierobe\u017eots rekl\u0101mguvumu skaits<\/span>\n                    <\/div>\n                    <div class=\"hero-badge\">\n                        <span class=\"hero-badge-icon\"><i class=\"fas fa-shield-alt\"><\/i><\/span>\n                        <span class=\"hero-badge-text\">Priv\u0101ts un dro\u0161s<\/span>\n                    <\/div>\n                    <div class=\"hero-badge\">\n                        <span class=\"hero-badge-icon\"><i class=\"fas fa-bolt\"><\/i><\/span>\n                        <span class=\"hero-badge-text\">Zibens \u0100tri<\/span>\n                    <\/div>\n                <\/div>\n\n                <div class=\"hero-buttons\">\n                    <a href=\"\/download\" class=\"btn btn-primary\">Lejupiel\u0101d\u0113t bezmaksas<\/a>\n                    <a href=\"#how-it-works\" class=\"btn btn-secondary\">Uzziniet vair\u0101k<\/a>\n                <\/div>\n            <\/div>\n        <\/section>\n\n\n        <!-- Features Section -->\n        <section class=\"features-section\">\n            <h2 class=\"section-title\">K\u0101p\u0113c izv\u0113l\u0113ties konvert\u0113\u0161anu, lai konvert\u0113tu WAV uz AIFF?<\/h2>\n\n            <div class=\"features-grid\">\n                <div class=\"feature-card\">\n                    <div class=\"feature-content\">\n                        <div class=\"feature-icon\">\n                            <i class=\"fas fa-music\"><\/i>\n                        <\/div>\n                        <h3 class=\"feature-title\">Bezzudumu audio konvert\u0113\u0161ana<\/h3>\n                        <p class=\"feature-text\">P\u0101rveidojiet WAV uz AIFF ar perfektu audio precizit\u0101tes saglab\u0101\u0161anu. Abos form\u0101tos tiek izmantots nesaspiests PCM kod\u0113jums, kas nodro\u0161ina, ka j\u016bsu audio saglab\u0101 s\u0101kotn\u0113jo kvalit\u0101ti, dinamisko diapazonu un frekvences reakciju bez paaudzes zudumiem.<\/p>\n                        <ul class=\"feature-list\">\n                            <li class=\"feature-item\">\n                                <span class=\"feature-check\"><i class=\"fas fa-check-circle\"><\/i><\/span>\n                                <span class=\"feature-item-text\">Saglab\u0101 s\u0101kotn\u0113jo bitu dzi\u013cumu un izlases \u0101trumu<\/span>\n                            <\/li>\n                            <li class=\"feature-item\">\n                                <span class=\"feature-check\"><i class=\"fas fa-check-circle\"><\/i><\/span>\n                                <span class=\"feature-item-text\">Saglab\u0101 pilnu dinamisko diapazonu<\/span>\n                            <\/li>\n                            <li class=\"feature-item\">\n                                <span class=\"feature-check\"><i class=\"fas fa-check-circle\"><\/i><\/span>\n                                <span class=\"feature-item-text\">P\u0101rveido\u0161anas laik\u0101 netiek pasliktin\u0101ta kvalit\u0101te<\/span>\n                            <\/li>\n                        <\/ul>\n                    <\/div>\n                <\/div>\n                <div class=\"feature-card\">\n                    <div class=\"feature-content\">\n                        <div class=\"feature-icon\">\n                            <i class=\"fas fa-apple-alt\"><\/i>\n                        <\/div>\n                        <h3 class=\"feature-title\">Uzlabota sader\u012bba ar Mac<\/h3>\n                        <p class=\"feature-text\">AIFF form\u0101ts nodro\u0161ina izcilu integr\u0101ciju ar Apple ekosist\u0113mu un profesion\u0101l\u0101m audio lietojumprogramm\u0101m. Konvert\u0113jiet savus WAV failus uz AIFF, lai nodro\u0161in\u0101tu viengabalainu sader\u012bbu ar Logic Pro, GarageBand un citu Mac ieb\u016bv\u0113to audio programmat\u016bru.<\/p>\n                        <ul class=\"feature-list\">\n                            <li class=\"feature-item\">\n                                <span class=\"feature-check\"><i class=\"fas fa-check-circle\"><\/i><\/span>\n                                <span class=\"feature-item-text\">Viet\u0113jais atbalsts oper\u0113t\u0101jsist\u0113m\u0101s macOS un iOS<\/span>\n                            <\/li>\n                            <li class=\"feature-item\">\n                                <span class=\"feature-check\"><i class=\"fas fa-check-circle\"><\/i><\/span>\n                                <span class=\"feature-item-text\">Optimiz\u0113ts Apple audio lietojumprogramm\u0101m<\/span>\n                            <\/li>\n                            <li class=\"feature-item\">\n                                <span class=\"feature-check\"><i class=\"fas fa-check-circle\"><\/i><\/span>\n                                <span class=\"feature-item-text\">Lab\u0101ka resursu dak\u0161u apstr\u0101de Mac sist\u0113m\u0101s<\/span>\n                            <\/li>\n                        <\/ul>\n                    <\/div>\n                <\/div>\n                <div class=\"feature-card\">\n                    <div class=\"feature-content\">\n                        <div class=\"feature-icon\">\n                            <i class=\"fas fa-tags\"><\/i>\n                        <\/div>\n                        <h3 class=\"feature-title\">Izcils metadatu atbalsts<\/h3>\n                        <p class=\"feature-text\">AIFF form\u0101ts pied\u0101v\u0101 sp\u0113c\u012bg\u0101kas metadatu iesp\u0113jas sal\u012bdzin\u0101jum\u0101 ar WAV failiem. Konvert\u0113jiet, lai saglab\u0101tu un uzlabotu audio faila inform\u0101ciju, tostarp detaliz\u0113tus ieraksta datus, inform\u0101ciju par autorties\u012bb\u0101m un piel\u0101gotas anot\u0101cijas.<\/p>\n                        <ul class=\"feature-list\">\n                            <li class=\"feature-item\">\n                                <span class=\"feature-check\"><i class=\"fas fa-check-circle\"><\/i><\/span>\n                                <span class=\"feature-item-text\">Visaptvero\u0161s ID3 tagu atbalsts<\/span>\n                            <\/li>\n                            <li class=\"feature-item\">\n                                <span class=\"feature-check\"><i class=\"fas fa-check-circle\"><\/i><\/span>\n                                <span class=\"feature-item-text\">Piel\u0101goti metadatu lauki<\/span>\n                            <\/li>\n                            <li class=\"feature-item\">\n                                <span class=\"feature-check\"><i class=\"fas fa-check-circle\"><\/i><\/span>\n                                <span class=\"feature-item-text\">Profesion\u0101las audio anot\u0101cijas iesp\u0113jas<\/span>\n                            <\/li>\n                        <\/ul>\n                    <\/div>\n                <\/div>\n                <div class=\"feature-card\">\n                    <div class=\"feature-content\">\n                        <div class=\"feature-icon\">\n                            <i class=\"fas fa-compress-arrows-alt\"><\/i>\n                        <\/div>\n                        <h3 class=\"feature-title\">Elast\u012bgas saspie\u0161anas iesp\u0113jas<\/h3>\n                        <p class=\"feature-text\">Saglab\u0101jot bezzudumu kvalit\u0101ti, AIFF atbalsta da\u017e\u0101das saspie\u0161anas sh\u0113mas, tostarp AIFF-C form\u0101tu. Konvert\u0113jiet WAV failus, lai izmantotu vied\u0101s saspie\u0161anas priek\u0161roc\u012bbas, kas samazina faila lielumu, nezaud\u0113jot audio kvalit\u0101ti.<\/p>\n                        <ul class=\"feature-list\">\n                            <li class=\"feature-item\">\n                                <span class=\"feature-check\"><i class=\"fas fa-check-circle\"><\/i><\/span>\n                                <span class=\"feature-item-text\">AIFF-C saspiest\u0101 form\u0101ta atbalsts<\/span>\n                            <\/li>\n                            <li class=\"feature-item\">\n                                <span class=\"feature-check\"><i class=\"fas fa-check-circle\"><\/i><\/span>\n                                <span class=\"feature-item-text\">Inteli\u0123enta audio saspie\u0161ana<\/span>\n                            <\/li>\n                            <li class=\"feature-item\">\n                                <span class=\"feature-check\"><i class=\"fas fa-check-circle\"><\/i><\/span>\n                                <span class=\"feature-item-text\">Samazin\u0101tas uzglab\u0101\u0161anas pras\u012bbas<\/span>\n                            <\/li>\n                        <\/ul>\n                    <\/div>\n                <\/div>\n                <div class=\"feature-card\">\n                    <div class=\"feature-content\">\n                        <div class=\"feature-icon\">\n                            <i class=\"fas fa-exchange-alt\"><\/i>\n                        <\/div>\n                        <h3 class=\"feature-title\">Vair\u0101ku platformu audio apmai\u0146a<\/h3>\n                        <p class=\"feature-text\">AIFF form\u0101ts ir izcils profesion\u0101l\u0101 audio vid\u0113, kur faili tiek koplietoti starp da\u017e\u0101d\u0101m platform\u0101m un lietojumprogramm\u0101m. Konvert\u0113jiet WAV uz AIFF, lai uzlabotu sader\u012bbu da\u017e\u0101d\u0101s audio ra\u017eo\u0161anas darbpl\u016bsm\u0101s.<\/p>\n                        <ul class=\"feature-list\">\n                            <li class=\"feature-item\">\n                                <span class=\"feature-check\"><i class=\"fas fa-check-circle\"><\/i><\/span>\n                                <span class=\"feature-item-text\">Profesion\u0101l\u0101s studijas standarta form\u0101ts<\/span>\n                            <\/li>\n                            <li class=\"feature-item\">\n                                <span class=\"feature-check\"><i class=\"fas fa-check-circle\"><\/i><\/span>\n                                <span class=\"feature-item-text\">Uzlabota sader\u012bba starp platform\u0101m<\/span>\n                            <\/li>\n                            <li class=\"feature-item\">\n                                <span class=\"feature-check\"><i class=\"fas fa-check-circle\"><\/i><\/span>\n                                <span class=\"feature-item-text\">Optimiz\u0113ts audio ra\u017eo\u0161anas cauru\u013cvadiem<\/span>\n                            <\/li>\n                        <\/ul>\n                    <\/div>\n                <\/div>\n                <div class=\"feature-card\">\n                    <div class=\"feature-content\">\n                        <div class=\"feature-icon\">\n                            <i class=\"fas fa-shield-alt\"><\/i>\n                        <\/div>\n                        <h3 class=\"feature-title\">Audio integrit\u0101tes aizsardz\u012bba<\/h3>\n                        <p class=\"feature-text\">AIFF form\u0101ts ietver ieb\u016bv\u0113tas k\u013c\u016bdu noteik\u0161anas un labo\u0161anas iesp\u0113jas, kas pal\u012bdz aizsarg\u0101t j\u016bsu audio datus no boj\u0101jumiem. Konvert\u0113jiet kritiskos WAV failus uz AIFF, lai uzlabotu datu integrit\u0101ti profesion\u0101l\u0101 vid\u0113.<\/p>\n                        <ul class=\"feature-list\">\n                            <li class=\"feature-item\">\n                                <span class=\"feature-check\"><i class=\"fas fa-check-circle\"><\/i><\/span>\n                                <span class=\"feature-item-text\">Ieb\u016bv\u0113ti k\u013c\u016bdu noteik\u0161anas meh\u0101nismi<\/span>\n                            <\/li>\n                            <li class=\"feature-item\">\n                                <span class=\"feature-check\"><i class=\"fas fa-check-circle\"><\/i><\/span>\n                                <span class=\"feature-item-text\">Datu korupcijas aizsardz\u012bba<\/span>\n                            <\/li>\n                            <li class=\"feature-item\">\n                                <span class=\"feature-check\"><i class=\"fas fa-check-circle\"><\/i><\/span>\n                                <span class=\"feature-item-text\">Profesion\u0101la l\u012bme\u0146a audio saglab\u0101\u0161ana<\/span>\n                            <\/li>\n                        <\/ul>\n                    <\/div>\n                <\/div>\n            <\/div>\n        <\/section>\n\n\n        <!-- Why Convert Section -->\n        <section class=\"why-convert-section\">\n            <h2 class=\"section-title\">K\u0101p\u0113c konvert\u0113t WAV uz AIFF?<\/h2>\n\n            <div class=\"comparison-grid\">\n                <div class=\"format-card\">\n                    <h3 class=\"format-title\">\n                        <span class=\"format-icon\"><i class=\"fas fa-file-video\"><\/i><\/span>\n                        WAV form\u0101ts\n                    <\/h3>\n                    <ul class=\"format-list\">\n                        <li class=\"format-item\">\n                            <span class=\"format-check\"><i class=\"fas fa-check-circle\"><\/i><\/span>\n                            <span class=\"format-text\">Univers\u0101la sader\u012bba ar vis\u0101m platform\u0101m un audio programmat\u016bru<\/span>\n                        <\/li>\n                        <li class=\"format-item\">\n                            <span class=\"format-check\"><i class=\"fas fa-check-circle\"><\/i><\/span>\n                            <span class=\"format-text\">Maz\u0101ki failu izm\u0113ri vienk\u0101r\u0161\u0101kas galvenes strukt\u016bras d\u0113\u013c<\/span>\n                        <\/li>\n                        <li class=\"format-item\">\n                            <span class=\"format-check\"><i class=\"fas fa-times-circle\"><\/i><\/span>\n                            <span class=\"format-text\">Ierobe\u017eots metadatu atbalsts sal\u012bdzin\u0101jum\u0101 ar m\u016bsdienu audio form\u0101tiem<\/span>\n                        <\/li>\n                        <li class=\"format-item\">\n                            <span class=\"format-check\"><i class=\"fas fa-times-circle\"><\/i><\/span>\n                            <span class=\"format-text\">Tr\u016bkst uzlabotas k\u013c\u016bdu labo\u0161anas un datu integrit\u0101tes funkciju<\/span>\n                        <\/li>\n                        <li class=\"format-item\">\n                            <span class=\"format-check\"><i class=\"fas fa-times-circle\"><\/i><\/span>\n                            <span class=\"format-text\">Maz\u0101k optim\u0101la integr\u0101cija ar Apple audio ekosist\u0113mu un lietojumprogramm\u0101m<\/span>\n                        <\/li>\n                    <\/ul>\n                <\/div>\n\n                <div class=\"format-card\">\n                    <h3 class=\"format-title\">\n                        <span class=\"format-icon\"><i class=\"fas fa-file-video\"><\/i><\/span>\n                        AIFF form\u0101ts\n                    <\/h3>\n                    <ul class=\"format-list\">\n                        <li class=\"format-item\">\n                            <span class=\"format-check\"><i class=\"fas fa-check-circle\"><\/i><\/span>\n                            <span class=\"format-text\">Viet\u0113j\u0101 integr\u0101cija ar macOS, iOS un Apple audio lietojumprogramm\u0101m<\/span>\n                        <\/li>\n                        <li class=\"format-item\">\n                            <span class=\"format-check\"><i class=\"fas fa-check-circle\"><\/i><\/span>\n                            <span class=\"format-text\">Izcils metadatu atbalsts ar visaptvero\u0161\u0101m mar\u0137\u0113\u0161anas iesp\u0113j\u0101m<\/span>\n                        <\/li>\n                        <li class=\"format-item\">\n                            <span class=\"format-check\"><i class=\"fas fa-check-circle\"><\/i><\/span>\n                            <span class=\"format-text\">Ieb\u016bv\u0113ti k\u013c\u016bdu noteik\u0161anas un datu integrit\u0101tes aizsardz\u012bbas meh\u0101nismi<\/span>\n                        <\/li>\n                        <li class=\"format-item\">\n                            <span class=\"format-check\"><i class=\"fas fa-check-circle\"><\/i><\/span>\n                            <span class=\"format-text\">Atbalsts saspiestam AIFF-C form\u0101tam, lai samazin\u0101tu failu izm\u0113rus<\/span>\n                        <\/li>\n                        <li class=\"format-item\">\n                            <span class=\"format-check\"><i class=\"fas fa-check-circle\"><\/i><\/span>\n                            <span class=\"format-text\">Profesion\u0101ls audio industrijas standarts ar uzlabot\u0101m anot\u0101cijas funkcij\u0101m<\/span>\n                        <\/li>\n                    <\/ul>\n                <\/div>\n            <\/div>\n        <\/section>\n\n\n        <!-- Technical Details Section -->\n        <section class=\"technical-details-section\">\n            <h2 class=\"section-title\">Tehnisk\u0101s deta\u013cas<\/h2>\n\n            <div class=\"technical-details-grid\">\n                <div class=\"tech-detail-card\">\n                    <h3 class=\"tech-detail-title\">\n                        <span class=\"tech-detail-icon\"><i class=\"fas fa-code\"><\/i><\/span>\n                        Audio form\u0101ta specifik\u0101cijas\n                    <\/h3>\n                    <p class=\"tech-detail-text\">Gan WAV, gan AIFF izmanto nesaspiestu PCM audio kod\u0113jumu ar atbalstu da\u017e\u0101diem bitu dzi\u013cumiem (8, 16, 24, 32 bitu) un izlases frekvenc\u0113m l\u012bdz 192 kHz. AIFF form\u0101ts izmanto lielo baitu sec\u012bbu sal\u012bdzin\u0101jum\u0101 ar WAV mazo form\u0101tu un atbalsta papildu saspie\u0161anas sh\u0113mas, izmantojot AIFF-C variantu, tostarp ADPCM un citus bezzudumu saspie\u0161anas algoritmus.<\/p>\n                <\/div>\n                <div class=\"tech-detail-card\">\n                    <h3 class=\"tech-detail-title\">\n                        <span class=\"tech-detail-icon\"><i class=\"fas fa-database\"><\/i><\/span>\n                        Metadati un gabalu strukt\u016bra\n                    <\/h3>\n                    <p class=\"tech-detail-text\">AIFF form\u0101t\u0101 tiek izmantota EA IFF 85 (Electronic Arts Interchange File Format) specifik\u0101cija ar elast\u012bg\u0101ku gabalos balst\u012btu strukt\u016bru nek\u0101 WAV. Tas nodro\u0161ina pla\u0161u metadatu glab\u0101\u0161anu, tostarp NAME, AUTH, ANNO un COMT fragmentus visaptvero\u0161ai audio failu dokument\u0101cijai, padarot to par izcilu profesion\u0101l\u0101m audio arhiv\u0113\u0161anas un katalo\u0123iz\u0101cijas lietojumprogramm\u0101m.<\/p>\n                <\/div>\n                <div class=\"tech-detail-card\">\n                    <h3 class=\"tech-detail-title\">\n                        <span class=\"tech-detail-icon\"><i class=\"fas fa-microchip\"><\/i><\/span>\n                        Platformas optimiz\u0101cija\n                    <\/h3>\n                    <p class=\"tech-detail-text\">AIFF form\u0101ts ir \u012bpa\u0161i optimiz\u0113ts Apple Core Audio sist\u0113mai un izmanto MacOS audio apstr\u0101des iesp\u0113jas. Form\u0101ta liel\u0101 baitu sec\u012bba atbilst PowerPC arhitekt\u016bras mantojumam un nodro\u0161ina efekt\u012bv\u0101ku Apple sil\u012bcija apstr\u0101di. AIFF atbalsta ar\u012b resursu dak\u0161as oper\u0113t\u0101jsist\u0113m\u0101 MacOS, lai saglab\u0101tu papildu faila metadatus un piel\u0101gotus lietojumprogrammu datus.<\/p>\n                <\/div>\n            <\/div>\n        <\/section>\n\n\n        <!-- How It Works Section -->\n        <section id=\"how-it-works\" class=\"how-it-works-section\">\n            <h2 class=\"section-title\">K\u0101 konvert\u0113t WAV uz AIFF<\/h2>\n\n            <div class=\"steps-container\">\n                <div class=\"step-card\">\n                    <div class=\"step-number\">1<\/div>\n                    <div class=\"step-content\">\n                        <h3 class=\"step-title\">Lejupiel\u0101d\u0113t un instal\u0113t<\/h3>\n                        <p class=\"step-text\">Lejupiel\u0101d\u0113jiet Convertify bez maksas un instal\u0113jiet to sav\u0101 Windows dator\u0101. Nav nepiecie\u0161ams konts vai re\u0123istr\u0101cija.<\/p>\n                    <\/div>\n                <\/div>\n                <div class=\"step-card\">\n                    <div class=\"step-number\">2<\/div>\n                    <div class=\"step-content\">\n                        <h3 class=\"step-title\">Pievienojiet savus WAV failus<\/h3>\n                        <p class=\"step-text\">Velciet un nometiet savus WAV failus uz Convertify vai izmantojiet failu p\u0101rl\u016bkprogrammu, lai tos atlas\u012btu.<\/p>\n                    <\/div>\n                <\/div>\n                <div class=\"step-card\">\n                    <div class=\"step-number\">3<\/div>\n                    <div class=\"step-content\">\n                        <h3 class=\"step-title\">Izv\u0113lieties AIFF izvadi<\/h3>\n                        <p class=\"step-text\">Izv\u0113lieties AIFF k\u0101 izvades form\u0101tu. Ja nepiecie\u0161ams, piel\u0101gojiet kvalit\u0101tes iestat\u012bjumus.<\/p>\n                    <\/div>\n                <\/div>\n                <div class=\"step-card\">\n                    <div class=\"step-number\">4<\/div>\n                    <div class=\"step-content\">\n                        <h3 class=\"step-title\">Konvert\u0113t un saglab\u0101t<\/h3>\n                        <p class=\"step-text\">Noklik\u0161\u0137iniet uz Konvert\u0113t, un j\u016bsu faili tiks nekav\u0113joties apstr\u0101d\u0101ti. Saglab\u0101jiet tos jebkur\u0101 viet\u0101 sav\u0101 dator\u0101.<\/p>\n                    <\/div>\n                <\/div>\n            <\/div>\n        <\/section>\n\n\n        <!-- Use Cases Section -->\n        <section class=\"use-cases-section\">\n            <h2 class=\"section-title\">Kad izmantot WAV konvert\u0113\u0161anu uz AIFF<\/h2>\n\n            <div class=\"use-cases-grid\">\n                <div class=\"use-case-card\">\n                    <div class=\"use-case-icon\"><i class=\"fas fa-music\"><\/i><\/div>\n                    <h3 class=\"use-case-title\">Profesion\u0101la m\u016bzikas produc\u0113\u0161ana<\/h3>\n                    <p class=\"use-case-text\">Konvert\u0113jiet WAV celmus un ierakstus par AIFF, lai tos izmantotu Logic Pro, Pro Tools un citos profesion\u0101lajos DAW, kas dod priek\u0161roku AIFF form\u0101tam optim\u0101lai veiktsp\u0113jai un metadatu apstr\u0101dei sare\u017e\u0123\u012bt\u0101s miks\u0113\u0161anas un m\u0101ster\u0113\u0161anas sesij\u0101s.<\/p>\n                <\/div>\n                <div class=\"use-case-card\">\n                    <div class=\"use-case-icon\"><i class=\"fas fa-laptop\"><\/i><\/div>\n                    <h3 class=\"use-case-title\">Mac\u00a0Centric audio darbpl\u016bsmas<\/h3>\n                    <p class=\"use-case-text\">P\u0101rveidojiet WAV failus uz AIFF, str\u0101d\u0101jot galvenok\u0101rt Apple ekosist\u0113m\u0101, lai nodro\u0161in\u0101tu netrauc\u0113tu integr\u0101ciju ar macOS audio pakalpojumiem, QuickTime un viet\u0113j\u0101m audio lietojumprogramm\u0101m bez sader\u012bbas probl\u0113m\u0101m.<\/p>\n                <\/div>\n                <div class=\"use-case-card\">\n                    <div class=\"use-case-icon\"><i class=\"fas fa-archive\"><\/i><\/div>\n                    <h3 class=\"use-case-title\">Audio arh\u012bvu p\u0101rvald\u012bba<\/h3>\n                    <p class=\"use-case-text\">Konvert\u0113jiet svar\u012bgus WAV ierakstus AIFF form\u0101t\u0101, lai izmantotu izcil\u0101s metadatu iesp\u0113jas visaptvero\u0161ai audio bibliot\u0113kas katalo\u0123iz\u0113\u0161anai, tostarp detaliz\u0113tas anot\u0101cijas, autorties\u012bbu inform\u0101cija un piel\u0101gotas organizatorisk\u0101s atz\u012bmes.<\/p>\n                <\/div>\n                <div class=\"use-case-card\">\n                    <div class=\"use-case-icon\"><i class=\"fas fa-broadcast-tower\"><\/i><\/div>\n                    <h3 class=\"use-case-title\">Apraide un radio<\/h3>\n                    <p class=\"use-case-text\">P\u0101rveidojiet WAV failus uz AIFF radiostacij\u0101m un apraides iek\u0101rt\u0101m, kur\u0101s tiek izmantotas Apple b\u0101zes sist\u0113mas, nodro\u0161inot optim\u0101lu atska\u0146o\u0161anas veiktsp\u0113ju un metadatu att\u0113lo\u0161anu \u0113tera automatiz\u0101cijas sist\u0113m\u0101s.<\/p>\n                <\/div>\n                <div class=\"use-case-card\">\n                    <div class=\"use-case-icon\"><i class=\"fas fa-film\"><\/i><\/div>\n                    <h3 class=\"use-case-title\">Audio p\u0113capstr\u0101de<\/h3>\n                    <p class=\"use-case-text\">Konvert\u0113jiet WAV audio ierakstus par AIFF filmu un video p\u0113capstr\u0101des darbpl\u016bsm\u0101m, izmantojot Final Cut Pro un citas Apple lietojumprogrammas, kur\u0101s AIFF nodro\u0161ina lab\u0101kas laika skalas integr\u0101cijas un audio sinhroniz\u0101cijas iesp\u0113jas.<\/p>\n                <\/div>\n                <div class=\"use-case-card\">\n                    <div class=\"use-case-icon\"><i class=\"fas fa-mobile-alt\"><\/i><\/div>\n                    <h3 class=\"use-case-title\">iOS lietot\u0146u izstr\u0101de<\/h3>\n                    <p class=\"use-case-text\">P\u0101rveidojiet WAV audio l\u012bdzek\u013cus AIFF form\u0101t\u0101 iOS lietojumprogramm\u0101m, lai nodro\u0161in\u0101tu optim\u0101lu veiktsp\u0113ju, samazin\u0101tas apstr\u0101des izmaksas un vienm\u0113r\u012bgu integr\u0101ciju ar Core Audio ietvariem mobilo lietot\u0146u izstr\u0101d\u0113.<\/p>\n                <\/div>\n            <\/div>\n        <\/section>\n\n\n        <!-- Security Section -->\n        <section class=\"security-section\">\n            <h2 class=\"section-title\">J\u016bsu priv\u0101tums ir aizsarg\u0101ts<\/h2>\n\n            <div class=\"security-features\">\n                <div class=\"security-card\">\n                    <h3 class=\"security-title\">\n                        <span class=\"security-icon\"><i class=\"fas fa-lock\"><\/i><\/span>\n                        100% bezsaist\u0113\n                    <\/h3>\n                    <p class=\"security-text\">Visi rekl\u0101mguvumi notiek lok\u0101li j\u016bsu dator\u0101. J\u016bsu faili nekad nepamet j\u016bsu ier\u012bci un nekad netiek aug\u0161upiel\u0101d\u0113ti nevien\u0101 server\u012b.<\/p>\n                <\/div>\n                <div class=\"security-card\">\n                    <h3 class=\"security-title\">\n                        <span class=\"security-icon\"><i class=\"fas fa-user-shield\"><\/i><\/span>\n                        Nav nepiecie\u0161ams konts\n                    <\/h3>\n                    <p class=\"security-text\">Nekav\u0113joties s\u0101ciet konvert\u0113\u0161anu, neizveidojot kontu, nesniedzot personisko inform\u0101ciju vai nere\u0123istr\u0113joties.<\/p>\n                <\/div>\n                <div class=\"security-card\">\n                    <h3 class=\"security-title\">\n                        <span class=\"security-icon\"><i class=\"fas fa-trash-alt\"><\/i><\/span>\n                        Autom\u0101tisk\u0101 t\u012br\u012b\u0161ana\n                    <\/h3>\n                    <p class=\"security-text\">Pagaidu faili p\u0113c konvert\u0113\u0161anas tiek dro\u0161i izdz\u0113sti. J\u016bsu s\u0101kotn\u0113jie faili paliek piln\u012bb\u0101 neskarti, ja vien neizv\u0113laties cit\u0101di.<\/p>\n                <\/div>\n            <\/div>\n        <\/section>\n\n\n        <!-- FAQ Section -->\n        <section class=\"faq-section\">\n            <h2 class=\"section-title\">Bie\u017ei uzdotie jaut\u0101jumi<\/h2>\n\n            <div class=\"faq-container\">\n                <div class=\"faq-item\">\n                    <h3 class=\"faq-question\">\n                        <span class=\"faq-icon\"><i class=\"fas fa-question-circle\"><\/i><\/span>\n                        Vai WAV konvert\u0113\u0161ana uz AIFF samazin\u0101s audio kvalit\u0101ti?\n                    <\/h3>\n                    <div class=\"faq-answer\">\n                        <p>N\u0113, konvert\u0113jot WAV uz AIFF, tiek saglab\u0101ta nevainojama audio kvalit\u0101te, jo abos form\u0101tos tiek izmantots nesaspiests PCM kod\u0113jums. Konvert\u0113\u0161ana maina tikai faila konteineru un baitu sec\u012bbu, vienlaikus saglab\u0101jot visus audio datus tie\u0161i t\u0101dus, k\u0101di tie bija s\u0101kotn\u0113j\u0101 WAV fail\u0101.<\/p>\n                    <\/div>\n                <\/div>\n                <div class=\"faq-item\">\n                    <h3 class=\"faq-question\">\n                        <span class=\"faq-icon\"><i class=\"fas fa-question-circle\"><\/i><\/span>\n                        K\u0101da ir galven\u0101 at\u0161\u0137ir\u012bba starp WAV un AIFF form\u0101tiem?\n                    <\/h3>\n                    <div class=\"faq-answer\">\n                        <p>Galven\u0101s at\u0161\u0137ir\u012bbas ir baitu sec\u012bba (WAV izmanto little-endian, AIFF izmanto big-endian), metadatu atbalsts (AIFF ir izcilas mar\u0137\u0113\u0161anas iesp\u0113jas) un platformas optimiz\u0101cija (AIFF ir optimiz\u0113ts Apple sist\u0113m\u0101m, savuk\u0101rt WAV ir univers\u0101l\u0101k sader\u012bgs).<\/p>\n                    <\/div>\n                <\/div>\n                <div class=\"faq-item\">\n                    <h3 class=\"faq-question\">\n                        <span class=\"faq-icon\"><i class=\"fas fa-question-circle\"><\/i><\/span>\n                        Vai AIFF faili ir liel\u0101ki par WAV failiem?\n                    <\/h3>\n                    <div class=\"faq-answer\">\n                        <p>AIFF faili parasti ir nedaudz liel\u0101ki par l\u012bdzv\u0113rt\u012bgiem WAV failiem, pateicoties pla\u0161\u0101kai galvenes inform\u0101cijai un metadatu uzglab\u0101\u0161anas iesp\u0113j\u0101m. Tom\u0113r at\u0161\u0137ir\u012bba ir minim\u0101la (parasti maz\u0101ka par 1\u00a0KB), un AIFF-C saspiestais form\u0101ts faktiski var b\u016bt maz\u0101ks par WAV.<\/p>\n                    <\/div>\n                <\/div>\n                <div class=\"faq-item\">\n                    <h3 class=\"faq-question\">\n                        <span class=\"faq-icon\"><i class=\"fas fa-question-circle\"><\/i><\/span>\n                        Vai es varu konvert\u0113t WAV failus ar da\u017e\u0101du bitu dzi\u013cumu uz AIFF?\n                    <\/h3>\n                    <div class=\"faq-answer\">\n                        <p>J\u0101, AIFF form\u0101ts atbalsta t\u0101dus pa\u0161us bitu dzi\u013cumus k\u0101 WAV (8, 16, 24 un 32 bitu) un izlases \u0101trumu l\u012bdz 192 kHz. Konvert\u0113\u0161ana prec\u012bzi saglab\u0101 j\u016bsu s\u0101kotn\u0113j\u0101s audio specifik\u0101cijas, saglab\u0101jot t\u0101du pa\u0161u bitu dzi\u013cumu un izlases \u0101trumu k\u0101 avota WAV failam.<\/p>\n                    <\/div>\n                <\/div>\n                <div class=\"faq-item\">\n                    <h3 class=\"faq-question\">\n                        <span class=\"faq-icon\"><i class=\"fas fa-question-circle\"><\/i><\/span>\n                        Vai mana audio programmat\u016bra atpaz\u012bs konvert\u0113tos AIFF failus?\n                    <\/h3>\n                    <div class=\"faq-answer\">\n                        <p>Liel\u0101k\u0101 da\u013ca profesion\u0101l\u0101s audio programmat\u016bras atbalsta AIFF form\u0101tu, \u012bpa\u0161i Mac sist\u0113m\u0101s. Apple lietojumprogramm\u0101m, piem\u0113ram, Logic Pro, GarageBand un QuickTime, ir viet\u0113jais AIFF atbalsts, savuk\u0101rt daudzas starpplatformu DAW bez probl\u0113m\u0101m apstr\u0101d\u0101 ar\u012b AIFF failus.<\/p>\n                    <\/div>\n                <\/div>\n                <div class=\"faq-item\">\n                    <h3 class=\"faq-question\">\n                        <span class=\"faq-icon\"><i class=\"fas fa-question-circle\"><\/i><\/span>\n                        Vai es varu konvert\u0113t vair\u0101kus WAV failus uz AIFF?\n                    <\/h3>\n                    <div class=\"faq-answer\">\n                        <p>J\u0101, Convertify atbalsta masveida pake\u0161u apstr\u0101di, kas \u013cauj vienlaikus konvert\u0113t t\u016bksto\u0161iem WAV failu AIFF form\u0101t\u0101. Pake\u0161u apstr\u0101de nodro\u0161ina nemain\u012bgu kvalit\u0101ti un iestat\u012bjumus visos failos, vienlaikus saglab\u0101jot s\u0101kotn\u0113j\u0101s mapju strukt\u016bras un failu nosaukumus.<\/p>\n                    <\/div>\n                <\/div>\n                <div class=\"faq-item\">\n                    <h3 class=\"faq-question\">\n                        <span class=\"faq-icon\"><i class=\"fas fa-question-circle\"><\/i><\/span>\n                        Vai AIFF form\u0101ts atbalsta iegulto albuma noform\u0113jumu un dziesmu tekstus?\n                    <\/h3>\n                    <div class=\"faq-answer\">\n                        <p>J\u0101, AIFF form\u0101tam ir lab\u0101kas metadatu iesp\u0113jas sal\u012bdzin\u0101jum\u0101 ar WAV, un taj\u0101 var saglab\u0101t iegultos albumu noform\u0113jumus, dziesmu tekstus un visaptvero\u0161us ID3 tagus. Tas padara AIFF ide\u0101li piem\u0113rotu m\u016bzikas bibliot\u0113k\u0101m, kur svar\u012bga ir detaliz\u0113ta ierakstu inform\u0101cija.<\/p>\n                    <\/div>\n                <\/div>\n                <div class=\"faq-item\">\n                    <h3 class=\"faq-question\">\n                        <span class=\"faq-icon\"><i class=\"fas fa-question-circle\"><\/i><\/span>\n                        Vai oper\u0113t\u0101jsist\u0113m\u0101 Windows ir k\u0101das sader\u012bbas probl\u0113mas ar AIFF failiem?\n                    <\/h3>\n                    <div class=\"faq-answer\">\n                        <p>Lai gan AIFF ir optimiz\u0113ts Apple sist\u0113m\u0101m, liel\u0101k\u0101 da\u013ca m\u016bsdienu Windows audio programmat\u016bras var apstr\u0101d\u0101t AIFF failus. Tom\u0113r da\u017eiem vec\u0101kiem vai pamata Windows multivides atska\u0146ot\u0101jiem var b\u016bt ierobe\u017eots AIFF atbalsts, t\u0101p\u0113c, izv\u0113loties k\u0101du no form\u0101tiem, \u0146emiet v\u0113r\u0101 m\u0113r\u0137a atska\u0146o\u0161anas vidi.<\/p>\n                    <\/div>\n                <\/div>\n            <\/div>\n        <\/section>\n\n\n        <!-- CTA Section -->\n        <section class=\"cta-section\">\n            <div class=\"cta-pattern\"><\/div>\n            <div class=\"cta-content\">\n                <h2 class=\"cta-title\">Vai esat gatavs konvert\u0113t savus failus?<\/h2>\n                <p class=\"cta-text\">Lejupiel\u0101d\u0113jiet Convertify t\u016bl\u012bt un s\u0101ciet WAV konvert\u0113\u0161anu uz AIFF uzreiz. Bezmaksas, neierobe\u017eots un piln\u012bgi bezsaist\u0113.<\/p>\n                <div class=\"hero-buttons\">\n                    <a href=\"\/download\" class=\"btn btn-primary\">Lejupiel\u0101d\u0113jiet Convertify bez maksas<\/a>\n                    <a href=\"\/pricing\" class=\"btn btn-secondary\">Skat\u012bt cenas<\/a>\n                <\/div>\n            <\/div>\n        <\/section>\n    <\/div>\n<\/body>\n<\/html>\n\n\n\n<p><\/p>\n","protected":false},"excerpt":{"rendered":"<p>WAV uz AIFF p\u0101rveidot\u0101js: bezmaksas, \u0101trs un bezsaist\u0113 oper\u0113t\u0101jsist\u0113mai Windows WAV uz AIFF p\u0101rveidot\u0101js Konvert\u0113jiet WAV audio failus AIFF form\u0101t\u0101, [&hellip;]<\/p>\n","protected":false},"author":1,"featured_media":0,"parent":0,"menu_order":0,"comment_status":"closed","ping_status":"closed","template":"","meta":{"pagelayer_contact_templates":[],"_pagelayer_content":"","_uag_custom_page_level_css":"","site-sidebar-layout":"default","site-content-layout":"","ast-site-content-layout":"","site-content-style":"default","site-sidebar-style":"default","ast-global-header-display":"","ast-banner-title-visibility":"","ast-main-header-display":"","ast-hfb-above-header-display":"","ast-hfb-below-header-display":"","ast-hfb-mobile-header-display":"","site-post-title":"disabled","ast-breadcrumbs-content":"","ast-featured-img":"","footer-sml-layout":"","theme-transparent-header-meta":"","adv-header-id-meta":"","stick-header-meta":"","header-above-stick-meta":"","header-main-stick-meta":"","header-below-stick-meta":"","astra-migrate-meta-layouts":"default","ast-page-background-enabled":"default","ast-page-background-meta":{"desktop":{"background-color":"var(--ast-global-color-5)","background-image":"","background-repeat":"repeat","background-position":"center center","background-size":"auto","background-attachment":"scroll","background-type":"","background-media":"","overlay-type":"","overlay-color":"","overlay-opacity":"","overlay-gradient":""},"tablet":{"background-color":"","background-image":"","background-repeat":"repeat","background-position":"center center","background-size":"auto","background-attachment":"scroll","background-type":"","background-media":"","overlay-type":"","overlay-color":"","overlay-opacity":"","overlay-gradient":""},"mobile":{"background-color":"","background-image":"","background-repeat":"repeat","background-position":"center center","background-size":"auto","background-attachment":"scroll","background-type":"","background-media":"","overlay-type":"","overlay-color":"","overlay-opacity":"","overlay-gradient":""}},"ast-content-background-meta":{"desktop":{"background-color":"var(--ast-global-color-4)","background-image":"","background-repeat":"repeat","background-position":"center center","background-size":"auto","background-attachment":"scroll","background-type":"","background-media":"","overlay-type":"","overlay-color":"","overlay-opacity":"","overlay-gradient":""},"tablet":{"background-color":"var(--ast-global-color-4)","background-image":"","background-repeat":"repeat","background-position":"center center","background-size":"auto","background-attachment":"scroll","background-type":"","background-media":"","overlay-type":"","overlay-color":"","overlay-opacity":"","overlay-gradient":""},"mobile":{"background-color":"var(--ast-global-color-4)","background-image":"","background-repeat":"repeat","background-position":"center center","background-size":"auto","background-attachment":"scroll","background-type":"","background-media":"","overlay-type":"","overlay-color":"","overlay-opacity":"","overlay-gradient":""}},"footnotes":""},"class_list":["post-740517","page","type-page","status-publish","hentry"],"uagb_featured_image_src":{"full":false,"thumbnail":false,"medium":false,"medium_large":false,"large":false,"1536x1536":false,"2048x2048":false,"woocommerce_thumbnail":false,"woocommerce_single":false,"woocommerce_gallery_thumbnail":false},"uagb_author_info":{"display_name":"convertify","author_link":"https:\/\/convertifypro.com\/author\/convertifypro\/"},"uagb_comment_info":0,"uagb_excerpt":"WAV uz AIFF p\u0101rveidot\u0101js: bezmaksas, \u0101trs un bezsaist\u0113 oper\u0113t\u0101jsist\u0113mai Windows WAV uz AIFF p\u0101rveidot\u0101js Konvert\u0113jiet WAV audio failus AIFF form\u0101t\u0101, [&hellip;]","_links":{"self":[{"href":"https:\/\/convertifypro.com\/wp-json\/wp\/v2\/pages\/740517","targetHints":{"allow":["GET"]}}],"collection":[{"href":"https:\/\/convertifypro.com\/wp-json\/wp\/v2\/pages"}],"about":[{"href":"https:\/\/convertifypro.com\/wp-json\/wp\/v2\/types\/page"}],"author":[{"embeddable":true,"href":"https:\/\/convertifypro.com\/wp-json\/wp\/v2\/users\/1"}],"replies":[{"embeddable":true,"href":"https:\/\/convertifypro.com\/wp-json\/wp\/v2\/comments?post=740517"}],"version-history":[{"count":0,"href":"https:\/\/convertifypro.com\/wp-json\/wp\/v2\/pages\/740517\/revisions"}],"wp:attachment":[{"href":"https:\/\/convertifypro.com\/wp-json\/wp\/v2\/media?parent=740517"}],"curies":[{"name":"wp","href":"https:\/\/api.w.org\/{rel}","templated":true}]}}