{"id":740517,"date":"2026-01-21T22:37:34","date_gmt":"2026-01-21T22:37:34","guid":{"rendered":"https:\/\/convertifypro.com\/?page_id=740517"},"modified":"2026-01-21T22:37:34","modified_gmt":"2026-01-21T22:37:34","slug":"wav-to-aiff-converter","status":"publish","type":"page","link":"https:\/\/convertifypro.com\/lb\/wav-zu-aiff-konverter\/","title":{"rendered":"WAV zu AIFF Konverter"},"content":{"rendered":"<style class=\"wpcode-css-snippet\">.ast-custom-button {\r\n  display: none;\r\n}<\/style>\n\n\n\n<!DOCTYPE html>\n<html lang=\"en\">\n<head>\n    <meta charset=\"UTF-8\">\n    <meta name=\"viewport\" content=\"width=device-width, initial-scale=1.0\">\n    <meta name=\"description\" content=\"Convert WAV files to AIFF format with our powerful offline converter. Perfect for Mac compatibility, professional audio workflows, and enhanced metadata support.\">\n    <meta name=\"keywords\" content=\"WAV to AIFF converter, audio format converter, AIFF converter Windows, WAV AIFF conversion, offline audio converter, lossless audio conversion, Mac audio format, professional audio conversion\">\n    <title>WAV zu AIFF Konverter: Gratis, s\u00e9ier &#038; offline fir Windows<\/title>\n    <link rel=\"stylesheet\" href=\"https:\/\/cdnjs.cloudflare.com\/ajax\/libs\/font-awesome\/6.4.0\/css\/all.min.css\">\n    \n    <style>\n        \/* Main Styles *\/\n        :root {\n            --primary-color: #FD9800;\n            --primary-hover: #e88a00;\n            --text-color: #3A3A3A;\n            --light-bg: #f8faff;\n            --gradient-bg: linear-gradient(135deg, #f8faff 0%, #fff5e6 100%);\n            --box-shadow: 0 10px 30px rgba(0, 0, 0, 0.05);\n            --hover-shadow: 0 15px 35px rgba(0, 0, 0, 0.1);\n            --border-color: #f1f5f9;\n        }\n\n        .converter-section {\n            max-width: 1200px;\n            margin: 0 auto;\n            padding: 2rem 1.5rem;\n            font-family: 'Inter', 'Segoe UI', system-ui, -apple-system, sans-serif;\n            color: var(--text-color);\n        }\n\n        \/* Hero Section *\/\n        .hero-section {\n            text-align: center;\n            padding: 3rem 1rem;\n            margin-bottom: 3rem;\n            background: var(--gradient-bg);\n            border-radius: 16px;\n            position: relative;\n            overflow: hidden;\n        }\n\n        .hero-pattern {\n            position: absolute;\n            top: 0;\n            left: 0;\n            right: 0;\n            bottom: 0;\n            background-image: url(\"data:image\/svg+xml,%3Csvg width='60' height='60' viewBox='0 0 60 60' xmlns='http:\/\/www.w3.org\/2000\/svg'%3E%3Cg fill='none' fill-rule='evenodd'%3E%3Cg fill='%23fd9800' fill-opacity='0.05'%3E%3Cpath d='M36 34v-4h-2v4h-4v2h4v4h2v-4h4v-2h-4zm0-30V0h-2v4h-4v2h4v4h2V6h4V4h-4zM6 34v-4H4v4H0v2h4v4h2v-4h4v-2H6zM6 4V0H4v4H0v2h4v4h2V6h4V4H6z'\/%3E%3C\/g%3E%3C\/g%3E%3C\/svg%3E\");\n            opacity: 0.5;\n            z-index: 0;\n        }\n\n        .hero-content {\n            position: relative;\n            z-index: 1;\n            max-width: 800px;\n            margin: 0 auto;\n        }\n\n        .hero-title {\n            font-size: 2.8rem;\n            font-weight: 800;\n            margin-bottom: 1.5rem;\n            color: var(--text-color);\n        }\n\n        .hero-subtitle {\n            font-size: 1.25rem;\n            margin-bottom: 2rem;\n            color: var(--text-color);\n            line-height: 1.6;\n        }\n\n        .hero-badges {\n            display: flex;\n            flex-wrap: wrap;\n            justify-content: center;\n            gap: 1rem;\n            margin-bottom: 2rem;\n        }\n\n        .hero-badge {\n            display: flex;\n            align-items: center;\n            background: white;\n            border-radius: 50px;\n            padding: 0.5rem 1rem;\n            box-shadow: var(--box-shadow);\n            transition: all 0.3s ease;\n            border: 1px solid var(--border-color);\n        }\n\n        .hero-badge:hover {\n            transform: translateY(-3px);\n            box-shadow: var(--hover-shadow);\n            border-color: rgba(253, 152, 0, 0.3);\n        }\n\n        .hero-badge-icon {\n            color: var(--primary-color);\n            margin-right: 0.5rem;\n            font-size: 1rem;\n        }\n\n        .hero-badge-text {\n            font-size: 0.9rem;\n            font-weight: 600;\n            color: var(--text-color);\n        }\n\n        .hero-buttons {\n            display: flex;\n            justify-content: center;\n            gap: 1rem;\n            flex-wrap: wrap;\n        }\n\n        .btn {\n            display: inline-block;\n            padding: 0.75rem 1.5rem;\n            border-radius: 8px;\n            font-weight: 600;\n            text-decoration: none !important;\n            transition: all 0.3s ease;\n            cursor: pointer;\n            font-size: 1rem;\n        }\n\n        .btn-primary {\n            background-color: var(--primary-color);\n            color: white !important;\n            box-shadow: 0 8px 16px rgba(253, 152, 0, 0.2);\n            border: none;\n        }\n\n        .btn-primary:hover {\n            background-color: var(--primary-hover);\n            transform: translateY(-2px);\n            text-decoration: none !important;\n        }\n\n        .btn-secondary {\n            background-color: white;\n            color: var(--primary-color) !important;\n            border: 1px solid var(--border-color);\n        }\n\n        .btn-secondary:hover {\n            background-color: #fff5e6;\n            transform: translateY(-2px);\n            text-decoration: none !important;\n        }\n\n        \/* Features Section *\/\n        .features-section {\n            margin-bottom: 4rem;\n        }\n\n        .section-title {\n            font-size: 2.2rem;\n            font-weight: 700;\n            text-align: center;\n            margin-bottom: 2.5rem;\n            color: var(--text-color);\n        }\n\n        .features-grid {\n            display: grid;\n            grid-template-columns: repeat(auto-fit, minmax(300px, 1fr));\n            gap: 2rem;\n        }\n\n        .feature-card {\n            background: white;\n            border-radius: 16px;\n            overflow: hidden;\n            box-shadow: var(--box-shadow);\n            transition: all 0.3s ease;\n            border: 1px solid var(--border-color);\n            height: 100%;\n            display: flex;\n            flex-direction: column;\n        }\n\n        .feature-card:hover {\n            transform: translateY(-5px);\n            box-shadow: var(--hover-shadow);\n            border-color: rgba(253, 152, 0, 0.3);\n        }\n\n        .feature-icon {\n            width: 60px;\n            height: 60px;\n            background-color: rgba(253, 152, 0, 0.15);\n            color: var(--primary-color);\n            border-radius: 12px;\n            display: flex;\n            align-items: center;\n            justify-content: center;\n            margin-bottom: 1.5rem;\n            font-size: 1.8rem;\n            transition: all 0.3s ease;\n        }\n\n        .feature-card:hover .feature-icon {\n            background: linear-gradient(135deg, #FD9800 0%, #FF6D00 100%);\n            color: white;\n            box-shadow: 0 10px 20px rgba(253, 152, 0, 0.2);\n        }\n\n        .feature-content {\n            padding: 2rem;\n            flex-grow: 1;\n        }\n\n        .feature-title {\n            font-size: 1.4rem;\n            font-weight: 700;\n            margin-bottom: 1rem;\n            color: var(--text-color);\n        }\n\n        .feature-text {\n            font-size: 1rem;\n            color: #555;\n            line-height: 1.6;\n            margin-bottom: 1.5rem;\n        }\n\n        .feature-list {\n            list-style: none;\n            padding: 0;\n            margin: 0;\n        }\n\n        .feature-item {\n            display: flex;\n            align-items: flex-start;\n            margin-bottom: 0.75rem;\n            line-height: 1.5;\n        }\n\n        .feature-check {\n            color: var(--primary-color);\n            margin-right: 0.75rem;\n            flex-shrink: 0;\n            margin-top: 0.2rem;\n        }\n\n        .feature-item-text {\n            font-size: 0.95rem;\n            color: var(--text-color);\n        }\n\n        \/* Why Convert Section *\/\n        .why-convert-section {\n            margin-bottom: 4rem;\n            background: var(--light-bg);\n            border-radius: 16px;\n            padding: 3rem 2rem;\n        }\n\n        .comparison-grid {\n            display: grid;\n            grid-template-columns: repeat(auto-fit, minmax(300px, 1fr));\n            gap: 2rem;\n            margin-top: 2rem;\n        }\n\n        .format-card {\n            background: white;\n            border-radius: 16px;\n            padding: 1.5rem;\n            box-shadow: var(--box-shadow);\n            transition: all 0.3s ease;\n            border: 1px solid var(--border-color);\n        }\n\n        .format-card:hover {\n            transform: translateY(-5px);\n            box-shadow: var(--hover-shadow);\n            border-color: rgba(253, 152, 0, 0.3);\n        }\n\n        .format-title {\n            font-size: 1.6rem;\n            font-weight: 700;\n            margin-bottom: 1.25rem;\n            color: var(--text-color);\n            display: flex;\n            align-items: center;\n        }\n\n        .format-icon {\n            color: var(--primary-color);\n            margin-right: 0.75rem;\n            font-size: 1.6rem;\n        }\n\n        .format-list {\n            list-style: none;\n            padding: 0;\n            margin: 0;\n        }\n\n        .format-item {\n            display: flex;\n            align-items: flex-start;\n            margin-bottom: 0.85rem;\n        }\n\n        .format-check {\n            color: var(--primary-color);\n            margin-right: 0.75rem;\n            flex-shrink: 0;\n            margin-top: 0.2rem;\n        }\n\n        .format-text {\n            font-size: 0.95rem;\n            color: #555;\n            line-height: 1.5;\n        }\n\n        \/* How It Works Section *\/\n        .how-it-works-section {\n            margin-bottom: 4rem;\n        }\n\n        .steps-container {\n            max-width: 900px;\n            margin: 0 auto;\n        }\n\n        .step-card {\n            display: flex;\n            align-items: flex-start;\n            background: white;\n            border-radius: 16px;\n            padding: 2rem;\n            box-shadow: var(--box-shadow);\n            margin-bottom: 2rem;\n            border: 1px solid var(--border-color);\n            transition: all 0.3s ease;\n        }\n\n        .step-card:hover {\n            transform: translateY(-5px);\n            box-shadow: var(--hover-shadow);\n            border-color: rgba(253, 152, 0, 0.3);\n        }\n\n        .step-number {\n            width: 50px;\n            height: 50px;\n            background-color: rgba(253, 152, 0, 0.15);\n            color: var(--primary-color);\n            border-radius: 50%;\n            display: flex;\n            align-items: center;\n            justify-content: center;\n            font-size: 1.5rem;\n            font-weight: 700;\n            margin-right: 1.5rem;\n            flex-shrink: 0;\n            transition: all 0.3s ease;\n        }\n\n        .step-card:hover .step-number {\n            background: linear-gradient(135deg, #FD9800 0%, #FF6D00 100%);\n            color: white;\n            box-shadow: 0 10px 20px rgba(253, 152, 0, 0.2);\n        }\n\n        .step-content {\n            flex: 1;\n        }\n\n        .step-title {\n            font-size: 1.4rem;\n            font-weight: 700;\n            margin-bottom: 0.75rem;\n            color: var(--text-color);\n        }\n\n        .step-text {\n            font-size: 1rem;\n            color: #555;\n            line-height: 1.6;\n        }\n\n        \/* Use Cases Section *\/\n        .use-cases-section {\n            margin-bottom: 4rem;\n            background: var(--light-bg);\n            border-radius: 16px;\n            padding: 3rem 2rem;\n        }\n\n        .use-cases-grid {\n            display: grid;\n            grid-template-columns: repeat(auto-fit, minmax(300px, 1fr));\n            gap: 2rem;\n            margin-top: 2rem;\n        }\n\n        .use-case-card {\n            background: white;\n            border-radius: 16px;\n            padding: 1.5rem;\n            box-shadow: var(--box-shadow);\n            transition: all 0.3s ease;\n            border: 1px solid var(--border-color);\n            height: 100%;\n        }\n\n        .use-case-card:hover {\n            transform: translateY(-5px);\n            box-shadow: var(--hover-shadow);\n            border-color: rgba(253, 152, 0, 0.3);\n        }\n\n        .use-case-icon {\n            color: var(--primary-color);\n            font-size: 2rem;\n            margin-bottom: 1rem;\n        }\n\n        .use-case-title {\n            font-size: 1.3rem;\n            font-weight: 700;\n            margin-bottom: 1rem;\n            color: var(--text-color);\n        }\n\n        .use-case-text {\n            font-size: 0.95rem;\n            color: #555;\n            line-height: 1.6;\n        }\n\n        \/* FAQ Section *\/\n        .faq-section {\n            margin-bottom: 4rem;\n        }\n\n        .faq-container {\n            max-width: 900px;\n            margin: 0 auto;\n        }\n\n        .faq-item {\n            background: white;\n            border-radius: 16px;\n            padding: 1.5rem 2rem;\n            box-shadow: var(--box-shadow);\n            margin-bottom: 1.5rem;\n            border: 1px solid var(--border-color);\n            transition: all 0.3s ease;\n        }\n\n        .faq-item:hover {\n            transform: translateY(-3px);\n            box-shadow: var(--hover-shadow);\n            border-color: rgba(253, 152, 0, 0.3);\n        }\n\n        .faq-question {\n            font-size: 1.2rem;\n            font-weight: 700;\n            margin-bottom: 1rem;\n            color: var(--text-color);\n            display: flex;\n            align-items: center;\n        }\n\n        .faq-icon {\n            color: var(--primary-color);\n            margin-right: 0.75rem;\n            font-size: 1.2rem;\n        }\n\n        .faq-answer {\n            font-size: 1rem;\n            color: #555;\n            line-height: 1.6;\n        }\n\n        \/* Technical Details Section *\/\n        .technical-details-section {\n            margin-bottom: 4rem;\n        }\n\n        .technical-details-grid {\n            display: grid;\n            grid-template-columns: repeat(auto-fit, minmax(300px, 1fr));\n            gap: 2rem;\n        }\n\n        .tech-detail-card {\n            background: white;\n            border-radius: 16px;\n            padding: 1.5rem;\n            box-shadow: var(--box-shadow);\n            transition: all 0.3s ease;\n            border: 1px solid var(--border-color);\n        }\n\n        .tech-detail-card:hover {\n            transform: translateY(-5px);\n            box-shadow: var(--hover-shadow);\n            border-color: rgba(253, 152, 0, 0.3);\n        }\n\n        .tech-detail-title {\n            font-size: 1.3rem;\n            font-weight: 700;\n            margin-bottom: 1rem;\n            color: var(--text-color);\n            display: flex;\n            align-items: center;\n        }\n\n        .tech-detail-icon {\n            color: var(--primary-color);\n            margin-right: 0.75rem;\n            font-size: 1.3rem;\n        }\n\n        .tech-detail-text {\n            font-size: 0.95rem;\n            color: #555;\n            line-height: 1.6;\n        }\n\n        \/* Security Section *\/\n        .security-section {\n            margin-bottom: 4rem;\n            background: var(--light-bg);\n            border-radius: 16px;\n            padding: 3rem 2rem;\n        }\n\n        .security-features {\n            display: grid;\n            grid-template-columns: repeat(auto-fit, minmax(300px, 1fr));\n            gap: 2rem;\n            margin-top: 2rem;\n        }\n\n        .security-card {\n            background: white;\n            border-radius: 16px;\n            padding: 1.5rem;\n            box-shadow: var(--box-shadow);\n            transition: all 0.3s ease;\n            border: 1px solid var(--border-color);\n        }\n\n        .security-card:hover {\n            transform: translateY(-5px);\n            box-shadow: var(--hover-shadow);\n            border-color: rgba(253, 152, 0, 0.3);\n        }\n\n        .security-title {\n            font-size: 1.3rem;\n            font-weight: 700;\n            margin-bottom: 1rem;\n            color: var(--text-color);\n            display: flex;\n            align-items: center;\n        }\n\n        .security-icon {\n            color: var(--primary-color);\n            margin-right: 0.75rem;\n            font-size: 1.3rem;\n        }\n\n        .security-text {\n            font-size: 0.95rem;\n            color: #555;\n            line-height: 1.6;\n        }\n\n        \/* CTA Section *\/\n        .cta-section {\n            text-align: center;\n            padding: 3rem 1rem;\n            background: var(--gradient-bg);\n            border-radius: 16px;\n            position: relative;\n            overflow: hidden;\n            margin-bottom: 2rem;\n        }\n\n        .cta-pattern {\n            position: absolute;\n            top: 0;\n            left: 0;\n            right: 0;\n            bottom: 0;\n            background-image: url(\"data:image\/svg+xml,%3Csvg width='60' height='60' viewBox='0 0 60 60' xmlns='http:\/\/www.w3.org\/2000\/svg'%3E%3Cg fill='none' fill-rule='evenodd'%3E%3Cg fill='%23fd9800' fill-opacity='0.05'%3E%3Cpath d='M36 34v-4h-2v4h-4v2h4v4h2v-4h4v-2h-4zm0-30V0h-2v4h-4v2h4v4h2V6h4V4h-4zM6 34v-4H4v4H0v2h4v4h2v-4h4v-2H6zM6 4V0H4v4H0v2h4v4h2V6h4V4H6z'\/%3E%3C\/g%3E%3C\/g%3E%3C\/svg%3E\");\n            opacity: 0.5;\n            z-index: 0;\n        }\n\n        .cta-content {\n            position: relative;\n            z-index: 1;\n            max-width: 800px;\n            margin: 0 auto;\n        }\n\n        .cta-title {\n            font-size: 2.2rem;\n            font-weight: 700;\n            margin-bottom: 1.5rem;\n            color: var(--text-color);\n        }\n\n        .cta-text {\n            font-size: 1.1rem;\n            margin-bottom: 2rem;\n            color: #555;\n            line-height: 1.6;\n        }\n\n        \/* Guide-specific Styles *\/\n        .guide-content {\n            background: white;\n            border-radius: 16px;\n            padding: 2rem;\n            margin-bottom: 2rem;\n            box-shadow: var(--box-shadow);\n            border: 1px solid var(--border-color);\n        }\n\n        .guide-section-title {\n            font-size: 1.6rem;\n            font-weight: 700;\n            color: var(--text-color);\n            margin-bottom: 1rem;\n        }\n\n        .guide-text {\n            font-size: 1rem;\n            color: #555;\n            line-height: 1.8;\n            margin-bottom: 1rem;\n        }\n\n        .guide-list {\n            list-style: none;\n            padding: 0;\n            margin: 1rem 0;\n        }\n\n        .guide-list-item {\n            display: flex;\n            align-items: flex-start;\n            margin-bottom: 0.75rem;\n            padding-left: 1.5rem;\n            position: relative;\n        }\n\n        .guide-list-item::before {\n            content: \"\u2022\";\n            color: var(--primary-color);\n            font-weight: bold;\n            position: absolute;\n            left: 0;\n        }\n\n        \/* Responsive Styles *\/\n        @media (max-width: 768px) {\n            .hero-title {\n                font-size: 2.2rem;\n            }\n\n            .section-title {\n                font-size: 1.8rem;\n            }\n\n            .cta-title {\n                font-size: 1.8rem;\n            }\n\n            .features-grid {\n                grid-template-columns: 1fr;\n                max-width: 500px;\n                margin: 0 auto;\n            }\n\n            .step-card {\n                flex-direction: column;\n                align-items: flex-start;\n            }\n\n            .step-number {\n                margin-bottom: 1rem;\n                margin-right: 0;\n            }\n        }\n\n        @media (max-width: 480px) {\n            .hero-title {\n                font-size: 1.8rem;\n            }\n\n            .hero-subtitle {\n                font-size: 1.1rem;\n            }\n\n            .section-title {\n                font-size: 1.6rem;\n            }\n\n            .feature-content {\n                padding: 1.5rem;\n            }\n\n            .step-card {\n                padding: 1.5rem;\n            }\n\n            .faq-item {\n                padding: 1.25rem;\n            }\n        }\n\n        \/* Button text should never be underlined *\/\n        .btn:hover, .btn:focus, .btn:active {\n            text-decoration: none !important;\n        }\n    <\/style>\n<\/head>\n<body>\n    <div class=\"converter-section\">\n        <!-- Hero Section -->\n        <section class=\"hero-section\">\n            <div class=\"hero-pattern\"><\/div>\n            <div class=\"hero-content\">\n                <h1 class=\"hero-title\">WAV zu AIFF Konverter<\/h1>\n                <p class=\"hero-subtitle\">Konvert\u00e9iert WAV Audiodateien an AIFF Format w\u00e4rend voll Audioqualit\u00e9it a Metadaten behalen. Perfekt fir Mac Kompatibilit\u00e9it, professionnell Audio Workflows a Cross-Plattform Audioprojeten.<\/p>\n\n                <div class=\"hero-badges\">\n                    <div class=\"hero-badge\">\n                        <span class=\"hero-badge-icon\"><i class=\"fas fa-desktop\"><\/i><\/span>\n                        <span class=\"hero-badge-text\">100% Offline<\/span>\n                    <\/div>\n                    <div class=\"hero-badge\">\n                        <span class=\"hero-badge-icon\"><i class=\"fas fa-infinity\"><\/i><\/span>\n                        <span class=\"hero-badge-text\">Onlimit\u00e9iert Konversiounen<\/span>\n                    <\/div>\n                    <div class=\"hero-badge\">\n                        <span class=\"hero-badge-icon\"><i class=\"fas fa-shield-alt\"><\/i><\/span>\n                        <span class=\"hero-badge-text\">Privat &#038; S\u00e9chert<\/span>\n                    <\/div>\n                    <div class=\"hero-badge\">\n                        <span class=\"hero-badge-icon\"><i class=\"fas fa-bolt\"><\/i><\/span>\n                        <span class=\"hero-badge-text\">Blitzschnell<\/span>\n                    <\/div>\n                <\/div>\n\n                <div class=\"hero-buttons\">\n                    <a href=\"\/download\" class=\"btn btn-primary\">Download gratis<\/a>\n                    <a href=\"#how-it-works\" class=\"btn btn-secondary\">L\u00e9ier m\u00e9i<\/a>\n                <\/div>\n            <\/div>\n        <\/section>\n\n\n        <!-- Features Section -->\n        <section class=\"features-section\">\n            <h2 class=\"section-title\">Firwat Wielt Konvert\u00e9ieren fir WAV zu AIFF Konversioun?<\/h2>\n\n            <div class=\"features-grid\">\n                <div class=\"feature-card\">\n                    <div class=\"feature-content\">\n                        <div class=\"feature-icon\">\n                            <i class=\"fas fa-music\"><\/i>\n                        <\/div>\n                        <h3 class=\"feature-title\">Lossless Audio Konversioun<\/h3>\n                        <p class=\"feature-text\">Konvert\u00e9iert WAV op AIFF mat perfekter Audiofidelit\u00e9it Erhaalung. B\u00e9id Formater benotzen onkomprim\u00e9iert PCM Kod\u00e9ierung, garant\u00e9iert datt \u00c4ren Audio seng originell Qualit\u00e9it, dynamesch Gamme an Frequenzreaktioun beh\u00e4lt ouni Generatiounsverloscht.<\/p>\n                        <ul class=\"feature-list\">\n                            <li class=\"feature-item\">\n                                <span class=\"feature-check\"><i class=\"fas fa-check-circle\"><\/i><\/span>\n                                <span class=\"feature-item-text\">Erhaalt urspr\u00e9nglech Bitd\u00e9ift a Probequote<\/span>\n                            <\/li>\n                            <li class=\"feature-item\">\n                                <span class=\"feature-check\"><i class=\"fas fa-check-circle\"><\/i><\/span>\n                                <span class=\"feature-item-text\">Erh\u00e4lt voll dynamesch Gamme<\/span>\n                            <\/li>\n                            <li class=\"feature-item\">\n                                <span class=\"feature-check\"><i class=\"fas fa-check-circle\"><\/i><\/span>\n                                <span class=\"feature-item-text\">Keng Qualit\u00e9it Verschlechterung w\u00e4hrend Konversioun<\/span>\n                            <\/li>\n                        <\/ul>\n                    <\/div>\n                <\/div>\n                <div class=\"feature-card\">\n                    <div class=\"feature-content\">\n                        <div class=\"feature-icon\">\n                            <i class=\"fas fa-apple-alt\"><\/i>\n                        <\/div>\n                        <h3 class=\"feature-title\">Verbesserte Mac Kompatibilit\u00e9it<\/h3>\n                        <p class=\"feature-text\">AIFF Format bitt eng super Integratioun mat Apple&#8217;s \u00d6kosystem a professionnelle Audio Uwendungen. Konvert\u00e9iert \u00c4r WAV Dateien op AIFF fir nahtlos Kompatibilit\u00e9it mat Logic Pro, GarageBand an aner Mac-gebierteg Audio Software.<\/p>\n                        <ul class=\"feature-list\">\n                            <li class=\"feature-item\">\n                                <span class=\"feature-check\"><i class=\"fas fa-check-circle\"><\/i><\/span>\n                                <span class=\"feature-item-text\">Native Support op macOS an iOS<\/span>\n                            <\/li>\n                            <li class=\"feature-item\">\n                                <span class=\"feature-check\"><i class=\"fas fa-check-circle\"><\/i><\/span>\n                                <span class=\"feature-item-text\">Optimis\u00e9iert fir Apple Audio Uwendungen<\/span>\n                            <\/li>\n                            <li class=\"feature-item\">\n                                <span class=\"feature-check\"><i class=\"fas fa-check-circle\"><\/i><\/span>\n                                <span class=\"feature-item-text\">Besser Ressource Gabel \u00cbmgank op Mac Systemer<\/span>\n                            <\/li>\n                        <\/ul>\n                    <\/div>\n                <\/div>\n                <div class=\"feature-card\">\n                    <div class=\"feature-content\">\n                        <div class=\"feature-icon\">\n                            <i class=\"fas fa-tags\"><\/i>\n                        <\/div>\n                        <h3 class=\"feature-title\">Superior Metadaten \u00cbnnerst\u00ebtzung<\/h3>\n                        <p class=\"feature-text\">AIFF Format bitt m\u00e9i robust Metadatenf\u00e4egkeeten am Verglach mat WAV Dateien. Konvert\u00e9iert fir \u00c4r Audiodateiinformatioun ze erhaalen an ze verbesseren inklusiv detaill\u00e9iert Streckdaten, Copyright Informatioun, a personalis\u00e9iert Annotatiounen.<\/p>\n                        <ul class=\"feature-list\">\n                            <li class=\"feature-item\">\n                                <span class=\"feature-check\"><i class=\"fas fa-check-circle\"><\/i><\/span>\n                                <span class=\"feature-item-text\">Iwwergr\u00e4ifend ID3 Tag \u00cbnnerst\u00ebtzung<\/span>\n                            <\/li>\n                            <li class=\"feature-item\">\n                                <span class=\"feature-check\"><i class=\"fas fa-check-circle\"><\/i><\/span>\n                                <span class=\"feature-item-text\">Benotzerdefin\u00e9iert Metadatenfelder<\/span>\n                            <\/li>\n                            <li class=\"feature-item\">\n                                <span class=\"feature-check\"><i class=\"fas fa-check-circle\"><\/i><\/span>\n                                <span class=\"feature-item-text\">Professionelle Audio Annotatiounsf\u00e4egkeeten<\/span>\n                            <\/li>\n                        <\/ul>\n                    <\/div>\n                <\/div>\n                <div class=\"feature-card\">\n                    <div class=\"feature-content\">\n                        <div class=\"feature-icon\">\n                            <i class=\"fas fa-compress-arrows-alt\"><\/i>\n                        <\/div>\n                        <h3 class=\"feature-title\">Flexibel Kompressiounsoptiounen<\/h3>\n                        <p class=\"feature-text\">W\u00e4rend Verloschtlos Qualit\u00e9it behalen, \u00ebnnerst\u00ebtzt AIFF verschidde Kompressiounsschemaen inklusiv AIFF-C Format. Konvert\u00e9iert WAV Dateien fir vun intelligenter Kompressioun ze profit\u00e9ieren d\u00e9i d&#8217;Dateigr\u00e9isst reduz\u00e9iert ouni d&#8217;Audioqualit\u00e9it ofzeschafen.<\/p>\n                        <ul class=\"feature-list\">\n                            <li class=\"feature-item\">\n                                <span class=\"feature-check\"><i class=\"fas fa-check-circle\"><\/i><\/span>\n                                <span class=\"feature-item-text\">AIFF-C komprim\u00e9iert Format \u00cbnnerst\u00ebtzung<\/span>\n                            <\/li>\n                            <li class=\"feature-item\">\n                                <span class=\"feature-check\"><i class=\"fas fa-check-circle\"><\/i><\/span>\n                                <span class=\"feature-item-text\">Intelligent Audiokompressioun<\/span>\n                            <\/li>\n                            <li class=\"feature-item\">\n                                <span class=\"feature-check\"><i class=\"fas fa-check-circle\"><\/i><\/span>\n                                <span class=\"feature-item-text\">Reduz\u00e9iert Stockage Ufuerderunge<\/span>\n                            <\/li>\n                        <\/ul>\n                    <\/div>\n                <\/div>\n                <div class=\"feature-card\">\n                    <div class=\"feature-content\">\n                        <div class=\"feature-icon\">\n                            <i class=\"fas fa-exchange-alt\"><\/i>\n                        <\/div>\n                        <h3 class=\"feature-title\">Cross-Platform Audio Exchange<\/h3>\n                        <p class=\"feature-text\">AIFF Format excels a professionnelle Audio\u00ebmfeld wou Dateien t\u00ebscht verschiddene Plattformen an Uwendungen gedeelt ginn. Konvert\u00e9iert WAV op AIFF fir eng verbessert Kompatibilit\u00e9it iwwer verschidden Audioproduktiounsworkflows.<\/p>\n                        <ul class=\"feature-list\">\n                            <li class=\"feature-item\">\n                                <span class=\"feature-check\"><i class=\"fas fa-check-circle\"><\/i><\/span>\n                                <span class=\"feature-item-text\">Professionelle Studio Standard Format<\/span>\n                            <\/li>\n                            <li class=\"feature-item\">\n                                <span class=\"feature-check\"><i class=\"fas fa-check-circle\"><\/i><\/span>\n                                <span class=\"feature-item-text\">Verbesserte Cross-Plattform Kompatibilit\u00e9it<\/span>\n                            <\/li>\n                            <li class=\"feature-item\">\n                                <span class=\"feature-check\"><i class=\"fas fa-check-circle\"><\/i><\/span>\n                                <span class=\"feature-item-text\">Optimis\u00e9iert fir Audioproduktioun Pipelines<\/span>\n                            <\/li>\n                        <\/ul>\n                    <\/div>\n                <\/div>\n                <div class=\"feature-card\">\n                    <div class=\"feature-content\">\n                        <div class=\"feature-icon\">\n                            <i class=\"fas fa-shield-alt\"><\/i>\n                        <\/div>\n                        <h3 class=\"feature-title\">Audio Integrit\u00e9it Schutz<\/h3>\n                        <p class=\"feature-text\">AIFF Format enth\u00e4lt agebaute Fehlererkennung a Korrekturf\u00e4egkeeten d\u00e9i h\u00ebllefen \u00c4r Audiodaten vu Korruptioun ze sch\u00fctzen. Konvert\u00e9iert kritesch WAV Dateien op AIFF fir zous\u00e4tzlech Datenintegrit\u00e9it a professionnelle \u00cbmfeld.<\/p>\n                        <ul class=\"feature-list\">\n                            <li class=\"feature-item\">\n                                <span class=\"feature-check\"><i class=\"fas fa-check-circle\"><\/i><\/span>\n                                <span class=\"feature-item-text\">Built-in Feeler Detectioun Mechanismen<\/span>\n                            <\/li>\n                            <li class=\"feature-item\">\n                                <span class=\"feature-check\"><i class=\"fas fa-check-circle\"><\/i><\/span>\n                                <span class=\"feature-item-text\">Datekorruptiounsschutz<\/span>\n                            <\/li>\n                            <li class=\"feature-item\">\n                                <span class=\"feature-check\"><i class=\"fas fa-check-circle\"><\/i><\/span>\n                                <span class=\"feature-item-text\">Professionell Qualit\u00e9it Audio Erhaalung<\/span>\n                            <\/li>\n                        <\/ul>\n                    <\/div>\n                <\/div>\n            <\/div>\n        <\/section>\n\n\n        <!-- Why Convert Section -->\n        <section class=\"why-convert-section\">\n            <h2 class=\"section-title\">Firwat konvert\u00e9ieren WAV op AIFF?<\/h2>\n\n            <div class=\"comparison-grid\">\n                <div class=\"format-card\">\n                    <h3 class=\"format-title\">\n                        <span class=\"format-icon\"><i class=\"fas fa-file-video\"><\/i><\/span>\n                        WAV Format\n                    <\/h3>\n                    <ul class=\"format-list\">\n                        <li class=\"format-item\">\n                            <span class=\"format-check\"><i class=\"fas fa-check-circle\"><\/i><\/span>\n                            <span class=\"format-text\">Universal Kompatibilit\u00e9it iwwer all Plattformen an Audio Software<\/span>\n                        <\/li>\n                        <li class=\"format-item\">\n                            <span class=\"format-check\"><i class=\"fas fa-check-circle\"><\/i><\/span>\n                            <span class=\"format-text\">M\u00e9i kleng Dateigr\u00e9issten w\u00e9inst m\u00e9i einfacher Headerstruktur<\/span>\n                        <\/li>\n                        <li class=\"format-item\">\n                            <span class=\"format-check\"><i class=\"fas fa-times-circle\"><\/i><\/span>\n                            <span class=\"format-text\">Limit\u00e9iert Metadaten \u00cbnnerst\u00ebtzung am Verglach mat modernen Audioformater<\/span>\n                        <\/li>\n                        <li class=\"format-item\">\n                            <span class=\"format-check\"><i class=\"fas fa-times-circle\"><\/i><\/span>\n                            <span class=\"format-text\">Feelt fortgeschratt Feelerkorrektur an Datenintegrit\u00e9itsfeatures<\/span>\n                        <\/li>\n                        <li class=\"format-item\">\n                            <span class=\"format-check\"><i class=\"fas fa-times-circle\"><\/i><\/span>\n                            <span class=\"format-text\">Manner optimal Integratioun mam Apple Audio-\u00d6kosystem an Uwendungen<\/span>\n                        <\/li>\n                    <\/ul>\n                <\/div>\n\n                <div class=\"format-card\">\n                    <h3 class=\"format-title\">\n                        <span class=\"format-icon\"><i class=\"fas fa-file-video\"><\/i><\/span>\n                        AIFF Format\n                    <\/h3>\n                    <ul class=\"format-list\">\n                        <li class=\"format-item\">\n                            <span class=\"format-check\"><i class=\"fas fa-check-circle\"><\/i><\/span>\n                            <span class=\"format-text\">Native Integratioun mat MacOS, iOS, an Apple Audio Uwendungen<\/span>\n                        <\/li>\n                        <li class=\"format-item\">\n                            <span class=\"format-check\"><i class=\"fas fa-check-circle\"><\/i><\/span>\n                            <span class=\"format-text\">Superior Metadaten \u00cbnnerst\u00ebtzung mat \u00ebmfaassenden Tagging F\u00e4egkeeten<\/span>\n                        <\/li>\n                        <li class=\"format-item\">\n                            <span class=\"format-check\"><i class=\"fas fa-check-circle\"><\/i><\/span>\n                            <span class=\"format-text\">Built-in Feeler Detektioun an Dateintegrit\u00e9it Schutz Mechanismen<\/span>\n                        <\/li>\n                        <li class=\"format-item\">\n                            <span class=\"format-check\"><i class=\"fas fa-check-circle\"><\/i><\/span>\n                            <span class=\"format-text\">\u00cbnnerst\u00ebtzung fir komprim\u00e9iert AIFF-C Format fir Dateigr\u00e9issten ze reduz\u00e9ieren<\/span>\n                        <\/li>\n                        <li class=\"format-item\">\n                            <span class=\"format-check\"><i class=\"fas fa-check-circle\"><\/i><\/span>\n                            <span class=\"format-text\">Professionelle Audioindustriestandard mat verst\u00e4erkte Annotatiounsfeatures<\/span>\n                        <\/li>\n                    <\/ul>\n                <\/div>\n            <\/div>\n        <\/section>\n\n\n        <!-- Technical Details Section -->\n        <section class=\"technical-details-section\">\n            <h2 class=\"section-title\">Technesch Detailer<\/h2>\n\n            <div class=\"technical-details-grid\">\n                <div class=\"tech-detail-card\">\n                    <h3 class=\"tech-detail-title\">\n                        <span class=\"tech-detail-icon\"><i class=\"fas fa-code\"><\/i><\/span>\n                        Audio Format Spezifikatioune\n                    <\/h3>\n                    <p class=\"tech-detail-text\">B\u00e9id WAV an AIFF benotzen onkomprim\u00e9iert PCM Audio Kod\u00e9ierung mat \u00cbnnerst\u00ebtzung fir verschidde Bittiefen (8, 16, 24, 32-Bit) a Proufraten bis zu 192kHz. AIFF Format benotzt Big-endian Byte Uerdnung am Verglach zum WAV&#8217;s Little-endian Format, an \u00ebnnerst\u00ebtzt zous\u00e4tzlech Kompressiounsschemaen duerch d&#8217;AIFF-C Variant abegraff ADPCM an aner lossless Kompressiounsalgorithmen.<\/p>\n                <\/div>\n                <div class=\"tech-detail-card\">\n                    <h3 class=\"tech-detail-title\">\n                        <span class=\"tech-detail-icon\"><i class=\"fas fa-database\"><\/i><\/span>\n                        Metadaten a Chunk Struktur\n                    <\/h3>\n                    <p class=\"tech-detail-text\">AIFF Format benotzt EA IFF 85 (Electronic Arts Interchange File Format) Spezifiz\u00e9ierung mat enger m\u00e9i flexibeler St\u00e9ck-bas\u00e9iert Struktur w\u00e9i WAV. D\u00ebst erlaabt eng extensiv Metadatenlagerung abegraff NAME, AUTH, ANNO, a COMT St\u00e9cker fir \u00ebmfaassend Audiodateidokumentatioun, wat et super m\u00e9cht fir professionnell Audioarchiv\u00e9ierung a Katalogis\u00e9ierungsapplikatiounen.<\/p>\n                <\/div>\n                <div class=\"tech-detail-card\">\n                    <h3 class=\"tech-detail-title\">\n                        <span class=\"tech-detail-icon\"><i class=\"fas fa-microchip\"><\/i><\/span>\n                        Plattform Optimisatioun\n                    <\/h3>\n                    <p class=\"tech-detail-text\">AIFF Format ass speziell fir Apple&#8217;s Core Audio Kader optimis\u00e9iert a profit\u00e9iert vu macOS Audio Veraarbechtungsf\u00e4egkeeten. Dem Format seng Big-endian Byte Uerdnung entspr\u00e9cht PowerPC Architektur Legacy a bitt m\u00e9i effizient Veraarbechtung op Apple Silizium. AIFF \u00ebnnerst\u00ebtzt och Ressourcegabel op macOS fir zous\u00e4tzlech Dateimetadaten a personalis\u00e9iert Uwendungsdaten ze sp\u00e4icheren.<\/p>\n                <\/div>\n            <\/div>\n        <\/section>\n\n\n        <!-- How It Works Section -->\n        <section id=\"how-it-works\" class=\"how-it-works-section\">\n            <h2 class=\"section-title\">W\u00e9i konvert\u00e9iert WAV zu AIFF<\/h2>\n\n            <div class=\"steps-container\">\n                <div class=\"step-card\">\n                    <div class=\"step-number\">1<\/div>\n                    <div class=\"step-content\">\n                        <h3 class=\"step-title\">Download &#038; Install\u00e9ieren<\/h3>\n                        <p class=\"step-text\">Download Convertify gratis an install\u00e9iert et op \u00c4rem Windows PC. Kee Kont oder Umeldung erfuerderlech.<\/p>\n                    <\/div>\n                <\/div>\n                <div class=\"step-card\">\n                    <div class=\"step-number\">2<\/div>\n                    <div class=\"step-content\">\n                        <h3 class=\"step-title\">F\u00fc\u00fcgt \u00c4r WAV Dateien derb\u00e4i<\/h3>\n                        <p class=\"step-text\">Drag and drop \u00c4r WAV Dateien an Convertify, oder benotzt de Dateibrowser fir se ze wielen.<\/p>\n                    <\/div>\n                <\/div>\n                <div class=\"step-card\">\n                    <div class=\"step-number\">3<\/div>\n                    <div class=\"step-content\">\n                        <h3 class=\"step-title\">Wielt AIFF Output<\/h3>\n                        <p class=\"step-text\">Wielt AIFF als Ausgabformat. Ajust\u00e9ieren Qualit\u00e9it Astellunge wann n\u00e9ideg.<\/p>\n                    <\/div>\n                <\/div>\n                <div class=\"step-card\">\n                    <div class=\"step-number\">4<\/div>\n                    <div class=\"step-content\">\n                        <h3 class=\"step-title\">Konvert\u00e9ieren &#038; sp\u00e4icheren<\/h3>\n                        <p class=\"step-text\">Klickt Convert\u00e9ieren an \u00c4r Dateie ginn direkt veraarbecht. Sp\u00e4ichert se iwwerall op \u00c4rem Computer.<\/p>\n                    <\/div>\n                <\/div>\n            <\/div>\n        <\/section>\n\n\n        <!-- Use Cases Section -->\n        <section class=\"use-cases-section\">\n            <h2 class=\"section-title\">Wann Dir WAV zu AIFF Konversioun benotzt<\/h2>\n\n            <div class=\"use-cases-grid\">\n                <div class=\"use-case-card\">\n                    <div class=\"use-case-icon\"><i class=\"fas fa-music\"><\/i><\/div>\n                    <h3 class=\"use-case-title\">Professionell Musek Produktioun<\/h3>\n                    <p class=\"use-case-text\">Konvert\u00e9iert WAV St\u00e4mme a Tracks op AIFF fir ze benotzen a Logic Pro, Pro Tools, an aner professionell DAWs d\u00e9i AIFF Format l\u00e9iwer fir optimal Leeschtung a Metadatenhandhabung a komplexe M\u00ebschung a Mastering Sessiounen.<\/p>\n                <\/div>\n                <div class=\"use-case-card\">\n                    <div class=\"use-case-icon\"><i class=\"fas fa-laptop\"><\/i><\/div>\n                    <h3 class=\"use-case-title\">Mac-Centric Audio Workflows<\/h3>\n                    <p class=\"use-case-text\">Transform\u00e9iert WAV Dateien op AIFF wann Dir haapts\u00e4chlech am Apple&#8217;s \u00d6kosystem schafft fir eng nahtlos Integratioun mat macOS Audio Servicer, QuickTime, an native Audio Uwendungen ouni Kompatibilit\u00e9itsprobleemer ze garant\u00e9ieren.<\/p>\n                <\/div>\n                <div class=\"use-case-card\">\n                    <div class=\"use-case-icon\"><i class=\"fas fa-archive\"><\/i><\/div>\n                    <h3 class=\"use-case-title\">Audio Archiv Management<\/h3>\n                    <p class=\"use-case-text\">Konvert\u00e9iert wichteg WAV Opzeechnungen an AIFF Format fir vun superieure Metadatenf\u00e4egkeeten ze profit\u00e9ieren fir \u00ebmfaassend Audiobiblioth\u00e9ik Katalogis\u00e9ierung, inklusiv detaill\u00e9iert Annotatiounen, Copyright Informatioun a personalis\u00e9iert organisatoresch Tags.<\/p>\n                <\/div>\n                <div class=\"use-case-card\">\n                    <div class=\"use-case-icon\"><i class=\"fas fa-broadcast-tower\"><\/i><\/div>\n                    <h3 class=\"use-case-title\">Sendung a Radio<\/h3>\n                    <p class=\"use-case-text\">Transform\u00e9iert WAV-Dateien op AIFF fir Radiostatiounen a Sendungsanlagen, d\u00e9i Apple-bas\u00e9iert Systemer benotzen, fir eng optimal Playback-Performance a Metadaten-Display an On-Air Automatisatiounssystemer ze garant\u00e9ieren.<\/p>\n                <\/div>\n                <div class=\"use-case-card\">\n                    <div class=\"use-case-icon\"><i class=\"fas fa-film\"><\/i><\/div>\n                    <h3 class=\"use-case-title\">Audio Postproduktioun<\/h3>\n                    <p class=\"use-case-text\">Konvert\u00e9iert WAV Audio Tracks op AIFF fir Film a Video Postproduktioun Workflows mat Final Cut Pro an aner Apple Uwendungen, wou AIFF besser Timeline Integratioun an Audio Synchronis\u00e9ierungsf\u00e4egkeeten ubitt.<\/p>\n                <\/div>\n                <div class=\"use-case-card\">\n                    <div class=\"use-case-icon\"><i class=\"fas fa-mobile-alt\"><\/i><\/div>\n                    <h3 class=\"use-case-title\">iOS App Entw\u00e9cklung<\/h3>\n                    <p class=\"use-case-text\">Transform\u00e9iert WAV Audio Verm\u00e9igen an AIFF Format fir iOS Uwendungen fir optimal Leeschtung, reduz\u00e9ierter Veraarbechtungsoverhead, an nahtlos Integratioun mat Core Audio Kaderen an der mobiler App Entw\u00e9cklung ze garant\u00e9ieren.<\/p>\n                <\/div>\n            <\/div>\n        <\/section>\n\n\n        <!-- Security Section -->\n        <section class=\"security-section\">\n            <h2 class=\"section-title\">\u00c4r Privatsph\u00e4r ass gesch\u00fctzt<\/h2>\n\n            <div class=\"security-features\">\n                <div class=\"security-card\">\n                    <h3 class=\"security-title\">\n                        <span class=\"security-icon\"><i class=\"fas fa-lock\"><\/i><\/span>\n                        100% Offline\n                    <\/h3>\n                    <p class=\"security-text\">All Konversioune gesch\u00e9ien lokal op \u00c4rem Computer. \u00c4r Dateien verloossen ni \u00c4ren Apparat a ginn ni op all Server eropgelueden.<\/p>\n                <\/div>\n                <div class=\"security-card\">\n                    <h3 class=\"security-title\">\n                        <span class=\"security-icon\"><i class=\"fas fa-user-shield\"><\/i><\/span>\n                        Kee Kont erfuerderlech\n                    <\/h3>\n                    <p class=\"security-text\">F\u00e4nkt direkt un ze konvert\u00e9ieren ouni e Kont ze kre\u00e9ieren, pers\u00e9inlech Informatioun ze liwweren oder Iech fir eppes z&#8217;\u00ebnnerschreiwen.<\/p>\n                <\/div>\n                <div class=\"security-card\">\n                    <h3 class=\"security-title\">\n                        <span class=\"security-icon\"><i class=\"fas fa-trash-alt\"><\/i><\/span>\n                        Automatesch Botzen\n                    <\/h3>\n                    <p class=\"security-text\">Tempor\u00e4r Dateie si s\u00e9cher no der Konversioun gel\u00e4scht. \u00c4r urspr\u00e9nglech Dateie bleiwen komplett onber\u00e9iert, ausser Dir entscheet anescht.<\/p>\n                <\/div>\n            <\/div>\n        <\/section>\n\n\n        <!-- FAQ Section -->\n        <section class=\"faq-section\">\n            <h2 class=\"section-title\">Oft gestallte Froen<\/h2>\n\n            <div class=\"faq-container\">\n                <div class=\"faq-item\">\n                    <h3 class=\"faq-question\">\n                        <span class=\"faq-icon\"><i class=\"fas fa-question-circle\"><\/i><\/span>\n                        W\u00e4ert d&#8217;Konvert\u00e9ierung vun WAV op AIFF d&#8217;Audioqualit\u00e9it reduz\u00e9ieren?\n                    <\/h3>\n                    <div class=\"faq-answer\">\n                        <p>Nee, d&#8217;Konvert\u00e9ierung vun WAV op AIFF beh\u00e4lt perfekt Audioqualit\u00e9it well b\u00e9id Formater onkomprim\u00e9iert PCM Kod\u00e9ierung benotzen. D&#8217;Konversioun \u00e4nnert n\u00ebmmen de Fichier Container an Byte Uerdnung iwwerdeems all Audio Donn\u00e9e\u00ebn erhaalen genee w\u00e9i et an der Original WAV Fichier war.<\/p>\n                    <\/div>\n                <\/div>\n                <div class=\"faq-item\">\n                    <h3 class=\"faq-question\">\n                        <span class=\"faq-icon\"><i class=\"fas fa-question-circle\"><\/i><\/span>\n                        Wat ass den Haaptunterschied t\u00ebscht WAV an AIFF Formater?\n                    <\/h3>\n                    <div class=\"faq-answer\">\n                        <p>D\u00e9i prim\u00e4r Differenzen sinn Byte-Uerdnung (WAV benotzt Little-Endian, AIFF benotzt Big-endian), Metadaten-\u00cbnnerst\u00ebtzung (AIFF huet superior Tagging-F\u00e4egkeeten), a Plattformoptimis\u00e9ierung (AIFF ass optimis\u00e9iert fir Apple Systemer w\u00e4rend WAV m\u00e9i universell kompatibel ass).<\/p>\n                    <\/div>\n                <\/div>\n                <div class=\"faq-item\">\n                    <h3 class=\"faq-question\">\n                        <span class=\"faq-icon\"><i class=\"fas fa-question-circle\"><\/i><\/span>\n                        Sinn AIFF Dateien m\u00e9i grouss w\u00e9i WAV Dateien?\n                    <\/h3>\n                    <div class=\"faq-answer\">\n                        <p>AIFF Dateien sinn typesch liicht m\u00e9i grouss w\u00e9i gl\u00e4ichw\u00e4erteg WAV Dateien w\u00e9inst m\u00e9i \u00ebmfaassender Headerinformatioun a Metadatenspeicherf\u00e4egkeeten. W\u00e9i och \u00ebmmer, den \u00cbnnerscheed ass minimal (normalerweis manner w\u00e9i 1KB) an AIFF-C komprim\u00e9iert Format kann tats\u00e4chlech m\u00e9i kleng sinn w\u00e9i WAV.<\/p>\n                    <\/div>\n                <\/div>\n                <div class=\"faq-item\">\n                    <h3 class=\"faq-question\">\n                        <span class=\"faq-icon\"><i class=\"fas fa-question-circle\"><\/i><\/span>\n                        Kann ech WAV Dateien mat verschiddene Bittiefen op AIFF konvert\u00e9ieren?\n                    <\/h3>\n                    <div class=\"faq-answer\">\n                        <p>Jo, AIFF-Format \u00ebnnerst\u00ebtzt d\u00e9iselwecht Bittiefe w\u00e9i WAV (8, 16, 24 an 32-Bit) a Proufraten bis zu 192kHz. D&#8217;Konversioun beh\u00e4lt \u00c4r urspr\u00e9nglech Audio Spezifikatioune genee, beh\u00e4lt d\u00e9iselwecht Bitd\u00e9ift a Probequote w\u00e9i d&#8217;Quell WAV Datei.<\/p>\n                    <\/div>\n                <\/div>\n                <div class=\"faq-item\">\n                    <h3 class=\"faq-question\">\n                        <span class=\"faq-icon\"><i class=\"fas fa-question-circle\"><\/i><\/span>\n                        W\u00e4ert meng Audio Software \u00ebmgerechent AIFF Dateien erkennen?\n                    <\/h3>\n                    <div class=\"faq-answer\">\n                        <p>D\u00e9i meescht professionell Audiosoftware \u00ebnnerst\u00ebtzt AIFF Format, besonnesch op Mac Systemer. Apple Uwendungen w\u00e9i Logic Pro, GarageBand a QuickTime hunn nativ AIFF-\u00cbnnerst\u00ebtzung, w\u00e4rend vill Cross-Plattform DAWs och AIFF-Dateien ouni Probleemer handhaben.<\/p>\n                    <\/div>\n                <\/div>\n                <div class=\"faq-item\">\n                    <h3 class=\"faq-question\">\n                        <span class=\"faq-icon\"><i class=\"fas fa-question-circle\"><\/i><\/span>\n                        Kann ech Multiple WAV Dateien op AIFF batch konvert\u00e9ieren?\n                    <\/h3>\n                    <div class=\"faq-answer\">\n                        <p>Jo, Convertify \u00ebnnerst\u00ebtzt massiv Batchveraarbechtung, wat Iech erlaabt Dausende vu WAV Dateien an AIFF Format gl\u00e4ichz\u00e4iteg ze konvert\u00e9ieren. D&#8217;Batchveraarbechtung h\u00e4lt konsequent Qualit\u00e9it an Astellungen iwwer all Dateie w\u00e4rend d&#8217;Original Ordnerstrukturen an Dateinumm erhalen.<\/p>\n                    <\/div>\n                <\/div>\n                <div class=\"faq-item\">\n                    <h3 class=\"faq-question\">\n                        <span class=\"faq-icon\"><i class=\"fas fa-question-circle\"><\/i><\/span>\n                        \u00cbnnerst\u00ebtzt AIFF Format embedded Albumkonscht an Texter?\n                    <\/h3>\n                    <div class=\"faq-answer\">\n                        <p>Jo, AIFF Format huet super Metadatenf\u00e4egkeeten am Verglach zum WAV a kann embedded Albumkonschtwierker, Texter a \u00ebmfaassend ID3 Tags sp\u00e4icheren. D\u00ebst m\u00e9cht AIFF ideal fir Museksbiblioth\u00e9iken wou detaill\u00e9iert Streckinformatioun wichteg ass.<\/p>\n                    <\/div>\n                <\/div>\n                <div class=\"faq-item\">\n                    <h3 class=\"faq-question\">\n                        <span class=\"faq-icon\"><i class=\"fas fa-question-circle\"><\/i><\/span>\n                        Ginn et Kompatibilit\u00e9itsprobleemer mat AIFF Dateien op Windows?\n                    <\/h3>\n                    <div class=\"faq-answer\">\n                        <p>W\u00e4rend AIFF fir Apple Systemer optimis\u00e9iert ass, k\u00ebnnen d\u00e9i meescht modern Windows Audio Software AIFF Dateien handhaben. W\u00e9i och \u00ebmmer, e puer eeler oder Basis Windows Media Player k\u00ebnnen limit\u00e9iert AIFF \u00cbnnerst\u00ebtzung hunn, also betruecht \u00c4r Zil-Playback-\u00cbmfeld wann Dir t\u00ebscht Formater wielt.<\/p>\n                    <\/div>\n                <\/div>\n            <\/div>\n        <\/section>\n\n\n        <!-- CTA Section -->\n        <section class=\"cta-section\">\n            <div class=\"cta-pattern\"><\/div>\n            <div class=\"cta-content\">\n                <h2 class=\"cta-title\">Prett \u00c4r Dateien ze konvert\u00e9ieren?<\/h2>\n                <p class=\"cta-text\">Luet elo Convertify erof a f\u00e4nkt direkt un WAV op AIFF \u00ebmzewandelen. Gratis, onlimit\u00e9iert a komplett offline.<\/p>\n                <div class=\"hero-buttons\">\n                    <a href=\"\/download\" class=\"btn btn-primary\">Download Convert\u00e9ieren Gratis<\/a>\n                    <a href=\"\/pricing\" class=\"btn btn-secondary\">View Pr\u00e4isser<\/a>\n                <\/div>\n            <\/div>\n        <\/section>\n    <\/div>\n<\/body>\n<\/html>\n\n\n\n<p><\/p>\n","protected":false},"excerpt":{"rendered":"<p>WAV zu AIFF Konverter: Gratis, s\u00e9ier &#038; offline fir Windows WAV zu AIFF Konverter Konvert\u00e9iert WAV Audiodateien an AIFF Format [&hellip;]<\/p>\n","protected":false},"author":1,"featured_media":0,"parent":0,"menu_order":0,"comment_status":"closed","ping_status":"closed","template":"","meta":{"pagelayer_contact_templates":[],"_pagelayer_content":"","_uag_custom_page_level_css":"","site-sidebar-layout":"default","site-content-layout":"","ast-site-content-layout":"","site-content-style":"default","site-sidebar-style":"default","ast-global-header-display":"","ast-banner-title-visibility":"","ast-main-header-display":"","ast-hfb-above-header-display":"","ast-hfb-below-header-display":"","ast-hfb-mobile-header-display":"","site-post-title":"disabled","ast-breadcrumbs-content":"","ast-featured-img":"","footer-sml-layout":"","theme-transparent-header-meta":"","adv-header-id-meta":"","stick-header-meta":"","header-above-stick-meta":"","header-main-stick-meta":"","header-below-stick-meta":"","astra-migrate-meta-layouts":"default","ast-page-background-enabled":"default","ast-page-background-meta":{"desktop":{"background-color":"var(--ast-global-color-5)","background-image":"","background-repeat":"repeat","background-position":"center center","background-size":"auto","background-attachment":"scroll","background-type":"","background-media":"","overlay-type":"","overlay-color":"","overlay-opacity":"","overlay-gradient":""},"tablet":{"background-color":"","background-image":"","background-repeat":"repeat","background-position":"center center","background-size":"auto","background-attachment":"scroll","background-type":"","background-media":"","overlay-type":"","overlay-color":"","overlay-opacity":"","overlay-gradient":""},"mobile":{"background-color":"","background-image":"","background-repeat":"repeat","background-position":"center center","background-size":"auto","background-attachment":"scroll","background-type":"","background-media":"","overlay-type":"","overlay-color":"","overlay-opacity":"","overlay-gradient":""}},"ast-content-background-meta":{"desktop":{"background-color":"var(--ast-global-color-4)","background-image":"","background-repeat":"repeat","background-position":"center center","background-size":"auto","background-attachment":"scroll","background-type":"","background-media":"","overlay-type":"","overlay-color":"","overlay-opacity":"","overlay-gradient":""},"tablet":{"background-color":"var(--ast-global-color-4)","background-image":"","background-repeat":"repeat","background-position":"center center","background-size":"auto","background-attachment":"scroll","background-type":"","background-media":"","overlay-type":"","overlay-color":"","overlay-opacity":"","overlay-gradient":""},"mobile":{"background-color":"var(--ast-global-color-4)","background-image":"","background-repeat":"repeat","background-position":"center center","background-size":"auto","background-attachment":"scroll","background-type":"","background-media":"","overlay-type":"","overlay-color":"","overlay-opacity":"","overlay-gradient":""}},"footnotes":""},"class_list":["post-740517","page","type-page","status-publish","hentry"],"uagb_featured_image_src":{"full":false,"thumbnail":false,"medium":false,"medium_large":false,"large":false,"1536x1536":false,"2048x2048":false,"woocommerce_thumbnail":false,"woocommerce_single":false,"woocommerce_gallery_thumbnail":false},"uagb_author_info":{"display_name":"convertify","author_link":"https:\/\/convertifypro.com\/author\/convertifypro\/"},"uagb_comment_info":0,"uagb_excerpt":"WAV zu AIFF Konverter: Gratis, s\u00e9ier &#038; offline fir Windows WAV zu AIFF Konverter Konvert\u00e9iert WAV Audiodateien an AIFF Format [&hellip;]","_links":{"self":[{"href":"https:\/\/convertifypro.com\/wp-json\/wp\/v2\/pages\/740517","targetHints":{"allow":["GET"]}}],"collection":[{"href":"https:\/\/convertifypro.com\/wp-json\/wp\/v2\/pages"}],"about":[{"href":"https:\/\/convertifypro.com\/wp-json\/wp\/v2\/types\/page"}],"author":[{"embeddable":true,"href":"https:\/\/convertifypro.com\/wp-json\/wp\/v2\/users\/1"}],"replies":[{"embeddable":true,"href":"https:\/\/convertifypro.com\/wp-json\/wp\/v2\/comments?post=740517"}],"version-history":[{"count":0,"href":"https:\/\/convertifypro.com\/wp-json\/wp\/v2\/pages\/740517\/revisions"}],"wp:attachment":[{"href":"https:\/\/convertifypro.com\/wp-json\/wp\/v2\/media?parent=740517"}],"curies":[{"name":"wp","href":"https:\/\/api.w.org\/{rel}","templated":true}]}}