{"id":740575,"date":"2026-01-21T22:37:22","date_gmt":"2026-01-21T22:37:22","guid":{"rendered":"https:\/\/convertifypro.com\/?page_id=740575"},"modified":"2026-01-21T22:37:22","modified_gmt":"2026-01-21T22:37:22","slug":"pdf-to-fb2-converter","status":"publish","type":"page","link":"https:\/\/convertifypro.com\/is\/pdf-til-fb2-breytir\/","title":{"rendered":"PDF til FB2 Breytir"},"content":{"rendered":"<style class=\"wpcode-css-snippet\">.ast-custom-button {\r\n  display: none;\r\n}<\/style>\n\n\n\n<!DOCTYPE html>\n<html lang=\"en\">\n<head>\n    <meta charset=\"UTF-8\">\n    <meta name=\"viewport\" content=\"width=device-width, initial-scale=1.0\">\n    <meta name=\"description\" content=\"Convert PDF files to FB2 ebook format with our powerful offline converter. Perfect for mobile reading, digital libraries, and ebook optimization.\">\n    <meta name=\"keywords\" content=\"PDF to FB2 converter, PDF FB2 conversion, ebook converter, offline PDF converter, FB2 format, digital reading, Windows converter\">\n    <title>PDF til FB2 Breytir: Hratt, \u00f3keypis og \u00e1n nettengingar fyrir Windows<\/title>\n    <link rel=\"stylesheet\" href=\"https:\/\/cdnjs.cloudflare.com\/ajax\/libs\/font-awesome\/6.4.0\/css\/all.min.css\">\n    \n    <style>\n        \/* Main Styles *\/\n        :root {\n            --primary-color: #FD9800;\n            --primary-hover: #e88a00;\n            --text-color: #3A3A3A;\n            --light-bg: #f8faff;\n            --gradient-bg: linear-gradient(135deg, #f8faff 0%, #fff5e6 100%);\n            --box-shadow: 0 10px 30px rgba(0, 0, 0, 0.05);\n            --hover-shadow: 0 15px 35px rgba(0, 0, 0, 0.1);\n            --border-color: #f1f5f9;\n        }\n\n        .converter-section {\n            max-width: 1200px;\n            margin: 0 auto;\n            padding: 2rem 1.5rem;\n            font-family: 'Inter', 'Segoe UI', system-ui, -apple-system, sans-serif;\n            color: var(--text-color);\n        }\n\n        \/* Hero Section *\/\n        .hero-section {\n            text-align: center;\n            padding: 3rem 1rem;\n            margin-bottom: 3rem;\n            background: var(--gradient-bg);\n            border-radius: 16px;\n            position: relative;\n            overflow: hidden;\n        }\n\n        .hero-pattern {\n            position: absolute;\n            top: 0;\n            left: 0;\n            right: 0;\n            bottom: 0;\n            background-image: url(\"data:image\/svg+xml,%3Csvg width='60' height='60' viewBox='0 0 60 60' xmlns='http:\/\/www.w3.org\/2000\/svg'%3E%3Cg fill='none' fill-rule='evenodd'%3E%3Cg fill='%23fd9800' fill-opacity='0.05'%3E%3Cpath d='M36 34v-4h-2v4h-4v2h4v4h2v-4h4v-2h-4zm0-30V0h-2v4h-4v2h4v4h2V6h4V4h-4zM6 34v-4H4v4H0v2h4v4h2v-4h4v-2H6zM6 4V0H4v4H0v2h4v4h2V6h4V4H6z'\/%3E%3C\/g%3E%3C\/g%3E%3C\/svg%3E\");\n            opacity: 0.5;\n            z-index: 0;\n        }\n\n        .hero-content {\n            position: relative;\n            z-index: 1;\n            max-width: 800px;\n            margin: 0 auto;\n        }\n\n        .hero-title {\n            font-size: 2.8rem;\n            font-weight: 800;\n            margin-bottom: 1.5rem;\n            color: var(--text-color);\n        }\n\n        .hero-subtitle {\n            font-size: 1.25rem;\n            margin-bottom: 2rem;\n            color: var(--text-color);\n            line-height: 1.6;\n        }\n\n        .hero-badges {\n            display: flex;\n            flex-wrap: wrap;\n            justify-content: center;\n            gap: 1rem;\n            margin-bottom: 2rem;\n        }\n\n        .hero-badge {\n            display: flex;\n            align-items: center;\n            background: white;\n            border-radius: 50px;\n            padding: 0.5rem 1rem;\n            box-shadow: var(--box-shadow);\n            transition: all 0.3s ease;\n            border: 1px solid var(--border-color);\n        }\n\n        .hero-badge:hover {\n            transform: translateY(-3px);\n            box-shadow: var(--hover-shadow);\n            border-color: rgba(253, 152, 0, 0.3);\n        }\n\n        .hero-badge-icon {\n            color: var(--primary-color);\n            margin-right: 0.5rem;\n            font-size: 1rem;\n        }\n\n        .hero-badge-text {\n            font-size: 0.9rem;\n            font-weight: 600;\n            color: var(--text-color);\n        }\n\n        .hero-buttons {\n            display: flex;\n            justify-content: center;\n            gap: 1rem;\n            flex-wrap: wrap;\n        }\n\n        .btn {\n            display: inline-block;\n            padding: 0.75rem 1.5rem;\n            border-radius: 8px;\n            font-weight: 600;\n            text-decoration: none !important;\n            transition: all 0.3s ease;\n            cursor: pointer;\n            font-size: 1rem;\n        }\n\n        .btn-primary {\n            background-color: var(--primary-color);\n            color: white !important;\n            box-shadow: 0 8px 16px rgba(253, 152, 0, 0.2);\n            border: none;\n        }\n\n        .btn-primary:hover {\n            background-color: var(--primary-hover);\n            transform: translateY(-2px);\n            text-decoration: none !important;\n        }\n\n        .btn-secondary {\n            background-color: white;\n            color: var(--primary-color) !important;\n            border: 1px solid var(--border-color);\n        }\n\n        .btn-secondary:hover {\n            background-color: #fff5e6;\n            transform: translateY(-2px);\n            text-decoration: none !important;\n        }\n\n        \/* Features Section *\/\n        .features-section {\n            margin-bottom: 4rem;\n        }\n\n        .section-title {\n            font-size: 2.2rem;\n            font-weight: 700;\n            text-align: center;\n            margin-bottom: 2.5rem;\n            color: var(--text-color);\n        }\n\n        .features-grid {\n            display: grid;\n            grid-template-columns: repeat(auto-fit, minmax(300px, 1fr));\n            gap: 2rem;\n        }\n\n        .feature-card {\n            background: white;\n            border-radius: 16px;\n            overflow: hidden;\n            box-shadow: var(--box-shadow);\n            transition: all 0.3s ease;\n            border: 1px solid var(--border-color);\n            height: 100%;\n            display: flex;\n            flex-direction: column;\n        }\n\n        .feature-card:hover {\n            transform: translateY(-5px);\n            box-shadow: var(--hover-shadow);\n            border-color: rgba(253, 152, 0, 0.3);\n        }\n\n        .feature-icon {\n            width: 60px;\n            height: 60px;\n            background-color: rgba(253, 152, 0, 0.15);\n            color: var(--primary-color);\n            border-radius: 12px;\n            display: flex;\n            align-items: center;\n            justify-content: center;\n            margin-bottom: 1.5rem;\n            font-size: 1.8rem;\n            transition: all 0.3s ease;\n        }\n\n        .feature-card:hover .feature-icon {\n            background: linear-gradient(135deg, #FD9800 0%, #FF6D00 100%);\n            color: white;\n            box-shadow: 0 10px 20px rgba(253, 152, 0, 0.2);\n        }\n\n        .feature-content {\n            padding: 2rem;\n            flex-grow: 1;\n        }\n\n        .feature-title {\n            font-size: 1.4rem;\n            font-weight: 700;\n            margin-bottom: 1rem;\n            color: var(--text-color);\n        }\n\n        .feature-text {\n            font-size: 1rem;\n            color: #555;\n            line-height: 1.6;\n            margin-bottom: 1.5rem;\n        }\n\n        .feature-list {\n            list-style: none;\n            padding: 0;\n            margin: 0;\n        }\n\n        .feature-item {\n            display: flex;\n            align-items: flex-start;\n            margin-bottom: 0.75rem;\n            line-height: 1.5;\n        }\n\n        .feature-check {\n            color: var(--primary-color);\n            margin-right: 0.75rem;\n            flex-shrink: 0;\n            margin-top: 0.2rem;\n        }\n\n        .feature-item-text {\n            font-size: 0.95rem;\n            color: var(--text-color);\n        }\n\n        \/* Why Convert Section *\/\n        .why-convert-section {\n            margin-bottom: 4rem;\n            background: var(--light-bg);\n            border-radius: 16px;\n            padding: 3rem 2rem;\n        }\n\n        .comparison-grid {\n            display: grid;\n            grid-template-columns: repeat(auto-fit, minmax(300px, 1fr));\n            gap: 2rem;\n            margin-top: 2rem;\n        }\n\n        .format-card {\n            background: white;\n            border-radius: 16px;\n            padding: 1.5rem;\n            box-shadow: var(--box-shadow);\n            transition: all 0.3s ease;\n            border: 1px solid var(--border-color);\n        }\n\n        .format-card:hover {\n            transform: translateY(-5px);\n            box-shadow: var(--hover-shadow);\n            border-color: rgba(253, 152, 0, 0.3);\n        }\n\n        .format-title {\n            font-size: 1.6rem;\n            font-weight: 700;\n            margin-bottom: 1.25rem;\n            color: var(--text-color);\n            display: flex;\n            align-items: center;\n        }\n\n        .format-icon {\n            color: var(--primary-color);\n            margin-right: 0.75rem;\n            font-size: 1.6rem;\n        }\n\n        .format-list {\n            list-style: none;\n            padding: 0;\n            margin: 0;\n        }\n\n        .format-item {\n            display: flex;\n            align-items: flex-start;\n            margin-bottom: 0.85rem;\n        }\n\n        .format-check {\n            color: var(--primary-color);\n            margin-right: 0.75rem;\n            flex-shrink: 0;\n            margin-top: 0.2rem;\n        }\n\n        .format-text {\n            font-size: 0.95rem;\n            color: #555;\n            line-height: 1.5;\n        }\n\n        \/* How It Works Section *\/\n        .how-it-works-section {\n            margin-bottom: 4rem;\n        }\n\n        .steps-container {\n            max-width: 900px;\n            margin: 0 auto;\n        }\n\n        .step-card {\n            display: flex;\n            align-items: flex-start;\n            background: white;\n            border-radius: 16px;\n            padding: 2rem;\n            box-shadow: var(--box-shadow);\n            margin-bottom: 2rem;\n            border: 1px solid var(--border-color);\n            transition: all 0.3s ease;\n        }\n\n        .step-card:hover {\n            transform: translateY(-5px);\n            box-shadow: var(--hover-shadow);\n            border-color: rgba(253, 152, 0, 0.3);\n        }\n\n        .step-number {\n            width: 50px;\n            height: 50px;\n            background-color: rgba(253, 152, 0, 0.15);\n            color: var(--primary-color);\n            border-radius: 50%;\n            display: flex;\n            align-items: center;\n            justify-content: center;\n            font-size: 1.5rem;\n            font-weight: 700;\n            margin-right: 1.5rem;\n            flex-shrink: 0;\n            transition: all 0.3s ease;\n        }\n\n        .step-card:hover .step-number {\n            background: linear-gradient(135deg, #FD9800 0%, #FF6D00 100%);\n            color: white;\n            box-shadow: 0 10px 20px rgba(253, 152, 0, 0.2);\n        }\n\n        .step-content {\n            flex: 1;\n        }\n\n        .step-title {\n            font-size: 1.4rem;\n            font-weight: 700;\n            margin-bottom: 0.75rem;\n            color: var(--text-color);\n        }\n\n        .step-text {\n            font-size: 1rem;\n            color: #555;\n            line-height: 1.6;\n        }\n\n        \/* Use Cases Section *\/\n        .use-cases-section {\n            margin-bottom: 4rem;\n            background: var(--light-bg);\n            border-radius: 16px;\n            padding: 3rem 2rem;\n        }\n\n        .use-cases-grid {\n            display: grid;\n            grid-template-columns: repeat(auto-fit, minmax(300px, 1fr));\n            gap: 2rem;\n            margin-top: 2rem;\n        }\n\n        .use-case-card {\n            background: white;\n            border-radius: 16px;\n            padding: 1.5rem;\n            box-shadow: var(--box-shadow);\n            transition: all 0.3s ease;\n            border: 1px solid var(--border-color);\n            height: 100%;\n        }\n\n        .use-case-card:hover {\n            transform: translateY(-5px);\n            box-shadow: var(--hover-shadow);\n            border-color: rgba(253, 152, 0, 0.3);\n        }\n\n        .use-case-icon {\n            color: var(--primary-color);\n            font-size: 2rem;\n            margin-bottom: 1rem;\n        }\n\n        .use-case-title {\n            font-size: 1.3rem;\n            font-weight: 700;\n            margin-bottom: 1rem;\n            color: var(--text-color);\n        }\n\n        .use-case-text {\n            font-size: 0.95rem;\n            color: #555;\n            line-height: 1.6;\n        }\n\n        \/* FAQ Section *\/\n        .faq-section {\n            margin-bottom: 4rem;\n        }\n\n        .faq-container {\n            max-width: 900px;\n            margin: 0 auto;\n        }\n\n        .faq-item {\n            background: white;\n            border-radius: 16px;\n            padding: 1.5rem 2rem;\n            box-shadow: var(--box-shadow);\n            margin-bottom: 1.5rem;\n            border: 1px solid var(--border-color);\n            transition: all 0.3s ease;\n        }\n\n        .faq-item:hover {\n            transform: translateY(-3px);\n            box-shadow: var(--hover-shadow);\n            border-color: rgba(253, 152, 0, 0.3);\n        }\n\n        .faq-question {\n            font-size: 1.2rem;\n            font-weight: 700;\n            margin-bottom: 1rem;\n            color: var(--text-color);\n            display: flex;\n            align-items: center;\n        }\n\n        .faq-icon {\n            color: var(--primary-color);\n            margin-right: 0.75rem;\n            font-size: 1.2rem;\n        }\n\n        .faq-answer {\n            font-size: 1rem;\n            color: #555;\n            line-height: 1.6;\n        }\n\n        \/* Technical Details Section *\/\n        .technical-details-section {\n            margin-bottom: 4rem;\n        }\n\n        .technical-details-grid {\n            display: grid;\n            grid-template-columns: repeat(auto-fit, minmax(300px, 1fr));\n            gap: 2rem;\n        }\n\n        .tech-detail-card {\n            background: white;\n            border-radius: 16px;\n            padding: 1.5rem;\n            box-shadow: var(--box-shadow);\n            transition: all 0.3s ease;\n            border: 1px solid var(--border-color);\n        }\n\n        .tech-detail-card:hover {\n            transform: translateY(-5px);\n            box-shadow: var(--hover-shadow);\n            border-color: rgba(253, 152, 0, 0.3);\n        }\n\n        .tech-detail-title {\n            font-size: 1.3rem;\n            font-weight: 700;\n            margin-bottom: 1rem;\n            color: var(--text-color);\n            display: flex;\n            align-items: center;\n        }\n\n        .tech-detail-icon {\n            color: var(--primary-color);\n            margin-right: 0.75rem;\n            font-size: 1.3rem;\n        }\n\n        .tech-detail-text {\n            font-size: 0.95rem;\n            color: #555;\n            line-height: 1.6;\n        }\n\n        \/* Security Section *\/\n        .security-section {\n            margin-bottom: 4rem;\n            background: var(--light-bg);\n            border-radius: 16px;\n            padding: 3rem 2rem;\n        }\n\n        .security-features {\n            display: grid;\n            grid-template-columns: repeat(auto-fit, minmax(300px, 1fr));\n            gap: 2rem;\n            margin-top: 2rem;\n        }\n\n        .security-card {\n            background: white;\n            border-radius: 16px;\n            padding: 1.5rem;\n            box-shadow: var(--box-shadow);\n            transition: all 0.3s ease;\n            border: 1px solid var(--border-color);\n        }\n\n        .security-card:hover {\n            transform: translateY(-5px);\n            box-shadow: var(--hover-shadow);\n            border-color: rgba(253, 152, 0, 0.3);\n        }\n\n        .security-title {\n            font-size: 1.3rem;\n            font-weight: 700;\n            margin-bottom: 1rem;\n            color: var(--text-color);\n            display: flex;\n            align-items: center;\n        }\n\n        .security-icon {\n            color: var(--primary-color);\n            margin-right: 0.75rem;\n            font-size: 1.3rem;\n        }\n\n        .security-text {\n            font-size: 0.95rem;\n            color: #555;\n            line-height: 1.6;\n        }\n\n        \/* CTA Section *\/\n        .cta-section {\n            text-align: center;\n            padding: 3rem 1rem;\n            background: var(--gradient-bg);\n            border-radius: 16px;\n            position: relative;\n            overflow: hidden;\n            margin-bottom: 2rem;\n        }\n\n        .cta-pattern {\n            position: absolute;\n            top: 0;\n            left: 0;\n            right: 0;\n            bottom: 0;\n            background-image: url(\"data:image\/svg+xml,%3Csvg width='60' height='60' viewBox='0 0 60 60' xmlns='http:\/\/www.w3.org\/2000\/svg'%3E%3Cg fill='none' fill-rule='evenodd'%3E%3Cg fill='%23fd9800' fill-opacity='0.05'%3E%3Cpath d='M36 34v-4h-2v4h-4v2h4v4h2v-4h4v-2h-4zm0-30V0h-2v4h-4v2h4v4h2V6h4V4h-4zM6 34v-4H4v4H0v2h4v4h2v-4h4v-2H6zM6 4V0H4v4H0v2h4v4h2V6h4V4H6z'\/%3E%3C\/g%3E%3C\/g%3E%3C\/svg%3E\");\n            opacity: 0.5;\n            z-index: 0;\n        }\n\n        .cta-content {\n            position: relative;\n            z-index: 1;\n            max-width: 800px;\n            margin: 0 auto;\n        }\n\n        .cta-title {\n            font-size: 2.2rem;\n            font-weight: 700;\n            margin-bottom: 1.5rem;\n            color: var(--text-color);\n        }\n\n        .cta-text {\n            font-size: 1.1rem;\n            margin-bottom: 2rem;\n            color: #555;\n            line-height: 1.6;\n        }\n\n        \/* Guide-specific Styles *\/\n        .guide-content {\n            background: white;\n            border-radius: 16px;\n            padding: 2rem;\n            margin-bottom: 2rem;\n            box-shadow: var(--box-shadow);\n            border: 1px solid var(--border-color);\n        }\n\n        .guide-section-title {\n            font-size: 1.6rem;\n            font-weight: 700;\n            color: var(--text-color);\n            margin-bottom: 1rem;\n        }\n\n        .guide-text {\n            font-size: 1rem;\n            color: #555;\n            line-height: 1.8;\n            margin-bottom: 1rem;\n        }\n\n        .guide-list {\n            list-style: none;\n            padding: 0;\n            margin: 1rem 0;\n        }\n\n        .guide-list-item {\n            display: flex;\n            align-items: flex-start;\n            margin-bottom: 0.75rem;\n            padding-left: 1.5rem;\n            position: relative;\n        }\n\n        .guide-list-item::before {\n            content: \"\u2022\";\n            color: var(--primary-color);\n            font-weight: bold;\n            position: absolute;\n            left: 0;\n        }\n\n        \/* Responsive Styles *\/\n        @media (max-width: 768px) {\n            .hero-title {\n                font-size: 2.2rem;\n            }\n\n            .section-title {\n                font-size: 1.8rem;\n            }\n\n            .cta-title {\n                font-size: 1.8rem;\n            }\n\n            .features-grid {\n                grid-template-columns: 1fr;\n                max-width: 500px;\n                margin: 0 auto;\n            }\n\n            .step-card {\n                flex-direction: column;\n                align-items: flex-start;\n            }\n\n            .step-number {\n                margin-bottom: 1rem;\n                margin-right: 0;\n            }\n        }\n\n        @media (max-width: 480px) {\n            .hero-title {\n                font-size: 1.8rem;\n            }\n\n            .hero-subtitle {\n                font-size: 1.1rem;\n            }\n\n            .section-title {\n                font-size: 1.6rem;\n            }\n\n            .feature-content {\n                padding: 1.5rem;\n            }\n\n            .step-card {\n                padding: 1.5rem;\n            }\n\n            .faq-item {\n                padding: 1.25rem;\n            }\n        }\n\n        \/* Button text should never be underlined *\/\n        .btn:hover, .btn:focus, .btn:active {\n            text-decoration: none !important;\n        }\n    <\/style>\n<\/head>\n<body>\n    <div class=\"converter-section\">\n        <!-- Hero Section -->\n        <section class=\"hero-section\">\n            <div class=\"hero-pattern\"><\/div>\n            <div class=\"hero-content\">\n                <h1 class=\"hero-title\">PDF til FB2 Breytir<\/h1>\n                <p class=\"hero-subtitle\">Umbreyttu kyrrst\u00e6\u00f0um PDF skj\u00f6lum \u00ed gagnvirkar FB2 rafb\u00e6kur me\u00f0 r\u00e9ttri endurfl\u00e6\u00f0i texta, b\u00f3kamerkjum og f\u00ednstillingu lestrar. Fullkomi\u00f0 til a\u00f0 umbreyta fr\u00e6\u00f0ilegum greinum, handb\u00f3kum og skj\u00f6lum \u00ed sni\u00f0 sem hanna\u00f0 er s\u00e9rstaklega fyrir stafr\u00e6n lest\u00e6ki og rafb\u00f3kaforrit.<\/p>\n\n                <div class=\"hero-badges\">\n                    <div class=\"hero-badge\">\n                        <span class=\"hero-badge-icon\"><i class=\"fas fa-desktop\"><\/i><\/span>\n                        <span class=\"hero-badge-text\">100% \u00e1n nettengingar<\/span>\n                    <\/div>\n                    <div class=\"hero-badge\">\n                        <span class=\"hero-badge-icon\"><i class=\"fas fa-infinity\"><\/i><\/span>\n                        <span class=\"hero-badge-text\">\u00d3takm\u00f6rku\u00f0 vi\u00f0skipti<\/span>\n                    <\/div>\n                    <div class=\"hero-badge\">\n                        <span class=\"hero-badge-icon\"><i class=\"fas fa-shield-alt\"><\/i><\/span>\n                        <span class=\"hero-badge-text\">Einka og \u00f6ruggt<\/span>\n                    <\/div>\n                    <div class=\"hero-badge\">\n                        <span class=\"hero-badge-icon\"><i class=\"fas fa-bolt\"><\/i><\/span>\n                        <span class=\"hero-badge-text\">Eldingarflj\u00f3tur<\/span>\n                    <\/div>\n                <\/div>\n\n                <div class=\"hero-buttons\">\n                    <a href=\"\/download\" class=\"btn btn-primary\">S\u00e6kja \u00f3keypis<\/a>\n                    <a href=\"#how-it-works\" class=\"btn btn-secondary\">L\u00e6r\u00f0u meira<\/a>\n                <\/div>\n            <\/div>\n        <\/section>\n\n\n        <!-- Features Section -->\n        <section class=\"features-section\">\n            <h2 class=\"section-title\">Af hverju a\u00f0 velja Convertify fyrir PDF \u00ed FB2 vi\u00f0skipti?<\/h2>\n\n            <div class=\"features-grid\">\n                <div class=\"feature-card\">\n                    <div class=\"feature-content\">\n                        <div class=\"feature-icon\">\n                            <i class=\"fas fa-book-open\"><\/i>\n                        <\/div>\n                        <h3 class=\"feature-title\">Textafl\u00e6\u00f0i og f\u00ednstilling \u00e1 lestri<\/h3>\n                        <p class=\"feature-text\">Breytir f\u00f6stum PDF uppsetningum \u00ed endurfl\u00e6\u00f0ianlegan FB2 texta sem a\u00f0lagar sig fullkomlega a\u00f0 hva\u00f0a skj\u00e1st\u00e6r\u00f0 sem er e\u00f0a lestrart\u00e6ki. Vi\u00f0heldur textastigveldi \u00e1 me\u00f0an h\u00e6gt er a\u00f0 stilla leturst\u00e6r\u00f0 og a\u00f0laga lestur.<\/p>\n                        <ul class=\"feature-list\">\n                            <li class=\"feature-item\">\n                                <span class=\"feature-check\"><i class=\"fas fa-check-circle\"><\/i><\/span>\n                                <span class=\"feature-item-text\">Vi\u00f0heldur uppbyggingu og sni\u00f0i m\u00e1lsgreina<\/span>\n                            <\/li>\n                            <li class=\"feature-item\">\n                                <span class=\"feature-check\"><i class=\"fas fa-check-circle\"><\/i><\/span>\n                                <span class=\"feature-item-text\">Gerir stillanleg leturst\u00e6r\u00f0 og lestrarstillingar<\/span>\n                            <\/li>\n                            <li class=\"feature-item\">\n                                <span class=\"feature-check\"><i class=\"fas fa-check-circle\"><\/i><\/span>\n                                <span class=\"feature-item-text\">F\u00ednstillir textafl\u00e6\u00f0i fyrir \u00fdmsar skj\u00e1st\u00e6r\u00f0ir<\/span>\n                            <\/li>\n                        <\/ul>\n                    <\/div>\n                <\/div>\n                <div class=\"feature-card\">\n                    <div class=\"feature-content\">\n                        <div class=\"feature-icon\">\n                            <i class=\"fas fa-bookmark\"><\/i>\n                        <\/div>\n                        <h3 class=\"feature-title\">Var\u00f0veisla l\u00fdsigagna og siglinga<\/h3>\n                        <p class=\"feature-text\">Tekur \u00fat og umbreytir PDF b\u00f3kamerkjum, skjalaeiginleikum og bur\u00f0ar\u00fe\u00e1ttum \u00ed r\u00edkulegt l\u00fdsigagnakerfi FB2. B\u00fdr til r\u00e9ttar kaflaskiptingar og flakkskipulag fyrir aukna lestrarupplifun.<\/p>\n                        <ul class=\"feature-list\">\n                            <li class=\"feature-item\">\n                                <span class=\"feature-check\"><i class=\"fas fa-check-circle\"><\/i><\/span>\n                                <span class=\"feature-item-text\">Breytir PDF \u00fatl\u00ednum \u00ed FB2 lei\u00f0s\u00f6guskipulag<\/span>\n                            <\/li>\n                            <li class=\"feature-item\">\n                                <span class=\"feature-check\"><i class=\"fas fa-check-circle\"><\/i><\/span>\n                                <span class=\"feature-item-text\">Var\u00f0veitir l\u00fdsig\u00f6gn h\u00f6fundar, titils og skjals<\/span>\n                            <\/li>\n                            <li class=\"feature-item\">\n                                <span class=\"feature-check\"><i class=\"fas fa-check-circle\"><\/i><\/span>\n                                <span class=\"feature-item-text\">Vi\u00f0heldur kaflaskilum og kaflaskiptingum<\/span>\n                            <\/li>\n                        <\/ul>\n                    <\/div>\n                <\/div>\n                <div class=\"feature-card\">\n                    <div class=\"feature-content\">\n                        <div class=\"feature-icon\">\n                            <i class=\"fas fa-images\"><\/i>\n                        <\/div>\n                        <h3 class=\"feature-title\">Var\u00f0veisla mynda og sni\u00f0s<\/h3>\n                        <p class=\"feature-text\">Me\u00f0h\u00f6ndlar \u00e1 skynsamlegan h\u00e1tt innfelldar myndir, t\u00f6flur og fl\u00f3ki\u00f0 sni\u00f0 vi\u00f0 umbreytingu. F\u00ednstillir graf\u00edk fyrir rafb\u00f3kaskj\u00e1 en vi\u00f0heldur sj\u00f3nr\u00e6nni heilleika og r\u00e9ttri texta umb\u00fa\u00f0um um myndir.<\/p>\n                        <ul class=\"feature-list\">\n                            <li class=\"feature-item\">\n                                <span class=\"feature-check\"><i class=\"fas fa-check-circle\"><\/i><\/span>\n                                <span class=\"feature-item-text\">Tekur \u00fat og f\u00ednstillir innfelldar myndir<\/span>\n                            <\/li>\n                            <li class=\"feature-item\">\n                                <span class=\"feature-check\"><i class=\"fas fa-check-circle\"><\/i><\/span>\n                                <span class=\"feature-item-text\">Breytir t\u00f6flum \u00ed l\u00e6silegt textasni\u00f0<\/span>\n                            <\/li>\n                            <li class=\"feature-item\">\n                                <span class=\"feature-check\"><i class=\"fas fa-check-circle\"><\/i><\/span>\n                                <span class=\"feature-item-text\">Vi\u00f0heldur nau\u00f0synlegu sni\u00f0i og st\u00edl<\/span>\n                            <\/li>\n                        <\/ul>\n                    <\/div>\n                <\/div>\n            <\/div>\n        <\/section>\n\n\n        <!-- Why Convert Section -->\n        <section class=\"why-convert-section\">\n            <h2 class=\"section-title\">Af hverju a\u00f0 breyta PDF \u00ed FB2?<\/h2>\n\n            <div class=\"comparison-grid\">\n                <div class=\"format-card\">\n                    <h3 class=\"format-title\">\n                        <span class=\"format-icon\"><i class=\"fas fa-file-video\"><\/i><\/span>\n                        PDF sni\u00f0\n                    <\/h3>\n                    <ul class=\"format-list\">\n                        <li class=\"format-item\">\n                            <span class=\"format-check\"><i class=\"fas fa-check-circle\"><\/i><\/span>\n                            <span class=\"format-text\">Fr\u00e1b\u00e6rt til a\u00f0 var\u00f0veita n\u00e1kv\u00e6ma uppsetningu skjala og faglegt sni\u00f0<\/span>\n                        <\/li>\n                        <li class=\"format-item\">\n                            <span class=\"format-check\"><i class=\"fas fa-check-circle\"><\/i><\/span>\n                            <span class=\"format-text\">Alhli\u00f0a eindr\u00e6gni \u00e1 \u00f6llum kerfum og t\u00e6kjum<\/span>\n                        <\/li>\n                        <li class=\"format-item\">\n                            <span class=\"format-check\"><i class=\"fas fa-times-circle\"><\/i><\/span>\n                            <span class=\"format-text\">Fast \u00fatlit lagar sig ekki vel a\u00f0 mismunandi skj\u00e1st\u00e6r\u00f0um<\/span>\n                        <\/li>\n                        <li class=\"format-item\">\n                            <span class=\"format-check\"><i class=\"fas fa-times-circle\"><\/i><\/span>\n                            <span class=\"format-text\">Ekki f\u00ednstillt fyrir samfelldan lestur e\u00f0a rafb\u00f3kaforrit<\/span>\n                        <\/li>\n                        <li class=\"format-item\">\n                            <span class=\"format-check\"><i class=\"fas fa-times-circle\"><\/i><\/span>\n                            <span class=\"format-text\">Takm\u00f6rku\u00f0 m\u00f6guleiki \u00e1 endurfl\u00e6\u00f0i texta \u00ed fars\u00edmum<\/span>\n                        <\/li>\n                    <\/ul>\n                <\/div>\n\n                <div class=\"format-card\">\n                    <h3 class=\"format-title\">\n                        <span class=\"format-icon\"><i class=\"fas fa-file-video\"><\/i><\/span>\n                        FB2 sni\u00f0\n                    <\/h3>\n                    <ul class=\"format-list\">\n                        <li class=\"format-item\">\n                            <span class=\"format-check\"><i class=\"fas fa-check-circle\"><\/i><\/span>\n                            <span class=\"format-text\">Hanna\u00f0 s\u00e9rstaklega fyrir stafr\u00e6nan lestur me\u00f0 a\u00f0lagandi textafl\u00e6\u00f0i<\/span>\n                        <\/li>\n                        <li class=\"format-item\">\n                            <span class=\"format-check\"><i class=\"fas fa-check-circle\"><\/i><\/span>\n                            <span class=\"format-text\">R\u00edkur stu\u00f0ningur vi\u00f0 l\u00fdsig\u00f6gn fyrir betri skipulagningu b\u00f3kasafna<\/span>\n                        <\/li>\n                        <li class=\"format-item\">\n                            <span class=\"format-check\"><i class=\"fas fa-check-circle\"><\/i><\/span>\n                            <span class=\"format-text\">Minni skr\u00e1arst\u00e6r\u00f0ir f\u00ednstilltar fyrir dreifingu rafb\u00f3ka<\/span>\n                        <\/li>\n                        <li class=\"format-item\">\n                            <span class=\"format-check\"><i class=\"fas fa-check-circle\"><\/i><\/span>\n                            <span class=\"format-text\">Uppbygging sem byggir \u00e1 XML gerir kleift a\u00f0 \u00fatdr\u00e1ttur og flokkun texta er au\u00f0veldur<\/span>\n                        <\/li>\n                        <li class=\"format-item\">\n                            <span class=\"format-check\"><i class=\"fas fa-check-circle\"><\/i><\/span>\n                            <span class=\"format-text\">Betri leturs\u00e9rstilling og lestrara\u00f0gengisvalkostir<\/span>\n                        <\/li>\n                    <\/ul>\n                <\/div>\n            <\/div>\n        <\/section>\n\n\n        <!-- Technical Details Section -->\n        <section class=\"technical-details-section\">\n            <h2 class=\"section-title\">T\u00e6knilegar uppl\u00fdsingar<\/h2>\n\n            <div class=\"technical-details-grid\">\n                <div class=\"tech-detail-card\">\n                    <h3 class=\"tech-detail-title\">\n                        <span class=\"tech-detail-icon\"><i class=\"fas fa-code\"><\/i><\/span>\n                        FB2 XML uppbygging\n                    <\/h3>\n                    <p class=\"tech-detail-text\">FB2 notar vel skilgreint XML skema sem a\u00f0skilur efni fr\u00e1 kynningu, sem gerir kleift a\u00f0 sveigjanlegan st\u00edl og b\u00e6ta a\u00f0gengi. Sni\u00f0 inniheldur s\u00e9rstaka hluta fyrir l\u00fdsig\u00f6gn, l\u00fdsingu \u00e1 b\u00f3kum og l\u00edkamsinnihaldi me\u00f0 r\u00e9ttri merkingart\u00e6kni.<\/p>\n                <\/div>\n                <div class=\"tech-detail-card\">\n                    <h3 class=\"tech-detail-title\">\n                        <span class=\"tech-detail-icon\"><i class=\"fas fa-font\"><\/i><\/span>\n                        Texta\u00fatdr\u00e1ttur og OCR\n                    <\/h3>\n                    <p class=\"tech-detail-text\">Breytir PDF textal\u00f6gum \u00ed hreint FB2 efni \u00e1 me\u00f0an hann me\u00f0h\u00f6ndlar b\u00e6\u00f0i vektortexta og texta sem byggir \u00e1 myndum me\u00f0 OCR vinnslu. Vi\u00f0heldur Unicode stu\u00f0ningi fyrir al\u00fej\u00f3\u00f0lega stafi og var\u00f0veitir hei\u00f0arleika textak\u00f3\u00f0unarinnar.<\/p>\n                <\/div>\n                <div class=\"tech-detail-card\">\n                    <h3 class=\"tech-detail-title\">\n                        <span class=\"tech-detail-icon\"><i class=\"fas fa-compress-alt\"><\/i><\/span>\n                        Bestun skr\u00e1arst\u00e6r\u00f0ar\n                    <\/h3>\n                    <p class=\"tech-detail-text\">FB2 sni\u00f0 lei\u00f0ir venjulega til verulega minni skr\u00e1arst\u00e6r\u00f0a samanbori\u00f0 vi\u00f0 PDF me\u00f0 \u00fev\u00ed a\u00f0 fjarl\u00e6gja s\u00ed\u00f0u\u00fatlitstakmarkanir og f\u00ednstilla innfelldar myndir. Notar skilvirka \u00fej\u00f6ppun en heldur textag\u00e6\u00f0um og l\u00e6sileika.<\/p>\n                <\/div>\n            <\/div>\n        <\/section>\n\n\n        <!-- How It Works Section -->\n        <section id=\"how-it-works\" class=\"how-it-works-section\">\n            <h2 class=\"section-title\">Hvernig \u00e1 a\u00f0 breyta PDF \u00ed FB2<\/h2>\n\n            <div class=\"steps-container\">\n                <div class=\"step-card\">\n                    <div class=\"step-number\">1<\/div>\n                    <div class=\"step-content\">\n                        <h3 class=\"step-title\">S\u00e6kja og setja upp<\/h3>\n                        <p class=\"step-text\">S\u00e6ktu Convertify \u00f3keypis og settu \u00fea\u00f0 upp \u00e1 Windows t\u00f6lvunni \u00feinni. Enginn reikningur e\u00f0a skr\u00e1ning krafist.<\/p>\n                    <\/div>\n                <\/div>\n                <div class=\"step-card\">\n                    <div class=\"step-number\">2<\/div>\n                    <div class=\"step-content\">\n                        <h3 class=\"step-title\">B\u00e6ttu vi\u00f0 PDF skj\u00f6lunum \u00fe\u00ednum<\/h3>\n                        <p class=\"step-text\">Drag\u00f0u og slepptu PDF skj\u00f6lunum \u00fe\u00ednum \u00ed Convertify, e\u00f0a nota\u00f0u skr\u00e1arvafra til a\u00f0 velja \u00fe\u00e6r.<\/p>\n                    <\/div>\n                <\/div>\n                <div class=\"step-card\">\n                    <div class=\"step-number\">3<\/div>\n                    <div class=\"step-content\">\n                        <h3 class=\"step-title\">Veldu FB2 Output<\/h3>\n                        <p class=\"step-text\">Veldu FB2 sem \u00fattakssni\u00f0. Stilltu g\u00e6\u00f0astillingar ef \u00fe\u00f6rf krefur.<\/p>\n                    <\/div>\n                <\/div>\n                <div class=\"step-card\">\n                    <div class=\"step-number\">4<\/div>\n                    <div class=\"step-content\">\n                        <h3 class=\"step-title\">Umbreyta og vista<\/h3>\n                        <p class=\"step-text\">Smelltu \u00e1 Umbreyta og skr\u00e1rnar \u00fe\u00ednar ver\u00f0a unnar samstundis. Vista\u00f0u \u00fe\u00e6r hvar sem er \u00e1 t\u00f6lvunni \u00feinni.<\/p>\n                    <\/div>\n                <\/div>\n            <\/div>\n        <\/section>\n\n\n        <!-- Use Cases Section -->\n        <section class=\"use-cases-section\">\n            <h2 class=\"section-title\">Hven\u00e6r \u00e1 a\u00f0 nota PDF til FB2 umbreytingu<\/h2>\n\n            <div class=\"use-cases-grid\">\n                <div class=\"use-case-card\">\n                    <div class=\"use-case-icon\"><i class=\"fas fa-graduation-cap\"><\/i><\/div>\n                    <h3 class=\"use-case-title\">Fr\u00e6\u00f0ilegar greinar og ranns\u00f3knir<\/h3>\n                    <p class=\"use-case-text\">Umbreyttu ranns\u00f3knarritum og fr\u00e6\u00f0ilegum skj\u00f6lum \u00ed FB2 til a\u00f0 f\u00e1 betri lestur \u00e1 spjaldt\u00f6lvum og rafr\u00e6num lesendum, me\u00f0 b\u00e6ttu textafl\u00e6\u00f0i og a\u00f0gengi a\u00f0 tilvitnunum.<\/p>\n                <\/div>\n                <div class=\"use-case-card\">\n                    <div class=\"use-case-icon\"><i class=\"fas fa-book\"><\/i><\/div>\n                    <h3 class=\"use-case-title\">T\u00e6knilegar handb\u00e6kur<\/h3>\n                    <p class=\"use-case-text\">Umbreyttu t\u00e6kniskj\u00f6lum og notendahandb\u00f3kum \u00ed l\u00e6silegt rafb\u00f3karsni\u00f0, sem gerir \u00fe\u00e6r a\u00f0gengilegri \u00ed fars\u00edmum og au\u00f0veldara a\u00f0 leita \u00ed \u00feeim.<\/p>\n                <\/div>\n                <div class=\"use-case-card\">\n                    <div class=\"use-case-icon\"><i class=\"fas fa-newspaper\"><\/i><\/div>\n                    <h3 class=\"use-case-title\">Skjalasafn t\u00edmarita og fr\u00e9ttabr\u00e9fa<\/h3>\n                    <p class=\"use-case-text\">Umbreyttu PDF t\u00edmaritum og fr\u00e9ttabr\u00e9fum \u00ed FB2 fyrir betri lestrarupplifun fyrir fars\u00edma og til a\u00f0 b\u00faa til leitarh\u00e6f stafr\u00e6n skjalasafn me\u00f0 vi\u00f0eigandi l\u00fdsig\u00f6gnum.<\/p>\n                <\/div>\n                <div class=\"use-case-card\">\n                    <div class=\"use-case-icon\"><i class=\"fas fa-file-alt\"><\/i><\/div>\n                    <h3 class=\"use-case-title\">Sk\u00fdrsludreifing<\/h3>\n                    <p class=\"use-case-text\">Umbreyttu vi\u00f0skiptask\u00fdrslum og hv\u00edtb\u00f3kum \u00ed FB2 sni\u00f0 til a\u00f0 au\u00f0velda dreifingu og lestur \u00e1 \u00fdmsum t\u00e6kjum, s\u00e9rstaklega fyrir li\u00f0smenn sem nota rafr\u00e6na lesendur.<\/p>\n                <\/div>\n                <div class=\"use-case-card\">\n                    <div class=\"use-case-icon\"><i class=\"fas fa-mobile-alt\"><\/i><\/div>\n                    <h3 class=\"use-case-title\">Bestun lestrar fyrir fars\u00edma<\/h3>\n                    <p class=\"use-case-text\">Umbreyttu PDF skj\u00f6lum sem erfitt er a\u00f0 lesa \u00ed snjalls\u00edmum yfir \u00ed FB2 sni\u00f0 me\u00f0 r\u00e9ttri endurfl\u00e6\u00f0i texta og uppsetningu fyrir fars\u00edma.<\/p>\n                <\/div>\n                <div class=\"use-case-card\">\n                    <div class=\"use-case-icon\"><i class=\"fas fa-database\"><\/i><\/div>\n                    <h3 class=\"use-case-title\">Stafr\u00e6n b\u00f3kasafnsger\u00f0<\/h3>\n                    <p class=\"use-case-text\">Bygg\u00f0u skipul\u00f6g\u00f0 stafr\u00e6n b\u00f3kas\u00f6fn me\u00f0 \u00fev\u00ed a\u00f0 breyta PDF s\u00f6fnum \u00ed FB2 sni\u00f0, sem gerir betri skr\u00e1ningu, leit og l\u00fdsigagnastj\u00f3rnun fyrir st\u00f3r skjalas\u00f6fn.<\/p>\n                <\/div>\n            <\/div>\n        <\/section>\n\n\n        <!-- Security Section -->\n        <section class=\"security-section\">\n            <h2 class=\"section-title\">Pers\u00f3nuvernd \u00fe\u00edn er verndu\u00f0<\/h2>\n\n            <div class=\"security-features\">\n                <div class=\"security-card\">\n                    <h3 class=\"security-title\">\n                        <span class=\"security-icon\"><i class=\"fas fa-lock\"><\/i><\/span>\n                        100% \u00e1n nettengingar\n                    <\/h3>\n                    <p class=\"security-text\">\u00d6ll vi\u00f0skipti eiga s\u00e9r sta\u00f0 sta\u00f0bundi\u00f0 \u00e1 t\u00f6lvunni \u00feinni. Skr\u00e1rnar \u00fe\u00ednar fara aldrei \u00far t\u00e6kinu \u00fe\u00ednu og er aldrei hla\u00f0i\u00f0 upp \u00e1 neinn net\u00fej\u00f3n.<\/p>\n                <\/div>\n                <div class=\"security-card\">\n                    <h3 class=\"security-title\">\n                        <span class=\"security-icon\"><i class=\"fas fa-user-shield\"><\/i><\/span>\n                        Enginn reikningur krafist\n                    <\/h3>\n                    <p class=\"security-text\">Byrja\u00f0u a\u00f0 umbreyta strax \u00e1n \u00feess a\u00f0 b\u00faa til reikning, gefa upp pers\u00f3nulegar uppl\u00fdsingar e\u00f0a skr\u00e1 \u00feig fyrir neitt.<\/p>\n                <\/div>\n                <div class=\"security-card\">\n                    <h3 class=\"security-title\">\n                        <span class=\"security-icon\"><i class=\"fas fa-trash-alt\"><\/i><\/span>\n                        Sj\u00e1lfvirk hreinsun\n                    <\/h3>\n                    <p class=\"security-text\">T\u00edmabundnum skr\u00e1m er eytt \u00e1 \u00f6ruggan h\u00e1tt eftir umbreytingu. Upprunalegu skr\u00e1rnar \u00fe\u00ednar eru algj\u00f6rlega \u00f3snertar nema \u00fe\u00fa velur anna\u00f0.<\/p>\n                <\/div>\n            <\/div>\n        <\/section>\n\n\n        <!-- FAQ Section -->\n        <section class=\"faq-section\">\n            <h2 class=\"section-title\">Algengar spurningar<\/h2>\n\n            <div class=\"faq-container\">\n                <div class=\"faq-item\">\n                    <h3 class=\"faq-question\">\n                        <span class=\"faq-icon\"><i class=\"fas fa-question-circle\"><\/i><\/span>\n                        Mun umbreytingin var\u00f0veita allt textasni\u00f0 \u00far PDF-skr\u00e1nni minni?\n                    <\/h3>\n                    <div class=\"faq-answer\">\n                        <p>Umbreytingin var\u00f0veitir nau\u00f0synlega textabyggingu eins og fyrirsagnir, m\u00e1lsgreinar og grunnsni\u00f0. Hins vegar ver\u00f0a fl\u00f3knar uppsetningar og n\u00e1kv\u00e6m sta\u00f0setning a\u00f0l\u00f6gu\u00f0 a\u00f0 endurfl\u00e6\u00f0issni\u00f0i FB2 til a\u00f0 f\u00e1 betri lestrarupplifun.<\/p>\n                    <\/div>\n                <\/div>\n                <div class=\"faq-item\">\n                    <h3 class=\"faq-question\">\n                        <span class=\"faq-icon\"><i class=\"fas fa-question-circle\"><\/i><\/span>\n                        Hva\u00f0 ver\u00f0ur um myndir og graf\u00edk \u00ed PDF-skj\u00f6lunum vi\u00f0 umbreytingu?\n                    <\/h3>\n                    <div class=\"faq-answer\">\n                        <p>Myndir eru dregnar \u00fat og felldar inn \u00ed FB2 skr\u00e1na me\u00f0 f\u00ednstillingu fyrir rafb\u00f3kaskj\u00e1. T\u00f6flum og fl\u00f3kinni graf\u00edk m\u00e1 breyta \u00ed textasni\u00f0 e\u00f0a einfalda til a\u00f0 vi\u00f0halda l\u00e6sileika \u00ed rafb\u00f3karsni\u00f0i.<\/p>\n                    <\/div>\n                <\/div>\n                <div class=\"faq-item\">\n                    <h3 class=\"faq-question\">\n                        <span class=\"faq-icon\"><i class=\"fas fa-question-circle\"><\/i><\/span>\n                        Get \u00e9g umbreytt PDF skj\u00f6lum sem vernda\u00f0 er me\u00f0 lykilor\u00f0i \u00ed FB2?\n                    <\/h3>\n                    <div class=\"faq-answer\">\n                        <p>\u00de\u00fa \u00fearft fyrst a\u00f0 fjarl\u00e6gja lykilor\u00f0sv\u00f6rn \u00far PDF-skjalinu e\u00f0a gefa upp lykilor\u00f0i\u00f0 me\u00f0an \u00e1 umbreytingu stendur. FB2 skr\u00e1in sem myndast mun ekki flytja lykilor\u00f0sv\u00f6rnina fr\u00e1 upprunalegu PDF-skjalinu.<\/p>\n                    <\/div>\n                <\/div>\n                <div class=\"faq-item\">\n                    <h3 class=\"faq-question\">\n                        <span class=\"faq-icon\"><i class=\"fas fa-question-circle\"><\/i><\/span>\n                        Ver\u00f0ur PDF b\u00f3kamerkjum breytt \u00ed FB2 flakk?\n                    <\/h3>\n                    <div class=\"faq-answer\">\n                        <p>J\u00e1, PDF b\u00f3kamerkjum og \u00fatl\u00ednum er breytt \u00ed lei\u00f0s\u00f6gukerfi FB2, sem skapar efnisyfirlit sem virkar me\u00f0 rafb\u00f3kalesurum og veitir au\u00f0velda kaflalei\u00f0s\u00f6gn.<\/p>\n                    <\/div>\n                <\/div>\n                <div class=\"faq-item\">\n                    <h3 class=\"faq-question\">\n                        <span class=\"faq-icon\"><i class=\"fas fa-question-circle\"><\/i><\/span>\n                        Hvernig breytist skr\u00e1arst\u00e6r\u00f0 \u00feegar skipt er \u00far PDF \u00ed FB2?\n                    <\/h3>\n                    <div class=\"faq-answer\">\n                        <p>FB2 skr\u00e1r eru venjulega mun minni en PDF-skj\u00f6l vegna \u00feess a\u00f0 \u00fe\u00e6r fjarl\u00e6gja uppl\u00fdsingar um \u00fatlit s\u00ed\u00f0unnar og f\u00ednstilla efni fyrir lestur frekar en prentun. B\u00faast m\u00e1 vi\u00f0 verulegri st\u00e6r\u00f0arminnkun, s\u00e9rstaklega me\u00f0 texta\u00feungum skj\u00f6lum.<\/p>\n                    <\/div>\n                <\/div>\n                <div class=\"faq-item\">\n                    <h3 class=\"faq-question\">\n                        <span class=\"faq-icon\"><i class=\"fas fa-question-circle\"><\/i><\/span>\n                        Er h\u00e6gt a\u00f0 lesa FB2 skr\u00e1r \u00e1 \u00f6llum rafr\u00e6num t\u00e6kjum?\n                    <\/h3>\n                    <div class=\"faq-answer\">\n                        <p>FB2 er v\u00ed\u00f0a studd af m\u00f6rgum rafb\u00f3kalesendum og forritum, s\u00e9rstaklega vins\u00e6lt \u00e1 m\u00f6rku\u00f0um \u00ed Austur-Evr\u00f3pu. Hins vegar, fyrir h\u00e1marks eindr\u00e6gni vi\u00f0 t\u00e6ki eins og Kindle, g\u00e6tir \u00fe\u00fa \u00feurft frekari umbreytingu \u00ed EPUB e\u00f0a MOBI sni\u00f0.<\/p>\n                    <\/div>\n                <\/div>\n                <div class=\"faq-item\">\n                    <h3 class=\"faq-question\">\n                        <span class=\"faq-icon\"><i class=\"fas fa-question-circle\"><\/i><\/span>\n                        Hva\u00f0 ef PDF-skj\u00f6lin m\u00edn innihalda skanna\u00f0ar s\u00ed\u00f0ur \u00e1n textalaga?\n                    <\/h3>\n                    <div class=\"faq-answer\">\n                        <p>Umbreytirinn getur unni\u00f0 sk\u00f6nnu\u00f0 PDF skj\u00f6l \u00ed gegnum OCR (Optical Character Recognition) til a\u00f0 draga \u00fat textaefni, \u00fe\u00f3 a\u00f0 n\u00e1kv\u00e6mnin fari eftir g\u00e6\u00f0um upprunalegu sk\u00f6nnunarinnar og sk\u00fdrleika textans.<\/p>\n                    <\/div>\n                <\/div>\n                <div class=\"faq-item\">\n                    <h3 class=\"faq-question\">\n                        <span class=\"faq-icon\"><i class=\"fas fa-question-circle\"><\/i><\/span>\n                        Ver\u00f0a l\u00fdsig\u00f6gn eins og uppl\u00fdsingar um h\u00f6fund og titil var\u00f0veitt?\n                    <\/h3>\n                    <div class=\"faq-answer\">\n                        <p>J\u00e1, PDF l\u00fdsig\u00f6gnum, \u00fear \u00e1 me\u00f0al h\u00f6fundi, titli, efni og stofnunardagsetningu, ver\u00f0ur breytt \u00ed alhli\u00f0a l\u00fdsigagnakerfi FB2, sem \u00ed raun veitir \u00edtarlegri reiti fyrir b\u00f3kauppl\u00fdsingar en PDF sni\u00f0.<\/p>\n                    <\/div>\n                <\/div>\n            <\/div>\n        <\/section>\n\n\n        <!-- CTA Section -->\n        <section class=\"cta-section\">\n            <div class=\"cta-pattern\"><\/div>\n            <div class=\"cta-content\">\n                <h2 class=\"cta-title\">Tilb\u00fainn til a\u00f0 umbreyta skr\u00e1num \u00fe\u00ednum?<\/h2>\n                <p class=\"cta-text\">S\u00e6ktu Convertify n\u00fana og byrja\u00f0u a\u00f0 umbreyta PDF \u00ed FB2 samstundis. \u00d3keypis, \u00f3takmarka\u00f0 og algj\u00f6rlega offline.<\/p>\n                <div class=\"hero-buttons\">\n                    <a href=\"\/download\" class=\"btn btn-primary\">S\u00e6kja Convertify \u00f3keypis<\/a>\n                    <a href=\"\/pricing\" class=\"btn btn-secondary\">Sko\u00f0a ver\u00f0<\/a>\n                <\/div>\n            <\/div>\n        <\/section>\n    <\/div>\n<\/body>\n<\/html>\n\n\n\n<p><\/p>\n","protected":false},"excerpt":{"rendered":"<p>PDF til FB2 Breytir: Hratt, \u00f3keypis og \u00e1n nettengingar fyrir Windows PDF til FB2 Breytir Umbreyttu kyrrst\u00e6\u00f0um PDF skj\u00f6lum \u00ed [&hellip;]<\/p>\n","protected":false},"author":1,"featured_media":0,"parent":0,"menu_order":0,"comment_status":"closed","ping_status":"closed","template":"","meta":{"pagelayer_contact_templates":[],"_pagelayer_content":"","_uag_custom_page_level_css":"","site-sidebar-layout":"default","site-content-layout":"","ast-site-content-layout":"","site-content-style":"default","site-sidebar-style":"default","ast-global-header-display":"","ast-banner-title-visibility":"","ast-main-header-display":"","ast-hfb-above-header-display":"","ast-hfb-below-header-display":"","ast-hfb-mobile-header-display":"","site-post-title":"disabled","ast-breadcrumbs-content":"","ast-featured-img":"","footer-sml-layout":"","theme-transparent-header-meta":"","adv-header-id-meta":"","stick-header-meta":"","header-above-stick-meta":"","header-main-stick-meta":"","header-below-stick-meta":"","astra-migrate-meta-layouts":"default","ast-page-background-enabled":"default","ast-page-background-meta":{"desktop":{"background-color":"var(--ast-global-color-5)","background-image":"","background-repeat":"repeat","background-position":"center center","background-size":"auto","background-attachment":"scroll","background-type":"","background-media":"","overlay-type":"","overlay-color":"","overlay-opacity":"","overlay-gradient":""},"tablet":{"background-color":"","background-image":"","background-repeat":"repeat","background-position":"center center","background-size":"auto","background-attachment":"scroll","background-type":"","background-media":"","overlay-type":"","overlay-color":"","overlay-opacity":"","overlay-gradient":""},"mobile":{"background-color":"","background-image":"","background-repeat":"repeat","background-position":"center center","background-size":"auto","background-attachment":"scroll","background-type":"","background-media":"","overlay-type":"","overlay-color":"","overlay-opacity":"","overlay-gradient":""}},"ast-content-background-meta":{"desktop":{"background-color":"var(--ast-global-color-4)","background-image":"","background-repeat":"repeat","background-position":"center center","background-size":"auto","background-attachment":"scroll","background-type":"","background-media":"","overlay-type":"","overlay-color":"","overlay-opacity":"","overlay-gradient":""},"tablet":{"background-color":"var(--ast-global-color-4)","background-image":"","background-repeat":"repeat","background-position":"center center","background-size":"auto","background-attachment":"scroll","background-type":"","background-media":"","overlay-type":"","overlay-color":"","overlay-opacity":"","overlay-gradient":""},"mobile":{"background-color":"var(--ast-global-color-4)","background-image":"","background-repeat":"repeat","background-position":"center center","background-size":"auto","background-attachment":"scroll","background-type":"","background-media":"","overlay-type":"","overlay-color":"","overlay-opacity":"","overlay-gradient":""}},"footnotes":""},"class_list":["post-740575","page","type-page","status-publish","hentry"],"uagb_featured_image_src":{"full":false,"thumbnail":false,"medium":false,"medium_large":false,"large":false,"1536x1536":false,"2048x2048":false,"woocommerce_thumbnail":false,"woocommerce_single":false,"woocommerce_gallery_thumbnail":false},"uagb_author_info":{"display_name":"convertify","author_link":"https:\/\/convertifypro.com\/author\/convertifypro\/"},"uagb_comment_info":0,"uagb_excerpt":"PDF til FB2 Breytir: Hratt, \u00f3keypis og \u00e1n nettengingar fyrir Windows PDF til FB2 Breytir Umbreyttu kyrrst\u00e6\u00f0um PDF skj\u00f6lum \u00ed [&hellip;]","_links":{"self":[{"href":"https:\/\/convertifypro.com\/wp-json\/wp\/v2\/pages\/740575","targetHints":{"allow":["GET"]}}],"collection":[{"href":"https:\/\/convertifypro.com\/wp-json\/wp\/v2\/pages"}],"about":[{"href":"https:\/\/convertifypro.com\/wp-json\/wp\/v2\/types\/page"}],"author":[{"embeddable":true,"href":"https:\/\/convertifypro.com\/wp-json\/wp\/v2\/users\/1"}],"replies":[{"embeddable":true,"href":"https:\/\/convertifypro.com\/wp-json\/wp\/v2\/comments?post=740575"}],"version-history":[{"count":0,"href":"https:\/\/convertifypro.com\/wp-json\/wp\/v2\/pages\/740575\/revisions"}],"wp:attachment":[{"href":"https:\/\/convertifypro.com\/wp-json\/wp\/v2\/media?parent=740575"}],"curies":[{"name":"wp","href":"https:\/\/api.w.org\/{rel}","templated":true}]}}