{"id":740532,"date":"2026-01-21T22:37:31","date_gmt":"2026-01-21T22:37:31","guid":{"rendered":"https:\/\/convertifypro.com\/?page_id=740532"},"modified":"2026-01-21T22:37:31","modified_gmt":"2026-01-21T22:37:31","slug":"arw-to-tiff-converter","status":"publish","type":"page","link":"https:\/\/convertifypro.com\/hu\/arw-tiff-konverter\/","title":{"rendered":"ARW-TIFF konverter"},"content":{"rendered":"<style class=\"wpcode-css-snippet\">.ast-custom-button {\r\n  display: none;\r\n}<\/style>\n\n\n\n<!DOCTYPE html>\n<html lang=\"en\">\n<head>\n    <meta charset=\"UTF-8\">\n    <meta name=\"viewport\" content=\"width=device-width, initial-scale=1.0\">\n    <meta name=\"description\" content=\"Convert Sony ARW raw files to TIFF format with our powerful offline converter. Perfect for professional photography workflows and universal compatibility.\">\n    <meta name=\"keywords\" content=\"ARW to TIFF converter, Sony raw converter, ARW file converter, TIFF converter, raw to TIFF, Sony Alpha converter, photography converter, offline converter\">\n    <title>ARW-TIFF konverter: gyors, ingyenes \u00e9s offline Windowshoz<\/title>\n    <link rel=\"stylesheet\" href=\"https:\/\/cdnjs.cloudflare.com\/ajax\/libs\/font-awesome\/6.4.0\/css\/all.min.css\">\n    \n    <style>\n        \/* Main Styles *\/\n        :root {\n            --primary-color: #FD9800;\n            --primary-hover: #e88a00;\n            --text-color: #3A3A3A;\n            --light-bg: #f8faff;\n            --gradient-bg: linear-gradient(135deg, #f8faff 0%, #fff5e6 100%);\n            --box-shadow: 0 10px 30px rgba(0, 0, 0, 0.05);\n            --hover-shadow: 0 15px 35px rgba(0, 0, 0, 0.1);\n            --border-color: #f1f5f9;\n        }\n\n        .converter-section {\n            max-width: 1200px;\n            margin: 0 auto;\n            padding: 2rem 1.5rem;\n            font-family: 'Inter', 'Segoe UI', system-ui, -apple-system, sans-serif;\n            color: var(--text-color);\n        }\n\n        \/* Hero Section *\/\n        .hero-section {\n            text-align: center;\n            padding: 3rem 1rem;\n            margin-bottom: 3rem;\n            background: var(--gradient-bg);\n            border-radius: 16px;\n            position: relative;\n            overflow: hidden;\n        }\n\n        .hero-pattern {\n            position: absolute;\n            top: 0;\n            left: 0;\n            right: 0;\n            bottom: 0;\n            background-image: url(\"data:image\/svg+xml,%3Csvg width='60' height='60' viewBox='0 0 60 60' xmlns='http:\/\/www.w3.org\/2000\/svg'%3E%3Cg fill='none' fill-rule='evenodd'%3E%3Cg fill='%23fd9800' fill-opacity='0.05'%3E%3Cpath d='M36 34v-4h-2v4h-4v2h4v4h2v-4h4v-2h-4zm0-30V0h-2v4h-4v2h4v4h2V6h4V4h-4zM6 34v-4H4v4H0v2h4v4h2v-4h4v-2H6zM6 4V0H4v4H0v2h4v4h2V6h4V4H6z'\/%3E%3C\/g%3E%3C\/g%3E%3C\/svg%3E\");\n            opacity: 0.5;\n            z-index: 0;\n        }\n\n        .hero-content {\n            position: relative;\n            z-index: 1;\n            max-width: 800px;\n            margin: 0 auto;\n        }\n\n        .hero-title {\n            font-size: 2.8rem;\n            font-weight: 800;\n            margin-bottom: 1.5rem;\n            color: var(--text-color);\n        }\n\n        .hero-subtitle {\n            font-size: 1.25rem;\n            margin-bottom: 2rem;\n            color: var(--text-color);\n            line-height: 1.6;\n        }\n\n        .hero-badges {\n            display: flex;\n            flex-wrap: wrap;\n            justify-content: center;\n            gap: 1rem;\n            margin-bottom: 2rem;\n        }\n\n        .hero-badge {\n            display: flex;\n            align-items: center;\n            background: white;\n            border-radius: 50px;\n            padding: 0.5rem 1rem;\n            box-shadow: var(--box-shadow);\n            transition: all 0.3s ease;\n            border: 1px solid var(--border-color);\n        }\n\n        .hero-badge:hover {\n            transform: translateY(-3px);\n            box-shadow: var(--hover-shadow);\n            border-color: rgba(253, 152, 0, 0.3);\n        }\n\n        .hero-badge-icon {\n            color: var(--primary-color);\n            margin-right: 0.5rem;\n            font-size: 1rem;\n        }\n\n        .hero-badge-text {\n            font-size: 0.9rem;\n            font-weight: 600;\n            color: var(--text-color);\n        }\n\n        .hero-buttons {\n            display: flex;\n            justify-content: center;\n            gap: 1rem;\n            flex-wrap: wrap;\n        }\n\n        .btn {\n            display: inline-block;\n            padding: 0.75rem 1.5rem;\n            border-radius: 8px;\n            font-weight: 600;\n            text-decoration: none !important;\n            transition: all 0.3s ease;\n            cursor: pointer;\n            font-size: 1rem;\n        }\n\n        .btn-primary {\n            background-color: var(--primary-color);\n            color: white !important;\n            box-shadow: 0 8px 16px rgba(253, 152, 0, 0.2);\n            border: none;\n        }\n\n        .btn-primary:hover {\n            background-color: var(--primary-hover);\n            transform: translateY(-2px);\n            text-decoration: none !important;\n        }\n\n        .btn-secondary {\n            background-color: white;\n            color: var(--primary-color) !important;\n            border: 1px solid var(--border-color);\n        }\n\n        .btn-secondary:hover {\n            background-color: #fff5e6;\n            transform: translateY(-2px);\n            text-decoration: none !important;\n        }\n\n        \/* Features Section *\/\n        .features-section {\n            margin-bottom: 4rem;\n        }\n\n        .section-title {\n            font-size: 2.2rem;\n            font-weight: 700;\n            text-align: center;\n            margin-bottom: 2.5rem;\n            color: var(--text-color);\n        }\n\n        .features-grid {\n            display: grid;\n            grid-template-columns: repeat(auto-fit, minmax(300px, 1fr));\n            gap: 2rem;\n        }\n\n        .feature-card {\n            background: white;\n            border-radius: 16px;\n            overflow: hidden;\n            box-shadow: var(--box-shadow);\n            transition: all 0.3s ease;\n            border: 1px solid var(--border-color);\n            height: 100%;\n            display: flex;\n            flex-direction: column;\n        }\n\n        .feature-card:hover {\n            transform: translateY(-5px);\n            box-shadow: var(--hover-shadow);\n            border-color: rgba(253, 152, 0, 0.3);\n        }\n\n        .feature-icon {\n            width: 60px;\n            height: 60px;\n            background-color: rgba(253, 152, 0, 0.15);\n            color: var(--primary-color);\n            border-radius: 12px;\n            display: flex;\n            align-items: center;\n            justify-content: center;\n            margin-bottom: 1.5rem;\n            font-size: 1.8rem;\n            transition: all 0.3s ease;\n        }\n\n        .feature-card:hover .feature-icon {\n            background: linear-gradient(135deg, #FD9800 0%, #FF6D00 100%);\n            color: white;\n            box-shadow: 0 10px 20px rgba(253, 152, 0, 0.2);\n        }\n\n        .feature-content {\n            padding: 2rem;\n            flex-grow: 1;\n        }\n\n        .feature-title {\n            font-size: 1.4rem;\n            font-weight: 700;\n            margin-bottom: 1rem;\n            color: var(--text-color);\n        }\n\n        .feature-text {\n            font-size: 1rem;\n            color: #555;\n            line-height: 1.6;\n            margin-bottom: 1.5rem;\n        }\n\n        .feature-list {\n            list-style: none;\n            padding: 0;\n            margin: 0;\n        }\n\n        .feature-item {\n            display: flex;\n            align-items: flex-start;\n            margin-bottom: 0.75rem;\n            line-height: 1.5;\n        }\n\n        .feature-check {\n            color: var(--primary-color);\n            margin-right: 0.75rem;\n            flex-shrink: 0;\n            margin-top: 0.2rem;\n        }\n\n        .feature-item-text {\n            font-size: 0.95rem;\n            color: var(--text-color);\n        }\n\n        \/* Why Convert Section *\/\n        .why-convert-section {\n            margin-bottom: 4rem;\n            background: var(--light-bg);\n            border-radius: 16px;\n            padding: 3rem 2rem;\n        }\n\n        .comparison-grid {\n            display: grid;\n            grid-template-columns: repeat(auto-fit, minmax(300px, 1fr));\n            gap: 2rem;\n            margin-top: 2rem;\n        }\n\n        .format-card {\n            background: white;\n            border-radius: 16px;\n            padding: 1.5rem;\n            box-shadow: var(--box-shadow);\n            transition: all 0.3s ease;\n            border: 1px solid var(--border-color);\n        }\n\n        .format-card:hover {\n            transform: translateY(-5px);\n            box-shadow: var(--hover-shadow);\n            border-color: rgba(253, 152, 0, 0.3);\n        }\n\n        .format-title {\n            font-size: 1.6rem;\n            font-weight: 700;\n            margin-bottom: 1.25rem;\n            color: var(--text-color);\n            display: flex;\n            align-items: center;\n        }\n\n        .format-icon {\n            color: var(--primary-color);\n            margin-right: 0.75rem;\n            font-size: 1.6rem;\n        }\n\n        .format-list {\n            list-style: none;\n            padding: 0;\n            margin: 0;\n        }\n\n        .format-item {\n            display: flex;\n            align-items: flex-start;\n            margin-bottom: 0.85rem;\n        }\n\n        .format-check {\n            color: var(--primary-color);\n            margin-right: 0.75rem;\n            flex-shrink: 0;\n            margin-top: 0.2rem;\n        }\n\n        .format-text {\n            font-size: 0.95rem;\n            color: #555;\n            line-height: 1.5;\n        }\n\n        \/* How It Works Section *\/\n        .how-it-works-section {\n            margin-bottom: 4rem;\n        }\n\n        .steps-container {\n            max-width: 900px;\n            margin: 0 auto;\n        }\n\n        .step-card {\n            display: flex;\n            align-items: flex-start;\n            background: white;\n            border-radius: 16px;\n            padding: 2rem;\n            box-shadow: var(--box-shadow);\n            margin-bottom: 2rem;\n            border: 1px solid var(--border-color);\n            transition: all 0.3s ease;\n        }\n\n        .step-card:hover {\n            transform: translateY(-5px);\n            box-shadow: var(--hover-shadow);\n            border-color: rgba(253, 152, 0, 0.3);\n        }\n\n        .step-number {\n            width: 50px;\n            height: 50px;\n            background-color: rgba(253, 152, 0, 0.15);\n            color: var(--primary-color);\n            border-radius: 50%;\n            display: flex;\n            align-items: center;\n            justify-content: center;\n            font-size: 1.5rem;\n            font-weight: 700;\n            margin-right: 1.5rem;\n            flex-shrink: 0;\n            transition: all 0.3s ease;\n        }\n\n        .step-card:hover .step-number {\n            background: linear-gradient(135deg, #FD9800 0%, #FF6D00 100%);\n            color: white;\n            box-shadow: 0 10px 20px rgba(253, 152, 0, 0.2);\n        }\n\n        .step-content {\n            flex: 1;\n        }\n\n        .step-title {\n            font-size: 1.4rem;\n            font-weight: 700;\n            margin-bottom: 0.75rem;\n            color: var(--text-color);\n        }\n\n        .step-text {\n            font-size: 1rem;\n            color: #555;\n            line-height: 1.6;\n        }\n\n        \/* Use Cases Section *\/\n        .use-cases-section {\n            margin-bottom: 4rem;\n            background: var(--light-bg);\n            border-radius: 16px;\n            padding: 3rem 2rem;\n        }\n\n        .use-cases-grid {\n            display: grid;\n            grid-template-columns: repeat(auto-fit, minmax(300px, 1fr));\n            gap: 2rem;\n            margin-top: 2rem;\n        }\n\n        .use-case-card {\n            background: white;\n            border-radius: 16px;\n            padding: 1.5rem;\n            box-shadow: var(--box-shadow);\n            transition: all 0.3s ease;\n            border: 1px solid var(--border-color);\n            height: 100%;\n        }\n\n        .use-case-card:hover {\n            transform: translateY(-5px);\n            box-shadow: var(--hover-shadow);\n            border-color: rgba(253, 152, 0, 0.3);\n        }\n\n        .use-case-icon {\n            color: var(--primary-color);\n            font-size: 2rem;\n            margin-bottom: 1rem;\n        }\n\n        .use-case-title {\n            font-size: 1.3rem;\n            font-weight: 700;\n            margin-bottom: 1rem;\n            color: var(--text-color);\n        }\n\n        .use-case-text {\n            font-size: 0.95rem;\n            color: #555;\n            line-height: 1.6;\n        }\n\n        \/* FAQ Section *\/\n        .faq-section {\n            margin-bottom: 4rem;\n        }\n\n        .faq-container {\n            max-width: 900px;\n            margin: 0 auto;\n        }\n\n        .faq-item {\n            background: white;\n            border-radius: 16px;\n            padding: 1.5rem 2rem;\n            box-shadow: var(--box-shadow);\n            margin-bottom: 1.5rem;\n            border: 1px solid var(--border-color);\n            transition: all 0.3s ease;\n        }\n\n        .faq-item:hover {\n            transform: translateY(-3px);\n            box-shadow: var(--hover-shadow);\n            border-color: rgba(253, 152, 0, 0.3);\n        }\n\n        .faq-question {\n            font-size: 1.2rem;\n            font-weight: 700;\n            margin-bottom: 1rem;\n            color: var(--text-color);\n            display: flex;\n            align-items: center;\n        }\n\n        .faq-icon {\n            color: var(--primary-color);\n            margin-right: 0.75rem;\n            font-size: 1.2rem;\n        }\n\n        .faq-answer {\n            font-size: 1rem;\n            color: #555;\n            line-height: 1.6;\n        }\n\n        \/* Technical Details Section *\/\n        .technical-details-section {\n            margin-bottom: 4rem;\n        }\n\n        .technical-details-grid {\n            display: grid;\n            grid-template-columns: repeat(auto-fit, minmax(300px, 1fr));\n            gap: 2rem;\n        }\n\n        .tech-detail-card {\n            background: white;\n            border-radius: 16px;\n            padding: 1.5rem;\n            box-shadow: var(--box-shadow);\n            transition: all 0.3s ease;\n            border: 1px solid var(--border-color);\n        }\n\n        .tech-detail-card:hover {\n            transform: translateY(-5px);\n            box-shadow: var(--hover-shadow);\n            border-color: rgba(253, 152, 0, 0.3);\n        }\n\n        .tech-detail-title {\n            font-size: 1.3rem;\n            font-weight: 700;\n            margin-bottom: 1rem;\n            color: var(--text-color);\n            display: flex;\n            align-items: center;\n        }\n\n        .tech-detail-icon {\n            color: var(--primary-color);\n            margin-right: 0.75rem;\n            font-size: 1.3rem;\n        }\n\n        .tech-detail-text {\n            font-size: 0.95rem;\n            color: #555;\n            line-height: 1.6;\n        }\n\n        \/* Security Section *\/\n        .security-section {\n            margin-bottom: 4rem;\n            background: var(--light-bg);\n            border-radius: 16px;\n            padding: 3rem 2rem;\n        }\n\n        .security-features {\n            display: grid;\n            grid-template-columns: repeat(auto-fit, minmax(300px, 1fr));\n            gap: 2rem;\n            margin-top: 2rem;\n        }\n\n        .security-card {\n            background: white;\n            border-radius: 16px;\n            padding: 1.5rem;\n            box-shadow: var(--box-shadow);\n            transition: all 0.3s ease;\n            border: 1px solid var(--border-color);\n        }\n\n        .security-card:hover {\n            transform: translateY(-5px);\n            box-shadow: var(--hover-shadow);\n            border-color: rgba(253, 152, 0, 0.3);\n        }\n\n        .security-title {\n            font-size: 1.3rem;\n            font-weight: 700;\n            margin-bottom: 1rem;\n            color: var(--text-color);\n            display: flex;\n            align-items: center;\n        }\n\n        .security-icon {\n            color: var(--primary-color);\n            margin-right: 0.75rem;\n            font-size: 1.3rem;\n        }\n\n        .security-text {\n            font-size: 0.95rem;\n            color: #555;\n            line-height: 1.6;\n        }\n\n        \/* CTA Section *\/\n        .cta-section {\n            text-align: center;\n            padding: 3rem 1rem;\n            background: var(--gradient-bg);\n            border-radius: 16px;\n            position: relative;\n            overflow: hidden;\n            margin-bottom: 2rem;\n        }\n\n        .cta-pattern {\n            position: absolute;\n            top: 0;\n            left: 0;\n            right: 0;\n            bottom: 0;\n            background-image: url(\"data:image\/svg+xml,%3Csvg width='60' height='60' viewBox='0 0 60 60' xmlns='http:\/\/www.w3.org\/2000\/svg'%3E%3Cg fill='none' fill-rule='evenodd'%3E%3Cg fill='%23fd9800' fill-opacity='0.05'%3E%3Cpath d='M36 34v-4h-2v4h-4v2h4v4h2v-4h4v-2h-4zm0-30V0h-2v4h-4v2h4v4h2V6h4V4h-4zM6 34v-4H4v4H0v2h4v4h2v-4h4v-2H6zM6 4V0H4v4H0v2h4v4h2V6h4V4H6z'\/%3E%3C\/g%3E%3C\/g%3E%3C\/svg%3E\");\n            opacity: 0.5;\n            z-index: 0;\n        }\n\n        .cta-content {\n            position: relative;\n            z-index: 1;\n            max-width: 800px;\n            margin: 0 auto;\n        }\n\n        .cta-title {\n            font-size: 2.2rem;\n            font-weight: 700;\n            margin-bottom: 1.5rem;\n            color: var(--text-color);\n        }\n\n        .cta-text {\n            font-size: 1.1rem;\n            margin-bottom: 2rem;\n            color: #555;\n            line-height: 1.6;\n        }\n\n        \/* Guide-specific Styles *\/\n        .guide-content {\n            background: white;\n            border-radius: 16px;\n            padding: 2rem;\n            margin-bottom: 2rem;\n            box-shadow: var(--box-shadow);\n            border: 1px solid var(--border-color);\n        }\n\n        .guide-section-title {\n            font-size: 1.6rem;\n            font-weight: 700;\n            color: var(--text-color);\n            margin-bottom: 1rem;\n        }\n\n        .guide-text {\n            font-size: 1rem;\n            color: #555;\n            line-height: 1.8;\n            margin-bottom: 1rem;\n        }\n\n        .guide-list {\n            list-style: none;\n            padding: 0;\n            margin: 1rem 0;\n        }\n\n        .guide-list-item {\n            display: flex;\n            align-items: flex-start;\n            margin-bottom: 0.75rem;\n            padding-left: 1.5rem;\n            position: relative;\n        }\n\n        .guide-list-item::before {\n            content: \"\u2022\";\n            color: var(--primary-color);\n            font-weight: bold;\n            position: absolute;\n            left: 0;\n        }\n\n        \/* Responsive Styles *\/\n        @media (max-width: 768px) {\n            .hero-title {\n                font-size: 2.2rem;\n            }\n\n            .section-title {\n                font-size: 1.8rem;\n            }\n\n            .cta-title {\n                font-size: 1.8rem;\n            }\n\n            .features-grid {\n                grid-template-columns: 1fr;\n                max-width: 500px;\n                margin: 0 auto;\n            }\n\n            .step-card {\n                flex-direction: column;\n                align-items: flex-start;\n            }\n\n            .step-number {\n                margin-bottom: 1rem;\n                margin-right: 0;\n            }\n        }\n\n        @media (max-width: 480px) {\n            .hero-title {\n                font-size: 1.8rem;\n            }\n\n            .hero-subtitle {\n                font-size: 1.1rem;\n            }\n\n            .section-title {\n                font-size: 1.6rem;\n            }\n\n            .feature-content {\n                padding: 1.5rem;\n            }\n\n            .step-card {\n                padding: 1.5rem;\n            }\n\n            .faq-item {\n                padding: 1.25rem;\n            }\n        }\n\n        \/* Button text should never be underlined *\/\n        .btn:hover, .btn:focus, .btn:active {\n            text-decoration: none !important;\n        }\n    <\/style>\n<\/head>\n<body>\n    <div class=\"converter-section\">\n        <!-- Hero Section -->\n        <section class=\"hero-section\">\n            <div class=\"hero-pattern\"><\/div>\n            <div class=\"hero-content\">\n                <h1 class=\"hero-title\">ARW-TIFF konverter<\/h1>\n                <p class=\"hero-subtitle\">Konvert\u00e1lja a Sony ARW nyers f\u00e9nyk\u00e9pez\u0151g\u00e9p f\u00e1jljait TIFF form\u00e1tumba a professzion\u00e1lis szerkeszt\u00e9si munkafolyamatok \u00e9s az univerz\u00e1lis kompatibilit\u00e1s \u00e9rdek\u00e9ben. Alak\u00edtsa \u00e1t kiv\u00e1l\u00f3 min\u0151s\u00e9g\u0171 f\u00e9nyk\u00e9pez\u0151g\u00e9p\u00e9t ipari szabv\u00e1nyos TIFF-k\u00e9pekk\u00e9, mik\u00f6zben meg\u0151rzi a maxim\u00e1lis r\u00e9szletet \u00e9s sz\u00ednm\u00e9lys\u00e9get.<\/p>\n\n                <div class=\"hero-badges\">\n                    <div class=\"hero-badge\">\n                        <span class=\"hero-badge-icon\"><i class=\"fas fa-desktop\"><\/i><\/span>\n                        <span class=\"hero-badge-text\">100% offline<\/span>\n                    <\/div>\n                    <div class=\"hero-badge\">\n                        <span class=\"hero-badge-icon\"><i class=\"fas fa-infinity\"><\/i><\/span>\n                        <span class=\"hero-badge-text\">Korl\u00e1tlan sz\u00e1m\u00fa konverzi\u00f3<\/span>\n                    <\/div>\n                    <div class=\"hero-badge\">\n                        <span class=\"hero-badge-icon\"><i class=\"fas fa-shield-alt\"><\/i><\/span>\n                        <span class=\"hero-badge-text\">Priv\u00e1t \u00e9s biztons\u00e1gos<\/span>\n                    <\/div>\n                    <div class=\"hero-badge\">\n                        <span class=\"hero-badge-icon\"><i class=\"fas fa-bolt\"><\/i><\/span>\n                        <span class=\"hero-badge-text\">Vill\u00e1mgyors<\/span>\n                    <\/div>\n                <\/div>\n\n                <div class=\"hero-buttons\">\n                    <a href=\"\/download\" class=\"btn btn-primary\">Let\u00f6lt\u00e9s ingyenes<\/a>\n                    <a href=\"#how-it-works\" class=\"btn btn-secondary\">Tov\u00e1bbi inform\u00e1ci\u00f3<\/a>\n                <\/div>\n            <\/div>\n        <\/section>\n\n\n        <!-- Features Section -->\n        <section class=\"features-section\">\n            <h2 class=\"section-title\">Mi\u00e9rt v\u00e1lassza a Konvert\u00e1l\u00e1st az ARW-b\u00f3l TIFF-be val\u00f3 konvert\u00e1l\u00e1shoz?<\/h2>\n\n            <div class=\"features-grid\">\n                <div class=\"feature-card\">\n                    <div class=\"feature-content\">\n                        <div class=\"feature-icon\">\n                            <i class=\"fas fa-bolt\"><\/i>\n                        <\/div>\n                        <h3 class=\"feature-title\">Vill\u00e1mgyors RAW feldolgoz\u00e1s<\/h3>\n                        <p class=\"feature-text\">A Sony ARW-f\u00e1jlokat olyan optimaliz\u00e1lt algoritmusokkal dolgozhatja fel, amelyek dek\u00f3dolj\u00e1k a szabadalmaztatott nyers \u00e9rz\u00e9kel\u0151adatokat, \u00e9s prec\u00edz sz\u00ednm\u00e1trix-transzform\u00e1ci\u00f3kat alkalmaznak. T\u00f6bbmagos feldolgoz\u00f3motorunk m\u00e1sodpercek alatt kezeli az \u00f6sszetett demoszaicin- \u00e9s feh\u00e9regyens\u00faly-sz\u00e1m\u00edt\u00e1sokat.<\/p>\n                        <ul class=\"feature-list\">\n                            <li class=\"feature-item\">\n                                <span class=\"feature-check\"><i class=\"fas fa-check-circle\"><\/i><\/span>\n                                <span class=\"feature-item-text\">Optimaliz\u00e1lt Bayer minta demoszaicin<\/span>\n                            <\/li>\n                            <li class=\"feature-item\">\n                                <span class=\"feature-check\"><i class=\"fas fa-check-circle\"><\/i><\/span>\n                                <span class=\"feature-item-text\">Hardveresen gyors\u00edtott sz\u00ednfeldolgoz\u00e1s<\/span>\n                            <\/li>\n                            <li class=\"feature-item\">\n                                <span class=\"feature-check\"><i class=\"fas fa-check-circle\"><\/i><\/span>\n                                <span class=\"feature-item-text\">T\u00f6bb ezer ARW-f\u00e1jl k\u00f6tegelt konvert\u00e1l\u00e1sa<\/span>\n                            <\/li>\n                        <\/ul>\n                    <\/div>\n                <\/div>\n                <div class=\"feature-card\">\n                    <div class=\"feature-content\">\n                        <div class=\"feature-icon\">\n                            <i class=\"fas fa-palette\"><\/i>\n                        <\/div>\n                        <h3 class=\"feature-title\">Professzion\u00e1lis sz\u00ednpontoss\u00e1g<\/h3>\n                        <p class=\"feature-text\">Az \u00e1talak\u00edt\u00e1s sor\u00e1n tartsa fenn Sony f\u00e9nyk\u00e9pez\u0151g\u00e9pe \u00e9rz\u00e9kel\u0151adatainak teljes sz\u00ednsk\u00e1l\u00e1j\u00e1t \u00e9s bitm\u00e9lys\u00e9g\u00e9t. Motorunk meg\u0151rzi az eredeti sz\u00ednprofil-inform\u00e1ci\u00f3kat, \u00e9s megfelel\u0151 gamma-korrekci\u00f3kat alkalmaz a pontos TIFF-kimenet \u00e9rdek\u00e9ben.<\/p>\n                        <ul class=\"feature-list\">\n                            <li class=\"feature-item\">\n                                <span class=\"feature-check\"><i class=\"fas fa-check-circle\"><\/i><\/span>\n                                <span class=\"feature-item-text\">Meg\u0151rzi a 14 bites \u00e9rz\u00e9kel\u0151 adatm\u00e9lys\u00e9g\u00e9t<\/span>\n                            <\/li>\n                            <li class=\"feature-item\">\n                                <span class=\"feature-check\"><i class=\"fas fa-check-circle\"><\/i><\/span>\n                                <span class=\"feature-item-text\">Pontos sRGB \u00e9s Adobe RGB sz\u00ednterek<\/span>\n                            <\/li>\n                            <li class=\"feature-item\">\n                                <span class=\"feature-check\"><i class=\"fas fa-check-circle\"><\/i><\/span>\n                                <span class=\"feature-item-text\">Fenntartja a be\u00e1gyazott ICC sz\u00ednprofilokat<\/span>\n                            <\/li>\n                        <\/ul>\n                    <\/div>\n                <\/div>\n                <div class=\"feature-card\">\n                    <div class=\"feature-content\">\n                        <div class=\"feature-icon\">\n                            <i class=\"fas fa-shield-alt\"><\/i>\n                        <\/div>\n                        <h3 class=\"feature-title\">100%-os offline RAW konverzi\u00f3<\/h3>\n                        <p class=\"feature-text\">Konvert\u00e1lja \u00e9rt\u00e9kes kameraf\u00e1jljait an\u00e9lk\u00fcl, hogy b\u00e1rhov\u00e1 felt\u00f6lten\u00e9 \u0151ket. Az \u00f6sszes ARW-feldolgoz\u00e1s helyben, a Windows-g\u00e9pen t\u00f6rt\u00e9nik, \u00edgy a f\u00e9nyk\u00e9pez\u00e9si munk\u00e1ja teljesen priv\u00e1t \u00e9s biztons\u00e1gos marad.<\/p>\n                        <ul class=\"feature-list\">\n                            <li class=\"feature-item\">\n                                <span class=\"feature-check\"><i class=\"fas fa-check-circle\"><\/i><\/span>\n                                <span class=\"feature-item-text\">Nincs sz\u00fcks\u00e9g felh\u0151felt\u00f6lt\u00e9sre<\/span>\n                            <\/li>\n                            <li class=\"feature-item\">\n                                <span class=\"feature-check\"><i class=\"fas fa-check-circle\"><\/i><\/span>\n                                <span class=\"feature-item-text\">A f\u00e1jlok soha nem hagyj\u00e1k el a sz\u00e1m\u00edt\u00f3g\u00e9pet<\/span>\n                            <\/li>\n                            <li class=\"feature-item\">\n                                <span class=\"feature-check\"><i class=\"fas fa-check-circle\"><\/i><\/span>\n                                <span class=\"feature-item-text\">Internet kapcsolat n\u00e9lk\u00fcl m\u0171k\u00f6dik<\/span>\n                            <\/li>\n                        <\/ul>\n                    <\/div>\n                <\/div>\n            <\/div>\n        <\/section>\n\n\n        <!-- Why Convert Section -->\n        <section class=\"why-convert-section\">\n            <h2 class=\"section-title\">Mi\u00e9rt kell az ARW-t TIFF-re konvert\u00e1lni?<\/h2>\n\n            <div class=\"comparison-grid\">\n                <div class=\"format-card\">\n                    <h3 class=\"format-title\">\n                        <span class=\"format-icon\"><i class=\"fas fa-file-video\"><\/i><\/span>\n                        ARW form\u00e1tum\n                    <\/h3>\n                    <ul class=\"format-list\">\n                        <li class=\"format-item\">\n                            <span class=\"format-check\"><i class=\"fas fa-check-circle\"><\/i><\/span>\n                            <span class=\"format-text\">Teljes 14 bites \u00e9rz\u00e9kel\u0151adatokat r\u00f6gz\u00edt a Sony Alpha kamer\u00e1kr\u00f3l vesztes\u00e9gmentes t\u00f6m\u00f6r\u00edt\u00e9ssel<\/span>\n                        <\/li>\n                        <li class=\"format-item\">\n                            <span class=\"format-check\"><i class=\"fas fa-check-circle\"><\/i><\/span>\n                            <span class=\"format-text\">Meg\u0151rzi a maxim\u00e1lis dinamikatartom\u00e1nyt \u00e9s a sz\u00edninform\u00e1ci\u00f3kat a professzion\u00e1lis ut\u00f3feldolgoz\u00e1shoz<\/span>\n                        <\/li>\n                        <li class=\"format-item\">\n                            <span class=\"format-check\"><i class=\"fas fa-times-circle\"><\/i><\/span>\n                            <span class=\"format-text\">A megtekint\u00e9shez \u00e9s szerkeszt\u00e9shez speci\u00e1lis szoftver sz\u00fcks\u00e9ges, ami korl\u00e1tozza a hozz\u00e1f\u00e9r\u00e9st<\/span>\n                        <\/li>\n                        <li class=\"format-item\">\n                            <span class=\"format-check\"><i class=\"fas fa-times-circle\"><\/i><\/span>\n                            <span class=\"format-text\">A nagy f\u00e1jlm\u00e9retek (k\u00e9penk\u00e9nt 25-50 MB) jelent\u0151s t\u00e1rhelyet ig\u00e9nyelnek<\/span>\n                        <\/li>\n                        <li class=\"format-item\">\n                            <span class=\"format-check\"><i class=\"fas fa-times-circle\"><\/i><\/span>\n                            <span class=\"format-text\">Saj\u00e1t fejleszt\u00e9s\u0171 Sony form\u00e1tum korl\u00e1tozott kompatibilit\u00e1ssal a k\u00fcl\u00f6nb\u00f6z\u0151 platformokon<\/span>\n                        <\/li>\n                    <\/ul>\n                <\/div>\n\n                <div class=\"format-card\">\n                    <h3 class=\"format-title\">\n                        <span class=\"format-icon\"><i class=\"fas fa-file-video\"><\/i><\/span>\n                        TIFF form\u00e1tum\n                    <\/h3>\n                    <ul class=\"format-list\">\n                        <li class=\"format-item\">\n                            <span class=\"format-check\"><i class=\"fas fa-check-circle\"><\/i><\/span>\n                            <span class=\"format-text\">Univerz\u00e1lis kompatibilit\u00e1s az \u00f6sszes k\u00e9pszerkeszt\u0151 szoftverrel \u00e9s oper\u00e1ci\u00f3s rendszerrel<\/span>\n                        <\/li>\n                        <li class=\"format-item\">\n                            <span class=\"format-check\"><i class=\"fas fa-check-circle\"><\/i><\/span>\n                            <span class=\"format-text\">Mind a t\u00f6m\u00f6r\u00edtett, mind a t\u00f6m\u00f6r\u00edtetlen form\u00e1tumokat t\u00e1mogatja vesztes\u00e9gmentes LZW t\u00f6m\u00f6r\u00edt\u00e9ssel<\/span>\n                        <\/li>\n                        <li class=\"format-item\">\n                            <span class=\"format-check\"><i class=\"fas fa-check-circle\"><\/i><\/span>\n                            <span class=\"format-text\">Ipar\u00e1gi szabv\u00e1ny a professzion\u00e1lis nyomtat\u00e1si \u00e9s kiad\u00f3i munkafolyamatokhoz<\/span>\n                        <\/li>\n                        <li class=\"format-item\">\n                            <span class=\"format-check\"><i class=\"fas fa-check-circle\"><\/i><\/span>\n                            <span class=\"format-text\">Fenntartja a nagy bitm\u00e9lys\u00e9get (16 bites) a professzion\u00e1lis sz\u00ednbesorol\u00e1shoz \u00e9s szerkeszt\u00e9shez<\/span>\n                        <\/li>\n                        <li class=\"format-item\">\n                            <span class=\"format-check\"><i class=\"fas fa-check-circle\"><\/i><\/span>\n                            <span class=\"format-text\">Sz\u00e9les k\u00f6rben t\u00e1mogatj\u00e1k a webb\u00f6ng\u00e9sz\u0151k, dokumentumrendszerek \u00e9s arch\u00edv form\u00e1tumok<\/span>\n                        <\/li>\n                    <\/ul>\n                <\/div>\n            <\/div>\n        <\/section>\n\n\n        <!-- Technical Details Section -->\n        <section class=\"technical-details-section\">\n            <h2 class=\"section-title\">M\u0171szaki r\u00e9szletek<\/h2>\n\n            <div class=\"technical-details-grid\">\n                <div class=\"tech-detail-card\">\n                    <h3 class=\"tech-detail-title\">\n                        <span class=\"tech-detail-icon\"><i class=\"fas fa-cog\"><\/i><\/span>\n                        RAW \u00e9rz\u00e9kel\u0151 adatfeldolgoz\u00e1s\n                    <\/h3>\n                    <p class=\"tech-detail-text\">Az ARW-f\u00e1jlok feldolgozatlan Bayer-mintaadatokat tartalmaznak a Sony CMOS-\u00e9rz\u00e9kel\u0151it\u0151l. \u00c1talak\u00edt\u00f3nk fejlett interpol\u00e1ci\u00f3s algoritmusok seg\u00edts\u00e9g\u00e9vel demoszaicint hajt v\u00e9gre a teljes RGB \u00e9rt\u00e9kek rekonstru\u00e1l\u00e1s\u00e1ra a nyers RGGB pixelt\u00f6mbb\u0151l, majd a Sony speci\u00e1lis sz\u00ednm\u00e1trix transzform\u00e1ci\u00f3it alkalmazza a pontos sz\u00ednvisszaad\u00e1s biztos\u00edt\u00e1sa \u00e9rdek\u00e9ben a v\u00e9gs\u0151 TIFF kimenetben.<\/p>\n                <\/div>\n                <div class=\"tech-detail-card\">\n                    <h3 class=\"tech-detail-title\">\n                        <span class=\"tech-detail-icon\"><i class=\"fas fa-image\"><\/i><\/span>\n                        Bitm\u00e9lys\u00e9g \u00e9s sz\u00ednt\u00e9r kezel\u00e9se\n                    <\/h3>\n                    <p class=\"tech-detail-text\">A Sony ARW f\u00e1jlok jellemz\u0151en 14 bites line\u00e1ris \u00e9rz\u00e9kel\u0151adatokat tartalmaznak, amelyeket feldolgozunk, \u00e9s 16 bites TIFF form\u00e1tumra konvert\u00e1lunk a maxim\u00e1lis szerkeszt\u00e9si mozg\u00e1st\u00e9r \u00e9rdek\u00e9ben. Az \u00e1talak\u00edt\u00e1si folyamat kezeli a gamma-korrekci\u00f3t, megfelel\u0151 sz\u00ednt\u00e9r-\u00e1talak\u00edt\u00e1sokat alkalmaz (sRGB, Adobe RGB vagy ProPhoto RGB), \u00e9s meg\u0151rzi a be\u00e1gyazott ICC sz\u00ednprofilokat a pontos sz\u00ednkezel\u00e9s \u00e9rdek\u00e9ben.<\/p>\n                <\/div>\n                <div class=\"tech-detail-card\">\n                    <h3 class=\"tech-detail-title\">\n                        <span class=\"tech-detail-icon\"><i class=\"fas fa-compress\"><\/i><\/span>\n                        T\u00f6m\u00f6r\u00edt\u00e9s \u00e9s f\u00e1jlm\u00e9ret optimaliz\u00e1l\u00e1sa\n                    <\/h3>\n                    <p class=\"tech-detail-text\">Az \u00e1talak\u00edt\u00e1s sor\u00e1n v\u00e1laszthat a t\u00f6m\u00f6r\u00edtetlen TIFF k\u00f6z\u00f6tt a maxim\u00e1lis min\u0151s\u00e9g \u00e9rdek\u00e9ben, vagy az LZW vesztes\u00e9gmentes t\u00f6m\u00f6r\u00edt\u00e9s k\u00f6z\u00f6tt, hogy 30-50%-kal cs\u00f6kkentse a f\u00e1jlm\u00e9retet. Motorunk optimaliz\u00e1lja az \u00e1talak\u00edt\u00e1si folyamatot, hogy meg\u0151rizze az \u00f6sszes eredeti k\u00e9padatot, mik\u00f6zben rugalmas kimeneti lehet\u0151s\u00e9geket biztos\u00edt a k\u00fcl\u00f6nb\u00f6z\u0151 munkafolyamat-k\u00f6vetelm\u00e9nyekhez.<\/p>\n                <\/div>\n            <\/div>\n        <\/section>\n\n\n        <!-- How It Works Section -->\n        <section id=\"how-it-works\" class=\"how-it-works-section\">\n            <h2 class=\"section-title\">Hogyan lehet ARW-t TIFF-re konvert\u00e1lni<\/h2>\n\n            <div class=\"steps-container\">\n                <div class=\"step-card\">\n                    <div class=\"step-number\">1<\/div>\n                    <div class=\"step-content\">\n                        <h3 class=\"step-title\">Let\u00f6lt\u00e9s \u00e9s telep\u00edt\u00e9s<\/h3>\n                        <p class=\"step-text\">T\u00f6ltse le ingyenesen a Convertify-t, \u00e9s telep\u00edtse Windows PC-j\u00e9re. Nincs sz\u00fcks\u00e9g fi\u00f3kra vagy regisztr\u00e1ci\u00f3ra.<\/p>\n                    <\/div>\n                <\/div>\n                <div class=\"step-card\">\n                    <div class=\"step-number\">2<\/div>\n                    <div class=\"step-content\">\n                        <h3 class=\"step-title\">Adja hozz\u00e1 ARW f\u00e1jljait<\/h3>\n                        <p class=\"step-text\">H\u00fazza \u00e1t az ARW-f\u00e1jlokat a Convertify alkalmaz\u00e1sba, vagy haszn\u00e1lja a f\u00e1jlb\u00f6ng\u00e9sz\u0151t a kiv\u00e1laszt\u00e1s\u00e1hoz.<\/p>\n                    <\/div>\n                <\/div>\n                <div class=\"step-card\">\n                    <div class=\"step-number\">3<\/div>\n                    <div class=\"step-content\">\n                        <h3 class=\"step-title\">V\u00e1lassza a TIFF kimenet lehet\u0151s\u00e9get<\/h3>\n                        <p class=\"step-text\">V\u00e1lassza ki a TIFF-et kimeneti form\u00e1tumk\u00e9nt. Sz\u00fcks\u00e9g eset\u00e9n m\u00f3dos\u00edtsa a min\u0151s\u00e9gi be\u00e1ll\u00edt\u00e1sokat.<\/p>\n                    <\/div>\n                <\/div>\n                <div class=\"step-card\">\n                    <div class=\"step-number\">4<\/div>\n                    <div class=\"step-content\">\n                        <h3 class=\"step-title\">Konvert\u00e1l\u00e1s \u00e9s ment\u00e9s<\/h3>\n                        <p class=\"step-text\">Kattintson a Konvert\u00e1l\u00e1s gombra, \u00e9s a f\u00e1jlok azonnal feldolgoz\u00e1sra ker\u00fclnek. Mentse el \u0151ket b\u00e1rhov\u00e1 a sz\u00e1m\u00edt\u00f3g\u00e9p\u00e9n.<\/p>\n                    <\/div>\n                <\/div>\n            <\/div>\n        <\/section>\n\n\n        <!-- Use Cases Section -->\n        <section class=\"use-cases-section\">\n            <h2 class=\"section-title\">Mikor \u00e9rdemes ARW-b\u00f3l TIFF-be konvert\u00e1lni?<\/h2>\n\n            <div class=\"use-cases-grid\">\n                <div class=\"use-case-card\">\n                    <div class=\"use-case-icon\"><i class=\"fas fa-camera\"><\/i><\/div>\n                    <h3 class=\"use-case-title\">Professzion\u00e1lis f\u00e9nyk\u00e9pez\u00e9si munkafolyamatok<\/h3>\n                    <p class=\"use-case-text\">Konvert\u00e1lja az ARW f\u00e1jlokat TIFF form\u00e1tumba a z\u00f6kken\u0151mentes integr\u00e1ci\u00f3 \u00e9rdek\u00e9ben a professzion\u00e1lis szerkeszt\u0151programokkal, p\u00e9ld\u00e1ul a Photoshoppal, a Lightroom alternat\u00edv\u00e1kkal \u00e9s a szabv\u00e1nyos form\u00e1tumokat ig\u00e9nyl\u0151 nyomtat\u00e1si munkafolyamatokkal.<\/p>\n                <\/div>\n                <div class=\"use-case-card\">\n                    <div class=\"use-case-icon\"><i class=\"fas fa-print\"><\/i><\/div>\n                    <h3 class=\"use-case-title\">Kereskedelmi nyomtat\u00e1s \u00e9s kiad\u00e1s<\/h3>\n                    <p class=\"use-case-text\">K\u00e9sz\u00edtsen Sony f\u00e9nyk\u00e9pez\u0151g\u00e9p f\u00e1jlokat kereskedelmi nyomd\u00e1khoz \u00e9s kiad\u00f3i rendszerekhez, amelyek TIFF form\u00e1tumot ig\u00e9nyelnek meghat\u00e1rozott sz\u00ednprofilokkal \u00e9s bitm\u00e9lys\u00e9gekkel a pontos reprodukci\u00f3 \u00e9rdek\u00e9ben.<\/p>\n                <\/div>\n                <div class=\"use-case-card\">\n                    <div class=\"use-case-icon\"><i class=\"fas fa-archive\"><\/i><\/div>\n                    <h3 class=\"use-case-title\">Hossz\u00fa t\u00e1v\u00fa k\u00e9parchiv\u00e1l\u00e1s<\/h3>\n                    <p class=\"use-case-text\">Konvert\u00e1lja a szabadalmaztatott ARW-f\u00e1jlokat ny\u00edlt TIFF-szabv\u00e1nyra a hossz\u00fa t\u00e1v\u00fa archiv\u00e1l\u00e1s \u00e9rdek\u00e9ben, \u00edgy biztos\u00edtva, hogy a k\u00e9pek akkor is hozz\u00e1f\u00e9rhet\u0151k maradjanak, ha a Sony form\u00e1tumt\u00e1mogat\u00e1sa a j\u00f6v\u0151ben megv\u00e1ltozik.<\/p>\n                <\/div>\n                <div class=\"use-case-card\">\n                    <div class=\"use-case-icon\"><i class=\"fas fa-share-alt\"><\/i><\/div>\n                    <h3 class=\"use-case-title\">\u00dcgyf\u00e9lf\u00e1jl k\u00e9zbes\u00edt\u00e9s<\/h3>\n                    <p class=\"use-case-text\">Kiv\u00e1l\u00f3 min\u0151s\u00e9g\u0171 TIFF-f\u00e1jlokat biztos\u00edthat az \u00fcgyfeleknek, amelyek b\u00e1rmilyen rendszeren megnyithat\u00f3k speci\u00e1lis RAW-feldolgoz\u00f3 szoftver vagy Sony-specifikus alkalmaz\u00e1sok n\u00e9lk\u00fcl.<\/p>\n                <\/div>\n                <div class=\"use-case-card\">\n                    <div class=\"use-case-icon\"><i class=\"fas fa-globe\"><\/i><\/div>\n                    <h3 class=\"use-case-title\">Web \u00e9s digit\u00e1lis eszk\u00f6zkezel\u00e9s<\/h3>\n                    <p class=\"use-case-text\">Konvert\u00e1lja az ARW f\u00e1jlokat TIFF form\u00e1tumba digit\u00e1lis eszk\u00f6zkezel\u0151 rendszerekhez, webgal\u00e9ri\u00e1khoz \u00e9s online platformokhoz, amelyeknek univerz\u00e1lis form\u00e1tumkompatibilit\u00e1sra van sz\u00fcks\u00e9g\u00fck a k\u00e9pmin\u0151s\u00e9g meg\u0151rz\u00e9se mellett.<\/p>\n                <\/div>\n                <div class=\"use-case-card\">\n                    <div class=\"use-case-icon\"><i class=\"fas fa-users\"><\/i><\/div>\n                    <h3 class=\"use-case-title\">Csapat egy\u00fcttm\u0171k\u00f6d\u00e9s<\/h3>\n                    <p class=\"use-case-text\">Ossza meg a feldolgozott k\u00e9peket a csapattagokkal, tervez\u0151kkel \u00e9s \u00fcgyfelekkel, akik esetleg nem f\u00e9rnek hozz\u00e1 a RAW feldolgoz\u00f3 szoftverhez, de munk\u00e1jukhoz j\u00f3 min\u0151s\u00e9g\u0171 t\u00f6m\u00f6r\u00edtetlen k\u00e9pf\u00e1jlokra van sz\u00fcks\u00e9g\u00fck.<\/p>\n                <\/div>\n            <\/div>\n        <\/section>\n\n\n        <!-- Security Section -->\n        <section class=\"security-section\">\n            <h2 class=\"section-title\">Az \u00d6n szem\u00e9lyes adatai v\u00e9dve vannak<\/h2>\n\n            <div class=\"security-features\">\n                <div class=\"security-card\">\n                    <h3 class=\"security-title\">\n                        <span class=\"security-icon\"><i class=\"fas fa-lock\"><\/i><\/span>\n                        100% offline\n                    <\/h3>\n                    <p class=\"security-text\">Minden konverzi\u00f3 helyileg, a sz\u00e1m\u00edt\u00f3g\u00e9p\u00e9n t\u00f6rt\u00e9nik. A f\u00e1jlok soha nem hagyj\u00e1k el az eszk\u00f6zt, \u00e9s soha nem t\u00f6lt\u0151dnek fel semmilyen szerverre.<\/p>\n                <\/div>\n                <div class=\"security-card\">\n                    <h3 class=\"security-title\">\n                        <span class=\"security-icon\"><i class=\"fas fa-user-shield\"><\/i><\/span>\n                        Nincs fi\u00f3k sz\u00fcks\u00e9ges\n                    <\/h3>\n                    <p class=\"security-text\">Azonnal kezdje meg a konvert\u00e1l\u00e1st fi\u00f3k l\u00e9trehoz\u00e1sa, szem\u00e9lyes adatok megad\u00e1sa vagy b\u00e1rmire val\u00f3 regisztr\u00e1ci\u00f3 n\u00e9lk\u00fcl.<\/p>\n                <\/div>\n                <div class=\"security-card\">\n                    <h3 class=\"security-title\">\n                        <span class=\"security-icon\"><i class=\"fas fa-trash-alt\"><\/i><\/span>\n                        Automatikus tiszt\u00edt\u00e1s\n                    <\/h3>\n                    <p class=\"security-text\">Az ideiglenes f\u00e1jlok az \u00e1talak\u00edt\u00e1s ut\u00e1n biztons\u00e1gosan t\u00f6rl\u0151dnek. Az eredeti f\u00e1jljai teljesen \u00e9rintetlenek maradnak, hacsak m\u00e1sk\u00e9nt nem d\u00f6nt.<\/p>\n                <\/div>\n            <\/div>\n        <\/section>\n\n\n        <!-- FAQ Section -->\n        <section class=\"faq-section\">\n            <h2 class=\"section-title\">Gyakran Ism\u00e9telt K\u00e9rd\u00e9sek<\/h2>\n\n            <div class=\"faq-container\">\n                <div class=\"faq-item\">\n                    <h3 class=\"faq-question\">\n                        <span class=\"faq-icon\"><i class=\"fas fa-question-circle\"><\/i><\/span>\n                        Az ARW TIFF form\u00e1tumba konvert\u00e1l\u00e1sa cs\u00f6kkenti a k\u00e9pmin\u0151s\u00e9get?\n                    <\/h3>\n                    <div class=\"faq-answer\">\n                        <p>Nem, konverter\u00fcnk meg\u0151rzi az ARW-f\u00e1jlok teljes min\u0151s\u00e9g\u00e9t az\u00e1ltal, hogy fenntartja a 16 bites sz\u00ednm\u00e9lys\u00e9get \u00e9s megfelel\u0151 demoszaicin-algoritmusokat alkalmaz. Az \u00e1talak\u00edtott TIFF f\u00e1jlok meg\u0151rzik a Sony f\u00e9nyk\u00e9pez\u0151g\u00e9p \u00e9rz\u00e9kel\u0151j\u00e9nek minden r\u00e9szlet\u00e9t \u00e9s sz\u00edn\u00e9t.<\/p>\n                    <\/div>\n                <\/div>\n                <div class=\"faq-item\">\n                    <h3 class=\"faq-question\">\n                        <span class=\"faq-icon\"><i class=\"fas fa-question-circle\"><\/i><\/span>\n                        Konvert\u00e1lhatok t\u00f6bb ARW f\u00e1jlt egyszerre?\n                    <\/h3>\n                    <div class=\"faq-answer\">\n                        <p>Igen, a Convertify t\u00e1mogatja a hatalmas k\u00f6tegelt feldolgoz\u00e1st, amely lehet\u0151v\u00e9 teszi t\u00f6bb ezer ARW-f\u00e1jl egyidej\u0171 konvert\u00e1l\u00e1s\u00e1t. Egyszer\u0171en h\u00fazza \u00e1t a teljes fot\u00f3gy\u0171jtem\u00e9nyt, \u00e9s hagyja, hogy t\u00f6bbmagos feldolgoz\u00e1sunk hat\u00e9konyan kezelje az \u00e1talak\u00edt\u00e1st.<\/p>\n                    <\/div>\n                <\/div>\n                <div class=\"faq-item\">\n                    <h3 class=\"faq-question\">\n                        <span class=\"faq-icon\"><i class=\"fas fa-question-circle\"><\/i><\/span>\n                        Mely Sony f\u00e9nyk\u00e9pez\u0151g\u00e9p-modellek t\u00e1mogatottak?\n                    <\/h3>\n                    <div class=\"faq-answer\">\n                        <p>\u00c1talak\u00edt\u00f3nk t\u00e1mogatja az \u00f6sszes Sony Alpha f\u00e9nyk\u00e9pez\u0151g\u00e9p ARW f\u00e1jljait, bele\u00e9rtve az A7 sorozatot, az A9 sorozatot, az A6000 sorozatot \u00e9s a r\u00e9gebbi modelleket. A konverter automatikusan felismeri az adott kameramodellt, \u00e9s megfelel\u0151 sz\u00ednm\u00e1trixkorrekci\u00f3kat alkalmaz.<\/p>\n                    <\/div>\n                <\/div>\n                <div class=\"faq-item\">\n                    <h3 class=\"faq-question\">\n                        <span class=\"faq-icon\"><i class=\"fas fa-question-circle\"><\/i><\/span>\n                        Sz\u00fcks\u00e9gem van internetkapcsolatra az ARW f\u00e1jlok konvert\u00e1l\u00e1s\u00e1hoz?\n                    <\/h3>\n                    <div class=\"faq-answer\">\n                        <p>Nem, a Convertify 100%-ban offline m\u00f3dban m\u0171k\u00f6dik. Az \u00f6sszes ARW feldolgoz\u00e1s helyben, a Windows rendszer\u0171 sz\u00e1m\u00edt\u00f3g\u00e9p\u00e9n t\u00f6rt\u00e9nik, \u00edgy a f\u00e9nyk\u00e9pez\u00e9si f\u00e1jlok priv\u00e1tak \u00e9s biztons\u00e1gosak maradnak felh\u0151felt\u00f6lt\u00e9s vagy internetf\u00fcgg\u0151s\u00e9g n\u00e9lk\u00fcl.<\/p>\n                    <\/div>\n                <\/div>\n                <div class=\"faq-item\">\n                    <h3 class=\"faq-question\">\n                        <span class=\"faq-icon\"><i class=\"fas fa-question-circle\"><\/i><\/span>\n                        V\u00e1laszthatok k\u00fcl\u00f6nb\u00f6z\u0151 TIFF-t\u00f6m\u00f6r\u00edt\u00e9si be\u00e1ll\u00edt\u00e1sokat?\n                    <\/h3>\n                    <div class=\"faq-answer\">\n                        <p>Igen, v\u00e1laszthat a t\u00f6m\u00f6r\u00edtetlen TIFF k\u00f6z\u00f6tt a maxim\u00e1lis min\u0151s\u00e9g \u00e9rdek\u00e9ben, vagy az LZW vesztes\u00e9gmentes t\u00f6m\u00f6r\u00edt\u00e9s k\u00f6z\u00f6tt a f\u00e1jlm\u00e9ret cs\u00f6kkent\u00e9se \u00e9rdek\u00e9ben. Mindk\u00e9t lehet\u0151s\u00e9g meg\u0151rzi az \u00f6sszes k\u00e9padatot, mik\u00f6zben rugalmass\u00e1got biztos\u00edt a t\u00e1rol\u00e1si \u00e9s munkafolyamat-k\u00f6vetelm\u00e9nyek alapj\u00e1n.<\/p>\n                    <\/div>\n                <\/div>\n                <div class=\"faq-item\">\n                    <h3 class=\"faq-question\">\n                        <span class=\"faq-icon\"><i class=\"fas fa-question-circle\"><\/i><\/span>\n                        A konvert\u00e1lt TIFF-f\u00e1jlok meg\u0151rzik a sz\u00ednpontoss\u00e1got?\n                    <\/h3>\n                    <div class=\"faq-answer\">\n                        <p>Teljesen. \u00c1talak\u00edt\u00f3nk meg\u0151rzi a be\u00e1gyazott ICC sz\u00ednprofilokat, \u00e9s a Sony speci\u00e1lis sz\u00ednm\u00e1trix-\u00e1talak\u00edt\u00e1sait alkalmazza a pontos sz\u00ednvisszaad\u00e1s \u00e9rdek\u00e9ben. A TIFF-f\u00e1jlok ugyanazt a sz\u00ednteret \u00e9s gamma-jellemz\u0151ket tartj\u00e1k meg, mint az eredeti ARW-f\u00e1jlok.<\/p>\n                    <\/div>\n                <\/div>\n                <div class=\"faq-item\">\n                    <h3 class=\"faq-question\">\n                        <span class=\"faq-icon\"><i class=\"fas fa-question-circle\"><\/i><\/span>\n                        Mekkora lesz a konvert\u00e1lt TIFF f\u00e1jlok az ARW-hez k\u00e9pest?\n                    <\/h3>\n                    <div class=\"faq-answer\">\n                        <p>A TIFF-f\u00e1jlok \u00e1ltal\u00e1ban 2-3-szor nagyobbak, mint a t\u00f6m\u00f6r\u00edtett ARW-f\u00e1jlok, a form\u00e1tum t\u00f6m\u00f6r\u00edtetlen jellege miatt. Az LZW-t\u00f6m\u00f6r\u00edt\u00e9s seg\u00edts\u00e9g\u00e9vel azonban a TIFF-f\u00e1jlok m\u00e9rete k\u00f6r\u00fclbel\u00fcl 30-50%-kal cs\u00f6kkenthet\u0151 min\u0151s\u00e9groml\u00e1s n\u00e9lk\u00fcl.<\/p>\n                    <\/div>\n                <\/div>\n                <div class=\"faq-item\">\n                    <h3 class=\"faq-question\">\n                        <span class=\"faq-icon\"><i class=\"fas fa-question-circle\"><\/i><\/span>\n                        Konvert\u00e1lhatok ARW f\u00e1jlokat egy\u00e9ni feh\u00e9regyens\u00faly-be\u00e1ll\u00edt\u00e1sokkal?\n                    <\/h3>\n                    <div class=\"faq-answer\">\n                        <p>A konverter az ARW-f\u00e1jlokat a be\u00e1gyazott kamerabe\u00e1ll\u00edt\u00e1sok seg\u00edts\u00e9g\u00e9vel dolgozza fel, bele\u00e9rtve a feh\u00e9regyens\u00falyt, az expoz\u00edci\u00f3kompenz\u00e1ci\u00f3t \u00e9s a r\u00f6gz\u00edt\u00e9skor r\u00f6gz\u00edtett egy\u00e9b param\u00e9tereket. Az eredm\u00e9ny\u00fcl kapott TIFF-f\u00e1jlok a f\u00e9nyk\u00e9pez\u0151g\u00e9p eredeti be\u00e1ll\u00edt\u00e1sait t\u00fckr\u00f6zik a k\u00f6vetkezetes eredm\u00e9ny \u00e9rdek\u00e9ben.<\/p>\n                    <\/div>\n                <\/div>\n            <\/div>\n        <\/section>\n\n\n        <!-- CTA Section -->\n        <section class=\"cta-section\">\n            <div class=\"cta-pattern\"><\/div>\n            <div class=\"cta-content\">\n                <h2 class=\"cta-title\">K\u00e9szen \u00e1ll a f\u00e1jlok konvert\u00e1l\u00e1s\u00e1ra?<\/h2>\n                <p class=\"cta-text\">T\u00f6ltse le a Convertify alkalmaz\u00e1st most, \u00e9s kezdje el azonnal az ARW-t TIFF form\u00e1tumba konvert\u00e1lni. Ingyenes, korl\u00e1tlan \u00e9s teljesen offline.<\/p>\n                <div class=\"hero-buttons\">\n                    <a href=\"\/download\" class=\"btn btn-primary\">A Convertify let\u00f6lt\u00e9se ingyenes<\/a>\n                    <a href=\"\/pricing\" class=\"btn btn-secondary\">\u00c1rak megtekint\u00e9se<\/a>\n                <\/div>\n            <\/div>\n        <\/section>\n    <\/div>\n<\/body>\n<\/html>\n\n\n\n<p><\/p>\n","protected":false},"excerpt":{"rendered":"<p>ARW-TIFF konverter: gyors, ingyenes \u00e9s offline Windowshoz ARW-TIFF konverter Konvert\u00e1lja a Sony ARW nyers f\u00e9nyk\u00e9pez\u0151g\u00e9p f\u00e1jljait TIFF form\u00e1tumba a professzion\u00e1lis [&hellip;]<\/p>\n","protected":false},"author":1,"featured_media":0,"parent":0,"menu_order":0,"comment_status":"closed","ping_status":"closed","template":"","meta":{"pagelayer_contact_templates":[],"_pagelayer_content":"","_uag_custom_page_level_css":"","site-sidebar-layout":"default","site-content-layout":"","ast-site-content-layout":"","site-content-style":"default","site-sidebar-style":"default","ast-global-header-display":"","ast-banner-title-visibility":"","ast-main-header-display":"","ast-hfb-above-header-display":"","ast-hfb-below-header-display":"","ast-hfb-mobile-header-display":"","site-post-title":"disabled","ast-breadcrumbs-content":"","ast-featured-img":"","footer-sml-layout":"","theme-transparent-header-meta":"","adv-header-id-meta":"","stick-header-meta":"","header-above-stick-meta":"","header-main-stick-meta":"","header-below-stick-meta":"","astra-migrate-meta-layouts":"default","ast-page-background-enabled":"default","ast-page-background-meta":{"desktop":{"background-color":"var(--ast-global-color-5)","background-image":"","background-repeat":"repeat","background-position":"center center","background-size":"auto","background-attachment":"scroll","background-type":"","background-media":"","overlay-type":"","overlay-color":"","overlay-opacity":"","overlay-gradient":""},"tablet":{"background-color":"","background-image":"","background-repeat":"repeat","background-position":"center center","background-size":"auto","background-attachment":"scroll","background-type":"","background-media":"","overlay-type":"","overlay-color":"","overlay-opacity":"","overlay-gradient":""},"mobile":{"background-color":"","background-image":"","background-repeat":"repeat","background-position":"center center","background-size":"auto","background-attachment":"scroll","background-type":"","background-media":"","overlay-type":"","overlay-color":"","overlay-opacity":"","overlay-gradient":""}},"ast-content-background-meta":{"desktop":{"background-color":"var(--ast-global-color-4)","background-image":"","background-repeat":"repeat","background-position":"center center","background-size":"auto","background-attachment":"scroll","background-type":"","background-media":"","overlay-type":"","overlay-color":"","overlay-opacity":"","overlay-gradient":""},"tablet":{"background-color":"var(--ast-global-color-4)","background-image":"","background-repeat":"repeat","background-position":"center center","background-size":"auto","background-attachment":"scroll","background-type":"","background-media":"","overlay-type":"","overlay-color":"","overlay-opacity":"","overlay-gradient":""},"mobile":{"background-color":"var(--ast-global-color-4)","background-image":"","background-repeat":"repeat","background-position":"center center","background-size":"auto","background-attachment":"scroll","background-type":"","background-media":"","overlay-type":"","overlay-color":"","overlay-opacity":"","overlay-gradient":""}},"footnotes":""},"class_list":["post-740532","page","type-page","status-publish","hentry"],"uagb_featured_image_src":{"full":false,"thumbnail":false,"medium":false,"medium_large":false,"large":false,"1536x1536":false,"2048x2048":false,"woocommerce_thumbnail":false,"woocommerce_single":false,"woocommerce_gallery_thumbnail":false},"uagb_author_info":{"display_name":"convertify","author_link":"https:\/\/convertifypro.com\/author\/convertifypro\/"},"uagb_comment_info":0,"uagb_excerpt":"ARW-TIFF konverter: gyors, ingyenes \u00e9s offline Windowshoz ARW-TIFF konverter Konvert\u00e1lja a Sony ARW nyers f\u00e9nyk\u00e9pez\u0151g\u00e9p f\u00e1jljait TIFF form\u00e1tumba a professzion\u00e1lis [&hellip;]","_links":{"self":[{"href":"https:\/\/convertifypro.com\/wp-json\/wp\/v2\/pages\/740532","targetHints":{"allow":["GET"]}}],"collection":[{"href":"https:\/\/convertifypro.com\/wp-json\/wp\/v2\/pages"}],"about":[{"href":"https:\/\/convertifypro.com\/wp-json\/wp\/v2\/types\/page"}],"author":[{"embeddable":true,"href":"https:\/\/convertifypro.com\/wp-json\/wp\/v2\/users\/1"}],"replies":[{"embeddable":true,"href":"https:\/\/convertifypro.com\/wp-json\/wp\/v2\/comments?post=740532"}],"version-history":[{"count":0,"href":"https:\/\/convertifypro.com\/wp-json\/wp\/v2\/pages\/740532\/revisions"}],"wp:attachment":[{"href":"https:\/\/convertifypro.com\/wp-json\/wp\/v2\/media?parent=740532"}],"curies":[{"name":"wp","href":"https:\/\/api.w.org\/{rel}","templated":true}]}}