{"id":740507,"date":"2026-01-21T22:37:36","date_gmt":"2026-01-21T22:37:36","guid":{"rendered":"https:\/\/convertifypro.com\/?page_id=740507"},"modified":"2026-01-21T22:37:36","modified_gmt":"2026-01-21T22:37:36","slug":"nef-to-tiff-converter","status":"publish","type":"page","link":"https:\/\/convertifypro.com\/hu\/nef-tiff-konverter\/","title":{"rendered":"NEF-TIFF konverter"},"content":{"rendered":"<style class=\"wpcode-css-snippet\">.ast-custom-button {\r\n  display: none;\r\n}<\/style>\n\n\n\n<!DOCTYPE html>\n<html lang=\"en\">\n<head>\n    <meta charset=\"UTF-8\">\n    <meta name=\"viewport\" content=\"width=device-width, initial-scale=1.0\">\n    <meta name=\"description\" content=\"Convert Nikon NEF files to TIFF format with our powerful offline converter. Perfect for professional printing, client delivery, and universal compatibility.\">\n    <meta name=\"keywords\" content=\"nef to tiff, nikon raw converter, nef converter, tiff converter, raw to tiff, nikon nef, professional image conversion, offline converter, batch nef conversion, windows nef converter\">\n    <title>NEF-TIFF konverter: gyors, ingyenes \u00e9s offline Windowshoz<\/title>\n    <link rel=\"stylesheet\" href=\"https:\/\/cdnjs.cloudflare.com\/ajax\/libs\/font-awesome\/6.4.0\/css\/all.min.css\">\n    \n    <style>\n        \/* Main Styles *\/\n        :root {\n            --primary-color: #FD9800;\n            --primary-hover: #e88a00;\n            --text-color: #3A3A3A;\n            --light-bg: #f8faff;\n            --gradient-bg: linear-gradient(135deg, #f8faff 0%, #fff5e6 100%);\n            --box-shadow: 0 10px 30px rgba(0, 0, 0, 0.05);\n            --hover-shadow: 0 15px 35px rgba(0, 0, 0, 0.1);\n            --border-color: #f1f5f9;\n        }\n\n        .converter-section {\n            max-width: 1200px;\n            margin: 0 auto;\n            padding: 2rem 1.5rem;\n            font-family: 'Inter', 'Segoe UI', system-ui, -apple-system, sans-serif;\n            color: var(--text-color);\n        }\n\n        \/* Hero Section *\/\n        .hero-section {\n            text-align: center;\n            padding: 3rem 1rem;\n            margin-bottom: 3rem;\n            background: var(--gradient-bg);\n            border-radius: 16px;\n            position: relative;\n            overflow: hidden;\n        }\n\n        .hero-pattern {\n            position: absolute;\n            top: 0;\n            left: 0;\n            right: 0;\n            bottom: 0;\n            background-image: url(\"data:image\/svg+xml,%3Csvg width='60' height='60' viewBox='0 0 60 60' xmlns='http:\/\/www.w3.org\/2000\/svg'%3E%3Cg fill='none' fill-rule='evenodd'%3E%3Cg fill='%23fd9800' fill-opacity='0.05'%3E%3Cpath d='M36 34v-4h-2v4h-4v2h4v4h2v-4h4v-2h-4zm0-30V0h-2v4h-4v2h4v4h2V6h4V4h-4zM6 34v-4H4v4H0v2h4v4h2v-4h4v-2H6zM6 4V0H4v4H0v2h4v4h2V6h4V4H6z'\/%3E%3C\/g%3E%3C\/g%3E%3C\/svg%3E\");\n            opacity: 0.5;\n            z-index: 0;\n        }\n\n        .hero-content {\n            position: relative;\n            z-index: 1;\n            max-width: 800px;\n            margin: 0 auto;\n        }\n\n        .hero-title {\n            font-size: 2.8rem;\n            font-weight: 800;\n            margin-bottom: 1.5rem;\n            color: var(--text-color);\n        }\n\n        .hero-subtitle {\n            font-size: 1.25rem;\n            margin-bottom: 2rem;\n            color: var(--text-color);\n            line-height: 1.6;\n        }\n\n        .hero-badges {\n            display: flex;\n            flex-wrap: wrap;\n            justify-content: center;\n            gap: 1rem;\n            margin-bottom: 2rem;\n        }\n\n        .hero-badge {\n            display: flex;\n            align-items: center;\n            background: white;\n            border-radius: 50px;\n            padding: 0.5rem 1rem;\n            box-shadow: var(--box-shadow);\n            transition: all 0.3s ease;\n            border: 1px solid var(--border-color);\n        }\n\n        .hero-badge:hover {\n            transform: translateY(-3px);\n            box-shadow: var(--hover-shadow);\n            border-color: rgba(253, 152, 0, 0.3);\n        }\n\n        .hero-badge-icon {\n            color: var(--primary-color);\n            margin-right: 0.5rem;\n            font-size: 1rem;\n        }\n\n        .hero-badge-text {\n            font-size: 0.9rem;\n            font-weight: 600;\n            color: var(--text-color);\n        }\n\n        .hero-buttons {\n            display: flex;\n            justify-content: center;\n            gap: 1rem;\n            flex-wrap: wrap;\n        }\n\n        .btn {\n            display: inline-block;\n            padding: 0.75rem 1.5rem;\n            border-radius: 8px;\n            font-weight: 600;\n            text-decoration: none !important;\n            transition: all 0.3s ease;\n            cursor: pointer;\n            font-size: 1rem;\n        }\n\n        .btn-primary {\n            background-color: var(--primary-color);\n            color: white !important;\n            box-shadow: 0 8px 16px rgba(253, 152, 0, 0.2);\n            border: none;\n        }\n\n        .btn-primary:hover {\n            background-color: var(--primary-hover);\n            transform: translateY(-2px);\n            text-decoration: none !important;\n        }\n\n        .btn-secondary {\n            background-color: white;\n            color: var(--primary-color) !important;\n            border: 1px solid var(--border-color);\n        }\n\n        .btn-secondary:hover {\n            background-color: #fff5e6;\n            transform: translateY(-2px);\n            text-decoration: none !important;\n        }\n\n        \/* Features Section *\/\n        .features-section {\n            margin-bottom: 4rem;\n        }\n\n        .section-title {\n            font-size: 2.2rem;\n            font-weight: 700;\n            text-align: center;\n            margin-bottom: 2.5rem;\n            color: var(--text-color);\n        }\n\n        .features-grid {\n            display: grid;\n            grid-template-columns: repeat(auto-fit, minmax(300px, 1fr));\n            gap: 2rem;\n        }\n\n        .feature-card {\n            background: white;\n            border-radius: 16px;\n            overflow: hidden;\n            box-shadow: var(--box-shadow);\n            transition: all 0.3s ease;\n            border: 1px solid var(--border-color);\n            height: 100%;\n            display: flex;\n            flex-direction: column;\n        }\n\n        .feature-card:hover {\n            transform: translateY(-5px);\n            box-shadow: var(--hover-shadow);\n            border-color: rgba(253, 152, 0, 0.3);\n        }\n\n        .feature-icon {\n            width: 60px;\n            height: 60px;\n            background-color: rgba(253, 152, 0, 0.15);\n            color: var(--primary-color);\n            border-radius: 12px;\n            display: flex;\n            align-items: center;\n            justify-content: center;\n            margin-bottom: 1.5rem;\n            font-size: 1.8rem;\n            transition: all 0.3s ease;\n        }\n\n        .feature-card:hover .feature-icon {\n            background: linear-gradient(135deg, #FD9800 0%, #FF6D00 100%);\n            color: white;\n            box-shadow: 0 10px 20px rgba(253, 152, 0, 0.2);\n        }\n\n        .feature-content {\n            padding: 2rem;\n            flex-grow: 1;\n        }\n\n        .feature-title {\n            font-size: 1.4rem;\n            font-weight: 700;\n            margin-bottom: 1rem;\n            color: var(--text-color);\n        }\n\n        .feature-text {\n            font-size: 1rem;\n            color: #555;\n            line-height: 1.6;\n            margin-bottom: 1.5rem;\n        }\n\n        .feature-list {\n            list-style: none;\n            padding: 0;\n            margin: 0;\n        }\n\n        .feature-item {\n            display: flex;\n            align-items: flex-start;\n            margin-bottom: 0.75rem;\n            line-height: 1.5;\n        }\n\n        .feature-check {\n            color: var(--primary-color);\n            margin-right: 0.75rem;\n            flex-shrink: 0;\n            margin-top: 0.2rem;\n        }\n\n        .feature-item-text {\n            font-size: 0.95rem;\n            color: var(--text-color);\n        }\n\n        \/* Why Convert Section *\/\n        .why-convert-section {\n            margin-bottom: 4rem;\n            background: var(--light-bg);\n            border-radius: 16px;\n            padding: 3rem 2rem;\n        }\n\n        .comparison-grid {\n            display: grid;\n            grid-template-columns: repeat(auto-fit, minmax(300px, 1fr));\n            gap: 2rem;\n            margin-top: 2rem;\n        }\n\n        .format-card {\n            background: white;\n            border-radius: 16px;\n            padding: 1.5rem;\n            box-shadow: var(--box-shadow);\n            transition: all 0.3s ease;\n            border: 1px solid var(--border-color);\n        }\n\n        .format-card:hover {\n            transform: translateY(-5px);\n            box-shadow: var(--hover-shadow);\n            border-color: rgba(253, 152, 0, 0.3);\n        }\n\n        .format-title {\n            font-size: 1.6rem;\n            font-weight: 700;\n            margin-bottom: 1.25rem;\n            color: var(--text-color);\n            display: flex;\n            align-items: center;\n        }\n\n        .format-icon {\n            color: var(--primary-color);\n            margin-right: 0.75rem;\n            font-size: 1.6rem;\n        }\n\n        .format-list {\n            list-style: none;\n            padding: 0;\n            margin: 0;\n        }\n\n        .format-item {\n            display: flex;\n            align-items: flex-start;\n            margin-bottom: 0.85rem;\n        }\n\n        .format-check {\n            color: var(--primary-color);\n            margin-right: 0.75rem;\n            flex-shrink: 0;\n            margin-top: 0.2rem;\n        }\n\n        .format-text {\n            font-size: 0.95rem;\n            color: #555;\n            line-height: 1.5;\n        }\n\n        \/* How It Works Section *\/\n        .how-it-works-section {\n            margin-bottom: 4rem;\n        }\n\n        .steps-container {\n            max-width: 900px;\n            margin: 0 auto;\n        }\n\n        .step-card {\n            display: flex;\n            align-items: flex-start;\n            background: white;\n            border-radius: 16px;\n            padding: 2rem;\n            box-shadow: var(--box-shadow);\n            margin-bottom: 2rem;\n            border: 1px solid var(--border-color);\n            transition: all 0.3s ease;\n        }\n\n        .step-card:hover {\n            transform: translateY(-5px);\n            box-shadow: var(--hover-shadow);\n            border-color: rgba(253, 152, 0, 0.3);\n        }\n\n        .step-number {\n            width: 50px;\n            height: 50px;\n            background-color: rgba(253, 152, 0, 0.15);\n            color: var(--primary-color);\n            border-radius: 50%;\n            display: flex;\n            align-items: center;\n            justify-content: center;\n            font-size: 1.5rem;\n            font-weight: 700;\n            margin-right: 1.5rem;\n            flex-shrink: 0;\n            transition: all 0.3s ease;\n        }\n\n        .step-card:hover .step-number {\n            background: linear-gradient(135deg, #FD9800 0%, #FF6D00 100%);\n            color: white;\n            box-shadow: 0 10px 20px rgba(253, 152, 0, 0.2);\n        }\n\n        .step-content {\n            flex: 1;\n        }\n\n        .step-title {\n            font-size: 1.4rem;\n            font-weight: 700;\n            margin-bottom: 0.75rem;\n            color: var(--text-color);\n        }\n\n        .step-text {\n            font-size: 1rem;\n            color: #555;\n            line-height: 1.6;\n        }\n\n        \/* Use Cases Section *\/\n        .use-cases-section {\n            margin-bottom: 4rem;\n            background: var(--light-bg);\n            border-radius: 16px;\n            padding: 3rem 2rem;\n        }\n\n        .use-cases-grid {\n            display: grid;\n            grid-template-columns: repeat(auto-fit, minmax(300px, 1fr));\n            gap: 2rem;\n            margin-top: 2rem;\n        }\n\n        .use-case-card {\n            background: white;\n            border-radius: 16px;\n            padding: 1.5rem;\n            box-shadow: var(--box-shadow);\n            transition: all 0.3s ease;\n            border: 1px solid var(--border-color);\n            height: 100%;\n        }\n\n        .use-case-card:hover {\n            transform: translateY(-5px);\n            box-shadow: var(--hover-shadow);\n            border-color: rgba(253, 152, 0, 0.3);\n        }\n\n        .use-case-icon {\n            color: var(--primary-color);\n            font-size: 2rem;\n            margin-bottom: 1rem;\n        }\n\n        .use-case-title {\n            font-size: 1.3rem;\n            font-weight: 700;\n            margin-bottom: 1rem;\n            color: var(--text-color);\n        }\n\n        .use-case-text {\n            font-size: 0.95rem;\n            color: #555;\n            line-height: 1.6;\n        }\n\n        \/* FAQ Section *\/\n        .faq-section {\n            margin-bottom: 4rem;\n        }\n\n        .faq-container {\n            max-width: 900px;\n            margin: 0 auto;\n        }\n\n        .faq-item {\n            background: white;\n            border-radius: 16px;\n            padding: 1.5rem 2rem;\n            box-shadow: var(--box-shadow);\n            margin-bottom: 1.5rem;\n            border: 1px solid var(--border-color);\n            transition: all 0.3s ease;\n        }\n\n        .faq-item:hover {\n            transform: translateY(-3px);\n            box-shadow: var(--hover-shadow);\n            border-color: rgba(253, 152, 0, 0.3);\n        }\n\n        .faq-question {\n            font-size: 1.2rem;\n            font-weight: 700;\n            margin-bottom: 1rem;\n            color: var(--text-color);\n            display: flex;\n            align-items: center;\n        }\n\n        .faq-icon {\n            color: var(--primary-color);\n            margin-right: 0.75rem;\n            font-size: 1.2rem;\n        }\n\n        .faq-answer {\n            font-size: 1rem;\n            color: #555;\n            line-height: 1.6;\n        }\n\n        \/* Technical Details Section *\/\n        .technical-details-section {\n            margin-bottom: 4rem;\n        }\n\n        .technical-details-grid {\n            display: grid;\n            grid-template-columns: repeat(auto-fit, minmax(300px, 1fr));\n            gap: 2rem;\n        }\n\n        .tech-detail-card {\n            background: white;\n            border-radius: 16px;\n            padding: 1.5rem;\n            box-shadow: var(--box-shadow);\n            transition: all 0.3s ease;\n            border: 1px solid var(--border-color);\n        }\n\n        .tech-detail-card:hover {\n            transform: translateY(-5px);\n            box-shadow: var(--hover-shadow);\n            border-color: rgba(253, 152, 0, 0.3);\n        }\n\n        .tech-detail-title {\n            font-size: 1.3rem;\n            font-weight: 700;\n            margin-bottom: 1rem;\n            color: var(--text-color);\n            display: flex;\n            align-items: center;\n        }\n\n        .tech-detail-icon {\n            color: var(--primary-color);\n            margin-right: 0.75rem;\n            font-size: 1.3rem;\n        }\n\n        .tech-detail-text {\n            font-size: 0.95rem;\n            color: #555;\n            line-height: 1.6;\n        }\n\n        \/* Security Section *\/\n        .security-section {\n            margin-bottom: 4rem;\n            background: var(--light-bg);\n            border-radius: 16px;\n            padding: 3rem 2rem;\n        }\n\n        .security-features {\n            display: grid;\n            grid-template-columns: repeat(auto-fit, minmax(300px, 1fr));\n            gap: 2rem;\n            margin-top: 2rem;\n        }\n\n        .security-card {\n            background: white;\n            border-radius: 16px;\n            padding: 1.5rem;\n            box-shadow: var(--box-shadow);\n            transition: all 0.3s ease;\n            border: 1px solid var(--border-color);\n        }\n\n        .security-card:hover {\n            transform: translateY(-5px);\n            box-shadow: var(--hover-shadow);\n            border-color: rgba(253, 152, 0, 0.3);\n        }\n\n        .security-title {\n            font-size: 1.3rem;\n            font-weight: 700;\n            margin-bottom: 1rem;\n            color: var(--text-color);\n            display: flex;\n            align-items: center;\n        }\n\n        .security-icon {\n            color: var(--primary-color);\n            margin-right: 0.75rem;\n            font-size: 1.3rem;\n        }\n\n        .security-text {\n            font-size: 0.95rem;\n            color: #555;\n            line-height: 1.6;\n        }\n\n        \/* CTA Section *\/\n        .cta-section {\n            text-align: center;\n            padding: 3rem 1rem;\n            background: var(--gradient-bg);\n            border-radius: 16px;\n            position: relative;\n            overflow: hidden;\n            margin-bottom: 2rem;\n        }\n\n        .cta-pattern {\n            position: absolute;\n            top: 0;\n            left: 0;\n            right: 0;\n            bottom: 0;\n            background-image: url(\"data:image\/svg+xml,%3Csvg width='60' height='60' viewBox='0 0 60 60' xmlns='http:\/\/www.w3.org\/2000\/svg'%3E%3Cg fill='none' fill-rule='evenodd'%3E%3Cg fill='%23fd9800' fill-opacity='0.05'%3E%3Cpath d='M36 34v-4h-2v4h-4v2h4v4h2v-4h4v-2h-4zm0-30V0h-2v4h-4v2h4v4h2V6h4V4h-4zM6 34v-4H4v4H0v2h4v4h2v-4h4v-2H6zM6 4V0H4v4H0v2h4v4h2V6h4V4H6z'\/%3E%3C\/g%3E%3C\/g%3E%3C\/svg%3E\");\n            opacity: 0.5;\n            z-index: 0;\n        }\n\n        .cta-content {\n            position: relative;\n            z-index: 1;\n            max-width: 800px;\n            margin: 0 auto;\n        }\n\n        .cta-title {\n            font-size: 2.2rem;\n            font-weight: 700;\n            margin-bottom: 1.5rem;\n            color: var(--text-color);\n        }\n\n        .cta-text {\n            font-size: 1.1rem;\n            margin-bottom: 2rem;\n            color: #555;\n            line-height: 1.6;\n        }\n\n        \/* Guide-specific Styles *\/\n        .guide-content {\n            background: white;\n            border-radius: 16px;\n            padding: 2rem;\n            margin-bottom: 2rem;\n            box-shadow: var(--box-shadow);\n            border: 1px solid var(--border-color);\n        }\n\n        .guide-section-title {\n            font-size: 1.6rem;\n            font-weight: 700;\n            color: var(--text-color);\n            margin-bottom: 1rem;\n        }\n\n        .guide-text {\n            font-size: 1rem;\n            color: #555;\n            line-height: 1.8;\n            margin-bottom: 1rem;\n        }\n\n        .guide-list {\n            list-style: none;\n            padding: 0;\n            margin: 1rem 0;\n        }\n\n        .guide-list-item {\n            display: flex;\n            align-items: flex-start;\n            margin-bottom: 0.75rem;\n            padding-left: 1.5rem;\n            position: relative;\n        }\n\n        .guide-list-item::before {\n            content: \"\u2022\";\n            color: var(--primary-color);\n            font-weight: bold;\n            position: absolute;\n            left: 0;\n        }\n\n        \/* Responsive Styles *\/\n        @media (max-width: 768px) {\n            .hero-title {\n                font-size: 2.2rem;\n            }\n\n            .section-title {\n                font-size: 1.8rem;\n            }\n\n            .cta-title {\n                font-size: 1.8rem;\n            }\n\n            .features-grid {\n                grid-template-columns: 1fr;\n                max-width: 500px;\n                margin: 0 auto;\n            }\n\n            .step-card {\n                flex-direction: column;\n                align-items: flex-start;\n            }\n\n            .step-number {\n                margin-bottom: 1rem;\n                margin-right: 0;\n            }\n        }\n\n        @media (max-width: 480px) {\n            .hero-title {\n                font-size: 1.8rem;\n            }\n\n            .hero-subtitle {\n                font-size: 1.1rem;\n            }\n\n            .section-title {\n                font-size: 1.6rem;\n            }\n\n            .feature-content {\n                padding: 1.5rem;\n            }\n\n            .step-card {\n                padding: 1.5rem;\n            }\n\n            .faq-item {\n                padding: 1.25rem;\n            }\n        }\n\n        \/* Button text should never be underlined *\/\n        .btn:hover, .btn:focus, .btn:active {\n            text-decoration: none !important;\n        }\n    <\/style>\n<\/head>\n<body>\n    <div class=\"converter-section\">\n        <!-- Hero Section -->\n        <section class=\"hero-section\">\n            <div class=\"hero-pattern\"><\/div>\n            <div class=\"hero-content\">\n                <h1 class=\"hero-title\">NEF-TIFF konverter<\/h1>\n                <p class=\"hero-subtitle\">Konvert\u00e1lja a Nikon NEF nyers f\u00e1jlokat TIFF form\u00e1tumba az univerz\u00e1lis kompatibilit\u00e1s \u00e9s a professzion\u00e1lis szerkeszt\u00e9si munkafolyamatok \u00e9rdek\u00e9ben. Meg\u0151rizheti a teljes k\u00e9pmin\u0151s\u00e9get, mik\u00f6zben szabv\u00e1nyos f\u00e1jlokat hoz l\u00e9tre, amelyek kompatibilisek b\u00e1rmely k\u00e9pszerkeszt\u0151vel vagy munkafolyamat-rendszerrel.<\/p>\n\n                <div class=\"hero-badges\">\n                    <div class=\"hero-badge\">\n                        <span class=\"hero-badge-icon\"><i class=\"fas fa-desktop\"><\/i><\/span>\n                        <span class=\"hero-badge-text\">100% offline<\/span>\n                    <\/div>\n                    <div class=\"hero-badge\">\n                        <span class=\"hero-badge-icon\"><i class=\"fas fa-infinity\"><\/i><\/span>\n                        <span class=\"hero-badge-text\">Korl\u00e1tlan sz\u00e1m\u00fa konverzi\u00f3<\/span>\n                    <\/div>\n                    <div class=\"hero-badge\">\n                        <span class=\"hero-badge-icon\"><i class=\"fas fa-shield-alt\"><\/i><\/span>\n                        <span class=\"hero-badge-text\">Priv\u00e1t \u00e9s biztons\u00e1gos<\/span>\n                    <\/div>\n                    <div class=\"hero-badge\">\n                        <span class=\"hero-badge-icon\"><i class=\"fas fa-bolt\"><\/i><\/span>\n                        <span class=\"hero-badge-text\">Vill\u00e1mgyors<\/span>\n                    <\/div>\n                <\/div>\n\n                <div class=\"hero-buttons\">\n                    <a href=\"\/download\" class=\"btn btn-primary\">Let\u00f6lt\u00e9s ingyenes<\/a>\n                    <a href=\"#how-it-works\" class=\"btn btn-secondary\">Tov\u00e1bbi inform\u00e1ci\u00f3<\/a>\n                <\/div>\n            <\/div>\n        <\/section>\n\n\n        <!-- Features Section -->\n        <section class=\"features-section\">\n            <h2 class=\"section-title\">Mi\u00e9rt v\u00e1lassza a Konvert\u00e1l\u00e1st a NEF-b\u0151l TIFF-be val\u00f3 konvert\u00e1l\u00e1shoz?<\/h2>\n\n            <div class=\"features-grid\">\n                <div class=\"feature-card\">\n                    <div class=\"feature-content\">\n                        <div class=\"feature-icon\">\n                            <i class=\"fas fa-image\"><\/i>\n                        <\/div>\n                        <h3 class=\"feature-title\">Nyers adatok meg\u0151rz\u00e9se<\/h3>\n                        <p class=\"feature-text\">Fenntartja a teljes 14 bites sz\u00ednm\u00e9lys\u00e9get \u00e9s dinamikatartom\u00e1nyt Nikon NEF f\u00e1jljaib\u00f3l, amikor t\u00f6m\u00f6r\u00edtetlen TIFF form\u00e1tumba konvert\u00e1l. T\u00f6k\u00e9letes azoknak a fot\u00f3soknak, akiknek maxim\u00e1lis k\u00e9pmin\u0151s\u00e9gre van sz\u00fcks\u00e9g\u00fck.<\/p>\n                        <ul class=\"feature-list\">\n                            <li class=\"feature-item\">\n                                <span class=\"feature-check\"><i class=\"fas fa-check-circle\"><\/i><\/span>\n                                <span class=\"feature-item-text\">Meg\u0151rzi a 14 bites sz\u00edninform\u00e1ci\u00f3kat<\/span>\n                            <\/li>\n                            <li class=\"feature-item\">\n                                <span class=\"feature-check\"><i class=\"fas fa-check-circle\"><\/i><\/span>\n                                <span class=\"feature-item-text\">Megtartja a teljes dinamikatartom\u00e1nyt<\/span>\n                            <\/li>\n                            <li class=\"feature-item\">\n                                <span class=\"feature-check\"><i class=\"fas fa-check-circle\"><\/i><\/span>\n                                <span class=\"feature-item-text\">Nincs min\u0151s\u00e9groml\u00e1s az \u00e1talak\u00edt\u00e1s sor\u00e1n<\/span>\n                            <\/li>\n                        <\/ul>\n                    <\/div>\n                <\/div>\n                <div class=\"feature-card\">\n                    <div class=\"feature-content\">\n                        <div class=\"feature-icon\">\n                            <i class=\"fas fa-layer-group\"><\/i>\n                        <\/div>\n                        <h3 class=\"feature-title\">Professzion\u00e1lis TIFF kimenet<\/h3>\n                        <p class=\"feature-text\">Ipari szabv\u00e1nynak megfelel\u0151 TIFF-f\u00e1jlok l\u00e9trehoz\u00e1sa megfelel\u0151 sz\u00ednprofilokkal \u00e9s metaadatok meg\u0151rz\u00e9s\u00e9vel. A professzion\u00e1lis nyomtat\u00e1si \u00e9s k\u00f6zz\u00e9t\u00e9teli munkafolyamatokkal kompatibilis f\u00e1jlokat hoz l\u00e9tre.<\/p>\n                        <ul class=\"feature-list\">\n                            <li class=\"feature-item\">\n                                <span class=\"feature-check\"><i class=\"fas fa-check-circle\"><\/i><\/span>\n                                <span class=\"feature-item-text\">Adobe RGB \u00e9s sRGB sz\u00ednt\u00e9r t\u00e1mogat\u00e1s<\/span>\n                            <\/li>\n                            <li class=\"feature-item\">\n                                <span class=\"feature-check\"><i class=\"fas fa-check-circle\"><\/i><\/span>\n                                <span class=\"feature-item-text\">EXIF metaadatok meg\u0151rz\u00e9se<\/span>\n                            <\/li>\n                            <li class=\"feature-item\">\n                                <span class=\"feature-check\"><i class=\"fas fa-check-circle\"><\/i><\/span>\n                                <span class=\"feature-item-text\">T\u00f6m\u00f6r\u00edtetlen vagy LZW t\u00f6m\u00f6r\u00edt\u00e9si lehet\u0151s\u00e9gek<\/span>\n                            <\/li>\n                        <\/ul>\n                    <\/div>\n                <\/div>\n                <div class=\"feature-card\">\n                    <div class=\"feature-content\">\n                        <div class=\"feature-icon\">\n                            <i class=\"fas fa-rocket\"><\/i>\n                        <\/div>\n                        <h3 class=\"feature-title\">Vill\u00e1mgyors feldolgoz\u00e1s<\/h3>\n                        <p class=\"feature-text\">A t\u00f6bbmagos optimaliz\u00e1l\u00e1s seg\u00edts\u00e9g\u00e9vel m\u00e1sodpercek alatt konvert\u00e1lhat hatalmas k\u00f6tegeket NEF-f\u00e1jlokb\u00f3l TIFF form\u00e1tumba. Teljes fot\u00f3z\u00e1st dolgozhat fel an\u00e9lk\u00fcl, hogy a lass\u00fa online konverterekre v\u00e1rna.<\/p>\n                        <ul class=\"feature-list\">\n                            <li class=\"feature-item\">\n                                <span class=\"feature-check\"><i class=\"fas fa-check-circle\"><\/i><\/span>\n                                <span class=\"feature-item-text\">T\u00f6bb menetes feldolgoz\u00f3 motor<\/span>\n                            <\/li>\n                            <li class=\"feature-item\">\n                                <span class=\"feature-check\"><i class=\"fas fa-check-circle\"><\/i><\/span>\n                                <span class=\"feature-item-text\">T\u00f6bb mint 10 000 f\u00e1jl kezel\u00e9se egyszerre<\/span>\n                            <\/li>\n                            <li class=\"feature-item\">\n                                <span class=\"feature-check\"><i class=\"fas fa-check-circle\"><\/i><\/span>\n                                <span class=\"feature-item-text\">Nincs f\u00e1jlm\u00e9ret korl\u00e1toz\u00e1s<\/span>\n                            <\/li>\n                        <\/ul>\n                    <\/div>\n                <\/div>\n                <div class=\"feature-card\">\n                    <div class=\"feature-content\">\n                        <div class=\"feature-icon\">\n                            <i class=\"fas fa-shield-alt\"><\/i>\n                        <\/div>\n                        <h3 class=\"feature-title\">Teljes k\u00f6r\u0171 adatv\u00e9delem<\/h3>\n                        <p class=\"feature-text\">Tartsa \u00e9rt\u00e9kes RAW f\u00e9nyk\u00e9pf\u00e1jljait teljesen priv\u00e1tban a 100%-os offline feldolgoz\u00e1s r\u00e9v\u00e9n. K\u00e9pei soha nem hagyj\u00e1k el a sz\u00e1m\u00edt\u00f3g\u00e9pet, \u00e9s nem t\u00f6lt\u0151dnek fel felh\u0151szolg\u00e1ltat\u00e1sokba.<\/p>\n                        <ul class=\"feature-list\">\n                            <li class=\"feature-item\">\n                                <span class=\"feature-check\"><i class=\"fas fa-check-circle\"><\/i><\/span>\n                                <span class=\"feature-item-text\">Nulla felh\u0151felt\u00f6lt\u00e9s sz\u00fcks\u00e9ges<\/span>\n                            <\/li>\n                            <li class=\"feature-item\">\n                                <span class=\"feature-check\"><i class=\"fas fa-check-circle\"><\/i><\/span>\n                                <span class=\"feature-item-text\">Csak helyi feldolgoz\u00e1s<\/span>\n                            <\/li>\n                            <li class=\"feature-item\">\n                                <span class=\"feature-check\"><i class=\"fas fa-check-circle\"><\/i><\/span>\n                                <span class=\"feature-item-text\">Nincs sz\u00fcks\u00e9g fi\u00f3k regisztr\u00e1ci\u00f3ra<\/span>\n                            <\/li>\n                        <\/ul>\n                    <\/div>\n                <\/div>\n                <div class=\"feature-card\">\n                    <div class=\"feature-content\">\n                        <div class=\"feature-icon\">\n                            <i class=\"fas fa-expand-arrows-alt\"><\/i>\n                        <\/div>\n                        <h3 class=\"feature-title\">AI k\u00e9pjav\u00edt\u00e1s<\/h3>\n                        <p class=\"feature-text\">Jav\u00edtsa konvert\u00e1lt TIFF-f\u00e1jljait az intelligens AI-felsk\u00e1l\u00e1z\u00e1si technol\u00f3gi\u00e1val, amely ak\u00e1r 4-szeres\u00e9re n\u00f6velheti a felbont\u00e1st, mik\u00f6zben meg\u0151rzi az \u00e9les r\u00e9szleteket \u00e9s a term\u00e9szetes text\u00far\u00e1kat.<\/p>\n                        <ul class=\"feature-list\">\n                            <li class=\"feature-item\">\n                                <span class=\"feature-check\"><i class=\"fas fa-check-circle\"><\/i><\/span>\n                                <span class=\"feature-item-text\">Ak\u00e1r 4-szeres felbont\u00e1sn\u00f6veked\u00e9s<\/span>\n                            <\/li>\n                            <li class=\"feature-item\">\n                                <span class=\"feature-check\"><i class=\"fas fa-check-circle\"><\/i><\/span>\n                                <span class=\"feature-item-text\">Intelligens r\u00e9szletfejleszt\u00e9s<\/span>\n                            <\/li>\n                            <li class=\"feature-item\">\n                                <span class=\"feature-check\"><i class=\"fas fa-check-circle\"><\/i><\/span>\n                                <span class=\"feature-item-text\">Term\u00e9szetes text\u00fara meg\u0151rz\u00e9s<\/span>\n                            <\/li>\n                        <\/ul>\n                    <\/div>\n                <\/div>\n                <div class=\"feature-card\">\n                    <div class=\"feature-content\">\n                        <div class=\"feature-icon\">\n                            <i class=\"fas fa-infinity\"><\/i>\n                        <\/div>\n                        <h3 class=\"feature-title\">Korl\u00e1tlan sz\u00e1m\u00fa konverzi\u00f3<\/h3>\n                        <p class=\"feature-text\">Konvert\u00e1ljon annyi NEF-f\u00e1jlt, amennyire sz\u00fcks\u00e9ge van korl\u00e1toz\u00e1sok, v\u00edzjelek \u00e9s rejtett d\u00edjak n\u00e9lk\u00fcl. T\u00f6k\u00e9letes professzion\u00e1lis fot\u00f3sok sz\u00e1m\u00e1ra, akik naponta t\u00f6bb sz\u00e1z k\u00e9pet dolgoznak fel.<\/p>\n                        <ul class=\"feature-list\">\n                            <li class=\"feature-item\">\n                                <span class=\"feature-check\"><i class=\"fas fa-check-circle\"><\/i><\/span>\n                                <span class=\"feature-item-text\">Nincsenek konverzi\u00f3s korl\u00e1tok<\/span>\n                            <\/li>\n                            <li class=\"feature-item\">\n                                <span class=\"feature-check\"><i class=\"fas fa-check-circle\"><\/i><\/span>\n                                <span class=\"feature-item-text\">Nincs hozz\u00e1adva v\u00edzjel<\/span>\n                            <\/li>\n                            <li class=\"feature-item\">\n                                <span class=\"feature-check\"><i class=\"fas fa-check-circle\"><\/i><\/span>\n                                <span class=\"feature-item-text\">Nincs f\u00e1jlm\u00e9ret korl\u00e1toz\u00e1s<\/span>\n                            <\/li>\n                        <\/ul>\n                    <\/div>\n                <\/div>\n            <\/div>\n        <\/section>\n\n\n        <!-- Why Convert Section -->\n        <section class=\"why-convert-section\">\n            <h2 class=\"section-title\">Mi\u00e9rt konvert\u00e1lja a NEF-et TIFF-re?<\/h2>\n\n            <div class=\"comparison-grid\">\n                <div class=\"format-card\">\n                    <h3 class=\"format-title\">\n                        <span class=\"format-icon\"><i class=\"fas fa-file-video\"><\/i><\/span>\n                        NEF form\u00e1tum\n                    <\/h3>\n                    <ul class=\"format-list\">\n                        <li class=\"format-item\">\n                            <span class=\"format-check\"><i class=\"fas fa-check-circle\"><\/i><\/span>\n                            <span class=\"format-text\">A 14 bites sz\u00ednm\u00e9lys\u00e9g kiv\u00e9teles dinamikatartom\u00e1nyt \u00e9s sz\u00ednpontoss\u00e1got biztos\u00edt<\/span>\n                        <\/li>\n                        <li class=\"format-item\">\n                            <span class=\"format-check\"><i class=\"fas fa-check-circle\"><\/i><\/span>\n                            <span class=\"format-text\">A vesztes\u00e9gmentes t\u00f6m\u00f6r\u00edt\u00e9s meg\u0151rzi az \u00f6sszes eredeti szenzoradatot a maxim\u00e1lis szerkeszt\u00e9si rugalmass\u00e1g \u00e9rdek\u00e9ben<\/span>\n                        <\/li>\n                        <li class=\"format-item\">\n                            <span class=\"format-check\"><i class=\"fas fa-times-circle\"><\/i><\/span>\n                            <span class=\"format-text\">A Nikon v\u00e9dett form\u00e1tum\u00e1nak megtekint\u00e9s\u00e9hez \u00e9s szerkeszt\u00e9s\u00e9hez speci\u00e1lis szoftverre van sz\u00fcks\u00e9g<\/span>\n                        <\/li>\n                        <li class=\"format-item\">\n                            <span class=\"format-check\"><i class=\"fas fa-check-circle\"><\/i><\/span>\n                            <span class=\"format-text\">Teljes kamerabe\u00e1ll\u00edt\u00e1sokat \u00e9s felv\u00e9teli metaadatokat tartalmaz az ut\u00f3feldolgoz\u00e1shoz<\/span>\n                        <\/li>\n                        <li class=\"format-item\">\n                            <span class=\"format-check\"><i class=\"fas fa-times-circle\"><\/i><\/span>\n                            <span class=\"format-text\">A nagy f\u00e1jlm\u00e9retek (\u00e1ltal\u00e1ban 25-50 MB) jelent\u0151s t\u00e1rhelyet ig\u00e9nyelnek<\/span>\n                        <\/li>\n                    <\/ul>\n                <\/div>\n\n                <div class=\"format-card\">\n                    <h3 class=\"format-title\">\n                        <span class=\"format-icon\"><i class=\"fas fa-file-video\"><\/i><\/span>\n                        TIFF form\u00e1tum\n                    <\/h3>\n                    <ul class=\"format-list\">\n                        <li class=\"format-item\">\n                            <span class=\"format-check\"><i class=\"fas fa-check-circle\"><\/i><\/span>\n                            <span class=\"format-text\">Univerz\u00e1lis kompatibilit\u00e1s az \u00f6sszes k\u00e9pszerkeszt\u0151 szoftverrel \u00e9s oper\u00e1ci\u00f3s rendszerrel<\/span>\n                        <\/li>\n                        <li class=\"format-item\">\n                            <span class=\"format-check\"><i class=\"fas fa-check-circle\"><\/i><\/span>\n                            <span class=\"format-text\">Ipar\u00e1gi szabv\u00e1ny a professzion\u00e1lis nyomtat\u00e1si \u00e9s kiad\u00f3i munkafolyamatokhoz<\/span>\n                        <\/li>\n                        <li class=\"format-item\">\n                            <span class=\"format-check\"><i class=\"fas fa-check-circle\"><\/i><\/span>\n                            <span class=\"format-text\">T\u00e1mogatja a t\u00f6m\u00f6r\u00edtetlen adatokat a maxim\u00e1lis min\u0151s\u00e9g \u00e9rdek\u00e9ben, vagy az LZW t\u00f6m\u00f6r\u00edt\u00e9st kisebb f\u00e1jlok eset\u00e9n<\/span>\n                        <\/li>\n                        <li class=\"format-item\">\n                            <span class=\"format-check\"><i class=\"fas fa-check-circle\"><\/i><\/span>\n                            <span class=\"format-text\">Meg\u0151rzi a teljes sz\u00ednm\u00e9lys\u00e9get \u00e9s az alfa-csatorn\u00e1kat a professzion\u00e1lis alkalmaz\u00e1sokhoz<\/span>\n                        <\/li>\n                        <li class=\"format-item\">\n                            <span class=\"format-check\"><i class=\"fas fa-check-circle\"><\/i><\/span>\n                            <span class=\"format-text\">A platformf\u00fcggetlen form\u00e1tum hossz\u00fa t\u00e1v\u00fa hozz\u00e1f\u00e9rhet\u0151s\u00e9get \u00e9s archiv\u00e1l\u00e1si stabilit\u00e1st biztos\u00edt<\/span>\n                        <\/li>\n                    <\/ul>\n                <\/div>\n            <\/div>\n        <\/section>\n\n\n        <!-- Technical Details Section -->\n        <section class=\"technical-details-section\">\n            <h2 class=\"section-title\">M\u0171szaki r\u00e9szletek<\/h2>\n\n            <div class=\"technical-details-grid\">\n                <div class=\"tech-detail-card\">\n                    <h3 class=\"tech-detail-title\">\n                        <span class=\"tech-detail-icon\"><i class=\"fas fa-palette\"><\/i><\/span>\n                        Sz\u00ednt\u00e9r kezel\u00e9se\n                    <\/h3>\n                    <p class=\"tech-detail-text\">A NEF-f\u00e1jlok sz\u00e9les sk\u00e1l\u00e1j\u00fa sz\u00ednadatokat tartalmaznak, amelyek megfelel\u0151en lek\u00e9pez\u0151dnek a TIFF t\u00f6bb sz\u00ednt\u00e9r t\u00e1mogat\u00e1s\u00e1ra, bele\u00e9rtve az Adobe RGB-t, az sRGB-t \u00e9s a ProPhoto RGB-t. Az \u00e1talak\u00edt\u00e1s meg\u0151rzi az eredeti sz\u00ednprofil-inform\u00e1ci\u00f3kat, \u00e9s biztos\u00edtja a pontos sz\u00ednvisszaad\u00e1st a k\u00fcl\u00f6nb\u00f6z\u0151 eszk\u00f6z\u00f6k\u00f6n \u00e9s munkafolyamatokon.<\/p>\n                <\/div>\n                <div class=\"tech-detail-card\">\n                    <h3 class=\"tech-detail-title\">\n                        <span class=\"tech-detail-icon\"><i class=\"fas fa-compress-arrows-alt\"><\/i><\/span>\n                        Bitm\u00e9lys\u00e9g \u00e1talak\u00edt\u00e1s\n                    <\/h3>\n                    <p class=\"tech-detail-text\">A Nikon NEF f\u00e1jlok \u00e1ltal\u00e1ban 12 bites vagy 14 bites line\u00e1ris nyers adatokat tartalmaznak, amelyeket a rendszer 16 bites TIFF form\u00e1tumba konvert\u00e1l a maxim\u00e1lis kompatibilit\u00e1s \u00e9rdek\u00e9ben, mik\u00f6zben meg\u0151rzi a teljes t\u00f3nustartom\u00e1nyt. Ez a folyamat mag\u00e1ban foglalja a megfelel\u0151 gamma-korrekci\u00f3t \u00e9s a feh\u00e9regyens\u00faly alkalmaz\u00e1s\u00e1t a NEF be\u00e1gyazott be\u00e1ll\u00edt\u00e1sai alapj\u00e1n.<\/p>\n                <\/div>\n                <div class=\"tech-detail-card\">\n                    <h3 class=\"tech-detail-title\">\n                        <span class=\"tech-detail-icon\"><i class=\"fas fa-tags\"><\/i><\/span>\n                        Metaadatok meg\u0151rz\u00e9se\n                    <\/h3>\n                    <p class=\"tech-detail-text\">Az \u00e1talak\u00edt\u00e1si folyamat kivonja \u00e9s meg\u0151rzi a l\u00e9nyeges EXIF-adatokat a NEF-f\u00e1jlb\u00f3l, bele\u00e9rtve a kamerabe\u00e1ll\u00edt\u00e1sokat, az objekt\u00edvinform\u00e1ci\u00f3kat, a GPS-koordin\u00e1t\u00e1kat \u00e9s az id\u0151b\u00e9lyegadatokat. Ezek a metaadatok megfelel\u0151en be\u00e1gyaz\u00f3dnak a TIFF-f\u00e1jl fejl\u00e9cszerkezet\u00e9be a digit\u00e1lis eszk\u00f6zkezel\u0151 rendszerekkel val\u00f3 kompatibilit\u00e1s \u00e9rdek\u00e9ben.<\/p>\n                <\/div>\n            <\/div>\n        <\/section>\n\n\n        <!-- How It Works Section -->\n        <section id=\"how-it-works\" class=\"how-it-works-section\">\n            <h2 class=\"section-title\">Hogyan lehet NEF-et konvert\u00e1lni TIFF-re<\/h2>\n\n            <div class=\"steps-container\">\n                <div class=\"step-card\">\n                    <div class=\"step-number\">1<\/div>\n                    <div class=\"step-content\">\n                        <h3 class=\"step-title\">Let\u00f6lt\u00e9s \u00e9s telep\u00edt\u00e9s<\/h3>\n                        <p class=\"step-text\">T\u00f6ltse le ingyenesen a Convertify-t, \u00e9s telep\u00edtse Windows PC-j\u00e9re. Nincs sz\u00fcks\u00e9g fi\u00f3kra vagy regisztr\u00e1ci\u00f3ra.<\/p>\n                    <\/div>\n                <\/div>\n                <div class=\"step-card\">\n                    <div class=\"step-number\">2<\/div>\n                    <div class=\"step-content\">\n                        <h3 class=\"step-title\">Adja hozz\u00e1 NEF f\u00e1jljait<\/h3>\n                        <p class=\"step-text\">H\u00fazza \u00e1t a NEF-f\u00e1jlokat a Convertify alkalmaz\u00e1sba, vagy haszn\u00e1lja a f\u00e1jlb\u00f6ng\u00e9sz\u0151t a kiv\u00e1laszt\u00e1s\u00e1hoz.<\/p>\n                    <\/div>\n                <\/div>\n                <div class=\"step-card\">\n                    <div class=\"step-number\">3<\/div>\n                    <div class=\"step-content\">\n                        <h3 class=\"step-title\">V\u00e1lassza a TIFF kimenet lehet\u0151s\u00e9get<\/h3>\n                        <p class=\"step-text\">V\u00e1lassza ki a TIFF-et kimeneti form\u00e1tumk\u00e9nt. Sz\u00fcks\u00e9g eset\u00e9n m\u00f3dos\u00edtsa a min\u0151s\u00e9gi be\u00e1ll\u00edt\u00e1sokat.<\/p>\n                    <\/div>\n                <\/div>\n                <div class=\"step-card\">\n                    <div class=\"step-number\">4<\/div>\n                    <div class=\"step-content\">\n                        <h3 class=\"step-title\">Konvert\u00e1l\u00e1s \u00e9s ment\u00e9s<\/h3>\n                        <p class=\"step-text\">Kattintson a Konvert\u00e1l\u00e1s gombra, \u00e9s a f\u00e1jlok azonnal feldolgoz\u00e1sra ker\u00fclnek. Mentse el \u0151ket b\u00e1rhov\u00e1 a sz\u00e1m\u00edt\u00f3g\u00e9p\u00e9n.<\/p>\n                    <\/div>\n                <\/div>\n            <\/div>\n        <\/section>\n\n\n        <!-- Use Cases Section -->\n        <section class=\"use-cases-section\">\n            <h2 class=\"section-title\">Mikor \u00e9rdemes NEF-b\u0151l TIFF-be konvert\u00e1lni?<\/h2>\n\n            <div class=\"use-cases-grid\">\n                <div class=\"use-case-card\">\n                    <div class=\"use-case-icon\"><i class=\"fas fa-print\"><\/i><\/div>\n                    <h3 class=\"use-case-title\">Professzion\u00e1lis nyomtat\u00e1s<\/h3>\n                    <p class=\"use-case-text\">Konvert\u00e1lja a NEF f\u00e1jlokat TIFF form\u00e1tumba a cs\u00facskateg\u00f3ri\u00e1s nyomtat\u00e1si munkafolyamatok \u00e9rdek\u00e9ben, amelyek ipar\u00e1gi szabv\u00e1nyos form\u00e1tumokat ig\u00e9nyelnek. A TIFF-f\u00e1jlok z\u00f6kken\u0151mentesen m\u0171k\u00f6dnek a professzion\u00e1lis RIP-szoftverrel \u00e9s a kereskedelmi nyomtat\u00f3berendez\u00e9sekkel.<\/p>\n                <\/div>\n                <div class=\"use-case-card\">\n                    <div class=\"use-case-icon\"><i class=\"fas fa-users\"><\/i><\/div>\n                    <h3 class=\"use-case-title\">\u00dcgyf\u00e9lf\u00e1jl k\u00e9zbes\u00edt\u00e9s<\/h3>\n                    <p class=\"use-case-text\">Biztos\u00edtson az \u00fcgyfeleknek univerz\u00e1lisan kompatibilis TIFF f\u00e1jlokat a szabadalmaztatott NEF form\u00e1tum helyett. Az \u00fcgyfelek b\u00e1rmilyen k\u00e9pn\u00e9zeget\u0151vel vagy alapvet\u0151 szerkeszt\u0151 szoftverrel megnyithatj\u00e1k a TIFF f\u00e1jlokat speci\u00e1lis RAW processzorok n\u00e9lk\u00fcl.<\/p>\n                <\/div>\n                <div class=\"use-case-card\">\n                    <div class=\"use-case-icon\"><i class=\"fas fa-archive\"><\/i><\/div>\n                    <h3 class=\"use-case-title\">Hossz\u00fa t\u00e1v\u00fa arch\u00edvum<\/h3>\n                    <p class=\"use-case-text\">Hozzon l\u00e9tre arch\u00edv m\u00e1solatokat TIFF form\u00e1tumban a hossz\u00fa t\u00e1v\u00fa t\u00e1rol\u00e1s \u00e9s a j\u00f6v\u0151beni hozz\u00e1f\u00e9rhet\u0151s\u00e9g \u00e9rdek\u00e9ben. A szabadalmaztatott RAW form\u00e1tumokkal ellent\u00e9tben a TIFF biztos\u00edtja, hogy a k\u00e9pek \u00e9vtizedek m\u00falva is megtekinthet\u0151k maradjanak.<\/p>\n                <\/div>\n                <div class=\"use-case-card\">\n                    <div class=\"use-case-icon\"><i class=\"fas fa-code-branch\"><\/i><\/div>\n                    <h3 class=\"use-case-title\">Munkafolyamat-integr\u00e1ci\u00f3<\/h3>\n                    <p class=\"use-case-text\">Integr\u00e1lhat\u00f3 automatiz\u00e1lt k\u00f6zz\u00e9t\u00e9teli rendszerekkel \u00e9s tartalomkezel\u0151 platformokkal, amelyek szabv\u00e1nyos beviteli form\u00e1tumokat ig\u00e9nyelnek. A TIFF-f\u00e1jlok gyakorlatilag b\u00e1rmilyen professzion\u00e1lis k\u00e9palkot\u00e1si munkafolyamattal m\u0171k\u00f6dnek.<\/p>\n                <\/div>\n                <div class=\"use-case-card\">\n                    <div class=\"use-case-icon\"><i class=\"fas fa-share-alt\"><\/i><\/div>\n                    <h3 class=\"use-case-title\">Platformok k\u00f6z\u00f6tti megoszt\u00e1s<\/h3>\n                    <p class=\"use-case-text\">Ossza meg kiv\u00e1l\u00f3 min\u0151s\u00e9g\u0171 k\u00e9peket a k\u00fcl\u00f6nb\u00f6z\u0151 oper\u00e1ci\u00f3s rendszereket \u00e9s szoftvereket haszn\u00e1l\u00f3 egy\u00fcttm\u0171k\u00f6d\u0151kkel. A TIFF-f\u00e1jlok konzisztensen, kompatibilit\u00e1si probl\u00e9m\u00e1k n\u00e9lk\u00fcl ny\u00edlnak meg Windows, Mac \u00e9s Linux platformokon.<\/p>\n                <\/div>\n                <div class=\"use-case-card\">\n                    <div class=\"use-case-icon\"><i class=\"fas fa-edit\"><\/i><\/div>\n                    <h3 class=\"use-case-title\">Harmadik f\u00e9l szerkeszt\u00e9se<\/h3>\n                    <p class=\"use-case-text\">Dolgozzon egy\u00fctt olyan szerkeszt\u0151kkel \u00e9s retus\u00e1l\u00f3kkal, akik nem f\u00e9rnek hozz\u00e1 a Nikon szabadalmaztatott szoftvereihez. A TIFF-f\u00e1jlok b\u00e1rmely professzion\u00e1lis k\u00e9pszerkeszt\u0151ben megny\u00edlnak, mik\u00f6zben a min\u0151s\u00e9gi \u00e9s sz\u00edninform\u00e1ci\u00f3k teljes k\u00f6r\u0171ek maradnak.<\/p>\n                <\/div>\n            <\/div>\n        <\/section>\n\n\n        <!-- Security Section -->\n        <section class=\"security-section\">\n            <h2 class=\"section-title\">Az \u00d6n szem\u00e9lyes adatai v\u00e9dve vannak<\/h2>\n\n            <div class=\"security-features\">\n                <div class=\"security-card\">\n                    <h3 class=\"security-title\">\n                        <span class=\"security-icon\"><i class=\"fas fa-lock\"><\/i><\/span>\n                        100% offline\n                    <\/h3>\n                    <p class=\"security-text\">Minden konverzi\u00f3 helyileg, a sz\u00e1m\u00edt\u00f3g\u00e9p\u00e9n t\u00f6rt\u00e9nik. A f\u00e1jlok soha nem hagyj\u00e1k el az eszk\u00f6zt, \u00e9s soha nem t\u00f6lt\u0151dnek fel semmilyen szerverre.<\/p>\n                <\/div>\n                <div class=\"security-card\">\n                    <h3 class=\"security-title\">\n                        <span class=\"security-icon\"><i class=\"fas fa-user-shield\"><\/i><\/span>\n                        Nincs fi\u00f3k sz\u00fcks\u00e9ges\n                    <\/h3>\n                    <p class=\"security-text\">Azonnal kezdje meg a konvert\u00e1l\u00e1st fi\u00f3k l\u00e9trehoz\u00e1sa, szem\u00e9lyes adatok megad\u00e1sa vagy b\u00e1rmire val\u00f3 regisztr\u00e1ci\u00f3 n\u00e9lk\u00fcl.<\/p>\n                <\/div>\n                <div class=\"security-card\">\n                    <h3 class=\"security-title\">\n                        <span class=\"security-icon\"><i class=\"fas fa-trash-alt\"><\/i><\/span>\n                        Automatikus tiszt\u00edt\u00e1s\n                    <\/h3>\n                    <p class=\"security-text\">Az ideiglenes f\u00e1jlok az \u00e1talak\u00edt\u00e1s ut\u00e1n biztons\u00e1gosan t\u00f6rl\u0151dnek. Az eredeti f\u00e1jljai teljesen \u00e9rintetlenek maradnak, hacsak m\u00e1sk\u00e9nt nem d\u00f6nt.<\/p>\n                <\/div>\n            <\/div>\n        <\/section>\n\n\n        <!-- FAQ Section -->\n        <section class=\"faq-section\">\n            <h2 class=\"section-title\">Gyakran Ism\u00e9telt K\u00e9rd\u00e9sek<\/h2>\n\n            <div class=\"faq-container\">\n                <div class=\"faq-item\">\n                    <h3 class=\"faq-question\">\n                        <span class=\"faq-icon\"><i class=\"fas fa-question-circle\"><\/i><\/span>\n                        A NEF TIFF-re konvert\u00e1l\u00e1sa cs\u00f6kkenti a k\u00e9pmin\u0151s\u00e9get?\n                    <\/h3>\n                    <div class=\"faq-answer\">\n                        <p>Nem, megfelel\u0151 \u00e1talak\u00edt\u00e1s eset\u00e9n a NEF-b\u0151l TIFF-be val\u00f3 \u00e1talak\u00edt\u00e1s meg\u0151rzi a feldolgozott RAW-adatok teljes vizu\u00e1lis min\u0151s\u00e9g\u00e9t. Az \u00e1talak\u00edt\u00e1s a RAW feldolgoz\u00e1si be\u00e1ll\u00edt\u00e1sokat alkalmazza, \u00e9s az eredm\u00e9nyt t\u00f6m\u00f6r\u00edtetlen vagy vesztes\u00e9gmentesen t\u00f6m\u00f6r\u00edtett TIFF-k\u00e9nt menti, meg\u0151rizve a teljes sz\u00ednm\u00e9lys\u00e9get \u00e9s r\u00e9szletess\u00e9get.<\/p>\n                    <\/div>\n                <\/div>\n                <div class=\"faq-item\">\n                    <h3 class=\"faq-question\">\n                        <span class=\"faq-icon\"><i class=\"fas fa-question-circle\"><\/i><\/span>\n                        Mi t\u00f6rt\u00e9nik a kamera be\u00e1ll\u00edt\u00e1saival \u00e9s az EXIF-adatokkal az \u00e1talak\u00edt\u00e1s sor\u00e1n?\n                    <\/h3>\n                    <div class=\"faq-answer\">\n                        <p>Az alapvet\u0151 EXIF-metaadatok, bele\u00e9rtve a kamerabe\u00e1ll\u00edt\u00e1sokat, az objekt\u00edvinform\u00e1ci\u00f3kat, az id\u0151b\u00e9lyegz\u0151t \u00e9s a GPS-adatokat, meg\u0151rz\u0151dnek \u00e9s be\u00e1gyaz\u00f3dnak a TIFF-f\u00e1jlba. El\u0151fordulhat azonban, hogy a RAW-specifikus adatok, p\u00e9ld\u00e1ul az egy\u00e9ni k\u00e9pvez\u00e9rl\u0151k \u00e9s a RAW-feldolgoz\u00e1si param\u00e9terek nem tov\u00e1bb\u00edthat\u00f3k, mivel a TIFF feldolgozott k\u00e9padatokat t\u00e1rol.<\/p>\n                    <\/div>\n                <\/div>\n                <div class=\"faq-item\">\n                    <h3 class=\"faq-question\">\n                        <span class=\"faq-icon\"><i class=\"fas fa-question-circle\"><\/i><\/span>\n                        Tov\u00e1bbra is szerkeszthetem a TIFF f\u00e1jlokat, p\u00e9ld\u00e1ul a RAW NEF f\u00e1jlokat?\n                    <\/h3>\n                    <div class=\"faq-answer\">\n                        <p>A TIFF-f\u00e1jlok b\u00e1rmely k\u00e9pszerkeszt\u0151ben szerkeszthet\u0151k, de nem ny\u00fajtanak ugyanolyan rugalmass\u00e1got, mint a RAW-f\u00e1jlok. A TIFF feldolgozott k\u00e9padatokat tartalmaz, \u00edgy az olyan be\u00e1ll\u00edt\u00e1soknak, mint a feh\u00e9regyens\u00faly \u00e9s az expoz\u00edci\u00f3-korrekci\u00f3, kisebb mozg\u00e1ster\u00fck van, mint az eredeti RAW \u00e9rz\u00e9kel\u0151adatokkal v\u00e9gzett munka.<\/p>\n                    <\/div>\n                <\/div>\n                <div class=\"faq-item\">\n                    <h3 class=\"faq-question\">\n                        <span class=\"faq-icon\"><i class=\"fas fa-question-circle\"><\/i><\/span>\n                        Mi\u00e9rt nagyobbak a konvert\u00e1lt TIFF-f\u00e1jlok, mint az eredeti NEF-f\u00e1jlok?\n                    <\/h3>\n                    <div class=\"faq-answer\">\n                        <p>A TIFF-f\u00e1jlok gyakran nagyobbak, mert a NEF v\u00e9dett vesztes\u00e9gmentes t\u00f6m\u00f6r\u00edt\u00e9st haszn\u00e1l, m\u00edg a TIFF (t\u00f6m\u00f6r\u00edt\u00e9s n\u00e9lk\u00fcl) a teljes k\u00e9ppontos adatokat t\u00f6m\u00f6r\u00edt\u00e9s n\u00e9lk\u00fcl t\u00e1rolja. Ezenk\u00edv\u00fcl a 14 bites line\u00e1risr\u00f3l 16 bites gamma-korrig\u00e1lt adatokra val\u00f3 \u00e1talak\u00edt\u00e1s n\u00f6velheti a f\u00e1jlm\u00e9retet.<\/p>\n                    <\/div>\n                <\/div>\n                <div class=\"faq-item\">\n                    <h3 class=\"faq-question\">\n                        <span class=\"faq-icon\"><i class=\"fas fa-question-circle\"><\/i><\/span>\n                        Melyik TIFF t\u00f6m\u00f6r\u00edt\u00e9si lehet\u0151s\u00e9get v\u00e1lasszam?\n                    <\/h3>\n                    <div class=\"faq-answer\">\n                        <p>A maxim\u00e1lis min\u0151s\u00e9g \u00e9s a professzion\u00e1lis munkafolyamatok \u00e9rdek\u00e9ben haszn\u00e1ljon t\u00f6m\u00f6r\u00edtetlen TIFF-et. A min\u0151s\u00e9groml\u00e1s n\u00e9lk\u00fcli t\u00e1rol\u00e1si hat\u00e9konys\u00e1g \u00e9rdek\u00e9ben v\u00e1lassza az LZW t\u00f6m\u00f6r\u00edt\u00e9st, amely \u00e1ltal\u00e1ban 30-50%-kal cs\u00f6kkenti a f\u00e1jlm\u00e9retet, mik\u00f6zben meg\u0151rzi a t\u00f6k\u00e9letes k\u00e9pmin\u0151s\u00e9get.<\/p>\n                    <\/div>\n                <\/div>\n                <div class=\"faq-item\">\n                    <h3 class=\"faq-question\">\n                        <span class=\"faq-icon\"><i class=\"fas fa-question-circle\"><\/i><\/span>\n                        A konvert\u00e1lt TIFF-f\u00e1jlok m\u0171k\u00f6dni fognak a nyomtat\u00e1si szolg\u00e1ltat\u00e1sommal?\n                    <\/h3>\n                    <div class=\"faq-answer\">\n                        <p>Igen, a TIFF a professzion\u00e1lis nyomtat\u00e1si szolg\u00e1ltat\u00e1sok el\u0151nyben r\u00e9szes\u00edtett form\u00e1tuma. A form\u00e1tum t\u00e1mogatja a CMYK sz\u00ednteret, a nagy bitm\u00e9lys\u00e9get \u00e9s a be\u00e1gyazott sz\u00ednprofilokat, amelyek pontos sz\u00ednvisszaad\u00e1st biztos\u00edtanak a nyomtat\u00e1si munkafolyamatokban.<\/p>\n                    <\/div>\n                <\/div>\n                <div class=\"faq-item\">\n                    <h3 class=\"faq-question\">\n                        <span class=\"faq-icon\"><i class=\"fas fa-question-circle\"><\/i><\/span>\n                        Konvert\u00e1lhatok egyszerre t\u00f6bb NEF f\u00e1jlt TIFF form\u00e1tumba?\n                    <\/h3>\n                    <div class=\"faq-answer\">\n                        <p>Igen, a Convertify t\u00e1mogatja a hatalmas k\u00f6tegelt feldolgoz\u00e1st, amely t\u00f6bb ezer NEF-f\u00e1jlt tud egyszerre kezelni. Egyszer\u0171en h\u00fazza \u00e1t a NEF-f\u00e1jlok teljes mapp\u00e1j\u00e1t, \u00e9s egyetlen m\u0171veletben az \u00f6sszes TIFF form\u00e1tumba konvert\u00e1l\u00f3dik.<\/p>\n                    <\/div>\n                <\/div>\n                <div class=\"faq-item\">\n                    <h3 class=\"faq-question\">\n                        <span class=\"faq-icon\"><i class=\"fas fa-question-circle\"><\/i><\/span>\n                        Sz\u00fcks\u00e9gem van internetkapcsolatra a NEF f\u00e1jlok TIFF form\u00e1tumba konvert\u00e1l\u00e1s\u00e1hoz?\n                    <\/h3>\n                    <div class=\"faq-answer\">\n                        <p>Nem, a Convertify az \u00f6sszes konverzi\u00f3t teljesen offline \u00e1llapotban dolgozza fel a helyi sz\u00e1m\u00edt\u00f3g\u00e9pen. A NEF-f\u00e1jlok soha nem hagyj\u00e1k el az eszk\u00f6zt, \u00edgy biztos\u00edtva a teljes adatv\u00e9delmet, \u00e9s lehet\u0151v\u00e9 teszi, hogy internetkapcsolat n\u00e9lk\u00fcl is dolgozzon.<\/p>\n                    <\/div>\n                <\/div>\n            <\/div>\n        <\/section>\n\n\n        <!-- CTA Section -->\n        <section class=\"cta-section\">\n            <div class=\"cta-pattern\"><\/div>\n            <div class=\"cta-content\">\n                <h2 class=\"cta-title\">K\u00e9szen \u00e1ll a f\u00e1jlok konvert\u00e1l\u00e1s\u00e1ra?<\/h2>\n                <p class=\"cta-text\">T\u00f6ltse le a Convertify alkalmaz\u00e1st most, \u00e9s kezdje el azonnal a NEF konvert\u00e1l\u00e1s\u00e1t TIFF form\u00e1tumba. Ingyenes, korl\u00e1tlan \u00e9s teljesen offline.<\/p>\n                <div class=\"hero-buttons\">\n                    <a href=\"\/download\" class=\"btn btn-primary\">A Convertify let\u00f6lt\u00e9se ingyenes<\/a>\n                    <a href=\"\/pricing\" class=\"btn btn-secondary\">\u00c1rak megtekint\u00e9se<\/a>\n                <\/div>\n            <\/div>\n        <\/section>\n    <\/div>\n<\/body>\n<\/html>\n\n\n\n<p><\/p>\n","protected":false},"excerpt":{"rendered":"<p>NEF-TIFF konverter: gyors, ingyenes \u00e9s offline Windowshoz NEF-TIFF konverter Konvert\u00e1lja a Nikon NEF nyers f\u00e1jlokat TIFF form\u00e1tumba az univerz\u00e1lis kompatibilit\u00e1s [&hellip;]<\/p>\n","protected":false},"author":1,"featured_media":0,"parent":0,"menu_order":0,"comment_status":"closed","ping_status":"closed","template":"","meta":{"pagelayer_contact_templates":[],"_pagelayer_content":"","_uag_custom_page_level_css":"","site-sidebar-layout":"default","site-content-layout":"","ast-site-content-layout":"","site-content-style":"default","site-sidebar-style":"default","ast-global-header-display":"","ast-banner-title-visibility":"","ast-main-header-display":"","ast-hfb-above-header-display":"","ast-hfb-below-header-display":"","ast-hfb-mobile-header-display":"","site-post-title":"disabled","ast-breadcrumbs-content":"","ast-featured-img":"","footer-sml-layout":"","theme-transparent-header-meta":"","adv-header-id-meta":"","stick-header-meta":"","header-above-stick-meta":"","header-main-stick-meta":"","header-below-stick-meta":"","astra-migrate-meta-layouts":"default","ast-page-background-enabled":"default","ast-page-background-meta":{"desktop":{"background-color":"var(--ast-global-color-5)","background-image":"","background-repeat":"repeat","background-position":"center center","background-size":"auto","background-attachment":"scroll","background-type":"","background-media":"","overlay-type":"","overlay-color":"","overlay-opacity":"","overlay-gradient":""},"tablet":{"background-color":"","background-image":"","background-repeat":"repeat","background-position":"center center","background-size":"auto","background-attachment":"scroll","background-type":"","background-media":"","overlay-type":"","overlay-color":"","overlay-opacity":"","overlay-gradient":""},"mobile":{"background-color":"","background-image":"","background-repeat":"repeat","background-position":"center center","background-size":"auto","background-attachment":"scroll","background-type":"","background-media":"","overlay-type":"","overlay-color":"","overlay-opacity":"","overlay-gradient":""}},"ast-content-background-meta":{"desktop":{"background-color":"var(--ast-global-color-4)","background-image":"","background-repeat":"repeat","background-position":"center center","background-size":"auto","background-attachment":"scroll","background-type":"","background-media":"","overlay-type":"","overlay-color":"","overlay-opacity":"","overlay-gradient":""},"tablet":{"background-color":"var(--ast-global-color-4)","background-image":"","background-repeat":"repeat","background-position":"center center","background-size":"auto","background-attachment":"scroll","background-type":"","background-media":"","overlay-type":"","overlay-color":"","overlay-opacity":"","overlay-gradient":""},"mobile":{"background-color":"var(--ast-global-color-4)","background-image":"","background-repeat":"repeat","background-position":"center center","background-size":"auto","background-attachment":"scroll","background-type":"","background-media":"","overlay-type":"","overlay-color":"","overlay-opacity":"","overlay-gradient":""}},"footnotes":""},"class_list":["post-740507","page","type-page","status-publish","hentry"],"uagb_featured_image_src":{"full":false,"thumbnail":false,"medium":false,"medium_large":false,"large":false,"1536x1536":false,"2048x2048":false,"woocommerce_thumbnail":false,"woocommerce_single":false,"woocommerce_gallery_thumbnail":false},"uagb_author_info":{"display_name":"convertify","author_link":"https:\/\/convertifypro.com\/author\/convertifypro\/"},"uagb_comment_info":0,"uagb_excerpt":"NEF-TIFF konverter: gyors, ingyenes \u00e9s offline Windowshoz NEF-TIFF konverter Konvert\u00e1lja a Nikon NEF nyers f\u00e1jlokat TIFF form\u00e1tumba az univerz\u00e1lis kompatibilit\u00e1s [&hellip;]","_links":{"self":[{"href":"https:\/\/convertifypro.com\/wp-json\/wp\/v2\/pages\/740507","targetHints":{"allow":["GET"]}}],"collection":[{"href":"https:\/\/convertifypro.com\/wp-json\/wp\/v2\/pages"}],"about":[{"href":"https:\/\/convertifypro.com\/wp-json\/wp\/v2\/types\/page"}],"author":[{"embeddable":true,"href":"https:\/\/convertifypro.com\/wp-json\/wp\/v2\/users\/1"}],"replies":[{"embeddable":true,"href":"https:\/\/convertifypro.com\/wp-json\/wp\/v2\/comments?post=740507"}],"version-history":[{"count":0,"href":"https:\/\/convertifypro.com\/wp-json\/wp\/v2\/pages\/740507\/revisions"}],"wp:attachment":[{"href":"https:\/\/convertifypro.com\/wp-json\/wp\/v2\/media?parent=740507"}],"curies":[{"name":"wp","href":"https:\/\/api.w.org\/{rel}","templated":true}]}}