{"id":740404,"date":"2026-01-21T22:37:57","date_gmt":"2026-01-21T22:37:57","guid":{"rendered":"https:\/\/convertifypro.com\/?page_id=740404"},"modified":"2026-01-21T22:37:57","modified_gmt":"2026-01-21T22:37:57","slug":"heic-to-avif-converter","status":"publish","type":"page","link":"https:\/\/convertifypro.com\/hu\/heic-avif-konverter\/","title":{"rendered":"HEIC-AVIF konverter"},"content":{"rendered":"<style class=\"wpcode-css-snippet\">.ast-custom-button {\r\n  display: none;\r\n}<\/style>\n\n\n\n<!DOCTYPE html>\n<html lang=\"en\">\n<head>\n    <meta charset=\"UTF-8\">\n    <meta name=\"viewport\" content=\"width=device-width, initial-scale=1.0\">\n    <meta name=\"description\" content=\"Convert HEIC files to AVIF format with our powerful offline converter. Perfect for web optimization, cross-platform compatibility, and superior compression efficiency.\">\n    <meta name=\"keywords\" content=\"HEIC to AVIF converter, iPhone photo converter, HEIF to AVIF, Apple photo format converter, AVIF converter Windows, offline image converter, batch HEIC converter\">\n    <title>HEIC-AVIF konverter: gyors, ingyenes \u00e9s offline Windowshoz<\/title>\n    <link rel=\"stylesheet\" href=\"https:\/\/cdnjs.cloudflare.com\/ajax\/libs\/font-awesome\/6.4.0\/css\/all.min.css\">\n    \n    <style>\n        \/* Main Styles *\/\n        :root {\n            --primary-color: #FD9800;\n            --primary-hover: #e88a00;\n            --text-color: #3A3A3A;\n            --light-bg: #f8faff;\n            --gradient-bg: linear-gradient(135deg, #f8faff 0%, #fff5e6 100%);\n            --box-shadow: 0 10px 30px rgba(0, 0, 0, 0.05);\n            --hover-shadow: 0 15px 35px rgba(0, 0, 0, 0.1);\n            --border-color: #f1f5f9;\n        }\n\n        .converter-section {\n            max-width: 1200px;\n            margin: 0 auto;\n            padding: 2rem 1.5rem;\n            font-family: 'Inter', 'Segoe UI', system-ui, -apple-system, sans-serif;\n            color: var(--text-color);\n        }\n\n        \/* Hero Section *\/\n        .hero-section {\n            text-align: center;\n            padding: 3rem 1rem;\n            margin-bottom: 3rem;\n            background: var(--gradient-bg);\n            border-radius: 16px;\n            position: relative;\n            overflow: hidden;\n        }\n\n        .hero-pattern {\n            position: absolute;\n            top: 0;\n            left: 0;\n            right: 0;\n            bottom: 0;\n            background-image: url(\"data:image\/svg+xml,%3Csvg width='60' height='60' viewBox='0 0 60 60' xmlns='http:\/\/www.w3.org\/2000\/svg'%3E%3Cg fill='none' fill-rule='evenodd'%3E%3Cg fill='%23fd9800' fill-opacity='0.05'%3E%3Cpath d='M36 34v-4h-2v4h-4v2h4v4h2v-4h4v-2h-4zm0-30V0h-2v4h-4v2h4v4h2V6h4V4h-4zM6 34v-4H4v4H0v2h4v4h2v-4h4v-2H6zM6 4V0H4v4H0v2h4v4h2V6h4V4H6z'\/%3E%3C\/g%3E%3C\/g%3E%3C\/svg%3E\");\n            opacity: 0.5;\n            z-index: 0;\n        }\n\n        .hero-content {\n            position: relative;\n            z-index: 1;\n            max-width: 800px;\n            margin: 0 auto;\n        }\n\n        .hero-title {\n            font-size: 2.8rem;\n            font-weight: 800;\n            margin-bottom: 1.5rem;\n            color: var(--text-color);\n        }\n\n        .hero-subtitle {\n            font-size: 1.25rem;\n            margin-bottom: 2rem;\n            color: var(--text-color);\n            line-height: 1.6;\n        }\n\n        .hero-badges {\n            display: flex;\n            flex-wrap: wrap;\n            justify-content: center;\n            gap: 1rem;\n            margin-bottom: 2rem;\n        }\n\n        .hero-badge {\n            display: flex;\n            align-items: center;\n            background: white;\n            border-radius: 50px;\n            padding: 0.5rem 1rem;\n            box-shadow: var(--box-shadow);\n            transition: all 0.3s ease;\n            border: 1px solid var(--border-color);\n        }\n\n        .hero-badge:hover {\n            transform: translateY(-3px);\n            box-shadow: var(--hover-shadow);\n            border-color: rgba(253, 152, 0, 0.3);\n        }\n\n        .hero-badge-icon {\n            color: var(--primary-color);\n            margin-right: 0.5rem;\n            font-size: 1rem;\n        }\n\n        .hero-badge-text {\n            font-size: 0.9rem;\n            font-weight: 600;\n            color: var(--text-color);\n        }\n\n        .hero-buttons {\n            display: flex;\n            justify-content: center;\n            gap: 1rem;\n            flex-wrap: wrap;\n        }\n\n        .btn {\n            display: inline-block;\n            padding: 0.75rem 1.5rem;\n            border-radius: 8px;\n            font-weight: 600;\n            text-decoration: none !important;\n            transition: all 0.3s ease;\n            cursor: pointer;\n            font-size: 1rem;\n        }\n\n        .btn-primary {\n            background-color: var(--primary-color);\n            color: white !important;\n            box-shadow: 0 8px 16px rgba(253, 152, 0, 0.2);\n            border: none;\n        }\n\n        .btn-primary:hover {\n            background-color: var(--primary-hover);\n            transform: translateY(-2px);\n            text-decoration: none !important;\n        }\n\n        .btn-secondary {\n            background-color: white;\n            color: var(--primary-color) !important;\n            border: 1px solid var(--border-color);\n        }\n\n        .btn-secondary:hover {\n            background-color: #fff5e6;\n            transform: translateY(-2px);\n            text-decoration: none !important;\n        }\n\n        \/* Features Section *\/\n        .features-section {\n            margin-bottom: 4rem;\n        }\n\n        .section-title {\n            font-size: 2.2rem;\n            font-weight: 700;\n            text-align: center;\n            margin-bottom: 2.5rem;\n            color: var(--text-color);\n        }\n\n        .features-grid {\n            display: grid;\n            grid-template-columns: repeat(auto-fit, minmax(300px, 1fr));\n            gap: 2rem;\n        }\n\n        .feature-card {\n            background: white;\n            border-radius: 16px;\n            overflow: hidden;\n            box-shadow: var(--box-shadow);\n            transition: all 0.3s ease;\n            border: 1px solid var(--border-color);\n            height: 100%;\n            display: flex;\n            flex-direction: column;\n        }\n\n        .feature-card:hover {\n            transform: translateY(-5px);\n            box-shadow: var(--hover-shadow);\n            border-color: rgba(253, 152, 0, 0.3);\n        }\n\n        .feature-icon {\n            width: 60px;\n            height: 60px;\n            background-color: rgba(253, 152, 0, 0.15);\n            color: var(--primary-color);\n            border-radius: 12px;\n            display: flex;\n            align-items: center;\n            justify-content: center;\n            margin-bottom: 1.5rem;\n            font-size: 1.8rem;\n            transition: all 0.3s ease;\n        }\n\n        .feature-card:hover .feature-icon {\n            background: linear-gradient(135deg, #FD9800 0%, #FF6D00 100%);\n            color: white;\n            box-shadow: 0 10px 20px rgba(253, 152, 0, 0.2);\n        }\n\n        .feature-content {\n            padding: 2rem;\n            flex-grow: 1;\n        }\n\n        .feature-title {\n            font-size: 1.4rem;\n            font-weight: 700;\n            margin-bottom: 1rem;\n            color: var(--text-color);\n        }\n\n        .feature-text {\n            font-size: 1rem;\n            color: #555;\n            line-height: 1.6;\n            margin-bottom: 1.5rem;\n        }\n\n        .feature-list {\n            list-style: none;\n            padding: 0;\n            margin: 0;\n        }\n\n        .feature-item {\n            display: flex;\n            align-items: flex-start;\n            margin-bottom: 0.75rem;\n            line-height: 1.5;\n        }\n\n        .feature-check {\n            color: var(--primary-color);\n            margin-right: 0.75rem;\n            flex-shrink: 0;\n            margin-top: 0.2rem;\n        }\n\n        .feature-item-text {\n            font-size: 0.95rem;\n            color: var(--text-color);\n        }\n\n        \/* Why Convert Section *\/\n        .why-convert-section {\n            margin-bottom: 4rem;\n            background: var(--light-bg);\n            border-radius: 16px;\n            padding: 3rem 2rem;\n        }\n\n        .comparison-grid {\n            display: grid;\n            grid-template-columns: repeat(auto-fit, minmax(300px, 1fr));\n            gap: 2rem;\n            margin-top: 2rem;\n        }\n\n        .format-card {\n            background: white;\n            border-radius: 16px;\n            padding: 1.5rem;\n            box-shadow: var(--box-shadow);\n            transition: all 0.3s ease;\n            border: 1px solid var(--border-color);\n        }\n\n        .format-card:hover {\n            transform: translateY(-5px);\n            box-shadow: var(--hover-shadow);\n            border-color: rgba(253, 152, 0, 0.3);\n        }\n\n        .format-title {\n            font-size: 1.6rem;\n            font-weight: 700;\n            margin-bottom: 1.25rem;\n            color: var(--text-color);\n            display: flex;\n            align-items: center;\n        }\n\n        .format-icon {\n            color: var(--primary-color);\n            margin-right: 0.75rem;\n            font-size: 1.6rem;\n        }\n\n        .format-list {\n            list-style: none;\n            padding: 0;\n            margin: 0;\n        }\n\n        .format-item {\n            display: flex;\n            align-items: flex-start;\n            margin-bottom: 0.85rem;\n        }\n\n        .format-check {\n            color: var(--primary-color);\n            margin-right: 0.75rem;\n            flex-shrink: 0;\n            margin-top: 0.2rem;\n        }\n\n        .format-text {\n            font-size: 0.95rem;\n            color: #555;\n            line-height: 1.5;\n        }\n\n        \/* How It Works Section *\/\n        .how-it-works-section {\n            margin-bottom: 4rem;\n        }\n\n        .steps-container {\n            max-width: 900px;\n            margin: 0 auto;\n        }\n\n        .step-card {\n            display: flex;\n            align-items: flex-start;\n            background: white;\n            border-radius: 16px;\n            padding: 2rem;\n            box-shadow: var(--box-shadow);\n            margin-bottom: 2rem;\n            border: 1px solid var(--border-color);\n            transition: all 0.3s ease;\n        }\n\n        .step-card:hover {\n            transform: translateY(-5px);\n            box-shadow: var(--hover-shadow);\n            border-color: rgba(253, 152, 0, 0.3);\n        }\n\n        .step-number {\n            width: 50px;\n            height: 50px;\n            background-color: rgba(253, 152, 0, 0.15);\n            color: var(--primary-color);\n            border-radius: 50%;\n            display: flex;\n            align-items: center;\n            justify-content: center;\n            font-size: 1.5rem;\n            font-weight: 700;\n            margin-right: 1.5rem;\n            flex-shrink: 0;\n            transition: all 0.3s ease;\n        }\n\n        .step-card:hover .step-number {\n            background: linear-gradient(135deg, #FD9800 0%, #FF6D00 100%);\n            color: white;\n            box-shadow: 0 10px 20px rgba(253, 152, 0, 0.2);\n        }\n\n        .step-content {\n            flex: 1;\n        }\n\n        .step-title {\n            font-size: 1.4rem;\n            font-weight: 700;\n            margin-bottom: 0.75rem;\n            color: var(--text-color);\n        }\n\n        .step-text {\n            font-size: 1rem;\n            color: #555;\n            line-height: 1.6;\n        }\n\n        \/* Use Cases Section *\/\n        .use-cases-section {\n            margin-bottom: 4rem;\n            background: var(--light-bg);\n            border-radius: 16px;\n            padding: 3rem 2rem;\n        }\n\n        .use-cases-grid {\n            display: grid;\n            grid-template-columns: repeat(auto-fit, minmax(300px, 1fr));\n            gap: 2rem;\n            margin-top: 2rem;\n        }\n\n        .use-case-card {\n            background: white;\n            border-radius: 16px;\n            padding: 1.5rem;\n            box-shadow: var(--box-shadow);\n            transition: all 0.3s ease;\n            border: 1px solid var(--border-color);\n            height: 100%;\n        }\n\n        .use-case-card:hover {\n            transform: translateY(-5px);\n            box-shadow: var(--hover-shadow);\n            border-color: rgba(253, 152, 0, 0.3);\n        }\n\n        .use-case-icon {\n            color: var(--primary-color);\n            font-size: 2rem;\n            margin-bottom: 1rem;\n        }\n\n        .use-case-title {\n            font-size: 1.3rem;\n            font-weight: 700;\n            margin-bottom: 1rem;\n            color: var(--text-color);\n        }\n\n        .use-case-text {\n            font-size: 0.95rem;\n            color: #555;\n            line-height: 1.6;\n        }\n\n        \/* FAQ Section *\/\n        .faq-section {\n            margin-bottom: 4rem;\n        }\n\n        .faq-container {\n            max-width: 900px;\n            margin: 0 auto;\n        }\n\n        .faq-item {\n            background: white;\n            border-radius: 16px;\n            padding: 1.5rem 2rem;\n            box-shadow: var(--box-shadow);\n            margin-bottom: 1.5rem;\n            border: 1px solid var(--border-color);\n            transition: all 0.3s ease;\n        }\n\n        .faq-item:hover {\n            transform: translateY(-3px);\n            box-shadow: var(--hover-shadow);\n            border-color: rgba(253, 152, 0, 0.3);\n        }\n\n        .faq-question {\n            font-size: 1.2rem;\n            font-weight: 700;\n            margin-bottom: 1rem;\n            color: var(--text-color);\n            display: flex;\n            align-items: center;\n        }\n\n        .faq-icon {\n            color: var(--primary-color);\n            margin-right: 0.75rem;\n            font-size: 1.2rem;\n        }\n\n        .faq-answer {\n            font-size: 1rem;\n            color: #555;\n            line-height: 1.6;\n        }\n\n        \/* Technical Details Section *\/\n        .technical-details-section {\n            margin-bottom: 4rem;\n        }\n\n        .technical-details-grid {\n            display: grid;\n            grid-template-columns: repeat(auto-fit, minmax(300px, 1fr));\n            gap: 2rem;\n        }\n\n        .tech-detail-card {\n            background: white;\n            border-radius: 16px;\n            padding: 1.5rem;\n            box-shadow: var(--box-shadow);\n            transition: all 0.3s ease;\n            border: 1px solid var(--border-color);\n        }\n\n        .tech-detail-card:hover {\n            transform: translateY(-5px);\n            box-shadow: var(--hover-shadow);\n            border-color: rgba(253, 152, 0, 0.3);\n        }\n\n        .tech-detail-title {\n            font-size: 1.3rem;\n            font-weight: 700;\n            margin-bottom: 1rem;\n            color: var(--text-color);\n            display: flex;\n            align-items: center;\n        }\n\n        .tech-detail-icon {\n            color: var(--primary-color);\n            margin-right: 0.75rem;\n            font-size: 1.3rem;\n        }\n\n        .tech-detail-text {\n            font-size: 0.95rem;\n            color: #555;\n            line-height: 1.6;\n        }\n\n        \/* Security Section *\/\n        .security-section {\n            margin-bottom: 4rem;\n            background: var(--light-bg);\n            border-radius: 16px;\n            padding: 3rem 2rem;\n        }\n\n        .security-features {\n            display: grid;\n            grid-template-columns: repeat(auto-fit, minmax(300px, 1fr));\n            gap: 2rem;\n            margin-top: 2rem;\n        }\n\n        .security-card {\n            background: white;\n            border-radius: 16px;\n            padding: 1.5rem;\n            box-shadow: var(--box-shadow);\n            transition: all 0.3s ease;\n            border: 1px solid var(--border-color);\n        }\n\n        .security-card:hover {\n            transform: translateY(-5px);\n            box-shadow: var(--hover-shadow);\n            border-color: rgba(253, 152, 0, 0.3);\n        }\n\n        .security-title {\n            font-size: 1.3rem;\n            font-weight: 700;\n            margin-bottom: 1rem;\n            color: var(--text-color);\n            display: flex;\n            align-items: center;\n        }\n\n        .security-icon {\n            color: var(--primary-color);\n            margin-right: 0.75rem;\n            font-size: 1.3rem;\n        }\n\n        .security-text {\n            font-size: 0.95rem;\n            color: #555;\n            line-height: 1.6;\n        }\n\n        \/* CTA Section *\/\n        .cta-section {\n            text-align: center;\n            padding: 3rem 1rem;\n            background: var(--gradient-bg);\n            border-radius: 16px;\n            position: relative;\n            overflow: hidden;\n            margin-bottom: 2rem;\n        }\n\n        .cta-pattern {\n            position: absolute;\n            top: 0;\n            left: 0;\n            right: 0;\n            bottom: 0;\n            background-image: url(\"data:image\/svg+xml,%3Csvg width='60' height='60' viewBox='0 0 60 60' xmlns='http:\/\/www.w3.org\/2000\/svg'%3E%3Cg fill='none' fill-rule='evenodd'%3E%3Cg fill='%23fd9800' fill-opacity='0.05'%3E%3Cpath d='M36 34v-4h-2v4h-4v2h4v4h2v-4h4v-2h-4zm0-30V0h-2v4h-4v2h4v4h2V6h4V4h-4zM6 34v-4H4v4H0v2h4v4h2v-4h4v-2H6zM6 4V0H4v4H0v2h4v4h2V6h4V4H6z'\/%3E%3C\/g%3E%3C\/g%3E%3C\/svg%3E\");\n            opacity: 0.5;\n            z-index: 0;\n        }\n\n        .cta-content {\n            position: relative;\n            z-index: 1;\n            max-width: 800px;\n            margin: 0 auto;\n        }\n\n        .cta-title {\n            font-size: 2.2rem;\n            font-weight: 700;\n            margin-bottom: 1.5rem;\n            color: var(--text-color);\n        }\n\n        .cta-text {\n            font-size: 1.1rem;\n            margin-bottom: 2rem;\n            color: #555;\n            line-height: 1.6;\n        }\n\n        \/* Guide-specific Styles *\/\n        .guide-content {\n            background: white;\n            border-radius: 16px;\n            padding: 2rem;\n            margin-bottom: 2rem;\n            box-shadow: var(--box-shadow);\n            border: 1px solid var(--border-color);\n        }\n\n        .guide-section-title {\n            font-size: 1.6rem;\n            font-weight: 700;\n            color: var(--text-color);\n            margin-bottom: 1rem;\n        }\n\n        .guide-text {\n            font-size: 1rem;\n            color: #555;\n            line-height: 1.8;\n            margin-bottom: 1rem;\n        }\n\n        .guide-list {\n            list-style: none;\n            padding: 0;\n            margin: 1rem 0;\n        }\n\n        .guide-list-item {\n            display: flex;\n            align-items: flex-start;\n            margin-bottom: 0.75rem;\n            padding-left: 1.5rem;\n            position: relative;\n        }\n\n        .guide-list-item::before {\n            content: \"\u2022\";\n            color: var(--primary-color);\n            font-weight: bold;\n            position: absolute;\n            left: 0;\n        }\n\n        \/* Responsive Styles *\/\n        @media (max-width: 768px) {\n            .hero-title {\n                font-size: 2.2rem;\n            }\n\n            .section-title {\n                font-size: 1.8rem;\n            }\n\n            .cta-title {\n                font-size: 1.8rem;\n            }\n\n            .features-grid {\n                grid-template-columns: 1fr;\n                max-width: 500px;\n                margin: 0 auto;\n            }\n\n            .step-card {\n                flex-direction: column;\n                align-items: flex-start;\n            }\n\n            .step-number {\n                margin-bottom: 1rem;\n                margin-right: 0;\n            }\n        }\n\n        @media (max-width: 480px) {\n            .hero-title {\n                font-size: 1.8rem;\n            }\n\n            .hero-subtitle {\n                font-size: 1.1rem;\n            }\n\n            .section-title {\n                font-size: 1.6rem;\n            }\n\n            .feature-content {\n                padding: 1.5rem;\n            }\n\n            .step-card {\n                padding: 1.5rem;\n            }\n\n            .faq-item {\n                padding: 1.25rem;\n            }\n        }\n\n        \/* Button text should never be underlined *\/\n        .btn:hover, .btn:focus, .btn:active {\n            text-decoration: none !important;\n        }\n    <\/style>\n<\/head>\n<body>\n    <div class=\"converter-section\">\n        <!-- Hero Section -->\n        <section class=\"hero-section\">\n            <div class=\"hero-pattern\"><\/div>\n            <div class=\"hero-content\">\n                <h1 class=\"hero-title\">HEIC-AVIF konverter<\/h1>\n                <p class=\"hero-subtitle\">Konvert\u00e1lja az Apple HEIC k\u00e9peit modern AVIF form\u00e1tumba a kiv\u00e1l\u00f3 t\u00f6m\u00f6r\u00edt\u00e9si hat\u00e9konys\u00e1g \u00e9s a sz\u00e9lesebb k\u00f6r\u0171 webkompatibilit\u00e1s \u00e9rdek\u00e9ben. Alak\u00edtsa iPhone-fot\u00f3it \u00faj gener\u00e1ci\u00f3s webes k\u00e9pekk\u00e9, amelyek kiv\u00e9teles min\u0151s\u00e9get biztos\u00edtanak dr\u00e1maian kisebb f\u00e1jlm\u00e9ret mellett.<\/p>\n\n                <div class=\"hero-badges\">\n                    <div class=\"hero-badge\">\n                        <span class=\"hero-badge-icon\"><i class=\"fas fa-desktop\"><\/i><\/span>\n                        <span class=\"hero-badge-text\">100% offline<\/span>\n                    <\/div>\n                    <div class=\"hero-badge\">\n                        <span class=\"hero-badge-icon\"><i class=\"fas fa-infinity\"><\/i><\/span>\n                        <span class=\"hero-badge-text\">Korl\u00e1tlan sz\u00e1m\u00fa konverzi\u00f3<\/span>\n                    <\/div>\n                    <div class=\"hero-badge\">\n                        <span class=\"hero-badge-icon\"><i class=\"fas fa-shield-alt\"><\/i><\/span>\n                        <span class=\"hero-badge-text\">Priv\u00e1t \u00e9s biztons\u00e1gos<\/span>\n                    <\/div>\n                    <div class=\"hero-badge\">\n                        <span class=\"hero-badge-icon\"><i class=\"fas fa-bolt\"><\/i><\/span>\n                        <span class=\"hero-badge-text\">Vill\u00e1mgyors<\/span>\n                    <\/div>\n                <\/div>\n\n                <div class=\"hero-buttons\">\n                    <a href=\"\/download\" class=\"btn btn-primary\">Let\u00f6lt\u00e9s ingyenes<\/a>\n                    <a href=\"#how-it-works\" class=\"btn btn-secondary\">Tov\u00e1bbi inform\u00e1ci\u00f3<\/a>\n                <\/div>\n            <\/div>\n        <\/section>\n\n\n        <!-- Features Section -->\n        <section class=\"features-section\">\n            <h2 class=\"section-title\">Mi\u00e9rt v\u00e1lassza a Konvert\u00e1l\u00e1st a HEIC AVIF konverzi\u00f3hoz?<\/h2>\n\n            <div class=\"features-grid\">\n                <div class=\"feature-card\">\n                    <div class=\"feature-content\">\n                        <div class=\"feature-icon\">\n                            <i class=\"fas fa-bolt\"><\/i>\n                        <\/div>\n                        <h3 class=\"feature-title\">Vill\u00e1mgyors helyi feldolgoz\u00e1s<\/h3>\n                        <p class=\"feature-text\">Folyamatosan dolgozza fel a HEIC-b\u0151l AVIF-be t\u00f6rt\u00e9n\u0151 konverzi\u00f3kat Windows-g\u00e9p\u00e9n, internetf\u00fcgg\u0151s\u00e9g n\u00e9lk\u00fcl. Optimaliz\u00e1lt dek\u00f3der\u00fcnk hat\u00e9konyan kezeli az Apple HEIF t\u00e1rol\u00f3form\u00e1tum\u00e1t, mik\u00f6zben meg\u0151rzi a teljes k\u00e9pmin\u0151s\u00e9get.<\/p>\n                        <ul class=\"feature-list\">\n                            <li class=\"feature-item\">\n                                <span class=\"feature-check\"><i class=\"fas fa-check-circle\"><\/i><\/span>\n                                <span class=\"feature-item-text\">T\u00f6bbmagos CPU optimaliz\u00e1l\u00e1s a gyors feldolgoz\u00e1s \u00e9rdek\u00e9ben<\/span>\n                            <\/li>\n                            <li class=\"feature-item\">\n                                <span class=\"feature-check\"><i class=\"fas fa-check-circle\"><\/i><\/span>\n                                <span class=\"feature-item-text\">K\u00f6zvetlen HEVC AV1 kodek \u00e1talak\u00edt\u00e1s<\/span>\n                            <\/li>\n                            <li class=\"feature-item\">\n                                <span class=\"feature-check\"><i class=\"fas fa-check-circle\"><\/i><\/span>\n                                <span class=\"feature-item-text\">Nulla h\u00e1l\u00f3zati k\u00e9sleltet\u00e9s vagy felt\u00f6lt\u00e9si k\u00e9s\u00e9s<\/span>\n                            <\/li>\n                        <\/ul>\n                    <\/div>\n                <\/div>\n                <div class=\"feature-card\">\n                    <div class=\"feature-content\">\n                        <div class=\"feature-icon\">\n                            <i class=\"fas fa-shield-alt\"><\/i>\n                        <\/div>\n                        <h3 class=\"feature-title\">Teljes k\u00f6r\u0171 adatv\u00e9delem<\/h3>\n                        <p class=\"feature-text\">Tartsa szem\u00e9lyes iPhone-fot\u00f3it teljesen biztons\u00e1gban az \u00e1talak\u00edt\u00e1s sor\u00e1n. Minden HEIC dek\u00f3dol\u00e1s \u00e9s AVIF k\u00f3dol\u00e1s helyben t\u00f6rt\u00e9nik az eszk\u00f6z\u00f6n felh\u0151felt\u00f6lt\u00e9s vagy k\u00fcls\u0151 feldolgoz\u00e1s n\u00e9lk\u00fcl.<\/p>\n                        <ul class=\"feature-list\">\n                            <li class=\"feature-item\">\n                                <span class=\"feature-check\"><i class=\"fas fa-check-circle\"><\/i><\/span>\n                                <span class=\"feature-item-text\">A f\u00e9nyk\u00e9pek soha nem hagyj\u00e1k el a sz\u00e1m\u00edt\u00f3g\u00e9pet<\/span>\n                            <\/li>\n                            <li class=\"feature-item\">\n                                <span class=\"feature-check\"><i class=\"fas fa-check-circle\"><\/i><\/span>\n                                <span class=\"feature-item-text\">Nincs metaadat k\u00f6vet\u00e9s vagy elemz\u00e9s<\/span>\n                            <\/li>\n                            <li class=\"feature-item\">\n                                <span class=\"feature-check\"><i class=\"fas fa-check-circle\"><\/i><\/span>\n                                <span class=\"feature-item-text\">Biztons\u00e1gos ideiglenes f\u00e1jlkezel\u00e9s<\/span>\n                            <\/li>\n                        <\/ul>\n                    <\/div>\n                <\/div>\n                <div class=\"feature-card\">\n                    <div class=\"feature-content\">\n                        <div class=\"feature-icon\">\n                            <i class=\"fas fa-expand-arrows-alt\"><\/i>\n                        <\/div>\n                        <h3 class=\"feature-title\">Fejlett AI k\u00e9pjav\u00edt\u00e1s<\/h3>\n                        <p class=\"feature-text\">Jav\u00edtsa konvert\u00e1lt AVIF-k\u00e9peit az intelligens AI-felsk\u00e1l\u00e1z\u00e1si technol\u00f3gi\u00e1val. A szabv\u00e1nyos felbont\u00e1s\u00fa HEIC f\u00e9nyk\u00e9peket \u00e9les, r\u00e9szletes AVIF-f\u00e1jlokk\u00e1 alak\u00edthatja \u00e1t az eredeti felbont\u00e1s ak\u00e1r 4-szeres\u00e9re.<\/p>\n                        <ul class=\"feature-list\">\n                            <li class=\"feature-item\">\n                                <span class=\"feature-check\"><i class=\"fas fa-check-circle\"><\/i><\/span>\n                                <span class=\"feature-item-text\">Intelligens \u00e9l\u00e9rz\u00e9kel\u00e9s \u00e9s jav\u00edt\u00e1s<\/span>\n                            <\/li>\n                            <li class=\"feature-item\">\n                                <span class=\"feature-check\"><i class=\"fas fa-check-circle\"><\/i><\/span>\n                                <span class=\"feature-item-text\">Zajcs\u00f6kkent\u00e9s a felsk\u00e1l\u00e1z\u00e1s sor\u00e1n<\/span>\n                            <\/li>\n                            <li class=\"feature-item\">\n                                <span class=\"feature-check\"><i class=\"fas fa-check-circle\"><\/i><\/span>\n                                <span class=\"feature-item-text\">Meg\u0151rzi az eredeti sz\u00ednpontoss\u00e1got<\/span>\n                            <\/li>\n                        <\/ul>\n                    <\/div>\n                <\/div>\n            <\/div>\n        <\/section>\n\n\n        <!-- Why Convert Section -->\n        <section class=\"why-convert-section\">\n            <h2 class=\"section-title\">Mi\u00e9rt konvert\u00e1lja a HEIC-et AVIF-re?<\/h2>\n\n            <div class=\"comparison-grid\">\n                <div class=\"format-card\">\n                    <h3 class=\"format-title\">\n                        <span class=\"format-icon\"><i class=\"fas fa-file-video\"><\/i><\/span>\n                        HEIC form\u00e1tum\n                    <\/h3>\n                    <ul class=\"format-list\">\n                        <li class=\"format-item\">\n                            <span class=\"format-check\"><i class=\"fas fa-check-circle\"><\/i><\/span>\n                            <span class=\"format-text\">Kiv\u00e1l\u00f3 t\u00f6m\u00f6r\u00edt\u00e9si hat\u00e9konys\u00e1g a HEVC kodek haszn\u00e1lat\u00e1val, amely 50%-kal cs\u00f6kkenti a f\u00e1jlm\u00e9retet a JPEG-hez k\u00e9pest<\/span>\n                        <\/li>\n                        <li class=\"format-item\">\n                            <span class=\"format-check\"><i class=\"fas fa-check-circle\"><\/i><\/span>\n                            <span class=\"format-text\">T\u00e1mogatja a t\u00f6bb k\u00e9pet egyetlen t\u00e1rol\u00f3ban, bele\u00e9rtve az \u00c9l\u0151 f\u00e9nyk\u00e9peket \u00e9s a sorozatfelv\u00e9teleket<\/span>\n                        <\/li>\n                        <li class=\"format-item\">\n                            <span class=\"format-check\"><i class=\"fas fa-times-circle\"><\/i><\/span>\n                            <span class=\"format-text\">A korl\u00e1tozott b\u00f6ng\u00e9sz\u0151t\u00e1mogat\u00e1s korl\u00e1tozza a webhaszn\u00e1latot \u00e9s az online megoszt\u00e1si lehet\u0151s\u00e9geket<\/span>\n                        <\/li>\n                        <li class=\"format-item\">\n                            <span class=\"format-check\"><i class=\"fas fa-times-circle\"><\/i><\/span>\n                            <span class=\"format-text\">Az Apple \u00f6kosziszt\u00e9ma-f\u00fcgg\u0151s\u00e9ge megnehez\u00edti a megtekint\u00e9st Windows \u00e9s Android eszk\u00f6z\u00f6k\u00f6n<\/span>\n                        <\/li>\n                        <li class=\"format-item\">\n                            <span class=\"format-check\"><i class=\"fas fa-check-circle\"><\/i><\/span>\n                            <span class=\"format-text\">Meg\u0151rzi a kiterjedt EXIF-metaadatokat, bele\u00e9rtve a GPS-helysz\u00ednt \u00e9s a kamerabe\u00e1ll\u00edt\u00e1sokat<\/span>\n                        <\/li>\n                    <\/ul>\n                <\/div>\n\n                <div class=\"format-card\">\n                    <h3 class=\"format-title\">\n                        <span class=\"format-icon\"><i class=\"fas fa-file-video\"><\/i><\/span>\n                        AVIF form\u00e1tum\n                    <\/h3>\n                    <ul class=\"format-list\">\n                        <li class=\"format-item\">\n                            <span class=\"format-check\"><i class=\"fas fa-check-circle\"><\/i><\/span>\n                            <span class=\"format-text\">A kiv\u00e1l\u00f3 AV1 kodek 30%-kal jobb t\u00f6m\u00f6r\u00edt\u00e9st biztos\u00edt, mint a HEIC, mik\u00f6zben meg\u0151rzi az azonos min\u0151s\u00e9get<\/span>\n                        <\/li>\n                        <li class=\"format-item\">\n                            <span class=\"format-check\"><i class=\"fas fa-check-circle\"><\/i><\/span>\n                            <span class=\"format-text\">N\u00f6vekv\u0151 b\u00f6ng\u00e9sz\u0151t\u00e1mogat\u00e1s, bele\u00e9rtve a Chrome-ot, a Firefoxot \u00e9s az Edge-t a k\u00f6zvetlen webes megjelen\u00edt\u00e9shez<\/span>\n                        <\/li>\n                        <li class=\"format-item\">\n                            <span class=\"format-check\"><i class=\"fas fa-check-circle\"><\/i><\/span>\n                            <span class=\"format-text\">A jogd\u00edjmentes form\u00e1tum hossz\u00fa t\u00e1v\u00fa kompatibilit\u00e1st biztos\u00edt licenc korl\u00e1toz\u00e1sok n\u00e9lk\u00fcl<\/span>\n                        <\/li>\n                        <li class=\"format-item\">\n                            <span class=\"format-check\"><i class=\"fas fa-check-circle\"><\/i><\/span>\n                            <span class=\"format-text\">Fejlett funkci\u00f3k, mint p\u00e9ld\u00e1ul a filmszemcse szint\u00e9zis \u00e9s a nagy dinamikatartom\u00e1ny t\u00e1mogat\u00e1sa<\/span>\n                        <\/li>\n                        <li class=\"format-item\">\n                            <span class=\"format-check\"><i class=\"fas fa-check-circle\"><\/i><\/span>\n                            <span class=\"format-text\">Webes k\u00e9zbes\u00edt\u00e9sre optimaliz\u00e1lva progressz\u00edv bet\u00f6lt\u00e9si \u00e9s adapt\u00edv streaming k\u00e9pess\u00e9gekkel<\/span>\n                        <\/li>\n                    <\/ul>\n                <\/div>\n            <\/div>\n        <\/section>\n\n\n        <!-- Technical Details Section -->\n        <section class=\"technical-details-section\">\n            <h2 class=\"section-title\">M\u0171szaki r\u00e9szletek<\/h2>\n\n            <div class=\"technical-details-grid\">\n                <div class=\"tech-detail-card\">\n                    <h3 class=\"tech-detail-title\">\n                        <span class=\"tech-detail-icon\"><i class=\"fas fa-cog\"><\/i><\/span>\n                        Kodek konvert\u00e1l\u00e1si folyamat\n                    <\/h3>\n                    <p class=\"tech-detail-text\">\u00c1talak\u00edtja a HEIC HEVC (H.265) t\u00f6m\u00f6r\u00edt\u00e9s\u00e9t az AVIF AV1 kodekj\u00e9re, kihaszn\u00e1lva a fejlett keretek k\u00f6z\u00f6tti el\u0151rejelz\u00e9si \u00e9s transzform\u00e1ci\u00f3s k\u00f3dol\u00e1si technik\u00e1kat. Az elj\u00e1r\u00e1s meg\u0151rzi az \u00e9szlel\u00e9si min\u0151s\u00e9get, mik\u00f6zben kiv\u00e1l\u00f3 t\u00f6m\u00f6r\u00edt\u00e9si ar\u00e1nyt \u00e9r el a modern k\u00f3dol\u00e1si algoritmusok r\u00e9v\u00e9n.<\/p>\n                <\/div>\n                <div class=\"tech-detail-card\">\n                    <h3 class=\"tech-detail-title\">\n                        <span class=\"tech-detail-icon\"><i class=\"fas fa-palette\"><\/i><\/span>\n                        Sz\u00ednt\u00e9r meg\u0151rz\u00e9se\n                    <\/h3>\n                    <p class=\"tech-detail-text\">Az \u00e1talak\u00edt\u00e1s sor\u00e1n meg\u0151rzi az eredeti sz\u00ednprofilokat, t\u00e1mogatja a Wide Color Gamut (P3) \u00e9s az iPhone kamer\u00e1kb\u00f3l sz\u00e1rmaz\u00f3 HDR tartalmat. Megfelel\u0151 t\u00f3nuslek\u00e9pez\u00e9ssel kezeli a 10 bites \u00e9s 12 bites sz\u00ednm\u00e9lys\u00e9get, hogy biztos\u00edtsa a pontos sz\u00ednvisszaad\u00e1st az AVIF kimeneten.<\/p>\n                <\/div>\n                <div class=\"tech-detail-card\">\n                    <h3 class=\"tech-detail-title\">\n                        <span class=\"tech-detail-icon\"><i class=\"fas fa-layer-group\"><\/i><\/span>\n                        T\u00e1rol\u00f3form\u00e1tum-\u00e1ttelep\u00edt\u00e9s\n                    <\/h3>\n                    <p class=\"tech-detail-text\">Kivonja a k\u00e9padatokat a HEIF t\u00e1rol\u00f3szerkezetb\u0151l, \u00e9s \u00fajracsomagolja az AVIF egyszer\u0171s\u00edtett t\u00e1rol\u00f3form\u00e1tum\u00e1ba. Meg\u0151rzi az alapvet\u0151 metaadatokat, mik\u00f6zben optimaliz\u00e1lja a f\u00e1jlstrukt\u00far\u00e1t a webes k\u00e9zbes\u00edt\u00e9shez \u00e9s a streaming alkalmaz\u00e1sokhoz.<\/p>\n                <\/div>\n            <\/div>\n        <\/section>\n\n\n        <!-- How It Works Section -->\n        <section id=\"how-it-works\" class=\"how-it-works-section\">\n            <h2 class=\"section-title\">Hogyan lehet HEIC-et konvert\u00e1lni AVIF-re<\/h2>\n\n            <div class=\"steps-container\">\n                <div class=\"step-card\">\n                    <div class=\"step-number\">1<\/div>\n                    <div class=\"step-content\">\n                        <h3 class=\"step-title\">Let\u00f6lt\u00e9s \u00e9s telep\u00edt\u00e9s<\/h3>\n                        <p class=\"step-text\">T\u00f6ltse le ingyenesen a Convertify-t, \u00e9s telep\u00edtse Windows PC-j\u00e9re. Nincs sz\u00fcks\u00e9g fi\u00f3kra vagy regisztr\u00e1ci\u00f3ra.<\/p>\n                    <\/div>\n                <\/div>\n                <div class=\"step-card\">\n                    <div class=\"step-number\">2<\/div>\n                    <div class=\"step-content\">\n                        <h3 class=\"step-title\">Adja hozz\u00e1 HEIC f\u00e1jljait<\/h3>\n                        <p class=\"step-text\">H\u00fazza \u00e1t a HEIC-f\u00e1jlokat a Convertify alkalmaz\u00e1sba, vagy haszn\u00e1lja a f\u00e1jlb\u00f6ng\u00e9sz\u0151t a kiv\u00e1laszt\u00e1s\u00e1hoz.<\/p>\n                    <\/div>\n                <\/div>\n                <div class=\"step-card\">\n                    <div class=\"step-number\">3<\/div>\n                    <div class=\"step-content\">\n                        <h3 class=\"step-title\">V\u00e1lassza az AVIF kimenetet<\/h3>\n                        <p class=\"step-text\">V\u00e1lassza ki az AVIF-et kimeneti form\u00e1tumk\u00e9nt. Sz\u00fcks\u00e9g eset\u00e9n m\u00f3dos\u00edtsa a min\u0151s\u00e9gi be\u00e1ll\u00edt\u00e1sokat.<\/p>\n                    <\/div>\n                <\/div>\n                <div class=\"step-card\">\n                    <div class=\"step-number\">4<\/div>\n                    <div class=\"step-content\">\n                        <h3 class=\"step-title\">Konvert\u00e1l\u00e1s \u00e9s ment\u00e9s<\/h3>\n                        <p class=\"step-text\">Kattintson a Konvert\u00e1l\u00e1s gombra, \u00e9s a f\u00e1jlok azonnal feldolgoz\u00e1sra ker\u00fclnek. Mentse el \u0151ket b\u00e1rhov\u00e1 a sz\u00e1m\u00edt\u00f3g\u00e9p\u00e9n.<\/p>\n                    <\/div>\n                <\/div>\n            <\/div>\n        <\/section>\n\n\n        <!-- Use Cases Section -->\n        <section class=\"use-cases-section\">\n            <h2 class=\"section-title\">Mikor kell haszn\u00e1lni a HEIC AVIF konvert\u00e1l\u00e1st?<\/h2>\n\n            <div class=\"use-cases-grid\">\n                <div class=\"use-case-card\">\n                    <div class=\"use-case-icon\"><i class=\"fas fa-globe\"><\/i><\/div>\n                    <h3 class=\"use-case-title\">Webgal\u00e9ria optimaliz\u00e1l\u00e1s<\/h3>\n                    <p class=\"use-case-text\">Konvert\u00e1lja az iPhone HEIC f\u00e9nyk\u00e9peket AVIF-re, hogy gyorsabban t\u00f6lts\u00f6n be webgal\u00e9ri\u00e1kat, amelyek kevesebb s\u00e1vsz\u00e9less\u00e9get fogyasztanak, mik\u00f6zben meg\u0151rzik a hagyom\u00e1nyos JPEG form\u00e1tumokhoz k\u00e9pest kiv\u00e1l\u00f3 k\u00e9pmin\u0151s\u00e9get.<\/p>\n                <\/div>\n                <div class=\"use-case-card\">\n                    <div class=\"use-case-icon\"><i class=\"fas fa-mobile-alt\"><\/i><\/div>\n                    <h3 class=\"use-case-title\">Platformok k\u00f6z\u00f6tti kompatibilit\u00e1s<\/h3>\n                    <p class=\"use-case-text\">Enged\u00e9lyezze az iOS-eszk\u00f6z\u00f6kr\u0151l sz\u00e1rmaz\u00f3 HEIC-fot\u00f3k megfelel\u0151 megjelen\u00edt\u00e9s\u00e9t Android-telefonokon, Windows-sz\u00e1m\u00edt\u00f3g\u00e9peken \u00e9s webb\u00f6ng\u00e9sz\u0151k\u00f6n, amelyek nem t\u00e1mogatj\u00e1k az Apple szabadalmaztatott form\u00e1tum\u00e1t.<\/p>\n                <\/div>\n                <div class=\"use-case-card\">\n                    <div class=\"use-case-icon\"><i class=\"fas fa-cloud-upload-alt\"><\/i><\/div>\n                    <h3 class=\"use-case-title\">Hat\u00e9kony felh\u0151alap\u00fa t\u00e1rol\u00e1s<\/h3>\n                    <p class=\"use-case-text\">Cs\u00f6kkentse a felh\u0151alap\u00fa t\u00e1rol\u00e1s k\u00f6lts\u00e9geit az\u00e1ltal, hogy a HEIC-k\u00e9peket az AVIF kiv\u00e1l\u00f3 t\u00f6m\u00f6r\u00edt\u00e9s\u0171v\u00e9 alak\u00edtja, \u00edgy kisebb f\u00e1jlm\u00e9reteket \u00e9rhet el, mik\u00f6zben a biztons\u00e1gi ment\u00e9si megold\u00e1sok vizu\u00e1lis min\u0151s\u00e9ge megmarad.<\/p>\n                <\/div>\n                <div class=\"use-case-card\">\n                    <div class=\"use-case-icon\"><i class=\"fas fa-share-alt\"><\/i><\/div>\n                    <h3 class=\"use-case-title\">K\u00f6z\u00f6ss\u00e9gi m\u00e9dia el\u0151k\u00e9sz\u00edt\u00e9se<\/h3>\n                    <p class=\"use-case-text\">K\u00e9sz\u00edtsen iPhone-fot\u00f3kat k\u00f6z\u00f6ss\u00e9gi m\u00e9dia platformokra \u00e9s tartalomkezel\u0151 rendszerekre, amelyek esetleg nem t\u00e1mogatj\u00e1k teljes m\u00e9rt\u00e9kben a HEIC form\u00e1tumot, de profit\u00e1lhatnak az AVIF modern t\u00f6m\u00f6r\u00edt\u00e9s\u00e9b\u0151l.<\/p>\n                <\/div>\n                <div class=\"use-case-card\">\n                    <div class=\"use-case-icon\"><i class=\"fas fa-code\"><\/i><\/div>\n                    <h3 class=\"use-case-title\">Progressz\u00edv webalkalmaz\u00e1s-integr\u00e1ci\u00f3<\/h3>\n                    <p class=\"use-case-text\">Konvert\u00e1lja a HEIC-k\u00e9peket AVIF-re olyan modern webalkalmaz\u00e1sokhoz, amelyeknek hat\u00e9kony k\u00e9ptov\u00e1bb\u00edt\u00e1sra van sz\u00fcks\u00e9g\u00fck progressz\u00edv bet\u00f6lt\u00e9si \u00e9s reszponz\u00edv k\u00e9pszolg\u00e1ltat\u00e1si k\u00e9pess\u00e9gekkel.<\/p>\n                <\/div>\n                <div class=\"use-case-card\">\n                    <div class=\"use-case-icon\"><i class=\"fas fa-archive\"><\/i><\/div>\n                    <h3 class=\"use-case-title\">Hossz\u00fa t\u00e1v\u00fa digit\u00e1lis archiv\u00e1l\u00e1s<\/h3>\n                    <p class=\"use-case-text\">\u00c1ll\u00edtsa \u00e1t a HEIC fot\u00f3gy\u0171jtem\u00e9nyeket jogd\u00edjmentes AVIF form\u00e1tumba a j\u00f6v\u0151biztos archiv\u00e1l\u00e1s \u00e9rdek\u00e9ben, an\u00e9lk\u00fcl, hogy agg\u00f3dnia kellene a v\u00e9dett form\u00e1tumkorl\u00e1toz\u00e1sok vagy licencprobl\u00e9m\u00e1k miatt.<\/p>\n                <\/div>\n            <\/div>\n        <\/section>\n\n\n        <!-- Security Section -->\n        <section class=\"security-section\">\n            <h2 class=\"section-title\">Az \u00d6n szem\u00e9lyes adatai v\u00e9dve vannak<\/h2>\n\n            <div class=\"security-features\">\n                <div class=\"security-card\">\n                    <h3 class=\"security-title\">\n                        <span class=\"security-icon\"><i class=\"fas fa-lock\"><\/i><\/span>\n                        100% offline\n                    <\/h3>\n                    <p class=\"security-text\">Minden konverzi\u00f3 helyileg, a sz\u00e1m\u00edt\u00f3g\u00e9p\u00e9n t\u00f6rt\u00e9nik. A f\u00e1jlok soha nem hagyj\u00e1k el az eszk\u00f6zt, \u00e9s soha nem t\u00f6lt\u0151dnek fel semmilyen szerverre.<\/p>\n                <\/div>\n                <div class=\"security-card\">\n                    <h3 class=\"security-title\">\n                        <span class=\"security-icon\"><i class=\"fas fa-user-shield\"><\/i><\/span>\n                        Nincs fi\u00f3k sz\u00fcks\u00e9ges\n                    <\/h3>\n                    <p class=\"security-text\">Azonnal kezdje meg a konvert\u00e1l\u00e1st fi\u00f3k l\u00e9trehoz\u00e1sa, szem\u00e9lyes adatok megad\u00e1sa vagy b\u00e1rmire val\u00f3 regisztr\u00e1ci\u00f3 n\u00e9lk\u00fcl.<\/p>\n                <\/div>\n                <div class=\"security-card\">\n                    <h3 class=\"security-title\">\n                        <span class=\"security-icon\"><i class=\"fas fa-trash-alt\"><\/i><\/span>\n                        Automatikus tiszt\u00edt\u00e1s\n                    <\/h3>\n                    <p class=\"security-text\">Az ideiglenes f\u00e1jlok az \u00e1talak\u00edt\u00e1s ut\u00e1n biztons\u00e1gosan t\u00f6rl\u0151dnek. Az eredeti f\u00e1jljai teljesen \u00e9rintetlenek maradnak, hacsak m\u00e1sk\u00e9nt nem d\u00f6nt.<\/p>\n                <\/div>\n            <\/div>\n        <\/section>\n\n\n        <!-- FAQ Section -->\n        <section class=\"faq-section\">\n            <h2 class=\"section-title\">Gyakran Ism\u00e9telt K\u00e9rd\u00e9sek<\/h2>\n\n            <div class=\"faq-container\">\n                <div class=\"faq-item\">\n                    <h3 class=\"faq-question\">\n                        <span class=\"faq-icon\"><i class=\"fas fa-question-circle\"><\/i><\/span>\n                        A HEIC AVIF-re konvert\u00e1l\u00e1sa cs\u00f6kkenti a k\u00e9pmin\u0151s\u00e9get?\n                    <\/h3>\n                    <div class=\"faq-answer\">\n                        <p>Az AVIF \u00e1ltal\u00e1ban jobb t\u00f6m\u00f6r\u00edt\u00e9si hat\u00e9konys\u00e1got biztos\u00edt, mint a HEIC, ami azt jelenti, hogy ugyanazt a vizu\u00e1lis min\u0151s\u00e9get \u00e9rheti el kisebb f\u00e1jlm\u00e9retekkel, vagy jobb min\u0151s\u00e9get egyen\u00e9rt\u00e9k\u0171 m\u00e9retekkel. Mindk\u00e9t form\u00e1tum fejlett t\u00f6m\u00f6r\u00edt\u00e9st haszn\u00e1l, de az AVIF AV1 kodekje \u00e1ltal\u00e1ban hat\u00e9konyabb, mint a HEIC HEVC kodekje.<\/p>\n                    <\/div>\n                <\/div>\n                <div class=\"faq-item\">\n                    <h3 class=\"faq-question\">\n                        <span class=\"faq-icon\"><i class=\"fas fa-question-circle\"><\/i><\/span>\n                        Konvert\u00e1lhatom a HEIC f\u00e1jlk\u00e9nt t\u00e1rolt iPhone Live Photos k\u00e9peket?\n                    <\/h3>\n                    <div class=\"faq-answer\">\n                        <p>Igen, a Convertify ki tudja bontani \u00e9s konvert\u00e1lni a Live Photos \u00e1ll\u00f3k\u00e9p r\u00e9sz\u00e9t HEIC form\u00e1tumb\u00f3l AVIF-re. A mozg\u00e1skomponens azonban nem marad meg, mivel az AVIF \u00e1ll\u00f3k\u00e9pform\u00e1tum, nem pedig t\u00f6bb k\u00e9pkocka t\u00e1rol\u00e1s\u00e1ra szolg\u00e1l\u00f3 t\u00e1rol\u00f3.<\/p>\n                    <\/div>\n                <\/div>\n                <div class=\"faq-item\">\n                    <h3 class=\"faq-question\">\n                        <span class=\"faq-icon\"><i class=\"fas fa-question-circle\"><\/i><\/span>\n                        Mely b\u00f6ng\u00e9sz\u0151k t\u00e1mogatj\u00e1k az AVIF k\u00e9peket az \u00e1talak\u00edt\u00e1s ut\u00e1n?\n                    <\/h3>\n                    <div class=\"faq-answer\">\n                        <p>Az AVIF-et a Chrome 85+, a Firefox 93+ \u00e9s az Edge 121+ t\u00e1mogatja. A Safari a 16-os verzi\u00f3t\u00f3l kezdve r\u00e9szlegesen t\u00e1mogatja. Ez a modern webb\u00f6ng\u00e9sz\u0151k t\u00f6bbs\u00e9g\u00e9t lefedi, \u00edgy az AVIF web-kompatibilis, mint a HEIC form\u00e1tum.<\/p>\n                    <\/div>\n                <\/div>\n                <div class=\"faq-item\">\n                    <h3 class=\"faq-question\">\n                        <span class=\"faq-icon\"><i class=\"fas fa-question-circle\"><\/i><\/span>\n                        Meg\u0151rzik a kamerabe\u00e1ll\u00edt\u00e1sokat \u00e9s a helyadatokat az \u00e1talak\u00edt\u00e1s sor\u00e1n?\n                    <\/h3>\n                    <div class=\"faq-answer\">\n                        <p>A Convertify meg\u0151rzi az alapvet\u0151 EXIF-metaadatokat, bele\u00e9rtve a kamerabe\u00e1ll\u00edt\u00e1sokat, az id\u0151b\u00e9lyegeket \u00e9s a GPS-koordin\u00e1t\u00e1kat, amikor HEIC-r\u0151l AVIF-re konvert\u00e1l. El\u0151fordulhat azonban, hogy egyes Apple-specifikus metaadatok \u00e1tvitele nem lehets\u00e9ges a form\u00e1tumbeli k\u00fcl\u00f6nbs\u00e9gek miatt.<\/p>\n                    <\/div>\n                <\/div>\n                <div class=\"faq-item\">\n                    <h3 class=\"faq-question\">\n                        <span class=\"faq-icon\"><i class=\"fas fa-question-circle\"><\/i><\/span>\n                        Mennyivel kisebbek az AVIF f\u00e1jlok az eredeti HEIC-hez k\u00e9pest?\n                    <\/h3>\n                    <div class=\"faq-answer\">\n                        <p>Az AVIF f\u00e1jlok jellemz\u0151en 20-30%-kal kisebbek, mint az azonos min\u0151s\u00e9g\u0171 HEIC f\u00e1jlok, az AV1 kodek kiv\u00e1l\u00f3 t\u00f6m\u00f6r\u00edt\u00e9si hat\u00e9konys\u00e1ga miatt. A t\u00e9nyleges megtakar\u00edt\u00e1s a k\u00e9ptartalomt\u00f3l \u00e9s a haszn\u00e1lt t\u00f6m\u00f6r\u00edt\u00e9si be\u00e1ll\u00edt\u00e1sokt\u00f3l f\u00fcgg.<\/p>\n                    <\/div>\n                <\/div>\n                <div class=\"faq-item\">\n                    <h3 class=\"faq-question\">\n                        <span class=\"faq-icon\"><i class=\"fas fa-question-circle\"><\/i><\/span>\n                        K\u00f6tegelt konvert\u00e1lhatok t\u00f6bb sz\u00e1z HEIC-fot\u00f3t AVIF-re?\n                    <\/h3>\n                    <div class=\"faq-answer\">\n                        <p>Igen, a Convertify t\u00e1mogatja a hatalmas k\u00f6tegelt feldolgoz\u00e1st, \u00e9s t\u00f6bb ezer HEIC-f\u00e1jlt tud egyszerre kezelni. Az offline feldolgoz\u00e1s biztos\u00edtja, hogy a f\u00e9nyk\u00e9pek priv\u00e1tak maradjanak, mik\u00f6zben a teljes fot\u00f3k\u00f6nyvt\u00e1rakat hat\u00e9konyan konvert\u00e1lja.<\/p>\n                    <\/div>\n                <\/div>\n                <div class=\"faq-item\">\n                    <h3 class=\"faq-question\">\n                        <span class=\"faq-icon\"><i class=\"fas fa-question-circle\"><\/i><\/span>\n                        Az AVIF f\u00e1jlok m\u0171k\u00f6dni fognak r\u00e9gebbi eszk\u00f6z\u00f6k\u00f6n \u00e9s szoftvereken?\n                    <\/h3>\n                    <div class=\"faq-answer\">\n                        <p>Az AVIF egy \u00fajabb form\u00e1tum n\u00f6vekv\u0151, de nem univerz\u00e1lis t\u00e1mogat\u00e1ssal. El\u0151fordulhat, hogy a r\u00e9gebbi eszk\u00f6z\u00f6k \u00e9s szoftverek nem jelen\u00edtenek meg AVIF k\u00e9peket. A form\u00e1tumok k\u00f6z\u00f6tti v\u00e1laszt\u00e1s sor\u00e1n vegye figyelembe a c\u00e9lk\u00f6z\u00f6ns\u00e9g eszk\u00f6zeit, vagy tartsa fenn a JPEG verzi\u00f3kat a maxim\u00e1lis kompatibilit\u00e1s \u00e9rdek\u00e9ben.<\/p>\n                    <\/div>\n                <\/div>\n                <div class=\"faq-item\">\n                    <h3 class=\"faq-question\">\n                        <span class=\"faq-icon\"><i class=\"fas fa-question-circle\"><\/i><\/span>\n                        Van-e el\u0151nye a HEIC AVIF-re konvert\u00e1l\u00e1sa nyomtat\u00e1shoz?\n                    <\/h3>\n                    <div class=\"faq-answer\">\n                        <p>Nyomtat\u00e1si c\u00e9lokra az \u00e1talak\u00edt\u00e1s el\u0151ny\u00f6s lehet, ha a k\u00e9pszerkeszt\u0151 vagy -nyomtat\u00f3 szoftver nem t\u00e1mogatja a HEIC-et, de t\u00e1mogatja az AVIF-et. El\u0151fordulhat azonban, hogy mindk\u00e9t form\u00e1tumot TIFF vagy j\u00f3 min\u0151s\u00e9g\u0171 JPEG form\u00e1tumba kell konvert\u00e1lni a professzion\u00e1lis nyomtat\u00e1si munkafolyamatok \u00e9rdek\u00e9ben.<\/p>\n                    <\/div>\n                <\/div>\n            <\/div>\n        <\/section>\n\n\n        <!-- CTA Section -->\n        <section class=\"cta-section\">\n            <div class=\"cta-pattern\"><\/div>\n            <div class=\"cta-content\">\n                <h2 class=\"cta-title\">K\u00e9szen \u00e1ll a f\u00e1jlok konvert\u00e1l\u00e1s\u00e1ra?<\/h2>\n                <p class=\"cta-text\">T\u00f6ltse le a Convertify alkalmaz\u00e1st most, \u00e9s kezdje el azonnal a HEIC konvert\u00e1l\u00e1s\u00e1t AVIF-re. Ingyenes, korl\u00e1tlan \u00e9s teljesen offline.<\/p>\n                <div class=\"hero-buttons\">\n                    <a href=\"\/download\" class=\"btn btn-primary\">A Convertify let\u00f6lt\u00e9se ingyenes<\/a>\n                    <a href=\"\/pricing\" class=\"btn btn-secondary\">\u00c1rak megtekint\u00e9se<\/a>\n                <\/div>\n            <\/div>\n        <\/section>\n    <\/div>\n<\/body>\n<\/html>\n\n\n\n<p><\/p>\n","protected":false},"excerpt":{"rendered":"<p>HEIC-AVIF konverter: gyors, ingyenes \u00e9s offline Windowshoz HEIC-AVIF konverter Konvert\u00e1lja az Apple HEIC k\u00e9peit modern AVIF form\u00e1tumba a kiv\u00e1l\u00f3 t\u00f6m\u00f6r\u00edt\u00e9si [&hellip;]<\/p>\n","protected":false},"author":1,"featured_media":0,"parent":0,"menu_order":0,"comment_status":"closed","ping_status":"closed","template":"","meta":{"pagelayer_contact_templates":[],"_pagelayer_content":"","_uag_custom_page_level_css":"","site-sidebar-layout":"default","site-content-layout":"","ast-site-content-layout":"","site-content-style":"default","site-sidebar-style":"default","ast-global-header-display":"","ast-banner-title-visibility":"","ast-main-header-display":"","ast-hfb-above-header-display":"","ast-hfb-below-header-display":"","ast-hfb-mobile-header-display":"","site-post-title":"disabled","ast-breadcrumbs-content":"","ast-featured-img":"","footer-sml-layout":"","theme-transparent-header-meta":"","adv-header-id-meta":"","stick-header-meta":"","header-above-stick-meta":"","header-main-stick-meta":"","header-below-stick-meta":"","astra-migrate-meta-layouts":"default","ast-page-background-enabled":"default","ast-page-background-meta":{"desktop":{"background-color":"var(--ast-global-color-5)","background-image":"","background-repeat":"repeat","background-position":"center center","background-size":"auto","background-attachment":"scroll","background-type":"","background-media":"","overlay-type":"","overlay-color":"","overlay-opacity":"","overlay-gradient":""},"tablet":{"background-color":"","background-image":"","background-repeat":"repeat","background-position":"center center","background-size":"auto","background-attachment":"scroll","background-type":"","background-media":"","overlay-type":"","overlay-color":"","overlay-opacity":"","overlay-gradient":""},"mobile":{"background-color":"","background-image":"","background-repeat":"repeat","background-position":"center center","background-size":"auto","background-attachment":"scroll","background-type":"","background-media":"","overlay-type":"","overlay-color":"","overlay-opacity":"","overlay-gradient":""}},"ast-content-background-meta":{"desktop":{"background-color":"var(--ast-global-color-4)","background-image":"","background-repeat":"repeat","background-position":"center center","background-size":"auto","background-attachment":"scroll","background-type":"","background-media":"","overlay-type":"","overlay-color":"","overlay-opacity":"","overlay-gradient":""},"tablet":{"background-color":"var(--ast-global-color-4)","background-image":"","background-repeat":"repeat","background-position":"center center","background-size":"auto","background-attachment":"scroll","background-type":"","background-media":"","overlay-type":"","overlay-color":"","overlay-opacity":"","overlay-gradient":""},"mobile":{"background-color":"var(--ast-global-color-4)","background-image":"","background-repeat":"repeat","background-position":"center center","background-size":"auto","background-attachment":"scroll","background-type":"","background-media":"","overlay-type":"","overlay-color":"","overlay-opacity":"","overlay-gradient":""}},"footnotes":""},"class_list":["post-740404","page","type-page","status-publish","hentry"],"uagb_featured_image_src":{"full":false,"thumbnail":false,"medium":false,"medium_large":false,"large":false,"1536x1536":false,"2048x2048":false,"woocommerce_thumbnail":false,"woocommerce_single":false,"woocommerce_gallery_thumbnail":false},"uagb_author_info":{"display_name":"convertify","author_link":"https:\/\/convertifypro.com\/author\/convertifypro\/"},"uagb_comment_info":0,"uagb_excerpt":"HEIC-AVIF konverter: gyors, ingyenes \u00e9s offline Windowshoz HEIC-AVIF konverter Konvert\u00e1lja az Apple HEIC k\u00e9peit modern AVIF form\u00e1tumba a kiv\u00e1l\u00f3 t\u00f6m\u00f6r\u00edt\u00e9si [&hellip;]","_links":{"self":[{"href":"https:\/\/convertifypro.com\/wp-json\/wp\/v2\/pages\/740404","targetHints":{"allow":["GET"]}}],"collection":[{"href":"https:\/\/convertifypro.com\/wp-json\/wp\/v2\/pages"}],"about":[{"href":"https:\/\/convertifypro.com\/wp-json\/wp\/v2\/types\/page"}],"author":[{"embeddable":true,"href":"https:\/\/convertifypro.com\/wp-json\/wp\/v2\/users\/1"}],"replies":[{"embeddable":true,"href":"https:\/\/convertifypro.com\/wp-json\/wp\/v2\/comments?post=740404"}],"version-history":[{"count":0,"href":"https:\/\/convertifypro.com\/wp-json\/wp\/v2\/pages\/740404\/revisions"}],"wp:attachment":[{"href":"https:\/\/convertifypro.com\/wp-json\/wp\/v2\/media?parent=740404"}],"curies":[{"name":"wp","href":"https:\/\/api.w.org\/{rel}","templated":true}]}}