{"id":740301,"date":"2026-01-21T22:48:28","date_gmt":"2026-01-21T22:48:28","guid":{"rendered":"https:\/\/convertifypro.com\/?page_id=740301"},"modified":"2026-01-21T22:48:28","modified_gmt":"2026-01-21T22:48:28","slug":"avif-to-pdf-converter","status":"publish","type":"page","link":"https:\/\/convertifypro.com\/fi\/avif-to-pdf-converter\/","title":{"rendered":"AVIF to PDF Converter"},"content":{"rendered":"<style class=\"wpcode-css-snippet\">.ast-custom-button {\r\n  display: none;\r\n}<\/style>\n\n\n\n<!DOCTYPE html>\n<html lang=\"en\">\n<head>\n    <meta charset=\"UTF-8\">\n    <meta name=\"viewport\" content=\"width=device-width, initial-scale=1.0\">\n    <meta name=\"description\" content=\"Convert AVIF images to PDF documents with our powerful offline converter. Perfect for portfolios, presentations, and universal compatibility.\">\n    <meta name=\"keywords\" content=\"AVIF to PDF converter, convert AVIF to PDF, AVIF PDF conversion, offline image converter, Windows AVIF converter, AV1 image to PDF, batch AVIF conversion, free PDF converter\">\n    <title>AVIF to PDF Converter: nopea, ilmainen ja offline-tilassa Windowsille<\/title>\n    <link rel=\"stylesheet\" href=\"https:\/\/cdnjs.cloudflare.com\/ajax\/libs\/font-awesome\/6.4.0\/css\/all.min.css\">\n    \n    <style>\n        \/* Main Styles *\/\n        :root {\n            --primary-color: #FD9800;\n            --primary-hover: #e88a00;\n            --text-color: #3A3A3A;\n            --light-bg: #f8faff;\n            --gradient-bg: linear-gradient(135deg, #f8faff 0%, #fff5e6 100%);\n            --box-shadow: 0 10px 30px rgba(0, 0, 0, 0.05);\n            --hover-shadow: 0 15px 35px rgba(0, 0, 0, 0.1);\n            --border-color: #f1f5f9;\n        }\n\n        .converter-section {\n            max-width: 1200px;\n            margin: 0 auto;\n            padding: 2rem 1.5rem;\n            font-family: 'Inter', 'Segoe UI', system-ui, -apple-system, sans-serif;\n            color: var(--text-color);\n        }\n\n        \/* Hero Section *\/\n        .hero-section {\n            text-align: center;\n            padding: 3rem 1rem;\n            margin-bottom: 3rem;\n            background: var(--gradient-bg);\n            border-radius: 16px;\n            position: relative;\n            overflow: hidden;\n        }\n\n        .hero-pattern {\n            position: absolute;\n            top: 0;\n            left: 0;\n            right: 0;\n            bottom: 0;\n            background-image: url(\"data:image\/svg+xml,%3Csvg width='60' height='60' viewBox='0 0 60 60' xmlns='http:\/\/www.w3.org\/2000\/svg'%3E%3Cg fill='none' fill-rule='evenodd'%3E%3Cg fill='%23fd9800' fill-opacity='0.05'%3E%3Cpath d='M36 34v-4h-2v4h-4v2h4v4h2v-4h4v-2h-4zm0-30V0h-2v4h-4v2h4v4h2V6h4V4h-4zM6 34v-4H4v4H0v2h4v4h2v-4h4v-2H6zM6 4V0H4v4H0v2h4v4h2V6h4V4H6z'\/%3E%3C\/g%3E%3C\/g%3E%3C\/svg%3E\");\n            opacity: 0.5;\n            z-index: 0;\n        }\n\n        .hero-content {\n            position: relative;\n            z-index: 1;\n            max-width: 800px;\n            margin: 0 auto;\n        }\n\n        .hero-title {\n            font-size: 2.8rem;\n            font-weight: 800;\n            margin-bottom: 1.5rem;\n            color: var(--text-color);\n        }\n\n        .hero-subtitle {\n            font-size: 1.25rem;\n            margin-bottom: 2rem;\n            color: var(--text-color);\n            line-height: 1.6;\n        }\n\n        .hero-badges {\n            display: flex;\n            flex-wrap: wrap;\n            justify-content: center;\n            gap: 1rem;\n            margin-bottom: 2rem;\n        }\n\n        .hero-badge {\n            display: flex;\n            align-items: center;\n            background: white;\n            border-radius: 50px;\n            padding: 0.5rem 1rem;\n            box-shadow: var(--box-shadow);\n            transition: all 0.3s ease;\n            border: 1px solid var(--border-color);\n        }\n\n        .hero-badge:hover {\n            transform: translateY(-3px);\n            box-shadow: var(--hover-shadow);\n            border-color: rgba(253, 152, 0, 0.3);\n        }\n\n        .hero-badge-icon {\n            color: var(--primary-color);\n            margin-right: 0.5rem;\n            font-size: 1rem;\n        }\n\n        .hero-badge-text {\n            font-size: 0.9rem;\n            font-weight: 600;\n            color: var(--text-color);\n        }\n\n        .hero-buttons {\n            display: flex;\n            justify-content: center;\n            gap: 1rem;\n            flex-wrap: wrap;\n        }\n\n        .btn {\n            display: inline-block;\n            padding: 0.75rem 1.5rem;\n            border-radius: 8px;\n            font-weight: 600;\n            text-decoration: none !important;\n            transition: all 0.3s ease;\n            cursor: pointer;\n            font-size: 1rem;\n        }\n\n        .btn-primary {\n            background-color: var(--primary-color);\n            color: white !important;\n            box-shadow: 0 8px 16px rgba(253, 152, 0, 0.2);\n            border: none;\n        }\n\n        .btn-primary:hover {\n            background-color: var(--primary-hover);\n            transform: translateY(-2px);\n            text-decoration: none !important;\n        }\n\n        .btn-secondary {\n            background-color: white;\n            color: var(--primary-color) !important;\n            border: 1px solid var(--border-color);\n        }\n\n        .btn-secondary:hover {\n            background-color: #fff5e6;\n            transform: translateY(-2px);\n            text-decoration: none !important;\n        }\n\n        \/* Features Section *\/\n        .features-section {\n            margin-bottom: 4rem;\n        }\n\n        .section-title {\n            font-size: 2.2rem;\n            font-weight: 700;\n            text-align: center;\n            margin-bottom: 2.5rem;\n            color: var(--text-color);\n        }\n\n        .features-grid {\n            display: grid;\n            grid-template-columns: repeat(auto-fit, minmax(300px, 1fr));\n            gap: 2rem;\n        }\n\n        .feature-card {\n            background: white;\n            border-radius: 16px;\n            overflow: hidden;\n            box-shadow: var(--box-shadow);\n            transition: all 0.3s ease;\n            border: 1px solid var(--border-color);\n            height: 100%;\n            display: flex;\n            flex-direction: column;\n        }\n\n        .feature-card:hover {\n            transform: translateY(-5px);\n            box-shadow: var(--hover-shadow);\n            border-color: rgba(253, 152, 0, 0.3);\n        }\n\n        .feature-icon {\n            width: 60px;\n            height: 60px;\n            background-color: rgba(253, 152, 0, 0.15);\n            color: var(--primary-color);\n            border-radius: 12px;\n            display: flex;\n            align-items: center;\n            justify-content: center;\n            margin-bottom: 1.5rem;\n            font-size: 1.8rem;\n            transition: all 0.3s ease;\n        }\n\n        .feature-card:hover .feature-icon {\n            background: linear-gradient(135deg, #FD9800 0%, #FF6D00 100%);\n            color: white;\n            box-shadow: 0 10px 20px rgba(253, 152, 0, 0.2);\n        }\n\n        .feature-content {\n            padding: 2rem;\n            flex-grow: 1;\n        }\n\n        .feature-title {\n            font-size: 1.4rem;\n            font-weight: 700;\n            margin-bottom: 1rem;\n            color: var(--text-color);\n        }\n\n        .feature-text {\n            font-size: 1rem;\n            color: #555;\n            line-height: 1.6;\n            margin-bottom: 1.5rem;\n        }\n\n        .feature-list {\n            list-style: none;\n            padding: 0;\n            margin: 0;\n        }\n\n        .feature-item {\n            display: flex;\n            align-items: flex-start;\n            margin-bottom: 0.75rem;\n            line-height: 1.5;\n        }\n\n        .feature-check {\n            color: var(--primary-color);\n            margin-right: 0.75rem;\n            flex-shrink: 0;\n            margin-top: 0.2rem;\n        }\n\n        .feature-item-text {\n            font-size: 0.95rem;\n            color: var(--text-color);\n        }\n\n        \/* Why Convert Section *\/\n        .why-convert-section {\n            margin-bottom: 4rem;\n            background: var(--light-bg);\n            border-radius: 16px;\n            padding: 3rem 2rem;\n        }\n\n        .comparison-grid {\n            display: grid;\n            grid-template-columns: repeat(auto-fit, minmax(300px, 1fr));\n            gap: 2rem;\n            margin-top: 2rem;\n        }\n\n        .format-card {\n            background: white;\n            border-radius: 16px;\n            padding: 1.5rem;\n            box-shadow: var(--box-shadow);\n            transition: all 0.3s ease;\n            border: 1px solid var(--border-color);\n        }\n\n        .format-card:hover {\n            transform: translateY(-5px);\n            box-shadow: var(--hover-shadow);\n            border-color: rgba(253, 152, 0, 0.3);\n        }\n\n        .format-title {\n            font-size: 1.6rem;\n            font-weight: 700;\n            margin-bottom: 1.25rem;\n            color: var(--text-color);\n            display: flex;\n            align-items: center;\n        }\n\n        .format-icon {\n            color: var(--primary-color);\n            margin-right: 0.75rem;\n            font-size: 1.6rem;\n        }\n\n        .format-list {\n            list-style: none;\n            padding: 0;\n            margin: 0;\n        }\n\n        .format-item {\n            display: flex;\n            align-items: flex-start;\n            margin-bottom: 0.85rem;\n        }\n\n        .format-check {\n            color: var(--primary-color);\n            margin-right: 0.75rem;\n            flex-shrink: 0;\n            margin-top: 0.2rem;\n        }\n\n        .format-text {\n            font-size: 0.95rem;\n            color: #555;\n            line-height: 1.5;\n        }\n\n        \/* How It Works Section *\/\n        .how-it-works-section {\n            margin-bottom: 4rem;\n        }\n\n        .steps-container {\n            max-width: 900px;\n            margin: 0 auto;\n        }\n\n        .step-card {\n            display: flex;\n            align-items: flex-start;\n            background: white;\n            border-radius: 16px;\n            padding: 2rem;\n            box-shadow: var(--box-shadow);\n            margin-bottom: 2rem;\n            border: 1px solid var(--border-color);\n            transition: all 0.3s ease;\n        }\n\n        .step-card:hover {\n            transform: translateY(-5px);\n            box-shadow: var(--hover-shadow);\n            border-color: rgba(253, 152, 0, 0.3);\n        }\n\n        .step-number {\n            width: 50px;\n            height: 50px;\n            background-color: rgba(253, 152, 0, 0.15);\n            color: var(--primary-color);\n            border-radius: 50%;\n            display: flex;\n            align-items: center;\n            justify-content: center;\n            font-size: 1.5rem;\n            font-weight: 700;\n            margin-right: 1.5rem;\n            flex-shrink: 0;\n            transition: all 0.3s ease;\n        }\n\n        .step-card:hover .step-number {\n            background: linear-gradient(135deg, #FD9800 0%, #FF6D00 100%);\n            color: white;\n            box-shadow: 0 10px 20px rgba(253, 152, 0, 0.2);\n        }\n\n        .step-content {\n            flex: 1;\n        }\n\n        .step-title {\n            font-size: 1.4rem;\n            font-weight: 700;\n            margin-bottom: 0.75rem;\n            color: var(--text-color);\n        }\n\n        .step-text {\n            font-size: 1rem;\n            color: #555;\n            line-height: 1.6;\n        }\n\n        \/* Use Cases Section *\/\n        .use-cases-section {\n            margin-bottom: 4rem;\n            background: var(--light-bg);\n            border-radius: 16px;\n            padding: 3rem 2rem;\n        }\n\n        .use-cases-grid {\n            display: grid;\n            grid-template-columns: repeat(auto-fit, minmax(300px, 1fr));\n            gap: 2rem;\n            margin-top: 2rem;\n        }\n\n        .use-case-card {\n            background: white;\n            border-radius: 16px;\n            padding: 1.5rem;\n            box-shadow: var(--box-shadow);\n            transition: all 0.3s ease;\n            border: 1px solid var(--border-color);\n            height: 100%;\n        }\n\n        .use-case-card:hover {\n            transform: translateY(-5px);\n            box-shadow: var(--hover-shadow);\n            border-color: rgba(253, 152, 0, 0.3);\n        }\n\n        .use-case-icon {\n            color: var(--primary-color);\n            font-size: 2rem;\n            margin-bottom: 1rem;\n        }\n\n        .use-case-title {\n            font-size: 1.3rem;\n            font-weight: 700;\n            margin-bottom: 1rem;\n            color: var(--text-color);\n        }\n\n        .use-case-text {\n            font-size: 0.95rem;\n            color: #555;\n            line-height: 1.6;\n        }\n\n        \/* FAQ Section *\/\n        .faq-section {\n            margin-bottom: 4rem;\n        }\n\n        .faq-container {\n            max-width: 900px;\n            margin: 0 auto;\n        }\n\n        .faq-item {\n            background: white;\n            border-radius: 16px;\n            padding: 1.5rem 2rem;\n            box-shadow: var(--box-shadow);\n            margin-bottom: 1.5rem;\n            border: 1px solid var(--border-color);\n            transition: all 0.3s ease;\n        }\n\n        .faq-item:hover {\n            transform: translateY(-3px);\n            box-shadow: var(--hover-shadow);\n            border-color: rgba(253, 152, 0, 0.3);\n        }\n\n        .faq-question {\n            font-size: 1.2rem;\n            font-weight: 700;\n            margin-bottom: 1rem;\n            color: var(--text-color);\n            display: flex;\n            align-items: center;\n        }\n\n        .faq-icon {\n            color: var(--primary-color);\n            margin-right: 0.75rem;\n            font-size: 1.2rem;\n        }\n\n        .faq-answer {\n            font-size: 1rem;\n            color: #555;\n            line-height: 1.6;\n        }\n\n        \/* Technical Details Section *\/\n        .technical-details-section {\n            margin-bottom: 4rem;\n        }\n\n        .technical-details-grid {\n            display: grid;\n            grid-template-columns: repeat(auto-fit, minmax(300px, 1fr));\n            gap: 2rem;\n        }\n\n        .tech-detail-card {\n            background: white;\n            border-radius: 16px;\n            padding: 1.5rem;\n            box-shadow: var(--box-shadow);\n            transition: all 0.3s ease;\n            border: 1px solid var(--border-color);\n        }\n\n        .tech-detail-card:hover {\n            transform: translateY(-5px);\n            box-shadow: var(--hover-shadow);\n            border-color: rgba(253, 152, 0, 0.3);\n        }\n\n        .tech-detail-title {\n            font-size: 1.3rem;\n            font-weight: 700;\n            margin-bottom: 1rem;\n            color: var(--text-color);\n            display: flex;\n            align-items: center;\n        }\n\n        .tech-detail-icon {\n            color: var(--primary-color);\n            margin-right: 0.75rem;\n            font-size: 1.3rem;\n        }\n\n        .tech-detail-text {\n            font-size: 0.95rem;\n            color: #555;\n            line-height: 1.6;\n        }\n\n        \/* Security Section *\/\n        .security-section {\n            margin-bottom: 4rem;\n            background: var(--light-bg);\n            border-radius: 16px;\n            padding: 3rem 2rem;\n        }\n\n        .security-features {\n            display: grid;\n            grid-template-columns: repeat(auto-fit, minmax(300px, 1fr));\n            gap: 2rem;\n            margin-top: 2rem;\n        }\n\n        .security-card {\n            background: white;\n            border-radius: 16px;\n            padding: 1.5rem;\n            box-shadow: var(--box-shadow);\n            transition: all 0.3s ease;\n            border: 1px solid var(--border-color);\n        }\n\n        .security-card:hover {\n            transform: translateY(-5px);\n            box-shadow: var(--hover-shadow);\n            border-color: rgba(253, 152, 0, 0.3);\n        }\n\n        .security-title {\n            font-size: 1.3rem;\n            font-weight: 700;\n            margin-bottom: 1rem;\n            color: var(--text-color);\n            display: flex;\n            align-items: center;\n        }\n\n        .security-icon {\n            color: var(--primary-color);\n            margin-right: 0.75rem;\n            font-size: 1.3rem;\n        }\n\n        .security-text {\n            font-size: 0.95rem;\n            color: #555;\n            line-height: 1.6;\n        }\n\n        \/* CTA Section *\/\n        .cta-section {\n            text-align: center;\n            padding: 3rem 1rem;\n            background: var(--gradient-bg);\n            border-radius: 16px;\n            position: relative;\n            overflow: hidden;\n            margin-bottom: 2rem;\n        }\n\n        .cta-pattern {\n            position: absolute;\n            top: 0;\n            left: 0;\n            right: 0;\n            bottom: 0;\n            background-image: url(\"data:image\/svg+xml,%3Csvg width='60' height='60' viewBox='0 0 60 60' xmlns='http:\/\/www.w3.org\/2000\/svg'%3E%3Cg fill='none' fill-rule='evenodd'%3E%3Cg fill='%23fd9800' fill-opacity='0.05'%3E%3Cpath d='M36 34v-4h-2v4h-4v2h4v4h2v-4h4v-2h-4zm0-30V0h-2v4h-4v2h4v4h2V6h4V4h-4zM6 34v-4H4v4H0v2h4v4h2v-4h4v-2H6zM6 4V0H4v4H0v2h4v4h2V6h4V4H6z'\/%3E%3C\/g%3E%3C\/g%3E%3C\/svg%3E\");\n            opacity: 0.5;\n            z-index: 0;\n        }\n\n        .cta-content {\n            position: relative;\n            z-index: 1;\n            max-width: 800px;\n            margin: 0 auto;\n        }\n\n        .cta-title {\n            font-size: 2.2rem;\n            font-weight: 700;\n            margin-bottom: 1.5rem;\n            color: var(--text-color);\n        }\n\n        .cta-text {\n            font-size: 1.1rem;\n            margin-bottom: 2rem;\n            color: #555;\n            line-height: 1.6;\n        }\n\n        \/* Guide-specific Styles *\/\n        .guide-content {\n            background: white;\n            border-radius: 16px;\n            padding: 2rem;\n            margin-bottom: 2rem;\n            box-shadow: var(--box-shadow);\n            border: 1px solid var(--border-color);\n        }\n\n        .guide-section-title {\n            font-size: 1.6rem;\n            font-weight: 700;\n            color: var(--text-color);\n            margin-bottom: 1rem;\n        }\n\n        .guide-text {\n            font-size: 1rem;\n            color: #555;\n            line-height: 1.8;\n            margin-bottom: 1rem;\n        }\n\n        .guide-list {\n            list-style: none;\n            padding: 0;\n            margin: 1rem 0;\n        }\n\n        .guide-list-item {\n            display: flex;\n            align-items: flex-start;\n            margin-bottom: 0.75rem;\n            padding-left: 1.5rem;\n            position: relative;\n        }\n\n        .guide-list-item::before {\n            content: \"\u2022\";\n            color: var(--primary-color);\n            font-weight: bold;\n            position: absolute;\n            left: 0;\n        }\n\n        \/* Responsive Styles *\/\n        @media (max-width: 768px) {\n            .hero-title {\n                font-size: 2.2rem;\n            }\n\n            .section-title {\n                font-size: 1.8rem;\n            }\n\n            .cta-title {\n                font-size: 1.8rem;\n            }\n\n            .features-grid {\n                grid-template-columns: 1fr;\n                max-width: 500px;\n                margin: 0 auto;\n            }\n\n            .step-card {\n                flex-direction: column;\n                align-items: flex-start;\n            }\n\n            .step-number {\n                margin-bottom: 1rem;\n                margin-right: 0;\n            }\n        }\n\n        @media (max-width: 480px) {\n            .hero-title {\n                font-size: 1.8rem;\n            }\n\n            .hero-subtitle {\n                font-size: 1.1rem;\n            }\n\n            .section-title {\n                font-size: 1.6rem;\n            }\n\n            .feature-content {\n                padding: 1.5rem;\n            }\n\n            .step-card {\n                padding: 1.5rem;\n            }\n\n            .faq-item {\n                padding: 1.25rem;\n            }\n        }\n\n        \/* Button text should never be underlined *\/\n        .btn:hover, .btn:focus, .btn:active {\n            text-decoration: none !important;\n        }\n    <\/style>\n<\/head>\n<body>\n    <div class=\"converter-section\">\n        <!-- Hero Section -->\n        <section class=\"hero-section\">\n            <div class=\"hero-pattern\"><\/div>\n            <div class=\"hero-content\">\n                <h1 class=\"hero-title\">AVIF to PDF Converter<\/h1>\n                <p class=\"hero-subtitle\">Muunna AVIF-kuvat PDF-dokumenteiksi pikselin t\u00e4ydellisell\u00e4 laadulla ja t\u00e4ydellisell\u00e4 yksityisyydell\u00e4. T\u00e4ydellinen kuvaportfolioiden, esitysten tai arkistoasiakirjojen luomiseen seuraavan sukupolven AVIF-kuvista.<\/p>\n\n                <div class=\"hero-badges\">\n                    <div class=\"hero-badge\">\n                        <span class=\"hero-badge-icon\"><i class=\"fas fa-desktop\"><\/i><\/span>\n                        <span class=\"hero-badge-text\">100 % offline-tilassa<\/span>\n                    <\/div>\n                    <div class=\"hero-badge\">\n                        <span class=\"hero-badge-icon\"><i class=\"fas fa-infinity\"><\/i><\/span>\n                        <span class=\"hero-badge-text\">Rajoittamattomat konversiot<\/span>\n                    <\/div>\n                    <div class=\"hero-badge\">\n                        <span class=\"hero-badge-icon\"><i class=\"fas fa-shield-alt\"><\/i><\/span>\n                        <span class=\"hero-badge-text\">Yksityinen ja suojattu<\/span>\n                    <\/div>\n                    <div class=\"hero-badge\">\n                        <span class=\"hero-badge-icon\"><i class=\"fas fa-bolt\"><\/i><\/span>\n                        <span class=\"hero-badge-text\">Salaman nopea<\/span>\n                    <\/div>\n                <\/div>\n\n                <div class=\"hero-buttons\">\n                    <a href=\"\/download\" class=\"btn btn-primary\">Lataa ilmainen<\/a>\n                    <a href=\"#how-it-works\" class=\"btn btn-secondary\">Lis\u00e4tietoja<\/a>\n                <\/div>\n            <\/div>\n        <\/section>\n\n\n        <!-- Features Section -->\n        <section class=\"features-section\">\n            <h2 class=\"section-title\">Miksi valita Muunna AVIF-tiedostoksi PDF-muunnokselle?<\/h2>\n\n            <div class=\"features-grid\">\n                <div class=\"feature-card\">\n                    <div class=\"feature-content\">\n                        <div class=\"feature-icon\">\n                            <i class=\"fas fa-bolt\"><\/i>\n                        <\/div>\n                        <h3 class=\"feature-title\">Salamannopea k\u00e4sittely<\/h3>\n                        <p class=\"feature-text\">Muunna AVIF-kuvat PDF-dokumenteiksi sekunneissa optimoidun AV1-kuvan dekoodauksen ja tehokkaan PDF-luonnin avulla. Moniytiminen k\u00e4sittelymme varmistaa nopean muunnoksen jopa korkearesoluutioisille AVIF-tiedostoille.<\/p>\n                        <ul class=\"feature-list\">\n                            <li class=\"feature-item\">\n                                <span class=\"feature-check\"><i class=\"fas fa-check-circle\"><\/i><\/span>\n                                <span class=\"feature-item-text\">V\u00e4lit\u00f6n AV1-koodekkien dekoodaus<\/span>\n                            <\/li>\n                            <li class=\"feature-item\">\n                                <span class=\"feature-check\"><i class=\"fas fa-check-circle\"><\/i><\/span>\n                                <span class=\"feature-item-text\">Monis\u00e4ikeinen PDF-sukupolvi<\/span>\n                            <\/li>\n                            <li class=\"feature-item\">\n                                <span class=\"feature-check\"><i class=\"fas fa-check-circle\"><\/i><\/span>\n                                <span class=\"feature-item-text\">Ei k\u00e4sittelyviiveit\u00e4 tai jonoja<\/span>\n                            <\/li>\n                        <\/ul>\n                    <\/div>\n                <\/div>\n                <div class=\"feature-card\">\n                    <div class=\"feature-content\">\n                        <div class=\"feature-icon\">\n                            <i class=\"fas fa-shield-alt\"><\/i>\n                        <\/div>\n                        <h3 class=\"feature-title\">T\u00e4ydellinen yksityisyyden suoja<\/h3>\n                        <p class=\"feature-text\">Kaikki AVIF-muunnokset PDF-tiedostoiksi tapahtuvat paikallisesti Windows-tietokoneellasi ilman pilvilatauksia. Kuvasi eiv\u00e4t koskaan poistu laitteestasi, mik\u00e4 takaa t\u00e4ydellisen yksityisyyden ja suojan arkaluontoiselle visuaaliselle sis\u00e4ll\u00f6lle.<\/p>\n                        <ul class=\"feature-list\">\n                            <li class=\"feature-item\">\n                                <span class=\"feature-check\"><i class=\"fas fa-check-circle\"><\/i><\/span>\n                                <span class=\"feature-item-text\">100 % offline-k\u00e4sittely<\/span>\n                            <\/li>\n                            <li class=\"feature-item\">\n                                <span class=\"feature-check\"><i class=\"fas fa-check-circle\"><\/i><\/span>\n                                <span class=\"feature-item-text\">Pilvilatauksia ei vaadita<\/span>\n                            <\/li>\n                            <li class=\"feature-item\">\n                                <span class=\"feature-check\"><i class=\"fas fa-check-circle\"><\/i><\/span>\n                                <span class=\"feature-item-text\">Tiedostot eiv\u00e4t koskaan poistu tietokoneeltasi<\/span>\n                            <\/li>\n                        <\/ul>\n                    <\/div>\n                <\/div>\n                <div class=\"feature-card\">\n                    <div class=\"feature-content\">\n                        <div class=\"feature-icon\">\n                            <i class=\"fas fa-expand-arrows-alt\"><\/i>\n                        <\/div>\n                        <h3 class=\"feature-title\">AI-kuvanparannus<\/h3>\n                        <p class=\"feature-text\">Paranna AVIF-kuvia jopa 4X tarkkuudella ennen muuntamista PDF-muotoon k\u00e4ytt\u00e4m\u00e4ll\u00e4 edistynytt\u00e4 AI-parannustekniikkaa. Muunna pakatut AVIF-tiedostot selkeiksi, yksityiskohtaisiksi PDF-dokumenteiksi \u00e4lykk\u00e4\u00e4ll\u00e4 pikselinparannuksella.<\/p>\n                        <ul class=\"feature-list\">\n                            <li class=\"feature-item\">\n                                <span class=\"feature-check\"><i class=\"fas fa-check-circle\"><\/i><\/span>\n                                <span class=\"feature-item-text\">Jopa 4X resoluution parannus<\/span>\n                            <\/li>\n                            <li class=\"feature-item\">\n                                <span class=\"feature-check\"><i class=\"fas fa-check-circle\"><\/i><\/span>\n                                <span class=\"feature-item-text\">\u00c4lyk\u00e4s yksityiskohtien restaurointi<\/span>\n                            <\/li>\n                            <li class=\"feature-item\">\n                                <span class=\"feature-check\"><i class=\"fas fa-check-circle\"><\/i><\/span>\n                                <span class=\"feature-item-text\">T\u00e4ydellinen matalaresoluutioisille AVIF-tiedostoille<\/span>\n                            <\/li>\n                        <\/ul>\n                    <\/div>\n                <\/div>\n                <div class=\"feature-card\">\n                    <div class=\"feature-content\">\n                        <div class=\"feature-icon\">\n                            <i class=\"fas fa-layer-group\"><\/i>\n                        <\/div>\n                        <h3 class=\"feature-title\">Massiivinen er\u00e4k\u00e4sittely<\/h3>\n                        <p class=\"feature-text\">Muunna tuhansia AVIF-tiedostoja yksitt\u00e4isiksi PDF-dokumenteiksi tai yhdist\u00e4 useita AVIF-kuvia yhdeksi PDF-portfolioksi. K\u00e4sittele kokonaisia \u200b\u200bvalokuvakirjastoja ilman tiedostom\u00e4\u00e4r\u00e4rajoituksia tai kaatumisia.<\/p>\n                        <ul class=\"feature-list\">\n                            <li class=\"feature-item\">\n                                <span class=\"feature-check\"><i class=\"fas fa-check-circle\"><\/i><\/span>\n                                <span class=\"feature-item-text\">K\u00e4sittele yli 10 000 tiedostoa samanaikaisesti<\/span>\n                            <\/li>\n                            <li class=\"feature-item\">\n                                <span class=\"feature-check\"><i class=\"fas fa-check-circle\"><\/i><\/span>\n                                <span class=\"feature-item-text\">Luo monisivuisia PDF-portfolioita<\/span>\n                            <\/li>\n                            <li class=\"feature-item\">\n                                <span class=\"feature-check\"><i class=\"fas fa-check-circle\"><\/i><\/span>\n                                <span class=\"feature-item-text\">Nolla tiedostokokorajoitusta<\/span>\n                            <\/li>\n                        <\/ul>\n                    <\/div>\n                <\/div>\n                <div class=\"feature-card\">\n                    <div class=\"feature-content\">\n                        <div class=\"feature-icon\">\n                            <i class=\"fas fa-palette\"><\/i>\n                        <\/div>\n                        <h3 class=\"feature-title\">Edistynyt v\u00e4rinsuoja<\/h3>\n                        <p class=\"feature-text\">Yll\u00e4pid\u00e4 AVIF:n laajaa v\u00e4riavaruutta ja HDR-tietoja PDF-muunnoksen aikana \u00e4lykk\u00e4\u00e4ll\u00e4 v\u00e4riavaruuden kartoituksella. S\u00e4ilyt\u00e4 AV1-kuvamuodon visuaalinen laatuetu PDF-dokumenteissasi.<\/p>\n                        <ul class=\"feature-list\">\n                            <li class=\"feature-item\">\n                                <span class=\"feature-check\"><i class=\"fas fa-check-circle\"><\/i><\/span>\n                                <span class=\"feature-item-text\">Laaja v\u00e4rivalikoiman s\u00e4ilytys<\/span>\n                            <\/li>\n                            <li class=\"feature-item\">\n                                <span class=\"feature-check\"><i class=\"fas fa-check-circle\"><\/i><\/span>\n                                <span class=\"feature-item-text\">HDR-s\u00e4vykartoituksen tuki<\/span>\n                            <\/li>\n                            <li class=\"feature-item\">\n                                <span class=\"feature-check\"><i class=\"fas fa-check-circle\"><\/i><\/span>\n                                <span class=\"feature-item-text\">Ammattimainen v\u00e4ritarkkuus<\/span>\n                            <\/li>\n                        <\/ul>\n                    <\/div>\n                <\/div>\n                <div class=\"feature-card\">\n                    <div class=\"feature-content\">\n                        <div class=\"feature-icon\">\n                            <i class=\"fas fa-file-pdf\"><\/i>\n                        <\/div>\n                        <h3 class=\"feature-title\">Joustava PDF-tulostus<\/h3>\n                        <p class=\"feature-text\">Luo PDF-tiedostoja mukautettavien sivuasettelujen, pakkausasetuksien ja metatietojen s\u00e4ilytyksen avulla. Luo esitysvalmiita asiakirjoja tai arkisto-PDF-tiedostoja, jotka on optimoitu tiettyihin k\u00e4ytt\u00f6tapauksiin ja tiedostokokoihin.<\/p>\n                        <ul class=\"feature-list\">\n                            <li class=\"feature-item\">\n                                <span class=\"feature-check\"><i class=\"fas fa-check-circle\"><\/i><\/span>\n                                <span class=\"feature-item-text\">Mukautetut sivuasettelut ja -koot<\/span>\n                            <\/li>\n                            <li class=\"feature-item\">\n                                <span class=\"feature-check\"><i class=\"fas fa-check-circle\"><\/i><\/span>\n                                <span class=\"feature-item-text\">S\u00e4\u00e4dett\u00e4v\u00e4t PDF-pakkaustasot<\/span>\n                            <\/li>\n                            <li class=\"feature-item\">\n                                <span class=\"feature-check\"><i class=\"fas fa-check-circle\"><\/i><\/span>\n                                <span class=\"feature-item-text\">Metatietojen ja EXIF-s\u00e4ilytys<\/span>\n                            <\/li>\n                        <\/ul>\n                    <\/div>\n                <\/div>\n            <\/div>\n        <\/section>\n\n\n        <!-- Why Convert Section -->\n        <section class=\"why-convert-section\">\n            <h2 class=\"section-title\">Miksi muuntaa AVIF PDF:ksi?<\/h2>\n\n            <div class=\"comparison-grid\">\n                <div class=\"format-card\">\n                    <h3 class=\"format-title\">\n                        <span class=\"format-icon\"><i class=\"fas fa-file-video\"><\/i><\/span>\n                        AVIF-muoto\n                    <\/h3>\n                    <ul class=\"format-list\">\n                        <li class=\"format-item\">\n                            <span class=\"format-check\"><i class=\"fas fa-check-circle\"><\/i><\/span>\n                            <span class=\"format-text\">Ylivoimainen pakkausteho \u2013 50 % pienemm\u00e4t tiedostot kuin JPEG paremmalla laadulla<\/span>\n                        <\/li>\n                        <li class=\"format-item\">\n                            <span class=\"format-check\"><i class=\"fas fa-check-circle\"><\/i><\/span>\n                            <span class=\"format-text\">Laaja v\u00e4rivalikoima, mukaan lukien HDR ja 10-bittinen v\u00e4risyvyys<\/span>\n                        <\/li>\n                        <li class=\"format-item\">\n                            <span class=\"format-check\"><i class=\"fas fa-check-circle\"><\/i><\/span>\n                            <span class=\"format-text\">Edistyksellinen AV1-koodekkitekniikka seuraavan sukupolven kuvanlaadulle<\/span>\n                        <\/li>\n                        <li class=\"format-item\">\n                            <span class=\"format-check\"><i class=\"fas fa-times-circle\"><\/i><\/span>\n                            <span class=\"format-text\">Rajoitettu selain- ja sovellustuki perinteisiin muotoihin verrattuna<\/span>\n                        <\/li>\n                        <li class=\"format-item\">\n                            <span class=\"format-check\"><i class=\"fas fa-times-circle\"><\/i><\/span>\n                            <span class=\"format-text\">Vaatii nykyaikaisen ohjelmiston, jossa on AV1-kuvanpurkuominaisuudet<\/span>\n                        <\/li>\n                    <\/ul>\n                <\/div>\n\n                <div class=\"format-card\">\n                    <h3 class=\"format-title\">\n                        <span class=\"format-icon\"><i class=\"fas fa-file-video\"><\/i><\/span>\n                        PDF-muoto\n                    <\/h3>\n                    <ul class=\"format-list\">\n                        <li class=\"format-item\">\n                            <span class=\"format-check\"><i class=\"fas fa-check-circle\"><\/i><\/span>\n                            <span class=\"format-text\">Universaali yhteensopivuus kaikissa laitteissa, selaimissa ja k\u00e4ytt\u00f6j\u00e4rjestelmiss\u00e4<\/span>\n                        <\/li>\n                        <li class=\"format-item\">\n                            <span class=\"format-check\"><i class=\"fas fa-check-circle\"><\/i><\/span>\n                            <span class=\"format-text\">Ammattimainen asiakirjastandardi esityksille ja tulostusmateriaaleille<\/span>\n                        <\/li>\n                        <li class=\"format-item\">\n                            <span class=\"format-check\"><i class=\"fas fa-check-circle\"><\/i><\/span>\n                            <span class=\"format-text\">S\u00e4ilytt\u00e4\u00e4 kuvanlaadun ja ottaa tekstimerkinn\u00e4t ja metatiedot k\u00e4ytt\u00f6\u00f6n<\/span>\n                        <\/li>\n                        <li class=\"format-item\">\n                            <span class=\"format-check\"><i class=\"fas fa-check-circle\"><\/i><\/span>\n                            <span class=\"format-text\">T\u00e4ydellinen kuvaportfolioiden ja monisivuisten valokuvadokumenttien luomiseen<\/span>\n                        <\/li>\n                        <li class=\"format-item\">\n                            <span class=\"format-check\"><i class=\"fas fa-check-circle\"><\/i><\/span>\n                            <span class=\"format-text\">Tukee vektorigrafiikan integrointia ja haettavia tekstitasoja<\/span>\n                        <\/li>\n                    <\/ul>\n                <\/div>\n            <\/div>\n        <\/section>\n\n\n        <!-- Technical Details Section -->\n        <section class=\"technical-details-section\">\n            <h2 class=\"section-title\">Tekniset tiedot<\/h2>\n\n            <div class=\"technical-details-grid\">\n                <div class=\"tech-detail-card\">\n                    <h3 class=\"tech-detail-title\">\n                        <span class=\"tech-detail-icon\"><i class=\"fas fa-cog\"><\/i><\/span>\n                        AV1-kuvan dekoodaus\n                    <\/h3>\n                    <p class=\"tech-detail-text\">AVIF k\u00e4ytt\u00e4\u00e4 AV1-videokoodekin kehyksen sis\u00e4ist\u00e4 pakkausta still-kuville, mik\u00e4 tarjoaa poikkeuksellisen laadun pieniss\u00e4 tiedostokooissa. Muuntimemme k\u00e4sittelee kaikkia AV1-profiileja, mukaan lukien Main-, High- ja Professional-profiilit, 8-12-bittisen v\u00e4risyvyyden tuella, mik\u00e4 varmistaa monimutkaisten AVIF-v\u00e4riavaruuksien ja HDR-metadatan tarkan dekoodauksen.<\/p>\n                <\/div>\n                <div class=\"tech-detail-card\">\n                    <h3 class=\"tech-detail-title\">\n                        <span class=\"tech-detail-icon\"><i class=\"fas fa-palette\"><\/i><\/span>\n                        V\u00e4riavaruuden muuntaminen\n                    <\/h3>\n                    <p class=\"tech-detail-text\">\u00c4lyk\u00e4s v\u00e4riavaruuskartoitus s\u00e4ilytt\u00e4\u00e4 AVIF:n laajan v\u00e4riskaalan (Rec. 2020, P3) PDF-muunnoksen aikana. Prosessi sis\u00e4lt\u00e4\u00e4 HDR-s\u00e4vykartoituksen n\u00e4yt\u00f6ille, gammakorjauksen ja ICC-profiilin upotuksen v\u00e4rien tarkkuuden yll\u00e4pit\u00e4miseksi eri katseluymp\u00e4rist\u00f6iss\u00e4 ja tulostusty\u00f6nkuluissa.<\/p>\n                <\/div>\n                <div class=\"tech-detail-card\">\n                    <h3 class=\"tech-detail-title\">\n                        <span class=\"tech-detail-icon\"><i class=\"fas fa-file-pdf\"><\/i><\/span>\n                        PDF-rakenteen luominen\n                    <\/h3>\n                    <p class=\"tech-detail-text\">Luo PDF 1.7 -yhteensopivia asiakirjoja upotetuilla rasterikuvilla k\u00e4ytt\u00e4m\u00e4ll\u00e4 JPEG2000- tai tavallista JPEG-pakkausta. Tukee mukautettuja sivumittoja, DPI-asetuksia ja metatietojen s\u00e4ilytt\u00e4mist\u00e4, mukaan lukien EXIF-tiedot alkuper\u00e4isist\u00e4 AVIF-tiedostoista. Monisivuiset PDF-tiedostot yhdist\u00e4v\u00e4t useita AVIF-l\u00e4hteit\u00e4 muokattavissa oleviin asetteluihin.<\/p>\n                <\/div>\n            <\/div>\n        <\/section>\n\n\n        <!-- How It Works Section -->\n        <section id=\"how-it-works\" class=\"how-it-works-section\">\n            <h2 class=\"section-title\">Kuinka muuntaa AVIF PDF:ksi<\/h2>\n\n            <div class=\"steps-container\">\n                <div class=\"step-card\">\n                    <div class=\"step-number\">1<\/div>\n                    <div class=\"step-content\">\n                        <h3 class=\"step-title\">Lataa ja asenna<\/h3>\n                        <p class=\"step-text\">Lataa Convertify ilmaiseksi ja asenna se Windows-tietokoneellesi. Tili\u00e4 tai kirjautumista ei vaadita.<\/p>\n                    <\/div>\n                <\/div>\n                <div class=\"step-card\">\n                    <div class=\"step-number\">2<\/div>\n                    <div class=\"step-content\">\n                        <h3 class=\"step-title\">Lis\u00e4\u00e4 AVIF-tiedostosi<\/h3>\n                        <p class=\"step-text\">Ved\u00e4 ja pudota AVIF-tiedostosi Convertify-sovellukseen tai valitse ne tiedostoselaimella.<\/p>\n                    <\/div>\n                <\/div>\n                <div class=\"step-card\">\n                    <div class=\"step-number\">3<\/div>\n                    <div class=\"step-content\">\n                        <h3 class=\"step-title\">Valitse PDF-tulostus<\/h3>\n                        <p class=\"step-text\">Valitse tulostusmuodoksi PDF. S\u00e4\u00e4d\u00e4 laatuasetuksia tarvittaessa.<\/p>\n                    <\/div>\n                <\/div>\n                <div class=\"step-card\">\n                    <div class=\"step-number\">4<\/div>\n                    <div class=\"step-content\">\n                        <h3 class=\"step-title\">Muunna &#038; Tallenna<\/h3>\n                        <p class=\"step-text\">Napsauta Muunna ja tiedostosi k\u00e4sitell\u00e4\u00e4n v\u00e4litt\u00f6m\u00e4sti. Tallenna ne mihin tahansa tietokoneellesi.<\/p>\n                    <\/div>\n                <\/div>\n            <\/div>\n        <\/section>\n\n\n        <!-- Use Cases Section -->\n        <section class=\"use-cases-section\">\n            <h2 class=\"section-title\">Milloin k\u00e4ytt\u00e4\u00e4 AVIF-muuntamista PDF-muotoon<\/h2>\n\n            <div class=\"use-cases-grid\">\n                <div class=\"use-case-card\">\n                    <div class=\"use-case-icon\"><i class=\"fas fa-presentation-screen\"><\/i><\/div>\n                    <h3 class=\"use-case-title\">Ammattimaiset esitykset<\/h3>\n                    <p class=\"use-case-text\">Muunna AVIF-kuvakaappaukset, -kaaviot ja -grafiikka PDF-muotoon PowerPoint-integrointia ja ammattimaisia \u200b\u200besityksi\u00e4 varten. Ihanteellinen korkealaatuisten visuaalien esittelyyn yrityskokouksissa, joissa yleinen yhteensopivuus on v\u00e4ltt\u00e4m\u00e4t\u00f6nt\u00e4.<\/p>\n                <\/div>\n                <div class=\"use-case-card\">\n                    <div class=\"use-case-icon\"><i class=\"fas fa-archive\"><\/i><\/div>\n                    <h3 class=\"use-case-title\">Digitaaliset valokuva-arkistot<\/h3>\n                    <p class=\"use-case-text\">Muunna AVIF-valokuvakokoelmat j\u00e4rjestetyiksi PDF-portfolioiksi pitk\u00e4aikaista arkistointia varten. T\u00e4ydellinen perhevalokuvien, taidedokumenttien tai ammattivalokuvien s\u00e4ilytt\u00e4miseen yleisesti saatavilla olevassa muodossa.<\/p>\n                <\/div>\n                <div class=\"use-case-card\">\n                    <div class=\"use-case-icon\"><i class=\"fas fa-print\"><\/i><\/div>\n                    <h3 class=\"use-case-title\">Painetun julkaisun valmistelu<\/h3>\n                    <p class=\"use-case-text\">Muunna AVIF-kuvat PDF-muotoon aikakauslehtien asetteluja, esitteit\u00e4 ja tulostusmateriaaleja varten. T\u00e4rke\u00e4 graafisille suunnittelijoille, jotka ty\u00f6skentelev\u00e4t nykyaikaisten AVIF-resurssien parissa, jotka tarvitsevat tulostusvalmiita asiakirjoja, joiden v\u00e4ritarkkuus s\u00e4ilyy.<\/p>\n                <\/div>\n                <div class=\"use-case-card\">\n                    <div class=\"use-case-icon\"><i class=\"fas fa-share\"><\/i><\/div>\n                    <h3 class=\"use-case-title\">Asiakastoimitukset<\/h3>\n                    <p class=\"use-case-text\">Pakkaa AVIF-suunnittelumallit, tuotekuvat tai luova ty\u00f6 ammattimaisiin PDF-dokumentteihin asiakkaan tarkastettavaksi. Varmistaa, ett\u00e4 asiakkaat voivat katsella korkealaatuisia kuvia ohjelmistoominaisuuksistaan \u200b\u200btai laitteen yhteensopivuudesta riippumatta.<\/p>\n                <\/div>\n                <div class=\"use-case-card\">\n                    <div class=\"use-case-icon\"><i class=\"fas fa-book\"><\/i><\/div>\n                    <h3 class=\"use-case-title\">Tekninen dokumentaatio<\/h3>\n                    <p class=\"use-case-text\">Upota AVIF-kaavioita, k\u00e4ytt\u00f6liittym\u00e4n kuvakaappauksia ja teknisi\u00e4 kuvia PDF-oppaisiin ja -dokumentaatioihin. T\u00e4ydellinen ohjelmistodokumentaatioon, jossa nykyaikaiset kuvamuodot tarvitsevat yleisen saatavuuden kaikilla alustoilla.<\/p>\n                <\/div>\n                <div class=\"use-case-card\">\n                    <div class=\"use-case-icon\"><i class=\"fas fa-certificate\"><\/i><\/div>\n                    <h3 class=\"use-case-title\">Portfolion luominen<\/h3>\n                    <p class=\"use-case-text\">Kokoa AVIF-taide-, valokuva- tai suunnitteluty\u00f6 yhten\u00e4isiksi PDF-portfolioiksi ty\u00f6hakemuksia tai asiakasesityksi\u00e4 varten. Luo ammattimaisia \u200b\u200basiakirjoja, jotka esittelev\u00e4t visuaalista ty\u00f6t\u00e4 yll\u00e4pidetyn laadun ja helpon jakamisen ansiosta.<\/p>\n                <\/div>\n            <\/div>\n        <\/section>\n\n\n        <!-- Security Section -->\n        <section class=\"security-section\">\n            <h2 class=\"section-title\">Yksityisyytesi on suojattu<\/h2>\n\n            <div class=\"security-features\">\n                <div class=\"security-card\">\n                    <h3 class=\"security-title\">\n                        <span class=\"security-icon\"><i class=\"fas fa-lock\"><\/i><\/span>\n                        100 % offline-tilassa\n                    <\/h3>\n                    <p class=\"security-text\">Kaikki konversiot tapahtuvat paikallisesti tietokoneellasi. Tiedostosi eiv\u00e4t koskaan poistu laitteestasi, eik\u00e4 niit\u00e4 koskaan ladata millek\u00e4\u00e4n palvelimelle.<\/p>\n                <\/div>\n                <div class=\"security-card\">\n                    <h3 class=\"security-title\">\n                        <span class=\"security-icon\"><i class=\"fas fa-user-shield\"><\/i><\/span>\n                        Tili\u00e4 ei vaadita\n                    <\/h3>\n                    <p class=\"security-text\">Aloita muuntaminen v\u00e4litt\u00f6m\u00e4sti luomatta tili\u00e4, antamatta henkil\u00f6kohtaisia \u200b\u200btietoja tai rekister\u00f6itym\u00e4tt\u00e4 mihink\u00e4\u00e4n.<\/p>\n                <\/div>\n                <div class=\"security-card\">\n                    <h3 class=\"security-title\">\n                        <span class=\"security-icon\"><i class=\"fas fa-trash-alt\"><\/i><\/span>\n                        Automaattinen puhdistus\n                    <\/h3>\n                    <p class=\"security-text\">V\u00e4liaikaiset tiedostot poistetaan turvallisesti muuntamisen j\u00e4lkeen. Alkuper\u00e4iset tiedostosi pysyv\u00e4t t\u00e4ysin koskemattomina, ellet p\u00e4\u00e4t\u00e4 toisin.<\/p>\n                <\/div>\n            <\/div>\n        <\/section>\n\n\n        <!-- FAQ Section -->\n        <section class=\"faq-section\">\n            <h2 class=\"section-title\">Usein kysytyt kysymykset<\/h2>\n\n            <div class=\"faq-container\">\n                <div class=\"faq-item\">\n                    <h3 class=\"faq-question\">\n                        <span class=\"faq-icon\"><i class=\"fas fa-question-circle\"><\/i><\/span>\n                        Miksi minun pit\u00e4isi muuntaa AVIF-kuvat PDF-muotoon?\n                    <\/h3>\n                    <div class=\"faq-answer\">\n                        <p>AVIF on huippuluokan muoto, jonka yhteensopivuus on rajoitettu, kun taas PDF on yleisesti tuettu. Muuntamisen avulla voit jakaa korkealaatuisia kuvia kenen tahansa kanssa, luoda ammattimaisia \u200b\u200bportfolioita, valmistella tulostusmateriaaleja tai integroida AVIF-kuvia esityksiin ja asiakirjoihin, jotka edellytt\u00e4v\u00e4t yleist\u00e4 k\u00e4ytett\u00e4vyytt\u00e4.<\/p>\n                    <\/div>\n                <\/div>\n                <div class=\"faq-item\">\n                    <h3 class=\"faq-question\">\n                        <span class=\"faq-icon\"><i class=\"fas fa-question-circle\"><\/i><\/span>\n                        S\u00e4ilyyk\u00f6 kuvanlaatu AVIF-muunnoksen aikana PDF-muotoon?\n                    <\/h3>\n                    <div class=\"faq-answer\">\n                        <p>Kyll\u00e4, muuntimemme s\u00e4ilytt\u00e4\u00e4 AVIF-kuvien visuaalisen laadun PDF-muunnoksen aikana. Yll\u00e4pid\u00e4mme v\u00e4rien tarkkuutta, resoluutiota ja voimme jopa parantaa kuvia k\u00e4ytt\u00e4m\u00e4ll\u00e4 teko\u00e4lyn parannusta. Muunnosprosessi sis\u00e4lt\u00e4\u00e4 \u00e4lykk\u00e4\u00e4n v\u00e4riavaruuden kartoituksen, joka s\u00e4ilytt\u00e4\u00e4 AVIF:n laajan v\u00e4rivalikoiman edut.<\/p>\n                    <\/div>\n                <\/div>\n                <div class=\"faq-item\">\n                    <h3 class=\"faq-question\">\n                        <span class=\"faq-icon\"><i class=\"fas fa-question-circle\"><\/i><\/span>\n                        Voinko muuntaa useita AVIF-tiedostoja yhdeksi PDF-dokumentiksi?\n                    <\/h3>\n                    <div class=\"faq-answer\">\n                        <p>T\u00e4ysin! Voit yhdist\u00e4\u00e4 useita AVIF-kuvia yhdeksi monisivuiseksi PDF-dokumentiksi ja luoda portfolioita tai valokuva-albumeja. Voit my\u00f6s muuntaa jokaisen AVIF-tiedoston yksitt\u00e4isiksi PDF-dokumenteiksi. Er\u00e4k\u00e4sittely tukee molempia l\u00e4hestymistapoja muokattavissa olevilla sivuasetteluilla.<\/p>\n                    <\/div>\n                <\/div>\n                <div class=\"faq-item\">\n                    <h3 class=\"faq-question\">\n                        <span class=\"faq-icon\"><i class=\"fas fa-question-circle\"><\/i><\/span>\n                        Tukeeko Convertify AVIF-tiedostoja HDR- tai 10-bittisell\u00e4 v\u00e4rill\u00e4?\n                    <\/h3>\n                    <div class=\"faq-answer\">\n                        <p>Kyll\u00e4, muuntimemme k\u00e4sittelee edistyneit\u00e4 AVIF-ominaisuuksia, kuten HDR-sis\u00e4lt\u00f6\u00e4 ja 10-bittist\u00e4 v\u00e4risyvyytt\u00e4. Muunnosprosessi sis\u00e4lt\u00e4\u00e4 \u00e4lykk\u00e4\u00e4n s\u00e4vykartoituksen ja v\u00e4riavaruuden muuntamisen sen varmistamiseksi, ett\u00e4 HDR AVIF -kuvat esitet\u00e4\u00e4n oikein PDF-muodossa ja samalla visuaalinen laatu s\u00e4ilyy.<\/p>\n                    <\/div>\n                <\/div>\n                <div class=\"faq-item\">\n                    <h3 class=\"faq-question\">\n                        <span class=\"faq-icon\"><i class=\"fas fa-question-circle\"><\/i><\/span>\n                        Mit\u00e4 PDF-asetuksia voin mukauttaa AVIF-muunnoksen aikana?\n                    <\/h3>\n                    <div class=\"faq-answer\">\n                        <p>Voit mukauttaa sivun mittoja, DPI-asetuksia, pakkaustasoja ja asetteluasetuksia. Muunnin s\u00e4ilytt\u00e4\u00e4 EXIF-metatiedot AVIF-tiedostoista ja voit luoda joko korkealaatuisia arkistoituja PDF-tiedostoja tai pakattuja versioita, jotka on optimoitu jakamista ja verkkojakelua varten.<\/p>\n                    <\/div>\n                <\/div>\n                <div class=\"faq-item\">\n                    <h3 class=\"faq-question\">\n                        <span class=\"faq-icon\"><i class=\"fas fa-question-circle\"><\/i><\/span>\n                        Onko AVIF-muunnos PDF-muotoon t\u00e4ysin offline-tilassa ja yksityinen?\n                    <\/h3>\n                    <div class=\"faq-answer\">\n                        <p>Kyll\u00e4, kaikki AVIF-muunnokset PDF-tiedostoiksi tapahtuvat kokonaan Windows-tietokoneellasi ilman Internet-yhteytt\u00e4. Kuvasi eiv\u00e4t koskaan poistu laitteestasi, mik\u00e4 takaa t\u00e4ydellisen yksityisyyden arkaluontoiselle visuaaliselle sis\u00e4ll\u00f6lle. Ei pilvilatauksia, tilej\u00e4 tai tiedonkeruuta.<\/p>\n                    <\/div>\n                <\/div>\n                <div class=\"faq-item\">\n                    <h3 class=\"faq-question\">\n                        <span class=\"faq-icon\"><i class=\"fas fa-question-circle\"><\/i><\/span>\n                        Kuinka nopea AVIF:n muuntaminen PDF:ksi on?\n                    <\/h3>\n                    <div class=\"faq-answer\">\n                        <p>Muunnosnopeus on eritt\u00e4in nopea optimoidun AV1-dekoodauksen ja moniytimisen prosessoinnin ansiosta. Yksitt\u00e4iset AVIF-tiedostot muunnetaan sekunneissa, kun taas tuhansien tiedostojen er\u00e4muunnos suoritetaan tehokkaasti ilman j\u00e4rjestelm\u00e4n kaatumisia tai muistiongelmia.<\/p>\n                    <\/div>\n                <\/div>\n                <div class=\"faq-item\">\n                    <h3 class=\"faq-question\">\n                        <span class=\"faq-icon\"><i class=\"fas fa-question-circle\"><\/i><\/span>\n                        Voinko parantaa huonolaatuisia AVIF-kuvia ennen muuntamista PDF-muotoon?\n                    <\/h3>\n                    <div class=\"faq-answer\">\n                        <p>Kyll\u00e4! Teko\u00e4lykuvan skaalaustoimintomme voi parantaa AVIF-kuvia jopa 4X resoluutioon ennen PDF-muunnosta. T\u00e4m\u00e4 sopii t\u00e4ydellisesti pakattujen tai matalaresoluutioisten AVIF-tiedostojen parantamiseen ja ter\u00e4vien ja yksityiskohtaisten PDF-dokumenttien luomiseen pienemmist\u00e4 l\u00e4hdekuvista.<\/p>\n                    <\/div>\n                <\/div>\n            <\/div>\n        <\/section>\n\n\n        <!-- CTA Section -->\n        <section class=\"cta-section\">\n            <div class=\"cta-pattern\"><\/div>\n            <div class=\"cta-content\">\n                <h2 class=\"cta-title\">Oletko valmis muuttamaan tiedostosi?<\/h2>\n                <p class=\"cta-text\">Lataa Convertify nyt ja aloita AVIF-tiedostojen muuntaminen PDF-muotoon v\u00e4litt\u00f6m\u00e4sti. Ilmainen, rajoittamaton ja t\u00e4ysin offline-tilassa.<\/p>\n                <div class=\"hero-buttons\">\n                    <a href=\"\/download\" class=\"btn btn-primary\">Lataa Convertify ilmaiseksi<\/a>\n                    <a href=\"\/pricing\" class=\"btn btn-secondary\">Katso hinnoittelu<\/a>\n                <\/div>\n            <\/div>\n        <\/section>\n    <\/div>\n<\/body>\n<\/html>\n\n\n\n<p><\/p>\n","protected":false},"excerpt":{"rendered":"<p>AVIF to PDF Converter: nopea, ilmainen ja offline-tilassa Windowsille AVIF to PDF Converter Muunna AVIF-kuvat PDF-dokumenteiksi pikselin t\u00e4ydellisell\u00e4 laadulla ja [&hellip;]<\/p>\n","protected":false},"author":1,"featured_media":0,"parent":0,"menu_order":0,"comment_status":"closed","ping_status":"closed","template":"","meta":{"pagelayer_contact_templates":[],"_pagelayer_content":"","_uag_custom_page_level_css":"","site-sidebar-layout":"default","site-content-layout":"","ast-site-content-layout":"","site-content-style":"default","site-sidebar-style":"default","ast-global-header-display":"","ast-banner-title-visibility":"","ast-main-header-display":"","ast-hfb-above-header-display":"","ast-hfb-below-header-display":"","ast-hfb-mobile-header-display":"","site-post-title":"disabled","ast-breadcrumbs-content":"","ast-featured-img":"","footer-sml-layout":"","theme-transparent-header-meta":"","adv-header-id-meta":"","stick-header-meta":"","header-above-stick-meta":"","header-main-stick-meta":"","header-below-stick-meta":"","astra-migrate-meta-layouts":"default","ast-page-background-enabled":"default","ast-page-background-meta":{"desktop":{"background-color":"var(--ast-global-color-5)","background-image":"","background-repeat":"repeat","background-position":"center center","background-size":"auto","background-attachment":"scroll","background-type":"","background-media":"","overlay-type":"","overlay-color":"","overlay-opacity":"","overlay-gradient":""},"tablet":{"background-color":"","background-image":"","background-repeat":"repeat","background-position":"center center","background-size":"auto","background-attachment":"scroll","background-type":"","background-media":"","overlay-type":"","overlay-color":"","overlay-opacity":"","overlay-gradient":""},"mobile":{"background-color":"","background-image":"","background-repeat":"repeat","background-position":"center center","background-size":"auto","background-attachment":"scroll","background-type":"","background-media":"","overlay-type":"","overlay-color":"","overlay-opacity":"","overlay-gradient":""}},"ast-content-background-meta":{"desktop":{"background-color":"var(--ast-global-color-4)","background-image":"","background-repeat":"repeat","background-position":"center center","background-size":"auto","background-attachment":"scroll","background-type":"","background-media":"","overlay-type":"","overlay-color":"","overlay-opacity":"","overlay-gradient":""},"tablet":{"background-color":"var(--ast-global-color-4)","background-image":"","background-repeat":"repeat","background-position":"center center","background-size":"auto","background-attachment":"scroll","background-type":"","background-media":"","overlay-type":"","overlay-color":"","overlay-opacity":"","overlay-gradient":""},"mobile":{"background-color":"var(--ast-global-color-4)","background-image":"","background-repeat":"repeat","background-position":"center center","background-size":"auto","background-attachment":"scroll","background-type":"","background-media":"","overlay-type":"","overlay-color":"","overlay-opacity":"","overlay-gradient":""}},"footnotes":""},"class_list":["post-740301","page","type-page","status-publish","hentry"],"uagb_featured_image_src":{"full":false,"thumbnail":false,"medium":false,"medium_large":false,"large":false,"1536x1536":false,"2048x2048":false,"woocommerce_thumbnail":false,"woocommerce_single":false,"woocommerce_gallery_thumbnail":false},"uagb_author_info":{"display_name":"convertify","author_link":"https:\/\/convertifypro.com\/author\/convertifypro\/"},"uagb_comment_info":0,"uagb_excerpt":"AVIF to PDF Converter: nopea, ilmainen ja offline-tilassa Windowsille AVIF to PDF Converter Muunna AVIF-kuvat PDF-dokumenteiksi pikselin t\u00e4ydellisell\u00e4 laadulla ja [&hellip;]","_links":{"self":[{"href":"https:\/\/convertifypro.com\/wp-json\/wp\/v2\/pages\/740301","targetHints":{"allow":["GET"]}}],"collection":[{"href":"https:\/\/convertifypro.com\/wp-json\/wp\/v2\/pages"}],"about":[{"href":"https:\/\/convertifypro.com\/wp-json\/wp\/v2\/types\/page"}],"author":[{"embeddable":true,"href":"https:\/\/convertifypro.com\/wp-json\/wp\/v2\/users\/1"}],"replies":[{"embeddable":true,"href":"https:\/\/convertifypro.com\/wp-json\/wp\/v2\/comments?post=740301"}],"version-history":[{"count":0,"href":"https:\/\/convertifypro.com\/wp-json\/wp\/v2\/pages\/740301\/revisions"}],"wp:attachment":[{"href":"https:\/\/convertifypro.com\/wp-json\/wp\/v2\/media?parent=740301"}],"curies":[{"name":"wp","href":"https:\/\/api.w.org\/{rel}","templated":true}]}}