{"id":740517,"date":"2026-01-21T22:37:34","date_gmt":"2026-01-21T22:37:34","guid":{"rendered":"https:\/\/convertifypro.com\/?page_id=740517"},"modified":"2026-01-21T22:37:34","modified_gmt":"2026-01-21T22:37:34","slug":"wav-to-aiff-converter","status":"publish","type":"page","link":"https:\/\/convertifypro.com\/eo\/konvertilo-de-wav-al-aiff\/","title":{"rendered":"Konvertilo de WAV al AIFF"},"content":{"rendered":"<style class=\"wpcode-css-snippet\">.ast-custom-button {\r\n  display: none;\r\n}<\/style>\n\n\n\n<!DOCTYPE html>\n<html lang=\"en\">\n<head>\n    <meta charset=\"UTF-8\">\n    <meta name=\"viewport\" content=\"width=device-width, initial-scale=1.0\">\n    <meta name=\"description\" content=\"Convert WAV files to AIFF format with our powerful offline converter. Perfect for Mac compatibility, professional audio workflows, and enhanced metadata support.\">\n    <meta name=\"keywords\" content=\"WAV to AIFF converter, audio format converter, AIFF converter Windows, WAV AIFF conversion, offline audio converter, lossless audio conversion, Mac audio format, professional audio conversion\">\n    <title>Konvertilo de WAV al AIFF: Senpaga, Rapida kaj Senrete por Vindozo<\/title>\n    <link rel=\"stylesheet\" href=\"https:\/\/cdnjs.cloudflare.com\/ajax\/libs\/font-awesome\/6.4.0\/css\/all.min.css\">\n    \n    <style>\n        \/* Main Styles *\/\n        :root {\n            --primary-color: #FD9800;\n            --primary-hover: #e88a00;\n            --text-color: #3A3A3A;\n            --light-bg: #f8faff;\n            --gradient-bg: linear-gradient(135deg, #f8faff 0%, #fff5e6 100%);\n            --box-shadow: 0 10px 30px rgba(0, 0, 0, 0.05);\n            --hover-shadow: 0 15px 35px rgba(0, 0, 0, 0.1);\n            --border-color: #f1f5f9;\n        }\n\n        .converter-section {\n            max-width: 1200px;\n            margin: 0 auto;\n            padding: 2rem 1.5rem;\n            font-family: 'Inter', 'Segoe UI', system-ui, -apple-system, sans-serif;\n            color: var(--text-color);\n        }\n\n        \/* Hero Section *\/\n        .hero-section {\n            text-align: center;\n            padding: 3rem 1rem;\n            margin-bottom: 3rem;\n            background: var(--gradient-bg);\n            border-radius: 16px;\n            position: relative;\n            overflow: hidden;\n        }\n\n        .hero-pattern {\n            position: absolute;\n            top: 0;\n            left: 0;\n            right: 0;\n            bottom: 0;\n            background-image: url(\"data:image\/svg+xml,%3Csvg width='60' height='60' viewBox='0 0 60 60' xmlns='http:\/\/www.w3.org\/2000\/svg'%3E%3Cg fill='none' fill-rule='evenodd'%3E%3Cg fill='%23fd9800' fill-opacity='0.05'%3E%3Cpath d='M36 34v-4h-2v4h-4v2h4v4h2v-4h4v-2h-4zm0-30V0h-2v4h-4v2h4v4h2V6h4V4h-4zM6 34v-4H4v4H0v2h4v4h2v-4h4v-2H6zM6 4V0H4v4H0v2h4v4h2V6h4V4H6z'\/%3E%3C\/g%3E%3C\/g%3E%3C\/svg%3E\");\n            opacity: 0.5;\n            z-index: 0;\n        }\n\n        .hero-content {\n            position: relative;\n            z-index: 1;\n            max-width: 800px;\n            margin: 0 auto;\n        }\n\n        .hero-title {\n            font-size: 2.8rem;\n            font-weight: 800;\n            margin-bottom: 1.5rem;\n            color: var(--text-color);\n        }\n\n        .hero-subtitle {\n            font-size: 1.25rem;\n            margin-bottom: 2rem;\n            color: var(--text-color);\n            line-height: 1.6;\n        }\n\n        .hero-badges {\n            display: flex;\n            flex-wrap: wrap;\n            justify-content: center;\n            gap: 1rem;\n            margin-bottom: 2rem;\n        }\n\n        .hero-badge {\n            display: flex;\n            align-items: center;\n            background: white;\n            border-radius: 50px;\n            padding: 0.5rem 1rem;\n            box-shadow: var(--box-shadow);\n            transition: all 0.3s ease;\n            border: 1px solid var(--border-color);\n        }\n\n        .hero-badge:hover {\n            transform: translateY(-3px);\n            box-shadow: var(--hover-shadow);\n            border-color: rgba(253, 152, 0, 0.3);\n        }\n\n        .hero-badge-icon {\n            color: var(--primary-color);\n            margin-right: 0.5rem;\n            font-size: 1rem;\n        }\n\n        .hero-badge-text {\n            font-size: 0.9rem;\n            font-weight: 600;\n            color: var(--text-color);\n        }\n\n        .hero-buttons {\n            display: flex;\n            justify-content: center;\n            gap: 1rem;\n            flex-wrap: wrap;\n        }\n\n        .btn {\n            display: inline-block;\n            padding: 0.75rem 1.5rem;\n            border-radius: 8px;\n            font-weight: 600;\n            text-decoration: none !important;\n            transition: all 0.3s ease;\n            cursor: pointer;\n            font-size: 1rem;\n        }\n\n        .btn-primary {\n            background-color: var(--primary-color);\n            color: white !important;\n            box-shadow: 0 8px 16px rgba(253, 152, 0, 0.2);\n            border: none;\n        }\n\n        .btn-primary:hover {\n            background-color: var(--primary-hover);\n            transform: translateY(-2px);\n            text-decoration: none !important;\n        }\n\n        .btn-secondary {\n            background-color: white;\n            color: var(--primary-color) !important;\n            border: 1px solid var(--border-color);\n        }\n\n        .btn-secondary:hover {\n            background-color: #fff5e6;\n            transform: translateY(-2px);\n            text-decoration: none !important;\n        }\n\n        \/* Features Section *\/\n        .features-section {\n            margin-bottom: 4rem;\n        }\n\n        .section-title {\n            font-size: 2.2rem;\n            font-weight: 700;\n            text-align: center;\n            margin-bottom: 2.5rem;\n            color: var(--text-color);\n        }\n\n        .features-grid {\n            display: grid;\n            grid-template-columns: repeat(auto-fit, minmax(300px, 1fr));\n            gap: 2rem;\n        }\n\n        .feature-card {\n            background: white;\n            border-radius: 16px;\n            overflow: hidden;\n            box-shadow: var(--box-shadow);\n            transition: all 0.3s ease;\n            border: 1px solid var(--border-color);\n            height: 100%;\n            display: flex;\n            flex-direction: column;\n        }\n\n        .feature-card:hover {\n            transform: translateY(-5px);\n            box-shadow: var(--hover-shadow);\n            border-color: rgba(253, 152, 0, 0.3);\n        }\n\n        .feature-icon {\n            width: 60px;\n            height: 60px;\n            background-color: rgba(253, 152, 0, 0.15);\n            color: var(--primary-color);\n            border-radius: 12px;\n            display: flex;\n            align-items: center;\n            justify-content: center;\n            margin-bottom: 1.5rem;\n            font-size: 1.8rem;\n            transition: all 0.3s ease;\n        }\n\n        .feature-card:hover .feature-icon {\n            background: linear-gradient(135deg, #FD9800 0%, #FF6D00 100%);\n            color: white;\n            box-shadow: 0 10px 20px rgba(253, 152, 0, 0.2);\n        }\n\n        .feature-content {\n            padding: 2rem;\n            flex-grow: 1;\n        }\n\n        .feature-title {\n            font-size: 1.4rem;\n            font-weight: 700;\n            margin-bottom: 1rem;\n            color: var(--text-color);\n        }\n\n        .feature-text {\n            font-size: 1rem;\n            color: #555;\n            line-height: 1.6;\n            margin-bottom: 1.5rem;\n        }\n\n        .feature-list {\n            list-style: none;\n            padding: 0;\n            margin: 0;\n        }\n\n        .feature-item {\n            display: flex;\n            align-items: flex-start;\n            margin-bottom: 0.75rem;\n            line-height: 1.5;\n        }\n\n        .feature-check {\n            color: var(--primary-color);\n            margin-right: 0.75rem;\n            flex-shrink: 0;\n            margin-top: 0.2rem;\n        }\n\n        .feature-item-text {\n            font-size: 0.95rem;\n            color: var(--text-color);\n        }\n\n        \/* Why Convert Section *\/\n        .why-convert-section {\n            margin-bottom: 4rem;\n            background: var(--light-bg);\n            border-radius: 16px;\n            padding: 3rem 2rem;\n        }\n\n        .comparison-grid {\n            display: grid;\n            grid-template-columns: repeat(auto-fit, minmax(300px, 1fr));\n            gap: 2rem;\n            margin-top: 2rem;\n        }\n\n        .format-card {\n            background: white;\n            border-radius: 16px;\n            padding: 1.5rem;\n            box-shadow: var(--box-shadow);\n            transition: all 0.3s ease;\n            border: 1px solid var(--border-color);\n        }\n\n        .format-card:hover {\n            transform: translateY(-5px);\n            box-shadow: var(--hover-shadow);\n            border-color: rgba(253, 152, 0, 0.3);\n        }\n\n        .format-title {\n            font-size: 1.6rem;\n            font-weight: 700;\n            margin-bottom: 1.25rem;\n            color: var(--text-color);\n            display: flex;\n            align-items: center;\n        }\n\n        .format-icon {\n            color: var(--primary-color);\n            margin-right: 0.75rem;\n            font-size: 1.6rem;\n        }\n\n        .format-list {\n            list-style: none;\n            padding: 0;\n            margin: 0;\n        }\n\n        .format-item {\n            display: flex;\n            align-items: flex-start;\n            margin-bottom: 0.85rem;\n        }\n\n        .format-check {\n            color: var(--primary-color);\n            margin-right: 0.75rem;\n            flex-shrink: 0;\n            margin-top: 0.2rem;\n        }\n\n        .format-text {\n            font-size: 0.95rem;\n            color: #555;\n            line-height: 1.5;\n        }\n\n        \/* How It Works Section *\/\n        .how-it-works-section {\n            margin-bottom: 4rem;\n        }\n\n        .steps-container {\n            max-width: 900px;\n            margin: 0 auto;\n        }\n\n        .step-card {\n            display: flex;\n            align-items: flex-start;\n            background: white;\n            border-radius: 16px;\n            padding: 2rem;\n            box-shadow: var(--box-shadow);\n            margin-bottom: 2rem;\n            border: 1px solid var(--border-color);\n            transition: all 0.3s ease;\n        }\n\n        .step-card:hover {\n            transform: translateY(-5px);\n            box-shadow: var(--hover-shadow);\n            border-color: rgba(253, 152, 0, 0.3);\n        }\n\n        .step-number {\n            width: 50px;\n            height: 50px;\n            background-color: rgba(253, 152, 0, 0.15);\n            color: var(--primary-color);\n            border-radius: 50%;\n            display: flex;\n            align-items: center;\n            justify-content: center;\n            font-size: 1.5rem;\n            font-weight: 700;\n            margin-right: 1.5rem;\n            flex-shrink: 0;\n            transition: all 0.3s ease;\n        }\n\n        .step-card:hover .step-number {\n            background: linear-gradient(135deg, #FD9800 0%, #FF6D00 100%);\n            color: white;\n            box-shadow: 0 10px 20px rgba(253, 152, 0, 0.2);\n        }\n\n        .step-content {\n            flex: 1;\n        }\n\n        .step-title {\n            font-size: 1.4rem;\n            font-weight: 700;\n            margin-bottom: 0.75rem;\n            color: var(--text-color);\n        }\n\n        .step-text {\n            font-size: 1rem;\n            color: #555;\n            line-height: 1.6;\n        }\n\n        \/* Use Cases Section *\/\n        .use-cases-section {\n            margin-bottom: 4rem;\n            background: var(--light-bg);\n            border-radius: 16px;\n            padding: 3rem 2rem;\n        }\n\n        .use-cases-grid {\n            display: grid;\n            grid-template-columns: repeat(auto-fit, minmax(300px, 1fr));\n            gap: 2rem;\n            margin-top: 2rem;\n        }\n\n        .use-case-card {\n            background: white;\n            border-radius: 16px;\n            padding: 1.5rem;\n            box-shadow: var(--box-shadow);\n            transition: all 0.3s ease;\n            border: 1px solid var(--border-color);\n            height: 100%;\n        }\n\n        .use-case-card:hover {\n            transform: translateY(-5px);\n            box-shadow: var(--hover-shadow);\n            border-color: rgba(253, 152, 0, 0.3);\n        }\n\n        .use-case-icon {\n            color: var(--primary-color);\n            font-size: 2rem;\n            margin-bottom: 1rem;\n        }\n\n        .use-case-title {\n            font-size: 1.3rem;\n            font-weight: 700;\n            margin-bottom: 1rem;\n            color: var(--text-color);\n        }\n\n        .use-case-text {\n            font-size: 0.95rem;\n            color: #555;\n            line-height: 1.6;\n        }\n\n        \/* FAQ Section *\/\n        .faq-section {\n            margin-bottom: 4rem;\n        }\n\n        .faq-container {\n            max-width: 900px;\n            margin: 0 auto;\n        }\n\n        .faq-item {\n            background: white;\n            border-radius: 16px;\n            padding: 1.5rem 2rem;\n            box-shadow: var(--box-shadow);\n            margin-bottom: 1.5rem;\n            border: 1px solid var(--border-color);\n            transition: all 0.3s ease;\n        }\n\n        .faq-item:hover {\n            transform: translateY(-3px);\n            box-shadow: var(--hover-shadow);\n            border-color: rgba(253, 152, 0, 0.3);\n        }\n\n        .faq-question {\n            font-size: 1.2rem;\n            font-weight: 700;\n            margin-bottom: 1rem;\n            color: var(--text-color);\n            display: flex;\n            align-items: center;\n        }\n\n        .faq-icon {\n            color: var(--primary-color);\n            margin-right: 0.75rem;\n            font-size: 1.2rem;\n        }\n\n        .faq-answer {\n            font-size: 1rem;\n            color: #555;\n            line-height: 1.6;\n        }\n\n        \/* Technical Details Section *\/\n        .technical-details-section {\n            margin-bottom: 4rem;\n        }\n\n        .technical-details-grid {\n            display: grid;\n            grid-template-columns: repeat(auto-fit, minmax(300px, 1fr));\n            gap: 2rem;\n        }\n\n        .tech-detail-card {\n            background: white;\n            border-radius: 16px;\n            padding: 1.5rem;\n            box-shadow: var(--box-shadow);\n            transition: all 0.3s ease;\n            border: 1px solid var(--border-color);\n        }\n\n        .tech-detail-card:hover {\n            transform: translateY(-5px);\n            box-shadow: var(--hover-shadow);\n            border-color: rgba(253, 152, 0, 0.3);\n        }\n\n        .tech-detail-title {\n            font-size: 1.3rem;\n            font-weight: 700;\n            margin-bottom: 1rem;\n            color: var(--text-color);\n            display: flex;\n            align-items: center;\n        }\n\n        .tech-detail-icon {\n            color: var(--primary-color);\n            margin-right: 0.75rem;\n            font-size: 1.3rem;\n        }\n\n        .tech-detail-text {\n            font-size: 0.95rem;\n            color: #555;\n            line-height: 1.6;\n        }\n\n        \/* Security Section *\/\n        .security-section {\n            margin-bottom: 4rem;\n            background: var(--light-bg);\n            border-radius: 16px;\n            padding: 3rem 2rem;\n        }\n\n        .security-features {\n            display: grid;\n            grid-template-columns: repeat(auto-fit, minmax(300px, 1fr));\n            gap: 2rem;\n            margin-top: 2rem;\n        }\n\n        .security-card {\n            background: white;\n            border-radius: 16px;\n            padding: 1.5rem;\n            box-shadow: var(--box-shadow);\n            transition: all 0.3s ease;\n            border: 1px solid var(--border-color);\n        }\n\n        .security-card:hover {\n            transform: translateY(-5px);\n            box-shadow: var(--hover-shadow);\n            border-color: rgba(253, 152, 0, 0.3);\n        }\n\n        .security-title {\n            font-size: 1.3rem;\n            font-weight: 700;\n            margin-bottom: 1rem;\n            color: var(--text-color);\n            display: flex;\n            align-items: center;\n        }\n\n        .security-icon {\n            color: var(--primary-color);\n            margin-right: 0.75rem;\n            font-size: 1.3rem;\n        }\n\n        .security-text {\n            font-size: 0.95rem;\n            color: #555;\n            line-height: 1.6;\n        }\n\n        \/* CTA Section *\/\n        .cta-section {\n            text-align: center;\n            padding: 3rem 1rem;\n            background: var(--gradient-bg);\n            border-radius: 16px;\n            position: relative;\n            overflow: hidden;\n            margin-bottom: 2rem;\n        }\n\n        .cta-pattern {\n            position: absolute;\n            top: 0;\n            left: 0;\n            right: 0;\n            bottom: 0;\n            background-image: url(\"data:image\/svg+xml,%3Csvg width='60' height='60' viewBox='0 0 60 60' xmlns='http:\/\/www.w3.org\/2000\/svg'%3E%3Cg fill='none' fill-rule='evenodd'%3E%3Cg fill='%23fd9800' fill-opacity='0.05'%3E%3Cpath d='M36 34v-4h-2v4h-4v2h4v4h2v-4h4v-2h-4zm0-30V0h-2v4h-4v2h4v4h2V6h4V4h-4zM6 34v-4H4v4H0v2h4v4h2v-4h4v-2H6zM6 4V0H4v4H0v2h4v4h2V6h4V4H6z'\/%3E%3C\/g%3E%3C\/g%3E%3C\/svg%3E\");\n            opacity: 0.5;\n            z-index: 0;\n        }\n\n        .cta-content {\n            position: relative;\n            z-index: 1;\n            max-width: 800px;\n            margin: 0 auto;\n        }\n\n        .cta-title {\n            font-size: 2.2rem;\n            font-weight: 700;\n            margin-bottom: 1.5rem;\n            color: var(--text-color);\n        }\n\n        .cta-text {\n            font-size: 1.1rem;\n            margin-bottom: 2rem;\n            color: #555;\n            line-height: 1.6;\n        }\n\n        \/* Guide-specific Styles *\/\n        .guide-content {\n            background: white;\n            border-radius: 16px;\n            padding: 2rem;\n            margin-bottom: 2rem;\n            box-shadow: var(--box-shadow);\n            border: 1px solid var(--border-color);\n        }\n\n        .guide-section-title {\n            font-size: 1.6rem;\n            font-weight: 700;\n            color: var(--text-color);\n            margin-bottom: 1rem;\n        }\n\n        .guide-text {\n            font-size: 1rem;\n            color: #555;\n            line-height: 1.8;\n            margin-bottom: 1rem;\n        }\n\n        .guide-list {\n            list-style: none;\n            padding: 0;\n            margin: 1rem 0;\n        }\n\n        .guide-list-item {\n            display: flex;\n            align-items: flex-start;\n            margin-bottom: 0.75rem;\n            padding-left: 1.5rem;\n            position: relative;\n        }\n\n        .guide-list-item::before {\n            content: \"\u2022\";\n            color: var(--primary-color);\n            font-weight: bold;\n            position: absolute;\n            left: 0;\n        }\n\n        \/* Responsive Styles *\/\n        @media (max-width: 768px) {\n            .hero-title {\n                font-size: 2.2rem;\n            }\n\n            .section-title {\n                font-size: 1.8rem;\n            }\n\n            .cta-title {\n                font-size: 1.8rem;\n            }\n\n            .features-grid {\n                grid-template-columns: 1fr;\n                max-width: 500px;\n                margin: 0 auto;\n            }\n\n            .step-card {\n                flex-direction: column;\n                align-items: flex-start;\n            }\n\n            .step-number {\n                margin-bottom: 1rem;\n                margin-right: 0;\n            }\n        }\n\n        @media (max-width: 480px) {\n            .hero-title {\n                font-size: 1.8rem;\n            }\n\n            .hero-subtitle {\n                font-size: 1.1rem;\n            }\n\n            .section-title {\n                font-size: 1.6rem;\n            }\n\n            .feature-content {\n                padding: 1.5rem;\n            }\n\n            .step-card {\n                padding: 1.5rem;\n            }\n\n            .faq-item {\n                padding: 1.25rem;\n            }\n        }\n\n        \/* Button text should never be underlined *\/\n        .btn:hover, .btn:focus, .btn:active {\n            text-decoration: none !important;\n        }\n    <\/style>\n<\/head>\n<body>\n    <div class=\"converter-section\">\n        <!-- Hero Section -->\n        <section class=\"hero-section\">\n            <div class=\"hero-pattern\"><\/div>\n            <div class=\"hero-content\">\n                <h1 class=\"hero-title\">Konvertilo de WAV al AIFF<\/h1>\n                <p class=\"hero-subtitle\">Konvertu WAV-sondosierojn al AIFF-formato konservante plenan sonkvaliton kaj metadatenojn. Perfekta por Mac-kongruo, profesiaj a\u016ddaj laborfluoj kaj transplatformaj sonprojektoj.<\/p>\n\n                <div class=\"hero-badges\">\n                    <div class=\"hero-badge\">\n                        <span class=\"hero-badge-icon\"><i class=\"fas fa-desktop\"><\/i><\/span>\n                        <span class=\"hero-badge-text\">100% eksterrete<\/span>\n                    <\/div>\n                    <div class=\"hero-badge\">\n                        <span class=\"hero-badge-icon\"><i class=\"fas fa-infinity\"><\/i><\/span>\n                        <span class=\"hero-badge-text\">Senlimaj Konverti\u011doj<\/span>\n                    <\/div>\n                    <div class=\"hero-badge\">\n                        <span class=\"hero-badge-icon\"><i class=\"fas fa-shield-alt\"><\/i><\/span>\n                        <span class=\"hero-badge-text\">Privata &#038; Sekura<\/span>\n                    <\/div>\n                    <div class=\"hero-badge\">\n                        <span class=\"hero-badge-icon\"><i class=\"fas fa-bolt\"><\/i><\/span>\n                        <span class=\"hero-badge-text\">Fulmo Rapida<\/span>\n                    <\/div>\n                <\/div>\n\n                <div class=\"hero-buttons\">\n                    <a href=\"\/download\" class=\"btn btn-primary\">El\u015dutu Senpage<\/a>\n                    <a href=\"#how-it-works\" class=\"btn btn-secondary\">Lernu Pli<\/a>\n                <\/div>\n            <\/div>\n        <\/section>\n\n\n        <!-- Features Section -->\n        <section class=\"features-section\">\n            <h2 class=\"section-title\">Kial Elekti Konverti\u011don por Konverti\u011do de WAV al AIFF?<\/h2>\n\n            <div class=\"features-grid\">\n                <div class=\"feature-card\">\n                    <div class=\"feature-content\">\n                        <div class=\"feature-icon\">\n                            <i class=\"fas fa-music\"><\/i>\n                        <\/div>\n                        <h3 class=\"feature-title\">Senperda A\u016ddio-Konverti\u011do<\/h3>\n                        <p class=\"feature-text\">Konvertu WAV al AIFF kun perfekta konservado de a\u016dda fideleco. Amba\u016d formatoj uzas nekunpremitan PCM-kodigon, certigante, ke via audio konservas sian originalan kvaliton, dinamikan gamon kaj frekvencan respondon sen ia generacia perdo.<\/p>\n                        <ul class=\"feature-list\">\n                            <li class=\"feature-item\">\n                                <span class=\"feature-check\"><i class=\"fas fa-check-circle\"><\/i><\/span>\n                                <span class=\"feature-item-text\">Konservas originalan bitprofundon kaj specimenan indicon<\/span>\n                            <\/li>\n                            <li class=\"feature-item\">\n                                <span class=\"feature-check\"><i class=\"fas fa-check-circle\"><\/i><\/span>\n                                <span class=\"feature-item-text\">Subtenas plenan dinamikan gamon<\/span>\n                            <\/li>\n                            <li class=\"feature-item\">\n                                <span class=\"feature-check\"><i class=\"fas fa-check-circle\"><\/i><\/span>\n                                <span class=\"feature-item-text\">Neniu kvalita degradado dum konverti\u011do<\/span>\n                            <\/li>\n                        <\/ul>\n                    <\/div>\n                <\/div>\n                <div class=\"feature-card\">\n                    <div class=\"feature-content\">\n                        <div class=\"feature-icon\">\n                            <i class=\"fas fa-apple-alt\"><\/i>\n                        <\/div>\n                        <h3 class=\"feature-title\">Plibonigita Mac-Kongruo<\/h3>\n                        <p class=\"feature-text\">AIFF-formato provizas superan integri\u011don kun la ekosistemo de Apple kaj profesiaj sonaplikoj. Konvertu viajn WAV-dosierojn al AIFF por perfekta kongruo kun Logic Pro, GarageBand kaj aliaj Mac-denaskaj sonprogramoj.<\/p>\n                        <ul class=\"feature-list\">\n                            <li class=\"feature-item\">\n                                <span class=\"feature-check\"><i class=\"fas fa-check-circle\"><\/i><\/span>\n                                <span class=\"feature-item-text\">Denaska subteno en macOS kaj iOS<\/span>\n                            <\/li>\n                            <li class=\"feature-item\">\n                                <span class=\"feature-check\"><i class=\"fas fa-check-circle\"><\/i><\/span>\n                                <span class=\"feature-item-text\">Optimumigita por Apple sonaplikoj<\/span>\n                            <\/li>\n                            <li class=\"feature-item\">\n                                <span class=\"feature-check\"><i class=\"fas fa-check-circle\"><\/i><\/span>\n                                <span class=\"feature-item-text\">Pli bona rimeda forko uzado en Mac-sistemoj<\/span>\n                            <\/li>\n                        <\/ul>\n                    <\/div>\n                <\/div>\n                <div class=\"feature-card\">\n                    <div class=\"feature-content\">\n                        <div class=\"feature-icon\">\n                            <i class=\"fas fa-tags\"><\/i>\n                        <\/div>\n                        <h3 class=\"feature-title\">Supera Subteno de Metadatumoj<\/h3>\n                        <p class=\"feature-text\">AIFF-formato ofertas pli fortikajn metadatumajn kapablojn kompare kun WAV-dosieroj. Konvertu por konservi kaj plibonigi viajn sondosierajn informojn inkluzive de detalaj trakdatenoj, kopirajtaj informoj kaj kutimaj komentarioj.<\/p>\n                        <ul class=\"feature-list\">\n                            <li class=\"feature-item\">\n                                <span class=\"feature-check\"><i class=\"fas fa-check-circle\"><\/i><\/span>\n                                <span class=\"feature-item-text\">Ampleksa ID3-etikedsubteno<\/span>\n                            <\/li>\n                            <li class=\"feature-item\">\n                                <span class=\"feature-check\"><i class=\"fas fa-check-circle\"><\/i><\/span>\n                                <span class=\"feature-item-text\">Propraj metadatumaj kampoj<\/span>\n                            <\/li>\n                            <li class=\"feature-item\">\n                                <span class=\"feature-check\"><i class=\"fas fa-check-circle\"><\/i><\/span>\n                                <span class=\"feature-item-text\">Profesiaj a\u016ddaj komentarioj<\/span>\n                            <\/li>\n                        <\/ul>\n                    <\/div>\n                <\/div>\n                <div class=\"feature-card\">\n                    <div class=\"feature-content\">\n                        <div class=\"feature-icon\">\n                            <i class=\"fas fa-compress-arrows-alt\"><\/i>\n                        <\/div>\n                        <h3 class=\"feature-title\">Flekseblaj Kunpremaj Opcioj<\/h3>\n                        <p class=\"feature-text\">Konservante senperdan kvaliton, AIFF subtenas diversajn kunpremadskemojn inkluzive de AIFF-C-formato. Konvertu WAV-dosierojn por utiligi inteligentan kunpremadon, kiu reduktas dosiergrandecon sen oferi sonkvaliton.<\/p>\n                        <ul class=\"feature-list\">\n                            <li class=\"feature-item\">\n                                <span class=\"feature-check\"><i class=\"fas fa-check-circle\"><\/i><\/span>\n                                <span class=\"feature-item-text\">AIFF-C kunpremita formato subteno<\/span>\n                            <\/li>\n                            <li class=\"feature-item\">\n                                <span class=\"feature-check\"><i class=\"fas fa-check-circle\"><\/i><\/span>\n                                <span class=\"feature-item-text\">Inteligenta sonkunpremo<\/span>\n                            <\/li>\n                            <li class=\"feature-item\">\n                                <span class=\"feature-check\"><i class=\"fas fa-check-circle\"><\/i><\/span>\n                                <span class=\"feature-item-text\">Reduktita stokado postuloj<\/span>\n                            <\/li>\n                        <\/ul>\n                    <\/div>\n                <\/div>\n                <div class=\"feature-card\">\n                    <div class=\"feature-content\">\n                        <div class=\"feature-icon\">\n                            <i class=\"fas fa-exchange-alt\"><\/i>\n                        <\/div>\n                        <h3 class=\"feature-title\">Inter-Plataforma A\u016ddio-Inter\u015dan\u011do<\/h3>\n                        <p class=\"feature-text\">AIFF-formato elstaras en profesiaj sonmedioj kie dosieroj estas dividitaj inter malsamaj platformoj kaj aplikoj. Konvertu WAV al AIFF por plibonigita kongruo tra diversaj a\u016ddproduktadfluoj.<\/p>\n                        <ul class=\"feature-list\">\n                            <li class=\"feature-item\">\n                                <span class=\"feature-check\"><i class=\"fas fa-check-circle\"><\/i><\/span>\n                                <span class=\"feature-item-text\">Profesia studia norma formato<\/span>\n                            <\/li>\n                            <li class=\"feature-item\">\n                                <span class=\"feature-check\"><i class=\"fas fa-check-circle\"><\/i><\/span>\n                                <span class=\"feature-item-text\">Plibonigita transplatforma kongruo<\/span>\n                            <\/li>\n                            <li class=\"feature-item\">\n                                <span class=\"feature-check\"><i class=\"fas fa-check-circle\"><\/i><\/span>\n                                <span class=\"feature-item-text\">Optimumigita por audioproduktado-duktoj<\/span>\n                            <\/li>\n                        <\/ul>\n                    <\/div>\n                <\/div>\n                <div class=\"feature-card\">\n                    <div class=\"feature-content\">\n                        <div class=\"feature-icon\">\n                            <i class=\"fas fa-shield-alt\"><\/i>\n                        <\/div>\n                        <h3 class=\"feature-title\">Protekto de Audio Integreco<\/h3>\n                        <p class=\"feature-text\">AIFF-formato inkluzivas enkonstruitajn erarajn detektajn kaj korektajn kapablojn, kiuj helpas protekti viajn sondatumojn kontra\u016d korupto. Konvertu kritikajn WAV-dosierojn al AIFF por plia datuma integreco en profesiaj medioj.<\/p>\n                        <ul class=\"feature-list\">\n                            <li class=\"feature-item\">\n                                <span class=\"feature-check\"><i class=\"fas fa-check-circle\"><\/i><\/span>\n                                <span class=\"feature-item-text\">Enkonstruitaj erardetektaj mekanismoj<\/span>\n                            <\/li>\n                            <li class=\"feature-item\">\n                                <span class=\"feature-check\"><i class=\"fas fa-check-circle\"><\/i><\/span>\n                                <span class=\"feature-item-text\">Protekto pri datuma korupto<\/span>\n                            <\/li>\n                            <li class=\"feature-item\">\n                                <span class=\"feature-check\"><i class=\"fas fa-check-circle\"><\/i><\/span>\n                                <span class=\"feature-item-text\">Profesia-grada sonkonservado<\/span>\n                            <\/li>\n                        <\/ul>\n                    <\/div>\n                <\/div>\n            <\/div>\n        <\/section>\n\n\n        <!-- Why Convert Section -->\n        <section class=\"why-convert-section\">\n            <h2 class=\"section-title\">Kial Konverti WAV al AIFF?<\/h2>\n\n            <div class=\"comparison-grid\">\n                <div class=\"format-card\">\n                    <h3 class=\"format-title\">\n                        <span class=\"format-icon\"><i class=\"fas fa-file-video\"><\/i><\/span>\n                        WAV Formato\n                    <\/h3>\n                    <ul class=\"format-list\">\n                        <li class=\"format-item\">\n                            <span class=\"format-check\"><i class=\"fas fa-check-circle\"><\/i><\/span>\n                            <span class=\"format-text\">Universala kongruo tra \u0109iuj platformoj kaj sona programaro<\/span>\n                        <\/li>\n                        <li class=\"format-item\">\n                            <span class=\"format-check\"><i class=\"fas fa-check-circle\"><\/i><\/span>\n                            <span class=\"format-text\">Pli malgrandaj dosiergrandoj pro pli simpla titolstrukturo<\/span>\n                        <\/li>\n                        <li class=\"format-item\">\n                            <span class=\"format-check\"><i class=\"fas fa-times-circle\"><\/i><\/span>\n                            <span class=\"format-text\">Limigita subteno de metadatenoj kompare kun modernaj sonformatoj<\/span>\n                        <\/li>\n                        <li class=\"format-item\">\n                            <span class=\"format-check\"><i class=\"fas fa-times-circle\"><\/i><\/span>\n                            <span class=\"format-text\">Mankas altnivelaj eraraj korektado kaj datumoj integreco<\/span>\n                        <\/li>\n                        <li class=\"format-item\">\n                            <span class=\"format-check\"><i class=\"fas fa-times-circle\"><\/i><\/span>\n                            <span class=\"format-text\">Malpli optimuma integri\u011do kun la sonekosistemo kaj aplikoj de Apple<\/span>\n                        <\/li>\n                    <\/ul>\n                <\/div>\n\n                <div class=\"format-card\">\n                    <h3 class=\"format-title\">\n                        <span class=\"format-icon\"><i class=\"fas fa-file-video\"><\/i><\/span>\n                        Formato AIFF\n                    <\/h3>\n                    <ul class=\"format-list\">\n                        <li class=\"format-item\">\n                            <span class=\"format-check\"><i class=\"fas fa-check-circle\"><\/i><\/span>\n                            <span class=\"format-text\">Indi\u011dena integri\u011do kun macOS, iOS, kaj Apple sonaplikoj<\/span>\n                        <\/li>\n                        <li class=\"format-item\">\n                            <span class=\"format-check\"><i class=\"fas fa-check-circle\"><\/i><\/span>\n                            <span class=\"format-text\">Supera subteno de metadatenoj kun ampleksaj etikedkapabloj<\/span>\n                        <\/li>\n                        <li class=\"format-item\">\n                            <span class=\"format-check\"><i class=\"fas fa-check-circle\"><\/i><\/span>\n                            <span class=\"format-text\">Enkonstruitaj erardetekto kaj protektado de datumoj pri integreco<\/span>\n                        <\/li>\n                        <li class=\"format-item\">\n                            <span class=\"format-check\"><i class=\"fas fa-check-circle\"><\/i><\/span>\n                            <span class=\"format-text\">Subteno por kunpremita AIFF-C-formato por redukti dosiergrandojn<\/span>\n                        <\/li>\n                        <li class=\"format-item\">\n                            <span class=\"format-check\"><i class=\"fas fa-check-circle\"><\/i><\/span>\n                            <span class=\"format-text\">Profesia a\u016dda industria normo kun plibonigitaj komentarioj<\/span>\n                        <\/li>\n                    <\/ul>\n                <\/div>\n            <\/div>\n        <\/section>\n\n\n        <!-- Technical Details Section -->\n        <section class=\"technical-details-section\">\n            <h2 class=\"section-title\">Teknikaj Detaloj<\/h2>\n\n            <div class=\"technical-details-grid\">\n                <div class=\"tech-detail-card\">\n                    <h3 class=\"tech-detail-title\">\n                        <span class=\"tech-detail-icon\"><i class=\"fas fa-code\"><\/i><\/span>\n                        Specifoj de Audio Formato\n                    <\/h3>\n                    <p class=\"tech-detail-text\">Kaj WAV kaj AIFF uzas nekunpremitan PCM-sonkodigon kun subteno por diversaj bitprofundoj (8, 16, 24, 32-bit) kaj specimenaj indicoj \u011dis 192kHz. AIFF-formato uzas big-endian-bajtan ordigon komparite kun la eta-endian formato de WAV, kaj apogas kromajn kunpremadkabalojn tra la AIFF-C-varia\u0135o inkluzive de ADPCM kaj aliaj senperdaj kunpremadalgoritmoj.<\/p>\n                <\/div>\n                <div class=\"tech-detail-card\">\n                    <h3 class=\"tech-detail-title\">\n                        <span class=\"tech-detail-icon\"><i class=\"fas fa-database\"><\/i><\/span>\n                        Metadatenoj kaj Chunk Strukturo\n                    <\/h3>\n                    <p class=\"tech-detail-text\">AIFF-formato utiligas EA IFF 85 (Electronic Arts Interchange File Format) specifon kun pli fleksebla blok-bazita strukturo ol WAV. \u0108i tio permesas ampleksan stokadon de metadatenoj inkluzive de NAME, AUTH, ANNO kaj COMT-pecoj por ampleksa sondosierdokumentado, igante \u011din supera por profesiaj a\u016ddarkivado kaj katalogado de aplikoj.<\/p>\n                <\/div>\n                <div class=\"tech-detail-card\">\n                    <h3 class=\"tech-detail-title\">\n                        <span class=\"tech-detail-icon\"><i class=\"fas fa-microchip\"><\/i><\/span>\n                        Platformo Optimumigo\n                    <\/h3>\n                    <p class=\"tech-detail-text\">AIFF-formato estas specife optimumigita por la Core Audio-kadro de Apple kaj utiligas macOS-son-pretigkapablojn. La big-endian-bajta ordo de la formato kongruas kun PowerPC-arkitekturo-hereda\u0135o kaj disponigas pli efikan pretigon sur Apple-silicio. AIFF anka\u016d subtenas rimedforkojn en macOS por stoki pliajn dosiermetadatenojn kaj kutimajn aplika\u0135ajn datumojn.<\/p>\n                <\/div>\n            <\/div>\n        <\/section>\n\n\n        <!-- How It Works Section -->\n        <section id=\"how-it-works\" class=\"how-it-works-section\">\n            <h2 class=\"section-title\">Kiel Konverti WAV al AIFF<\/h2>\n\n            <div class=\"steps-container\">\n                <div class=\"step-card\">\n                    <div class=\"step-number\">1<\/div>\n                    <div class=\"step-content\">\n                        <h3 class=\"step-title\">El\u015dutu &#038; Instalu<\/h3>\n                        <p class=\"step-text\">El\u015dutu Convertify senpage kaj instalu \u011din sur via Vindoza komputilo. Neniu konto a\u016d ali\u011do necesas.<\/p>\n                    <\/div>\n                <\/div>\n                <div class=\"step-card\">\n                    <div class=\"step-number\">2<\/div>\n                    <div class=\"step-content\">\n                        <h3 class=\"step-title\">Aldonu Viajn WAV-Dosieroj<\/h3>\n                        <p class=\"step-text\">Trenu kaj faligi viajn WAV-dosierojn en Convertify, a\u016d uzu la dosier-retumilon por elekti ilin.<\/p>\n                    <\/div>\n                <\/div>\n                <div class=\"step-card\">\n                    <div class=\"step-number\">3<\/div>\n                    <div class=\"step-content\">\n                        <h3 class=\"step-title\">Elektu AIFF-Eligon<\/h3>\n                        <p class=\"step-text\">Elektu AIFF kiel via eligo formato. Al\u011dustigu kvalitajn agordojn se necese.<\/p>\n                    <\/div>\n                <\/div>\n                <div class=\"step-card\">\n                    <div class=\"step-number\">4<\/div>\n                    <div class=\"step-content\">\n                        <h3 class=\"step-title\">Konverti &#038; Konservi<\/h3>\n                        <p class=\"step-text\">Alklaku Konverti kaj viaj dosieroj estos procesitaj tuj. Konservu ilin ie ajn en via komputilo.<\/p>\n                    <\/div>\n                <\/div>\n            <\/div>\n        <\/section>\n\n\n        <!-- Use Cases Section -->\n        <section class=\"use-cases-section\">\n            <h2 class=\"section-title\">Kiam Uzi WAV al AIFF Konverti\u011do<\/h2>\n\n            <div class=\"use-cases-grid\">\n                <div class=\"use-case-card\">\n                    <div class=\"use-case-icon\"><i class=\"fas fa-music\"><\/i><\/div>\n                    <h3 class=\"use-case-title\">Profesia Muzika Produktado<\/h3>\n                    <p class=\"use-case-text\">Konvertu WAV-tigojn kaj trakojn al AIFF por uzi en Logic Pro, Pro Tools kaj aliaj profesiaj DAW-oj, kiuj preferas AIFF-formaton por optimuma rendimento kaj metadatumado en kompleksaj miksado kaj majstrado de sesioj.<\/p>\n                <\/div>\n                <div class=\"use-case-card\">\n                    <div class=\"use-case-icon\"><i class=\"fas fa-laptop\"><\/i><\/div>\n                    <h3 class=\"use-case-title\">Mac-Centric Audio Workflows<\/h3>\n                    <p class=\"use-case-text\">Transformu WAV-dosierojn al AIFF kiam vi laboras \u0109efe ene de la ekosistemo de Apple, por certigi perfektan integri\u011don kun macOS-a\u016ddservoj, QuickTime kaj indi\u011denaj a\u016dd-aplikoj sen kongruaj problemoj.<\/p>\n                <\/div>\n                <div class=\"use-case-card\">\n                    <div class=\"use-case-icon\"><i class=\"fas fa-archive\"><\/i><\/div>\n                    <h3 class=\"use-case-title\">Administrado de A\u016ddarkivo<\/h3>\n                    <p class=\"use-case-text\">Konvertu gravajn WAV-registra\u0135ojn al AIFF-formato por utiligi superajn metadatumojn por ampleksa katalogado de a\u016ddbibliotekoj, inkluzive de detalaj komentarioj, kopirajtaj informoj kaj kutimaj organizaj etikedoj.<\/p>\n                <\/div>\n                <div class=\"use-case-card\">\n                    <div class=\"use-case-icon\"><i class=\"fas fa-broadcast-tower\"><\/i><\/div>\n                    <h3 class=\"use-case-title\">Dissendado kaj Radio<\/h3>\n                    <p class=\"use-case-text\">Transformu WAV-dosierojn al AIFF por radiostacioj kaj dissendaj instala\u0135oj, kiuj uzas Apple-bazitajn sistemojn, certigante optimuman reproduktadon kaj metadatenojn en sur-aeraj a\u016dtomatigsistemoj.<\/p>\n                <\/div>\n                <div class=\"use-case-card\">\n                    <div class=\"use-case-icon\"><i class=\"fas fa-film\"><\/i><\/div>\n                    <h3 class=\"use-case-title\">A\u016ddio-Postproduktado<\/h3>\n                    <p class=\"use-case-text\">Konvertu WAV-a\u016ddspurojn al AIFF por filmaj kaj video-postproduktaj laborfluoj per Final Cut Pro kaj aliaj Apple-aplikoj kie AIFF disponigas pli bonan templinian integri\u011don kaj a\u016ddsinkronigajn kapablojn.<\/p>\n                <\/div>\n                <div class=\"use-case-card\">\n                    <div class=\"use-case-icon\"><i class=\"fas fa-mobile-alt\"><\/i><\/div>\n                    <h3 class=\"use-case-title\">Disvolvi\u011do de iOS-Aplikoj<\/h3>\n                    <p class=\"use-case-text\">Transformu WAV-son-aktiva\u0135ojn al AIFF-formato por iOS-aplikoj por certigi optimuman agadon, reduktitan prilaboradon kaj senjuntan integri\u011don kun Core Audio-kadroj en evoluado de po\u015dtelefonaj programoj.<\/p>\n                <\/div>\n            <\/div>\n        <\/section>\n\n\n        <!-- Security Section -->\n        <section class=\"security-section\">\n            <h2 class=\"section-title\">Via Privateco estas Protektita<\/h2>\n\n            <div class=\"security-features\">\n                <div class=\"security-card\">\n                    <h3 class=\"security-title\">\n                        <span class=\"security-icon\"><i class=\"fas fa-lock\"><\/i><\/span>\n                        100% eksterrete\n                    <\/h3>\n                    <p class=\"security-text\">\u0108iuj konverti\u011doj okazas loke en via komputilo. Viaj dosieroj neniam forlasas vian aparaton kaj neniam estas al\u015dutitaj al iu ajn servilo.<\/p>\n                <\/div>\n                <div class=\"security-card\">\n                    <h3 class=\"security-title\">\n                        <span class=\"security-icon\"><i class=\"fas fa-user-shield\"><\/i><\/span>\n                        Neniu Konto Bezonata\n                    <\/h3>\n                    <p class=\"security-text\">Komencu konverti tuj sen krei konton, provizi personajn informojn a\u016d registri\u011di por io ajn.<\/p>\n                <\/div>\n                <div class=\"security-card\">\n                    <h3 class=\"security-title\">\n                        <span class=\"security-icon\"><i class=\"fas fa-trash-alt\"><\/i><\/span>\n                        A\u016dtomata Purigado\n                    <\/h3>\n                    <p class=\"security-text\">Provizoraj dosieroj estas sekure forigitaj post konverti\u011do. Viaj originalaj dosieroj restas tute netu\u015ditaj krom se vi elektas alie.<\/p>\n                <\/div>\n            <\/div>\n        <\/section>\n\n\n        <!-- FAQ Section -->\n        <section class=\"faq-section\">\n            <h2 class=\"section-title\">Oftaj Demandoj<\/h2>\n\n            <div class=\"faq-container\">\n                <div class=\"faq-item\">\n                    <h3 class=\"faq-question\">\n                        <span class=\"faq-icon\"><i class=\"fas fa-question-circle\"><\/i><\/span>\n                        \u0108u konverti WAV al AIFF reduktos sonkvaliton?\n                    <\/h3>\n                    <div class=\"faq-answer\">\n                        <p>Ne, konverti WAV al AIFF konservas perfektan sonkvaliton \u0109ar amba\u016d formatoj uzas nekunpremitan PCM-kodigon. La konverti\u011do nur \u015dan\u011das la dosierujon kaj bajtan mendon konservante \u0109iujn sondatumojn ekzakte kiel \u011di estis en la originala WAV-dosiero.<\/p>\n                    <\/div>\n                <\/div>\n                <div class=\"faq-item\">\n                    <h3 class=\"faq-question\">\n                        <span class=\"faq-icon\"><i class=\"fas fa-question-circle\"><\/i><\/span>\n                        Kio estas la \u0109efa diferenco inter formatoj WAV kaj AIFF?\n                    <\/h3>\n                    <div class=\"faq-answer\">\n                        <p>La primaraj diferencoj estas bajta mendado (WAV uzas little-endian, AIFF uzas big-endian), metadatuman subtenon (AIFF havas superajn etikedkapablojn), kaj platformoptimumigo (AIFF estas optimumigita por Apple-sistemoj dum WAV estas pli universale kongrua).<\/p>\n                    <\/div>\n                <\/div>\n                <div class=\"faq-item\">\n                    <h3 class=\"faq-question\">\n                        <span class=\"faq-icon\"><i class=\"fas fa-question-circle\"><\/i><\/span>\n                        \u0108u AIFF-dosieroj estas pli grandaj ol WAV-dosieroj?\n                    <\/h3>\n                    <div class=\"faq-answer\">\n                        <p>AIFF-dosieroj estas tipe iomete pli grandaj ol ekvivalentaj WAV-dosieroj pro pli ampleksaj kapinformoj kaj metadatumaj stokadkapabloj. Tamen, la diferenco estas minimuma (kutime malpli ol 1KB) kaj AIFF-C kunpremita formato povas fakte esti pli malgranda ol WAV.<\/p>\n                    <\/div>\n                <\/div>\n                <div class=\"faq-item\">\n                    <h3 class=\"faq-question\">\n                        <span class=\"faq-icon\"><i class=\"fas fa-question-circle\"><\/i><\/span>\n                        \u0108u mi povas konverti WAV-dosierojn kun malsamaj bitprofundoj al AIFF?\n                    <\/h3>\n                    <div class=\"faq-answer\">\n                        <p>Jes, AIFF-formato subtenas la samajn bitprofundojn kiel WAV (8, 16, 24, kaj 32-bit) kaj specimenajn indicojn \u011dis 192kHz. La konverti\u011do konservas viajn originalajn sonspecifojn precize, konservante la saman bidan profundon kaj specimenan indicon kiel la fonta WAV-dosiero.<\/p>\n                    <\/div>\n                <\/div>\n                <div class=\"faq-item\">\n                    <h3 class=\"faq-question\">\n                        <span class=\"faq-icon\"><i class=\"fas fa-question-circle\"><\/i><\/span>\n                        \u0108u mia sonprogramo rekonos konvertitajn AIFF-dosierojn?\n                    <\/h3>\n                    <div class=\"faq-answer\">\n                        <p>Plej profesia sonprogramo subtenas AIFF-formaton, precipe en Mac-sistemoj. Apple-aplikoj kiel Logic Pro, GarageBand kaj QuickTime havas denaskan AIFF-subtenon, dum multaj plurplatformaj DAW-oj anka\u016d pritraktas AIFF-dosierojn sen problemoj.<\/p>\n                    <\/div>\n                <\/div>\n                <div class=\"faq-item\">\n                    <h3 class=\"faq-question\">\n                        <span class=\"faq-icon\"><i class=\"fas fa-question-circle\"><\/i><\/span>\n                        \u0108u mi povas lote konverti plurajn WAV-dosierojn al AIFF?\n                    <\/h3>\n                    <div class=\"faq-answer\">\n                        <p>Jes, Convertify subtenas amasan traktadon permesante al vi konverti milojn da WAV-dosieroj al formato AIFF samtempe. La grupa prilaborado konservas konsekvencan kvaliton kaj agordojn tra \u0109iuj dosieroj konservante originalajn dosierujojn kaj dosiernomojn.<\/p>\n                    <\/div>\n                <\/div>\n                <div class=\"faq-item\">\n                    <h3 class=\"faq-question\">\n                        <span class=\"faq-icon\"><i class=\"fas fa-question-circle\"><\/i><\/span>\n                        \u0108u AIFF-formato subtenas enigitan albumarton kaj kantotekston?\n                    <\/h3>\n                    <div class=\"faq-answer\">\n                        <p>Jes, AIFF-formato havas superajn metadatumajn kapablojn kompare kun WAV kaj povas stoki enkorpigitajn albumartojn, kantotekstojn kaj ampleksajn ID3-etikedojn. \u0108i tio faras AIFF ideala por muzikbibliotekoj kie detalaj trakinformoj estas gravaj.<\/p>\n                    <\/div>\n                <\/div>\n                <div class=\"faq-item\">\n                    <h3 class=\"faq-question\">\n                        <span class=\"faq-icon\"><i class=\"fas fa-question-circle\"><\/i><\/span>\n                        \u0108u estas kongruaj problemoj kun AIFF-dosieroj en Vindozo?\n                    <\/h3>\n                    <div class=\"faq-answer\">\n                        <p>Dum AIFF estas optimumigita por Apple-sistemoj, plej moderna Vindoza a\u016ddprogramaro povas pritrakti AIFF-dosierojn. Tamen, iuj pli malnovaj a\u016d bazaj Vindozaj plurmediaj ludiloj eble limigis AIFF-subtenon, do konsideru vian celan reproduktan medion kiam vi elektas inter formatoj.<\/p>\n                    <\/div>\n                <\/div>\n            <\/div>\n        <\/section>\n\n\n        <!-- CTA Section -->\n        <section class=\"cta-section\">\n            <div class=\"cta-pattern\"><\/div>\n            <div class=\"cta-content\">\n                <h2 class=\"cta-title\">Preta Konverti Viajn Dosieroj?<\/h2>\n                <p class=\"cta-text\">El\u015dutu Convertify nun kaj komencu konverti WAV al AIFF tuj. Senpaga, senlima kaj tute eksterrete.<\/p>\n                <div class=\"hero-buttons\">\n                    <a href=\"\/download\" class=\"btn btn-primary\">El\u015dutu Convertify Senpage<\/a>\n                    <a href=\"\/pricing\" class=\"btn btn-secondary\">Vidu Prezojn<\/a>\n                <\/div>\n            <\/div>\n        <\/section>\n    <\/div>\n<\/body>\n<\/html>\n\n\n\n<p><\/p>\n","protected":false},"excerpt":{"rendered":"<p>Konvertilo de WAV al AIFF: Senpaga, Rapida kaj Senrete por Vindozo Konvertilo de WAV al AIFF Konvertu WAV-sondosierojn al AIFF-formato [&hellip;]<\/p>\n","protected":false},"author":1,"featured_media":0,"parent":0,"menu_order":0,"comment_status":"closed","ping_status":"closed","template":"","meta":{"pagelayer_contact_templates":[],"_pagelayer_content":"","_uag_custom_page_level_css":"","site-sidebar-layout":"default","site-content-layout":"","ast-site-content-layout":"","site-content-style":"default","site-sidebar-style":"default","ast-global-header-display":"","ast-banner-title-visibility":"","ast-main-header-display":"","ast-hfb-above-header-display":"","ast-hfb-below-header-display":"","ast-hfb-mobile-header-display":"","site-post-title":"disabled","ast-breadcrumbs-content":"","ast-featured-img":"","footer-sml-layout":"","theme-transparent-header-meta":"","adv-header-id-meta":"","stick-header-meta":"","header-above-stick-meta":"","header-main-stick-meta":"","header-below-stick-meta":"","astra-migrate-meta-layouts":"default","ast-page-background-enabled":"default","ast-page-background-meta":{"desktop":{"background-color":"var(--ast-global-color-5)","background-image":"","background-repeat":"repeat","background-position":"center center","background-size":"auto","background-attachment":"scroll","background-type":"","background-media":"","overlay-type":"","overlay-color":"","overlay-opacity":"","overlay-gradient":""},"tablet":{"background-color":"","background-image":"","background-repeat":"repeat","background-position":"center center","background-size":"auto","background-attachment":"scroll","background-type":"","background-media":"","overlay-type":"","overlay-color":"","overlay-opacity":"","overlay-gradient":""},"mobile":{"background-color":"","background-image":"","background-repeat":"repeat","background-position":"center center","background-size":"auto","background-attachment":"scroll","background-type":"","background-media":"","overlay-type":"","overlay-color":"","overlay-opacity":"","overlay-gradient":""}},"ast-content-background-meta":{"desktop":{"background-color":"var(--ast-global-color-4)","background-image":"","background-repeat":"repeat","background-position":"center center","background-size":"auto","background-attachment":"scroll","background-type":"","background-media":"","overlay-type":"","overlay-color":"","overlay-opacity":"","overlay-gradient":""},"tablet":{"background-color":"var(--ast-global-color-4)","background-image":"","background-repeat":"repeat","background-position":"center center","background-size":"auto","background-attachment":"scroll","background-type":"","background-media":"","overlay-type":"","overlay-color":"","overlay-opacity":"","overlay-gradient":""},"mobile":{"background-color":"var(--ast-global-color-4)","background-image":"","background-repeat":"repeat","background-position":"center center","background-size":"auto","background-attachment":"scroll","background-type":"","background-media":"","overlay-type":"","overlay-color":"","overlay-opacity":"","overlay-gradient":""}},"footnotes":""},"class_list":["post-740517","page","type-page","status-publish","hentry"],"uagb_featured_image_src":{"full":false,"thumbnail":false,"medium":false,"medium_large":false,"large":false,"1536x1536":false,"2048x2048":false,"woocommerce_thumbnail":false,"woocommerce_single":false,"woocommerce_gallery_thumbnail":false},"uagb_author_info":{"display_name":"convertify","author_link":"https:\/\/convertifypro.com\/author\/convertifypro\/"},"uagb_comment_info":0,"uagb_excerpt":"Konvertilo de WAV al AIFF: Senpaga, Rapida kaj Senrete por Vindozo Konvertilo de WAV al AIFF Konvertu WAV-sondosierojn al AIFF-formato [&hellip;]","_links":{"self":[{"href":"https:\/\/convertifypro.com\/wp-json\/wp\/v2\/pages\/740517","targetHints":{"allow":["GET"]}}],"collection":[{"href":"https:\/\/convertifypro.com\/wp-json\/wp\/v2\/pages"}],"about":[{"href":"https:\/\/convertifypro.com\/wp-json\/wp\/v2\/types\/page"}],"author":[{"embeddable":true,"href":"https:\/\/convertifypro.com\/wp-json\/wp\/v2\/users\/1"}],"replies":[{"embeddable":true,"href":"https:\/\/convertifypro.com\/wp-json\/wp\/v2\/comments?post=740517"}],"version-history":[{"count":0,"href":"https:\/\/convertifypro.com\/wp-json\/wp\/v2\/pages\/740517\/revisions"}],"wp:attachment":[{"href":"https:\/\/convertifypro.com\/wp-json\/wp\/v2\/media?parent=740517"}],"curies":[{"name":"wp","href":"https:\/\/api.w.org\/{rel}","templated":true}]}}