{"id":740526,"date":"2026-01-21T22:37:32","date_gmt":"2026-01-21T22:37:32","guid":{"rendered":"https:\/\/convertifypro.com\/?page_id=740526"},"modified":"2026-01-21T22:37:32","modified_gmt":"2026-01-21T22:37:32","slug":"avif-to-ico-converter","status":"publish","type":"page","link":"https:\/\/convertifypro.com\/cs\/prevodnik-avif-na-ico\/","title":{"rendered":"P\u0159evodn\u00edk AVIF na ICO"},"content":{"rendered":"<style class=\"wpcode-css-snippet\">.ast-custom-button {\r\n  display: none;\r\n}<\/style>\n\n\n\n<!DOCTYPE html>\n<html lang=\"en\">\n<head>\n    <meta charset=\"UTF-8\">\n    <meta name=\"viewport\" content=\"width=device-width, initial-scale=1.0\">\n    <meta name=\"description\" content=\"Convert AVIF files to ICO format with our powerful offline converter. Perfect for Windows app icons, desktop shortcuts, and system integration.\">\n    <meta name=\"keywords\" content=\"avif to ico converter, avif ico conversion, windows icon converter, offline avif converter, ico file generator, avif to windows icon, application icon converter\">\n    <title>P\u0159evodn\u00edk AVIF na ICO: Rychl\u00fd, bezplatn\u00fd a offline pro Windows<\/title>\n    <link rel=\"stylesheet\" href=\"https:\/\/cdnjs.cloudflare.com\/ajax\/libs\/font-awesome\/6.4.0\/css\/all.min.css\">\n    \n    <style>\n        \/* Main Styles *\/\n        :root {\n            --primary-color: #FD9800;\n            --primary-hover: #e88a00;\n            --text-color: #3A3A3A;\n            --light-bg: #f8faff;\n            --gradient-bg: linear-gradient(135deg, #f8faff 0%, #fff5e6 100%);\n            --box-shadow: 0 10px 30px rgba(0, 0, 0, 0.05);\n            --hover-shadow: 0 15px 35px rgba(0, 0, 0, 0.1);\n            --border-color: #f1f5f9;\n        }\n\n        .converter-section {\n            max-width: 1200px;\n            margin: 0 auto;\n            padding: 2rem 1.5rem;\n            font-family: 'Inter', 'Segoe UI', system-ui, -apple-system, sans-serif;\n            color: var(--text-color);\n        }\n\n        \/* Hero Section *\/\n        .hero-section {\n            text-align: center;\n            padding: 3rem 1rem;\n            margin-bottom: 3rem;\n            background: var(--gradient-bg);\n            border-radius: 16px;\n            position: relative;\n            overflow: hidden;\n        }\n\n        .hero-pattern {\n            position: absolute;\n            top: 0;\n            left: 0;\n            right: 0;\n            bottom: 0;\n            background-image: url(\"data:image\/svg+xml,%3Csvg width='60' height='60' viewBox='0 0 60 60' xmlns='http:\/\/www.w3.org\/2000\/svg'%3E%3Cg fill='none' fill-rule='evenodd'%3E%3Cg fill='%23fd9800' fill-opacity='0.05'%3E%3Cpath d='M36 34v-4h-2v4h-4v2h4v4h2v-4h4v-2h-4zm0-30V0h-2v4h-4v2h4v4h2V6h4V4h-4zM6 34v-4H4v4H0v2h4v4h2v-4h4v-2H6zM6 4V0H4v4H0v2h4v4h2V6h4V4H6z'\/%3E%3C\/g%3E%3C\/g%3E%3C\/svg%3E\");\n            opacity: 0.5;\n            z-index: 0;\n        }\n\n        .hero-content {\n            position: relative;\n            z-index: 1;\n            max-width: 800px;\n            margin: 0 auto;\n        }\n\n        .hero-title {\n            font-size: 2.8rem;\n            font-weight: 800;\n            margin-bottom: 1.5rem;\n            color: var(--text-color);\n        }\n\n        .hero-subtitle {\n            font-size: 1.25rem;\n            margin-bottom: 2rem;\n            color: var(--text-color);\n            line-height: 1.6;\n        }\n\n        .hero-badges {\n            display: flex;\n            flex-wrap: wrap;\n            justify-content: center;\n            gap: 1rem;\n            margin-bottom: 2rem;\n        }\n\n        .hero-badge {\n            display: flex;\n            align-items: center;\n            background: white;\n            border-radius: 50px;\n            padding: 0.5rem 1rem;\n            box-shadow: var(--box-shadow);\n            transition: all 0.3s ease;\n            border: 1px solid var(--border-color);\n        }\n\n        .hero-badge:hover {\n            transform: translateY(-3px);\n            box-shadow: var(--hover-shadow);\n            border-color: rgba(253, 152, 0, 0.3);\n        }\n\n        .hero-badge-icon {\n            color: var(--primary-color);\n            margin-right: 0.5rem;\n            font-size: 1rem;\n        }\n\n        .hero-badge-text {\n            font-size: 0.9rem;\n            font-weight: 600;\n            color: var(--text-color);\n        }\n\n        .hero-buttons {\n            display: flex;\n            justify-content: center;\n            gap: 1rem;\n            flex-wrap: wrap;\n        }\n\n        .btn {\n            display: inline-block;\n            padding: 0.75rem 1.5rem;\n            border-radius: 8px;\n            font-weight: 600;\n            text-decoration: none !important;\n            transition: all 0.3s ease;\n            cursor: pointer;\n            font-size: 1rem;\n        }\n\n        .btn-primary {\n            background-color: var(--primary-color);\n            color: white !important;\n            box-shadow: 0 8px 16px rgba(253, 152, 0, 0.2);\n            border: none;\n        }\n\n        .btn-primary:hover {\n            background-color: var(--primary-hover);\n            transform: translateY(-2px);\n            text-decoration: none !important;\n        }\n\n        .btn-secondary {\n            background-color: white;\n            color: var(--primary-color) !important;\n            border: 1px solid var(--border-color);\n        }\n\n        .btn-secondary:hover {\n            background-color: #fff5e6;\n            transform: translateY(-2px);\n            text-decoration: none !important;\n        }\n\n        \/* Features Section *\/\n        .features-section {\n            margin-bottom: 4rem;\n        }\n\n        .section-title {\n            font-size: 2.2rem;\n            font-weight: 700;\n            text-align: center;\n            margin-bottom: 2.5rem;\n            color: var(--text-color);\n        }\n\n        .features-grid {\n            display: grid;\n            grid-template-columns: repeat(auto-fit, minmax(300px, 1fr));\n            gap: 2rem;\n        }\n\n        .feature-card {\n            background: white;\n            border-radius: 16px;\n            overflow: hidden;\n            box-shadow: var(--box-shadow);\n            transition: all 0.3s ease;\n            border: 1px solid var(--border-color);\n            height: 100%;\n            display: flex;\n            flex-direction: column;\n        }\n\n        .feature-card:hover {\n            transform: translateY(-5px);\n            box-shadow: var(--hover-shadow);\n            border-color: rgba(253, 152, 0, 0.3);\n        }\n\n        .feature-icon {\n            width: 60px;\n            height: 60px;\n            background-color: rgba(253, 152, 0, 0.15);\n            color: var(--primary-color);\n            border-radius: 12px;\n            display: flex;\n            align-items: center;\n            justify-content: center;\n            margin-bottom: 1.5rem;\n            font-size: 1.8rem;\n            transition: all 0.3s ease;\n        }\n\n        .feature-card:hover .feature-icon {\n            background: linear-gradient(135deg, #FD9800 0%, #FF6D00 100%);\n            color: white;\n            box-shadow: 0 10px 20px rgba(253, 152, 0, 0.2);\n        }\n\n        .feature-content {\n            padding: 2rem;\n            flex-grow: 1;\n        }\n\n        .feature-title {\n            font-size: 1.4rem;\n            font-weight: 700;\n            margin-bottom: 1rem;\n            color: var(--text-color);\n        }\n\n        .feature-text {\n            font-size: 1rem;\n            color: #555;\n            line-height: 1.6;\n            margin-bottom: 1.5rem;\n        }\n\n        .feature-list {\n            list-style: none;\n            padding: 0;\n            margin: 0;\n        }\n\n        .feature-item {\n            display: flex;\n            align-items: flex-start;\n            margin-bottom: 0.75rem;\n            line-height: 1.5;\n        }\n\n        .feature-check {\n            color: var(--primary-color);\n            margin-right: 0.75rem;\n            flex-shrink: 0;\n            margin-top: 0.2rem;\n        }\n\n        .feature-item-text {\n            font-size: 0.95rem;\n            color: var(--text-color);\n        }\n\n        \/* Why Convert Section *\/\n        .why-convert-section {\n            margin-bottom: 4rem;\n            background: var(--light-bg);\n            border-radius: 16px;\n            padding: 3rem 2rem;\n        }\n\n        .comparison-grid {\n            display: grid;\n            grid-template-columns: repeat(auto-fit, minmax(300px, 1fr));\n            gap: 2rem;\n            margin-top: 2rem;\n        }\n\n        .format-card {\n            background: white;\n            border-radius: 16px;\n            padding: 1.5rem;\n            box-shadow: var(--box-shadow);\n            transition: all 0.3s ease;\n            border: 1px solid var(--border-color);\n        }\n\n        .format-card:hover {\n            transform: translateY(-5px);\n            box-shadow: var(--hover-shadow);\n            border-color: rgba(253, 152, 0, 0.3);\n        }\n\n        .format-title {\n            font-size: 1.6rem;\n            font-weight: 700;\n            margin-bottom: 1.25rem;\n            color: var(--text-color);\n            display: flex;\n            align-items: center;\n        }\n\n        .format-icon {\n            color: var(--primary-color);\n            margin-right: 0.75rem;\n            font-size: 1.6rem;\n        }\n\n        .format-list {\n            list-style: none;\n            padding: 0;\n            margin: 0;\n        }\n\n        .format-item {\n            display: flex;\n            align-items: flex-start;\n            margin-bottom: 0.85rem;\n        }\n\n        .format-check {\n            color: var(--primary-color);\n            margin-right: 0.75rem;\n            flex-shrink: 0;\n            margin-top: 0.2rem;\n        }\n\n        .format-text {\n            font-size: 0.95rem;\n            color: #555;\n            line-height: 1.5;\n        }\n\n        \/* How It Works Section *\/\n        .how-it-works-section {\n            margin-bottom: 4rem;\n        }\n\n        .steps-container {\n            max-width: 900px;\n            margin: 0 auto;\n        }\n\n        .step-card {\n            display: flex;\n            align-items: flex-start;\n            background: white;\n            border-radius: 16px;\n            padding: 2rem;\n            box-shadow: var(--box-shadow);\n            margin-bottom: 2rem;\n            border: 1px solid var(--border-color);\n            transition: all 0.3s ease;\n        }\n\n        .step-card:hover {\n            transform: translateY(-5px);\n            box-shadow: var(--hover-shadow);\n            border-color: rgba(253, 152, 0, 0.3);\n        }\n\n        .step-number {\n            width: 50px;\n            height: 50px;\n            background-color: rgba(253, 152, 0, 0.15);\n            color: var(--primary-color);\n            border-radius: 50%;\n            display: flex;\n            align-items: center;\n            justify-content: center;\n            font-size: 1.5rem;\n            font-weight: 700;\n            margin-right: 1.5rem;\n            flex-shrink: 0;\n            transition: all 0.3s ease;\n        }\n\n        .step-card:hover .step-number {\n            background: linear-gradient(135deg, #FD9800 0%, #FF6D00 100%);\n            color: white;\n            box-shadow: 0 10px 20px rgba(253, 152, 0, 0.2);\n        }\n\n        .step-content {\n            flex: 1;\n        }\n\n        .step-title {\n            font-size: 1.4rem;\n            font-weight: 700;\n            margin-bottom: 0.75rem;\n            color: var(--text-color);\n        }\n\n        .step-text {\n            font-size: 1rem;\n            color: #555;\n            line-height: 1.6;\n        }\n\n        \/* Use Cases Section *\/\n        .use-cases-section {\n            margin-bottom: 4rem;\n            background: var(--light-bg);\n            border-radius: 16px;\n            padding: 3rem 2rem;\n        }\n\n        .use-cases-grid {\n            display: grid;\n            grid-template-columns: repeat(auto-fit, minmax(300px, 1fr));\n            gap: 2rem;\n            margin-top: 2rem;\n        }\n\n        .use-case-card {\n            background: white;\n            border-radius: 16px;\n            padding: 1.5rem;\n            box-shadow: var(--box-shadow);\n            transition: all 0.3s ease;\n            border: 1px solid var(--border-color);\n            height: 100%;\n        }\n\n        .use-case-card:hover {\n            transform: translateY(-5px);\n            box-shadow: var(--hover-shadow);\n            border-color: rgba(253, 152, 0, 0.3);\n        }\n\n        .use-case-icon {\n            color: var(--primary-color);\n            font-size: 2rem;\n            margin-bottom: 1rem;\n        }\n\n        .use-case-title {\n            font-size: 1.3rem;\n            font-weight: 700;\n            margin-bottom: 1rem;\n            color: var(--text-color);\n        }\n\n        .use-case-text {\n            font-size: 0.95rem;\n            color: #555;\n            line-height: 1.6;\n        }\n\n        \/* FAQ Section *\/\n        .faq-section {\n            margin-bottom: 4rem;\n        }\n\n        .faq-container {\n            max-width: 900px;\n            margin: 0 auto;\n        }\n\n        .faq-item {\n            background: white;\n            border-radius: 16px;\n            padding: 1.5rem 2rem;\n            box-shadow: var(--box-shadow);\n            margin-bottom: 1.5rem;\n            border: 1px solid var(--border-color);\n            transition: all 0.3s ease;\n        }\n\n        .faq-item:hover {\n            transform: translateY(-3px);\n            box-shadow: var(--hover-shadow);\n            border-color: rgba(253, 152, 0, 0.3);\n        }\n\n        .faq-question {\n            font-size: 1.2rem;\n            font-weight: 700;\n            margin-bottom: 1rem;\n            color: var(--text-color);\n            display: flex;\n            align-items: center;\n        }\n\n        .faq-icon {\n            color: var(--primary-color);\n            margin-right: 0.75rem;\n            font-size: 1.2rem;\n        }\n\n        .faq-answer {\n            font-size: 1rem;\n            color: #555;\n            line-height: 1.6;\n        }\n\n        \/* Technical Details Section *\/\n        .technical-details-section {\n            margin-bottom: 4rem;\n        }\n\n        .technical-details-grid {\n            display: grid;\n            grid-template-columns: repeat(auto-fit, minmax(300px, 1fr));\n            gap: 2rem;\n        }\n\n        .tech-detail-card {\n            background: white;\n            border-radius: 16px;\n            padding: 1.5rem;\n            box-shadow: var(--box-shadow);\n            transition: all 0.3s ease;\n            border: 1px solid var(--border-color);\n        }\n\n        .tech-detail-card:hover {\n            transform: translateY(-5px);\n            box-shadow: var(--hover-shadow);\n            border-color: rgba(253, 152, 0, 0.3);\n        }\n\n        .tech-detail-title {\n            font-size: 1.3rem;\n            font-weight: 700;\n            margin-bottom: 1rem;\n            color: var(--text-color);\n            display: flex;\n            align-items: center;\n        }\n\n        .tech-detail-icon {\n            color: var(--primary-color);\n            margin-right: 0.75rem;\n            font-size: 1.3rem;\n        }\n\n        .tech-detail-text {\n            font-size: 0.95rem;\n            color: #555;\n            line-height: 1.6;\n        }\n\n        \/* Security Section *\/\n        .security-section {\n            margin-bottom: 4rem;\n            background: var(--light-bg);\n            border-radius: 16px;\n            padding: 3rem 2rem;\n        }\n\n        .security-features {\n            display: grid;\n            grid-template-columns: repeat(auto-fit, minmax(300px, 1fr));\n            gap: 2rem;\n            margin-top: 2rem;\n        }\n\n        .security-card {\n            background: white;\n            border-radius: 16px;\n            padding: 1.5rem;\n            box-shadow: var(--box-shadow);\n            transition: all 0.3s ease;\n            border: 1px solid var(--border-color);\n        }\n\n        .security-card:hover {\n            transform: translateY(-5px);\n            box-shadow: var(--hover-shadow);\n            border-color: rgba(253, 152, 0, 0.3);\n        }\n\n        .security-title {\n            font-size: 1.3rem;\n            font-weight: 700;\n            margin-bottom: 1rem;\n            color: var(--text-color);\n            display: flex;\n            align-items: center;\n        }\n\n        .security-icon {\n            color: var(--primary-color);\n            margin-right: 0.75rem;\n            font-size: 1.3rem;\n        }\n\n        .security-text {\n            font-size: 0.95rem;\n            color: #555;\n            line-height: 1.6;\n        }\n\n        \/* CTA Section *\/\n        .cta-section {\n            text-align: center;\n            padding: 3rem 1rem;\n            background: var(--gradient-bg);\n            border-radius: 16px;\n            position: relative;\n            overflow: hidden;\n            margin-bottom: 2rem;\n        }\n\n        .cta-pattern {\n            position: absolute;\n            top: 0;\n            left: 0;\n            right: 0;\n            bottom: 0;\n            background-image: url(\"data:image\/svg+xml,%3Csvg width='60' height='60' viewBox='0 0 60 60' xmlns='http:\/\/www.w3.org\/2000\/svg'%3E%3Cg fill='none' fill-rule='evenodd'%3E%3Cg fill='%23fd9800' fill-opacity='0.05'%3E%3Cpath d='M36 34v-4h-2v4h-4v2h4v4h2v-4h4v-2h-4zm0-30V0h-2v4h-4v2h4v4h2V6h4V4h-4zM6 34v-4H4v4H0v2h4v4h2v-4h4v-2H6zM6 4V0H4v4H0v2h4v4h2V6h4V4H6z'\/%3E%3C\/g%3E%3C\/g%3E%3C\/svg%3E\");\n            opacity: 0.5;\n            z-index: 0;\n        }\n\n        .cta-content {\n            position: relative;\n            z-index: 1;\n            max-width: 800px;\n            margin: 0 auto;\n        }\n\n        .cta-title {\n            font-size: 2.2rem;\n            font-weight: 700;\n            margin-bottom: 1.5rem;\n            color: var(--text-color);\n        }\n\n        .cta-text {\n            font-size: 1.1rem;\n            margin-bottom: 2rem;\n            color: #555;\n            line-height: 1.6;\n        }\n\n        \/* Guide-specific Styles *\/\n        .guide-content {\n            background: white;\n            border-radius: 16px;\n            padding: 2rem;\n            margin-bottom: 2rem;\n            box-shadow: var(--box-shadow);\n            border: 1px solid var(--border-color);\n        }\n\n        .guide-section-title {\n            font-size: 1.6rem;\n            font-weight: 700;\n            color: var(--text-color);\n            margin-bottom: 1rem;\n        }\n\n        .guide-text {\n            font-size: 1rem;\n            color: #555;\n            line-height: 1.8;\n            margin-bottom: 1rem;\n        }\n\n        .guide-list {\n            list-style: none;\n            padding: 0;\n            margin: 1rem 0;\n        }\n\n        .guide-list-item {\n            display: flex;\n            align-items: flex-start;\n            margin-bottom: 0.75rem;\n            padding-left: 1.5rem;\n            position: relative;\n        }\n\n        .guide-list-item::before {\n            content: \"\u2022\";\n            color: var(--primary-color);\n            font-weight: bold;\n            position: absolute;\n            left: 0;\n        }\n\n        \/* Responsive Styles *\/\n        @media (max-width: 768px) {\n            .hero-title {\n                font-size: 2.2rem;\n            }\n\n            .section-title {\n                font-size: 1.8rem;\n            }\n\n            .cta-title {\n                font-size: 1.8rem;\n            }\n\n            .features-grid {\n                grid-template-columns: 1fr;\n                max-width: 500px;\n                margin: 0 auto;\n            }\n\n            .step-card {\n                flex-direction: column;\n                align-items: flex-start;\n            }\n\n            .step-number {\n                margin-bottom: 1rem;\n                margin-right: 0;\n            }\n        }\n\n        @media (max-width: 480px) {\n            .hero-title {\n                font-size: 1.8rem;\n            }\n\n            .hero-subtitle {\n                font-size: 1.1rem;\n            }\n\n            .section-title {\n                font-size: 1.6rem;\n            }\n\n            .feature-content {\n                padding: 1.5rem;\n            }\n\n            .step-card {\n                padding: 1.5rem;\n            }\n\n            .faq-item {\n                padding: 1.25rem;\n            }\n        }\n\n        \/* Button text should never be underlined *\/\n        .btn:hover, .btn:focus, .btn:active {\n            text-decoration: none !important;\n        }\n    <\/style>\n<\/head>\n<body>\n    <div class=\"converter-section\">\n        <!-- Hero Section -->\n        <section class=\"hero-section\">\n            <div class=\"hero-pattern\"><\/div>\n            <div class=\"hero-content\">\n                <h1 class=\"hero-title\">P\u0159evodn\u00edk AVIF na ICO<\/h1>\n                <p class=\"hero-subtitle\">Transformujte modern\u00ed obrazy AVIF do form\u00e1tu Windows ICO pro ikony aplikac\u00ed, z\u00e1stupce na plo\u0161e a syst\u00e9movou integraci. Ide\u00e1ln\u00ed pro v\u00fdvoj\u00e1\u0159e, kte\u0159\u00ed pot\u0159ebuj\u00ed p\u0159ev\u00e9st vysoce kvalitn\u00ed grafiku AVIF do soubor\u016f ikon kompatibiln\u00edch s Windows.<\/p>\n\n                <div class=\"hero-badges\">\n                    <div class=\"hero-badge\">\n                        <span class=\"hero-badge-icon\"><i class=\"fas fa-desktop\"><\/i><\/span>\n                        <span class=\"hero-badge-text\">100% offline<\/span>\n                    <\/div>\n                    <div class=\"hero-badge\">\n                        <span class=\"hero-badge-icon\"><i class=\"fas fa-infinity\"><\/i><\/span>\n                        <span class=\"hero-badge-text\">Neomezen\u00e9 konverze<\/span>\n                    <\/div>\n                    <div class=\"hero-badge\">\n                        <span class=\"hero-badge-icon\"><i class=\"fas fa-shield-alt\"><\/i><\/span>\n                        <span class=\"hero-badge-text\">Soukrom\u00e9 a bezpe\u010dn\u00e9<\/span>\n                    <\/div>\n                    <div class=\"hero-badge\">\n                        <span class=\"hero-badge-icon\"><i class=\"fas fa-bolt\"><\/i><\/span>\n                        <span class=\"hero-badge-text\">Bleskov\u011b rychl\u00fd<\/span>\n                    <\/div>\n                <\/div>\n\n                <div class=\"hero-buttons\">\n                    <a href=\"\/download\" class=\"btn btn-primary\">St\u00e1hnout zdarma<\/a>\n                    <a href=\"#how-it-works\" class=\"btn btn-secondary\">Dal\u0161\u00ed informace<\/a>\n                <\/div>\n            <\/div>\n        <\/section>\n\n\n        <!-- Features Section -->\n        <section class=\"features-section\">\n            <h2 class=\"section-title\">Pro\u010d zvolit Konvertovat pro konverzi AVIF na ICO?<\/h2>\n\n            <div class=\"features-grid\">\n                <div class=\"feature-card\">\n                    <div class=\"feature-content\">\n                        <div class=\"feature-icon\">\n                            <i class=\"fas fa-bolt\"><\/i>\n                        <\/div>\n                        <h3 class=\"feature-title\">Bleskov\u011b rychl\u00e9 m\u00edstn\u00ed zpracov\u00e1n\u00ed<\/h3>\n                        <p class=\"feature-text\">P\u0159eve\u010fte obr\u00e1zky AVIF do form\u00e1tu ICO okam\u017eit\u011b na po\u010d\u00edta\u010di se syst\u00e9mem Windows bez p\u0159ipojen\u00ed k internetu. N\u00e1\u0161 optimalizovan\u00fd procesor zpracov\u00e1v\u00e1 komplexn\u00ed dek\u00f3dov\u00e1n\u00ed AV1 a k\u00f3dov\u00e1n\u00ed ICO ve v\u00edce rozli\u0161en\u00edch b\u011bhem n\u011bkolika sekund.<\/p>\n                        <ul class=\"feature-list\">\n                            <li class=\"feature-item\">\n                                <span class=\"feature-check\"><i class=\"fas fa-check-circle\"><\/i><\/span>\n                                <span class=\"feature-item-text\">Optimalizace v\u00edcej\u00e1drov\u00e9ho procesoru pro okam\u017eit\u00e9 konverze<\/span>\n                            <\/li>\n                            <li class=\"feature-item\">\n                                <span class=\"feature-check\"><i class=\"fas fa-check-circle\"><\/i><\/span>\n                                <span class=\"feature-item-text\">Zpracujte soubory libovoln\u00e9 velikosti bez omezen\u00ed nahr\u00e1v\u00e1n\u00ed<\/span>\n                            <\/li>\n                            <li class=\"feature-item\">\n                                <span class=\"feature-check\"><i class=\"fas fa-check-circle\"><\/i><\/span>\n                                <span class=\"feature-item-text\">Pracuje zcela offline pro maxim\u00e1ln\u00ed rychlost<\/span>\n                            <\/li>\n                        <\/ul>\n                    <\/div>\n                <\/div>\n                <div class=\"feature-card\">\n                    <div class=\"feature-content\">\n                        <div class=\"feature-icon\">\n                            <i class=\"fas fa-shield-alt\"><\/i>\n                        <\/div>\n                        <h3 class=\"feature-title\">Kompletn\u00ed ochrana soukrom\u00ed<\/h3>\n                        <p class=\"feature-text\">Va\u0161e soubory AVIF nikdy neopust\u00ed v\u00e1\u0161 po\u010d\u00edta\u010d b\u011bhem p\u0159evodu do form\u00e1tu ICO. Ve\u0161ker\u00e9 zpracov\u00e1n\u00ed prob\u00edh\u00e1 lok\u00e1ln\u011b, co\u017e zaji\u0161\u0165uje, \u017ee va\u0161e sn\u00edmky z\u016fstanou zcela soukrom\u00e9 a zabezpe\u010den\u00e9 p\u0159ed jak\u00fdmkoli extern\u00edm p\u0159\u00edstupem.<\/p>\n                        <ul class=\"feature-list\">\n                            <li class=\"feature-item\">\n                                <span class=\"feature-check\"><i class=\"fas fa-check-circle\"><\/i><\/span>\n                                <span class=\"feature-item-text\">100% offline zpracov\u00e1n\u00ed \u2013 \u017e\u00e1dn\u00e9 nahr\u00e1v\u00e1n\u00ed do cloudu<\/span>\n                            <\/li>\n                            <li class=\"feature-item\">\n                                <span class=\"feature-check\"><i class=\"fas fa-check-circle\"><\/i><\/span>\n                                <span class=\"feature-item-text\">Soubory zpracovan\u00e9 v\u00fdhradn\u011b ve va\u0161em za\u0159\u00edzen\u00ed<\/span>\n                            <\/li>\n                            <li class=\"feature-item\">\n                                <span class=\"feature-check\"><i class=\"fas fa-check-circle\"><\/i><\/span>\n                                <span class=\"feature-item-text\">Automatick\u00e9 \u010di\u0161t\u011bn\u00ed do\u010dasn\u00fdch konverzn\u00edch soubor\u016f<\/span>\n                            <\/li>\n                        <\/ul>\n                    <\/div>\n                <\/div>\n                <div class=\"feature-card\">\n                    <div class=\"feature-content\">\n                        <div class=\"feature-icon\">\n                            <i class=\"fas fa-layers\"><\/i>\n                        <\/div>\n                        <h3 class=\"feature-title\">Multi-Size generace ICO<\/h3>\n                        <p class=\"feature-text\">Automaticky generuje soubory ICO s v\u00edce rozli\u0161en\u00edmi ze zdrojov\u00e9ho obrazu AVIF. Vytv\u00e1\u0159\u00ed standardn\u00ed velikosti ikon Windows v\u010detn\u011b 16&#215;16, 32&#215;32, 48&#215;48 a 256&#215;256 pixel\u016f v jedin\u00e9m souboru ICO.<\/p>\n                        <ul class=\"feature-list\">\n                            <li class=\"feature-item\">\n                                <span class=\"feature-check\"><i class=\"fas fa-check-circle\"><\/i><\/span>\n                                <span class=\"feature-item-text\">V\u00edce velikost\u00ed ikon v jednom souboru ICO<\/span>\n                            <\/li>\n                            <li class=\"feature-item\">\n                                <span class=\"feature-check\"><i class=\"fas fa-check-circle\"><\/i><\/span>\n                                <span class=\"feature-item-text\">Optimalizovan\u00e9 \u0161k\u00e1lov\u00e1n\u00ed z kvality zdroje AVIF<\/span>\n                            <\/li>\n                            <li class=\"feature-item\">\n                                <span class=\"feature-check\"><i class=\"fas fa-check-circle\"><\/i><\/span>\n                                <span class=\"feature-item-text\">Podpora standardn\u00edho rozli\u0161en\u00ed Windows<\/span>\n                            <\/li>\n                        <\/ul>\n                    <\/div>\n                <\/div>\n            <\/div>\n        <\/section>\n\n\n        <!-- Why Convert Section -->\n        <section class=\"why-convert-section\">\n            <h2 class=\"section-title\">Pro\u010d p\u0159ev\u00e9st AVIF na ICO?<\/h2>\n\n            <div class=\"comparison-grid\">\n                <div class=\"format-card\">\n                    <h3 class=\"format-title\">\n                        <span class=\"format-icon\"><i class=\"fas fa-file-video\"><\/i><\/span>\n                        Form\u00e1t AVIF\n                    <\/h3>\n                    <ul class=\"format-list\">\n                        <li class=\"format-item\">\n                            <span class=\"format-check\"><i class=\"fas fa-check-circle\"><\/i><\/span>\n                            <span class=\"format-text\">Vynikaj\u00edc\u00ed \u00fa\u010dinnost komprese pomoc\u00ed technologie kodeku AV1<\/span>\n                        <\/li>\n                        <li class=\"format-item\">\n                            <span class=\"format-check\"><i class=\"fas fa-check-circle\"><\/i><\/span>\n                            <span class=\"format-text\">Vynikaj\u00edc\u00ed kvalita obrazu s podporou HDR a \u0161irok\u00e9ho barevn\u00e9ho gamutu<\/span>\n                        <\/li>\n                        <li class=\"format-item\">\n                            <span class=\"format-check\"><i class=\"fas fa-check-circle\"><\/i><\/span>\n                            <span class=\"format-text\">Modern\u00ed form\u00e1t s pokro\u010dil\u00fdmi funkcemi, jako je pr\u016fhlednost<\/span>\n                        <\/li>\n                        <li class=\"format-item\">\n                            <span class=\"format-check\"><i class=\"fas fa-times-circle\"><\/i><\/span>\n                            <span class=\"format-text\">Omezen\u00e1 podpora ve star\u0161\u00edch aplikac\u00edch a prohl\u00ed\u017ee\u010d\u00edch Windows<\/span>\n                        <\/li>\n                        <li class=\"format-item\">\n                            <span class=\"format-check\"><i class=\"fas fa-times-circle\"><\/i><\/span>\n                            <span class=\"format-text\">Nelze pou\u017e\u00edt p\u0159\u00edmo jako ikony aplikac\u00ed Windows<\/span>\n                        <\/li>\n                    <\/ul>\n                <\/div>\n\n                <div class=\"format-card\">\n                    <h3 class=\"format-title\">\n                        <span class=\"format-icon\"><i class=\"fas fa-file-video\"><\/i><\/span>\n                        Form\u00e1t ICO\n                    <\/h3>\n                    <ul class=\"format-list\">\n                        <li class=\"format-item\">\n                            <span class=\"format-check\"><i class=\"fas fa-check-circle\"><\/i><\/span>\n                            <span class=\"format-text\">Nativn\u00ed form\u00e1t ikon Windows podporovan\u00fd v\u0161emi verzemi Windows<\/span>\n                        <\/li>\n                        <li class=\"format-item\">\n                            <span class=\"format-check\"><i class=\"fas fa-check-circle\"><\/i><\/span>\n                            <span class=\"format-text\">Obsahuje v\u00edce rozli\u0161en\u00ed v jednom souboru pro r\u016fzn\u00e9 kontexty zobrazen\u00ed<\/span>\n                        <\/li>\n                        <li class=\"format-item\">\n                            <span class=\"format-check\"><i class=\"fas fa-check-circle\"><\/i><\/span>\n                            <span class=\"format-text\">Ide\u00e1ln\u00ed pro ikony aplikac\u00ed, z\u00e1stupce a integraci syst\u00e9mu<\/span>\n                        <\/li>\n                        <li class=\"format-item\">\n                            <span class=\"format-check\"><i class=\"fas fa-check-circle\"><\/i><\/span>\n                            <span class=\"format-text\">\u0160irok\u00e1 podpora v\u00fdvojov\u00fdmi n\u00e1stroji a IDE<\/span>\n                        <\/li>\n                        <li class=\"format-item\">\n                            <span class=\"format-check\"><i class=\"fas fa-check-circle\"><\/i><\/span>\n                            <span class=\"format-text\">Mal\u00e9 velikosti soubor\u016f optimalizovan\u00e9 pro v\u00fdkon syst\u00e9mu<\/span>\n                        <\/li>\n                    <\/ul>\n                <\/div>\n            <\/div>\n        <\/section>\n\n\n        <!-- Technical Details Section -->\n        <section class=\"technical-details-section\">\n            <h2 class=\"section-title\">Technick\u00e9 detaily<\/h2>\n\n            <div class=\"technical-details-grid\">\n                <div class=\"tech-detail-card\">\n                    <h3 class=\"tech-detail-title\">\n                        <span class=\"tech-detail-icon\"><i class=\"fas fa-cog\"><\/i><\/span>\n                        Konverze AV1 na bitmapu\n                    <\/h3>\n                    <p class=\"tech-detail-text\">Dek\u00f3duje obrazov\u00e1 data komprimovan\u00e1 AVIF AV1 a p\u0159ev\u00e1d\u00ed je do nekomprimovan\u00e9ho bitmapov\u00e9ho form\u00e1tu vhodn\u00e9ho pro kontejnery ICO. Zvl\u00e1d\u00e1 8bitov\u00e9 a 10bitov\u00e9 barevn\u00e9 hloubky p\u0159i zachov\u00e1n\u00ed informac\u00ed o pr\u016fhlednosti alfa kan\u00e1lu.<\/p>\n                <\/div>\n                <div class=\"tech-detail-card\">\n                    <h3 class=\"tech-detail-title\">\n                        <span class=\"tech-detail-icon\"><i class=\"fas fa-expand-arrows-alt\"><\/i><\/span>\n                        \u0160k\u00e1lov\u00e1n\u00ed ve v\u00edce rozli\u0161en\u00edch\n                    <\/h3>\n                    <p class=\"tech-detail-text\">Generuje n\u011bkolik velikost\u00ed ikon ze zdrojov\u00e9ho obrazu AVIF pomoc\u00ed vysoce kvalitn\u00edch p\u0159evzorkovac\u00edch algoritm\u016f. Vytv\u00e1\u0159\u00ed verze 16&#215;16, 32&#215;32, 48&#215;48 a 256&#215;256 pixel\u016f, co\u017e zaji\u0161\u0165uje ostr\u00e9 zobrazen\u00ed p\u0159i jak\u00e9koli velikosti ikony Windows.<\/p>\n                <\/div>\n                <div class=\"tech-detail-card\">\n                    <h3 class=\"tech-detail-title\">\n                        <span class=\"tech-detail-icon\"><i class=\"fas fa-palette\"><\/i><\/span>\n                        Optimalizace barevn\u00e9ho prostoru\n                    <\/h3>\n                    <p class=\"tech-detail-text\">P\u0159ev\u00e1d\u00ed \u0161irok\u00fd barevn\u00fd gamut AVIF na barevn\u00fd prostor sRGB pro maxim\u00e1ln\u00ed kompatibilitu Windows. Zachov\u00e1v\u00e1 p\u0159esnost barev a z\u00e1rove\u0148 zaji\u0161\u0165uje konzistentn\u00ed vzhled v r\u016fzn\u00fdch syst\u00e9mech Windows a konfigurac\u00edch zobrazen\u00ed.<\/p>\n                <\/div>\n            <\/div>\n        <\/section>\n\n\n        <!-- How It Works Section -->\n        <section id=\"how-it-works\" class=\"how-it-works-section\">\n            <h2 class=\"section-title\">Jak p\u0159ev\u00e9st AVIF na ICO<\/h2>\n\n            <div class=\"steps-container\">\n                <div class=\"step-card\">\n                    <div class=\"step-number\">1<\/div>\n                    <div class=\"step-content\">\n                        <h3 class=\"step-title\">St\u00e1hnout a nainstalovat<\/h3>\n                        <p class=\"step-text\">St\u00e1hn\u011bte si Convertify zdarma a nainstalujte jej do po\u010d\u00edta\u010de se syst\u00e9mem Windows. Nevy\u017eaduje se \u017e\u00e1dn\u00fd \u00fa\u010det ani registrace.<\/p>\n                    <\/div>\n                <\/div>\n                <div class=\"step-card\">\n                    <div class=\"step-number\">2<\/div>\n                    <div class=\"step-content\">\n                        <h3 class=\"step-title\">P\u0159idejte sv\u00e9 soubory AVIF<\/h3>\n                        <p class=\"step-text\">P\u0159et\u00e1hn\u011bte soubory AVIF do aplikace Convertify nebo je vyberte pomoc\u00ed prohl\u00ed\u017ee\u010de soubor\u016f.<\/p>\n                    <\/div>\n                <\/div>\n                <div class=\"step-card\">\n                    <div class=\"step-number\">3<\/div>\n                    <div class=\"step-content\">\n                        <h3 class=\"step-title\">Vyberte ICO Output<\/h3>\n                        <p class=\"step-text\">Jako v\u00fdstupn\u00ed form\u00e1t zvolte ICO. V p\u0159\u00edpad\u011b pot\u0159eby upravte nastaven\u00ed kvality.<\/p>\n                    <\/div>\n                <\/div>\n                <div class=\"step-card\">\n                    <div class=\"step-number\">4<\/div>\n                    <div class=\"step-content\">\n                        <h3 class=\"step-title\">P\u0159ev\u00e9st a ulo\u017eit<\/h3>\n                        <p class=\"step-text\">Klikn\u011bte na P\u0159ev\u00e9st a va\u0161e soubory budou okam\u017eit\u011b zpracov\u00e1ny. Ulo\u017ete si je kamkoli do po\u010d\u00edta\u010de.<\/p>\n                    <\/div>\n                <\/div>\n            <\/div>\n        <\/section>\n\n\n        <!-- Use Cases Section -->\n        <section class=\"use-cases-section\">\n            <h2 class=\"section-title\">Kdy pou\u017e\u00edt konverzi AVIF na ICO<\/h2>\n\n            <div class=\"use-cases-grid\">\n                <div class=\"use-case-card\">\n                    <div class=\"use-case-icon\"><i class=\"fas fa-desktop\"><\/i><\/div>\n                    <h3 class=\"use-case-title\">V\u00fdvoj aplikac\u00ed<\/h3>\n                    <p class=\"use-case-text\">P\u0159eve\u010fte grafiku AVIF do form\u00e1tu ICO pro ikony aplikac\u00ed Windows. Nezbytn\u00e9 pro v\u00fdvoj\u00e1\u0159e, kte\u0159\u00ed dost\u00e1vaj\u00ed modern\u00ed n\u00e1vrhy AVIF, ale pro sv\u00e9 softwarov\u00e9 projekty pot\u0159ebuj\u00ed tradi\u010dn\u00ed soubory ICO.<\/p>\n                <\/div>\n                <div class=\"use-case-card\">\n                    <div class=\"use-case-icon\"><i class=\"fas fa-folder\"><\/i><\/div>\n                    <h3 class=\"use-case-title\">Vlastn\u00ed ikony slo\u017eek<\/h3>\n                    <p class=\"use-case-text\">Transformujte obr\u00e1zky AVIF do soubor\u016f ICO pro personalizovan\u00e9 ikony slo\u017eek Windows. Ide\u00e1ln\u00ed pro organizaci va\u0161eho syst\u00e9mu soubor\u016f pomoc\u00ed vlastn\u00edch vizu\u00e1ln\u00edch identifik\u00e1tor\u016f, kter\u00e9 odpov\u00eddaj\u00ed va\u0161im estetick\u00fdm preferenc\u00edm.<\/p>\n                <\/div>\n                <div class=\"use-case-card\">\n                    <div class=\"use-case-icon\"><i class=\"fas fa-link\"><\/i><\/div>\n                    <h3 class=\"use-case-title\">Zkratky na plo\u0161e<\/h3>\n                    <p class=\"use-case-text\">Vytv\u00e1\u0159ejte vlastn\u00ed soubory ICO z obraz\u016f AVIF pro z\u00e1stupce na plo\u0161e syst\u00e9mu Windows. Ide\u00e1ln\u00ed k tomu, aby va\u0161e \u010dasto pou\u017e\u00edvan\u00e9 aplikace a soubory m\u011bly charakteristick\u00e9, vysoce kvalitn\u00ed reprezentace ikon.<\/p>\n                <\/div>\n                <div class=\"use-case-card\">\n                    <div class=\"use-case-icon\"><i class=\"fas fa-gamepad\"><\/i><\/div>\n                    <h3 class=\"use-case-title\">V\u00fdvoj her<\/h3>\n                    <p class=\"use-case-text\">P\u0159eve\u010fte kresbu AVIF do form\u00e1tu ICO pro v\u00fdvoj nez\u00e1visl\u00fdch her. U\u017eite\u010dn\u00e9, kdy\u017e m\u00e1te vysoce kvalitn\u00ed grafiku AVIF, kter\u00e1 se mus\u00ed st\u00e1t hern\u00edmi ikonami kompatibiln\u00edmi s Windows a grafikou spou\u0161t\u011b\u010de.<\/p>\n                <\/div>\n                <div class=\"use-case-card\">\n                    <div class=\"use-case-icon\"><i class=\"fas fa-tools\"><\/i><\/div>\n                    <h3 class=\"use-case-title\">Spr\u00e1va syst\u00e9mu<\/h3>\n                    <p class=\"use-case-text\">Transformujte obrazy AVIF do form\u00e1tu ICO pro vlastn\u00ed syst\u00e9mov\u00e9 n\u00e1stroje a utility. Ide\u00e1ln\u00ed pro IT profesion\u00e1ly, kte\u0159\u00ed pot\u0159ebuj\u00ed vytv\u00e1\u0159et rozpoznateln\u00e9 ikony pro intern\u00ed aplikace a skripty.<\/p>\n                <\/div>\n                <div class=\"use-case-card\">\n                    <div class=\"use-case-icon\"><i class=\"fas fa-paint-brush\"><\/i><\/div>\n                    <h3 class=\"use-case-title\">Pracovn\u00ed postup n\u00e1vrhu<\/h3>\n                    <p class=\"use-case-text\">P\u0159eve\u010fte modern\u00ed n\u00e1vrhy AVIF do form\u00e1tu ICO pro klientsk\u00e9 dod\u00e1vky. Nezbytn\u00e9 pro grafick\u00e9 design\u00e9ry pracuj\u00edc\u00ed se \u0161pi\u010dkov\u00fdmi form\u00e1ty, kte\u0159\u00ed pot\u0159ebuj\u00ed poskytovat tradi\u010dn\u00ed soubory ikon kompatibiln\u00ed s Windows.<\/p>\n                <\/div>\n            <\/div>\n        <\/section>\n\n\n        <!-- Security Section -->\n        <section class=\"security-section\">\n            <h2 class=\"section-title\">Va\u0161e soukrom\u00ed je chr\u00e1n\u011bno<\/h2>\n\n            <div class=\"security-features\">\n                <div class=\"security-card\">\n                    <h3 class=\"security-title\">\n                        <span class=\"security-icon\"><i class=\"fas fa-lock\"><\/i><\/span>\n                        100% offline\n                    <\/h3>\n                    <p class=\"security-text\">V\u0161echny p\u0159evody prob\u00edhaj\u00ed lok\u00e1ln\u011b na va\u0161em po\u010d\u00edta\u010di. Va\u0161e soubory nikdy neopust\u00ed va\u0161e za\u0159\u00edzen\u00ed a nikdy nejsou nahr\u00e1ny na \u017e\u00e1dn\u00fd server.<\/p>\n                <\/div>\n                <div class=\"security-card\">\n                    <h3 class=\"security-title\">\n                        <span class=\"security-icon\"><i class=\"fas fa-user-shield\"><\/i><\/span>\n                        Nen\u00ed vy\u017eadov\u00e1n \u017e\u00e1dn\u00fd \u00fa\u010det\n                    <\/h3>\n                    <p class=\"security-text\">Za\u010dn\u011bte okam\u017eit\u011b p\u0159ev\u00e1d\u011bt, ani\u017e byste si museli vytv\u00e1\u0159et \u00fa\u010det, poskytovat osobn\u00ed \u00fadaje nebo se k \u010demukoli p\u0159ihla\u0161ovat.<\/p>\n                <\/div>\n                <div class=\"security-card\">\n                    <h3 class=\"security-title\">\n                        <span class=\"security-icon\"><i class=\"fas fa-trash-alt\"><\/i><\/span>\n                        Automatick\u00e9 \u010di\u0161t\u011bn\u00ed\n                    <\/h3>\n                    <p class=\"security-text\">Do\u010dasn\u00e9 soubory jsou po p\u0159evodu bezpe\u010dn\u011b odstran\u011bny. Va\u0161e p\u016fvodn\u00ed soubory z\u016fstanou zcela nedot\u010deny, pokud nezvol\u00edte jinak.<\/p>\n                <\/div>\n            <\/div>\n        <\/section>\n\n\n        <!-- FAQ Section -->\n        <section class=\"faq-section\">\n            <h2 class=\"section-title\">\u010casto kladen\u00e9 ot\u00e1zky<\/h2>\n\n            <div class=\"faq-container\">\n                <div class=\"faq-item\">\n                    <h3 class=\"faq-question\">\n                        <span class=\"faq-icon\"><i class=\"fas fa-question-circle\"><\/i><\/span>\n                        Pro\u010d bych m\u011bl p\u0159ev\u00e1d\u011bt AVIF do form\u00e1tu ICO?\n                    <\/h3>\n                    <div class=\"faq-answer\">\n                        <p>AVIF je modern\u00ed form\u00e1t obr\u00e1zk\u016f, kter\u00fd nelze pou\u017e\u00edt p\u0159\u00edmo jako ikony Windows. P\u0159evod do form\u00e1tu ICO v\u00e1m umo\u017e\u0148uje pou\u017e\u00edvat vysoce kvalitn\u00ed grafiku AVIF jako ikony aplikac\u00ed, z\u00e1stupce na plo\u0161e a ikony slo\u017eek, kter\u00e9 syst\u00e9m Windows dok\u00e1\u017ee spr\u00e1vn\u011b zobrazit a rozpoznat.<\/p>\n                    <\/div>\n                <\/div>\n                <div class=\"faq-item\">\n                    <h3 class=\"faq-question\">\n                        <span class=\"faq-icon\"><i class=\"fas fa-question-circle\"><\/i><\/span>\n                        Jak\u00e9 velikosti ikon se vytv\u00e1\u0159ej\u00ed p\u0159i p\u0159evodu AVIF na ICO?\n                    <\/h3>\n                    <div class=\"faq-answer\">\n                        <p>P\u0159evod automaticky vygeneruje n\u011bkolik standardn\u00edch velikost\u00ed ikon Windows, v\u010detn\u011b 16&#215;16, 32&#215;32, 48&#215;48 a 256&#215;256 pixel\u016f. V\u0161echny velikosti jsou vlo\u017eeny do jedin\u00e9ho souboru ICO, co\u017e syst\u00e9mu Windows umo\u017e\u0148uje pou\u017e\u00edvat vhodn\u00e9 rozli\u0161en\u00ed pro r\u016fzn\u00e9 kontexty zobrazen\u00ed.<\/p>\n                    <\/div>\n                <\/div>\n                <div class=\"faq-item\">\n                    <h3 class=\"faq-question\">\n                        <span class=\"faq-icon\"><i class=\"fas fa-question-circle\"><\/i><\/span>\n                        Zachov\u00e1 se pr\u016fhlednost v m\u00e9m obr\u00e1zku AVIF v souboru ICO?\n                    <\/h3>\n                    <div class=\"faq-answer\">\n                        <p>Ano, pr\u016fhlednost alfa kan\u00e1lu z va\u0161eho obrazu AVIF je zachov\u00e1na b\u011bhem p\u0159evodu do form\u00e1tu ICO. To zaji\u0161\u0165uje, \u017ee pr\u016fhledn\u00e9 pozad\u00ed a polopr\u016fhledn\u00e9 efekty z\u016fstanou v kone\u010dn\u00e9m souboru ikon Windows nedot\u010den\u00e9.<\/p>\n                    <\/div>\n                <\/div>\n                <div class=\"faq-item\">\n                    <h3 class=\"faq-question\">\n                        <span class=\"faq-icon\"><i class=\"fas fa-question-circle\"><\/i><\/span>\n                        Mohu p\u0159ev\u00e9st velk\u00e9 soubory AVIF do form\u00e1tu ICO?\n                    <\/h3>\n                    <div class=\"faq-answer\">\n                        <p>Ano, p\u0159i p\u0159evodu AVIF na ICO neexistuj\u00ed \u017e\u00e1dn\u00e1 omezen\u00ed velikosti souboru. Proto\u017ee jsou v\u0161ak soubory ICO optimalizov\u00e1ny pro mal\u00e9 velikosti ikon, proces p\u0159evodu zm\u011bn\u00ed velikost va\u0161eho obr\u00e1zku na standardn\u00ed rozm\u011bry ikony p\u0159i zachov\u00e1n\u00ed nejlep\u0161\u00ed mo\u017en\u00e9 kvality.<\/p>\n                    <\/div>\n                <\/div>\n                <div class=\"faq-item\">\n                    <h3 class=\"faq-question\">\n                        <span class=\"faq-icon\"><i class=\"fas fa-question-circle\"><\/i><\/span>\n                        Funguj\u00ed soubory ICO na v\u0161ech verz\u00edch Windows?\n                    <\/h3>\n                    <div class=\"faq-answer\">\n                        <p>Ano, ICO je nativn\u00ed form\u00e1t ikon Windows podporovan\u00fd v\u0161emi verzemi Windows od Windows 95 po Windows 11. Va\u0161e p\u0159eveden\u00e9 soubory budou bez probl\u00e9m\u016f fungovat v r\u016fzn\u00fdch syst\u00e9mech a aplikac\u00edch Windows.<\/p>\n                    <\/div>\n                <\/div>\n                <div class=\"faq-item\">\n                    <h3 class=\"faq-question\">\n                        <span class=\"faq-icon\"><i class=\"fas fa-question-circle\"><\/i><\/span>\n                        Jak funguje p\u0159evod barev z AVIF na ICO?\n                    <\/h3>\n                    <div class=\"faq-answer\">\n                        <p>Proces p\u0159evodu mapuje \u0161irok\u00fd barevn\u00fd gamut AVIF na barevn\u00fd prostor sRGB pou\u017e\u00edvan\u00fd soubory ICO. To zaji\u0161\u0165uje maxim\u00e1ln\u00ed kompatibilitu se syst\u00e9my Windows a z\u00e1rove\u0148 zachov\u00e1v\u00e1 p\u0159esnost barev v maxim\u00e1ln\u00ed mo\u017en\u00e9 m\u00ed\u0159e v r\u00e1mci omezen\u00ed form\u00e1tu ICO.<\/p>\n                    <\/div>\n                <\/div>\n                <div class=\"faq-item\">\n                    <h3 class=\"faq-question\">\n                        <span class=\"faq-icon\"><i class=\"fas fa-question-circle\"><\/i><\/span>\n                        Mohu pou\u017e\u00edt p\u0159eveden\u00e9 soubory ICO pro komer\u010dn\u00ed aplikace?\n                    <\/h3>\n                    <div class=\"faq-answer\">\n                        <p>Ano, p\u0159eveden\u00e9 soubory ICO lze pou\u017e\u00edt pro jak\u00fdkoli \u00fa\u010del, v\u010detn\u011b komer\u010dn\u00edch aplikac\u00ed. Proces p\u0159evodu nep\u0159id\u00e1v\u00e1 \u017e\u00e1dn\u00e1 omezen\u00ed \u2013 v\u0161echna pr\u00e1va k va\u0161emu p\u016fvodn\u00edmu obsahu AVIF v nov\u00e9m form\u00e1tu ICO v\u00e1m z\u016fst\u00e1vaj\u00ed zachov\u00e1na.<\/p>\n                    <\/div>\n                <\/div>\n                <div class=\"faq-item\">\n                    <h3 class=\"faq-question\">\n                        <span class=\"faq-icon\"><i class=\"fas fa-question-circle\"><\/i><\/span>\n                        Co se stane, kdy\u017e m\u016fj obr\u00e1zek AVIF nen\u00ed \u010dtvercov\u00fd?\n                    <\/h3>\n                    <div class=\"faq-answer\">\n                        <p>Ne\u010dtvercov\u00e9 obr\u00e1zky AVIF jsou automaticky zpracov\u00e1ny tak, aby odpov\u00eddaly \u010dtvercov\u00e9mu pom\u011bru stran po\u017eadovan\u00e9mu pro soubory ICO. P\u0159evod zachov\u00e1 p\u016fvodn\u00ed proporce p\u0159id\u00e1n\u00edm vhodn\u00e9ho odsazen\u00ed nebo o\u0159\u00edznut\u00ed tak, aby byl obr\u00e1zek vycentrov\u00e1n v r\u00e1mci rozm\u011br\u016f \u010dtvercov\u00e9 ikony.<\/p>\n                    <\/div>\n                <\/div>\n            <\/div>\n        <\/section>\n\n\n        <!-- CTA Section -->\n        <section class=\"cta-section\">\n            <div class=\"cta-pattern\"><\/div>\n            <div class=\"cta-content\">\n                <h2 class=\"cta-title\">Jste p\u0159ipraveni p\u0159ev\u00e9st sv\u00e9 soubory?<\/h2>\n                <p class=\"cta-text\">St\u00e1hn\u011bte si Convertify nyn\u00ed a za\u010dn\u011bte okam\u017eit\u011b p\u0159ev\u00e1d\u011bt AVIF na ICO. Zdarma, neomezen\u011b a zcela offline.<\/p>\n                <div class=\"hero-buttons\">\n                    <a href=\"\/download\" class=\"btn btn-primary\">St\u00e1hnout Convertify zdarma<\/a>\n                    <a href=\"\/pricing\" class=\"btn btn-secondary\">Zobrazit ceny<\/a>\n                <\/div>\n            <\/div>\n        <\/section>\n    <\/div>\n<\/body>\n<\/html>\n\n\n\n<p><\/p>\n","protected":false},"excerpt":{"rendered":"<p>P\u0159evodn\u00edk AVIF na ICO: Rychl\u00fd, bezplatn\u00fd a offline pro Windows P\u0159evodn\u00edk AVIF na ICO Transformujte modern\u00ed obrazy AVIF do form\u00e1tu [&hellip;]<\/p>\n","protected":false},"author":1,"featured_media":0,"parent":0,"menu_order":0,"comment_status":"closed","ping_status":"closed","template":"","meta":{"pagelayer_contact_templates":[],"_pagelayer_content":"","_uag_custom_page_level_css":"","site-sidebar-layout":"default","site-content-layout":"","ast-site-content-layout":"","site-content-style":"default","site-sidebar-style":"default","ast-global-header-display":"","ast-banner-title-visibility":"","ast-main-header-display":"","ast-hfb-above-header-display":"","ast-hfb-below-header-display":"","ast-hfb-mobile-header-display":"","site-post-title":"disabled","ast-breadcrumbs-content":"","ast-featured-img":"","footer-sml-layout":"","theme-transparent-header-meta":"","adv-header-id-meta":"","stick-header-meta":"","header-above-stick-meta":"","header-main-stick-meta":"","header-below-stick-meta":"","astra-migrate-meta-layouts":"default","ast-page-background-enabled":"default","ast-page-background-meta":{"desktop":{"background-color":"var(--ast-global-color-5)","background-image":"","background-repeat":"repeat","background-position":"center center","background-size":"auto","background-attachment":"scroll","background-type":"","background-media":"","overlay-type":"","overlay-color":"","overlay-opacity":"","overlay-gradient":""},"tablet":{"background-color":"","background-image":"","background-repeat":"repeat","background-position":"center center","background-size":"auto","background-attachment":"scroll","background-type":"","background-media":"","overlay-type":"","overlay-color":"","overlay-opacity":"","overlay-gradient":""},"mobile":{"background-color":"","background-image":"","background-repeat":"repeat","background-position":"center center","background-size":"auto","background-attachment":"scroll","background-type":"","background-media":"","overlay-type":"","overlay-color":"","overlay-opacity":"","overlay-gradient":""}},"ast-content-background-meta":{"desktop":{"background-color":"var(--ast-global-color-4)","background-image":"","background-repeat":"repeat","background-position":"center center","background-size":"auto","background-attachment":"scroll","background-type":"","background-media":"","overlay-type":"","overlay-color":"","overlay-opacity":"","overlay-gradient":""},"tablet":{"background-color":"var(--ast-global-color-4)","background-image":"","background-repeat":"repeat","background-position":"center center","background-size":"auto","background-attachment":"scroll","background-type":"","background-media":"","overlay-type":"","overlay-color":"","overlay-opacity":"","overlay-gradient":""},"mobile":{"background-color":"var(--ast-global-color-4)","background-image":"","background-repeat":"repeat","background-position":"center center","background-size":"auto","background-attachment":"scroll","background-type":"","background-media":"","overlay-type":"","overlay-color":"","overlay-opacity":"","overlay-gradient":""}},"footnotes":""},"class_list":["post-740526","page","type-page","status-publish","hentry"],"uagb_featured_image_src":{"full":false,"thumbnail":false,"medium":false,"medium_large":false,"large":false,"1536x1536":false,"2048x2048":false,"woocommerce_thumbnail":false,"woocommerce_single":false,"woocommerce_gallery_thumbnail":false},"uagb_author_info":{"display_name":"convertify","author_link":"https:\/\/convertifypro.com\/author\/convertifypro\/"},"uagb_comment_info":0,"uagb_excerpt":"P\u0159evodn\u00edk AVIF na ICO: Rychl\u00fd, bezplatn\u00fd a offline pro Windows P\u0159evodn\u00edk AVIF na ICO Transformujte modern\u00ed obrazy AVIF do form\u00e1tu [&hellip;]","_links":{"self":[{"href":"https:\/\/convertifypro.com\/wp-json\/wp\/v2\/pages\/740526","targetHints":{"allow":["GET"]}}],"collection":[{"href":"https:\/\/convertifypro.com\/wp-json\/wp\/v2\/pages"}],"about":[{"href":"https:\/\/convertifypro.com\/wp-json\/wp\/v2\/types\/page"}],"author":[{"embeddable":true,"href":"https:\/\/convertifypro.com\/wp-json\/wp\/v2\/users\/1"}],"replies":[{"embeddable":true,"href":"https:\/\/convertifypro.com\/wp-json\/wp\/v2\/comments?post=740526"}],"version-history":[{"count":0,"href":"https:\/\/convertifypro.com\/wp-json\/wp\/v2\/pages\/740526\/revisions"}],"wp:attachment":[{"href":"https:\/\/convertifypro.com\/wp-json\/wp\/v2\/media?parent=740526"}],"curies":[{"name":"wp","href":"https:\/\/api.w.org\/{rel}","templated":true}]}}