{"id":740505,"date":"2026-01-21T22:37:37","date_gmt":"2026-01-21T22:37:37","guid":{"rendered":"https:\/\/convertifypro.com\/?page_id=740505"},"modified":"2026-01-21T22:37:37","modified_gmt":"2026-01-21T22:37:37","slug":"cr2-to-tiff-converter","status":"publish","type":"page","link":"https:\/\/convertifypro.com\/cs\/prevodnik-cr2-na-tiff\/","title":{"rendered":"P\u0159evodn\u00edk CR2 na TIFF"},"content":{"rendered":"<style class=\"wpcode-css-snippet\">.ast-custom-button {\r\n  display: none;\r\n}<\/style>\n\n\n\n<!DOCTYPE html>\n<html lang=\"en\">\n<head>\n    <meta charset=\"UTF-8\">\n    <meta name=\"viewport\" content=\"width=device-width, initial-scale=1.0\">\n    <meta name=\"description\" content=\"Convert Canon CR2 RAW files to TIFF format with our powerful offline converter. Perfect for professional photography workflows and universal compatibility.\">\n    <meta name=\"keywords\" content=\"CR2 to TIFF converter, Canon RAW converter, professional image conversion, offline RAW processor, batch CR2 conversion, TIFF converter Windows\">\n    <title>P\u0159evodn\u00edk CR2 na TIFF: Profesion\u00e1ln\u00ed, zdarma a offline pro Windows<\/title>\n    <link rel=\"stylesheet\" href=\"https:\/\/cdnjs.cloudflare.com\/ajax\/libs\/font-awesome\/6.4.0\/css\/all.min.css\">\n    \n    <style>\n        \/* Main Styles *\/\n        :root {\n            --primary-color: #FD9800;\n            --primary-hover: #e88a00;\n            --text-color: #3A3A3A;\n            --light-bg: #f8faff;\n            --gradient-bg: linear-gradient(135deg, #f8faff 0%, #fff5e6 100%);\n            --box-shadow: 0 10px 30px rgba(0, 0, 0, 0.05);\n            --hover-shadow: 0 15px 35px rgba(0, 0, 0, 0.1);\n            --border-color: #f1f5f9;\n        }\n\n        .converter-section {\n            max-width: 1200px;\n            margin: 0 auto;\n            padding: 2rem 1.5rem;\n            font-family: 'Inter', 'Segoe UI', system-ui, -apple-system, sans-serif;\n            color: var(--text-color);\n        }\n\n        \/* Hero Section *\/\n        .hero-section {\n            text-align: center;\n            padding: 3rem 1rem;\n            margin-bottom: 3rem;\n            background: var(--gradient-bg);\n            border-radius: 16px;\n            position: relative;\n            overflow: hidden;\n        }\n\n        .hero-pattern {\n            position: absolute;\n            top: 0;\n            left: 0;\n            right: 0;\n            bottom: 0;\n            background-image: url(\"data:image\/svg+xml,%3Csvg width='60' height='60' viewBox='0 0 60 60' xmlns='http:\/\/www.w3.org\/2000\/svg'%3E%3Cg fill='none' fill-rule='evenodd'%3E%3Cg fill='%23fd9800' fill-opacity='0.05'%3E%3Cpath d='M36 34v-4h-2v4h-4v2h4v4h2v-4h4v-2h-4zm0-30V0h-2v4h-4v2h4v4h2V6h4V4h-4zM6 34v-4H4v4H0v2h4v4h2v-4h4v-2H6zM6 4V0H4v4H0v2h4v4h2V6h4V4H6z'\/%3E%3C\/g%3E%3C\/g%3E%3C\/svg%3E\");\n            opacity: 0.5;\n            z-index: 0;\n        }\n\n        .hero-content {\n            position: relative;\n            z-index: 1;\n            max-width: 800px;\n            margin: 0 auto;\n        }\n\n        .hero-title {\n            font-size: 2.8rem;\n            font-weight: 800;\n            margin-bottom: 1.5rem;\n            color: var(--text-color);\n        }\n\n        .hero-subtitle {\n            font-size: 1.25rem;\n            margin-bottom: 2rem;\n            color: var(--text-color);\n            line-height: 1.6;\n        }\n\n        .hero-badges {\n            display: flex;\n            flex-wrap: wrap;\n            justify-content: center;\n            gap: 1rem;\n            margin-bottom: 2rem;\n        }\n\n        .hero-badge {\n            display: flex;\n            align-items: center;\n            background: white;\n            border-radius: 50px;\n            padding: 0.5rem 1rem;\n            box-shadow: var(--box-shadow);\n            transition: all 0.3s ease;\n            border: 1px solid var(--border-color);\n        }\n\n        .hero-badge:hover {\n            transform: translateY(-3px);\n            box-shadow: var(--hover-shadow);\n            border-color: rgba(253, 152, 0, 0.3);\n        }\n\n        .hero-badge-icon {\n            color: var(--primary-color);\n            margin-right: 0.5rem;\n            font-size: 1rem;\n        }\n\n        .hero-badge-text {\n            font-size: 0.9rem;\n            font-weight: 600;\n            color: var(--text-color);\n        }\n\n        .hero-buttons {\n            display: flex;\n            justify-content: center;\n            gap: 1rem;\n            flex-wrap: wrap;\n        }\n\n        .btn {\n            display: inline-block;\n            padding: 0.75rem 1.5rem;\n            border-radius: 8px;\n            font-weight: 600;\n            text-decoration: none !important;\n            transition: all 0.3s ease;\n            cursor: pointer;\n            font-size: 1rem;\n        }\n\n        .btn-primary {\n            background-color: var(--primary-color);\n            color: white !important;\n            box-shadow: 0 8px 16px rgba(253, 152, 0, 0.2);\n            border: none;\n        }\n\n        .btn-primary:hover {\n            background-color: var(--primary-hover);\n            transform: translateY(-2px);\n            text-decoration: none !important;\n        }\n\n        .btn-secondary {\n            background-color: white;\n            color: var(--primary-color) !important;\n            border: 1px solid var(--border-color);\n        }\n\n        .btn-secondary:hover {\n            background-color: #fff5e6;\n            transform: translateY(-2px);\n            text-decoration: none !important;\n        }\n\n        \/* Features Section *\/\n        .features-section {\n            margin-bottom: 4rem;\n        }\n\n        .section-title {\n            font-size: 2.2rem;\n            font-weight: 700;\n            text-align: center;\n            margin-bottom: 2.5rem;\n            color: var(--text-color);\n        }\n\n        .features-grid {\n            display: grid;\n            grid-template-columns: repeat(auto-fit, minmax(300px, 1fr));\n            gap: 2rem;\n        }\n\n        .feature-card {\n            background: white;\n            border-radius: 16px;\n            overflow: hidden;\n            box-shadow: var(--box-shadow);\n            transition: all 0.3s ease;\n            border: 1px solid var(--border-color);\n            height: 100%;\n            display: flex;\n            flex-direction: column;\n        }\n\n        .feature-card:hover {\n            transform: translateY(-5px);\n            box-shadow: var(--hover-shadow);\n            border-color: rgba(253, 152, 0, 0.3);\n        }\n\n        .feature-icon {\n            width: 60px;\n            height: 60px;\n            background-color: rgba(253, 152, 0, 0.15);\n            color: var(--primary-color);\n            border-radius: 12px;\n            display: flex;\n            align-items: center;\n            justify-content: center;\n            margin-bottom: 1.5rem;\n            font-size: 1.8rem;\n            transition: all 0.3s ease;\n        }\n\n        .feature-card:hover .feature-icon {\n            background: linear-gradient(135deg, #FD9800 0%, #FF6D00 100%);\n            color: white;\n            box-shadow: 0 10px 20px rgba(253, 152, 0, 0.2);\n        }\n\n        .feature-content {\n            padding: 2rem;\n            flex-grow: 1;\n        }\n\n        .feature-title {\n            font-size: 1.4rem;\n            font-weight: 700;\n            margin-bottom: 1rem;\n            color: var(--text-color);\n        }\n\n        .feature-text {\n            font-size: 1rem;\n            color: #555;\n            line-height: 1.6;\n            margin-bottom: 1.5rem;\n        }\n\n        .feature-list {\n            list-style: none;\n            padding: 0;\n            margin: 0;\n        }\n\n        .feature-item {\n            display: flex;\n            align-items: flex-start;\n            margin-bottom: 0.75rem;\n            line-height: 1.5;\n        }\n\n        .feature-check {\n            color: var(--primary-color);\n            margin-right: 0.75rem;\n            flex-shrink: 0;\n            margin-top: 0.2rem;\n        }\n\n        .feature-item-text {\n            font-size: 0.95rem;\n            color: var(--text-color);\n        }\n\n        \/* Why Convert Section *\/\n        .why-convert-section {\n            margin-bottom: 4rem;\n            background: var(--light-bg);\n            border-radius: 16px;\n            padding: 3rem 2rem;\n        }\n\n        .comparison-grid {\n            display: grid;\n            grid-template-columns: repeat(auto-fit, minmax(300px, 1fr));\n            gap: 2rem;\n            margin-top: 2rem;\n        }\n\n        .format-card {\n            background: white;\n            border-radius: 16px;\n            padding: 1.5rem;\n            box-shadow: var(--box-shadow);\n            transition: all 0.3s ease;\n            border: 1px solid var(--border-color);\n        }\n\n        .format-card:hover {\n            transform: translateY(-5px);\n            box-shadow: var(--hover-shadow);\n            border-color: rgba(253, 152, 0, 0.3);\n        }\n\n        .format-title {\n            font-size: 1.6rem;\n            font-weight: 700;\n            margin-bottom: 1.25rem;\n            color: var(--text-color);\n            display: flex;\n            align-items: center;\n        }\n\n        .format-icon {\n            color: var(--primary-color);\n            margin-right: 0.75rem;\n            font-size: 1.6rem;\n        }\n\n        .format-list {\n            list-style: none;\n            padding: 0;\n            margin: 0;\n        }\n\n        .format-item {\n            display: flex;\n            align-items: flex-start;\n            margin-bottom: 0.85rem;\n        }\n\n        .format-check {\n            color: var(--primary-color);\n            margin-right: 0.75rem;\n            flex-shrink: 0;\n            margin-top: 0.2rem;\n        }\n\n        .format-text {\n            font-size: 0.95rem;\n            color: #555;\n            line-height: 1.5;\n        }\n\n        \/* How It Works Section *\/\n        .how-it-works-section {\n            margin-bottom: 4rem;\n        }\n\n        .steps-container {\n            max-width: 900px;\n            margin: 0 auto;\n        }\n\n        .step-card {\n            display: flex;\n            align-items: flex-start;\n            background: white;\n            border-radius: 16px;\n            padding: 2rem;\n            box-shadow: var(--box-shadow);\n            margin-bottom: 2rem;\n            border: 1px solid var(--border-color);\n            transition: all 0.3s ease;\n        }\n\n        .step-card:hover {\n            transform: translateY(-5px);\n            box-shadow: var(--hover-shadow);\n            border-color: rgba(253, 152, 0, 0.3);\n        }\n\n        .step-number {\n            width: 50px;\n            height: 50px;\n            background-color: rgba(253, 152, 0, 0.15);\n            color: var(--primary-color);\n            border-radius: 50%;\n            display: flex;\n            align-items: center;\n            justify-content: center;\n            font-size: 1.5rem;\n            font-weight: 700;\n            margin-right: 1.5rem;\n            flex-shrink: 0;\n            transition: all 0.3s ease;\n        }\n\n        .step-card:hover .step-number {\n            background: linear-gradient(135deg, #FD9800 0%, #FF6D00 100%);\n            color: white;\n            box-shadow: 0 10px 20px rgba(253, 152, 0, 0.2);\n        }\n\n        .step-content {\n            flex: 1;\n        }\n\n        .step-title {\n            font-size: 1.4rem;\n            font-weight: 700;\n            margin-bottom: 0.75rem;\n            color: var(--text-color);\n        }\n\n        .step-text {\n            font-size: 1rem;\n            color: #555;\n            line-height: 1.6;\n        }\n\n        \/* Use Cases Section *\/\n        .use-cases-section {\n            margin-bottom: 4rem;\n            background: var(--light-bg);\n            border-radius: 16px;\n            padding: 3rem 2rem;\n        }\n\n        .use-cases-grid {\n            display: grid;\n            grid-template-columns: repeat(auto-fit, minmax(300px, 1fr));\n            gap: 2rem;\n            margin-top: 2rem;\n        }\n\n        .use-case-card {\n            background: white;\n            border-radius: 16px;\n            padding: 1.5rem;\n            box-shadow: var(--box-shadow);\n            transition: all 0.3s ease;\n            border: 1px solid var(--border-color);\n            height: 100%;\n        }\n\n        .use-case-card:hover {\n            transform: translateY(-5px);\n            box-shadow: var(--hover-shadow);\n            border-color: rgba(253, 152, 0, 0.3);\n        }\n\n        .use-case-icon {\n            color: var(--primary-color);\n            font-size: 2rem;\n            margin-bottom: 1rem;\n        }\n\n        .use-case-title {\n            font-size: 1.3rem;\n            font-weight: 700;\n            margin-bottom: 1rem;\n            color: var(--text-color);\n        }\n\n        .use-case-text {\n            font-size: 0.95rem;\n            color: #555;\n            line-height: 1.6;\n        }\n\n        \/* FAQ Section *\/\n        .faq-section {\n            margin-bottom: 4rem;\n        }\n\n        .faq-container {\n            max-width: 900px;\n            margin: 0 auto;\n        }\n\n        .faq-item {\n            background: white;\n            border-radius: 16px;\n            padding: 1.5rem 2rem;\n            box-shadow: var(--box-shadow);\n            margin-bottom: 1.5rem;\n            border: 1px solid var(--border-color);\n            transition: all 0.3s ease;\n        }\n\n        .faq-item:hover {\n            transform: translateY(-3px);\n            box-shadow: var(--hover-shadow);\n            border-color: rgba(253, 152, 0, 0.3);\n        }\n\n        .faq-question {\n            font-size: 1.2rem;\n            font-weight: 700;\n            margin-bottom: 1rem;\n            color: var(--text-color);\n            display: flex;\n            align-items: center;\n        }\n\n        .faq-icon {\n            color: var(--primary-color);\n            margin-right: 0.75rem;\n            font-size: 1.2rem;\n        }\n\n        .faq-answer {\n            font-size: 1rem;\n            color: #555;\n            line-height: 1.6;\n        }\n\n        \/* Technical Details Section *\/\n        .technical-details-section {\n            margin-bottom: 4rem;\n        }\n\n        .technical-details-grid {\n            display: grid;\n            grid-template-columns: repeat(auto-fit, minmax(300px, 1fr));\n            gap: 2rem;\n        }\n\n        .tech-detail-card {\n            background: white;\n            border-radius: 16px;\n            padding: 1.5rem;\n            box-shadow: var(--box-shadow);\n            transition: all 0.3s ease;\n            border: 1px solid var(--border-color);\n        }\n\n        .tech-detail-card:hover {\n            transform: translateY(-5px);\n            box-shadow: var(--hover-shadow);\n            border-color: rgba(253, 152, 0, 0.3);\n        }\n\n        .tech-detail-title {\n            font-size: 1.3rem;\n            font-weight: 700;\n            margin-bottom: 1rem;\n            color: var(--text-color);\n            display: flex;\n            align-items: center;\n        }\n\n        .tech-detail-icon {\n            color: var(--primary-color);\n            margin-right: 0.75rem;\n            font-size: 1.3rem;\n        }\n\n        .tech-detail-text {\n            font-size: 0.95rem;\n            color: #555;\n            line-height: 1.6;\n        }\n\n        \/* Security Section *\/\n        .security-section {\n            margin-bottom: 4rem;\n            background: var(--light-bg);\n            border-radius: 16px;\n            padding: 3rem 2rem;\n        }\n\n        .security-features {\n            display: grid;\n            grid-template-columns: repeat(auto-fit, minmax(300px, 1fr));\n            gap: 2rem;\n            margin-top: 2rem;\n        }\n\n        .security-card {\n            background: white;\n            border-radius: 16px;\n            padding: 1.5rem;\n            box-shadow: var(--box-shadow);\n            transition: all 0.3s ease;\n            border: 1px solid var(--border-color);\n        }\n\n        .security-card:hover {\n            transform: translateY(-5px);\n            box-shadow: var(--hover-shadow);\n            border-color: rgba(253, 152, 0, 0.3);\n        }\n\n        .security-title {\n            font-size: 1.3rem;\n            font-weight: 700;\n            margin-bottom: 1rem;\n            color: var(--text-color);\n            display: flex;\n            align-items: center;\n        }\n\n        .security-icon {\n            color: var(--primary-color);\n            margin-right: 0.75rem;\n            font-size: 1.3rem;\n        }\n\n        .security-text {\n            font-size: 0.95rem;\n            color: #555;\n            line-height: 1.6;\n        }\n\n        \/* CTA Section *\/\n        .cta-section {\n            text-align: center;\n            padding: 3rem 1rem;\n            background: var(--gradient-bg);\n            border-radius: 16px;\n            position: relative;\n            overflow: hidden;\n            margin-bottom: 2rem;\n        }\n\n        .cta-pattern {\n            position: absolute;\n            top: 0;\n            left: 0;\n            right: 0;\n            bottom: 0;\n            background-image: url(\"data:image\/svg+xml,%3Csvg width='60' height='60' viewBox='0 0 60 60' xmlns='http:\/\/www.w3.org\/2000\/svg'%3E%3Cg fill='none' fill-rule='evenodd'%3E%3Cg fill='%23fd9800' fill-opacity='0.05'%3E%3Cpath d='M36 34v-4h-2v4h-4v2h4v4h2v-4h4v-2h-4zm0-30V0h-2v4h-4v2h4v4h2V6h4V4h-4zM6 34v-4H4v4H0v2h4v4h2v-4h4v-2H6zM6 4V0H4v4H0v2h4v4h2V6h4V4H6z'\/%3E%3C\/g%3E%3C\/g%3E%3C\/svg%3E\");\n            opacity: 0.5;\n            z-index: 0;\n        }\n\n        .cta-content {\n            position: relative;\n            z-index: 1;\n            max-width: 800px;\n            margin: 0 auto;\n        }\n\n        .cta-title {\n            font-size: 2.2rem;\n            font-weight: 700;\n            margin-bottom: 1.5rem;\n            color: var(--text-color);\n        }\n\n        .cta-text {\n            font-size: 1.1rem;\n            margin-bottom: 2rem;\n            color: #555;\n            line-height: 1.6;\n        }\n\n        \/* Guide-specific Styles *\/\n        .guide-content {\n            background: white;\n            border-radius: 16px;\n            padding: 2rem;\n            margin-bottom: 2rem;\n            box-shadow: var(--box-shadow);\n            border: 1px solid var(--border-color);\n        }\n\n        .guide-section-title {\n            font-size: 1.6rem;\n            font-weight: 700;\n            color: var(--text-color);\n            margin-bottom: 1rem;\n        }\n\n        .guide-text {\n            font-size: 1rem;\n            color: #555;\n            line-height: 1.8;\n            margin-bottom: 1rem;\n        }\n\n        .guide-list {\n            list-style: none;\n            padding: 0;\n            margin: 1rem 0;\n        }\n\n        .guide-list-item {\n            display: flex;\n            align-items: flex-start;\n            margin-bottom: 0.75rem;\n            padding-left: 1.5rem;\n            position: relative;\n        }\n\n        .guide-list-item::before {\n            content: \"\u2022\";\n            color: var(--primary-color);\n            font-weight: bold;\n            position: absolute;\n            left: 0;\n        }\n\n        \/* Responsive Styles *\/\n        @media (max-width: 768px) {\n            .hero-title {\n                font-size: 2.2rem;\n            }\n\n            .section-title {\n                font-size: 1.8rem;\n            }\n\n            .cta-title {\n                font-size: 1.8rem;\n            }\n\n            .features-grid {\n                grid-template-columns: 1fr;\n                max-width: 500px;\n                margin: 0 auto;\n            }\n\n            .step-card {\n                flex-direction: column;\n                align-items: flex-start;\n            }\n\n            .step-number {\n                margin-bottom: 1rem;\n                margin-right: 0;\n            }\n        }\n\n        @media (max-width: 480px) {\n            .hero-title {\n                font-size: 1.8rem;\n            }\n\n            .hero-subtitle {\n                font-size: 1.1rem;\n            }\n\n            .section-title {\n                font-size: 1.6rem;\n            }\n\n            .feature-content {\n                padding: 1.5rem;\n            }\n\n            .step-card {\n                padding: 1.5rem;\n            }\n\n            .faq-item {\n                padding: 1.25rem;\n            }\n        }\n\n        \/* Button text should never be underlined *\/\n        .btn:hover, .btn:focus, .btn:active {\n            text-decoration: none !important;\n        }\n    <\/style>\n<\/head>\n<body>\n    <div class=\"converter-section\">\n        <!-- Hero Section -->\n        <section class=\"hero-section\">\n            <div class=\"hero-pattern\"><\/div>\n            <div class=\"hero-content\">\n                <h1 class=\"hero-title\">P\u0159evodn\u00edk CR2 na TIFF<\/h1>\n                <p class=\"hero-subtitle\">P\u0159eve\u010fte soubory Canon CR2 raw do profesion\u00e1ln\u00edho form\u00e1tu TIFF p\u0159i zachov\u00e1n\u00ed kvality obrazu a metadat. Transformujte sv\u00e9 fotografie RAW na univerz\u00e1ln\u011b kompatibiln\u00ed sn\u00edmky s vysok\u00fdm rozli\u0161en\u00edm pro profesion\u00e1ln\u00ed pracovn\u00ed postupy.<\/p>\n\n                <div class=\"hero-badges\">\n                    <div class=\"hero-badge\">\n                        <span class=\"hero-badge-icon\"><i class=\"fas fa-desktop\"><\/i><\/span>\n                        <span class=\"hero-badge-text\">100% offline<\/span>\n                    <\/div>\n                    <div class=\"hero-badge\">\n                        <span class=\"hero-badge-icon\"><i class=\"fas fa-infinity\"><\/i><\/span>\n                        <span class=\"hero-badge-text\">Neomezen\u00e9 konverze<\/span>\n                    <\/div>\n                    <div class=\"hero-badge\">\n                        <span class=\"hero-badge-icon\"><i class=\"fas fa-shield-alt\"><\/i><\/span>\n                        <span class=\"hero-badge-text\">Soukrom\u00e9 a bezpe\u010dn\u00e9<\/span>\n                    <\/div>\n                    <div class=\"hero-badge\">\n                        <span class=\"hero-badge-icon\"><i class=\"fas fa-bolt\"><\/i><\/span>\n                        <span class=\"hero-badge-text\">Bleskov\u011b rychl\u00fd<\/span>\n                    <\/div>\n                <\/div>\n\n                <div class=\"hero-buttons\">\n                    <a href=\"\/download\" class=\"btn btn-primary\">St\u00e1hnout zdarma<\/a>\n                    <a href=\"#how-it-works\" class=\"btn btn-secondary\">Dal\u0161\u00ed informace<\/a>\n                <\/div>\n            <\/div>\n        <\/section>\n\n\n        <!-- Features Section -->\n        <section class=\"features-section\">\n            <h2 class=\"section-title\">Pro\u010d zvolit p\u0159evod pro p\u0159evod CR2 na TIFF?<\/h2>\n\n            <div class=\"features-grid\">\n                <div class=\"feature-card\">\n                    <div class=\"feature-content\">\n                        <div class=\"feature-icon\">\n                            <i class=\"fas fa-palette\"><\/i>\n                        <\/div>\n                        <h3 class=\"feature-title\">Zachovat kvalitu obrazu RAW<\/h3>\n                        <p class=\"feature-text\">Zachovejte v\u00fdjime\u010dnou kvalitu va\u0161ich soubor\u016f Canon CR2 raw b\u011bhem p\u0159evodu do form\u00e1tu TIFF. N\u00e1\u0161 p\u0159evodn\u00edk zachov\u00e1v\u00e1 barevnou hloubku, dynamick\u00fd rozsah a jemn\u00e9 detaily bez kompresn\u00edch artefakt\u016f.<\/p>\n                        <ul class=\"feature-list\">\n                            <li class=\"feature-item\">\n                                <span class=\"feature-check\"><i class=\"fas fa-check-circle\"><\/i><\/span>\n                                <span class=\"feature-item-text\">Zachov\u00e1n\u00ed 14bitov\u00e9 barevn\u00e9 hloubky<\/span>\n                            <\/li>\n                            <li class=\"feature-item\">\n                                <span class=\"feature-check\"><i class=\"fas fa-check-circle\"><\/i><\/span>\n                                <span class=\"feature-item-text\">Zachov\u00e1n\u00ed pln\u00e9ho dynamick\u00e9ho rozsahu<\/span>\n                            <\/li>\n                            <li class=\"feature-item\">\n                                <span class=\"feature-check\"><i class=\"fas fa-check-circle\"><\/i><\/span>\n                                <span class=\"feature-item-text\">B\u011bhem konverze nedoch\u00e1z\u00ed ke sn\u00ed\u017een\u00ed kvality<\/span>\n                            <\/li>\n                        <\/ul>\n                    <\/div>\n                <\/div>\n                <div class=\"feature-card\">\n                    <div class=\"feature-content\">\n                        <div class=\"feature-icon\">\n                            <i class=\"fas fa-tags\"><\/i>\n                        <\/div>\n                        <h3 class=\"feature-title\">Dokon\u010dete p\u0159enos metadat<\/h3>\n                        <p class=\"feature-text\">P\u0159eneste v\u0161echna data EXIF, nastaven\u00ed fotoapar\u00e1tu a parametry sn\u00edm\u00e1n\u00ed ze soubor\u016f CR2 do v\u00fdstupn\u00edch obr\u00e1zk\u016f TIFF. Z\u00e1kladn\u00ed informace jako ISO, clona a nastaven\u00ed expozice z\u016fst\u00e1vaj\u00ed nedot\u010deny.<\/p>\n                        <ul class=\"feature-list\">\n                            <li class=\"feature-item\">\n                                <span class=\"feature-check\"><i class=\"fas fa-check-circle\"><\/i><\/span>\n                                <span class=\"feature-item-text\">Uchov\u00e1n\u00ed EXIF \u200b\u200bdat<\/span>\n                            <\/li>\n                            <li class=\"feature-item\">\n                                <span class=\"feature-check\"><i class=\"fas fa-check-circle\"><\/i><\/span>\n                                <span class=\"feature-item-text\">Zachov\u00e1n\u00ed nastaven\u00ed fotoapar\u00e1tu<\/span>\n                            <\/li>\n                            <li class=\"feature-item\">\n                                <span class=\"feature-check\"><i class=\"fas fa-check-circle\"><\/i><\/span>\n                                <span class=\"feature-item-text\">Parametry st\u0159elby zachov\u00e1ny<\/span>\n                            <\/li>\n                        <\/ul>\n                    <\/div>\n                <\/div>\n                <div class=\"feature-card\">\n                    <div class=\"feature-content\">\n                        <div class=\"feature-icon\">\n                            <i class=\"fas fa-shield-alt\"><\/i>\n                        <\/div>\n                        <h3 class=\"feature-title\">100% offline zpracov\u00e1n\u00ed<\/h3>\n                        <p class=\"feature-text\">P\u0159eve\u010fte sv\u00e9 cenn\u00e9 soubory RAW zcela offline, ani\u017e byste museli nahr\u00e1vat citliv\u00e9 sn\u00edmky do cloudov\u00fdch slu\u017eeb. Va\u0161e profesion\u00e1ln\u00ed fotografick\u00e1 pr\u00e1ce z\u016fstane soukrom\u00e1 a bezpe\u010dn\u00e1 na va\u0161em za\u0159\u00edzen\u00ed.<\/p>\n                        <ul class=\"feature-list\">\n                            <li class=\"feature-item\">\n                                <span class=\"feature-check\"><i class=\"fas fa-check-circle\"><\/i><\/span>\n                                <span class=\"feature-item-text\">Nen\u00ed nutn\u00e9 p\u0159ipojen\u00ed k internetu<\/span>\n                            <\/li>\n                            <li class=\"feature-item\">\n                                <span class=\"feature-check\"><i class=\"fas fa-check-circle\"><\/i><\/span>\n                                <span class=\"feature-item-text\">Kompletn\u00ed ochrana soukrom\u00ed<\/span>\n                            <\/li>\n                            <li class=\"feature-item\">\n                                <span class=\"feature-check\"><i class=\"fas fa-check-circle\"><\/i><\/span>\n                                <span class=\"feature-item-text\">Pouze m\u00edstn\u00ed zpracov\u00e1n\u00ed<\/span>\n                            <\/li>\n                        <\/ul>\n                    <\/div>\n                <\/div>\n                <div class=\"feature-card\">\n                    <div class=\"feature-content\">\n                        <div class=\"feature-icon\">\n                            <i class=\"fas fa-layer-group\"><\/i>\n                        <\/div>\n                        <h3 class=\"feature-title\">D\u00e1vkov\u00e9 zpracov\u00e1n\u00ed RAW<\/h3>\n                        <p class=\"feature-text\">Zpracujte tis\u00edce soubor\u016f CR2 sou\u010dasn\u011b pro efektivn\u00ed spr\u00e1vu pracovn\u00edch postup\u016f. Perfektn\u00ed pro profesion\u00e1ln\u00ed fotografy, kte\u0159\u00ed zpracov\u00e1vaj\u00ed velk\u00e9 fotografie nebo rozs\u00e1hl\u00e9 knihovny obr\u00e1zk\u016f.<\/p>\n                        <ul class=\"feature-list\">\n                            <li class=\"feature-item\">\n                                <span class=\"feature-check\"><i class=\"fas fa-check-circle\"><\/i><\/span>\n                                <span class=\"feature-item-text\">Zpracujte 10 000+ soubor\u016f najednou<\/span>\n                            <\/li>\n                            <li class=\"feature-item\">\n                                <span class=\"feature-check\"><i class=\"fas fa-check-circle\"><\/i><\/span>\n                                <span class=\"feature-item-text\">Udr\u017eujte st\u00e1lou kvalitu<\/span>\n                            <\/li>\n                            <li class=\"feature-item\">\n                                <span class=\"feature-check\"><i class=\"fas fa-check-circle\"><\/i><\/span>\n                                <span class=\"feature-item-text\">\u010casov\u011b efektivn\u00ed hromadn\u00e1 konverze<\/span>\n                            <\/li>\n                        <\/ul>\n                    <\/div>\n                <\/div>\n                <div class=\"feature-card\">\n                    <div class=\"feature-content\">\n                        <div class=\"feature-icon\">\n                            <i class=\"fas fa-expand-arrows-alt\"><\/i>\n                        <\/div>\n                        <h3 class=\"feature-title\">AI Image Enhancement<\/h3>\n                        <p class=\"feature-text\">Vylep\u0161ete sv\u00e9 p\u0159eveden\u00e9 obr\u00e1zky TIFF pomoc\u00ed inteligentn\u00ed technologie upscalingu AI. Zvy\u0161te rozli\u0161en\u00ed a\u017e 4x p\u0159i zachov\u00e1n\u00ed ostr\u00fdch detail\u016f a p\u0159irozen\u00fdch textur.<\/p>\n                        <ul class=\"feature-list\">\n                            <li class=\"feature-item\">\n                                <span class=\"feature-check\"><i class=\"fas fa-check-circle\"><\/i><\/span>\n                                <span class=\"feature-item-text\">A\u017e 4n\u00e1sobn\u00e9 zv\u00fd\u0161en\u00ed rozli\u0161en\u00ed<\/span>\n                            <\/li>\n                            <li class=\"feature-item\">\n                                <span class=\"feature-check\"><i class=\"fas fa-check-circle\"><\/i><\/span>\n                                <span class=\"feature-item-text\">Inteligentn\u00ed vylep\u0161en\u00ed detail\u016f<\/span>\n                            <\/li>\n                            <li class=\"feature-item\">\n                                <span class=\"feature-check\"><i class=\"fas fa-check-circle\"><\/i><\/span>\n                                <span class=\"feature-item-text\">Zachov\u00e1n\u00ed p\u0159irozen\u00e9 textury<\/span>\n                            <\/li>\n                        <\/ul>\n                    <\/div>\n                <\/div>\n                <div class=\"feature-card\">\n                    <div class=\"feature-content\">\n                        <div class=\"feature-icon\">\n                            <i class=\"fas fa-infinity\"><\/i>\n                        <\/div>\n                        <h3 class=\"feature-title\">Neomezen\u00e9 bezplatn\u00e9 konverze<\/h3>\n                        <p class=\"feature-text\">P\u0159eve\u010fte neomezen\u00fd po\u010det soubor\u016f CR2 do form\u00e1tu TIFF bez omezen\u00ed, vodoznak\u016f nebo omezen\u00ed velikosti souboru. Mo\u017enosti konverze na profesion\u00e1ln\u00ed \u00farovni zdarma.<\/p>\n                        <ul class=\"feature-list\">\n                            <li class=\"feature-item\">\n                                <span class=\"feature-check\"><i class=\"fas fa-check-circle\"><\/i><\/span>\n                                <span class=\"feature-item-text\">\u017d\u00e1dn\u00e9 konverzn\u00ed limity<\/span>\n                            <\/li>\n                            <li class=\"feature-item\">\n                                <span class=\"feature-check\"><i class=\"fas fa-check-circle\"><\/i><\/span>\n                                <span class=\"feature-item-text\">Nebyly p\u0159id\u00e1ny \u017e\u00e1dn\u00e9 vodoznaky<\/span>\n                            <\/li>\n                            <li class=\"feature-item\">\n                                <span class=\"feature-check\"><i class=\"fas fa-check-circle\"><\/i><\/span>\n                                <span class=\"feature-item-text\">\u017d\u00e1dn\u00e1 omezen\u00ed velikosti souboru<\/span>\n                            <\/li>\n                        <\/ul>\n                    <\/div>\n                <\/div>\n            <\/div>\n        <\/section>\n\n\n        <!-- Why Convert Section -->\n        <section class=\"why-convert-section\">\n            <h2 class=\"section-title\">Pro\u010d p\u0159ev\u00e9st CR2 na TIFF?<\/h2>\n\n            <div class=\"comparison-grid\">\n                <div class=\"format-card\">\n                    <h3 class=\"format-title\">\n                        <span class=\"format-icon\"><i class=\"fas fa-file-video\"><\/i><\/span>\n                        Form\u00e1t CR2\n                    <\/h3>\n                    <ul class=\"format-list\">\n                        <li class=\"format-item\">\n                            <span class=\"format-check\"><i class=\"fas fa-check-circle\"><\/i><\/span>\n                            <span class=\"format-text\">14bitov\u00e1 barevn\u00e1 hloubka zachycuje rozs\u00e1hl\u00fd ton\u00e1ln\u00ed rozsah a barevn\u00e9 informace<\/span>\n                        <\/li>\n                        <li class=\"format-item\">\n                            <span class=\"format-check\"><i class=\"fas fa-check-circle\"><\/i><\/span>\n                            <span class=\"format-text\">Bezeztr\u00e1tov\u00e1 data RAW zachov\u00e1vaj\u00ed maxim\u00e1ln\u00ed kvalitu obrazu a flexibilitu \u00faprav<\/span>\n                        <\/li>\n                        <li class=\"format-item\">\n                            <span class=\"format-check\"><i class=\"fas fa-times-circle\"><\/i><\/span>\n                            <span class=\"format-text\">Velk\u00e9 soubory (ka\u017ed\u00fd 20\u201330 MB) zab\u00edraj\u00ed zna\u010dn\u00e9 mno\u017estv\u00ed \u00falo\u017en\u00e9ho prostoru<\/span>\n                        <\/li>\n                        <li class=\"format-item\">\n                            <span class=\"format-check\"><i class=\"fas fa-times-circle\"><\/i><\/span>\n                            <span class=\"format-text\">Propriet\u00e1rn\u00ed form\u00e1t Canon vy\u017eaduje specializovan\u00fd software pro prohl\u00ed\u017een\u00ed a \u00fapravy<\/span>\n                        <\/li>\n                        <li class=\"format-item\">\n                            <span class=\"format-check\"><i class=\"fas fa-times-circle\"><\/i><\/span>\n                            <span class=\"format-text\">Omezen\u00e1 kompatibilita se standardn\u00edmi prohl\u00ed\u017ee\u010di obr\u00e1zk\u016f a webov\u00fdmi prohl\u00ed\u017ee\u010di<\/span>\n                        <\/li>\n                    <\/ul>\n                <\/div>\n\n                <div class=\"format-card\">\n                    <h3 class=\"format-title\">\n                        <span class=\"format-icon\"><i class=\"fas fa-file-video\"><\/i><\/span>\n                        Form\u00e1t TIFF\n                    <\/h3>\n                    <ul class=\"format-list\">\n                        <li class=\"format-item\">\n                            <span class=\"format-check\"><i class=\"fas fa-check-circle\"><\/i><\/span>\n                            <span class=\"format-text\">Univerz\u00e1ln\u00ed kompatibilita se v\u0161emi opera\u010dn\u00edmi syst\u00e9my a softwarem pro \u00fapravu obr\u00e1zk\u016f<\/span>\n                        <\/li>\n                        <li class=\"format-item\">\n                            <span class=\"format-check\"><i class=\"fas fa-check-circle\"><\/i><\/span>\n                            <span class=\"format-text\">Bezeztr\u00e1tov\u00e1 komprese zachov\u00e1v\u00e1 kvalitu obrazu a z\u00e1rove\u0148 sni\u017euje velikost souboru<\/span>\n                        <\/li>\n                        <li class=\"format-item\">\n                            <span class=\"format-check\"><i class=\"fas fa-check-circle\"><\/i><\/span>\n                            <span class=\"format-text\">Profesion\u00e1ln\u00ed standardn\u00ed form\u00e1t \u0161iroce akceptovan\u00fd v tiskov\u00e9m a vydavatelsk\u00e9m pr\u016fmyslu<\/span>\n                        <\/li>\n                        <li class=\"format-item\">\n                            <span class=\"format-check\"><i class=\"fas fa-check-circle\"><\/i><\/span>\n                            <span class=\"format-text\">Podporuje vlo\u017een\u00e9 barevn\u00e9 profily pro p\u0159esnou reprodukci barev<\/span>\n                        <\/li>\n                        <li class=\"format-item\">\n                            <span class=\"format-check\"><i class=\"fas fa-check-circle\"><\/i><\/span>\n                            <span class=\"format-text\">Zachov\u00e1v\u00e1 pln\u00e9 rozli\u0161en\u00ed a bitovou hloubku z p\u016fvodn\u00edch soubor\u016f RAW<\/span>\n                        <\/li>\n                    <\/ul>\n                <\/div>\n            <\/div>\n        <\/section>\n\n\n        <!-- Technical Details Section -->\n        <section class=\"technical-details-section\">\n            <h2 class=\"section-title\">Technick\u00e9 detaily<\/h2>\n\n            <div class=\"technical-details-grid\">\n                <div class=\"tech-detail-card\">\n                    <h3 class=\"tech-detail-title\">\n                        <span class=\"tech-detail-icon\"><i class=\"fas fa-camera\"><\/i><\/span>\n                        Zpracov\u00e1n\u00ed Canon RAW\n                    <\/h3>\n                    <p class=\"tech-detail-text\">Soubory CR2 pou\u017e\u00edvaj\u00ed propriet\u00e1rn\u00ed form\u00e1t RAW spole\u010dnosti Canon zalo\u017een\u00fd na struktu\u0159e TIFF s vlastn\u00ed kompres\u00ed. N\u00e1\u0161 konvertor p\u0159esn\u011b interpretuje barevn\u00e9 v\u011bdy spole\u010dnosti Canon, nastaven\u00ed vyv\u00e1\u017een\u00ed b\u00edl\u00e9 a korekce objektivu, aby vytvo\u0159il v\u011brn\u00e9 konverze TIFF, kter\u00e9 zachov\u00e1vaj\u00ed p\u016fvodn\u00ed z\u00e1m\u011br fotografa.<\/p>\n                <\/div>\n                <div class=\"tech-detail-card\">\n                    <h3 class=\"tech-detail-title\">\n                        <span class=\"tech-detail-icon\"><i class=\"fas fa-compress-alt\"><\/i><\/span>\n                        Mo\u017enosti komprese TIFF\n                    <\/h3>\n                    <p class=\"tech-detail-text\">Form\u00e1t TIFF podporuje v\u00edce kompresn\u00edch algoritm\u016f v\u010detn\u011b bezeztr\u00e1tov\u00e9 komprese LZW, deflov\u00e1n\u00ed ZIP a nekomprimovan\u00e9ho \u00falo\u017ei\u0161t\u011b. P\u0159evodn\u00edk automaticky vybere optim\u00e1ln\u00ed kompresi na z\u00e1klad\u011b obsahu obr\u00e1zku p\u0159i zachov\u00e1n\u00ed v\u0161ech pixelov\u00fdch dat a zachov\u00e1n\u00ed profesion\u00e1ln\u00edch standard\u016f kvality.<\/p>\n                <\/div>\n                <div class=\"tech-detail-card\">\n                    <h3 class=\"tech-detail-title\">\n                        <span class=\"tech-detail-icon\"><i class=\"fas fa-palette\"><\/i><\/span>\n                        Spr\u00e1va barevn\u00e9ho prostoru\n                    <\/h3>\n                    <p class=\"tech-detail-text\">Spr\u00e1vn\u00fd p\u0159evod barevn\u00e9ho prostoru z nativn\u00edho barevn\u00e9ho prostoru Canon na standardn\u00ed profily TIFF, jako je sRGB, Adobe RGB nebo ProPhoto RGB. P\u0159evodn\u00edk zvl\u00e1d\u00e1 gama korekci, \u00fapravu b\u00edl\u00e9ho bodu a mapov\u00e1n\u00ed barevn\u00e9ho gamutu pro zaji\u0161t\u011bn\u00ed p\u0159esn\u00e9 reprodukce barev nap\u0159\u00ed\u010d r\u016fzn\u00fdmi za\u0159\u00edzen\u00edmi a pracovn\u00edmi postupy.<\/p>\n                <\/div>\n            <\/div>\n        <\/section>\n\n\n        <!-- How It Works Section -->\n        <section id=\"how-it-works\" class=\"how-it-works-section\">\n            <h2 class=\"section-title\">Jak p\u0159ev\u00e9st CR2 na TIFF<\/h2>\n\n            <div class=\"steps-container\">\n                <div class=\"step-card\">\n                    <div class=\"step-number\">1<\/div>\n                    <div class=\"step-content\">\n                        <h3 class=\"step-title\">St\u00e1hnout a nainstalovat<\/h3>\n                        <p class=\"step-text\">St\u00e1hn\u011bte si Convertify zdarma a nainstalujte jej do po\u010d\u00edta\u010de se syst\u00e9mem Windows. Nevy\u017eaduje se \u017e\u00e1dn\u00fd \u00fa\u010det ani registrace.<\/p>\n                    <\/div>\n                <\/div>\n                <div class=\"step-card\">\n                    <div class=\"step-number\">2<\/div>\n                    <div class=\"step-content\">\n                        <h3 class=\"step-title\">P\u0159idejte sv\u00e9 soubory CR2<\/h3>\n                        <p class=\"step-text\">P\u0159et\u00e1hn\u011bte soubory CR2 do aplikace Convertify nebo je vyberte pomoc\u00ed prohl\u00ed\u017ee\u010de soubor\u016f.<\/p>\n                    <\/div>\n                <\/div>\n                <div class=\"step-card\">\n                    <div class=\"step-number\">3<\/div>\n                    <div class=\"step-content\">\n                        <h3 class=\"step-title\">Vyberte V\u00fdstup TIFF<\/h3>\n                        <p class=\"step-text\">Jako v\u00fdstupn\u00ed form\u00e1t zvolte TIFF. V p\u0159\u00edpad\u011b pot\u0159eby upravte nastaven\u00ed kvality.<\/p>\n                    <\/div>\n                <\/div>\n                <div class=\"step-card\">\n                    <div class=\"step-number\">4<\/div>\n                    <div class=\"step-content\">\n                        <h3 class=\"step-title\">P\u0159ev\u00e9st a ulo\u017eit<\/h3>\n                        <p class=\"step-text\">Klikn\u011bte na P\u0159ev\u00e9st a va\u0161e soubory budou okam\u017eit\u011b zpracov\u00e1ny. Ulo\u017ete si je kamkoli do po\u010d\u00edta\u010de.<\/p>\n                    <\/div>\n                <\/div>\n            <\/div>\n        <\/section>\n\n\n        <!-- Use Cases Section -->\n        <section class=\"use-cases-section\">\n            <h2 class=\"section-title\">Kdy pou\u017e\u00edt p\u0159evod CR2 na TIFF<\/h2>\n\n            <div class=\"use-cases-grid\">\n                <div class=\"use-case-card\">\n                    <div class=\"use-case-icon\"><i class=\"fas fa-camera-retro\"><\/i><\/div>\n                    <h3 class=\"use-case-title\">Profesion\u00e1ln\u00ed fotografie<\/h3>\n                    <p class=\"use-case-text\">P\u0159eve\u010fte klientsk\u00e9 focen\u00ed z CR2 na TIFF pro profesion\u00e1ln\u00ed pracovn\u00ed postupy \u00faprav. Form\u00e1t TIFF zaji\u0161\u0165uje kompatibilitu s ve\u0161ker\u00fdm softwarem pro \u00fapravu obr\u00e1zk\u016f p\u0159i zachov\u00e1n\u00ed kvality pot\u0159ebn\u00e9 pro \u0161pi\u010dkov\u00e9 retu\u0161ov\u00e1n\u00ed a stup\u0148ov\u00e1n\u00ed barev.<\/p>\n                <\/div>\n                <div class=\"use-case-card\">\n                    <div class=\"use-case-icon\"><i class=\"fas fa-print\"><\/i><\/div>\n                    <h3 class=\"use-case-title\">Komer\u010dn\u00ed tisk<\/h3>\n                    <p class=\"use-case-text\">P\u0159ipravte soubory Canon RAW pro komer\u010dn\u00ed tisk. Form\u00e1t TIFF je pr\u016fmyslov\u00fdm standardem pro vysoce kvalitn\u00ed tisk, kter\u00fd poskytuje p\u0159esnost barev a rozli\u0161en\u00ed pot\u0159ebn\u00e9 pro \u010dasopisy, bro\u017eury a velkoform\u00e1tov\u00e9 tisky.<\/p>\n                <\/div>\n                <div class=\"use-case-card\">\n                    <div class=\"use-case-icon\"><i class=\"fas fa-archive\"><\/i><\/div>\n                    <h3 class=\"use-case-title\">Dlouhodob\u00e1 archivace<\/h3>\n                    <p class=\"use-case-text\">P\u0159eve\u010fte soubory CR2 do form\u00e1tu TIFF pro \u00fa\u010dely dlouhodob\u00e9ho ukl\u00e1d\u00e1n\u00ed a archivace. TIFF je otev\u0159en\u00fd standardn\u00ed form\u00e1t, kter\u00fd zaji\u0161\u0165uje, \u017ee va\u0161e sn\u00edmky z\u016fstanou p\u0159\u00edstupn\u00e9 za des\u00edtky let, na rozd\u00edl od propriet\u00e1rn\u00edch form\u00e1t\u016f RAW, kter\u00e9 mohou b\u00fdt zastaral\u00e9.<\/p>\n                <\/div>\n                <div class=\"use-case-card\">\n                    <div class=\"use-case-icon\"><i class=\"fas fa-share-alt\"><\/i><\/div>\n                    <h3 class=\"use-case-title\">Klientsk\u00e9 doru\u010den\u00ed<\/h3>\n                    <p class=\"use-case-text\">Dod\u00e1vejte zpracovan\u00e9 obr\u00e1zky klient\u016fm v univerz\u00e1ln\u011b kompatibiln\u00edm form\u00e1tu TIFF. Klienti mohou otev\u00edrat soubory TIFF na libovoln\u00e9m syst\u00e9mu, ani\u017e by vy\u017eadovali specializovan\u00fd software pro zpracov\u00e1n\u00ed RAW, co\u017e je ide\u00e1ln\u00ed pro dod\u00e1n\u00ed fin\u00e1ln\u00edch sn\u00edmk\u016f.<\/p>\n                <\/div>\n                <div class=\"use-case-card\">\n                    <div class=\"use-case-icon\"><i class=\"fas fa-layer-group\"><\/i><\/div>\n                    <h3 class=\"use-case-title\">S\u00e9riov\u00e1 fotografie<\/h3>\n                    <p class=\"use-case-text\">P\u0159eve\u010fte soubory Canon RAW do form\u00e1tu TIFF pro odes\u00edl\u00e1n\u00ed fotografi\u00ed. V\u011bt\u0161ina burzovn\u00edch agentur p\u0159ij\u00edm\u00e1 form\u00e1t TIFF a vy\u017eaduje vysokou kvalitu a zachov\u00e1n\u00ed metadat, kter\u00e9 TIFF poskytuje pro komer\u010dn\u00ed licencov\u00e1n\u00ed.<\/p>\n                <\/div>\n                <div class=\"use-case-card\">\n                    <div class=\"use-case-icon\"><i class=\"fas fa-palette\"><\/i><\/div>\n                    <h3 class=\"use-case-title\">Editace nap\u0159\u00ed\u010d platformami<\/h3>\n                    <p class=\"use-case-text\">Umo\u017en\u011bte bezprobl\u00e9movou spolupr\u00e1ci nap\u0159\u00ed\u010d r\u016fzn\u00fdmi opera\u010dn\u00edmi syst\u00e9my a softwarov\u00fdmi platformami. Soubory TIFF se konzistentn\u011b otev\u00edraj\u00ed ve Photoshopu, GIMPu a dal\u0161\u00edch editorech, ani\u017e by vy\u017eadovaly procesory RAW specifick\u00e9 pro Canon.<\/p>\n                <\/div>\n            <\/div>\n        <\/section>\n\n\n        <!-- Security Section -->\n        <section class=\"security-section\">\n            <h2 class=\"section-title\">Va\u0161e soukrom\u00ed je chr\u00e1n\u011bno<\/h2>\n\n            <div class=\"security-features\">\n                <div class=\"security-card\">\n                    <h3 class=\"security-title\">\n                        <span class=\"security-icon\"><i class=\"fas fa-lock\"><\/i><\/span>\n                        100% offline\n                    <\/h3>\n                    <p class=\"security-text\">V\u0161echny p\u0159evody prob\u00edhaj\u00ed lok\u00e1ln\u011b na va\u0161em po\u010d\u00edta\u010di. Va\u0161e soubory nikdy neopust\u00ed va\u0161e za\u0159\u00edzen\u00ed a nikdy nejsou nahr\u00e1ny na \u017e\u00e1dn\u00fd server.<\/p>\n                <\/div>\n                <div class=\"security-card\">\n                    <h3 class=\"security-title\">\n                        <span class=\"security-icon\"><i class=\"fas fa-user-shield\"><\/i><\/span>\n                        Nen\u00ed vy\u017eadov\u00e1n \u017e\u00e1dn\u00fd \u00fa\u010det\n                    <\/h3>\n                    <p class=\"security-text\">Za\u010dn\u011bte okam\u017eit\u011b p\u0159ev\u00e1d\u011bt, ani\u017e byste si museli vytv\u00e1\u0159et \u00fa\u010det, poskytovat osobn\u00ed \u00fadaje nebo se k \u010demukoli p\u0159ihla\u0161ovat.<\/p>\n                <\/div>\n                <div class=\"security-card\">\n                    <h3 class=\"security-title\">\n                        <span class=\"security-icon\"><i class=\"fas fa-trash-alt\"><\/i><\/span>\n                        Automatick\u00e9 \u010di\u0161t\u011bn\u00ed\n                    <\/h3>\n                    <p class=\"security-text\">Do\u010dasn\u00e9 soubory jsou po p\u0159evodu bezpe\u010dn\u011b odstran\u011bny. Va\u0161e p\u016fvodn\u00ed soubory z\u016fstanou zcela nedot\u010deny, pokud nezvol\u00edte jinak.<\/p>\n                <\/div>\n            <\/div>\n        <\/section>\n\n\n        <!-- FAQ Section -->\n        <section class=\"faq-section\">\n            <h2 class=\"section-title\">\u010casto kladen\u00e9 ot\u00e1zky<\/h2>\n\n            <div class=\"faq-container\">\n                <div class=\"faq-item\">\n                    <h3 class=\"faq-question\">\n                        <span class=\"faq-icon\"><i class=\"fas fa-question-circle\"><\/i><\/span>\n                        Sn\u00ed\u017e\u00ed p\u0159evod CR2 na TIFF kvalitu obrazu?\n                    <\/h3>\n                    <div class=\"faq-answer\">\n                        <p>Ne, p\u0159evod CR2 na TIFF zachov\u00e1 plnou kvalitu obrazu. TIFF podporuje bezeztr\u00e1tovou kompresi a dok\u00e1\u017ee zachovat stejnou bitovou hloubku a informace o barv\u00e1ch jako v\u00e1\u0161 p\u016fvodn\u00ed soubor Canon RAW. Proces p\u0159evodu interpretuje data RAW a ulo\u017e\u00ed je ve standardn\u00edm form\u00e1tu bez degradace.<\/p>\n                    <\/div>\n                <\/div>\n                <div class=\"faq-item\">\n                    <h3 class=\"faq-question\">\n                        <span class=\"faq-icon\"><i class=\"fas fa-question-circle\"><\/i><\/span>\n                        Co se stane s EXIF \u200b\u200bdaty p\u0159i p\u0159evodu CR2 na TIFF?\n                    <\/h3>\n                    <div class=\"faq-answer\">\n                        <p>V\u0161echna EXIF \u200b\u200bmetadata v\u010detn\u011b nastaven\u00ed fotoapar\u00e1tu, parametr\u016f sn\u00edm\u00e1n\u00ed, GPS sou\u0159adnic a \u010dasov\u00fdch raz\u00edtek jsou p\u0159i p\u0159evodu zachov\u00e1na. Form\u00e1t TIFF pln\u011b podporuje vlo\u017een\u00e1 metadata, co\u017e zaji\u0161\u0165uje, \u017ee va\u0161e informace o fotografov\u00e1n\u00ed z\u016fstanou nedot\u010den\u00e9 pro budouc\u00ed pou\u017eit\u00ed.<\/p>\n                    <\/div>\n                <\/div>\n                <div class=\"faq-item\">\n                    <h3 class=\"faq-question\">\n                        <span class=\"faq-icon\"><i class=\"fas fa-question-circle\"><\/i><\/span>\n                        Mohu d\u00e1vkov\u011b p\u0159ev\u00e9st v\u00edce soubor\u016f CR2 najednou?\n                    <\/h3>\n                    <div class=\"faq-answer\">\n                        <p>Ano, Convertify podporuje masivn\u00ed d\u00e1vkov\u00e9 zpracov\u00e1n\u00ed, kter\u00e9 v\u00e1m umo\u017en\u00ed p\u0159ev\u00e9st tis\u00edce soubor\u016f CR2 sou\u010dasn\u011b. Jednodu\u0161e p\u0159et\u00e1hn\u011bte celou sb\u00edrku fotografi\u00ed a p\u0159evodn\u00edk zpracuje v\u0161echny soubory p\u0159i zachov\u00e1n\u00ed konzistentn\u00ed kvality a zachov\u00e1n\u00ed jednotliv\u00fdch metadat.<\/p>\n                    <\/div>\n                <\/div>\n                <div class=\"faq-item\">\n                    <h3 class=\"faq-question\">\n                        <span class=\"faq-icon\"><i class=\"fas fa-question-circle\"><\/i><\/span>\n                        Jak velk\u00e9 budou moje soubory TIFF ve srovn\u00e1n\u00ed s CR2?\n                    <\/h3>\n                    <div class=\"faq-answer\">\n                        <p>Soubory TIFF maj\u00ed obvykle podobnou velikost jako soubory CR2 p\u0159i pou\u017eit\u00ed bezztr\u00e1tov\u00e9 komprese, obvykle v rozmez\u00ed 15\u201340 MB v z\u00e1vislosti na obsahu a rozli\u0161en\u00ed obr\u00e1zku. P\u0159evad\u011b\u010d automaticky optimalizuje kompresi pro nejlep\u0161\u00ed rovnov\u00e1hu mezi kvalitou a velikost\u00ed souboru.<\/p>\n                    <\/div>\n                <\/div>\n                <div class=\"faq-item\">\n                    <h3 class=\"faq-question\">\n                        <span class=\"faq-icon\"><i class=\"fas fa-question-circle\"><\/i><\/span>\n                        Pot\u0159ebuji k p\u0159evodu soubor\u016f CR2 p\u0159ipojen\u00ed k internetu?\n                    <\/h3>\n                    <div class=\"faq-answer\">\n                        <p>Nen\u00ed vy\u017eadov\u00e1no p\u0159ipojen\u00ed k internetu. Convertify zpracov\u00e1v\u00e1 v\u0161echny konverze CR2 na TIFF zcela offline na va\u0161em po\u010d\u00edta\u010di. Va\u0161e soubory RAW nikdy neopust\u00ed va\u0161e za\u0159\u00edzen\u00ed, co\u017e zaji\u0161\u0165uje naprost\u00e9 soukrom\u00ed a bezpe\u010dnost pro va\u0161i profesion\u00e1ln\u00ed fotografickou pr\u00e1ci.<\/p>\n                    <\/div>\n                <\/div>\n                <div class=\"faq-item\">\n                    <h3 class=\"faq-question\">\n                        <span class=\"faq-icon\"><i class=\"fas fa-question-circle\"><\/i><\/span>\n                        Budou p\u0159i p\u0159evodu TIFF zachov\u00e1ny barevn\u00e9 profily?\n                    <\/h3>\n                    <div class=\"faq-answer\">\n                        <p>Ano, barevn\u00e9 profily a informace o barevn\u00e9m prostoru jsou b\u011bhem p\u0159evodu spr\u00e1vn\u011b zpracov\u00e1ny. Form\u00e1t TIFF podporuje vlo\u017een\u00e9 profily ICC, kter\u00e9 zaji\u0161\u0165uj\u00ed p\u0159esnou reprodukci barev p\u0159i otev\u0159en\u00ed soubor\u016f v jin\u00e9m softwaru nebo odesl\u00e1n\u00ed k tisku.<\/p>\n                    <\/div>\n                <\/div>\n                <div class=\"faq-item\">\n                    <h3 class=\"faq-question\">\n                        <span class=\"faq-icon\"><i class=\"fas fa-question-circle\"><\/i><\/span>\n                        Mohu p\u0159ev\u00e9st soubory CR2 ze v\u0161ech model\u016f fotoapar\u00e1t\u016f Canon?\n                    <\/h3>\n                    <div class=\"faq-answer\">\n                        <p>Convertify podporuje soubory CR2 ze v\u0161ech DSLR a bezzrcadlovek Canon, kter\u00e9 pou\u017e\u00edvaj\u00ed form\u00e1t CR2, v\u010detn\u011b fotoapar\u00e1t\u016f \u0159ady EOS R, 5D, 7D a fotoapar\u00e1t\u016f \u0159ady Rebel. P\u0159evodn\u00edk automaticky zvl\u00e1d\u00e1 r\u016fzn\u00e9 varianty a verze CR2.<\/p>\n                    <\/div>\n                <\/div>\n                <div class=\"faq-item\">\n                    <h3 class=\"faq-question\">\n                        <span class=\"faq-icon\"><i class=\"fas fa-question-circle\"><\/i><\/span>\n                        Existuje omezen\u00ed po\u010dtu soubor\u016f CR2, kter\u00e9 mohu p\u0159ev\u00e9st?\n                    <\/h3>\n                    <div class=\"faq-answer\">\n                        <p>S Convertify neexistuj\u00ed \u017e\u00e1dn\u00e1 omezen\u00ed konverze. M\u016f\u017eete p\u0159ev\u00e9st neomezen\u00fd po\u010det soubor\u016f CR2 do form\u00e1tu TIFF bez omezen\u00ed, vodoznak\u016f nebo omezen\u00ed velikosti souboru. Bezplatn\u00e1 verze poskytuje pln\u00e9 mo\u017enosti p\u0159evodu bez jak\u00fdchkoli omezen\u00ed pou\u017eit\u00ed.<\/p>\n                    <\/div>\n                <\/div>\n            <\/div>\n        <\/section>\n\n\n        <!-- CTA Section -->\n        <section class=\"cta-section\">\n            <div class=\"cta-pattern\"><\/div>\n            <div class=\"cta-content\">\n                <h2 class=\"cta-title\">Jste p\u0159ipraveni p\u0159ev\u00e9st sv\u00e9 soubory?<\/h2>\n                <p class=\"cta-text\">St\u00e1hn\u011bte si Convertify nyn\u00ed a za\u010dn\u011bte okam\u017eit\u011b p\u0159ev\u00e1d\u011bt CR2 na TIFF. Zdarma, neomezen\u011b a zcela offline.<\/p>\n                <div class=\"hero-buttons\">\n                    <a href=\"\/download\" class=\"btn btn-primary\">St\u00e1hnout Convertify zdarma<\/a>\n                    <a href=\"\/pricing\" class=\"btn btn-secondary\">Zobrazit ceny<\/a>\n                <\/div>\n            <\/div>\n        <\/section>\n    <\/div>\n<\/body>\n<\/html>\n\n\n\n<p><\/p>\n","protected":false},"excerpt":{"rendered":"<p>P\u0159evodn\u00edk CR2 na TIFF: Profesion\u00e1ln\u00ed, zdarma a offline pro Windows P\u0159evodn\u00edk CR2 na TIFF P\u0159eve\u010fte soubory Canon CR2 raw do [&hellip;]<\/p>\n","protected":false},"author":1,"featured_media":0,"parent":0,"menu_order":0,"comment_status":"closed","ping_status":"closed","template":"","meta":{"pagelayer_contact_templates":[],"_pagelayer_content":"","_uag_custom_page_level_css":"","site-sidebar-layout":"default","site-content-layout":"","ast-site-content-layout":"","site-content-style":"default","site-sidebar-style":"default","ast-global-header-display":"","ast-banner-title-visibility":"","ast-main-header-display":"","ast-hfb-above-header-display":"","ast-hfb-below-header-display":"","ast-hfb-mobile-header-display":"","site-post-title":"disabled","ast-breadcrumbs-content":"","ast-featured-img":"","footer-sml-layout":"","theme-transparent-header-meta":"","adv-header-id-meta":"","stick-header-meta":"","header-above-stick-meta":"","header-main-stick-meta":"","header-below-stick-meta":"","astra-migrate-meta-layouts":"default","ast-page-background-enabled":"default","ast-page-background-meta":{"desktop":{"background-color":"var(--ast-global-color-5)","background-image":"","background-repeat":"repeat","background-position":"center center","background-size":"auto","background-attachment":"scroll","background-type":"","background-media":"","overlay-type":"","overlay-color":"","overlay-opacity":"","overlay-gradient":""},"tablet":{"background-color":"","background-image":"","background-repeat":"repeat","background-position":"center center","background-size":"auto","background-attachment":"scroll","background-type":"","background-media":"","overlay-type":"","overlay-color":"","overlay-opacity":"","overlay-gradient":""},"mobile":{"background-color":"","background-image":"","background-repeat":"repeat","background-position":"center center","background-size":"auto","background-attachment":"scroll","background-type":"","background-media":"","overlay-type":"","overlay-color":"","overlay-opacity":"","overlay-gradient":""}},"ast-content-background-meta":{"desktop":{"background-color":"var(--ast-global-color-4)","background-image":"","background-repeat":"repeat","background-position":"center center","background-size":"auto","background-attachment":"scroll","background-type":"","background-media":"","overlay-type":"","overlay-color":"","overlay-opacity":"","overlay-gradient":""},"tablet":{"background-color":"var(--ast-global-color-4)","background-image":"","background-repeat":"repeat","background-position":"center center","background-size":"auto","background-attachment":"scroll","background-type":"","background-media":"","overlay-type":"","overlay-color":"","overlay-opacity":"","overlay-gradient":""},"mobile":{"background-color":"var(--ast-global-color-4)","background-image":"","background-repeat":"repeat","background-position":"center center","background-size":"auto","background-attachment":"scroll","background-type":"","background-media":"","overlay-type":"","overlay-color":"","overlay-opacity":"","overlay-gradient":""}},"footnotes":""},"class_list":["post-740505","page","type-page","status-publish","hentry"],"uagb_featured_image_src":{"full":false,"thumbnail":false,"medium":false,"medium_large":false,"large":false,"1536x1536":false,"2048x2048":false,"woocommerce_thumbnail":false,"woocommerce_single":false,"woocommerce_gallery_thumbnail":false},"uagb_author_info":{"display_name":"convertify","author_link":"https:\/\/convertifypro.com\/author\/convertifypro\/"},"uagb_comment_info":0,"uagb_excerpt":"P\u0159evodn\u00edk CR2 na TIFF: Profesion\u00e1ln\u00ed, zdarma a offline pro Windows P\u0159evodn\u00edk CR2 na TIFF P\u0159eve\u010fte soubory Canon CR2 raw do [&hellip;]","_links":{"self":[{"href":"https:\/\/convertifypro.com\/wp-json\/wp\/v2\/pages\/740505","targetHints":{"allow":["GET"]}}],"collection":[{"href":"https:\/\/convertifypro.com\/wp-json\/wp\/v2\/pages"}],"about":[{"href":"https:\/\/convertifypro.com\/wp-json\/wp\/v2\/types\/page"}],"author":[{"embeddable":true,"href":"https:\/\/convertifypro.com\/wp-json\/wp\/v2\/users\/1"}],"replies":[{"embeddable":true,"href":"https:\/\/convertifypro.com\/wp-json\/wp\/v2\/comments?post=740505"}],"version-history":[{"count":0,"href":"https:\/\/convertifypro.com\/wp-json\/wp\/v2\/pages\/740505\/revisions"}],"wp:attachment":[{"href":"https:\/\/convertifypro.com\/wp-json\/wp\/v2\/media?parent=740505"}],"curies":[{"name":"wp","href":"https:\/\/api.w.org\/{rel}","templated":true}]}}