{"id":740441,"date":"2026-01-21T22:37:50","date_gmt":"2026-01-21T22:37:50","guid":{"rendered":"https:\/\/convertifypro.com\/?page_id=740441"},"modified":"2026-01-21T22:37:50","modified_gmt":"2026-01-21T22:37:50","slug":"mp3-to-aiff-converter","status":"publish","type":"page","link":"https:\/\/convertifypro.com\/cs\/prevodnik-mp3-na-aiff\/","title":{"rendered":"P\u0159evodn\u00edk MP3 na AIFF"},"content":{"rendered":"<style class=\"wpcode-css-snippet\">.ast-custom-button {\r\n  display: none;\r\n}<\/style>\n\n\n\n<!DOCTYPE html>\n<html lang=\"en\">\n<head>\n    <meta charset=\"UTF-8\">\n    <meta name=\"viewport\" content=\"width=device-width, initial-scale=1.0\">\n    <meta name=\"description\" content=\"Convert MP3 files to uncompressed AIFF format with our powerful offline converter. Perfect for professional audio editing, broadcasting, and mastering workflows.\">\n    <meta name=\"keywords\" content=\"MP3 to AIFF converter, audio format converter, professional audio conversion, uncompressed audio, DAW compatible, broadcast audio, Windows audio converter\">\n    <title>P\u0159evodn\u00edk MP3 na AIFF: Profesion\u00e1ln\u00ed zvuk, zdarma a offline<\/title>\n    <link rel=\"stylesheet\" href=\"https:\/\/cdnjs.cloudflare.com\/ajax\/libs\/font-awesome\/6.4.0\/css\/all.min.css\">\n    \n    <style>\n        \/* Main Styles *\/\n        :root {\n            --primary-color: #FD9800;\n            --primary-hover: #e88a00;\n            --text-color: #3A3A3A;\n            --light-bg: #f8faff;\n            --gradient-bg: linear-gradient(135deg, #f8faff 0%, #fff5e6 100%);\n            --box-shadow: 0 10px 30px rgba(0, 0, 0, 0.05);\n            --hover-shadow: 0 15px 35px rgba(0, 0, 0, 0.1);\n            --border-color: #f1f5f9;\n        }\n\n        .converter-section {\n            max-width: 1200px;\n            margin: 0 auto;\n            padding: 2rem 1.5rem;\n            font-family: 'Inter', 'Segoe UI', system-ui, -apple-system, sans-serif;\n            color: var(--text-color);\n        }\n\n        \/* Hero Section *\/\n        .hero-section {\n            text-align: center;\n            padding: 3rem 1rem;\n            margin-bottom: 3rem;\n            background: var(--gradient-bg);\n            border-radius: 16px;\n            position: relative;\n            overflow: hidden;\n        }\n\n        .hero-pattern {\n            position: absolute;\n            top: 0;\n            left: 0;\n            right: 0;\n            bottom: 0;\n            background-image: url(\"data:image\/svg+xml,%3Csvg width='60' height='60' viewBox='0 0 60 60' xmlns='http:\/\/www.w3.org\/2000\/svg'%3E%3Cg fill='none' fill-rule='evenodd'%3E%3Cg fill='%23fd9800' fill-opacity='0.05'%3E%3Cpath d='M36 34v-4h-2v4h-4v2h4v4h2v-4h4v-2h-4zm0-30V0h-2v4h-4v2h4v4h2V6h4V4h-4zM6 34v-4H4v4H0v2h4v4h2v-4h4v-2H6zM6 4V0H4v4H0v2h4v4h2V6h4V4H6z'\/%3E%3C\/g%3E%3C\/g%3E%3C\/svg%3E\");\n            opacity: 0.5;\n            z-index: 0;\n        }\n\n        .hero-content {\n            position: relative;\n            z-index: 1;\n            max-width: 800px;\n            margin: 0 auto;\n        }\n\n        .hero-title {\n            font-size: 2.8rem;\n            font-weight: 800;\n            margin-bottom: 1.5rem;\n            color: var(--text-color);\n        }\n\n        .hero-subtitle {\n            font-size: 1.25rem;\n            margin-bottom: 2rem;\n            color: var(--text-color);\n            line-height: 1.6;\n        }\n\n        .hero-badges {\n            display: flex;\n            flex-wrap: wrap;\n            justify-content: center;\n            gap: 1rem;\n            margin-bottom: 2rem;\n        }\n\n        .hero-badge {\n            display: flex;\n            align-items: center;\n            background: white;\n            border-radius: 50px;\n            padding: 0.5rem 1rem;\n            box-shadow: var(--box-shadow);\n            transition: all 0.3s ease;\n            border: 1px solid var(--border-color);\n        }\n\n        .hero-badge:hover {\n            transform: translateY(-3px);\n            box-shadow: var(--hover-shadow);\n            border-color: rgba(253, 152, 0, 0.3);\n        }\n\n        .hero-badge-icon {\n            color: var(--primary-color);\n            margin-right: 0.5rem;\n            font-size: 1rem;\n        }\n\n        .hero-badge-text {\n            font-size: 0.9rem;\n            font-weight: 600;\n            color: var(--text-color);\n        }\n\n        .hero-buttons {\n            display: flex;\n            justify-content: center;\n            gap: 1rem;\n            flex-wrap: wrap;\n        }\n\n        .btn {\n            display: inline-block;\n            padding: 0.75rem 1.5rem;\n            border-radius: 8px;\n            font-weight: 600;\n            text-decoration: none !important;\n            transition: all 0.3s ease;\n            cursor: pointer;\n            font-size: 1rem;\n        }\n\n        .btn-primary {\n            background-color: var(--primary-color);\n            color: white !important;\n            box-shadow: 0 8px 16px rgba(253, 152, 0, 0.2);\n            border: none;\n        }\n\n        .btn-primary:hover {\n            background-color: var(--primary-hover);\n            transform: translateY(-2px);\n            text-decoration: none !important;\n        }\n\n        .btn-secondary {\n            background-color: white;\n            color: var(--primary-color) !important;\n            border: 1px solid var(--border-color);\n        }\n\n        .btn-secondary:hover {\n            background-color: #fff5e6;\n            transform: translateY(-2px);\n            text-decoration: none !important;\n        }\n\n        \/* Features Section *\/\n        .features-section {\n            margin-bottom: 4rem;\n        }\n\n        .section-title {\n            font-size: 2.2rem;\n            font-weight: 700;\n            text-align: center;\n            margin-bottom: 2.5rem;\n            color: var(--text-color);\n        }\n\n        .features-grid {\n            display: grid;\n            grid-template-columns: repeat(auto-fit, minmax(300px, 1fr));\n            gap: 2rem;\n        }\n\n        .feature-card {\n            background: white;\n            border-radius: 16px;\n            overflow: hidden;\n            box-shadow: var(--box-shadow);\n            transition: all 0.3s ease;\n            border: 1px solid var(--border-color);\n            height: 100%;\n            display: flex;\n            flex-direction: column;\n        }\n\n        .feature-card:hover {\n            transform: translateY(-5px);\n            box-shadow: var(--hover-shadow);\n            border-color: rgba(253, 152, 0, 0.3);\n        }\n\n        .feature-icon {\n            width: 60px;\n            height: 60px;\n            background-color: rgba(253, 152, 0, 0.15);\n            color: var(--primary-color);\n            border-radius: 12px;\n            display: flex;\n            align-items: center;\n            justify-content: center;\n            margin-bottom: 1.5rem;\n            font-size: 1.8rem;\n            transition: all 0.3s ease;\n        }\n\n        .feature-card:hover .feature-icon {\n            background: linear-gradient(135deg, #FD9800 0%, #FF6D00 100%);\n            color: white;\n            box-shadow: 0 10px 20px rgba(253, 152, 0, 0.2);\n        }\n\n        .feature-content {\n            padding: 2rem;\n            flex-grow: 1;\n        }\n\n        .feature-title {\n            font-size: 1.4rem;\n            font-weight: 700;\n            margin-bottom: 1rem;\n            color: var(--text-color);\n        }\n\n        .feature-text {\n            font-size: 1rem;\n            color: #555;\n            line-height: 1.6;\n            margin-bottom: 1.5rem;\n        }\n\n        .feature-list {\n            list-style: none;\n            padding: 0;\n            margin: 0;\n        }\n\n        .feature-item {\n            display: flex;\n            align-items: flex-start;\n            margin-bottom: 0.75rem;\n            line-height: 1.5;\n        }\n\n        .feature-check {\n            color: var(--primary-color);\n            margin-right: 0.75rem;\n            flex-shrink: 0;\n            margin-top: 0.2rem;\n        }\n\n        .feature-item-text {\n            font-size: 0.95rem;\n            color: var(--text-color);\n        }\n\n        \/* Why Convert Section *\/\n        .why-convert-section {\n            margin-bottom: 4rem;\n            background: var(--light-bg);\n            border-radius: 16px;\n            padding: 3rem 2rem;\n        }\n\n        .comparison-grid {\n            display: grid;\n            grid-template-columns: repeat(auto-fit, minmax(300px, 1fr));\n            gap: 2rem;\n            margin-top: 2rem;\n        }\n\n        .format-card {\n            background: white;\n            border-radius: 16px;\n            padding: 1.5rem;\n            box-shadow: var(--box-shadow);\n            transition: all 0.3s ease;\n            border: 1px solid var(--border-color);\n        }\n\n        .format-card:hover {\n            transform: translateY(-5px);\n            box-shadow: var(--hover-shadow);\n            border-color: rgba(253, 152, 0, 0.3);\n        }\n\n        .format-title {\n            font-size: 1.6rem;\n            font-weight: 700;\n            margin-bottom: 1.25rem;\n            color: var(--text-color);\n            display: flex;\n            align-items: center;\n        }\n\n        .format-icon {\n            color: var(--primary-color);\n            margin-right: 0.75rem;\n            font-size: 1.6rem;\n        }\n\n        .format-list {\n            list-style: none;\n            padding: 0;\n            margin: 0;\n        }\n\n        .format-item {\n            display: flex;\n            align-items: flex-start;\n            margin-bottom: 0.85rem;\n        }\n\n        .format-check {\n            color: var(--primary-color);\n            margin-right: 0.75rem;\n            flex-shrink: 0;\n            margin-top: 0.2rem;\n        }\n\n        .format-text {\n            font-size: 0.95rem;\n            color: #555;\n            line-height: 1.5;\n        }\n\n        \/* How It Works Section *\/\n        .how-it-works-section {\n            margin-bottom: 4rem;\n        }\n\n        .steps-container {\n            max-width: 900px;\n            margin: 0 auto;\n        }\n\n        .step-card {\n            display: flex;\n            align-items: flex-start;\n            background: white;\n            border-radius: 16px;\n            padding: 2rem;\n            box-shadow: var(--box-shadow);\n            margin-bottom: 2rem;\n            border: 1px solid var(--border-color);\n            transition: all 0.3s ease;\n        }\n\n        .step-card:hover {\n            transform: translateY(-5px);\n            box-shadow: var(--hover-shadow);\n            border-color: rgba(253, 152, 0, 0.3);\n        }\n\n        .step-number {\n            width: 50px;\n            height: 50px;\n            background-color: rgba(253, 152, 0, 0.15);\n            color: var(--primary-color);\n            border-radius: 50%;\n            display: flex;\n            align-items: center;\n            justify-content: center;\n            font-size: 1.5rem;\n            font-weight: 700;\n            margin-right: 1.5rem;\n            flex-shrink: 0;\n            transition: all 0.3s ease;\n        }\n\n        .step-card:hover .step-number {\n            background: linear-gradient(135deg, #FD9800 0%, #FF6D00 100%);\n            color: white;\n            box-shadow: 0 10px 20px rgba(253, 152, 0, 0.2);\n        }\n\n        .step-content {\n            flex: 1;\n        }\n\n        .step-title {\n            font-size: 1.4rem;\n            font-weight: 700;\n            margin-bottom: 0.75rem;\n            color: var(--text-color);\n        }\n\n        .step-text {\n            font-size: 1rem;\n            color: #555;\n            line-height: 1.6;\n        }\n\n        \/* Use Cases Section *\/\n        .use-cases-section {\n            margin-bottom: 4rem;\n            background: var(--light-bg);\n            border-radius: 16px;\n            padding: 3rem 2rem;\n        }\n\n        .use-cases-grid {\n            display: grid;\n            grid-template-columns: repeat(auto-fit, minmax(300px, 1fr));\n            gap: 2rem;\n            margin-top: 2rem;\n        }\n\n        .use-case-card {\n            background: white;\n            border-radius: 16px;\n            padding: 1.5rem;\n            box-shadow: var(--box-shadow);\n            transition: all 0.3s ease;\n            border: 1px solid var(--border-color);\n            height: 100%;\n        }\n\n        .use-case-card:hover {\n            transform: translateY(-5px);\n            box-shadow: var(--hover-shadow);\n            border-color: rgba(253, 152, 0, 0.3);\n        }\n\n        .use-case-icon {\n            color: var(--primary-color);\n            font-size: 2rem;\n            margin-bottom: 1rem;\n        }\n\n        .use-case-title {\n            font-size: 1.3rem;\n            font-weight: 700;\n            margin-bottom: 1rem;\n            color: var(--text-color);\n        }\n\n        .use-case-text {\n            font-size: 0.95rem;\n            color: #555;\n            line-height: 1.6;\n        }\n\n        \/* FAQ Section *\/\n        .faq-section {\n            margin-bottom: 4rem;\n        }\n\n        .faq-container {\n            max-width: 900px;\n            margin: 0 auto;\n        }\n\n        .faq-item {\n            background: white;\n            border-radius: 16px;\n            padding: 1.5rem 2rem;\n            box-shadow: var(--box-shadow);\n            margin-bottom: 1.5rem;\n            border: 1px solid var(--border-color);\n            transition: all 0.3s ease;\n        }\n\n        .faq-item:hover {\n            transform: translateY(-3px);\n            box-shadow: var(--hover-shadow);\n            border-color: rgba(253, 152, 0, 0.3);\n        }\n\n        .faq-question {\n            font-size: 1.2rem;\n            font-weight: 700;\n            margin-bottom: 1rem;\n            color: var(--text-color);\n            display: flex;\n            align-items: center;\n        }\n\n        .faq-icon {\n            color: var(--primary-color);\n            margin-right: 0.75rem;\n            font-size: 1.2rem;\n        }\n\n        .faq-answer {\n            font-size: 1rem;\n            color: #555;\n            line-height: 1.6;\n        }\n\n        \/* Technical Details Section *\/\n        .technical-details-section {\n            margin-bottom: 4rem;\n        }\n\n        .technical-details-grid {\n            display: grid;\n            grid-template-columns: repeat(auto-fit, minmax(300px, 1fr));\n            gap: 2rem;\n        }\n\n        .tech-detail-card {\n            background: white;\n            border-radius: 16px;\n            padding: 1.5rem;\n            box-shadow: var(--box-shadow);\n            transition: all 0.3s ease;\n            border: 1px solid var(--border-color);\n        }\n\n        .tech-detail-card:hover {\n            transform: translateY(-5px);\n            box-shadow: var(--hover-shadow);\n            border-color: rgba(253, 152, 0, 0.3);\n        }\n\n        .tech-detail-title {\n            font-size: 1.3rem;\n            font-weight: 700;\n            margin-bottom: 1rem;\n            color: var(--text-color);\n            display: flex;\n            align-items: center;\n        }\n\n        .tech-detail-icon {\n            color: var(--primary-color);\n            margin-right: 0.75rem;\n            font-size: 1.3rem;\n        }\n\n        .tech-detail-text {\n            font-size: 0.95rem;\n            color: #555;\n            line-height: 1.6;\n        }\n\n        \/* Security Section *\/\n        .security-section {\n            margin-bottom: 4rem;\n            background: var(--light-bg);\n            border-radius: 16px;\n            padding: 3rem 2rem;\n        }\n\n        .security-features {\n            display: grid;\n            grid-template-columns: repeat(auto-fit, minmax(300px, 1fr));\n            gap: 2rem;\n            margin-top: 2rem;\n        }\n\n        .security-card {\n            background: white;\n            border-radius: 16px;\n            padding: 1.5rem;\n            box-shadow: var(--box-shadow);\n            transition: all 0.3s ease;\n            border: 1px solid var(--border-color);\n        }\n\n        .security-card:hover {\n            transform: translateY(-5px);\n            box-shadow: var(--hover-shadow);\n            border-color: rgba(253, 152, 0, 0.3);\n        }\n\n        .security-title {\n            font-size: 1.3rem;\n            font-weight: 700;\n            margin-bottom: 1rem;\n            color: var(--text-color);\n            display: flex;\n            align-items: center;\n        }\n\n        .security-icon {\n            color: var(--primary-color);\n            margin-right: 0.75rem;\n            font-size: 1.3rem;\n        }\n\n        .security-text {\n            font-size: 0.95rem;\n            color: #555;\n            line-height: 1.6;\n        }\n\n        \/* CTA Section *\/\n        .cta-section {\n            text-align: center;\n            padding: 3rem 1rem;\n            background: var(--gradient-bg);\n            border-radius: 16px;\n            position: relative;\n            overflow: hidden;\n            margin-bottom: 2rem;\n        }\n\n        .cta-pattern {\n            position: absolute;\n            top: 0;\n            left: 0;\n            right: 0;\n            bottom: 0;\n            background-image: url(\"data:image\/svg+xml,%3Csvg width='60' height='60' viewBox='0 0 60 60' xmlns='http:\/\/www.w3.org\/2000\/svg'%3E%3Cg fill='none' fill-rule='evenodd'%3E%3Cg fill='%23fd9800' fill-opacity='0.05'%3E%3Cpath d='M36 34v-4h-2v4h-4v2h4v4h2v-4h4v-2h-4zm0-30V0h-2v4h-4v2h4v4h2V6h4V4h-4zM6 34v-4H4v4H0v2h4v4h2v-4h4v-2H6zM6 4V0H4v4H0v2h4v4h2V6h4V4H6z'\/%3E%3C\/g%3E%3C\/g%3E%3C\/svg%3E\");\n            opacity: 0.5;\n            z-index: 0;\n        }\n\n        .cta-content {\n            position: relative;\n            z-index: 1;\n            max-width: 800px;\n            margin: 0 auto;\n        }\n\n        .cta-title {\n            font-size: 2.2rem;\n            font-weight: 700;\n            margin-bottom: 1.5rem;\n            color: var(--text-color);\n        }\n\n        .cta-text {\n            font-size: 1.1rem;\n            margin-bottom: 2rem;\n            color: #555;\n            line-height: 1.6;\n        }\n\n        \/* Guide-specific Styles *\/\n        .guide-content {\n            background: white;\n            border-radius: 16px;\n            padding: 2rem;\n            margin-bottom: 2rem;\n            box-shadow: var(--box-shadow);\n            border: 1px solid var(--border-color);\n        }\n\n        .guide-section-title {\n            font-size: 1.6rem;\n            font-weight: 700;\n            color: var(--text-color);\n            margin-bottom: 1rem;\n        }\n\n        .guide-text {\n            font-size: 1rem;\n            color: #555;\n            line-height: 1.8;\n            margin-bottom: 1rem;\n        }\n\n        .guide-list {\n            list-style: none;\n            padding: 0;\n            margin: 1rem 0;\n        }\n\n        .guide-list-item {\n            display: flex;\n            align-items: flex-start;\n            margin-bottom: 0.75rem;\n            padding-left: 1.5rem;\n            position: relative;\n        }\n\n        .guide-list-item::before {\n            content: \"\u2022\";\n            color: var(--primary-color);\n            font-weight: bold;\n            position: absolute;\n            left: 0;\n        }\n\n        \/* Responsive Styles *\/\n        @media (max-width: 768px) {\n            .hero-title {\n                font-size: 2.2rem;\n            }\n\n            .section-title {\n                font-size: 1.8rem;\n            }\n\n            .cta-title {\n                font-size: 1.8rem;\n            }\n\n            .features-grid {\n                grid-template-columns: 1fr;\n                max-width: 500px;\n                margin: 0 auto;\n            }\n\n            .step-card {\n                flex-direction: column;\n                align-items: flex-start;\n            }\n\n            .step-number {\n                margin-bottom: 1rem;\n                margin-right: 0;\n            }\n        }\n\n        @media (max-width: 480px) {\n            .hero-title {\n                font-size: 1.8rem;\n            }\n\n            .hero-subtitle {\n                font-size: 1.1rem;\n            }\n\n            .section-title {\n                font-size: 1.6rem;\n            }\n\n            .feature-content {\n                padding: 1.5rem;\n            }\n\n            .step-card {\n                padding: 1.5rem;\n            }\n\n            .faq-item {\n                padding: 1.25rem;\n            }\n        }\n\n        \/* Button text should never be underlined *\/\n        .btn:hover, .btn:focus, .btn:active {\n            text-decoration: none !important;\n        }\n    <\/style>\n<\/head>\n<body>\n    <div class=\"converter-section\">\n        <!-- Hero Section -->\n        <section class=\"hero-section\">\n            <div class=\"hero-pattern\"><\/div>\n            <div class=\"hero-content\">\n                <h1 class=\"hero-title\">P\u0159evodn\u00edk MP3 na AIFF<\/h1>\n                <p class=\"hero-subtitle\">P\u0159eve\u010fte soubory MP3 do nekomprimovan\u00e9ho form\u00e1tu AIFF pro profesion\u00e1ln\u00ed \u00fapravy zvuku a zvl\u00e1dnut\u00ed pracovn\u00edch postup\u016f. Zachovejte p\u016fvodn\u00ed kvalitu zvuku p\u0159i zachov\u00e1n\u00ed kompatibility s profesion\u00e1ln\u00edmi DAW a softwarem pro produkci zvuku.<\/p>\n\n                <div class=\"hero-badges\">\n                    <div class=\"hero-badge\">\n                        <span class=\"hero-badge-icon\"><i class=\"fas fa-desktop\"><\/i><\/span>\n                        <span class=\"hero-badge-text\">100% offline<\/span>\n                    <\/div>\n                    <div class=\"hero-badge\">\n                        <span class=\"hero-badge-icon\"><i class=\"fas fa-infinity\"><\/i><\/span>\n                        <span class=\"hero-badge-text\">Neomezen\u00e9 konverze<\/span>\n                    <\/div>\n                    <div class=\"hero-badge\">\n                        <span class=\"hero-badge-icon\"><i class=\"fas fa-shield-alt\"><\/i><\/span>\n                        <span class=\"hero-badge-text\">Soukrom\u00e9 a bezpe\u010dn\u00e9<\/span>\n                    <\/div>\n                    <div class=\"hero-badge\">\n                        <span class=\"hero-badge-icon\"><i class=\"fas fa-bolt\"><\/i><\/span>\n                        <span class=\"hero-badge-text\">Bleskov\u011b rychl\u00fd<\/span>\n                    <\/div>\n                <\/div>\n\n                <div class=\"hero-buttons\">\n                    <a href=\"\/download\" class=\"btn btn-primary\">St\u00e1hnout zdarma<\/a>\n                    <a href=\"#how-it-works\" class=\"btn btn-secondary\">Dal\u0161\u00ed informace<\/a>\n                <\/div>\n            <\/div>\n        <\/section>\n\n\n        <!-- Features Section -->\n        <section class=\"features-section\">\n            <h2 class=\"section-title\">Pro\u010d zvolit P\u0159ev\u00e9st pro p\u0159evod MP3 na AIFF?<\/h2>\n\n            <div class=\"features-grid\">\n                <div class=\"feature-card\">\n                    <div class=\"feature-content\">\n                        <div class=\"feature-icon\">\n                            <i class=\"fas fa-shield-alt\"><\/i>\n                        <\/div>\n                        <h3 class=\"feature-title\">Bezeztr\u00e1tov\u00e1 audio konverze<\/h3>\n                        <p class=\"feature-text\">Transformujte komprimovan\u00e9 soubory MP3 do nekomprimovan\u00e9ho form\u00e1tu AIFF, \u010d\u00edm\u017e se eliminuje dal\u0161\u00ed zhor\u0161ov\u00e1n\u00ed kvality b\u011bhem profesion\u00e1ln\u00edch pracovn\u00edch postup\u016f p\u0159i \u00faprav\u011b zvuku.<\/p>\n                        <ul class=\"feature-list\">\n                            <li class=\"feature-item\">\n                                <span class=\"feature-check\"><i class=\"fas fa-check-circle\"><\/i><\/span>\n                                <span class=\"feature-item-text\">Zachov\u00e1v\u00e1 maxim\u00e1ln\u00ed v\u011brnost zvuku ze zdroje<\/span>\n                            <\/li>\n                            <li class=\"feature-item\">\n                                <span class=\"feature-check\"><i class=\"fas fa-check-circle\"><\/i><\/span>\n                                <span class=\"feature-item-text\">\u017d\u00e1dn\u00e9 dal\u0161\u00ed kompresn\u00ed artefakty<\/span>\n                            <\/li>\n                            <li class=\"feature-item\">\n                                <span class=\"feature-check\"><i class=\"fas fa-check-circle\"><\/i><\/span>\n                                <span class=\"feature-item-text\">Zachov\u00e1v\u00e1 stereofonn\u00ed zobrazen\u00ed a dynamick\u00fd rozsah<\/span>\n                            <\/li>\n                        <\/ul>\n                    <\/div>\n                <\/div>\n                <div class=\"feature-card\">\n                    <div class=\"feature-content\">\n                        <div class=\"feature-icon\">\n                            <i class=\"fas fa-cogs\"><\/i>\n                        <\/div>\n                        <h3 class=\"feature-title\">Profesion\u00e1ln\u00ed zvukov\u00e9 standardy<\/h3>\n                        <p class=\"feature-text\">Vytv\u00e1\u0159ejte soubory AIFF, kter\u00e9 spl\u0148uj\u00ed pr\u016fmyslov\u00e9 standardy pro vys\u00edl\u00e1n\u00ed a zvl\u00e1dnut\u00ed a zaji\u0161\u0165uj\u00ed kompatibilitu s profesion\u00e1ln\u00edm audio vybaven\u00edm a softwarem.<\/p>\n                        <ul class=\"feature-list\">\n                            <li class=\"feature-item\">\n                                <span class=\"feature-check\"><i class=\"fas fa-check-circle\"><\/i><\/span>\n                                <span class=\"feature-item-text\">Standardn\u00ed podpora k\u00f3dov\u00e1n\u00ed PCM<\/span>\n                            <\/li>\n                            <li class=\"feature-item\">\n                                <span class=\"feature-check\"><i class=\"fas fa-check-circle\"><\/i><\/span>\n                                <span class=\"feature-item-text\">Specifikace zvuku p\u0159ipraven\u00e9ho k vys\u00edl\u00e1n\u00ed<\/span>\n                            <\/li>\n                            <li class=\"feature-item\">\n                                <span class=\"feature-check\"><i class=\"fas fa-check-circle\"><\/i><\/span>\n                                <span class=\"feature-item-text\">Profesion\u00e1ln\u00ed DAW kompatibilita zaru\u010dena<\/span>\n                            <\/li>\n                        <\/ul>\n                    <\/div>\n                <\/div>\n                <div class=\"feature-card\">\n                    <div class=\"feature-content\">\n                        <div class=\"feature-icon\">\n                            <i class=\"fas fa-rocket\"><\/i>\n                        <\/div>\n                        <h3 class=\"feature-title\">Vysokorychlostn\u00ed zpracov\u00e1n\u00ed<\/h3>\n                        <p class=\"feature-text\">Rychle p\u0159ev\u00e1d\u011bjte velk\u00e9 hudebn\u00ed knihovny z form\u00e1tu MP3 do form\u00e1tu AIFF pomoc\u00ed optimalizovan\u00fdch algoritm\u016f zpracov\u00e1n\u00ed zvuku a v\u00edcej\u00e1drov\u00e9ho vyu\u017eit\u00ed.<\/p>\n                        <ul class=\"feature-list\">\n                            <li class=\"feature-item\">\n                                <span class=\"feature-check\"><i class=\"fas fa-check-circle\"><\/i><\/span>\n                                <span class=\"feature-item-text\">Zpracujte cel\u00e1 alba b\u011bhem n\u011bkolika sekund<\/span>\n                            <\/li>\n                            <li class=\"feature-item\">\n                                <span class=\"feature-check\"><i class=\"fas fa-check-circle\"><\/i><\/span>\n                                <span class=\"feature-item-text\">V\u00edcevl\u00e1knov\u00fd konverzn\u00ed motor<\/span>\n                            <\/li>\n                            <li class=\"feature-item\">\n                                <span class=\"feature-check\"><i class=\"fas fa-check-circle\"><\/i><\/span>\n                                <span class=\"feature-item-text\">\u017d\u00e1dn\u00e9 kompromisy mezi kvalitou a rychlost\u00ed<\/span>\n                            <\/li>\n                        <\/ul>\n                    <\/div>\n                <\/div>\n            <\/div>\n        <\/section>\n\n\n        <!-- Why Convert Section -->\n        <section class=\"why-convert-section\">\n            <h2 class=\"section-title\">Pro\u010d p\u0159ev\u00e1d\u011bt MP3 na AIFF?<\/h2>\n\n            <div class=\"comparison-grid\">\n                <div class=\"format-card\">\n                    <h3 class=\"format-title\">\n                        <span class=\"format-icon\"><i class=\"fas fa-file-video\"><\/i><\/span>\n                        Form\u00e1t MP3\n                    <\/h3>\n                    <ul class=\"format-list\">\n                        <li class=\"format-item\">\n                            <span class=\"format-check\"><i class=\"fas fa-check-circle\"><\/i><\/span>\n                            <span class=\"format-text\">Vynikaj\u00edc\u00ed \u00fa\u010dinnost komprese s mal\u00fdmi velikostmi soubor\u016f ide\u00e1ln\u00ed pro distribuci<\/span>\n                        <\/li>\n                        <li class=\"format-item\">\n                            <span class=\"format-check\"><i class=\"fas fa-check-circle\"><\/i><\/span>\n                            <span class=\"format-text\">Univerz\u00e1ln\u00ed kompatibilita nap\u0159\u00ed\u010d v\u0161emi za\u0159\u00edzen\u00edmi a platformami<\/span>\n                        <\/li>\n                        <li class=\"format-item\">\n                            <span class=\"format-check\"><i class=\"fas fa-times-circle\"><\/i><\/span>\n                            <span class=\"format-text\">Ztr\u00e1tov\u00e1 komprese trvale odstra\u0148uje zvukov\u00e1 data a zav\u00e1d\u00ed artefakty<\/span>\n                        <\/li>\n                        <li class=\"format-item\">\n                            <span class=\"format-check\"><i class=\"fas fa-times-circle\"><\/i><\/span>\n                            <span class=\"format-text\">Omezeno na maxim\u00e1ln\u00ed bitovou rychlost 320 kbps ovliv\u0148uj\u00edc\u00ed profesion\u00e1ln\u00ed kvalitu zvuku<\/span>\n                        <\/li>\n                        <li class=\"format-item\">\n                            <span class=\"format-check\"><i class=\"fas fa-times-circle\"><\/i><\/span>\n                            <span class=\"format-text\">Nevhodn\u00e9 pro \u00fapravu zvuku kv\u016fli ztr\u00e1t\u011b generace b\u011bhem p\u0159ek\u00f3dov\u00e1n\u00ed<\/span>\n                        <\/li>\n                    <\/ul>\n                <\/div>\n\n                <div class=\"format-card\">\n                    <h3 class=\"format-title\">\n                        <span class=\"format-icon\"><i class=\"fas fa-file-video\"><\/i><\/span>\n                        Form\u00e1t AIFF\n                    <\/h3>\n                    <ul class=\"format-list\">\n                        <li class=\"format-item\">\n                            <span class=\"format-check\"><i class=\"fas fa-check-circle\"><\/i><\/span>\n                            <span class=\"format-text\">Nekomprimovan\u00fd zvuk PCM zachov\u00e1v\u00e1 \u00faplnou integritu p\u016fvodn\u00edch zvukov\u00fdch dat<\/span>\n                        <\/li>\n                        <li class=\"format-item\">\n                            <span class=\"format-check\"><i class=\"fas fa-check-circle\"><\/i><\/span>\n                            <span class=\"format-text\">Nativn\u00ed podpora v profesion\u00e1ln\u00edch DAW, jako jsou Pro Tools, Logic Pro a Cubase<\/span>\n                        <\/li>\n                        <li class=\"format-item\">\n                            <span class=\"format-check\"><i class=\"fas fa-check-circle\"><\/i><\/span>\n                            <span class=\"format-text\">Pr\u016fmyslov\u00fd standard pro aplikace vys\u00edl\u00e1n\u00ed a masteringu<\/span>\n                        <\/li>\n                        <li class=\"format-item\">\n                            <span class=\"format-check\"><i class=\"fas fa-check-circle\"><\/i><\/span>\n                            <span class=\"format-text\">Podporuje vysok\u00e9 vzorkovac\u00ed frekvence a\u017e 192 kHz a 32bitovou hloubku<\/span>\n                        <\/li>\n                        <li class=\"format-item\">\n                            <span class=\"format-check\"><i class=\"fas fa-times-circle\"><\/i><\/span>\n                            <span class=\"format-text\">Velk\u00e9 soubory vy\u017eaduj\u00ed v\u00fdrazn\u011b v\u00edce \u00falo\u017en\u00e9ho prostoru ne\u017e komprimovan\u00e9 form\u00e1ty<\/span>\n                        <\/li>\n                    <\/ul>\n                <\/div>\n            <\/div>\n        <\/section>\n\n\n        <!-- Technical Details Section -->\n        <section class=\"technical-details-section\">\n            <h2 class=\"section-title\">Technick\u00e9 detaily<\/h2>\n\n            <div class=\"technical-details-grid\">\n                <div class=\"tech-detail-card\">\n                    <h3 class=\"tech-detail-title\">\n                        <span class=\"tech-detail-icon\"><i class=\"fas fa-wave-square\"><\/i><\/span>\n                        Konverze audio form\u00e1tu\n                    <\/h3>\n                    <p class=\"tech-detail-text\">MP3 vyu\u017e\u00edv\u00e1 ztr\u00e1tovou kompresi MPEG-1 Layer 3 s psychoakustick\u00fdm modelov\u00e1n\u00edm, zat\u00edmco AIFF ukl\u00e1d\u00e1 nekomprimovan\u00e1 zvukov\u00e1 data PCM do kontejneru Apple Audio Interchange File Format. Proces p\u0159evodu dekomprimuje data MP3 a znovu je zabal\u00ed do line\u00e1rn\u00edho PCM bez dal\u0161\u00ed ztr\u00e1ty kvality.<\/p>\n                <\/div>\n                <div class=\"tech-detail-card\">\n                    <h3 class=\"tech-detail-title\">\n                        <span class=\"tech-detail-icon\"><i class=\"fas fa-chart-line\"><\/i><\/span>\n                        Zachov\u00e1n\u00ed vzorkovac\u00ed frekvence\n                    <\/h3>\n                    <p class=\"tech-detail-text\">Form\u00e1t AIFF podporuje stejn\u00e9 vzorkovac\u00ed frekvence jako zdrojov\u00fd MP3 (typicky 44,1 kHz nebo 48 kHz) p\u0159i roz\u0161\u00ed\u0159en\u00ed bitov\u00e9 hloubky na 16bitov\u00e9 nebo 24bitov\u00e9 nekomprimovan\u00e9 PCM. To eliminuje psychoakustick\u00e9 kompresn\u00ed artefakty p\u0159\u00edtomn\u00e9 v k\u00f3dov\u00e1n\u00ed MP3.<\/p>\n                <\/div>\n                <div class=\"tech-detail-card\">\n                    <h3 class=\"tech-detail-title\">\n                        <span class=\"tech-detail-icon\"><i class=\"fas fa-microchip\"><\/i><\/span>\n                        Zpracov\u00e1n\u00ed metadat\n                    <\/h3>\n                    <p class=\"tech-detail-text\">ID3 tagy ze soubor\u016f MP3 jsou p\u0159evedeny do syst\u00e9mu metadat zalo\u017een\u00fdch na blokech AIFF, p\u0159i\u010dem\u017e se zachovaj\u00ed informace o interpretovi, albu a skladb\u011b. AIFF pou\u017e\u00edv\u00e1 samostatn\u00e9 bloky pro koment\u00e1\u0159e, anotace a dal\u0161\u00ed metadata ve struktu\u0159e souboru.<\/p>\n                <\/div>\n            <\/div>\n        <\/section>\n\n\n        <!-- How It Works Section -->\n        <section id=\"how-it-works\" class=\"how-it-works-section\">\n            <h2 class=\"section-title\">Jak p\u0159ev\u00e9st MP3 na AIFF<\/h2>\n\n            <div class=\"steps-container\">\n                <div class=\"step-card\">\n                    <div class=\"step-number\">1<\/div>\n                    <div class=\"step-content\">\n                        <h3 class=\"step-title\">St\u00e1hnout a nainstalovat<\/h3>\n                        <p class=\"step-text\">St\u00e1hn\u011bte si Convertify zdarma a nainstalujte jej do po\u010d\u00edta\u010de se syst\u00e9mem Windows. Nevy\u017eaduje se \u017e\u00e1dn\u00fd \u00fa\u010det ani registrace.<\/p>\n                    <\/div>\n                <\/div>\n                <div class=\"step-card\">\n                    <div class=\"step-number\">2<\/div>\n                    <div class=\"step-content\">\n                        <h3 class=\"step-title\">P\u0159idejte sv\u00e9 soubory MP3<\/h3>\n                        <p class=\"step-text\">P\u0159et\u00e1hn\u011bte soubory MP3 do aplikace Convertify nebo je vyberte pomoc\u00ed prohl\u00ed\u017ee\u010de soubor\u016f.<\/p>\n                    <\/div>\n                <\/div>\n                <div class=\"step-card\">\n                    <div class=\"step-number\">3<\/div>\n                    <div class=\"step-content\">\n                        <h3 class=\"step-title\">Vyberte AIFF Output<\/h3>\n                        <p class=\"step-text\">Jako v\u00fdstupn\u00ed form\u00e1t vyberte AIFF. V p\u0159\u00edpad\u011b pot\u0159eby upravte nastaven\u00ed kvality.<\/p>\n                    <\/div>\n                <\/div>\n                <div class=\"step-card\">\n                    <div class=\"step-number\">4<\/div>\n                    <div class=\"step-content\">\n                        <h3 class=\"step-title\">P\u0159ev\u00e9st a ulo\u017eit<\/h3>\n                        <p class=\"step-text\">Klikn\u011bte na P\u0159ev\u00e9st a va\u0161e soubory budou okam\u017eit\u011b zpracov\u00e1ny. Ulo\u017ete si je kamkoli do po\u010d\u00edta\u010de.<\/p>\n                    <\/div>\n                <\/div>\n            <\/div>\n        <\/section>\n\n\n        <!-- Use Cases Section -->\n        <section class=\"use-cases-section\">\n            <h2 class=\"section-title\">Kdy pou\u017e\u00edt p\u0159evod MP3 na AIFF<\/h2>\n\n            <div class=\"use-cases-grid\">\n                <div class=\"use-case-card\">\n                    <div class=\"use-case-icon\"><i class=\"fas fa-music\"><\/i><\/div>\n                    <h3 class=\"use-case-title\">Pracovn\u00ed postupy zvukov\u00e9 produkce<\/h3>\n                    <p class=\"use-case-text\">P\u0159eve\u010fte skladby MP3 do form\u00e1tu AIFF pro import do profesion\u00e1ln\u00edch DAW, kde je pro mixov\u00e1n\u00ed, mastering a zpracov\u00e1n\u00ed efekt\u016f vy\u017eadov\u00e1n nekomprimovan\u00fd zvuk bez genera\u010dn\u00ed ztr\u00e1ty kvality.<\/p>\n                <\/div>\n                <div class=\"use-case-card\">\n                    <div class=\"use-case-icon\"><i class=\"fas fa-broadcast-tower\"><\/i><\/div>\n                    <h3 class=\"use-case-title\">Vys\u00edlac\u00ed standardy<\/h3>\n                    <p class=\"use-case-text\">P\u0159ipravte zvukov\u00fd obsah pro syst\u00e9my rozhlasov\u00e9ho a televizn\u00edho vys\u00edl\u00e1n\u00ed, kter\u00e9 vy\u017eaduj\u00ed nekomprimovan\u00fd form\u00e1t AIFF pro kvalitu p\u0159enosu a shodu s p\u0159edpisy.<\/p>\n                <\/div>\n                <div class=\"use-case-card\">\n                    <div class=\"use-case-icon\"><i class=\"fas fa-compact-disc\"><\/i><\/div>\n                    <h3 class=\"use-case-title\">P\u0159\u00edprava CD masteringu<\/h3>\n                    <p class=\"use-case-text\">P\u0159eve\u010fte zvuk do form\u00e1tu AIFF jako p\u0159\u00edpravu na mastering a replikaci CD, \u010d\u00edm\u017e zajist\u00edte nejvy\u0161\u0161\u00ed mo\u017enou kvalitu komprimovan\u00e9ho zdrojov\u00e9ho materi\u00e1lu.<\/p>\n                <\/div>\n                <div class=\"use-case-card\">\n                    <div class=\"use-case-icon\"><i class=\"fas fa-archive\"><\/i><\/div>\n                    <h3 class=\"use-case-title\">Archivn\u00ed \u00falo\u017ei\u0161t\u011b zvuku<\/h3>\n                    <p class=\"use-case-text\">Vytv\u00e1\u0159ejte nekomprimovan\u00e9 archivy AIFF hudebn\u00edch sb\u00edrek, abyste zabr\u00e1nili dal\u0161\u00edmu zhor\u0161ov\u00e1n\u00ed kvality b\u011bhem dlouhodob\u00e9ho ukl\u00e1d\u00e1n\u00ed a budouc\u00edch migrac\u00ed form\u00e1t\u016f.<\/p>\n                <\/div>\n                <div class=\"use-case-card\">\n                    <div class=\"use-case-icon\"><i class=\"fas fa-film\"><\/i><\/div>\n                    <h3 class=\"use-case-title\">Video postprodukce<\/h3>\n                    <p class=\"use-case-text\">P\u0159ipravte zvukov\u00e9 stopy ve form\u00e1tu AIFF pro postproduk\u010dn\u00ed pracovn\u00ed postupy filmu a videa, kde je nekomprimovan\u00fd zvuk nezbytn\u00fd pro profesion\u00e1ln\u00ed edita\u010dn\u00ed sady.<\/p>\n                <\/div>\n                <div class=\"use-case-card\">\n                    <div class=\"use-case-icon\"><i class=\"fas fa-headphones\"><\/i><\/div>\n                    <h3 class=\"use-case-title\">Audiofilsk\u00e9 p\u0159ehr\u00e1v\u00e1n\u00ed<\/h3>\n                    <p class=\"use-case-text\">P\u0159eve\u010fte hudbu do form\u00e1tu AIFF pro \u0161pi\u010dkov\u00e9 audio syst\u00e9my a za\u0159\u00edzen\u00ed pro p\u0159ehr\u00e1v\u00e1n\u00ed audiofil\u016f, kter\u00e1 t\u011b\u017e\u00ed z nekomprimovan\u00fdch cest zvukov\u00e9ho sign\u00e1lu.<\/p>\n                <\/div>\n            <\/div>\n        <\/section>\n\n\n        <!-- Security Section -->\n        <section class=\"security-section\">\n            <h2 class=\"section-title\">Va\u0161e soukrom\u00ed je chr\u00e1n\u011bno<\/h2>\n\n            <div class=\"security-features\">\n                <div class=\"security-card\">\n                    <h3 class=\"security-title\">\n                        <span class=\"security-icon\"><i class=\"fas fa-lock\"><\/i><\/span>\n                        100% offline\n                    <\/h3>\n                    <p class=\"security-text\">V\u0161echny p\u0159evody prob\u00edhaj\u00ed lok\u00e1ln\u011b na va\u0161em po\u010d\u00edta\u010di. Va\u0161e soubory nikdy neopust\u00ed va\u0161e za\u0159\u00edzen\u00ed a nikdy nejsou nahr\u00e1ny na \u017e\u00e1dn\u00fd server.<\/p>\n                <\/div>\n                <div class=\"security-card\">\n                    <h3 class=\"security-title\">\n                        <span class=\"security-icon\"><i class=\"fas fa-user-shield\"><\/i><\/span>\n                        Nen\u00ed vy\u017eadov\u00e1n \u017e\u00e1dn\u00fd \u00fa\u010det\n                    <\/h3>\n                    <p class=\"security-text\">Za\u010dn\u011bte okam\u017eit\u011b p\u0159ev\u00e1d\u011bt, ani\u017e byste si museli vytv\u00e1\u0159et \u00fa\u010det, poskytovat osobn\u00ed \u00fadaje nebo se k \u010demukoli p\u0159ihla\u0161ovat.<\/p>\n                <\/div>\n                <div class=\"security-card\">\n                    <h3 class=\"security-title\">\n                        <span class=\"security-icon\"><i class=\"fas fa-trash-alt\"><\/i><\/span>\n                        Automatick\u00e9 \u010di\u0161t\u011bn\u00ed\n                    <\/h3>\n                    <p class=\"security-text\">Do\u010dasn\u00e9 soubory jsou po p\u0159evodu bezpe\u010dn\u011b odstran\u011bny. Va\u0161e p\u016fvodn\u00ed soubory z\u016fstanou zcela nedot\u010deny, pokud nezvol\u00edte jinak.<\/p>\n                <\/div>\n            <\/div>\n        <\/section>\n\n\n        <!-- FAQ Section -->\n        <section class=\"faq-section\">\n            <h2 class=\"section-title\">\u010casto kladen\u00e9 ot\u00e1zky<\/h2>\n\n            <div class=\"faq-container\">\n                <div class=\"faq-item\">\n                    <h3 class=\"faq-question\">\n                        <span class=\"faq-icon\"><i class=\"fas fa-question-circle\"><\/i><\/span>\n                        Zlep\u0161\u00ed p\u0159evod MP3 na AIFF kvalitu zvuku?\n                    <\/h3>\n                    <div class=\"faq-answer\">\n                        <p>P\u0159evod MP3 na AIFF neobnov\u00ed zvukov\u00e1 data ztracen\u00e1 b\u011bhem p\u016fvodn\u00ed komprese MP3, ale zabr\u00e1n\u00ed dal\u0161\u00ed ztr\u00e1t\u011b kvality b\u011bhem \u00faprav a poskytuje lep\u0161\u00ed kompatibilitu s profesion\u00e1ln\u00edm audio softwarem, kter\u00fd vy\u017eaduje nekomprimovan\u00e9 form\u00e1ty.<\/p>\n                    <\/div>\n                <\/div>\n                <div class=\"faq-item\">\n                    <h3 class=\"faq-question\">\n                        <span class=\"faq-icon\"><i class=\"fas fa-question-circle\"><\/i><\/span>\n                        O kolik v\u011bt\u0161\u00ed jsou soubory AIFF ve srovn\u00e1n\u00ed s MP3?\n                    <\/h3>\n                    <div class=\"faq-answer\">\n                        <p>Soubory AIFF jsou obvykle 8\u201310kr\u00e1t v\u011bt\u0161\u00ed ne\u017e soubory MP3. Skladba MP3 o velikosti 4 MB bude m\u00edt p\u0159ibli\u017en\u011b 40\u201345 MB jako soubor AIFF, v z\u00e1vislosti na p\u016fvodn\u00ed bitov\u00e9 rychlosti MP3 a c\u00edlov\u00e9 bitov\u00e9 hloubce AIFF.<\/p>\n                    <\/div>\n                <\/div>\n                <div class=\"faq-item\">\n                    <h3 class=\"faq-question\">\n                        <span class=\"faq-icon\"><i class=\"fas fa-question-circle\"><\/i><\/span>\n                        Podporuje AIFF stejn\u00e1 metadata jako MP3?\n                    <\/h3>\n                    <div class=\"faq-answer\">\n                        <p>AIFF podporuje metadata prost\u0159ednictv\u00edm \u00falo\u017ei\u0161t\u011b zalo\u017een\u00e9ho na bloc\u00edch, p\u0159i\u010dem\u017e zachov\u00e1v\u00e1 v\u011bt\u0161inu informac\u00ed ID3 tag ze soubor\u016f MP3, v\u010detn\u011b interpreta, n\u00e1zvu, alba a \u017e\u00e1nru. N\u011bkter\u00e9 pokro\u010dil\u00e9 funkce ID3v2 v\u0161ak nemus\u00ed m\u00edt p\u0159\u00edm\u00e9 ekvivalenty AIFF.<\/p>\n                    <\/div>\n                <\/div>\n                <div class=\"faq-item\">\n                    <h3 class=\"faq-question\">\n                        <span class=\"faq-icon\"><i class=\"fas fa-question-circle\"><\/i><\/span>\n                        Mohu pou\u017e\u00edvat soubory AIFF na p\u0159ehr\u00e1va\u010d\u00edch m\u00e9di\u00ed Windows?\n                    <\/h3>\n                    <div class=\"faq-answer\">\n                        <p>Zat\u00edmco AIFF je form\u00e1t Apple, v\u011bt\u0161ina p\u0159ehr\u00e1va\u010d\u016f m\u00e9di\u00ed Windows v\u010detn\u011b VLC, Foobar2000 a Windows Media Player s p\u0159\u00edslu\u0161n\u00fdmi kodeky m\u016f\u017ee p\u0159ehr\u00e1vat soubory AIFF. MP3 m\u00e1 v\u0161ak \u0161ir\u0161\u00ed nativn\u00ed kompatibilitu se syst\u00e9mem Windows.<\/p>\n                    <\/div>\n                <\/div>\n                <div class=\"faq-item\">\n                    <h3 class=\"faq-question\">\n                        <span class=\"faq-icon\"><i class=\"fas fa-question-circle\"><\/i><\/span>\n                        Je AIFF lep\u0161\u00ed ne\u017e WAV pro profesion\u00e1ln\u00ed audio pr\u00e1ci?\n                    <\/h3>\n                    <div class=\"faq-answer\">\n                        <p>AIFF i WAV jsou nekomprimovan\u00e9 form\u00e1ty PCM vhodn\u00e9 pro profesion\u00e1ln\u00ed pr\u00e1ci. AIFF je preferov\u00e1n ve studi\u00edch zalo\u017een\u00fdch na Mac a nab\u00edz\u00ed lep\u0161\u00ed podporu metadat, zat\u00edmco WAV je b\u011b\u017en\u011bj\u0161\u00ed v prost\u0159ed\u00ed Windows. Kvalita zvuku je identick\u00e1.<\/p>\n                    <\/div>\n                <\/div>\n                <div class=\"faq-item\">\n                    <h3 class=\"faq-question\">\n                        <span class=\"faq-icon\"><i class=\"fas fa-question-circle\"><\/i><\/span>\n                        M\u00e1m p\u0159ev\u00e9st celou svou knihovnu MP3 na AIFF?\n                    <\/h3>\n                    <div class=\"faq-answer\">\n                        <p>P\u0159eve\u010fte na AIFF pouze v p\u0159\u00edpad\u011b, \u017ee pot\u0159ebujete nekomprimovan\u00fd zvuk pro profesion\u00e1ln\u00ed \u00fapravy, archiva\u010dn\u00ed \u00fa\u010dely nebo specifick\u00e9 po\u017eadavky na p\u0159ehr\u00e1v\u00e1n\u00ed. Pro p\u0159\u00edle\u017eitostn\u00fd poslech jsou MP3 soubory prakti\u010dt\u011bj\u0161\u00ed kv\u016fli men\u0161\u00edm n\u00e1rok\u016fm na \u00falo\u017ei\u0161t\u011b.<\/p>\n                    <\/div>\n                <\/div>\n                <div class=\"faq-item\">\n                    <h3 class=\"faq-question\">\n                        <span class=\"faq-icon\"><i class=\"fas fa-question-circle\"><\/i><\/span>\n                        Jak\u00e9 vzorkovac\u00ed frekvence AIFF podporuje?\n                    <\/h3>\n                    <div class=\"faq-answer\">\n                        <p>AIFF podporuje vzorkovac\u00ed frekvence od 8 kHz do 192 kHz a bitov\u00e9 hloubky od 8 bit\u016f do 32 bit\u016f. P\u0159i p\u0159evodu z MP3 bude v\u00fdstup odpov\u00eddat zdrojov\u00e9 vzorkovac\u00ed frekvenci (obvykle 44,1 kHz), ale roz\u0161\u00ed\u0159\u00ed se na nekomprimovan\u00e9 k\u00f3dov\u00e1n\u00ed PCM.<\/p>\n                    <\/div>\n                <\/div>\n                <div class=\"faq-item\">\n                    <h3 class=\"faq-question\">\n                        <span class=\"faq-icon\"><i class=\"fas fa-question-circle\"><\/i><\/span>\n                        Mohu d\u00e1vkov\u011b p\u0159ev\u00e9st v\u00edce alb MP3 do form\u00e1tu AIFF?\n                    <\/h3>\n                    <div class=\"faq-answer\">\n                        <p>Ano, Convertify podporuje masivn\u00ed d\u00e1vkov\u00e9 zpracov\u00e1n\u00ed, co\u017e v\u00e1m umo\u017e\u0148uje p\u0159ev\u00e1d\u011bt cel\u00e9 hudebn\u00ed knihovny z MP3 do AIFF sou\u010dasn\u011b. Funkce d\u00e1vkov\u00e9ho zpracov\u00e1n\u00ed zachov\u00e1v\u00e1 struktury slo\u017eek a zachov\u00e1v\u00e1 v\u0161echna metadata b\u011bhem p\u0159evodu.<\/p>\n                    <\/div>\n                <\/div>\n            <\/div>\n        <\/section>\n\n\n        <!-- CTA Section -->\n        <section class=\"cta-section\">\n            <div class=\"cta-pattern\"><\/div>\n            <div class=\"cta-content\">\n                <h2 class=\"cta-title\">Jste p\u0159ipraveni p\u0159ev\u00e9st sv\u00e9 soubory?<\/h2>\n                <p class=\"cta-text\">St\u00e1hn\u011bte si Convertify nyn\u00ed a za\u010dn\u011bte okam\u017eit\u011b p\u0159ev\u00e1d\u011bt MP3 na AIFF. Zdarma, neomezen\u011b a zcela offline.<\/p>\n                <div class=\"hero-buttons\">\n                    <a href=\"\/download\" class=\"btn btn-primary\">St\u00e1hnout Convertify zdarma<\/a>\n                    <a href=\"\/pricing\" class=\"btn btn-secondary\">Zobrazit ceny<\/a>\n                <\/div>\n            <\/div>\n        <\/section>\n    <\/div>\n<\/body>\n<\/html>\n\n\n\n<p><\/p>\n","protected":false},"excerpt":{"rendered":"<p>P\u0159evodn\u00edk MP3 na AIFF: Profesion\u00e1ln\u00ed zvuk, zdarma a offline P\u0159evodn\u00edk MP3 na AIFF P\u0159eve\u010fte soubory MP3 do nekomprimovan\u00e9ho form\u00e1tu AIFF [&hellip;]<\/p>\n","protected":false},"author":1,"featured_media":0,"parent":0,"menu_order":0,"comment_status":"closed","ping_status":"closed","template":"","meta":{"pagelayer_contact_templates":[],"_pagelayer_content":"","_uag_custom_page_level_css":"","site-sidebar-layout":"default","site-content-layout":"","ast-site-content-layout":"","site-content-style":"default","site-sidebar-style":"default","ast-global-header-display":"","ast-banner-title-visibility":"","ast-main-header-display":"","ast-hfb-above-header-display":"","ast-hfb-below-header-display":"","ast-hfb-mobile-header-display":"","site-post-title":"disabled","ast-breadcrumbs-content":"","ast-featured-img":"","footer-sml-layout":"","theme-transparent-header-meta":"","adv-header-id-meta":"","stick-header-meta":"","header-above-stick-meta":"","header-main-stick-meta":"","header-below-stick-meta":"","astra-migrate-meta-layouts":"default","ast-page-background-enabled":"default","ast-page-background-meta":{"desktop":{"background-color":"var(--ast-global-color-5)","background-image":"","background-repeat":"repeat","background-position":"center center","background-size":"auto","background-attachment":"scroll","background-type":"","background-media":"","overlay-type":"","overlay-color":"","overlay-opacity":"","overlay-gradient":""},"tablet":{"background-color":"","background-image":"","background-repeat":"repeat","background-position":"center center","background-size":"auto","background-attachment":"scroll","background-type":"","background-media":"","overlay-type":"","overlay-color":"","overlay-opacity":"","overlay-gradient":""},"mobile":{"background-color":"","background-image":"","background-repeat":"repeat","background-position":"center center","background-size":"auto","background-attachment":"scroll","background-type":"","background-media":"","overlay-type":"","overlay-color":"","overlay-opacity":"","overlay-gradient":""}},"ast-content-background-meta":{"desktop":{"background-color":"var(--ast-global-color-4)","background-image":"","background-repeat":"repeat","background-position":"center center","background-size":"auto","background-attachment":"scroll","background-type":"","background-media":"","overlay-type":"","overlay-color":"","overlay-opacity":"","overlay-gradient":""},"tablet":{"background-color":"var(--ast-global-color-4)","background-image":"","background-repeat":"repeat","background-position":"center center","background-size":"auto","background-attachment":"scroll","background-type":"","background-media":"","overlay-type":"","overlay-color":"","overlay-opacity":"","overlay-gradient":""},"mobile":{"background-color":"var(--ast-global-color-4)","background-image":"","background-repeat":"repeat","background-position":"center center","background-size":"auto","background-attachment":"scroll","background-type":"","background-media":"","overlay-type":"","overlay-color":"","overlay-opacity":"","overlay-gradient":""}},"footnotes":""},"class_list":["post-740441","page","type-page","status-publish","hentry"],"uagb_featured_image_src":{"full":false,"thumbnail":false,"medium":false,"medium_large":false,"large":false,"1536x1536":false,"2048x2048":false,"woocommerce_thumbnail":false,"woocommerce_single":false,"woocommerce_gallery_thumbnail":false},"uagb_author_info":{"display_name":"convertify","author_link":"https:\/\/convertifypro.com\/author\/convertifypro\/"},"uagb_comment_info":0,"uagb_excerpt":"P\u0159evodn\u00edk MP3 na AIFF: Profesion\u00e1ln\u00ed zvuk, zdarma a offline P\u0159evodn\u00edk MP3 na AIFF P\u0159eve\u010fte soubory MP3 do nekomprimovan\u00e9ho form\u00e1tu AIFF [&hellip;]","_links":{"self":[{"href":"https:\/\/convertifypro.com\/wp-json\/wp\/v2\/pages\/740441","targetHints":{"allow":["GET"]}}],"collection":[{"href":"https:\/\/convertifypro.com\/wp-json\/wp\/v2\/pages"}],"about":[{"href":"https:\/\/convertifypro.com\/wp-json\/wp\/v2\/types\/page"}],"author":[{"embeddable":true,"href":"https:\/\/convertifypro.com\/wp-json\/wp\/v2\/users\/1"}],"replies":[{"embeddable":true,"href":"https:\/\/convertifypro.com\/wp-json\/wp\/v2\/comments?post=740441"}],"version-history":[{"count":0,"href":"https:\/\/convertifypro.com\/wp-json\/wp\/v2\/pages\/740441\/revisions"}],"wp:attachment":[{"href":"https:\/\/convertifypro.com\/wp-json\/wp\/v2\/media?parent=740441"}],"curies":[{"name":"wp","href":"https:\/\/api.w.org\/{rel}","templated":true}]}}