{"id":740377,"date":"2026-01-21T22:38:03","date_gmt":"2026-01-21T22:38:03","guid":{"rendered":"https:\/\/convertifypro.com\/?page_id=740377"},"modified":"2026-01-21T22:38:03","modified_gmt":"2026-01-21T22:38:03","slug":"jpeg-to-avif-converter","status":"publish","type":"page","link":"https:\/\/convertifypro.com\/cs\/konvertor-jpeg-do-avif\/","title":{"rendered":"Konvertor JPEG do AVIF"},"content":{"rendered":"<style class=\"wpcode-css-snippet\">.ast-custom-button {\r\n  display: none;\r\n}<\/style>\n\n\n\n<!DOCTYPE html>\n<html lang=\"en\">\n<head>\n    <meta charset=\"UTF-8\">\n    <meta name=\"viewport\" content=\"width=device-width, initial-scale=1.0\">\n    <meta name=\"description\" content=\"Convert JPEG images to AVIF format with our powerful offline converter. Achieve 50-90% smaller files with superior quality. Perfect for web optimization and modern image workflows.\">\n    <meta name=\"keywords\" content=\"JPEG to AVIF converter, image compression, web optimization, AVIF converter, image format conversion, Windows converter, offline image converter, AV1 image format, next-gen image format\">\n    <title>P\u0159evodn\u00edk JPEG na AVIF: Rychl\u00fd, bezplatn\u00fd a offline pro Windows<\/title>\n    <link rel=\"stylesheet\" href=\"https:\/\/cdnjs.cloudflare.com\/ajax\/libs\/font-awesome\/6.4.0\/css\/all.min.css\">\n    \n    <style>\n        \/* Main Styles *\/\n        :root {\n            --primary-color: #FD9800;\n            --primary-hover: #e88a00;\n            --text-color: #3A3A3A;\n            --light-bg: #f8faff;\n            --gradient-bg: linear-gradient(135deg, #f8faff 0%, #fff5e6 100%);\n            --box-shadow: 0 10px 30px rgba(0, 0, 0, 0.05);\n            --hover-shadow: 0 15px 35px rgba(0, 0, 0, 0.1);\n            --border-color: #f1f5f9;\n        }\n\n        .converter-section {\n            max-width: 1200px;\n            margin: 0 auto;\n            padding: 2rem 1.5rem;\n            font-family: 'Inter', 'Segoe UI', system-ui, -apple-system, sans-serif;\n            color: var(--text-color);\n        }\n\n        \/* Hero Section *\/\n        .hero-section {\n            text-align: center;\n            padding: 3rem 1rem;\n            margin-bottom: 3rem;\n            background: var(--gradient-bg);\n            border-radius: 16px;\n            position: relative;\n            overflow: hidden;\n        }\n\n        .hero-pattern {\n            position: absolute;\n            top: 0;\n            left: 0;\n            right: 0;\n            bottom: 0;\n            background-image: url(\"data:image\/svg+xml,%3Csvg width='60' height='60' viewBox='0 0 60 60' xmlns='http:\/\/www.w3.org\/2000\/svg'%3E%3Cg fill='none' fill-rule='evenodd'%3E%3Cg fill='%23fd9800' fill-opacity='0.05'%3E%3Cpath d='M36 34v-4h-2v4h-4v2h4v4h2v-4h4v-2h-4zm0-30V0h-2v4h-4v2h4v4h2V6h4V4h-4zM6 34v-4H4v4H0v2h4v4h2v-4h4v-2H6zM6 4V0H4v4H0v2h4v4h2V6h4V4H6z'\/%3E%3C\/g%3E%3C\/g%3E%3C\/svg%3E\");\n            opacity: 0.5;\n            z-index: 0;\n        }\n\n        .hero-content {\n            position: relative;\n            z-index: 1;\n            max-width: 800px;\n            margin: 0 auto;\n        }\n\n        .hero-title {\n            font-size: 2.8rem;\n            font-weight: 800;\n            margin-bottom: 1.5rem;\n            color: var(--text-color);\n        }\n\n        .hero-subtitle {\n            font-size: 1.25rem;\n            margin-bottom: 2rem;\n            color: var(--text-color);\n            line-height: 1.6;\n        }\n\n        .hero-badges {\n            display: flex;\n            flex-wrap: wrap;\n            justify-content: center;\n            gap: 1rem;\n            margin-bottom: 2rem;\n        }\n\n        .hero-badge {\n            display: flex;\n            align-items: center;\n            background: white;\n            border-radius: 50px;\n            padding: 0.5rem 1rem;\n            box-shadow: var(--box-shadow);\n            transition: all 0.3s ease;\n            border: 1px solid var(--border-color);\n        }\n\n        .hero-badge:hover {\n            transform: translateY(-3px);\n            box-shadow: var(--hover-shadow);\n            border-color: rgba(253, 152, 0, 0.3);\n        }\n\n        .hero-badge-icon {\n            color: var(--primary-color);\n            margin-right: 0.5rem;\n            font-size: 1rem;\n        }\n\n        .hero-badge-text {\n            font-size: 0.9rem;\n            font-weight: 600;\n            color: var(--text-color);\n        }\n\n        .hero-buttons {\n            display: flex;\n            justify-content: center;\n            gap: 1rem;\n            flex-wrap: wrap;\n        }\n\n        .btn {\n            display: inline-block;\n            padding: 0.75rem 1.5rem;\n            border-radius: 8px;\n            font-weight: 600;\n            text-decoration: none !important;\n            transition: all 0.3s ease;\n            cursor: pointer;\n            font-size: 1rem;\n        }\n\n        .btn-primary {\n            background-color: var(--primary-color);\n            color: white !important;\n            box-shadow: 0 8px 16px rgba(253, 152, 0, 0.2);\n            border: none;\n        }\n\n        .btn-primary:hover {\n            background-color: var(--primary-hover);\n            transform: translateY(-2px);\n            text-decoration: none !important;\n        }\n\n        .btn-secondary {\n            background-color: white;\n            color: var(--primary-color) !important;\n            border: 1px solid var(--border-color);\n        }\n\n        .btn-secondary:hover {\n            background-color: #fff5e6;\n            transform: translateY(-2px);\n            text-decoration: none !important;\n        }\n\n        \/* Features Section *\/\n        .features-section {\n            margin-bottom: 4rem;\n        }\n\n        .section-title {\n            font-size: 2.2rem;\n            font-weight: 700;\n            text-align: center;\n            margin-bottom: 2.5rem;\n            color: var(--text-color);\n        }\n\n        .features-grid {\n            display: grid;\n            grid-template-columns: repeat(auto-fit, minmax(300px, 1fr));\n            gap: 2rem;\n        }\n\n        .feature-card {\n            background: white;\n            border-radius: 16px;\n            overflow: hidden;\n            box-shadow: var(--box-shadow);\n            transition: all 0.3s ease;\n            border: 1px solid var(--border-color);\n            height: 100%;\n            display: flex;\n            flex-direction: column;\n        }\n\n        .feature-card:hover {\n            transform: translateY(-5px);\n            box-shadow: var(--hover-shadow);\n            border-color: rgba(253, 152, 0, 0.3);\n        }\n\n        .feature-icon {\n            width: 60px;\n            height: 60px;\n            background-color: rgba(253, 152, 0, 0.15);\n            color: var(--primary-color);\n            border-radius: 12px;\n            display: flex;\n            align-items: center;\n            justify-content: center;\n            margin-bottom: 1.5rem;\n            font-size: 1.8rem;\n            transition: all 0.3s ease;\n        }\n\n        .feature-card:hover .feature-icon {\n            background: linear-gradient(135deg, #FD9800 0%, #FF6D00 100%);\n            color: white;\n            box-shadow: 0 10px 20px rgba(253, 152, 0, 0.2);\n        }\n\n        .feature-content {\n            padding: 2rem;\n            flex-grow: 1;\n        }\n\n        .feature-title {\n            font-size: 1.4rem;\n            font-weight: 700;\n            margin-bottom: 1rem;\n            color: var(--text-color);\n        }\n\n        .feature-text {\n            font-size: 1rem;\n            color: #555;\n            line-height: 1.6;\n            margin-bottom: 1.5rem;\n        }\n\n        .feature-list {\n            list-style: none;\n            padding: 0;\n            margin: 0;\n        }\n\n        .feature-item {\n            display: flex;\n            align-items: flex-start;\n            margin-bottom: 0.75rem;\n            line-height: 1.5;\n        }\n\n        .feature-check {\n            color: var(--primary-color);\n            margin-right: 0.75rem;\n            flex-shrink: 0;\n            margin-top: 0.2rem;\n        }\n\n        .feature-item-text {\n            font-size: 0.95rem;\n            color: var(--text-color);\n        }\n\n        \/* Why Convert Section *\/\n        .why-convert-section {\n            margin-bottom: 4rem;\n            background: var(--light-bg);\n            border-radius: 16px;\n            padding: 3rem 2rem;\n        }\n\n        .comparison-grid {\n            display: grid;\n            grid-template-columns: repeat(auto-fit, minmax(300px, 1fr));\n            gap: 2rem;\n            margin-top: 2rem;\n        }\n\n        .format-card {\n            background: white;\n            border-radius: 16px;\n            padding: 1.5rem;\n            box-shadow: var(--box-shadow);\n            transition: all 0.3s ease;\n            border: 1px solid var(--border-color);\n        }\n\n        .format-card:hover {\n            transform: translateY(-5px);\n            box-shadow: var(--hover-shadow);\n            border-color: rgba(253, 152, 0, 0.3);\n        }\n\n        .format-title {\n            font-size: 1.6rem;\n            font-weight: 700;\n            margin-bottom: 1.25rem;\n            color: var(--text-color);\n            display: flex;\n            align-items: center;\n        }\n\n        .format-icon {\n            color: var(--primary-color);\n            margin-right: 0.75rem;\n            font-size: 1.6rem;\n        }\n\n        .format-list {\n            list-style: none;\n            padding: 0;\n            margin: 0;\n        }\n\n        .format-item {\n            display: flex;\n            align-items: flex-start;\n            margin-bottom: 0.85rem;\n        }\n\n        .format-check {\n            color: var(--primary-color);\n            margin-right: 0.75rem;\n            flex-shrink: 0;\n            margin-top: 0.2rem;\n        }\n\n        .format-text {\n            font-size: 0.95rem;\n            color: #555;\n            line-height: 1.5;\n        }\n\n        \/* How It Works Section *\/\n        .how-it-works-section {\n            margin-bottom: 4rem;\n        }\n\n        .steps-container {\n            max-width: 900px;\n            margin: 0 auto;\n        }\n\n        .step-card {\n            display: flex;\n            align-items: flex-start;\n            background: white;\n            border-radius: 16px;\n            padding: 2rem;\n            box-shadow: var(--box-shadow);\n            margin-bottom: 2rem;\n            border: 1px solid var(--border-color);\n            transition: all 0.3s ease;\n        }\n\n        .step-card:hover {\n            transform: translateY(-5px);\n            box-shadow: var(--hover-shadow);\n            border-color: rgba(253, 152, 0, 0.3);\n        }\n\n        .step-number {\n            width: 50px;\n            height: 50px;\n            background-color: rgba(253, 152, 0, 0.15);\n            color: var(--primary-color);\n            border-radius: 50%;\n            display: flex;\n            align-items: center;\n            justify-content: center;\n            font-size: 1.5rem;\n            font-weight: 700;\n            margin-right: 1.5rem;\n            flex-shrink: 0;\n            transition: all 0.3s ease;\n        }\n\n        .step-card:hover .step-number {\n            background: linear-gradient(135deg, #FD9800 0%, #FF6D00 100%);\n            color: white;\n            box-shadow: 0 10px 20px rgba(253, 152, 0, 0.2);\n        }\n\n        .step-content {\n            flex: 1;\n        }\n\n        .step-title {\n            font-size: 1.4rem;\n            font-weight: 700;\n            margin-bottom: 0.75rem;\n            color: var(--text-color);\n        }\n\n        .step-text {\n            font-size: 1rem;\n            color: #555;\n            line-height: 1.6;\n        }\n\n        \/* Use Cases Section *\/\n        .use-cases-section {\n            margin-bottom: 4rem;\n            background: var(--light-bg);\n            border-radius: 16px;\n            padding: 3rem 2rem;\n        }\n\n        .use-cases-grid {\n            display: grid;\n            grid-template-columns: repeat(auto-fit, minmax(300px, 1fr));\n            gap: 2rem;\n            margin-top: 2rem;\n        }\n\n        .use-case-card {\n            background: white;\n            border-radius: 16px;\n            padding: 1.5rem;\n            box-shadow: var(--box-shadow);\n            transition: all 0.3s ease;\n            border: 1px solid var(--border-color);\n            height: 100%;\n        }\n\n        .use-case-card:hover {\n            transform: translateY(-5px);\n            box-shadow: var(--hover-shadow);\n            border-color: rgba(253, 152, 0, 0.3);\n        }\n\n        .use-case-icon {\n            color: var(--primary-color);\n            font-size: 2rem;\n            margin-bottom: 1rem;\n        }\n\n        .use-case-title {\n            font-size: 1.3rem;\n            font-weight: 700;\n            margin-bottom: 1rem;\n            color: var(--text-color);\n        }\n\n        .use-case-text {\n            font-size: 0.95rem;\n            color: #555;\n            line-height: 1.6;\n        }\n\n        \/* FAQ Section *\/\n        .faq-section {\n            margin-bottom: 4rem;\n        }\n\n        .faq-container {\n            max-width: 900px;\n            margin: 0 auto;\n        }\n\n        .faq-item {\n            background: white;\n            border-radius: 16px;\n            padding: 1.5rem 2rem;\n            box-shadow: var(--box-shadow);\n            margin-bottom: 1.5rem;\n            border: 1px solid var(--border-color);\n            transition: all 0.3s ease;\n        }\n\n        .faq-item:hover {\n            transform: translateY(-3px);\n            box-shadow: var(--hover-shadow);\n            border-color: rgba(253, 152, 0, 0.3);\n        }\n\n        .faq-question {\n            font-size: 1.2rem;\n            font-weight: 700;\n            margin-bottom: 1rem;\n            color: var(--text-color);\n            display: flex;\n            align-items: center;\n        }\n\n        .faq-icon {\n            color: var(--primary-color);\n            margin-right: 0.75rem;\n            font-size: 1.2rem;\n        }\n\n        .faq-answer {\n            font-size: 1rem;\n            color: #555;\n            line-height: 1.6;\n        }\n\n        \/* Technical Details Section *\/\n        .technical-details-section {\n            margin-bottom: 4rem;\n        }\n\n        .technical-details-grid {\n            display: grid;\n            grid-template-columns: repeat(auto-fit, minmax(300px, 1fr));\n            gap: 2rem;\n        }\n\n        .tech-detail-card {\n            background: white;\n            border-radius: 16px;\n            padding: 1.5rem;\n            box-shadow: var(--box-shadow);\n            transition: all 0.3s ease;\n            border: 1px solid var(--border-color);\n        }\n\n        .tech-detail-card:hover {\n            transform: translateY(-5px);\n            box-shadow: var(--hover-shadow);\n            border-color: rgba(253, 152, 0, 0.3);\n        }\n\n        .tech-detail-title {\n            font-size: 1.3rem;\n            font-weight: 700;\n            margin-bottom: 1rem;\n            color: var(--text-color);\n            display: flex;\n            align-items: center;\n        }\n\n        .tech-detail-icon {\n            color: var(--primary-color);\n            margin-right: 0.75rem;\n            font-size: 1.3rem;\n        }\n\n        .tech-detail-text {\n            font-size: 0.95rem;\n            color: #555;\n            line-height: 1.6;\n        }\n\n        \/* Security Section *\/\n        .security-section {\n            margin-bottom: 4rem;\n            background: var(--light-bg);\n            border-radius: 16px;\n            padding: 3rem 2rem;\n        }\n\n        .security-features {\n            display: grid;\n            grid-template-columns: repeat(auto-fit, minmax(300px, 1fr));\n            gap: 2rem;\n            margin-top: 2rem;\n        }\n\n        .security-card {\n            background: white;\n            border-radius: 16px;\n            padding: 1.5rem;\n            box-shadow: var(--box-shadow);\n            transition: all 0.3s ease;\n            border: 1px solid var(--border-color);\n        }\n\n        .security-card:hover {\n            transform: translateY(-5px);\n            box-shadow: var(--hover-shadow);\n            border-color: rgba(253, 152, 0, 0.3);\n        }\n\n        .security-title {\n            font-size: 1.3rem;\n            font-weight: 700;\n            margin-bottom: 1rem;\n            color: var(--text-color);\n            display: flex;\n            align-items: center;\n        }\n\n        .security-icon {\n            color: var(--primary-color);\n            margin-right: 0.75rem;\n            font-size: 1.3rem;\n        }\n\n        .security-text {\n            font-size: 0.95rem;\n            color: #555;\n            line-height: 1.6;\n        }\n\n        \/* CTA Section *\/\n        .cta-section {\n            text-align: center;\n            padding: 3rem 1rem;\n            background: var(--gradient-bg);\n            border-radius: 16px;\n            position: relative;\n            overflow: hidden;\n            margin-bottom: 2rem;\n        }\n\n        .cta-pattern {\n            position: absolute;\n            top: 0;\n            left: 0;\n            right: 0;\n            bottom: 0;\n            background-image: url(\"data:image\/svg+xml,%3Csvg width='60' height='60' viewBox='0 0 60 60' xmlns='http:\/\/www.w3.org\/2000\/svg'%3E%3Cg fill='none' fill-rule='evenodd'%3E%3Cg fill='%23fd9800' fill-opacity='0.05'%3E%3Cpath d='M36 34v-4h-2v4h-4v2h4v4h2v-4h4v-2h-4zm0-30V0h-2v4h-4v2h4v4h2V6h4V4h-4zM6 34v-4H4v4H0v2h4v4h2v-4h4v-2H6zM6 4V0H4v4H0v2h4v4h2V6h4V4H6z'\/%3E%3C\/g%3E%3C\/g%3E%3C\/svg%3E\");\n            opacity: 0.5;\n            z-index: 0;\n        }\n\n        .cta-content {\n            position: relative;\n            z-index: 1;\n            max-width: 800px;\n            margin: 0 auto;\n        }\n\n        .cta-title {\n            font-size: 2.2rem;\n            font-weight: 700;\n            margin-bottom: 1.5rem;\n            color: var(--text-color);\n        }\n\n        .cta-text {\n            font-size: 1.1rem;\n            margin-bottom: 2rem;\n            color: #555;\n            line-height: 1.6;\n        }\n\n        \/* Guide-specific Styles *\/\n        .guide-content {\n            background: white;\n            border-radius: 16px;\n            padding: 2rem;\n            margin-bottom: 2rem;\n            box-shadow: var(--box-shadow);\n            border: 1px solid var(--border-color);\n        }\n\n        .guide-section-title {\n            font-size: 1.6rem;\n            font-weight: 700;\n            color: var(--text-color);\n            margin-bottom: 1rem;\n        }\n\n        .guide-text {\n            font-size: 1rem;\n            color: #555;\n            line-height: 1.8;\n            margin-bottom: 1rem;\n        }\n\n        .guide-list {\n            list-style: none;\n            padding: 0;\n            margin: 1rem 0;\n        }\n\n        .guide-list-item {\n            display: flex;\n            align-items: flex-start;\n            margin-bottom: 0.75rem;\n            padding-left: 1.5rem;\n            position: relative;\n        }\n\n        .guide-list-item::before {\n            content: \"\u2022\";\n            color: var(--primary-color);\n            font-weight: bold;\n            position: absolute;\n            left: 0;\n        }\n\n        \/* Responsive Styles *\/\n        @media (max-width: 768px) {\n            .hero-title {\n                font-size: 2.2rem;\n            }\n\n            .section-title {\n                font-size: 1.8rem;\n            }\n\n            .cta-title {\n                font-size: 1.8rem;\n            }\n\n            .features-grid {\n                grid-template-columns: 1fr;\n                max-width: 500px;\n                margin: 0 auto;\n            }\n\n            .step-card {\n                flex-direction: column;\n                align-items: flex-start;\n            }\n\n            .step-number {\n                margin-bottom: 1rem;\n                margin-right: 0;\n            }\n        }\n\n        @media (max-width: 480px) {\n            .hero-title {\n                font-size: 1.8rem;\n            }\n\n            .hero-subtitle {\n                font-size: 1.1rem;\n            }\n\n            .section-title {\n                font-size: 1.6rem;\n            }\n\n            .feature-content {\n                padding: 1.5rem;\n            }\n\n            .step-card {\n                padding: 1.5rem;\n            }\n\n            .faq-item {\n                padding: 1.25rem;\n            }\n        }\n\n        \/* Button text should never be underlined *\/\n        .btn:hover, .btn:focus, .btn:active {\n            text-decoration: none !important;\n        }\n    <\/style>\n<\/head>\n<body>\n    <div class=\"converter-section\">\n        <!-- Hero Section -->\n        <section class=\"hero-section\">\n            <div class=\"hero-pattern\"><\/div>\n            <div class=\"hero-content\">\n                <h1 class=\"hero-title\">Konvertor JPEG do AVIF<\/h1>\n                <p class=\"hero-subtitle\">Transformujte sv\u00e9 obr\u00e1zky JPEG do modern\u00edho form\u00e1tu AVIF pro a\u017e o 90 % men\u0161\u00ed velikosti soubor\u016f se zachov\u00e1n\u00edm vynikaj\u00edc\u00ed kvality. Vyzkou\u0161ejte kompresi obr\u00e1zk\u016f nov\u00e9 generace, kter\u00e1 p\u0159in\u00e1\u0161\u00ed rychlej\u0161\u00ed na\u010d\u00edt\u00e1n\u00ed webu a lep\u0161\u00ed vizu\u00e1ln\u00ed v\u011brnost.<\/p>\n\n                <div class=\"hero-badges\">\n                    <div class=\"hero-badge\">\n                        <span class=\"hero-badge-icon\"><i class=\"fas fa-desktop\"><\/i><\/span>\n                        <span class=\"hero-badge-text\">100% offline<\/span>\n                    <\/div>\n                    <div class=\"hero-badge\">\n                        <span class=\"hero-badge-icon\"><i class=\"fas fa-infinity\"><\/i><\/span>\n                        <span class=\"hero-badge-text\">Neomezen\u00e9 konverze<\/span>\n                    <\/div>\n                    <div class=\"hero-badge\">\n                        <span class=\"hero-badge-icon\"><i class=\"fas fa-shield-alt\"><\/i><\/span>\n                        <span class=\"hero-badge-text\">Soukrom\u00e9 a bezpe\u010dn\u00e9<\/span>\n                    <\/div>\n                    <div class=\"hero-badge\">\n                        <span class=\"hero-badge-icon\"><i class=\"fas fa-bolt\"><\/i><\/span>\n                        <span class=\"hero-badge-text\">Bleskov\u011b rychl\u00fd<\/span>\n                    <\/div>\n                <\/div>\n\n                <div class=\"hero-buttons\">\n                    <a href=\"\/download\" class=\"btn btn-primary\">St\u00e1hnout zdarma<\/a>\n                    <a href=\"#how-it-works\" class=\"btn btn-secondary\">Dal\u0161\u00ed informace<\/a>\n                <\/div>\n            <\/div>\n        <\/section>\n\n\n        <!-- Features Section -->\n        <section class=\"features-section\">\n            <h2 class=\"section-title\">Pro\u010d zvolit p\u0159evod pro p\u0159evod JPEG na AVIF?<\/h2>\n\n            <div class=\"features-grid\">\n                <div class=\"feature-card\">\n                    <div class=\"feature-content\">\n                        <div class=\"feature-icon\">\n                            <i class=\"fas fa-compress-alt\"><\/i>\n                        <\/div>\n                        <h3 class=\"feature-title\">\u0160pi\u010dkov\u00e1 kompresn\u00ed technologie<\/h3>\n                        <p class=\"feature-text\">AVIF vyu\u017e\u00edv\u00e1 technologii kodeku AV1 k dosa\u017een\u00ed v\u00fdrazn\u011b lep\u0161\u00edch kompresn\u00edch pom\u011br\u016f ne\u017e JPEG p\u0159i zachov\u00e1n\u00ed v\u00fdjime\u010dn\u00e9 vizu\u00e1ln\u00ed kvality. Z\u00edskejte soubory, kter\u00e9 jsou o 50\u201390 % men\u0161\u00ed ne\u017e p\u016fvodn\u00ed JPEG s lep\u0161\u00edm zachov\u00e1n\u00edm detail\u016f.<\/p>\n                        <ul class=\"feature-list\">\n                            <li class=\"feature-item\">\n                                <span class=\"feature-check\"><i class=\"fas fa-check-circle\"><\/i><\/span>\n                                <span class=\"feature-item-text\">Kompresn\u00ed algoritmus zalo\u017een\u00fd na AV1<\/span>\n                            <\/li>\n                            <li class=\"feature-item\">\n                                <span class=\"feature-check\"><i class=\"fas fa-check-circle\"><\/i><\/span>\n                                <span class=\"feature-item-text\">Mo\u017enosti bezztr\u00e1tov\u00e9 a ztr\u00e1tov\u00e9 konverze<\/span>\n                            <\/li>\n                            <li class=\"feature-item\">\n                                <span class=\"feature-check\"><i class=\"fas fa-check-circle\"><\/i><\/span>\n                                <span class=\"feature-item-text\">Zachov\u00e1v\u00e1 jemn\u00e9 detaily a p\u0159echody<\/span>\n                            <\/li>\n                        <\/ul>\n                    <\/div>\n                <\/div>\n                <div class=\"feature-card\">\n                    <div class=\"feature-content\">\n                        <div class=\"feature-icon\">\n                            <i class=\"fas fa-palette\"><\/i>\n                        <\/div>\n                        <h3 class=\"feature-title\">Vylep\u0161en\u00e1 podpora barev<\/h3>\n                        <p class=\"feature-text\">P\u0159eve\u010fte 8bitovou barevnou hloubku JPEG na pokro\u010dil\u00e9 mo\u017enosti barev AVIF v\u010detn\u011b podpory 10bitov\u00fdch a 12bitov\u00fdch barev s \u0161irok\u00fdmi barevn\u00fdmi gamuty. Ide\u00e1ln\u00ed pro profesion\u00e1ln\u00ed fotografie a vysoce kvalitn\u00ed displeje.<\/p>\n                        <ul class=\"feature-list\">\n                            <li class=\"feature-item\">\n                                <span class=\"feature-check\"><i class=\"fas fa-check-circle\"><\/i><\/span>\n                                <span class=\"feature-item-text\">Podpora 10bitov\u00e9 a 12bitov\u00e9 barevn\u00e9 hloubky<\/span>\n                            <\/li>\n                            <li class=\"feature-item\">\n                                <span class=\"feature-check\"><i class=\"fas fa-check-circle\"><\/i><\/span>\n                                <span class=\"feature-item-text\">Zachov\u00e1n\u00ed \u0161irok\u00e9ho barevn\u00e9ho gamutu<\/span>\n                            <\/li>\n                            <li class=\"feature-item\">\n                                <span class=\"feature-check\"><i class=\"fas fa-check-circle\"><\/i><\/span>\n                                <span class=\"feature-item-text\">Kompatibilita obsahu HDR<\/span>\n                            <\/li>\n                        <\/ul>\n                    <\/div>\n                <\/div>\n                <div class=\"feature-card\">\n                    <div class=\"feature-content\">\n                        <div class=\"feature-icon\">\n                            <i class=\"fas fa-shield-alt\"><\/i>\n                        <\/div>\n                        <h3 class=\"feature-title\">Migrace form\u00e1tu pro budoucnost<\/h3>\n                        <p class=\"feature-text\">P\u0159ejd\u011bte ze st\u00e1rnouc\u00edho standardu JPEG na \u0161pi\u010dkov\u00fd form\u00e1t AVIF podporovan\u00fd modern\u00edmi prohl\u00ed\u017ee\u010di a za\u0159\u00edzen\u00edmi. P\u0159ipravte svou knihovnu obr\u00e1zk\u016f pro webov\u00e9 standardy nov\u00e9 generace a zlep\u0161en\u00fd v\u00fdkon.<\/p>\n                        <ul class=\"feature-list\">\n                            <li class=\"feature-item\">\n                                <span class=\"feature-check\"><i class=\"fas fa-check-circle\"><\/i><\/span>\n                                <span class=\"feature-item-text\">Podpora Chrome, Firefox a Safari<\/span>\n                            <\/li>\n                            <li class=\"feature-item\">\n                                <span class=\"feature-check\"><i class=\"fas fa-check-circle\"><\/i><\/span>\n                                <span class=\"feature-item-text\">Kompatibilita Android a iOS<\/span>\n                            <\/li>\n                            <li class=\"feature-item\">\n                                <span class=\"feature-check\"><i class=\"fas fa-check-circle\"><\/i><\/span>\n                                <span class=\"feature-item-text\">Technologie kodek\u016f bez licen\u010dn\u00edch poplatk\u016f<\/span>\n                            <\/li>\n                        <\/ul>\n                    <\/div>\n                <\/div>\n            <\/div>\n        <\/section>\n\n\n        <!-- Why Convert Section -->\n        <section class=\"why-convert-section\">\n            <h2 class=\"section-title\">Pro\u010d p\u0159ev\u00e1d\u011bt JPEG na AVIF?<\/h2>\n\n            <div class=\"comparison-grid\">\n                <div class=\"format-card\">\n                    <h3 class=\"format-title\">\n                        <span class=\"format-icon\"><i class=\"fas fa-file-video\"><\/i><\/span>\n                        Form\u00e1t JPEG\n                    <\/h3>\n                    <ul class=\"format-list\">\n                        <li class=\"format-item\">\n                            <span class=\"format-check\"><i class=\"fas fa-check-circle\"><\/i><\/span>\n                            <span class=\"format-text\">Univerz\u00e1ln\u00ed kompatibilita nap\u0159\u00ed\u010d v\u0161emi za\u0159\u00edzen\u00edmi a softwarem<\/span>\n                        <\/li>\n                        <li class=\"format-item\">\n                            <span class=\"format-check\"><i class=\"fas fa-check-circle\"><\/i><\/span>\n                            <span class=\"format-text\">Spolehliv\u00e1 8bitov\u00e1 barevn\u00e1 hloubka s dobrou kvalitou<\/span>\n                        <\/li>\n                        <li class=\"format-item\">\n                            <span class=\"format-check\"><i class=\"fas fa-times-circle\"><\/i><\/span>\n                            <span class=\"format-text\">Omezen\u00e1 \u00fa\u010dinnost komprese p\u0159i vytv\u00e1\u0159en\u00ed velk\u00fdch soubor\u016f<\/span>\n                        <\/li>\n                        <li class=\"format-item\">\n                            <span class=\"format-check\"><i class=\"fas fa-times-circle\"><\/i><\/span>\n                            <span class=\"format-text\">\u017d\u00e1dn\u00e1 podpora pr\u016fhlednosti nebo animace<\/span>\n                        <\/li>\n                        <li class=\"format-item\">\n                            <span class=\"format-check\"><i class=\"fas fa-times-circle\"><\/i><\/span>\n                            <span class=\"format-text\">Postr\u00e1d\u00e1 modern\u00ed funkce, jako je HDR a podpora \u0161irok\u00e9ho barevn\u00e9ho gamutu<\/span>\n                        <\/li>\n                    <\/ul>\n                <\/div>\n\n                <div class=\"format-card\">\n                    <h3 class=\"format-title\">\n                        <span class=\"format-icon\"><i class=\"fas fa-file-video\"><\/i><\/span>\n                        Form\u00e1t AVIF\n                    <\/h3>\n                    <ul class=\"format-list\">\n                        <li class=\"format-item\">\n                            <span class=\"format-check\"><i class=\"fas fa-check-circle\"><\/i><\/span>\n                            <span class=\"format-text\">Dosahuje o 50\u201390 % men\u0161\u00edch velikost\u00ed soubor\u016f ne\u017e JPEG s lep\u0161\u00ed kvalitou<\/span>\n                        <\/li>\n                        <li class=\"format-item\">\n                            <span class=\"format-check\"><i class=\"fas fa-check-circle\"><\/i><\/span>\n                            <span class=\"format-text\">Podporuje 10bitovou a 12bitovou barevnou hloubku pro profesion\u00e1ln\u00ed sn\u00edmky<\/span>\n                        <\/li>\n                        <li class=\"format-item\">\n                            <span class=\"format-check\"><i class=\"fas fa-check-circle\"><\/i><\/span>\n                            <span class=\"format-text\">Vestav\u011bn\u00e1 podpora pr\u016fhlednosti a animace<\/span>\n                        <\/li>\n                        <li class=\"format-item\">\n                            <span class=\"format-check\"><i class=\"fas fa-check-circle\"><\/i><\/span>\n                            <span class=\"format-text\">Kompatibilita s HDR a \u0161irok\u00fdm barevn\u00fdm gamutem<\/span>\n                        <\/li>\n                        <li class=\"format-item\">\n                            <span class=\"format-check\"><i class=\"fas fa-check-circle\"><\/i><\/span>\n                            <span class=\"format-text\">Bezplatn\u00fd kodek AV1 s rostouc\u00ed podporou prohl\u00ed\u017ee\u010de<\/span>\n                        <\/li>\n                    <\/ul>\n                <\/div>\n            <\/div>\n        <\/section>\n\n\n        <!-- Technical Details Section -->\n        <section class=\"technical-details-section\">\n            <h2 class=\"section-title\">Technick\u00e9 detaily<\/h2>\n\n            <div class=\"technical-details-grid\">\n                <div class=\"tech-detail-card\">\n                    <h3 class=\"tech-detail-title\">\n                        <span class=\"tech-detail-icon\"><i class=\"fas fa-microchip\"><\/i><\/span>\n                        AV1 Codec Foundation\n                    <\/h3>\n                    <p class=\"tech-detail-text\">AVIF je postaven na video kodeku AV1 a vyu\u017e\u00edv\u00e1 pokro\u010dil\u00e9 techniky komprese uvnit\u0159 sn\u00edmku p\u016fvodn\u011b navr\u017een\u00e9 pro video. To poskytuje vynikaj\u00edc\u00ed \u00fa\u010dinnost komprese d\u00edky lep\u0161\u00edm predik\u010dn\u00edm algoritm\u016fm, transforma\u010dn\u00edmu k\u00f3dov\u00e1n\u00ed a entropick\u00e9mu k\u00f3dov\u00e1n\u00ed ve srovn\u00e1n\u00ed s p\u0159\u00edstupem zalo\u017een\u00fdm na JPEG DCT.<\/p>\n                <\/div>\n                <div class=\"tech-detail-card\">\n                    <h3 class=\"tech-detail-title\">\n                        <span class=\"tech-detail-icon\"><i class=\"fas fa-chart-line\"><\/i><\/span>\n                        Pokro\u010dil\u00e1 v\u011bda o barv\u00e1ch\n                    <\/h3>\n                    <p class=\"tech-detail-text\">Zat\u00edmco JPEG je omezen na 8bitov\u00e9 vzorkov\u00e1n\u00ed barev YUV 4:2:0, AVIF podporuje a\u017e 12bitovou barevnou hloubku se vzorkov\u00e1n\u00edm barev 4:4:4. To umo\u017e\u0148uje lep\u0161\u00ed p\u0159esnost barev, sn\u00ed\u017een\u00e9 pruhov\u00e1n\u00ed a podporu obsahu HDR s \u0161ir\u0161\u00edmi barevn\u00fdmi gamuty, jako je Rec. 2020.<\/p>\n                <\/div>\n                <div class=\"tech-detail-card\">\n                    <h3 class=\"tech-detail-title\">\n                        <span class=\"tech-detail-icon\"><i class=\"fas fa-layer-group\"><\/i><\/span>\n                        Struktura kontejneru\n                    <\/h3>\n                    <p class=\"tech-detail-text\">AVIF pou\u017e\u00edv\u00e1 kontejner ISO Base Media File Format (ISOBMFF), kter\u00fd umo\u017e\u0148uje ukl\u00e1d\u00e1n\u00ed metadat, v\u00edce obrazov\u00fdch sekvenc\u00ed a pomocn\u00fdch obrazov\u00fdch dat. To poskytuje v\u011bt\u0161\u00ed flexibilitu ne\u017e jednoduch\u00e1 struktura JPEG p\u0159i zachov\u00e1n\u00ed efektivn\u00edho n\u00e1hodn\u00e9ho p\u0159\u00edstupu k obrazov\u00fdm dat\u016fm.<\/p>\n                <\/div>\n            <\/div>\n        <\/section>\n\n\n        <!-- How It Works Section -->\n        <section id=\"how-it-works\" class=\"how-it-works-section\">\n            <h2 class=\"section-title\">Jak p\u0159ev\u00e9st JPEG na AVIF<\/h2>\n\n            <div class=\"steps-container\">\n                <div class=\"step-card\">\n                    <div class=\"step-number\">1<\/div>\n                    <div class=\"step-content\">\n                        <h3 class=\"step-title\">St\u00e1hnout a nainstalovat<\/h3>\n                        <p class=\"step-text\">St\u00e1hn\u011bte si Convertify zdarma a nainstalujte jej do po\u010d\u00edta\u010de se syst\u00e9mem Windows. Nevy\u017eaduje se \u017e\u00e1dn\u00fd \u00fa\u010det ani registrace.<\/p>\n                    <\/div>\n                <\/div>\n                <div class=\"step-card\">\n                    <div class=\"step-number\">2<\/div>\n                    <div class=\"step-content\">\n                        <h3 class=\"step-title\">P\u0159idejte sv\u00e9 soubory JPEG<\/h3>\n                        <p class=\"step-text\">P\u0159et\u00e1hn\u011bte soubory JPEG do aplikace Convertify nebo je vyberte pomoc\u00ed prohl\u00ed\u017ee\u010de soubor\u016f.<\/p>\n                    <\/div>\n                <\/div>\n                <div class=\"step-card\">\n                    <div class=\"step-number\">3<\/div>\n                    <div class=\"step-content\">\n                        <h3 class=\"step-title\">Vyberte v\u00fdstup AVIF<\/h3>\n                        <p class=\"step-text\">Jako v\u00fdstupn\u00ed form\u00e1t zvolte AVIF. V p\u0159\u00edpad\u011b pot\u0159eby upravte nastaven\u00ed kvality.<\/p>\n                    <\/div>\n                <\/div>\n                <div class=\"step-card\">\n                    <div class=\"step-number\">4<\/div>\n                    <div class=\"step-content\">\n                        <h3 class=\"step-title\">P\u0159ev\u00e9st a ulo\u017eit<\/h3>\n                        <p class=\"step-text\">Klikn\u011bte na P\u0159ev\u00e9st a va\u0161e soubory budou okam\u017eit\u011b zpracov\u00e1ny. Ulo\u017ete si je kamkoli do po\u010d\u00edta\u010de.<\/p>\n                    <\/div>\n                <\/div>\n            <\/div>\n        <\/section>\n\n\n        <!-- Use Cases Section -->\n        <section class=\"use-cases-section\">\n            <h2 class=\"section-title\">Kdy pou\u017e\u00edt p\u0159evod JPEG na AVIF<\/h2>\n\n            <div class=\"use-cases-grid\">\n                <div class=\"use-case-card\">\n                    <div class=\"use-case-icon\"><i class=\"fas fa-globe\"><\/i><\/div>\n                    <h3 class=\"use-case-title\">Optimalizace v\u00fdkonu webu<\/h3>\n                    <p class=\"use-case-text\">P\u0159eve\u010fte obr\u00e1zky JPEG pro webov\u00e9 str\u00e1nky do form\u00e1tu AVIF, abyste v\u00fdrazn\u011b sn\u00ed\u017eili vyu\u017eit\u00ed \u0161\u00ed\u0159ky p\u00e1sma a zv\u00fd\u0161ili rychlost na\u010d\u00edt\u00e1n\u00ed str\u00e1nek. Ide\u00e1ln\u00ed pro obr\u00e1zky produkt\u016f elektronick\u00e9ho obchodov\u00e1n\u00ed, fotografie na blogu a webov\u00e9 str\u00e1nky galeri\u00ed.<\/p>\n                <\/div>\n                <div class=\"use-case-card\">\n                    <div class=\"use-case-icon\"><i class=\"fas fa-mobile-alt\"><\/i><\/div>\n                    <h3 class=\"use-case-title\">V\u00fdvoj mobiln\u00edch aplikac\u00ed<\/h3>\n                    <p class=\"use-case-text\">Optimalizujte prost\u0159edky JPEG pro mobiln\u00ed aplikace p\u0159evodem na AVIF, zmen\u0161ete velikost aplikace a zlep\u0161ujte v\u00fdkon na p\u0159ipojen\u00edch s omezenou \u0161\u00ed\u0159kou p\u00e1sma p\u0159i zachov\u00e1n\u00ed vizu\u00e1ln\u00ed kvality.<\/p>\n                <\/div>\n                <div class=\"use-case-card\">\n                    <div class=\"use-case-icon\"><i class=\"fas fa-camera\"><\/i><\/div>\n                    <h3 class=\"use-case-title\">Migrace portfolia fotografi\u00ed<\/h3>\n                    <p class=\"use-case-text\">P\u0159ev\u00e1d\u011bjte velk\u00e9 sb\u00edrky fotografi\u00ed JPEG do form\u00e1tu AVIF pro online portfolia, zachov\u00e1vejte profesion\u00e1ln\u00ed kvalitu obrazu a z\u00e1rove\u0148 v\u00fdrazn\u011b zkracujte po\u017eadavky na \u00falo\u017ei\u0161t\u011b a doby na\u010d\u00edt\u00e1n\u00ed.<\/p>\n                <\/div>\n                <div class=\"use-case-card\">\n                    <div class=\"use-case-icon\"><i class=\"fas fa-server\"><\/i><\/div>\n                    <h3 class=\"use-case-title\">S\u00edt\u011b pro doru\u010dov\u00e1n\u00ed obsahu<\/h3>\n                    <p class=\"use-case-text\">P\u0159ipravte obr\u00e1zky JPEG pro distribuci CDN p\u0159evodem do form\u00e1tu AVIF, sn\u00ed\u017een\u00edm n\u00e1klad\u016f na \u0161\u00ed\u0159ku p\u00e1sma a zlep\u0161en\u00edm v\u00fdkonu glob\u00e1ln\u00edho poskytov\u00e1n\u00ed obsahu pro webov\u00e9 str\u00e1nky s vysok\u00fdm obsahem obr\u00e1zk\u016f.<\/p>\n                <\/div>\n                <div class=\"use-case-card\">\n                    <div class=\"use-case-icon\"><i class=\"fas fa-paint-brush\"><\/i><\/div>\n                    <h3 class=\"use-case-title\">Digit\u00e1ln\u00ed um\u011bn\u00ed a grafika<\/h3>\n                    <p class=\"use-case-text\">P\u0159eve\u010fte kresbu a grafiku JPEG do form\u00e1tu AVIF pro lep\u0161\u00ed reprodukci barev a men\u0161\u00ed velikosti soubor\u016f, ide\u00e1ln\u00ed pro digit\u00e1ln\u00ed galerie, online prodej um\u011bn\u00ed a kreativn\u00ed portfolia.<\/p>\n                <\/div>\n                <div class=\"use-case-card\">\n                    <div class=\"use-case-icon\"><i class=\"fas fa-archive\"><\/i><\/div>\n                    <h3 class=\"use-case-title\">Modernizace archivu obr\u00e1zk\u016f<\/h3>\n                    <p class=\"use-case-text\">Migrujte star\u0161\u00ed archivy fotografi\u00ed JPEG do modern\u00edho form\u00e1tu AVIF pro dlouhodobou efektivitu ukl\u00e1d\u00e1n\u00ed a z\u00e1rove\u0148 p\u0159ipravte sb\u00edrky pro budouc\u00ed zobrazovac\u00ed technologie a barevn\u00e9 standardy.<\/p>\n                <\/div>\n            <\/div>\n        <\/section>\n\n\n        <!-- Security Section -->\n        <section class=\"security-section\">\n            <h2 class=\"section-title\">Va\u0161e soukrom\u00ed je chr\u00e1n\u011bno<\/h2>\n\n            <div class=\"security-features\">\n                <div class=\"security-card\">\n                    <h3 class=\"security-title\">\n                        <span class=\"security-icon\"><i class=\"fas fa-lock\"><\/i><\/span>\n                        100% offline\n                    <\/h3>\n                    <p class=\"security-text\">V\u0161echny p\u0159evody prob\u00edhaj\u00ed lok\u00e1ln\u011b na va\u0161em po\u010d\u00edta\u010di. Va\u0161e soubory nikdy neopust\u00ed va\u0161e za\u0159\u00edzen\u00ed a nikdy nejsou nahr\u00e1ny na \u017e\u00e1dn\u00fd server.<\/p>\n                <\/div>\n                <div class=\"security-card\">\n                    <h3 class=\"security-title\">\n                        <span class=\"security-icon\"><i class=\"fas fa-user-shield\"><\/i><\/span>\n                        Nen\u00ed vy\u017eadov\u00e1n \u017e\u00e1dn\u00fd \u00fa\u010det\n                    <\/h3>\n                    <p class=\"security-text\">Za\u010dn\u011bte okam\u017eit\u011b p\u0159ev\u00e1d\u011bt, ani\u017e byste si museli vytv\u00e1\u0159et \u00fa\u010det, poskytovat osobn\u00ed \u00fadaje nebo se k \u010demukoli p\u0159ihla\u0161ovat.<\/p>\n                <\/div>\n                <div class=\"security-card\">\n                    <h3 class=\"security-title\">\n                        <span class=\"security-icon\"><i class=\"fas fa-trash-alt\"><\/i><\/span>\n                        Automatick\u00e9 \u010di\u0161t\u011bn\u00ed\n                    <\/h3>\n                    <p class=\"security-text\">Do\u010dasn\u00e9 soubory jsou po p\u0159evodu bezpe\u010dn\u011b odstran\u011bny. Va\u0161e p\u016fvodn\u00ed soubory z\u016fstanou zcela nedot\u010deny, pokud nezvol\u00edte jinak.<\/p>\n                <\/div>\n            <\/div>\n        <\/section>\n\n\n        <!-- FAQ Section -->\n        <section class=\"faq-section\">\n            <h2 class=\"section-title\">\u010casto kladen\u00e9 ot\u00e1zky<\/h2>\n\n            <div class=\"faq-container\">\n                <div class=\"faq-item\">\n                    <h3 class=\"faq-question\">\n                        <span class=\"faq-icon\"><i class=\"fas fa-question-circle\"><\/i><\/span>\n                        Jak\u00e9 nastaven\u00ed kvality bych m\u011bl pou\u017e\u00edt p\u0159i p\u0159evodu JPEG na AVIF?\n                    <\/h3>\n                    <div class=\"faq-answer\">\n                        <p>U v\u011bt\u0161iny obr\u00e1zk\u016f poskytuje nastaven\u00ed kvality AVIF 50-60 podobnou vizu\u00e1ln\u00ed kvalitu jako JPEG v kvalit\u011b 85-90, ale s o 50-70 % men\u0161\u00ed velikost\u00ed soubor\u016f. U fotografi\u00ed kvalita 60-70 skv\u011ble zachov\u00e1v\u00e1 jemn\u00e9 detaily a z\u00e1rove\u0148 dosahuje v\u00fdrazn\u00e9ho zes\u00edlen\u00ed komprese.<\/p>\n                    <\/div>\n                <\/div>\n                <div class=\"faq-item\">\n                    <h3 class=\"faq-question\">\n                        <span class=\"faq-icon\"><i class=\"fas fa-question-circle\"><\/i><\/span>\n                        Zlep\u0161\u00ed p\u0159evod JPEG na AVIF kvalitu obrazu?\n                    <\/h3>\n                    <div class=\"faq-answer\">\n                        <p>P\u0159evod JPEG na AVIF neobnov\u00ed kvalitu ztracenou p\u0159i p\u016fvodn\u00ed kompresi JPEG, ale vynikaj\u00edc\u00ed algoritmy AVIF \u010dasto zachov\u00e1vaj\u00ed st\u00e1vaj\u00edc\u00ed kvalitu l\u00e9pe p\u0159i men\u0161\u00edch velikostech soubor\u016f. Ve verzi AVIF m\u016f\u017eete vid\u011bt sn\u00ed\u017een\u00e9 kompresn\u00ed artefakty a lep\u0161\u00ed barevn\u00e9 p\u0159echody.<\/p>\n                    <\/div>\n                <\/div>\n                <div class=\"faq-item\">\n                    <h3 class=\"faq-question\">\n                        <span class=\"faq-icon\"><i class=\"fas fa-question-circle\"><\/i><\/span>\n                        Kter\u00e9 prohl\u00ed\u017ee\u010de a za\u0159\u00edzen\u00ed podporuj\u00ed form\u00e1t AVIF?\n                    <\/h3>\n                    <div class=\"faq-answer\">\n                        <p>AVIF podporuj\u00ed Chrome 85+, Firefox 93+, Safari 16+ a Edge 121+. Mobiln\u00ed podpora zahrnuje Android 12+ a iOS 16+. Zat\u00edmco rychle roste, zva\u017ete poskytov\u00e1n\u00ed z\u00e1lo\u017en\u00edch soubor\u016f JPEG pro star\u0161\u00ed prohl\u00ed\u017ee\u010de.<\/p>\n                    <\/div>\n                <\/div>\n                <div class=\"faq-item\">\n                    <h3 class=\"faq-question\">\n                        <span class=\"faq-icon\"><i class=\"fas fa-question-circle\"><\/i><\/span>\n                        O kolik men\u0161\u00ed budou m\u00e9 soubory JPEG jako AVIF?\n                    <\/h3>\n                    <div class=\"faq-answer\">\n                        <p>AVIF obvykle dosahuje o 50\u201390 % men\u0161\u00ed velikosti soubor\u016f ve srovn\u00e1n\u00ed s obr\u00e1zky JPEG ekvivalentn\u00ed kvality. Fotografie se slo\u017eit\u00fdmi detaily se zmen\u0161\u00ed o 50\u201370 %, zat\u00edmco grafika a obr\u00e1zky s velk\u00fdmi jednotn\u00fdmi plochami mohou dos\u00e1hnout a\u017e 90% zmen\u0161en\u00ed velikosti.<\/p>\n                    <\/div>\n                <\/div>\n                <div class=\"faq-item\">\n                    <h3 class=\"faq-question\">\n                        <span class=\"faq-icon\"><i class=\"fas fa-question-circle\"><\/i><\/span>\n                        Dok\u00e1\u017ee AVIF zvl\u00e1dnout pr\u016fhlednost, kterou JPEG nedok\u00e1\u017ee?\n                    <\/h3>\n                    <div class=\"faq-answer\">\n                        <p>Ano, AVIF nativn\u011b podporuje pr\u016fhlednost alfa kan\u00e1l\u016f, tak\u017ee je tak\u00e9 vynikaj\u00edc\u00ed n\u00e1hradou za obr\u00e1zky PNG. P\u0159i p\u0159evodu JPEG na AVIF nen\u00ed p\u0159id\u00e1na \u017e\u00e1dn\u00e1 pr\u016fhlednost, ale mo\u017enost form\u00e1tu je k dispozici pro budouc\u00ed \u00fapravy.<\/p>\n                    <\/div>\n                <\/div>\n                <div class=\"faq-item\">\n                    <h3 class=\"faq-question\">\n                        <span class=\"faq-icon\"><i class=\"fas fa-question-circle\"><\/i><\/span>\n                        M\u00e1m si po p\u0159evodu na AVIF ponechat sv\u00e9 p\u016fvodn\u00ed soubory JPEG?\n                    <\/h3>\n                    <div class=\"faq-answer\">\n                        <p>Doporu\u010duje se ponechat si p\u016fvodn\u00ed soubory JPEG jako hlavn\u00ed kopie, proto\u017ee podpora prohl\u00ed\u017ee\u010de AVIF st\u00e1le roste. Mnoho webov\u00fdch str\u00e1nek poskytuje AVIF podporovan\u00fdm prohl\u00ed\u017ee\u010d\u016fm s nouzov\u00fdmi JPEG kv\u016fli kompatibilit\u011b.<\/p>\n                    <\/div>\n                <\/div>\n                <div class=\"faq-item\">\n                    <h3 class=\"faq-question\">\n                        <span class=\"faq-icon\"><i class=\"fas fa-question-circle\"><\/i><\/span>\n                        Podporuje AVIF stejn\u00e1 metadata jako soubory JPEG?\n                    <\/h3>\n                    <div class=\"faq-answer\">\n                        <p>AVIF podporuje ukl\u00e1d\u00e1n\u00ed metadat v\u010detn\u011b dat EXIF, barevn\u00fdch profil\u016f a dal\u0161\u00edch obrazov\u00fdch informac\u00ed ze soubor\u016f JPEG. Proces p\u0159evodu m\u016f\u017ee zachovat nastaven\u00ed fotoapar\u00e1tu, GPS sou\u0159adnice a dal\u0161\u00ed metadata vlo\u017een\u00e1 do va\u0161ich p\u016fvodn\u00edch obr\u00e1zk\u016f JPEG.<\/p>\n                    <\/div>\n                <\/div>\n                <div class=\"faq-item\">\n                    <h3 class=\"faq-question\">\n                        <span class=\"faq-icon\"><i class=\"fas fa-question-circle\"><\/i><\/span>\n                        Je AVIF vhodn\u00fd pro tiskov\u00e9 materi\u00e1ly jako JPEG?\n                    <\/h3>\n                    <div class=\"faq-answer\">\n                        <p>Zat\u00edmco AVIF nab\u00edz\u00ed vynikaj\u00edc\u00ed kvalitu a mo\u017enosti barevn\u00e9 hloubky, JPEG z\u016fst\u00e1v\u00e1 univerz\u00e1ln\u011bji podporov\u00e1n pro tiskov\u00e9 pracovn\u00ed postupy. AVIF je prim\u00e1rn\u011b optimalizov\u00e1n pro digit\u00e1ln\u00ed zobrazen\u00ed, i kdy\u017e d\u00edky vylep\u0161en\u00e9 podpo\u0159e barev je vynikaj\u00edc\u00ed pro vysoce kvalitn\u00ed digit\u00e1ln\u00ed zobrazen\u00ed p\u0159ed p\u0159evodem tisku.<\/p>\n                    <\/div>\n                <\/div>\n            <\/div>\n        <\/section>\n\n\n        <!-- CTA Section -->\n        <section class=\"cta-section\">\n            <div class=\"cta-pattern\"><\/div>\n            <div class=\"cta-content\">\n                <h2 class=\"cta-title\">Jste p\u0159ipraveni p\u0159ev\u00e9st sv\u00e9 soubory?<\/h2>\n                <p class=\"cta-text\">St\u00e1hn\u011bte si Convertify nyn\u00ed a za\u010dn\u011bte okam\u017eit\u011b p\u0159ev\u00e1d\u011bt JPEG na AVIF. Zdarma, neomezen\u011b a zcela offline.<\/p>\n                <div class=\"hero-buttons\">\n                    <a href=\"\/download\" class=\"btn btn-primary\">St\u00e1hnout Convertify zdarma<\/a>\n                    <a href=\"\/pricing\" class=\"btn btn-secondary\">Zobrazit ceny<\/a>\n                <\/div>\n            <\/div>\n        <\/section>\n    <\/div>\n<\/body>\n<\/html>\n\n\n\n<p><\/p>\n","protected":false},"excerpt":{"rendered":"<p>P\u0159evodn\u00edk JPEG na AVIF: Rychl\u00fd, bezplatn\u00fd a offline pro Windows Konvertor JPEG do AVIF Transformujte sv\u00e9 obr\u00e1zky JPEG do modern\u00edho [&hellip;]<\/p>\n","protected":false},"author":1,"featured_media":0,"parent":0,"menu_order":0,"comment_status":"closed","ping_status":"closed","template":"","meta":{"pagelayer_contact_templates":[],"_pagelayer_content":"","_uag_custom_page_level_css":"","site-sidebar-layout":"default","site-content-layout":"","ast-site-content-layout":"","site-content-style":"default","site-sidebar-style":"default","ast-global-header-display":"","ast-banner-title-visibility":"","ast-main-header-display":"","ast-hfb-above-header-display":"","ast-hfb-below-header-display":"","ast-hfb-mobile-header-display":"","site-post-title":"disabled","ast-breadcrumbs-content":"","ast-featured-img":"","footer-sml-layout":"","theme-transparent-header-meta":"","adv-header-id-meta":"","stick-header-meta":"","header-above-stick-meta":"","header-main-stick-meta":"","header-below-stick-meta":"","astra-migrate-meta-layouts":"default","ast-page-background-enabled":"default","ast-page-background-meta":{"desktop":{"background-color":"var(--ast-global-color-5)","background-image":"","background-repeat":"repeat","background-position":"center center","background-size":"auto","background-attachment":"scroll","background-type":"","background-media":"","overlay-type":"","overlay-color":"","overlay-opacity":"","overlay-gradient":""},"tablet":{"background-color":"","background-image":"","background-repeat":"repeat","background-position":"center center","background-size":"auto","background-attachment":"scroll","background-type":"","background-media":"","overlay-type":"","overlay-color":"","overlay-opacity":"","overlay-gradient":""},"mobile":{"background-color":"","background-image":"","background-repeat":"repeat","background-position":"center center","background-size":"auto","background-attachment":"scroll","background-type":"","background-media":"","overlay-type":"","overlay-color":"","overlay-opacity":"","overlay-gradient":""}},"ast-content-background-meta":{"desktop":{"background-color":"var(--ast-global-color-4)","background-image":"","background-repeat":"repeat","background-position":"center center","background-size":"auto","background-attachment":"scroll","background-type":"","background-media":"","overlay-type":"","overlay-color":"","overlay-opacity":"","overlay-gradient":""},"tablet":{"background-color":"var(--ast-global-color-4)","background-image":"","background-repeat":"repeat","background-position":"center center","background-size":"auto","background-attachment":"scroll","background-type":"","background-media":"","overlay-type":"","overlay-color":"","overlay-opacity":"","overlay-gradient":""},"mobile":{"background-color":"var(--ast-global-color-4)","background-image":"","background-repeat":"repeat","background-position":"center center","background-size":"auto","background-attachment":"scroll","background-type":"","background-media":"","overlay-type":"","overlay-color":"","overlay-opacity":"","overlay-gradient":""}},"footnotes":""},"class_list":["post-740377","page","type-page","status-publish","hentry"],"uagb_featured_image_src":{"full":false,"thumbnail":false,"medium":false,"medium_large":false,"large":false,"1536x1536":false,"2048x2048":false,"woocommerce_thumbnail":false,"woocommerce_single":false,"woocommerce_gallery_thumbnail":false},"uagb_author_info":{"display_name":"convertify","author_link":"https:\/\/convertifypro.com\/author\/convertifypro\/"},"uagb_comment_info":0,"uagb_excerpt":"P\u0159evodn\u00edk JPEG na AVIF: Rychl\u00fd, bezplatn\u00fd a offline pro Windows Konvertor JPEG do AVIF Transformujte sv\u00e9 obr\u00e1zky JPEG do modern\u00edho [&hellip;]","_links":{"self":[{"href":"https:\/\/convertifypro.com\/wp-json\/wp\/v2\/pages\/740377","targetHints":{"allow":["GET"]}}],"collection":[{"href":"https:\/\/convertifypro.com\/wp-json\/wp\/v2\/pages"}],"about":[{"href":"https:\/\/convertifypro.com\/wp-json\/wp\/v2\/types\/page"}],"author":[{"embeddable":true,"href":"https:\/\/convertifypro.com\/wp-json\/wp\/v2\/users\/1"}],"replies":[{"embeddable":true,"href":"https:\/\/convertifypro.com\/wp-json\/wp\/v2\/comments?post=740377"}],"version-history":[{"count":0,"href":"https:\/\/convertifypro.com\/wp-json\/wp\/v2\/pages\/740377\/revisions"}],"wp:attachment":[{"href":"https:\/\/convertifypro.com\/wp-json\/wp\/v2\/media?parent=740377"}],"curies":[{"name":"wp","href":"https:\/\/api.w.org\/{rel}","templated":true}]}}