{"id":740518,"date":"2026-01-21T22:37:34","date_gmt":"2026-01-21T22:37:34","guid":{"rendered":"https:\/\/convertifypro.com\/?page_id=740518"},"modified":"2026-01-21T22:37:34","modified_gmt":"2026-01-21T22:37:34","slug":"aiff-to-wav-converter","status":"publish","type":"page","link":"https:\/\/convertifypro.com\/ca\/convertidor-aiff-a-wav\/","title":{"rendered":"Convertidor AIFF a WAV"},"content":{"rendered":"<style class=\"wpcode-css-snippet\">.ast-custom-button {\r\n  display: none;\r\n}<\/style>\n\n\n\n<!DOCTYPE html>\n<html lang=\"en\">\n<head>\n    <meta charset=\"UTF-8\">\n    <meta name=\"viewport\" content=\"width=device-width, initial-scale=1.0\">\n    <meta name=\"description\" content=\"Convert AIFF files to WAV format with our powerful offline converter. Perfect for Windows compatibility and professional audio workflows.\">\n    <meta name=\"keywords\" content=\"AIFF to WAV converter, convert AIFF to WAV, Windows audio converter, lossless audio conversion, AIFF WAV, offline audio converter, free AIFF converter, WAV converter Windows, audio format converter, professional audio conversion\">\n    <title>Convertidor AIFF a WAV: r\u00e0pid, gratu\u00eft i fora de l\u00ednia per a Windows<\/title>\n    <link rel=\"stylesheet\" href=\"https:\/\/cdnjs.cloudflare.com\/ajax\/libs\/font-awesome\/6.4.0\/css\/all.min.css\">\n    \n    <style>\n        \/* Main Styles *\/\n        :root {\n            --primary-color: #FD9800;\n            --primary-hover: #e88a00;\n            --text-color: #3A3A3A;\n            --light-bg: #f8faff;\n            --gradient-bg: linear-gradient(135deg, #f8faff 0%, #fff5e6 100%);\n            --box-shadow: 0 10px 30px rgba(0, 0, 0, 0.05);\n            --hover-shadow: 0 15px 35px rgba(0, 0, 0, 0.1);\n            --border-color: #f1f5f9;\n        }\n\n        .converter-section {\n            max-width: 1200px;\n            margin: 0 auto;\n            padding: 2rem 1.5rem;\n            font-family: 'Inter', 'Segoe UI', system-ui, -apple-system, sans-serif;\n            color: var(--text-color);\n        }\n\n        \/* Hero Section *\/\n        .hero-section {\n            text-align: center;\n            padding: 3rem 1rem;\n            margin-bottom: 3rem;\n            background: var(--gradient-bg);\n            border-radius: 16px;\n            position: relative;\n            overflow: hidden;\n        }\n\n        .hero-pattern {\n            position: absolute;\n            top: 0;\n            left: 0;\n            right: 0;\n            bottom: 0;\n            background-image: url(\"data:image\/svg+xml,%3Csvg width='60' height='60' viewBox='0 0 60 60' xmlns='http:\/\/www.w3.org\/2000\/svg'%3E%3Cg fill='none' fill-rule='evenodd'%3E%3Cg fill='%23fd9800' fill-opacity='0.05'%3E%3Cpath d='M36 34v-4h-2v4h-4v2h4v4h2v-4h4v-2h-4zm0-30V0h-2v4h-4v2h4v4h2V6h4V4h-4zM6 34v-4H4v4H0v2h4v4h2v-4h4v-2H6zM6 4V0H4v4H0v2h4v4h2V6h4V4H6z'\/%3E%3C\/g%3E%3C\/g%3E%3C\/svg%3E\");\n            opacity: 0.5;\n            z-index: 0;\n        }\n\n        .hero-content {\n            position: relative;\n            z-index: 1;\n            max-width: 800px;\n            margin: 0 auto;\n        }\n\n        .hero-title {\n            font-size: 2.8rem;\n            font-weight: 800;\n            margin-bottom: 1.5rem;\n            color: var(--text-color);\n        }\n\n        .hero-subtitle {\n            font-size: 1.25rem;\n            margin-bottom: 2rem;\n            color: var(--text-color);\n            line-height: 1.6;\n        }\n\n        .hero-badges {\n            display: flex;\n            flex-wrap: wrap;\n            justify-content: center;\n            gap: 1rem;\n            margin-bottom: 2rem;\n        }\n\n        .hero-badge {\n            display: flex;\n            align-items: center;\n            background: white;\n            border-radius: 50px;\n            padding: 0.5rem 1rem;\n            box-shadow: var(--box-shadow);\n            transition: all 0.3s ease;\n            border: 1px solid var(--border-color);\n        }\n\n        .hero-badge:hover {\n            transform: translateY(-3px);\n            box-shadow: var(--hover-shadow);\n            border-color: rgba(253, 152, 0, 0.3);\n        }\n\n        .hero-badge-icon {\n            color: var(--primary-color);\n            margin-right: 0.5rem;\n            font-size: 1rem;\n        }\n\n        .hero-badge-text {\n            font-size: 0.9rem;\n            font-weight: 600;\n            color: var(--text-color);\n        }\n\n        .hero-buttons {\n            display: flex;\n            justify-content: center;\n            gap: 1rem;\n            flex-wrap: wrap;\n        }\n\n        .btn {\n            display: inline-block;\n            padding: 0.75rem 1.5rem;\n            border-radius: 8px;\n            font-weight: 600;\n            text-decoration: none !important;\n            transition: all 0.3s ease;\n            cursor: pointer;\n            font-size: 1rem;\n        }\n\n        .btn-primary {\n            background-color: var(--primary-color);\n            color: white !important;\n            box-shadow: 0 8px 16px rgba(253, 152, 0, 0.2);\n            border: none;\n        }\n\n        .btn-primary:hover {\n            background-color: var(--primary-hover);\n            transform: translateY(-2px);\n            text-decoration: none !important;\n        }\n\n        .btn-secondary {\n            background-color: white;\n            color: var(--primary-color) !important;\n            border: 1px solid var(--border-color);\n        }\n\n        .btn-secondary:hover {\n            background-color: #fff5e6;\n            transform: translateY(-2px);\n            text-decoration: none !important;\n        }\n\n        \/* Features Section *\/\n        .features-section {\n            margin-bottom: 4rem;\n        }\n\n        .section-title {\n            font-size: 2.2rem;\n            font-weight: 700;\n            text-align: center;\n            margin-bottom: 2.5rem;\n            color: var(--text-color);\n        }\n\n        .features-grid {\n            display: grid;\n            grid-template-columns: repeat(auto-fit, minmax(300px, 1fr));\n            gap: 2rem;\n        }\n\n        .feature-card {\n            background: white;\n            border-radius: 16px;\n            overflow: hidden;\n            box-shadow: var(--box-shadow);\n            transition: all 0.3s ease;\n            border: 1px solid var(--border-color);\n            height: 100%;\n            display: flex;\n            flex-direction: column;\n        }\n\n        .feature-card:hover {\n            transform: translateY(-5px);\n            box-shadow: var(--hover-shadow);\n            border-color: rgba(253, 152, 0, 0.3);\n        }\n\n        .feature-icon {\n            width: 60px;\n            height: 60px;\n            background-color: rgba(253, 152, 0, 0.15);\n            color: var(--primary-color);\n            border-radius: 12px;\n            display: flex;\n            align-items: center;\n            justify-content: center;\n            margin-bottom: 1.5rem;\n            font-size: 1.8rem;\n            transition: all 0.3s ease;\n        }\n\n        .feature-card:hover .feature-icon {\n            background: linear-gradient(135deg, #FD9800 0%, #FF6D00 100%);\n            color: white;\n            box-shadow: 0 10px 20px rgba(253, 152, 0, 0.2);\n        }\n\n        .feature-content {\n            padding: 2rem;\n            flex-grow: 1;\n        }\n\n        .feature-title {\n            font-size: 1.4rem;\n            font-weight: 700;\n            margin-bottom: 1rem;\n            color: var(--text-color);\n        }\n\n        .feature-text {\n            font-size: 1rem;\n            color: #555;\n            line-height: 1.6;\n            margin-bottom: 1.5rem;\n        }\n\n        .feature-list {\n            list-style: none;\n            padding: 0;\n            margin: 0;\n        }\n\n        .feature-item {\n            display: flex;\n            align-items: flex-start;\n            margin-bottom: 0.75rem;\n            line-height: 1.5;\n        }\n\n        .feature-check {\n            color: var(--primary-color);\n            margin-right: 0.75rem;\n            flex-shrink: 0;\n            margin-top: 0.2rem;\n        }\n\n        .feature-item-text {\n            font-size: 0.95rem;\n            color: var(--text-color);\n        }\n\n        \/* Why Convert Section *\/\n        .why-convert-section {\n            margin-bottom: 4rem;\n            background: var(--light-bg);\n            border-radius: 16px;\n            padding: 3rem 2rem;\n        }\n\n        .comparison-grid {\n            display: grid;\n            grid-template-columns: repeat(auto-fit, minmax(300px, 1fr));\n            gap: 2rem;\n            margin-top: 2rem;\n        }\n\n        .format-card {\n            background: white;\n            border-radius: 16px;\n            padding: 1.5rem;\n            box-shadow: var(--box-shadow);\n            transition: all 0.3s ease;\n            border: 1px solid var(--border-color);\n        }\n\n        .format-card:hover {\n            transform: translateY(-5px);\n            box-shadow: var(--hover-shadow);\n            border-color: rgba(253, 152, 0, 0.3);\n        }\n\n        .format-title {\n            font-size: 1.6rem;\n            font-weight: 700;\n            margin-bottom: 1.25rem;\n            color: var(--text-color);\n            display: flex;\n            align-items: center;\n        }\n\n        .format-icon {\n            color: var(--primary-color);\n            margin-right: 0.75rem;\n            font-size: 1.6rem;\n        }\n\n        .format-list {\n            list-style: none;\n            padding: 0;\n            margin: 0;\n        }\n\n        .format-item {\n            display: flex;\n            align-items: flex-start;\n            margin-bottom: 0.85rem;\n        }\n\n        .format-check {\n            color: var(--primary-color);\n            margin-right: 0.75rem;\n            flex-shrink: 0;\n            margin-top: 0.2rem;\n        }\n\n        .format-text {\n            font-size: 0.95rem;\n            color: #555;\n            line-height: 1.5;\n        }\n\n        \/* How It Works Section *\/\n        .how-it-works-section {\n            margin-bottom: 4rem;\n        }\n\n        .steps-container {\n            max-width: 900px;\n            margin: 0 auto;\n        }\n\n        .step-card {\n            display: flex;\n            align-items: flex-start;\n            background: white;\n            border-radius: 16px;\n            padding: 2rem;\n            box-shadow: var(--box-shadow);\n            margin-bottom: 2rem;\n            border: 1px solid var(--border-color);\n            transition: all 0.3s ease;\n        }\n\n        .step-card:hover {\n            transform: translateY(-5px);\n            box-shadow: var(--hover-shadow);\n            border-color: rgba(253, 152, 0, 0.3);\n        }\n\n        .step-number {\n            width: 50px;\n            height: 50px;\n            background-color: rgba(253, 152, 0, 0.15);\n            color: var(--primary-color);\n            border-radius: 50%;\n            display: flex;\n            align-items: center;\n            justify-content: center;\n            font-size: 1.5rem;\n            font-weight: 700;\n            margin-right: 1.5rem;\n            flex-shrink: 0;\n            transition: all 0.3s ease;\n        }\n\n        .step-card:hover .step-number {\n            background: linear-gradient(135deg, #FD9800 0%, #FF6D00 100%);\n            color: white;\n            box-shadow: 0 10px 20px rgba(253, 152, 0, 0.2);\n        }\n\n        .step-content {\n            flex: 1;\n        }\n\n        .step-title {\n            font-size: 1.4rem;\n            font-weight: 700;\n            margin-bottom: 0.75rem;\n            color: var(--text-color);\n        }\n\n        .step-text {\n            font-size: 1rem;\n            color: #555;\n            line-height: 1.6;\n        }\n\n        \/* Use Cases Section *\/\n        .use-cases-section {\n            margin-bottom: 4rem;\n            background: var(--light-bg);\n            border-radius: 16px;\n            padding: 3rem 2rem;\n        }\n\n        .use-cases-grid {\n            display: grid;\n            grid-template-columns: repeat(auto-fit, minmax(300px, 1fr));\n            gap: 2rem;\n            margin-top: 2rem;\n        }\n\n        .use-case-card {\n            background: white;\n            border-radius: 16px;\n            padding: 1.5rem;\n            box-shadow: var(--box-shadow);\n            transition: all 0.3s ease;\n            border: 1px solid var(--border-color);\n            height: 100%;\n        }\n\n        .use-case-card:hover {\n            transform: translateY(-5px);\n            box-shadow: var(--hover-shadow);\n            border-color: rgba(253, 152, 0, 0.3);\n        }\n\n        .use-case-icon {\n            color: var(--primary-color);\n            font-size: 2rem;\n            margin-bottom: 1rem;\n        }\n\n        .use-case-title {\n            font-size: 1.3rem;\n            font-weight: 700;\n            margin-bottom: 1rem;\n            color: var(--text-color);\n        }\n\n        .use-case-text {\n            font-size: 0.95rem;\n            color: #555;\n            line-height: 1.6;\n        }\n\n        \/* FAQ Section *\/\n        .faq-section {\n            margin-bottom: 4rem;\n        }\n\n        .faq-container {\n            max-width: 900px;\n            margin: 0 auto;\n        }\n\n        .faq-item {\n            background: white;\n            border-radius: 16px;\n            padding: 1.5rem 2rem;\n            box-shadow: var(--box-shadow);\n            margin-bottom: 1.5rem;\n            border: 1px solid var(--border-color);\n            transition: all 0.3s ease;\n        }\n\n        .faq-item:hover {\n            transform: translateY(-3px);\n            box-shadow: var(--hover-shadow);\n            border-color: rgba(253, 152, 0, 0.3);\n        }\n\n        .faq-question {\n            font-size: 1.2rem;\n            font-weight: 700;\n            margin-bottom: 1rem;\n            color: var(--text-color);\n            display: flex;\n            align-items: center;\n        }\n\n        .faq-icon {\n            color: var(--primary-color);\n            margin-right: 0.75rem;\n            font-size: 1.2rem;\n        }\n\n        .faq-answer {\n            font-size: 1rem;\n            color: #555;\n            line-height: 1.6;\n        }\n\n        \/* Technical Details Section *\/\n        .technical-details-section {\n            margin-bottom: 4rem;\n        }\n\n        .technical-details-grid {\n            display: grid;\n            grid-template-columns: repeat(auto-fit, minmax(300px, 1fr));\n            gap: 2rem;\n        }\n\n        .tech-detail-card {\n            background: white;\n            border-radius: 16px;\n            padding: 1.5rem;\n            box-shadow: var(--box-shadow);\n            transition: all 0.3s ease;\n            border: 1px solid var(--border-color);\n        }\n\n        .tech-detail-card:hover {\n            transform: translateY(-5px);\n            box-shadow: var(--hover-shadow);\n            border-color: rgba(253, 152, 0, 0.3);\n        }\n\n        .tech-detail-title {\n            font-size: 1.3rem;\n            font-weight: 700;\n            margin-bottom: 1rem;\n            color: var(--text-color);\n            display: flex;\n            align-items: center;\n        }\n\n        .tech-detail-icon {\n            color: var(--primary-color);\n            margin-right: 0.75rem;\n            font-size: 1.3rem;\n        }\n\n        .tech-detail-text {\n            font-size: 0.95rem;\n            color: #555;\n            line-height: 1.6;\n        }\n\n        \/* Security Section *\/\n        .security-section {\n            margin-bottom: 4rem;\n            background: var(--light-bg);\n            border-radius: 16px;\n            padding: 3rem 2rem;\n        }\n\n        .security-features {\n            display: grid;\n            grid-template-columns: repeat(auto-fit, minmax(300px, 1fr));\n            gap: 2rem;\n            margin-top: 2rem;\n        }\n\n        .security-card {\n            background: white;\n            border-radius: 16px;\n            padding: 1.5rem;\n            box-shadow: var(--box-shadow);\n            transition: all 0.3s ease;\n            border: 1px solid var(--border-color);\n        }\n\n        .security-card:hover {\n            transform: translateY(-5px);\n            box-shadow: var(--hover-shadow);\n            border-color: rgba(253, 152, 0, 0.3);\n        }\n\n        .security-title {\n            font-size: 1.3rem;\n            font-weight: 700;\n            margin-bottom: 1rem;\n            color: var(--text-color);\n            display: flex;\n            align-items: center;\n        }\n\n        .security-icon {\n            color: var(--primary-color);\n            margin-right: 0.75rem;\n            font-size: 1.3rem;\n        }\n\n        .security-text {\n            font-size: 0.95rem;\n            color: #555;\n            line-height: 1.6;\n        }\n\n        \/* CTA Section *\/\n        .cta-section {\n            text-align: center;\n            padding: 3rem 1rem;\n            background: var(--gradient-bg);\n            border-radius: 16px;\n            position: relative;\n            overflow: hidden;\n            margin-bottom: 2rem;\n        }\n\n        .cta-pattern {\n            position: absolute;\n            top: 0;\n            left: 0;\n            right: 0;\n            bottom: 0;\n            background-image: url(\"data:image\/svg+xml,%3Csvg width='60' height='60' viewBox='0 0 60 60' xmlns='http:\/\/www.w3.org\/2000\/svg'%3E%3Cg fill='none' fill-rule='evenodd'%3E%3Cg fill='%23fd9800' fill-opacity='0.05'%3E%3Cpath d='M36 34v-4h-2v4h-4v2h4v4h2v-4h4v-2h-4zm0-30V0h-2v4h-4v2h4v4h2V6h4V4h-4zM6 34v-4H4v4H0v2h4v4h2v-4h4v-2H6zM6 4V0H4v4H0v2h4v4h2V6h4V4H6z'\/%3E%3C\/g%3E%3C\/g%3E%3C\/svg%3E\");\n            opacity: 0.5;\n            z-index: 0;\n        }\n\n        .cta-content {\n            position: relative;\n            z-index: 1;\n            max-width: 800px;\n            margin: 0 auto;\n        }\n\n        .cta-title {\n            font-size: 2.2rem;\n            font-weight: 700;\n            margin-bottom: 1.5rem;\n            color: var(--text-color);\n        }\n\n        .cta-text {\n            font-size: 1.1rem;\n            margin-bottom: 2rem;\n            color: #555;\n            line-height: 1.6;\n        }\n\n        \/* Guide-specific Styles *\/\n        .guide-content {\n            background: white;\n            border-radius: 16px;\n            padding: 2rem;\n            margin-bottom: 2rem;\n            box-shadow: var(--box-shadow);\n            border: 1px solid var(--border-color);\n        }\n\n        .guide-section-title {\n            font-size: 1.6rem;\n            font-weight: 700;\n            color: var(--text-color);\n            margin-bottom: 1rem;\n        }\n\n        .guide-text {\n            font-size: 1rem;\n            color: #555;\n            line-height: 1.8;\n            margin-bottom: 1rem;\n        }\n\n        .guide-list {\n            list-style: none;\n            padding: 0;\n            margin: 1rem 0;\n        }\n\n        .guide-list-item {\n            display: flex;\n            align-items: flex-start;\n            margin-bottom: 0.75rem;\n            padding-left: 1.5rem;\n            position: relative;\n        }\n\n        .guide-list-item::before {\n            content: \"\u2022\";\n            color: var(--primary-color);\n            font-weight: bold;\n            position: absolute;\n            left: 0;\n        }\n\n        \/* Responsive Styles *\/\n        @media (max-width: 768px) {\n            .hero-title {\n                font-size: 2.2rem;\n            }\n\n            .section-title {\n                font-size: 1.8rem;\n            }\n\n            .cta-title {\n                font-size: 1.8rem;\n            }\n\n            .features-grid {\n                grid-template-columns: 1fr;\n                max-width: 500px;\n                margin: 0 auto;\n            }\n\n            .step-card {\n                flex-direction: column;\n                align-items: flex-start;\n            }\n\n            .step-number {\n                margin-bottom: 1rem;\n                margin-right: 0;\n            }\n        }\n\n        @media (max-width: 480px) {\n            .hero-title {\n                font-size: 1.8rem;\n            }\n\n            .hero-subtitle {\n                font-size: 1.1rem;\n            }\n\n            .section-title {\n                font-size: 1.6rem;\n            }\n\n            .feature-content {\n                padding: 1.5rem;\n            }\n\n            .step-card {\n                padding: 1.5rem;\n            }\n\n            .faq-item {\n                padding: 1.25rem;\n            }\n        }\n\n        \/* Button text should never be underlined *\/\n        .btn:hover, .btn:focus, .btn:active {\n            text-decoration: none !important;\n        }\n    <\/style>\n<\/head>\n<body>\n    <div class=\"converter-section\">\n        <!-- Hero Section -->\n        <section class=\"hero-section\">\n            <div class=\"hero-pattern\"><\/div>\n            <div class=\"hero-content\">\n                <h1 class=\"hero-title\">Convertidor AIFF a WAV<\/h1>\n                <p class=\"hero-subtitle\">Transformeu els fitxers d&#8217;\u00e0udio AIFF sense p\u00e8rdues d&#8217;Apple en el format WAV universalment compatible per a una reproducci\u00f3 perfecta a tots els dispositius i programari. Perfecte per mantenir una qualitat d&#8217;\u00e0udio impecable alhora que garanteix la m\u00e0xima compatibilitat amb aplicacions de Windows, reproductors multim\u00e8dia i eines d&#8217;\u00e0udio professionals.<\/p>\n\n                <div class=\"hero-badges\">\n                    <div class=\"hero-badge\">\n                        <span class=\"hero-badge-icon\"><i class=\"fas fa-desktop\"><\/i><\/span>\n                        <span class=\"hero-badge-text\">100% fora de l\u00ednia<\/span>\n                    <\/div>\n                    <div class=\"hero-badge\">\n                        <span class=\"hero-badge-icon\"><i class=\"fas fa-infinity\"><\/i><\/span>\n                        <span class=\"hero-badge-text\">Conversions il\u00b7limitades<\/span>\n                    <\/div>\n                    <div class=\"hero-badge\">\n                        <span class=\"hero-badge-icon\"><i class=\"fas fa-shield-alt\"><\/i><\/span>\n                        <span class=\"hero-badge-text\">Privat i segur<\/span>\n                    <\/div>\n                    <div class=\"hero-badge\">\n                        <span class=\"hero-badge-icon\"><i class=\"fas fa-bolt\"><\/i><\/span>\n                        <span class=\"hero-badge-text\">R\u00e0pid llamp<\/span>\n                    <\/div>\n                <\/div>\n\n                <div class=\"hero-buttons\">\n                    <a href=\"\/download\" class=\"btn btn-primary\">Descarregar Gratis<\/a>\n                    <a href=\"#how-it-works\" class=\"btn btn-secondary\">M\u00e9s informaci\u00f3<\/a>\n                <\/div>\n            <\/div>\n        <\/section>\n\n\n        <!-- Features Section -->\n        <section class=\"features-section\">\n            <h2 class=\"section-title\">Per qu\u00e8 triar Convertify per a la conversi\u00f3 AIFF a WAV?<\/h2>\n\n            <div class=\"features-grid\">\n                <div class=\"feature-card\">\n                    <div class=\"feature-content\">\n                        <div class=\"feature-icon\">\n                            <i class=\"fas fa-shield-alt\"><\/i>\n                        <\/div>\n                        <h3 class=\"feature-title\">Processament 100% fora de l\u00ednia<\/h3>\n                        <p class=\"feature-text\">Els vostres fitxers d&#8217;\u00e0udio sensibles no surten mai de l&#8217;ordinador durant la conversi\u00f3. Tot el processament d&#8217;AIFF a WAV es fa localment a la vostra m\u00e0quina Windows, garantint la total privadesa i seguretat de la vostra biblioteca de m\u00fasica, enregistraments i contingut d&#8217;\u00e0udio professional.<\/p>\n                        <ul class=\"feature-list\">\n                            <li class=\"feature-item\">\n                                <span class=\"feature-check\"><i class=\"fas fa-check-circle\"><\/i><\/span>\n                                <span class=\"feature-item-text\">No cal connexi\u00f3 a Internet<\/span>\n                            <\/li>\n                            <li class=\"feature-item\">\n                                <span class=\"feature-check\"><i class=\"fas fa-check-circle\"><\/i><\/span>\n                                <span class=\"feature-item-text\">Els fitxers romanen al vostre dispositiu<\/span>\n                            <\/li>\n                            <li class=\"feature-item\">\n                                <span class=\"feature-check\"><i class=\"fas fa-check-circle\"><\/i><\/span>\n                                <span class=\"feature-item-text\">Recollida o seguiment de dades zero<\/span>\n                            <\/li>\n                        <\/ul>\n                    <\/div>\n                <\/div>\n                <div class=\"feature-card\">\n                    <div class=\"feature-content\">\n                        <div class=\"feature-icon\">\n                            <i class=\"fas fa-infinity\"><\/i>\n                        <\/div>\n                        <h3 class=\"feature-title\">Conversions il\u00b7limitades<\/h3>\n                        <p class=\"feature-text\">Converteix tants fitxers AIFF al format WAV com sigui necessari sense cap restricci\u00f3, filigrana ni comissions ocultes. Processa fitxers \u00fanics o biblioteques d&#8217;\u00e0udio massives sense l\u00edmits de mida de fitxer ni quotes de conversi\u00f3.<\/p>\n                        <ul class=\"feature-list\">\n                            <li class=\"feature-item\">\n                                <span class=\"feature-check\"><i class=\"fas fa-check-circle\"><\/i><\/span>\n                                <span class=\"feature-item-text\">No s&#8217;ha afegit cap filigrana a la sortida<\/span>\n                            <\/li>\n                            <li class=\"feature-item\">\n                                <span class=\"feature-check\"><i class=\"fas fa-check-circle\"><\/i><\/span>\n                                <span class=\"feature-item-text\">No hi ha restriccions de mida del fitxer<\/span>\n                            <\/li>\n                            <li class=\"feature-item\">\n                                <span class=\"feature-check\"><i class=\"fas fa-check-circle\"><\/i><\/span>\n                                <span class=\"feature-item-text\">Converteix milers de fitxers lliurement<\/span>\n                            <\/li>\n                        <\/ul>\n                    <\/div>\n                <\/div>\n                <div class=\"feature-card\">\n                    <div class=\"feature-content\">\n                        <div class=\"feature-icon\">\n                            <i class=\"fas fa-tachometer-alt\"><\/i>\n                        <\/div>\n                        <h3 class=\"feature-title\">Processament r\u00e0pid com la llum<\/h3>\n                        <p class=\"feature-text\">L&#8217;optimitzaci\u00f3 de diversos nuclis ofereix conversions r\u00e0pides d&#8217;AIFF a WAV, processant fitxers d&#8217;\u00e0udio en segons en lloc de minuts. Els algorismes avan\u00e7ats mantenen una fidelitat d&#8217;\u00e0udio perfecta alhora que maximitzen la velocitat de conversi\u00f3.<\/p>\n                        <ul class=\"feature-list\">\n                            <li class=\"feature-item\">\n                                <span class=\"feature-check\"><i class=\"fas fa-check-circle\"><\/i><\/span>\n                                <span class=\"feature-item-text\">Motor de processament multifils<\/span>\n                            <\/li>\n                            <li class=\"feature-item\">\n                                <span class=\"feature-check\"><i class=\"fas fa-check-circle\"><\/i><\/span>\n                                <span class=\"feature-item-text\">Optimitzat per a maquinari de Windows<\/span>\n                            <\/li>\n                            <li class=\"feature-item\">\n                                <span class=\"feature-check\"><i class=\"fas fa-check-circle\"><\/i><\/span>\n                                <span class=\"feature-item-text\">Mantenir una qualitat d&#8217;\u00e0udio completa<\/span>\n                            <\/li>\n                        <\/ul>\n                    <\/div>\n                <\/div>\n            <\/div>\n        <\/section>\n\n\n        <!-- Why Convert Section -->\n        <section class=\"why-convert-section\">\n            <h2 class=\"section-title\">Per qu\u00e8 convertir AIFF a WAV?<\/h2>\n\n            <div class=\"comparison-grid\">\n                <div class=\"format-card\">\n                    <h3 class=\"format-title\">\n                        <span class=\"format-icon\"><i class=\"fas fa-file-video\"><\/i><\/span>\n                        Format AIFF\n                    <\/h3>\n                    <ul class=\"format-list\">\n                        <li class=\"format-item\">\n                            <span class=\"format-check\"><i class=\"fas fa-check-circle\"><\/i><\/span>\n                            <span class=\"format-text\">L&#8217;\u00e0udio sense p\u00e8rdues sense comprimir conserva tots els detalls de les gravacions originals<\/span>\n                        <\/li>\n                        <li class=\"format-item\">\n                            <span class=\"format-check\"><i class=\"fas fa-check-circle\"><\/i><\/span>\n                            <span class=\"format-text\">Desenvolupat per Apple amb suport de metadades robust per a \u00fas professional<\/span>\n                        <\/li>\n                        <li class=\"format-item\">\n                            <span class=\"format-check\"><i class=\"fas fa-times-circle\"><\/i><\/span>\n                            <span class=\"format-text\">Compatibilitat limitada fora de l&#8217;ecosistema Apple i aplicacions centrades en Mac<\/span>\n                        <\/li>\n                        <li class=\"format-item\">\n                            <span class=\"format-check\"><i class=\"fas fa-times-circle\"><\/i><\/span>\n                            <span class=\"format-text\">Mides de fitxer m\u00e9s grans en comparaci\u00f3 amb els formats comprimits a causa de les dades no comprimides<\/span>\n                        <\/li>\n                        <li class=\"format-item\">\n                            <span class=\"format-check\"><i class=\"fas fa-times-circle\"><\/i><\/span>\n                            <span class=\"format-text\">Molts reproductors multim\u00e8dia i editors d&#8217;\u00e0udio de Windows no s\u00f3n compatibles de manera nativa<\/span>\n                        <\/li>\n                    <\/ul>\n                <\/div>\n\n                <div class=\"format-card\">\n                    <h3 class=\"format-title\">\n                        <span class=\"format-icon\"><i class=\"fas fa-file-video\"><\/i><\/span>\n                        Format WAV\n                    <\/h3>\n                    <ul class=\"format-list\">\n                        <li class=\"format-item\">\n                            <span class=\"format-check\"><i class=\"fas fa-check-circle\"><\/i><\/span>\n                            <span class=\"format-text\">Compatibilitat universal amb totes les aplicacions de Windows i reproductors multim\u00e8dia<\/span>\n                        <\/li>\n                        <li class=\"format-item\">\n                            <span class=\"format-check\"><i class=\"fas fa-check-circle\"><\/i><\/span>\n                            <span class=\"format-text\">Format est\u00e0ndard de la ind\u00fastria compatible amb programari d&#8217;\u00e0udio professional<\/span>\n                        <\/li>\n                        <li class=\"format-item\">\n                            <span class=\"format-check\"><i class=\"fas fa-check-circle\"><\/i><\/span>\n                            <span class=\"format-text\">Mant\u00e9 la mateixa qualitat sense p\u00e8rdues que els fitxers AIFF originals<\/span>\n                        <\/li>\n                        <li class=\"format-item\">\n                            <span class=\"format-check\"><i class=\"fas fa-check-circle\"><\/i><\/span>\n                            <span class=\"format-text\">Millor integraci\u00f3 amb estacions de treball d&#8217;\u00e0udio digital basades en Windows<\/span>\n                        <\/li>\n                        <li class=\"format-item\">\n                            <span class=\"format-check\"><i class=\"fas fa-check-circle\"><\/i><\/span>\n                            <span class=\"format-text\">Ampliament compatible amb dispositius de maquinari i sistemes integrats<\/span>\n                        <\/li>\n                    <\/ul>\n                <\/div>\n            <\/div>\n        <\/section>\n\n\n        <!-- Technical Details Section -->\n        <section class=\"technical-details-section\">\n            <h2 class=\"section-title\">Detalls t\u00e8cnics<\/h2>\n\n            <div class=\"technical-details-grid\">\n                <div class=\"tech-detail-card\">\n                    <h3 class=\"tech-detail-title\">\n                        <span class=\"tech-detail-icon\"><i class=\"fas fa-wave-square\"><\/i><\/span>\n                        Preservaci\u00f3 de la qualitat d&#8217;\u00e0udio\n                    <\/h3>\n                    <p class=\"tech-detail-text\">Tant AIFF com WAV s\u00f3n contenidors d&#8217;\u00e0udio PCM sense comprimir, que garanteixen una conversi\u00f3 perfecta amb zero p\u00e8rdua de qualitat. El proc\u00e9s de conversi\u00f3 mant\u00e9 les freq\u00fc\u00e8ncies de mostreig originals (44,1 kHz, 48 kHz, 96 kHz), les profunditats de bits (16 bits, 24 bits, 32 bits) i les configuracions del canal mentre nom\u00e9s canvia el format del contenidor.<\/p>\n                <\/div>\n                <div class=\"tech-detail-card\">\n                    <h3 class=\"tech-detail-title\">\n                        <span class=\"tech-detail-icon\"><i class=\"fas fa-database\"><\/i><\/span>\n                        Tractament de metadades\n                    <\/h3>\n                    <p class=\"tech-detail-text\">Els fitxers AIFF emmagatzemen metadades en etiquetes ID3 i estructures basades en fragments, mentre que WAV utilitza fragments INFO i metadades LIST. La conversi\u00f3 mapeja de manera intel\u00b7ligent els camps de metadades compatibles, com ara el t\u00edtol, l&#8217;artista, l&#8217;\u00e0lbum i els par\u00e0metres t\u00e8cnics per garantir la preservaci\u00f3 de la informaci\u00f3 sempre que sigui possible.<\/p>\n                <\/div>\n                <div class=\"tech-detail-card\">\n                    <h3 class=\"tech-detail-title\">\n                        <span class=\"tech-detail-icon\"><i class=\"fas fa-microchip\"><\/i><\/span>\n                        Difer\u00e8ncies de format de contenidor\n                    <\/h3>\n                    <p class=\"tech-detail-text\">AIFF utilitza l&#8217;ordre de bytes big-endian i l&#8217;estructura de fragments basada en IFF heretada dels sistemes Amiga, mentre que WAV utilitza l&#8217;ordre de little-endian i contenidors RIFF optimitzats per a Windows. La conversi\u00f3 gestiona aquestes difer\u00e8ncies estructurals fonamentals de manera transparent.<\/p>\n                <\/div>\n            <\/div>\n        <\/section>\n\n\n        <!-- How It Works Section -->\n        <section id=\"how-it-works\" class=\"how-it-works-section\">\n            <h2 class=\"section-title\">Com convertir AIFF a WAV<\/h2>\n\n            <div class=\"steps-container\">\n                <div class=\"step-card\">\n                    <div class=\"step-number\">1<\/div>\n                    <div class=\"step-content\">\n                        <h3 class=\"step-title\">Descarrega i instal\u00b7la<\/h3>\n                        <p class=\"step-text\">Baixeu Convertify gratu\u00eftament i instal\u00b7leu-lo al vostre PC Windows. No cal cap compte ni registre.<\/p>\n                    <\/div>\n                <\/div>\n                <div class=\"step-card\">\n                    <div class=\"step-number\">2<\/div>\n                    <div class=\"step-content\">\n                        <h3 class=\"step-title\">Afegiu els vostres fitxers AIFF<\/h3>\n                        <p class=\"step-text\">Arrossegueu i deixeu anar els vostres fitxers AIFF a Convertify o utilitzeu el navegador de fitxers per seleccionar-los.<\/p>\n                    <\/div>\n                <\/div>\n                <div class=\"step-card\">\n                    <div class=\"step-number\">3<\/div>\n                    <div class=\"step-content\">\n                        <h3 class=\"step-title\">Seleccioneu Sortida WAV<\/h3>\n                        <p class=\"step-text\">Trieu WAV com a format de sortida. Ajusteu la configuraci\u00f3 de qualitat si cal.<\/p>\n                    <\/div>\n                <\/div>\n                <div class=\"step-card\">\n                    <div class=\"step-number\">4<\/div>\n                    <div class=\"step-content\">\n                        <h3 class=\"step-title\">Converteix i desa<\/h3>\n                        <p class=\"step-text\">Feu clic a Converteix i els vostres fitxers es processaran a l&#8217;instant. Deseu-los a qualsevol lloc del vostre ordinador.<\/p>\n                    <\/div>\n                <\/div>\n            <\/div>\n        <\/section>\n\n\n        <!-- Use Cases Section -->\n        <section class=\"use-cases-section\">\n            <h2 class=\"section-title\">Quan utilitzar la conversi\u00f3 AIFF a WAV<\/h2>\n\n            <div class=\"use-cases-grid\">\n                <div class=\"use-case-card\">\n                    <div class=\"use-case-icon\"><i class=\"fas fa-headphones\"><\/i><\/div>\n                    <h3 class=\"use-case-title\">Compatibilitat amb Windows Media Player<\/h3>\n                    <p class=\"use-case-text\">Converteix fitxers AIFF dels sistemes Mac per a una reproducci\u00f3 perfecta a Windows Media Player, VLC i altres aplicacions multim\u00e8dia natives de Windows que potser no s\u00f3n compatibles amb el format AIFF.<\/p>\n                <\/div>\n                <div class=\"use-case-card\">\n                    <div class=\"use-case-icon\"><i class=\"fas fa-music\"><\/i><\/div>\n                    <h3 class=\"use-case-title\">Projectes d&#8217;estaci\u00f3 de treball d&#8217;\u00e0udio digital<\/h3>\n                    <p class=\"use-case-text\">Prepareu enregistraments AIFF per utilitzar-los en DAW basats en Windows com Cubase, FL Studio o Reaper que funcionin de manera m\u00e9s fiable amb fitxers WAV per a projectes d&#8217;\u00e0udio multipista.<\/p>\n                <\/div>\n                <div class=\"use-case-card\">\n                    <div class=\"use-case-icon\"><i class=\"fas fa-broadcast-tower\"><\/i><\/div>\n                    <h3 class=\"use-case-title\">Transmissi\u00f3 i Streaming<\/h3>\n                    <p class=\"use-case-text\">Converteix el contingut d&#8217;\u00e0udio AIFF al format WAV per a la compatibilitat amb el programari de difusi\u00f3 basat en Windows, les aplicacions de streaming i els sistemes d&#8217;automatitzaci\u00f3 de r\u00e0dio.<\/p>\n                <\/div>\n                <div class=\"use-case-card\">\n                    <div class=\"use-case-icon\"><i class=\"fas fa-compact-disc\"><\/i><\/div>\n                    <h3 class=\"use-case-title\">Creaci\u00f3 i masteritzaci\u00f3 de CD<\/h3>\n                    <p class=\"use-case-text\">Transformeu els mestres AIFF en format WAV per a programari de gravaci\u00f3 de CD basat en Windows i aplicacions de masteritzaci\u00f3 que requereixen entrada WAV per a la producci\u00f3 d&#8217;\u00e0udio professional.<\/p>\n                <\/div>\n                <div class=\"use-case-card\">\n                    <div class=\"use-case-icon\"><i class=\"fas fa-gamepad\"><\/i><\/div>\n                    <h3 class=\"use-case-title\">Actius de desenvolupament de jocs<\/h3>\n                    <p class=\"use-case-text\">Converteix els efectes de so i la m\u00fasica AIFF a format WAV per integrar-los en motors de jocs de Windows i marcs de desenvolupament que admeten principalment recursos d&#8217;\u00e0udio WAV.<\/p>\n                <\/div>\n                <div class=\"use-case-card\">\n                    <div class=\"use-case-icon\"><i class=\"fas fa-file-archive\"><\/i><\/div>\n                    <h3 class=\"use-case-title\">Migraci\u00f3 d&#8217;arxius d&#8217;\u00e0udio<\/h3>\n                    <p class=\"use-case-text\">Migreu grans arxius d&#8217;\u00e0udio AIFF al format WAV per a una millor compatibilitat a llarg termini amb els sistemes Windows i una protecci\u00f3 futura contra l&#8217;obsolesc\u00e8ncia del format en entorns professionals.<\/p>\n                <\/div>\n            <\/div>\n        <\/section>\n\n\n        <!-- Security Section -->\n        <section class=\"security-section\">\n            <h2 class=\"section-title\">La teva privadesa est\u00e0 protegida<\/h2>\n\n            <div class=\"security-features\">\n                <div class=\"security-card\">\n                    <h3 class=\"security-title\">\n                        <span class=\"security-icon\"><i class=\"fas fa-lock\"><\/i><\/span>\n                        100% fora de l\u00ednia\n                    <\/h3>\n                    <p class=\"security-text\">Totes les conversions es produeixen localment al vostre ordinador. Els vostres fitxers no surten mai del vostre dispositiu i mai es pengen a cap servidor.<\/p>\n                <\/div>\n                <div class=\"security-card\">\n                    <h3 class=\"security-title\">\n                        <span class=\"security-icon\"><i class=\"fas fa-user-shield\"><\/i><\/span>\n                        No es requereix cap compte\n                    <\/h3>\n                    <p class=\"security-text\">Comenceu a convertir immediatament sense crear un compte, proporcionar informaci\u00f3 personal o registrar-vos per a res.<\/p>\n                <\/div>\n                <div class=\"security-card\">\n                    <h3 class=\"security-title\">\n                        <span class=\"security-icon\"><i class=\"fas fa-trash-alt\"><\/i><\/span>\n                        Neteja autom\u00e0tica\n                    <\/h3>\n                    <p class=\"security-text\">Els fitxers temporals s&#8217;eliminen de manera segura despr\u00e9s de la conversi\u00f3. Els vostres fitxers originals romanen completament intacs tret que decidiu el contrari.<\/p>\n                <\/div>\n            <\/div>\n        <\/section>\n\n\n        <!-- FAQ Section -->\n        <section class=\"faq-section\">\n            <h2 class=\"section-title\">Preguntes freq\u00fcents<\/h2>\n\n            <div class=\"faq-container\">\n                <div class=\"faq-item\">\n                    <h3 class=\"faq-question\">\n                        <span class=\"faq-icon\"><i class=\"fas fa-question-circle\"><\/i><\/span>\n                        Convertir AIFF a WAV reduir\u00e0 la qualitat de l&#8217;\u00e0udio?\n                    <\/h3>\n                    <div class=\"faq-answer\">\n                        <p>No, tant AIFF com WAV s\u00f3n formats sense p\u00e8rdua sense comprimir que utilitzen dades d&#8217;\u00e0udio PCM id\u00e8ntiques. La conversi\u00f3 nom\u00e9s canvia el format del contenidor alhora que conserva la qualitat d&#8217;\u00e0udio perfecta, les taxes de mostreig i les profunditats de bits.<\/p>\n                    <\/div>\n                <\/div>\n                <div class=\"faq-item\">\n                    <h3 class=\"faq-question\">\n                        <span class=\"faq-icon\"><i class=\"fas fa-question-circle\"><\/i><\/span>\n                        Per qu\u00e8 hauria de convertir AIFF a WAV a Windows?\n                    <\/h3>\n                    <div class=\"faq-answer\">\n                        <p>AIFF \u00e9s el format d&#8217;Apple optimitzat per a sistemes Mac, mentre que WAV \u00e9s l&#8217;est\u00e0ndard de Windows. La conversi\u00f3 garanteix una millor compatibilitat amb reproductors multim\u00e8dia de Windows, programari d&#8217;\u00e0udio i aplicacions professionals que potser no s\u00f3n totalment compatibles amb AIFF.<\/p>\n                    <\/div>\n                <\/div>\n                <div class=\"faq-item\">\n                    <h3 class=\"faq-question\">\n                        <span class=\"faq-icon\"><i class=\"fas fa-question-circle\"><\/i><\/span>\n                        Els fitxers AIFF funcionen a Windows sense conversi\u00f3?\n                    <\/h3>\n                    <div class=\"faq-answer\">\n                        <p>Algunes aplicacions de Windows admeten AIFF, per\u00f2 la compatibilitat varia. Molts reproductors multim\u00e8dia populars, editors d&#8217;\u00e0udio i programari professional funcionen de manera m\u00e9s fiable amb fitxers WAV, la qual cosa fa que la conversi\u00f3 sigui beneficiosa per a un rendiment constant.<\/p>\n                    <\/div>\n                <\/div>\n                <div class=\"faq-item\">\n                    <h3 class=\"faq-question\">\n                        <span class=\"faq-icon\"><i class=\"fas fa-question-circle\"><\/i><\/span>\n                        Les metadades i les etiquetes es transferiran d&#8217;AIFF a WAV?\n                    <\/h3>\n                    <div class=\"faq-answer\">\n                        <p>Les metadades b\u00e0siques com la informaci\u00f3 del t\u00edtol, l&#8217;artista i l&#8217;\u00e0lbum es poden transferir entre formats, tot i que els m\u00e8todes d&#8217;emmagatzematge s\u00f3n diferents. AIFF utilitza etiquetes d&#8217;estil ID3 mentre que WAV utilitza fragments INFO, de manera que algunes metadades especialitzades poden no transferir-se completament.<\/p>\n                    <\/div>\n                <\/div>\n                <div class=\"faq-item\">\n                    <h3 class=\"faq-question\">\n                        <span class=\"faq-icon\"><i class=\"fas fa-question-circle\"><\/i><\/span>\n                        Quina mida tenen els fitxers WAV en comparaci\u00f3 amb els fitxers AIFF?\n                    <\/h3>\n                    <div class=\"faq-answer\">\n                        <p>Les mides dels fitxers s\u00f3n gaireb\u00e9 id\u00e8ntiques, ja que ambd\u00f3s formats emmagatzemen dades d&#8217;\u00e0udio PCM sense comprimir. Qualsevol difer\u00e8ncia de mida \u00e9s m\u00ednima i nom\u00e9s es relaciona amb l&#8217;emmagatzematge de metadades i la sobrec\u00e0rrega del contenidor, normalment una variaci\u00f3 inferior a l&#8217;1%.<\/p>\n                    <\/div>\n                <\/div>\n                <div class=\"faq-item\">\n                    <h3 class=\"faq-question\">\n                        <span class=\"faq-icon\"><i class=\"fas fa-question-circle\"><\/i><\/span>\n                        Puc convertir fitxers AIFF d&#8217;alta resoluci\u00f3 a WAV?\n                    <\/h3>\n                    <div class=\"faq-answer\">\n                        <p>S\u00ed, tots dos formats admeten \u00e0udio d&#8217;alta resoluci\u00f3, com ara enregistraments flotants de 24 bits\/96 kHz, 24 bits\/192 kHz i 32 bits. La conversi\u00f3 mant\u00e9 totes les caracter\u00edstiques de qualitat i resoluci\u00f3 originals.<\/p>\n                    <\/div>\n                <\/div>\n                <div class=\"faq-item\">\n                    <h3 class=\"faq-question\">\n                        <span class=\"faq-icon\"><i class=\"fas fa-question-circle\"><\/i><\/span>\n                        \u00c9s reversible la conversi\u00f3 de AIFF a WAV?\n                    <\/h3>\n                    <div class=\"faq-answer\">\n                        <p>S\u00ed, com que tots dos s\u00f3n formats sense p\u00e8rdua, podeu tornar a convertir de WAV a AIFF sense p\u00e8rdua de qualitat. Tanmateix, es poden produir algunes difer\u00e8ncies de format de metadades a causa dels diferents sistemes d&#8217;etiquetatge utilitzats per cada format.<\/p>\n                    <\/div>\n                <\/div>\n                <div class=\"faq-item\">\n                    <h3 class=\"faq-question\">\n                        <span class=\"faq-icon\"><i class=\"fas fa-question-circle\"><\/i><\/span>\n                        Quin format \u00e9s millor per al treball d&#8217;\u00e0udio professional a Windows?\n                    <\/h3>\n                    <div class=\"faq-answer\">\n                        <p>En general, es prefereix WAV per al treball d&#8217;\u00e0udio professional basat en Windows a causa d&#8217;un millor suport natiu en DAW de Windows, programari de masteritzaci\u00f3 i aplicacions de difusi\u00f3. Tots dos formats ofereixen la mateixa qualitat d&#8217;\u00e0udio.<\/p>\n                    <\/div>\n                <\/div>\n            <\/div>\n        <\/section>\n\n\n        <!-- CTA Section -->\n        <section class=\"cta-section\">\n            <div class=\"cta-pattern\"><\/div>\n            <div class=\"cta-content\">\n                <h2 class=\"cta-title\">Preparat per convertir els vostres fitxers?<\/h2>\n                <p class=\"cta-text\">Baixeu Convertify ara i comenceu a convertir AIFF a WAV a l&#8217;instant. Gratu\u00eft, il\u00b7limitat i completament fora de l\u00ednia.<\/p>\n                <div class=\"hero-buttons\">\n                    <a href=\"\/download\" class=\"btn btn-primary\">Descarrega Convertify gratis<\/a>\n                    <a href=\"\/pricing\" class=\"btn btn-secondary\">Veure preus<\/a>\n                <\/div>\n            <\/div>\n        <\/section>\n    <\/div>\n<\/body>\n<\/html>\n\n\n\n<p><\/p>\n","protected":false},"excerpt":{"rendered":"<p>Convertidor AIFF a WAV: r\u00e0pid, gratu\u00eft i fora de l\u00ednia per a Windows Convertidor AIFF a WAV Transformeu els fitxers [&hellip;]<\/p>\n","protected":false},"author":1,"featured_media":0,"parent":0,"menu_order":0,"comment_status":"closed","ping_status":"closed","template":"","meta":{"pagelayer_contact_templates":[],"_pagelayer_content":"","_uag_custom_page_level_css":"","site-sidebar-layout":"default","site-content-layout":"","ast-site-content-layout":"","site-content-style":"default","site-sidebar-style":"default","ast-global-header-display":"","ast-banner-title-visibility":"","ast-main-header-display":"","ast-hfb-above-header-display":"","ast-hfb-below-header-display":"","ast-hfb-mobile-header-display":"","site-post-title":"disabled","ast-breadcrumbs-content":"","ast-featured-img":"","footer-sml-layout":"","theme-transparent-header-meta":"","adv-header-id-meta":"","stick-header-meta":"","header-above-stick-meta":"","header-main-stick-meta":"","header-below-stick-meta":"","astra-migrate-meta-layouts":"default","ast-page-background-enabled":"default","ast-page-background-meta":{"desktop":{"background-color":"var(--ast-global-color-5)","background-image":"","background-repeat":"repeat","background-position":"center center","background-size":"auto","background-attachment":"scroll","background-type":"","background-media":"","overlay-type":"","overlay-color":"","overlay-opacity":"","overlay-gradient":""},"tablet":{"background-color":"","background-image":"","background-repeat":"repeat","background-position":"center center","background-size":"auto","background-attachment":"scroll","background-type":"","background-media":"","overlay-type":"","overlay-color":"","overlay-opacity":"","overlay-gradient":""},"mobile":{"background-color":"","background-image":"","background-repeat":"repeat","background-position":"center center","background-size":"auto","background-attachment":"scroll","background-type":"","background-media":"","overlay-type":"","overlay-color":"","overlay-opacity":"","overlay-gradient":""}},"ast-content-background-meta":{"desktop":{"background-color":"var(--ast-global-color-4)","background-image":"","background-repeat":"repeat","background-position":"center center","background-size":"auto","background-attachment":"scroll","background-type":"","background-media":"","overlay-type":"","overlay-color":"","overlay-opacity":"","overlay-gradient":""},"tablet":{"background-color":"var(--ast-global-color-4)","background-image":"","background-repeat":"repeat","background-position":"center center","background-size":"auto","background-attachment":"scroll","background-type":"","background-media":"","overlay-type":"","overlay-color":"","overlay-opacity":"","overlay-gradient":""},"mobile":{"background-color":"var(--ast-global-color-4)","background-image":"","background-repeat":"repeat","background-position":"center center","background-size":"auto","background-attachment":"scroll","background-type":"","background-media":"","overlay-type":"","overlay-color":"","overlay-opacity":"","overlay-gradient":""}},"footnotes":""},"class_list":["post-740518","page","type-page","status-publish","hentry"],"uagb_featured_image_src":{"full":false,"thumbnail":false,"medium":false,"medium_large":false,"large":false,"1536x1536":false,"2048x2048":false,"woocommerce_thumbnail":false,"woocommerce_single":false,"woocommerce_gallery_thumbnail":false},"uagb_author_info":{"display_name":"convertify","author_link":"https:\/\/convertifypro.com\/author\/convertifypro\/"},"uagb_comment_info":0,"uagb_excerpt":"Convertidor AIFF a WAV: r\u00e0pid, gratu\u00eft i fora de l\u00ednia per a Windows Convertidor AIFF a WAV Transformeu els fitxers [&hellip;]","_links":{"self":[{"href":"https:\/\/convertifypro.com\/wp-json\/wp\/v2\/pages\/740518","targetHints":{"allow":["GET"]}}],"collection":[{"href":"https:\/\/convertifypro.com\/wp-json\/wp\/v2\/pages"}],"about":[{"href":"https:\/\/convertifypro.com\/wp-json\/wp\/v2\/types\/page"}],"author":[{"embeddable":true,"href":"https:\/\/convertifypro.com\/wp-json\/wp\/v2\/users\/1"}],"replies":[{"embeddable":true,"href":"https:\/\/convertifypro.com\/wp-json\/wp\/v2\/comments?post=740518"}],"version-history":[{"count":0,"href":"https:\/\/convertifypro.com\/wp-json\/wp\/v2\/pages\/740518\/revisions"}],"wp:attachment":[{"href":"https:\/\/convertifypro.com\/wp-json\/wp\/v2\/media?parent=740518"}],"curies":[{"name":"wp","href":"https:\/\/api.w.org\/{rel}","templated":true}]}}