{"id":740517,"date":"2026-01-21T22:37:34","date_gmt":"2026-01-21T22:37:34","guid":{"rendered":"https:\/\/convertifypro.com\/?page_id=740517"},"modified":"2026-01-21T22:37:34","modified_gmt":"2026-01-21T22:37:34","slug":"wav-to-aiff-converter","status":"publish","type":"page","link":"https:\/\/convertifypro.com\/ca\/convertidor-wav-a-aiff\/","title":{"rendered":"Convertidor WAV a AIFF"},"content":{"rendered":"<style class=\"wpcode-css-snippet\">.ast-custom-button {\r\n  display: none;\r\n}<\/style>\n\n\n\n<!DOCTYPE html>\n<html lang=\"en\">\n<head>\n    <meta charset=\"UTF-8\">\n    <meta name=\"viewport\" content=\"width=device-width, initial-scale=1.0\">\n    <meta name=\"description\" content=\"Convert WAV files to AIFF format with our powerful offline converter. Perfect for Mac compatibility, professional audio workflows, and enhanced metadata support.\">\n    <meta name=\"keywords\" content=\"WAV to AIFF converter, audio format converter, AIFF converter Windows, WAV AIFF conversion, offline audio converter, lossless audio conversion, Mac audio format, professional audio conversion\">\n    <title>Convertidor WAV a AIFF: gratu\u00eft, r\u00e0pid i fora de l\u00ednia per a Windows<\/title>\n    <link rel=\"stylesheet\" href=\"https:\/\/cdnjs.cloudflare.com\/ajax\/libs\/font-awesome\/6.4.0\/css\/all.min.css\">\n    \n    <style>\n        \/* Main Styles *\/\n        :root {\n            --primary-color: #FD9800;\n            --primary-hover: #e88a00;\n            --text-color: #3A3A3A;\n            --light-bg: #f8faff;\n            --gradient-bg: linear-gradient(135deg, #f8faff 0%, #fff5e6 100%);\n            --box-shadow: 0 10px 30px rgba(0, 0, 0, 0.05);\n            --hover-shadow: 0 15px 35px rgba(0, 0, 0, 0.1);\n            --border-color: #f1f5f9;\n        }\n\n        .converter-section {\n            max-width: 1200px;\n            margin: 0 auto;\n            padding: 2rem 1.5rem;\n            font-family: 'Inter', 'Segoe UI', system-ui, -apple-system, sans-serif;\n            color: var(--text-color);\n        }\n\n        \/* Hero Section *\/\n        .hero-section {\n            text-align: center;\n            padding: 3rem 1rem;\n            margin-bottom: 3rem;\n            background: var(--gradient-bg);\n            border-radius: 16px;\n            position: relative;\n            overflow: hidden;\n        }\n\n        .hero-pattern {\n            position: absolute;\n            top: 0;\n            left: 0;\n            right: 0;\n            bottom: 0;\n            background-image: url(\"data:image\/svg+xml,%3Csvg width='60' height='60' viewBox='0 0 60 60' xmlns='http:\/\/www.w3.org\/2000\/svg'%3E%3Cg fill='none' fill-rule='evenodd'%3E%3Cg fill='%23fd9800' fill-opacity='0.05'%3E%3Cpath d='M36 34v-4h-2v4h-4v2h4v4h2v-4h4v-2h-4zm0-30V0h-2v4h-4v2h4v4h2V6h4V4h-4zM6 34v-4H4v4H0v2h4v4h2v-4h4v-2H6zM6 4V0H4v4H0v2h4v4h2V6h4V4H6z'\/%3E%3C\/g%3E%3C\/g%3E%3C\/svg%3E\");\n            opacity: 0.5;\n            z-index: 0;\n        }\n\n        .hero-content {\n            position: relative;\n            z-index: 1;\n            max-width: 800px;\n            margin: 0 auto;\n        }\n\n        .hero-title {\n            font-size: 2.8rem;\n            font-weight: 800;\n            margin-bottom: 1.5rem;\n            color: var(--text-color);\n        }\n\n        .hero-subtitle {\n            font-size: 1.25rem;\n            margin-bottom: 2rem;\n            color: var(--text-color);\n            line-height: 1.6;\n        }\n\n        .hero-badges {\n            display: flex;\n            flex-wrap: wrap;\n            justify-content: center;\n            gap: 1rem;\n            margin-bottom: 2rem;\n        }\n\n        .hero-badge {\n            display: flex;\n            align-items: center;\n            background: white;\n            border-radius: 50px;\n            padding: 0.5rem 1rem;\n            box-shadow: var(--box-shadow);\n            transition: all 0.3s ease;\n            border: 1px solid var(--border-color);\n        }\n\n        .hero-badge:hover {\n            transform: translateY(-3px);\n            box-shadow: var(--hover-shadow);\n            border-color: rgba(253, 152, 0, 0.3);\n        }\n\n        .hero-badge-icon {\n            color: var(--primary-color);\n            margin-right: 0.5rem;\n            font-size: 1rem;\n        }\n\n        .hero-badge-text {\n            font-size: 0.9rem;\n            font-weight: 600;\n            color: var(--text-color);\n        }\n\n        .hero-buttons {\n            display: flex;\n            justify-content: center;\n            gap: 1rem;\n            flex-wrap: wrap;\n        }\n\n        .btn {\n            display: inline-block;\n            padding: 0.75rem 1.5rem;\n            border-radius: 8px;\n            font-weight: 600;\n            text-decoration: none !important;\n            transition: all 0.3s ease;\n            cursor: pointer;\n            font-size: 1rem;\n        }\n\n        .btn-primary {\n            background-color: var(--primary-color);\n            color: white !important;\n            box-shadow: 0 8px 16px rgba(253, 152, 0, 0.2);\n            border: none;\n        }\n\n        .btn-primary:hover {\n            background-color: var(--primary-hover);\n            transform: translateY(-2px);\n            text-decoration: none !important;\n        }\n\n        .btn-secondary {\n            background-color: white;\n            color: var(--primary-color) !important;\n            border: 1px solid var(--border-color);\n        }\n\n        .btn-secondary:hover {\n            background-color: #fff5e6;\n            transform: translateY(-2px);\n            text-decoration: none !important;\n        }\n\n        \/* Features Section *\/\n        .features-section {\n            margin-bottom: 4rem;\n        }\n\n        .section-title {\n            font-size: 2.2rem;\n            font-weight: 700;\n            text-align: center;\n            margin-bottom: 2.5rem;\n            color: var(--text-color);\n        }\n\n        .features-grid {\n            display: grid;\n            grid-template-columns: repeat(auto-fit, minmax(300px, 1fr));\n            gap: 2rem;\n        }\n\n        .feature-card {\n            background: white;\n            border-radius: 16px;\n            overflow: hidden;\n            box-shadow: var(--box-shadow);\n            transition: all 0.3s ease;\n            border: 1px solid var(--border-color);\n            height: 100%;\n            display: flex;\n            flex-direction: column;\n        }\n\n        .feature-card:hover {\n            transform: translateY(-5px);\n            box-shadow: var(--hover-shadow);\n            border-color: rgba(253, 152, 0, 0.3);\n        }\n\n        .feature-icon {\n            width: 60px;\n            height: 60px;\n            background-color: rgba(253, 152, 0, 0.15);\n            color: var(--primary-color);\n            border-radius: 12px;\n            display: flex;\n            align-items: center;\n            justify-content: center;\n            margin-bottom: 1.5rem;\n            font-size: 1.8rem;\n            transition: all 0.3s ease;\n        }\n\n        .feature-card:hover .feature-icon {\n            background: linear-gradient(135deg, #FD9800 0%, #FF6D00 100%);\n            color: white;\n            box-shadow: 0 10px 20px rgba(253, 152, 0, 0.2);\n        }\n\n        .feature-content {\n            padding: 2rem;\n            flex-grow: 1;\n        }\n\n        .feature-title {\n            font-size: 1.4rem;\n            font-weight: 700;\n            margin-bottom: 1rem;\n            color: var(--text-color);\n        }\n\n        .feature-text {\n            font-size: 1rem;\n            color: #555;\n            line-height: 1.6;\n            margin-bottom: 1.5rem;\n        }\n\n        .feature-list {\n            list-style: none;\n            padding: 0;\n            margin: 0;\n        }\n\n        .feature-item {\n            display: flex;\n            align-items: flex-start;\n            margin-bottom: 0.75rem;\n            line-height: 1.5;\n        }\n\n        .feature-check {\n            color: var(--primary-color);\n            margin-right: 0.75rem;\n            flex-shrink: 0;\n            margin-top: 0.2rem;\n        }\n\n        .feature-item-text {\n            font-size: 0.95rem;\n            color: var(--text-color);\n        }\n\n        \/* Why Convert Section *\/\n        .why-convert-section {\n            margin-bottom: 4rem;\n            background: var(--light-bg);\n            border-radius: 16px;\n            padding: 3rem 2rem;\n        }\n\n        .comparison-grid {\n            display: grid;\n            grid-template-columns: repeat(auto-fit, minmax(300px, 1fr));\n            gap: 2rem;\n            margin-top: 2rem;\n        }\n\n        .format-card {\n            background: white;\n            border-radius: 16px;\n            padding: 1.5rem;\n            box-shadow: var(--box-shadow);\n            transition: all 0.3s ease;\n            border: 1px solid var(--border-color);\n        }\n\n        .format-card:hover {\n            transform: translateY(-5px);\n            box-shadow: var(--hover-shadow);\n            border-color: rgba(253, 152, 0, 0.3);\n        }\n\n        .format-title {\n            font-size: 1.6rem;\n            font-weight: 700;\n            margin-bottom: 1.25rem;\n            color: var(--text-color);\n            display: flex;\n            align-items: center;\n        }\n\n        .format-icon {\n            color: var(--primary-color);\n            margin-right: 0.75rem;\n            font-size: 1.6rem;\n        }\n\n        .format-list {\n            list-style: none;\n            padding: 0;\n            margin: 0;\n        }\n\n        .format-item {\n            display: flex;\n            align-items: flex-start;\n            margin-bottom: 0.85rem;\n        }\n\n        .format-check {\n            color: var(--primary-color);\n            margin-right: 0.75rem;\n            flex-shrink: 0;\n            margin-top: 0.2rem;\n        }\n\n        .format-text {\n            font-size: 0.95rem;\n            color: #555;\n            line-height: 1.5;\n        }\n\n        \/* How It Works Section *\/\n        .how-it-works-section {\n            margin-bottom: 4rem;\n        }\n\n        .steps-container {\n            max-width: 900px;\n            margin: 0 auto;\n        }\n\n        .step-card {\n            display: flex;\n            align-items: flex-start;\n            background: white;\n            border-radius: 16px;\n            padding: 2rem;\n            box-shadow: var(--box-shadow);\n            margin-bottom: 2rem;\n            border: 1px solid var(--border-color);\n            transition: all 0.3s ease;\n        }\n\n        .step-card:hover {\n            transform: translateY(-5px);\n            box-shadow: var(--hover-shadow);\n            border-color: rgba(253, 152, 0, 0.3);\n        }\n\n        .step-number {\n            width: 50px;\n            height: 50px;\n            background-color: rgba(253, 152, 0, 0.15);\n            color: var(--primary-color);\n            border-radius: 50%;\n            display: flex;\n            align-items: center;\n            justify-content: center;\n            font-size: 1.5rem;\n            font-weight: 700;\n            margin-right: 1.5rem;\n            flex-shrink: 0;\n            transition: all 0.3s ease;\n        }\n\n        .step-card:hover .step-number {\n            background: linear-gradient(135deg, #FD9800 0%, #FF6D00 100%);\n            color: white;\n            box-shadow: 0 10px 20px rgba(253, 152, 0, 0.2);\n        }\n\n        .step-content {\n            flex: 1;\n        }\n\n        .step-title {\n            font-size: 1.4rem;\n            font-weight: 700;\n            margin-bottom: 0.75rem;\n            color: var(--text-color);\n        }\n\n        .step-text {\n            font-size: 1rem;\n            color: #555;\n            line-height: 1.6;\n        }\n\n        \/* Use Cases Section *\/\n        .use-cases-section {\n            margin-bottom: 4rem;\n            background: var(--light-bg);\n            border-radius: 16px;\n            padding: 3rem 2rem;\n        }\n\n        .use-cases-grid {\n            display: grid;\n            grid-template-columns: repeat(auto-fit, minmax(300px, 1fr));\n            gap: 2rem;\n            margin-top: 2rem;\n        }\n\n        .use-case-card {\n            background: white;\n            border-radius: 16px;\n            padding: 1.5rem;\n            box-shadow: var(--box-shadow);\n            transition: all 0.3s ease;\n            border: 1px solid var(--border-color);\n            height: 100%;\n        }\n\n        .use-case-card:hover {\n            transform: translateY(-5px);\n            box-shadow: var(--hover-shadow);\n            border-color: rgba(253, 152, 0, 0.3);\n        }\n\n        .use-case-icon {\n            color: var(--primary-color);\n            font-size: 2rem;\n            margin-bottom: 1rem;\n        }\n\n        .use-case-title {\n            font-size: 1.3rem;\n            font-weight: 700;\n            margin-bottom: 1rem;\n            color: var(--text-color);\n        }\n\n        .use-case-text {\n            font-size: 0.95rem;\n            color: #555;\n            line-height: 1.6;\n        }\n\n        \/* FAQ Section *\/\n        .faq-section {\n            margin-bottom: 4rem;\n        }\n\n        .faq-container {\n            max-width: 900px;\n            margin: 0 auto;\n        }\n\n        .faq-item {\n            background: white;\n            border-radius: 16px;\n            padding: 1.5rem 2rem;\n            box-shadow: var(--box-shadow);\n            margin-bottom: 1.5rem;\n            border: 1px solid var(--border-color);\n            transition: all 0.3s ease;\n        }\n\n        .faq-item:hover {\n            transform: translateY(-3px);\n            box-shadow: var(--hover-shadow);\n            border-color: rgba(253, 152, 0, 0.3);\n        }\n\n        .faq-question {\n            font-size: 1.2rem;\n            font-weight: 700;\n            margin-bottom: 1rem;\n            color: var(--text-color);\n            display: flex;\n            align-items: center;\n        }\n\n        .faq-icon {\n            color: var(--primary-color);\n            margin-right: 0.75rem;\n            font-size: 1.2rem;\n        }\n\n        .faq-answer {\n            font-size: 1rem;\n            color: #555;\n            line-height: 1.6;\n        }\n\n        \/* Technical Details Section *\/\n        .technical-details-section {\n            margin-bottom: 4rem;\n        }\n\n        .technical-details-grid {\n            display: grid;\n            grid-template-columns: repeat(auto-fit, minmax(300px, 1fr));\n            gap: 2rem;\n        }\n\n        .tech-detail-card {\n            background: white;\n            border-radius: 16px;\n            padding: 1.5rem;\n            box-shadow: var(--box-shadow);\n            transition: all 0.3s ease;\n            border: 1px solid var(--border-color);\n        }\n\n        .tech-detail-card:hover {\n            transform: translateY(-5px);\n            box-shadow: var(--hover-shadow);\n            border-color: rgba(253, 152, 0, 0.3);\n        }\n\n        .tech-detail-title {\n            font-size: 1.3rem;\n            font-weight: 700;\n            margin-bottom: 1rem;\n            color: var(--text-color);\n            display: flex;\n            align-items: center;\n        }\n\n        .tech-detail-icon {\n            color: var(--primary-color);\n            margin-right: 0.75rem;\n            font-size: 1.3rem;\n        }\n\n        .tech-detail-text {\n            font-size: 0.95rem;\n            color: #555;\n            line-height: 1.6;\n        }\n\n        \/* Security Section *\/\n        .security-section {\n            margin-bottom: 4rem;\n            background: var(--light-bg);\n            border-radius: 16px;\n            padding: 3rem 2rem;\n        }\n\n        .security-features {\n            display: grid;\n            grid-template-columns: repeat(auto-fit, minmax(300px, 1fr));\n            gap: 2rem;\n            margin-top: 2rem;\n        }\n\n        .security-card {\n            background: white;\n            border-radius: 16px;\n            padding: 1.5rem;\n            box-shadow: var(--box-shadow);\n            transition: all 0.3s ease;\n            border: 1px solid var(--border-color);\n        }\n\n        .security-card:hover {\n            transform: translateY(-5px);\n            box-shadow: var(--hover-shadow);\n            border-color: rgba(253, 152, 0, 0.3);\n        }\n\n        .security-title {\n            font-size: 1.3rem;\n            font-weight: 700;\n            margin-bottom: 1rem;\n            color: var(--text-color);\n            display: flex;\n            align-items: center;\n        }\n\n        .security-icon {\n            color: var(--primary-color);\n            margin-right: 0.75rem;\n            font-size: 1.3rem;\n        }\n\n        .security-text {\n            font-size: 0.95rem;\n            color: #555;\n            line-height: 1.6;\n        }\n\n        \/* CTA Section *\/\n        .cta-section {\n            text-align: center;\n            padding: 3rem 1rem;\n            background: var(--gradient-bg);\n            border-radius: 16px;\n            position: relative;\n            overflow: hidden;\n            margin-bottom: 2rem;\n        }\n\n        .cta-pattern {\n            position: absolute;\n            top: 0;\n            left: 0;\n            right: 0;\n            bottom: 0;\n            background-image: url(\"data:image\/svg+xml,%3Csvg width='60' height='60' viewBox='0 0 60 60' xmlns='http:\/\/www.w3.org\/2000\/svg'%3E%3Cg fill='none' fill-rule='evenodd'%3E%3Cg fill='%23fd9800' fill-opacity='0.05'%3E%3Cpath d='M36 34v-4h-2v4h-4v2h4v4h2v-4h4v-2h-4zm0-30V0h-2v4h-4v2h4v4h2V6h4V4h-4zM6 34v-4H4v4H0v2h4v4h2v-4h4v-2H6zM6 4V0H4v4H0v2h4v4h2V6h4V4H6z'\/%3E%3C\/g%3E%3C\/g%3E%3C\/svg%3E\");\n            opacity: 0.5;\n            z-index: 0;\n        }\n\n        .cta-content {\n            position: relative;\n            z-index: 1;\n            max-width: 800px;\n            margin: 0 auto;\n        }\n\n        .cta-title {\n            font-size: 2.2rem;\n            font-weight: 700;\n            margin-bottom: 1.5rem;\n            color: var(--text-color);\n        }\n\n        .cta-text {\n            font-size: 1.1rem;\n            margin-bottom: 2rem;\n            color: #555;\n            line-height: 1.6;\n        }\n\n        \/* Guide-specific Styles *\/\n        .guide-content {\n            background: white;\n            border-radius: 16px;\n            padding: 2rem;\n            margin-bottom: 2rem;\n            box-shadow: var(--box-shadow);\n            border: 1px solid var(--border-color);\n        }\n\n        .guide-section-title {\n            font-size: 1.6rem;\n            font-weight: 700;\n            color: var(--text-color);\n            margin-bottom: 1rem;\n        }\n\n        .guide-text {\n            font-size: 1rem;\n            color: #555;\n            line-height: 1.8;\n            margin-bottom: 1rem;\n        }\n\n        .guide-list {\n            list-style: none;\n            padding: 0;\n            margin: 1rem 0;\n        }\n\n        .guide-list-item {\n            display: flex;\n            align-items: flex-start;\n            margin-bottom: 0.75rem;\n            padding-left: 1.5rem;\n            position: relative;\n        }\n\n        .guide-list-item::before {\n            content: \"\u2022\";\n            color: var(--primary-color);\n            font-weight: bold;\n            position: absolute;\n            left: 0;\n        }\n\n        \/* Responsive Styles *\/\n        @media (max-width: 768px) {\n            .hero-title {\n                font-size: 2.2rem;\n            }\n\n            .section-title {\n                font-size: 1.8rem;\n            }\n\n            .cta-title {\n                font-size: 1.8rem;\n            }\n\n            .features-grid {\n                grid-template-columns: 1fr;\n                max-width: 500px;\n                margin: 0 auto;\n            }\n\n            .step-card {\n                flex-direction: column;\n                align-items: flex-start;\n            }\n\n            .step-number {\n                margin-bottom: 1rem;\n                margin-right: 0;\n            }\n        }\n\n        @media (max-width: 480px) {\n            .hero-title {\n                font-size: 1.8rem;\n            }\n\n            .hero-subtitle {\n                font-size: 1.1rem;\n            }\n\n            .section-title {\n                font-size: 1.6rem;\n            }\n\n            .feature-content {\n                padding: 1.5rem;\n            }\n\n            .step-card {\n                padding: 1.5rem;\n            }\n\n            .faq-item {\n                padding: 1.25rem;\n            }\n        }\n\n        \/* Button text should never be underlined *\/\n        .btn:hover, .btn:focus, .btn:active {\n            text-decoration: none !important;\n        }\n    <\/style>\n<\/head>\n<body>\n    <div class=\"converter-section\">\n        <!-- Hero Section -->\n        <section class=\"hero-section\">\n            <div class=\"hero-pattern\"><\/div>\n            <div class=\"hero-content\">\n                <h1 class=\"hero-title\">Convertidor WAV a AIFF<\/h1>\n                <p class=\"hero-subtitle\">Converteix fitxers d&#8217;\u00e0udio WAV a format AIFF tot conservant la qualitat d&#8217;\u00e0udio i les metadades completes. Perfecte per a la compatibilitat amb Mac, fluxos de treball d&#8217;\u00e0udio professionals i projectes d&#8217;\u00e0udio multiplataforma.<\/p>\n\n                <div class=\"hero-badges\">\n                    <div class=\"hero-badge\">\n                        <span class=\"hero-badge-icon\"><i class=\"fas fa-desktop\"><\/i><\/span>\n                        <span class=\"hero-badge-text\">100% fora de l\u00ednia<\/span>\n                    <\/div>\n                    <div class=\"hero-badge\">\n                        <span class=\"hero-badge-icon\"><i class=\"fas fa-infinity\"><\/i><\/span>\n                        <span class=\"hero-badge-text\">Conversions il\u00b7limitades<\/span>\n                    <\/div>\n                    <div class=\"hero-badge\">\n                        <span class=\"hero-badge-icon\"><i class=\"fas fa-shield-alt\"><\/i><\/span>\n                        <span class=\"hero-badge-text\">Privat i segur<\/span>\n                    <\/div>\n                    <div class=\"hero-badge\">\n                        <span class=\"hero-badge-icon\"><i class=\"fas fa-bolt\"><\/i><\/span>\n                        <span class=\"hero-badge-text\">R\u00e0pid llamp<\/span>\n                    <\/div>\n                <\/div>\n\n                <div class=\"hero-buttons\">\n                    <a href=\"\/download\" class=\"btn btn-primary\">Descarregar Gratis<\/a>\n                    <a href=\"#how-it-works\" class=\"btn btn-secondary\">M\u00e9s informaci\u00f3<\/a>\n                <\/div>\n            <\/div>\n        <\/section>\n\n\n        <!-- Features Section -->\n        <section class=\"features-section\">\n            <h2 class=\"section-title\">Per qu\u00e8 triar Convertify per a la conversi\u00f3 de WAV a AIFF?<\/h2>\n\n            <div class=\"features-grid\">\n                <div class=\"feature-card\">\n                    <div class=\"feature-content\">\n                        <div class=\"feature-icon\">\n                            <i class=\"fas fa-music\"><\/i>\n                        <\/div>\n                        <h3 class=\"feature-title\">Conversi\u00f3 d&#8217;\u00e0udio sense p\u00e8rdues<\/h3>\n                        <p class=\"feature-text\">Converteix WAV a AIFF amb una perfecta preservaci\u00f3 de la fidelitat d&#8217;\u00e0udio. Tots dos formats utilitzen la codificaci\u00f3 PCM sense comprimir, assegurant que el vostre \u00e0udio mantingui la seva qualitat original, rang din\u00e0mic i resposta de freq\u00fc\u00e8ncia sense cap p\u00e8rdua de generaci\u00f3.<\/p>\n                        <ul class=\"feature-list\">\n                            <li class=\"feature-item\">\n                                <span class=\"feature-check\"><i class=\"fas fa-check-circle\"><\/i><\/span>\n                                <span class=\"feature-item-text\">Conserva la profunditat de bits i la freq\u00fc\u00e8ncia de mostreig originals<\/span>\n                            <\/li>\n                            <li class=\"feature-item\">\n                                <span class=\"feature-check\"><i class=\"fas fa-check-circle\"><\/i><\/span>\n                                <span class=\"feature-item-text\">Mant\u00e9 el rang din\u00e0mic complet<\/span>\n                            <\/li>\n                            <li class=\"feature-item\">\n                                <span class=\"feature-check\"><i class=\"fas fa-check-circle\"><\/i><\/span>\n                                <span class=\"feature-item-text\">No hi ha degradaci\u00f3 de la qualitat durant la conversi\u00f3<\/span>\n                            <\/li>\n                        <\/ul>\n                    <\/div>\n                <\/div>\n                <div class=\"feature-card\">\n                    <div class=\"feature-content\">\n                        <div class=\"feature-icon\">\n                            <i class=\"fas fa-apple-alt\"><\/i>\n                        <\/div>\n                        <h3 class=\"feature-title\">Compatibilitat millorada amb Mac<\/h3>\n                        <p class=\"feature-text\">El format AIFF proporciona una integraci\u00f3 superior amb l&#8217;ecosistema d&#8217;Apple i les aplicacions d&#8217;\u00e0udio professionals. Converteix els teus fitxers WAV a AIFF per a una compatibilitat perfecta amb Logic Pro, GarageBand i altres programaris d&#8217;\u00e0udio nadius de Mac.<\/p>\n                        <ul class=\"feature-list\">\n                            <li class=\"feature-item\">\n                                <span class=\"feature-check\"><i class=\"fas fa-check-circle\"><\/i><\/span>\n                                <span class=\"feature-item-text\">Suport natiu a macOS i iOS<\/span>\n                            <\/li>\n                            <li class=\"feature-item\">\n                                <span class=\"feature-check\"><i class=\"fas fa-check-circle\"><\/i><\/span>\n                                <span class=\"feature-item-text\">Optimitzat per a aplicacions d&#8217;\u00e0udio d&#8217;Apple<\/span>\n                            <\/li>\n                            <li class=\"feature-item\">\n                                <span class=\"feature-check\"><i class=\"fas fa-check-circle\"><\/i><\/span>\n                                <span class=\"feature-item-text\">Millor maneig de la bifurcaci\u00f3 de recursos en sistemes Mac<\/span>\n                            <\/li>\n                        <\/ul>\n                    <\/div>\n                <\/div>\n                <div class=\"feature-card\">\n                    <div class=\"feature-content\">\n                        <div class=\"feature-icon\">\n                            <i class=\"fas fa-tags\"><\/i>\n                        <\/div>\n                        <h3 class=\"feature-title\">Suport de metadades superior<\/h3>\n                        <p class=\"feature-text\">El format AIFF ofereix capacitats de metadades m\u00e9s robustes en comparaci\u00f3 amb els fitxers WAV. Converteix per preservar i millorar la informaci\u00f3 del fitxer d&#8217;\u00e0udio, incloses dades detallades de la pista, informaci\u00f3 sobre drets d&#8217;autor i anotacions personalitzades.<\/p>\n                        <ul class=\"feature-list\">\n                            <li class=\"feature-item\">\n                                <span class=\"feature-check\"><i class=\"fas fa-check-circle\"><\/i><\/span>\n                                <span class=\"feature-item-text\">Suport complet d&#8217;etiquetes ID3<\/span>\n                            <\/li>\n                            <li class=\"feature-item\">\n                                <span class=\"feature-check\"><i class=\"fas fa-check-circle\"><\/i><\/span>\n                                <span class=\"feature-item-text\">Camps de metadades personalitzats<\/span>\n                            <\/li>\n                            <li class=\"feature-item\">\n                                <span class=\"feature-check\"><i class=\"fas fa-check-circle\"><\/i><\/span>\n                                <span class=\"feature-item-text\">Capacitats professionals d&#8217;anotaci\u00f3 d&#8217;\u00e0udio<\/span>\n                            <\/li>\n                        <\/ul>\n                    <\/div>\n                <\/div>\n                <div class=\"feature-card\">\n                    <div class=\"feature-content\">\n                        <div class=\"feature-icon\">\n                            <i class=\"fas fa-compress-arrows-alt\"><\/i>\n                        <\/div>\n                        <h3 class=\"feature-title\">Opcions de compressi\u00f3 flexibles<\/h3>\n                        <p class=\"feature-text\">Tot i que mant\u00e9 la qualitat sense p\u00e8rdues, AIFF admet diversos esquemes de compressi\u00f3, incl\u00f2s el format AIFF-C. Converteix fitxers WAV per aprofitar la compressi\u00f3 intel\u00b7ligent que redueix la mida dels fitxers sense sacrificar la qualitat de l&#8217;\u00e0udio.<\/p>\n                        <ul class=\"feature-list\">\n                            <li class=\"feature-item\">\n                                <span class=\"feature-check\"><i class=\"fas fa-check-circle\"><\/i><\/span>\n                                <span class=\"feature-item-text\">Suport de format comprimit AIFF-C<\/span>\n                            <\/li>\n                            <li class=\"feature-item\">\n                                <span class=\"feature-check\"><i class=\"fas fa-check-circle\"><\/i><\/span>\n                                <span class=\"feature-item-text\">Compressi\u00f3 intel\u00b7ligent d&#8217;\u00e0udio<\/span>\n                            <\/li>\n                            <li class=\"feature-item\">\n                                <span class=\"feature-check\"><i class=\"fas fa-check-circle\"><\/i><\/span>\n                                <span class=\"feature-item-text\">Requisits d&#8217;emmagatzematge redu\u00efts<\/span>\n                            <\/li>\n                        <\/ul>\n                    <\/div>\n                <\/div>\n                <div class=\"feature-card\">\n                    <div class=\"feature-content\">\n                        <div class=\"feature-icon\">\n                            <i class=\"fas fa-exchange-alt\"><\/i>\n                        <\/div>\n                        <h3 class=\"feature-title\">Intercanvi d&#8217;\u00e0udio multiplataforma<\/h3>\n                        <p class=\"feature-text\">El format AIFF destaca en entorns d&#8217;\u00e0udio professionals on els fitxers es comparteixen entre diferents plataformes i aplicacions. Converteix WAV a AIFF per millorar la compatibilitat entre diversos fluxos de treball de producci\u00f3 d&#8217;\u00e0udio.<\/p>\n                        <ul class=\"feature-list\">\n                            <li class=\"feature-item\">\n                                <span class=\"feature-check\"><i class=\"fas fa-check-circle\"><\/i><\/span>\n                                <span class=\"feature-item-text\">Format est\u00e0ndard d&#8217;estudi professional<\/span>\n                            <\/li>\n                            <li class=\"feature-item\">\n                                <span class=\"feature-check\"><i class=\"fas fa-check-circle\"><\/i><\/span>\n                                <span class=\"feature-item-text\">Compatibilitat multiplataforma millorada<\/span>\n                            <\/li>\n                            <li class=\"feature-item\">\n                                <span class=\"feature-check\"><i class=\"fas fa-check-circle\"><\/i><\/span>\n                                <span class=\"feature-item-text\">Optimitzat per a canalitzacions de producci\u00f3 d&#8217;\u00e0udio<\/span>\n                            <\/li>\n                        <\/ul>\n                    <\/div>\n                <\/div>\n                <div class=\"feature-card\">\n                    <div class=\"feature-content\">\n                        <div class=\"feature-icon\">\n                            <i class=\"fas fa-shield-alt\"><\/i>\n                        <\/div>\n                        <h3 class=\"feature-title\">Protecci\u00f3 de la integritat d&#8217;\u00e0udio<\/h3>\n                        <p class=\"feature-text\">El format AIFF inclou capacitats integrades de detecci\u00f3 i correcci\u00f3 d&#8217;errors que ajuden a protegir les vostres dades d&#8217;\u00e0udio de la corrupci\u00f3. Converteix fitxers WAV cr\u00edtics a AIFF per a una major integritat de les dades en entorns professionals.<\/p>\n                        <ul class=\"feature-list\">\n                            <li class=\"feature-item\">\n                                <span class=\"feature-check\"><i class=\"fas fa-check-circle\"><\/i><\/span>\n                                <span class=\"feature-item-text\">Mecanismes de detecci\u00f3 d&#8217;errors integrats<\/span>\n                            <\/li>\n                            <li class=\"feature-item\">\n                                <span class=\"feature-check\"><i class=\"fas fa-check-circle\"><\/i><\/span>\n                                <span class=\"feature-item-text\">Protecci\u00f3 contra la corrupci\u00f3 de dades<\/span>\n                            <\/li>\n                            <li class=\"feature-item\">\n                                <span class=\"feature-check\"><i class=\"fas fa-check-circle\"><\/i><\/span>\n                                <span class=\"feature-item-text\">Conservaci\u00f3 d&#8217;\u00e0udio de grau professional<\/span>\n                            <\/li>\n                        <\/ul>\n                    <\/div>\n                <\/div>\n            <\/div>\n        <\/section>\n\n\n        <!-- Why Convert Section -->\n        <section class=\"why-convert-section\">\n            <h2 class=\"section-title\">Per qu\u00e8 convertir WAV en AIFF?<\/h2>\n\n            <div class=\"comparison-grid\">\n                <div class=\"format-card\">\n                    <h3 class=\"format-title\">\n                        <span class=\"format-icon\"><i class=\"fas fa-file-video\"><\/i><\/span>\n                        Format WAV\n                    <\/h3>\n                    <ul class=\"format-list\">\n                        <li class=\"format-item\">\n                            <span class=\"format-check\"><i class=\"fas fa-check-circle\"><\/i><\/span>\n                            <span class=\"format-text\">Compatibilitat universal a totes les plataformes i programari d&#8217;\u00e0udio<\/span>\n                        <\/li>\n                        <li class=\"format-item\">\n                            <span class=\"format-check\"><i class=\"fas fa-check-circle\"><\/i><\/span>\n                            <span class=\"format-text\">Mides de fitxer m\u00e9s petites a causa d&#8217;una estructura de cap\u00e7alera m\u00e9s senzilla<\/span>\n                        <\/li>\n                        <li class=\"format-item\">\n                            <span class=\"format-check\"><i class=\"fas fa-times-circle\"><\/i><\/span>\n                            <span class=\"format-text\">Compatibilitat limitada amb metadades en comparaci\u00f3 amb els formats d&#8217;\u00e0udio moderns<\/span>\n                        <\/li>\n                        <li class=\"format-item\">\n                            <span class=\"format-check\"><i class=\"fas fa-times-circle\"><\/i><\/span>\n                            <span class=\"format-text\">No t\u00e9 funcions avan\u00e7ades de correcci\u00f3 d&#8217;errors i integritat de dades<\/span>\n                        <\/li>\n                        <li class=\"format-item\">\n                            <span class=\"format-check\"><i class=\"fas fa-times-circle\"><\/i><\/span>\n                            <span class=\"format-text\">Integraci\u00f3 menys \u00f2ptima amb l&#8217;ecosistema d&#8217;\u00e0udio i les aplicacions d&#8217;Apple<\/span>\n                        <\/li>\n                    <\/ul>\n                <\/div>\n\n                <div class=\"format-card\">\n                    <h3 class=\"format-title\">\n                        <span class=\"format-icon\"><i class=\"fas fa-file-video\"><\/i><\/span>\n                        Format AIFF\n                    <\/h3>\n                    <ul class=\"format-list\">\n                        <li class=\"format-item\">\n                            <span class=\"format-check\"><i class=\"fas fa-check-circle\"><\/i><\/span>\n                            <span class=\"format-text\">Integraci\u00f3 nativa amb aplicacions d&#8217;\u00e0udio de macOS, iOS i Apple<\/span>\n                        <\/li>\n                        <li class=\"format-item\">\n                            <span class=\"format-check\"><i class=\"fas fa-check-circle\"><\/i><\/span>\n                            <span class=\"format-text\">Suport de metadades superior amb capacitats d&#8217;etiquetatge completes<\/span>\n                        <\/li>\n                        <li class=\"format-item\">\n                            <span class=\"format-check\"><i class=\"fas fa-check-circle\"><\/i><\/span>\n                            <span class=\"format-text\">Mecanismes integrats de detecci\u00f3 d&#8217;errors i protecci\u00f3 de la integritat de les dades<\/span>\n                        <\/li>\n                        <li class=\"format-item\">\n                            <span class=\"format-check\"><i class=\"fas fa-check-circle\"><\/i><\/span>\n                            <span class=\"format-text\">Suport per al format AIFF-C comprimit per reduir la mida dels fitxers<\/span>\n                        <\/li>\n                        <li class=\"format-item\">\n                            <span class=\"format-check\"><i class=\"fas fa-check-circle\"><\/i><\/span>\n                            <span class=\"format-text\">Est\u00e0ndard de la ind\u00fastria d&#8217;\u00e0udio professional amb funcions d&#8217;anotaci\u00f3 millorades<\/span>\n                        <\/li>\n                    <\/ul>\n                <\/div>\n            <\/div>\n        <\/section>\n\n\n        <!-- Technical Details Section -->\n        <section class=\"technical-details-section\">\n            <h2 class=\"section-title\">Detalls t\u00e8cnics<\/h2>\n\n            <div class=\"technical-details-grid\">\n                <div class=\"tech-detail-card\">\n                    <h3 class=\"tech-detail-title\">\n                        <span class=\"tech-detail-icon\"><i class=\"fas fa-code\"><\/i><\/span>\n                        Especificacions del format d&#8217;\u00e0udio\n                    <\/h3>\n                    <p class=\"tech-detail-text\">Tant WAV com AIFF utilitzen codificaci\u00f3 d&#8217;\u00e0udio PCM sense comprimir amb suport per a diverses profunditats de bits (8, 16, 24, 32 bits) i freq\u00fc\u00e8ncies de mostreig de fins a 192 kHz. El format AIFF utilitza l&#8217;ordre de bytes big-endian en comparaci\u00f3 amb el format little-endian de WAV i admet esquemes de compressi\u00f3 addicionals a trav\u00e9s de la variant AIFF-C, incloent-hi ADPCM i altres algorismes de compressi\u00f3 sense p\u00e8rdues.<\/p>\n                <\/div>\n                <div class=\"tech-detail-card\">\n                    <h3 class=\"tech-detail-title\">\n                        <span class=\"tech-detail-icon\"><i class=\"fas fa-database\"><\/i><\/span>\n                        Metadades i estructura de fragments\n                    <\/h3>\n                    <p class=\"tech-detail-text\">El format AIFF utilitza l&#8217;especificaci\u00f3 EA IFF 85 (Electronic Arts Interchange File Format) amb una estructura basada en fragments m\u00e9s flexible que WAV. Aix\u00f2 permet un ampli emmagatzematge de metadades que inclouen fragments NAME, AUTH, ANNO i COMT per a una documentaci\u00f3 completa dels fitxers d&#8217;\u00e0udio, cosa que el fa superior per a aplicacions professionals d&#8217;arxivament i catalogaci\u00f3 d&#8217;\u00e0udio.<\/p>\n                <\/div>\n                <div class=\"tech-detail-card\">\n                    <h3 class=\"tech-detail-title\">\n                        <span class=\"tech-detail-icon\"><i class=\"fas fa-microchip\"><\/i><\/span>\n                        Optimitzaci\u00f3 de la plataforma\n                    <\/h3>\n                    <p class=\"tech-detail-text\">El format AIFF est\u00e0 optimitzat espec\u00edficament per al framework Core Audio d&#8217;Apple i aprofita les capacitats de processament d&#8217;\u00e0udio de macOS. L&#8217;ordre de bytes big-endian del format coincideix amb el llegat de l&#8217;arquitectura PowerPC i proporciona un processament m\u00e9s eficient al silici d&#8217;Apple. AIFF tamb\u00e9 admet bifurcacions de recursos a macOS per emmagatzemar metadades de fitxers addicionals i dades d&#8217;aplicacions personalitzades.<\/p>\n                <\/div>\n            <\/div>\n        <\/section>\n\n\n        <!-- How It Works Section -->\n        <section id=\"how-it-works\" class=\"how-it-works-section\">\n            <h2 class=\"section-title\">Com convertir WAV a AIFF<\/h2>\n\n            <div class=\"steps-container\">\n                <div class=\"step-card\">\n                    <div class=\"step-number\">1<\/div>\n                    <div class=\"step-content\">\n                        <h3 class=\"step-title\">Descarrega i instal\u00b7la<\/h3>\n                        <p class=\"step-text\">Baixeu Convertify gratu\u00eftament i instal\u00b7leu-lo al vostre PC Windows. No cal cap compte ni registre.<\/p>\n                    <\/div>\n                <\/div>\n                <div class=\"step-card\">\n                    <div class=\"step-number\">2<\/div>\n                    <div class=\"step-content\">\n                        <h3 class=\"step-title\">Afegiu els vostres fitxers WAV<\/h3>\n                        <p class=\"step-text\">Arrossegueu i deixeu anar els vostres fitxers WAV a Convertify o utilitzeu el navegador de fitxers per seleccionar-los.<\/p>\n                    <\/div>\n                <\/div>\n                <div class=\"step-card\">\n                    <div class=\"step-number\">3<\/div>\n                    <div class=\"step-content\">\n                        <h3 class=\"step-title\">Seleccioneu Sortida AIFF<\/h3>\n                        <p class=\"step-text\">Trieu AIFF com a format de sortida. Ajusteu la configuraci\u00f3 de qualitat si cal.<\/p>\n                    <\/div>\n                <\/div>\n                <div class=\"step-card\">\n                    <div class=\"step-number\">4<\/div>\n                    <div class=\"step-content\">\n                        <h3 class=\"step-title\">Converteix i desa<\/h3>\n                        <p class=\"step-text\">Feu clic a Converteix i els vostres fitxers es processaran a l&#8217;instant. Deseu-los a qualsevol lloc del vostre ordinador.<\/p>\n                    <\/div>\n                <\/div>\n            <\/div>\n        <\/section>\n\n\n        <!-- Use Cases Section -->\n        <section class=\"use-cases-section\">\n            <h2 class=\"section-title\">Quan utilitzar la conversi\u00f3 WAV a AIFF<\/h2>\n\n            <div class=\"use-cases-grid\">\n                <div class=\"use-case-card\">\n                    <div class=\"use-case-icon\"><i class=\"fas fa-music\"><\/i><\/div>\n                    <h3 class=\"use-case-title\">Producci\u00f3 musical professional<\/h3>\n                    <p class=\"use-case-text\">Converteix les bases i les pistes WAV a AIFF per utilitzar-les a Logic Pro, Pro Tools i altres DAW professionals que prefereixen el format AIFF per obtenir un rendiment \u00f2ptim i un maneig de metadades en sessions complexes de mescla i masteritzaci\u00f3.<\/p>\n                <\/div>\n                <div class=\"use-case-card\">\n                    <div class=\"use-case-icon\"><i class=\"fas fa-laptop\"><\/i><\/div>\n                    <h3 class=\"use-case-title\">Fluxos de treball d&#8217;\u00e0udio centrats en Mac<\/h3>\n                    <p class=\"use-case-text\">Transformeu els fitxers WAV a AIFF quan treballeu principalment a l&#8217;ecosistema d&#8217;Apple per garantir una integraci\u00f3 perfecta amb els serveis d&#8217;\u00e0udio de macOS, QuickTime i aplicacions d&#8217;\u00e0udio natives sense problemes de compatibilitat.<\/p>\n                <\/div>\n                <div class=\"use-case-card\">\n                    <div class=\"use-case-icon\"><i class=\"fas fa-archive\"><\/i><\/div>\n                    <h3 class=\"use-case-title\">Gesti\u00f3 d&#8217;arxius d&#8217;\u00e0udio<\/h3>\n                    <p class=\"use-case-text\">Converteix enregistraments WAV importants al format AIFF per aprofitar les capacitats de metadades superiors per a una catalogaci\u00f3 completa de biblioteques d&#8217;\u00e0udio, incloses anotacions detallades, informaci\u00f3 sobre drets d&#8217;autor i etiquetes organitzatives personalitzades.<\/p>\n                <\/div>\n                <div class=\"use-case-card\">\n                    <div class=\"use-case-icon\"><i class=\"fas fa-broadcast-tower\"><\/i><\/div>\n                    <h3 class=\"use-case-title\">Radiodifusi\u00f3 i r\u00e0dio<\/h3>\n                    <p class=\"use-case-text\">Transformeu els fitxers WAV a AIFF per a estacions de r\u00e0dio i instal\u00b7lacions de difusi\u00f3 que utilitzen sistemes basats en Apple, garantint un rendiment \u00f2ptim de reproducci\u00f3 i visualitzaci\u00f3 de metadades en sistemes d&#8217;automatitzaci\u00f3 en directe.<\/p>\n                <\/div>\n                <div class=\"use-case-card\">\n                    <div class=\"use-case-icon\"><i class=\"fas fa-film\"><\/i><\/div>\n                    <h3 class=\"use-case-title\">Postproducci\u00f3 d&#8217;\u00e0udio<\/h3>\n                    <p class=\"use-case-text\">Converteix pistes d&#8217;\u00e0udio WAV a AIFF per a fluxos de treball de postproducci\u00f3 de pel\u00b7l\u00edcules i v\u00eddeos mitjan\u00e7ant Final Cut Pro i altres aplicacions d&#8217;Apple on AIFF ofereix una millor integraci\u00f3 de la l\u00ednia de temps i capacitats de sincronitzaci\u00f3 d&#8217;\u00e0udio.<\/p>\n                <\/div>\n                <div class=\"use-case-card\">\n                    <div class=\"use-case-icon\"><i class=\"fas fa-mobile-alt\"><\/i><\/div>\n                    <h3 class=\"use-case-title\">Desenvolupament d&#8217;aplicacions iOS<\/h3>\n                    <p class=\"use-case-text\">Transformeu els recursos d&#8217;\u00e0udio WAV al format AIFF per a aplicacions iOS per garantir un rendiment \u00f2ptim, una sobrec\u00e0rrega de processament redu\u00efda i una integraci\u00f3 perfecta amb els marcs d&#8217;\u00e0udio Core en el desenvolupament d&#8217;aplicacions m\u00f2bils.<\/p>\n                <\/div>\n            <\/div>\n        <\/section>\n\n\n        <!-- Security Section -->\n        <section class=\"security-section\">\n            <h2 class=\"section-title\">La teva privadesa est\u00e0 protegida<\/h2>\n\n            <div class=\"security-features\">\n                <div class=\"security-card\">\n                    <h3 class=\"security-title\">\n                        <span class=\"security-icon\"><i class=\"fas fa-lock\"><\/i><\/span>\n                        100% fora de l\u00ednia\n                    <\/h3>\n                    <p class=\"security-text\">Totes les conversions es produeixen localment al vostre ordinador. Els vostres fitxers no surten mai del vostre dispositiu i mai es pengen a cap servidor.<\/p>\n                <\/div>\n                <div class=\"security-card\">\n                    <h3 class=\"security-title\">\n                        <span class=\"security-icon\"><i class=\"fas fa-user-shield\"><\/i><\/span>\n                        No es requereix cap compte\n                    <\/h3>\n                    <p class=\"security-text\">Comenceu a convertir immediatament sense crear un compte, proporcionar informaci\u00f3 personal o registrar-vos per a res.<\/p>\n                <\/div>\n                <div class=\"security-card\">\n                    <h3 class=\"security-title\">\n                        <span class=\"security-icon\"><i class=\"fas fa-trash-alt\"><\/i><\/span>\n                        Neteja autom\u00e0tica\n                    <\/h3>\n                    <p class=\"security-text\">Els fitxers temporals s&#8217;eliminen de manera segura despr\u00e9s de la conversi\u00f3. Els vostres fitxers originals romanen completament intacs tret que decidiu el contrari.<\/p>\n                <\/div>\n            <\/div>\n        <\/section>\n\n\n        <!-- FAQ Section -->\n        <section class=\"faq-section\">\n            <h2 class=\"section-title\">Preguntes freq\u00fcents<\/h2>\n\n            <div class=\"faq-container\">\n                <div class=\"faq-item\">\n                    <h3 class=\"faq-question\">\n                        <span class=\"faq-icon\"><i class=\"fas fa-question-circle\"><\/i><\/span>\n                        Convertir WAV a AIFF reduir\u00e0 la qualitat de l&#8217;\u00e0udio?\n                    <\/h3>\n                    <div class=\"faq-answer\">\n                        <p>No, la conversi\u00f3 de WAV a AIFF mant\u00e9 una qualitat d&#8217;\u00e0udio perfecta, ja que ambd\u00f3s formats utilitzen la codificaci\u00f3 PCM sense comprimir. La conversi\u00f3 nom\u00e9s canvia el contenidor del fitxer i l&#8217;ordre dels bytes mentre es conserva totes les dades d&#8217;\u00e0udio exactament tal com eren al fitxer WAV original.<\/p>\n                    <\/div>\n                <\/div>\n                <div class=\"faq-item\">\n                    <h3 class=\"faq-question\">\n                        <span class=\"faq-icon\"><i class=\"fas fa-question-circle\"><\/i><\/span>\n                        Quina \u00e9s la difer\u00e8ncia principal entre els formats WAV i AIFF?\n                    <\/h3>\n                    <div class=\"faq-answer\">\n                        <p>Les difer\u00e8ncies principals s\u00f3n l&#8217;ordre de bytes (WAV utilitza little-endian, AIFF utilitza big-endian), suport de metadades (AIFF t\u00e9 capacitats d&#8217;etiquetatge superiors) i optimitzaci\u00f3 de plataforma (AIFF est\u00e0 optimitzat per als sistemes Apple mentre que WAV \u00e9s m\u00e9s compatible universalment).<\/p>\n                    <\/div>\n                <\/div>\n                <div class=\"faq-item\">\n                    <h3 class=\"faq-question\">\n                        <span class=\"faq-icon\"><i class=\"fas fa-question-circle\"><\/i><\/span>\n                        Els fitxers AIFF s\u00f3n m\u00e9s grans que els fitxers WAV?\n                    <\/h3>\n                    <div class=\"faq-answer\">\n                        <p>Els fitxers AIFF solen ser una mica m\u00e9s grans que els fitxers WAV equivalents a causa de la informaci\u00f3 de cap\u00e7alera m\u00e9s completa i les capacitats d&#8217;emmagatzematge de metadades. Tanmateix, la difer\u00e8ncia \u00e9s m\u00ednima (generalment menys d&#8217;1 KB) i el format comprimit AIFF-C pot ser m\u00e9s petit que WAV.<\/p>\n                    <\/div>\n                <\/div>\n                <div class=\"faq-item\">\n                    <h3 class=\"faq-question\">\n                        <span class=\"faq-icon\"><i class=\"fas fa-question-circle\"><\/i><\/span>\n                        Puc convertir fitxers WAV amb diferents profunditats de bits a AIFF?\n                    <\/h3>\n                    <div class=\"faq-answer\">\n                        <p>S\u00ed, el format AIFF admet les mateixes profunditats de bits que WAV (8, 16, 24 i 32 bits) i freq\u00fc\u00e8ncies de mostreig de fins a 192 kHz. La conversi\u00f3 conserva exactament les vostres especificacions d&#8217;\u00e0udio originals, mantenint la mateixa profunditat de bits i la mateixa freq\u00fc\u00e8ncia de mostreig que el fitxer WAV d&#8217;origen.<\/p>\n                    <\/div>\n                <\/div>\n                <div class=\"faq-item\">\n                    <h3 class=\"faq-question\">\n                        <span class=\"faq-icon\"><i class=\"fas fa-question-circle\"><\/i><\/span>\n                        El meu programari d&#8217;\u00e0udio reconeixer\u00e0 els fitxers AIFF convertits?\n                    <\/h3>\n                    <div class=\"faq-answer\">\n                        <p>La majoria de programari d&#8217;\u00e0udio professional admet el format AIFF, especialment en sistemes Mac. Les aplicacions d&#8217;Apple com Logic Pro, GarageBand i QuickTime tenen suport AIFF natiu, mentre que molts DAW multiplataforma tamb\u00e9 gestionen fitxers AIFF sense problemes.<\/p>\n                    <\/div>\n                <\/div>\n                <div class=\"faq-item\">\n                    <h3 class=\"faq-question\">\n                        <span class=\"faq-icon\"><i class=\"fas fa-question-circle\"><\/i><\/span>\n                        Puc convertir per lots diversos fitxers WAV a AIFF?\n                    <\/h3>\n                    <div class=\"faq-answer\">\n                        <p>S\u00ed, Convertify admet el processament per lots massiu que us permet convertir milers de fitxers WAV al format AIFF simult\u00e0niament. El processament per lots mant\u00e9 la qualitat i la configuraci\u00f3 coherents en tots els fitxers alhora que conserva les estructures de carpetes i els noms de fitxers originals.<\/p>\n                    <\/div>\n                <\/div>\n                <div class=\"faq-item\">\n                    <h3 class=\"faq-question\">\n                        <span class=\"faq-icon\"><i class=\"fas fa-question-circle\"><\/i><\/span>\n                        El format AIFF admet la car\u00e0tula i les lletres de l&#8217;\u00e0lbum incrustades?\n                    <\/h3>\n                    <div class=\"faq-answer\">\n                        <p>S\u00ed, el format AIFF t\u00e9 capacitats de metadades superiors en comparaci\u00f3 amb WAV i pot emmagatzemar obres d&#8217;art d&#8217;\u00e0lbums incrustats, lletres i etiquetes ID3 completes. Aix\u00f2 fa que AIFF sigui ideal per a biblioteques de m\u00fasica on la informaci\u00f3 detallada de la pista \u00e9s important.<\/p>\n                    <\/div>\n                <\/div>\n                <div class=\"faq-item\">\n                    <h3 class=\"faq-question\">\n                        <span class=\"faq-icon\"><i class=\"fas fa-question-circle\"><\/i><\/span>\n                        Hi ha problemes de compatibilitat amb els fitxers AIFF a Windows?\n                    <\/h3>\n                    <div class=\"faq-answer\">\n                        <p>Tot i que AIFF est\u00e0 optimitzat per als sistemes Apple, la majoria del programari d&#8217;\u00e0udio de Windows modern pot gestionar fitxers AIFF. Tanmateix, alguns reproductors multim\u00e8dia de Windows m\u00e9s antics o b\u00e0sics poden tenir un suport AIFF limitat, aix\u00ed que tingueu en compte el vostre entorn de reproducci\u00f3 objectiu quan trieu entre formats.<\/p>\n                    <\/div>\n                <\/div>\n            <\/div>\n        <\/section>\n\n\n        <!-- CTA Section -->\n        <section class=\"cta-section\">\n            <div class=\"cta-pattern\"><\/div>\n            <div class=\"cta-content\">\n                <h2 class=\"cta-title\">Preparat per convertir els vostres fitxers?<\/h2>\n                <p class=\"cta-text\">Baixeu Convertify ara i comenceu a convertir WAV a AIFF a l&#8217;instant. Gratu\u00eft, il\u00b7limitat i completament fora de l\u00ednia.<\/p>\n                <div class=\"hero-buttons\">\n                    <a href=\"\/download\" class=\"btn btn-primary\">Descarrega Convertify gratis<\/a>\n                    <a href=\"\/pricing\" class=\"btn btn-secondary\">Veure preus<\/a>\n                <\/div>\n            <\/div>\n        <\/section>\n    <\/div>\n<\/body>\n<\/html>\n\n\n\n<p><\/p>\n","protected":false},"excerpt":{"rendered":"<p>Convertidor WAV a AIFF: gratu\u00eft, r\u00e0pid i fora de l\u00ednia per a Windows Convertidor WAV a AIFF Converteix fitxers d&#8217;\u00e0udio [&hellip;]<\/p>\n","protected":false},"author":1,"featured_media":0,"parent":0,"menu_order":0,"comment_status":"closed","ping_status":"closed","template":"","meta":{"pagelayer_contact_templates":[],"_pagelayer_content":"","_uag_custom_page_level_css":"","site-sidebar-layout":"default","site-content-layout":"","ast-site-content-layout":"","site-content-style":"default","site-sidebar-style":"default","ast-global-header-display":"","ast-banner-title-visibility":"","ast-main-header-display":"","ast-hfb-above-header-display":"","ast-hfb-below-header-display":"","ast-hfb-mobile-header-display":"","site-post-title":"disabled","ast-breadcrumbs-content":"","ast-featured-img":"","footer-sml-layout":"","theme-transparent-header-meta":"","adv-header-id-meta":"","stick-header-meta":"","header-above-stick-meta":"","header-main-stick-meta":"","header-below-stick-meta":"","astra-migrate-meta-layouts":"default","ast-page-background-enabled":"default","ast-page-background-meta":{"desktop":{"background-color":"var(--ast-global-color-5)","background-image":"","background-repeat":"repeat","background-position":"center center","background-size":"auto","background-attachment":"scroll","background-type":"","background-media":"","overlay-type":"","overlay-color":"","overlay-opacity":"","overlay-gradient":""},"tablet":{"background-color":"","background-image":"","background-repeat":"repeat","background-position":"center center","background-size":"auto","background-attachment":"scroll","background-type":"","background-media":"","overlay-type":"","overlay-color":"","overlay-opacity":"","overlay-gradient":""},"mobile":{"background-color":"","background-image":"","background-repeat":"repeat","background-position":"center center","background-size":"auto","background-attachment":"scroll","background-type":"","background-media":"","overlay-type":"","overlay-color":"","overlay-opacity":"","overlay-gradient":""}},"ast-content-background-meta":{"desktop":{"background-color":"var(--ast-global-color-4)","background-image":"","background-repeat":"repeat","background-position":"center center","background-size":"auto","background-attachment":"scroll","background-type":"","background-media":"","overlay-type":"","overlay-color":"","overlay-opacity":"","overlay-gradient":""},"tablet":{"background-color":"var(--ast-global-color-4)","background-image":"","background-repeat":"repeat","background-position":"center center","background-size":"auto","background-attachment":"scroll","background-type":"","background-media":"","overlay-type":"","overlay-color":"","overlay-opacity":"","overlay-gradient":""},"mobile":{"background-color":"var(--ast-global-color-4)","background-image":"","background-repeat":"repeat","background-position":"center center","background-size":"auto","background-attachment":"scroll","background-type":"","background-media":"","overlay-type":"","overlay-color":"","overlay-opacity":"","overlay-gradient":""}},"footnotes":""},"class_list":["post-740517","page","type-page","status-publish","hentry"],"uagb_featured_image_src":{"full":false,"thumbnail":false,"medium":false,"medium_large":false,"large":false,"1536x1536":false,"2048x2048":false,"woocommerce_thumbnail":false,"woocommerce_single":false,"woocommerce_gallery_thumbnail":false},"uagb_author_info":{"display_name":"convertify","author_link":"https:\/\/convertifypro.com\/author\/convertifypro\/"},"uagb_comment_info":0,"uagb_excerpt":"Convertidor WAV a AIFF: gratu\u00eft, r\u00e0pid i fora de l\u00ednia per a Windows Convertidor WAV a AIFF Converteix fitxers d&#8217;\u00e0udio [&hellip;]","_links":{"self":[{"href":"https:\/\/convertifypro.com\/wp-json\/wp\/v2\/pages\/740517","targetHints":{"allow":["GET"]}}],"collection":[{"href":"https:\/\/convertifypro.com\/wp-json\/wp\/v2\/pages"}],"about":[{"href":"https:\/\/convertifypro.com\/wp-json\/wp\/v2\/types\/page"}],"author":[{"embeddable":true,"href":"https:\/\/convertifypro.com\/wp-json\/wp\/v2\/users\/1"}],"replies":[{"embeddable":true,"href":"https:\/\/convertifypro.com\/wp-json\/wp\/v2\/comments?post=740517"}],"version-history":[{"count":0,"href":"https:\/\/convertifypro.com\/wp-json\/wp\/v2\/pages\/740517\/revisions"}],"wp:attachment":[{"href":"https:\/\/convertifypro.com\/wp-json\/wp\/v2\/media?parent=740517"}],"curies":[{"name":"wp","href":"https:\/\/api.w.org\/{rel}","templated":true}]}}