{"id":740321,"date":"2026-01-21T22:48:23","date_gmt":"2026-01-21T22:48:23","guid":{"rendered":"https:\/\/convertifypro.com\/?page_id=740321"},"modified":"2026-01-21T22:48:23","modified_gmt":"2026-01-21T22:48:23","slug":"avif-to-webp-converter","status":"publish","type":"page","link":"https:\/\/convertifypro.com\/ca\/convertidor-avif-a-webp\/","title":{"rendered":"Convertidor AVIF a WEBP"},"content":{"rendered":"<style class=\"wpcode-css-snippet\">.ast-custom-button {\r\n  display: none;\r\n}<\/style>\n\n\n\n<!DOCTYPE html>\n<html lang=\"en\">\n<head>\n    <meta charset=\"UTF-8\">\n    <meta name=\"viewport\" content=\"width=device-width, initial-scale=1.0\">\n    <meta name=\"description\" content=\"Convert AVIF images to WEBP format with our powerful offline converter. Perfect for web compatibility and broader browser support while maintaining quality.\">\n    <meta name=\"keywords\" content=\"AVIF to WEBP converter, AV1 image conversion, WEBP converter, offline image converter, Windows AVIF converter, batch image conversion, web image optimization\">\n    <title>Convertidor AVIF a WEBP: r\u00e0pid, gratu\u00eft i fora de l\u00ednia per a Windows<\/title>\n    <link rel=\"stylesheet\" href=\"https:\/\/cdnjs.cloudflare.com\/ajax\/libs\/font-awesome\/6.4.0\/css\/all.min.css\">\n    \n    <style>\n        \/* Main Styles *\/\n        :root {\n            --primary-color: #FD9800;\n            --primary-hover: #e88a00;\n            --text-color: #3A3A3A;\n            --light-bg: #f8faff;\n            --gradient-bg: linear-gradient(135deg, #f8faff 0%, #fff5e6 100%);\n            --box-shadow: 0 10px 30px rgba(0, 0, 0, 0.05);\n            --hover-shadow: 0 15px 35px rgba(0, 0, 0, 0.1);\n            --border-color: #f1f5f9;\n        }\n\n        .converter-section {\n            max-width: 1200px;\n            margin: 0 auto;\n            padding: 2rem 1.5rem;\n            font-family: 'Inter', 'Segoe UI', system-ui, -apple-system, sans-serif;\n            color: var(--text-color);\n        }\n\n        \/* Hero Section *\/\n        .hero-section {\n            text-align: center;\n            padding: 3rem 1rem;\n            margin-bottom: 3rem;\n            background: var(--gradient-bg);\n            border-radius: 16px;\n            position: relative;\n            overflow: hidden;\n        }\n\n        .hero-pattern {\n            position: absolute;\n            top: 0;\n            left: 0;\n            right: 0;\n            bottom: 0;\n            background-image: url(\"data:image\/svg+xml,%3Csvg width='60' height='60' viewBox='0 0 60 60' xmlns='http:\/\/www.w3.org\/2000\/svg'%3E%3Cg fill='none' fill-rule='evenodd'%3E%3Cg fill='%23fd9800' fill-opacity='0.05'%3E%3Cpath d='M36 34v-4h-2v4h-4v2h4v4h2v-4h4v-2h-4zm0-30V0h-2v4h-4v2h4v4h2V6h4V4h-4zM6 34v-4H4v4H0v2h4v4h2v-4h4v-2H6zM6 4V0H4v4H0v2h4v4h2V6h4V4H6z'\/%3E%3C\/g%3E%3C\/g%3E%3C\/svg%3E\");\n            opacity: 0.5;\n            z-index: 0;\n        }\n\n        .hero-content {\n            position: relative;\n            z-index: 1;\n            max-width: 800px;\n            margin: 0 auto;\n        }\n\n        .hero-title {\n            font-size: 2.8rem;\n            font-weight: 800;\n            margin-bottom: 1.5rem;\n            color: var(--text-color);\n        }\n\n        .hero-subtitle {\n            font-size: 1.25rem;\n            margin-bottom: 2rem;\n            color: var(--text-color);\n            line-height: 1.6;\n        }\n\n        .hero-badges {\n            display: flex;\n            flex-wrap: wrap;\n            justify-content: center;\n            gap: 1rem;\n            margin-bottom: 2rem;\n        }\n\n        .hero-badge {\n            display: flex;\n            align-items: center;\n            background: white;\n            border-radius: 50px;\n            padding: 0.5rem 1rem;\n            box-shadow: var(--box-shadow);\n            transition: all 0.3s ease;\n            border: 1px solid var(--border-color);\n        }\n\n        .hero-badge:hover {\n            transform: translateY(-3px);\n            box-shadow: var(--hover-shadow);\n            border-color: rgba(253, 152, 0, 0.3);\n        }\n\n        .hero-badge-icon {\n            color: var(--primary-color);\n            margin-right: 0.5rem;\n            font-size: 1rem;\n        }\n\n        .hero-badge-text {\n            font-size: 0.9rem;\n            font-weight: 600;\n            color: var(--text-color);\n        }\n\n        .hero-buttons {\n            display: flex;\n            justify-content: center;\n            gap: 1rem;\n            flex-wrap: wrap;\n        }\n\n        .btn {\n            display: inline-block;\n            padding: 0.75rem 1.5rem;\n            border-radius: 8px;\n            font-weight: 600;\n            text-decoration: none !important;\n            transition: all 0.3s ease;\n            cursor: pointer;\n            font-size: 1rem;\n        }\n\n        .btn-primary {\n            background-color: var(--primary-color);\n            color: white !important;\n            box-shadow: 0 8px 16px rgba(253, 152, 0, 0.2);\n            border: none;\n        }\n\n        .btn-primary:hover {\n            background-color: var(--primary-hover);\n            transform: translateY(-2px);\n            text-decoration: none !important;\n        }\n\n        .btn-secondary {\n            background-color: white;\n            color: var(--primary-color) !important;\n            border: 1px solid var(--border-color);\n        }\n\n        .btn-secondary:hover {\n            background-color: #fff5e6;\n            transform: translateY(-2px);\n            text-decoration: none !important;\n        }\n\n        \/* Features Section *\/\n        .features-section {\n            margin-bottom: 4rem;\n        }\n\n        .section-title {\n            font-size: 2.2rem;\n            font-weight: 700;\n            text-align: center;\n            margin-bottom: 2.5rem;\n            color: var(--text-color);\n        }\n\n        .features-grid {\n            display: grid;\n            grid-template-columns: repeat(auto-fit, minmax(300px, 1fr));\n            gap: 2rem;\n        }\n\n        .feature-card {\n            background: white;\n            border-radius: 16px;\n            overflow: hidden;\n            box-shadow: var(--box-shadow);\n            transition: all 0.3s ease;\n            border: 1px solid var(--border-color);\n            height: 100%;\n            display: flex;\n            flex-direction: column;\n        }\n\n        .feature-card:hover {\n            transform: translateY(-5px);\n            box-shadow: var(--hover-shadow);\n            border-color: rgba(253, 152, 0, 0.3);\n        }\n\n        .feature-icon {\n            width: 60px;\n            height: 60px;\n            background-color: rgba(253, 152, 0, 0.15);\n            color: var(--primary-color);\n            border-radius: 12px;\n            display: flex;\n            align-items: center;\n            justify-content: center;\n            margin-bottom: 1.5rem;\n            font-size: 1.8rem;\n            transition: all 0.3s ease;\n        }\n\n        .feature-card:hover .feature-icon {\n            background: linear-gradient(135deg, #FD9800 0%, #FF6D00 100%);\n            color: white;\n            box-shadow: 0 10px 20px rgba(253, 152, 0, 0.2);\n        }\n\n        .feature-content {\n            padding: 2rem;\n            flex-grow: 1;\n        }\n\n        .feature-title {\n            font-size: 1.4rem;\n            font-weight: 700;\n            margin-bottom: 1rem;\n            color: var(--text-color);\n        }\n\n        .feature-text {\n            font-size: 1rem;\n            color: #555;\n            line-height: 1.6;\n            margin-bottom: 1.5rem;\n        }\n\n        .feature-list {\n            list-style: none;\n            padding: 0;\n            margin: 0;\n        }\n\n        .feature-item {\n            display: flex;\n            align-items: flex-start;\n            margin-bottom: 0.75rem;\n            line-height: 1.5;\n        }\n\n        .feature-check {\n            color: var(--primary-color);\n            margin-right: 0.75rem;\n            flex-shrink: 0;\n            margin-top: 0.2rem;\n        }\n\n        .feature-item-text {\n            font-size: 0.95rem;\n            color: var(--text-color);\n        }\n\n        \/* Why Convert Section *\/\n        .why-convert-section {\n            margin-bottom: 4rem;\n            background: var(--light-bg);\n            border-radius: 16px;\n            padding: 3rem 2rem;\n        }\n\n        .comparison-grid {\n            display: grid;\n            grid-template-columns: repeat(auto-fit, minmax(300px, 1fr));\n            gap: 2rem;\n            margin-top: 2rem;\n        }\n\n        .format-card {\n            background: white;\n            border-radius: 16px;\n            padding: 1.5rem;\n            box-shadow: var(--box-shadow);\n            transition: all 0.3s ease;\n            border: 1px solid var(--border-color);\n        }\n\n        .format-card:hover {\n            transform: translateY(-5px);\n            box-shadow: var(--hover-shadow);\n            border-color: rgba(253, 152, 0, 0.3);\n        }\n\n        .format-title {\n            font-size: 1.6rem;\n            font-weight: 700;\n            margin-bottom: 1.25rem;\n            color: var(--text-color);\n            display: flex;\n            align-items: center;\n        }\n\n        .format-icon {\n            color: var(--primary-color);\n            margin-right: 0.75rem;\n            font-size: 1.6rem;\n        }\n\n        .format-list {\n            list-style: none;\n            padding: 0;\n            margin: 0;\n        }\n\n        .format-item {\n            display: flex;\n            align-items: flex-start;\n            margin-bottom: 0.85rem;\n        }\n\n        .format-check {\n            color: var(--primary-color);\n            margin-right: 0.75rem;\n            flex-shrink: 0;\n            margin-top: 0.2rem;\n        }\n\n        .format-text {\n            font-size: 0.95rem;\n            color: #555;\n            line-height: 1.5;\n        }\n\n        \/* How It Works Section *\/\n        .how-it-works-section {\n            margin-bottom: 4rem;\n        }\n\n        .steps-container {\n            max-width: 900px;\n            margin: 0 auto;\n        }\n\n        .step-card {\n            display: flex;\n            align-items: flex-start;\n            background: white;\n            border-radius: 16px;\n            padding: 2rem;\n            box-shadow: var(--box-shadow);\n            margin-bottom: 2rem;\n            border: 1px solid var(--border-color);\n            transition: all 0.3s ease;\n        }\n\n        .step-card:hover {\n            transform: translateY(-5px);\n            box-shadow: var(--hover-shadow);\n            border-color: rgba(253, 152, 0, 0.3);\n        }\n\n        .step-number {\n            width: 50px;\n            height: 50px;\n            background-color: rgba(253, 152, 0, 0.15);\n            color: var(--primary-color);\n            border-radius: 50%;\n            display: flex;\n            align-items: center;\n            justify-content: center;\n            font-size: 1.5rem;\n            font-weight: 700;\n            margin-right: 1.5rem;\n            flex-shrink: 0;\n            transition: all 0.3s ease;\n        }\n\n        .step-card:hover .step-number {\n            background: linear-gradient(135deg, #FD9800 0%, #FF6D00 100%);\n            color: white;\n            box-shadow: 0 10px 20px rgba(253, 152, 0, 0.2);\n        }\n\n        .step-content {\n            flex: 1;\n        }\n\n        .step-title {\n            font-size: 1.4rem;\n            font-weight: 700;\n            margin-bottom: 0.75rem;\n            color: var(--text-color);\n        }\n\n        .step-text {\n            font-size: 1rem;\n            color: #555;\n            line-height: 1.6;\n        }\n\n        \/* Use Cases Section *\/\n        .use-cases-section {\n            margin-bottom: 4rem;\n            background: var(--light-bg);\n            border-radius: 16px;\n            padding: 3rem 2rem;\n        }\n\n        .use-cases-grid {\n            display: grid;\n            grid-template-columns: repeat(auto-fit, minmax(300px, 1fr));\n            gap: 2rem;\n            margin-top: 2rem;\n        }\n\n        .use-case-card {\n            background: white;\n            border-radius: 16px;\n            padding: 1.5rem;\n            box-shadow: var(--box-shadow);\n            transition: all 0.3s ease;\n            border: 1px solid var(--border-color);\n            height: 100%;\n        }\n\n        .use-case-card:hover {\n            transform: translateY(-5px);\n            box-shadow: var(--hover-shadow);\n            border-color: rgba(253, 152, 0, 0.3);\n        }\n\n        .use-case-icon {\n            color: var(--primary-color);\n            font-size: 2rem;\n            margin-bottom: 1rem;\n        }\n\n        .use-case-title {\n            font-size: 1.3rem;\n            font-weight: 700;\n            margin-bottom: 1rem;\n            color: var(--text-color);\n        }\n\n        .use-case-text {\n            font-size: 0.95rem;\n            color: #555;\n            line-height: 1.6;\n        }\n\n        \/* FAQ Section *\/\n        .faq-section {\n            margin-bottom: 4rem;\n        }\n\n        .faq-container {\n            max-width: 900px;\n            margin: 0 auto;\n        }\n\n        .faq-item {\n            background: white;\n            border-radius: 16px;\n            padding: 1.5rem 2rem;\n            box-shadow: var(--box-shadow);\n            margin-bottom: 1.5rem;\n            border: 1px solid var(--border-color);\n            transition: all 0.3s ease;\n        }\n\n        .faq-item:hover {\n            transform: translateY(-3px);\n            box-shadow: var(--hover-shadow);\n            border-color: rgba(253, 152, 0, 0.3);\n        }\n\n        .faq-question {\n            font-size: 1.2rem;\n            font-weight: 700;\n            margin-bottom: 1rem;\n            color: var(--text-color);\n            display: flex;\n            align-items: center;\n        }\n\n        .faq-icon {\n            color: var(--primary-color);\n            margin-right: 0.75rem;\n            font-size: 1.2rem;\n        }\n\n        .faq-answer {\n            font-size: 1rem;\n            color: #555;\n            line-height: 1.6;\n        }\n\n        \/* Technical Details Section *\/\n        .technical-details-section {\n            margin-bottom: 4rem;\n        }\n\n        .technical-details-grid {\n            display: grid;\n            grid-template-columns: repeat(auto-fit, minmax(300px, 1fr));\n            gap: 2rem;\n        }\n\n        .tech-detail-card {\n            background: white;\n            border-radius: 16px;\n            padding: 1.5rem;\n            box-shadow: var(--box-shadow);\n            transition: all 0.3s ease;\n            border: 1px solid var(--border-color);\n        }\n\n        .tech-detail-card:hover {\n            transform: translateY(-5px);\n            box-shadow: var(--hover-shadow);\n            border-color: rgba(253, 152, 0, 0.3);\n        }\n\n        .tech-detail-title {\n            font-size: 1.3rem;\n            font-weight: 700;\n            margin-bottom: 1rem;\n            color: var(--text-color);\n            display: flex;\n            align-items: center;\n        }\n\n        .tech-detail-icon {\n            color: var(--primary-color);\n            margin-right: 0.75rem;\n            font-size: 1.3rem;\n        }\n\n        .tech-detail-text {\n            font-size: 0.95rem;\n            color: #555;\n            line-height: 1.6;\n        }\n\n        \/* Security Section *\/\n        .security-section {\n            margin-bottom: 4rem;\n            background: var(--light-bg);\n            border-radius: 16px;\n            padding: 3rem 2rem;\n        }\n\n        .security-features {\n            display: grid;\n            grid-template-columns: repeat(auto-fit, minmax(300px, 1fr));\n            gap: 2rem;\n            margin-top: 2rem;\n        }\n\n        .security-card {\n            background: white;\n            border-radius: 16px;\n            padding: 1.5rem;\n            box-shadow: var(--box-shadow);\n            transition: all 0.3s ease;\n            border: 1px solid var(--border-color);\n        }\n\n        .security-card:hover {\n            transform: translateY(-5px);\n            box-shadow: var(--hover-shadow);\n            border-color: rgba(253, 152, 0, 0.3);\n        }\n\n        .security-title {\n            font-size: 1.3rem;\n            font-weight: 700;\n            margin-bottom: 1rem;\n            color: var(--text-color);\n            display: flex;\n            align-items: center;\n        }\n\n        .security-icon {\n            color: var(--primary-color);\n            margin-right: 0.75rem;\n            font-size: 1.3rem;\n        }\n\n        .security-text {\n            font-size: 0.95rem;\n            color: #555;\n            line-height: 1.6;\n        }\n\n        \/* CTA Section *\/\n        .cta-section {\n            text-align: center;\n            padding: 3rem 1rem;\n            background: var(--gradient-bg);\n            border-radius: 16px;\n            position: relative;\n            overflow: hidden;\n            margin-bottom: 2rem;\n        }\n\n        .cta-pattern {\n            position: absolute;\n            top: 0;\n            left: 0;\n            right: 0;\n            bottom: 0;\n            background-image: url(\"data:image\/svg+xml,%3Csvg width='60' height='60' viewBox='0 0 60 60' xmlns='http:\/\/www.w3.org\/2000\/svg'%3E%3Cg fill='none' fill-rule='evenodd'%3E%3Cg fill='%23fd9800' fill-opacity='0.05'%3E%3Cpath d='M36 34v-4h-2v4h-4v2h4v4h2v-4h4v-2h-4zm0-30V0h-2v4h-4v2h4v4h2V6h4V4h-4zM6 34v-4H4v4H0v2h4v4h2v-4h4v-2H6zM6 4V0H4v4H0v2h4v4h2V6h4V4H6z'\/%3E%3C\/g%3E%3C\/g%3E%3C\/svg%3E\");\n            opacity: 0.5;\n            z-index: 0;\n        }\n\n        .cta-content {\n            position: relative;\n            z-index: 1;\n            max-width: 800px;\n            margin: 0 auto;\n        }\n\n        .cta-title {\n            font-size: 2.2rem;\n            font-weight: 700;\n            margin-bottom: 1.5rem;\n            color: var(--text-color);\n        }\n\n        .cta-text {\n            font-size: 1.1rem;\n            margin-bottom: 2rem;\n            color: #555;\n            line-height: 1.6;\n        }\n\n        \/* Guide-specific Styles *\/\n        .guide-content {\n            background: white;\n            border-radius: 16px;\n            padding: 2rem;\n            margin-bottom: 2rem;\n            box-shadow: var(--box-shadow);\n            border: 1px solid var(--border-color);\n        }\n\n        .guide-section-title {\n            font-size: 1.6rem;\n            font-weight: 700;\n            color: var(--text-color);\n            margin-bottom: 1rem;\n        }\n\n        .guide-text {\n            font-size: 1rem;\n            color: #555;\n            line-height: 1.8;\n            margin-bottom: 1rem;\n        }\n\n        .guide-list {\n            list-style: none;\n            padding: 0;\n            margin: 1rem 0;\n        }\n\n        .guide-list-item {\n            display: flex;\n            align-items: flex-start;\n            margin-bottom: 0.75rem;\n            padding-left: 1.5rem;\n            position: relative;\n        }\n\n        .guide-list-item::before {\n            content: \"\u2022\";\n            color: var(--primary-color);\n            font-weight: bold;\n            position: absolute;\n            left: 0;\n        }\n\n        \/* Responsive Styles *\/\n        @media (max-width: 768px) {\n            .hero-title {\n                font-size: 2.2rem;\n            }\n\n            .section-title {\n                font-size: 1.8rem;\n            }\n\n            .cta-title {\n                font-size: 1.8rem;\n            }\n\n            .features-grid {\n                grid-template-columns: 1fr;\n                max-width: 500px;\n                margin: 0 auto;\n            }\n\n            .step-card {\n                flex-direction: column;\n                align-items: flex-start;\n            }\n\n            .step-number {\n                margin-bottom: 1rem;\n                margin-right: 0;\n            }\n        }\n\n        @media (max-width: 480px) {\n            .hero-title {\n                font-size: 1.8rem;\n            }\n\n            .hero-subtitle {\n                font-size: 1.1rem;\n            }\n\n            .section-title {\n                font-size: 1.6rem;\n            }\n\n            .feature-content {\n                padding: 1.5rem;\n            }\n\n            .step-card {\n                padding: 1.5rem;\n            }\n\n            .faq-item {\n                padding: 1.25rem;\n            }\n        }\n\n        \/* Button text should never be underlined *\/\n        .btn:hover, .btn:focus, .btn:active {\n            text-decoration: none !important;\n        }\n    <\/style>\n<\/head>\n<body>\n    <div class=\"converter-section\">\n        <!-- Hero Section -->\n        <section class=\"hero-section\">\n            <div class=\"hero-pattern\"><\/div>\n            <div class=\"hero-content\">\n                <h1 class=\"hero-title\">Convertidor AVIF a WEBP<\/h1>\n                <p class=\"hero-subtitle\">Converteix imatges AVIF al format WEBP mantenint una excel\u00b7lent compressi\u00f3 i una \u00e0mplia compatibilitat. Perfecte per a desenvolupadors web que necessiten els avantatges de qualitat dels formats moderns amb un millor suport del navegador que el que ofereix AVIF actualment.<\/p>\n\n                <div class=\"hero-badges\">\n                    <div class=\"hero-badge\">\n                        <span class=\"hero-badge-icon\"><i class=\"fas fa-desktop\"><\/i><\/span>\n                        <span class=\"hero-badge-text\">100% fora de l\u00ednia<\/span>\n                    <\/div>\n                    <div class=\"hero-badge\">\n                        <span class=\"hero-badge-icon\"><i class=\"fas fa-infinity\"><\/i><\/span>\n                        <span class=\"hero-badge-text\">Conversions il\u00b7limitades<\/span>\n                    <\/div>\n                    <div class=\"hero-badge\">\n                        <span class=\"hero-badge-icon\"><i class=\"fas fa-shield-alt\"><\/i><\/span>\n                        <span class=\"hero-badge-text\">Privat i segur<\/span>\n                    <\/div>\n                    <div class=\"hero-badge\">\n                        <span class=\"hero-badge-icon\"><i class=\"fas fa-bolt\"><\/i><\/span>\n                        <span class=\"hero-badge-text\">R\u00e0pid llamp<\/span>\n                    <\/div>\n                <\/div>\n\n                <div class=\"hero-buttons\">\n                    <a href=\"\/download\" class=\"btn btn-primary\">Descarregar Gratis<\/a>\n                    <a href=\"#how-it-works\" class=\"btn btn-secondary\">M\u00e9s informaci\u00f3<\/a>\n                <\/div>\n            <\/div>\n        <\/section>\n\n\n        <!-- Features Section -->\n        <section class=\"features-section\">\n            <h2 class=\"section-title\">Per qu\u00e8 triar Convertify per a la conversi\u00f3 AVIF a WEBP?<\/h2>\n\n            <div class=\"features-grid\">\n                <div class=\"feature-card\">\n                    <div class=\"feature-content\">\n                        <div class=\"feature-icon\">\n                            <i class=\"fas fa-bolt\"><\/i>\n                        <\/div>\n                        <h3 class=\"feature-title\">Decodificaci\u00f3 AV1 r\u00e0pida com a llamp<\/h3>\n                        <p class=\"feature-text\">Convertify descodifica de manera eficient els fitxers AVIF mitjan\u00e7ant el processament optimitzat del format d&#8217;imatge AV1, gestionant algorismes de compressi\u00f3 complexos amb un rendiment multiproc\u00e9s per a conversions instant\u00e0nies.<\/p>\n                        <ul class=\"feature-list\">\n                            <li class=\"feature-item\">\n                                <span class=\"feature-check\"><i class=\"fas fa-check-circle\"><\/i><\/span>\n                                <span class=\"feature-item-text\">Descodificaci\u00f3 AV1 accelerada per maquinari<\/span>\n                            <\/li>\n                            <li class=\"feature-item\">\n                                <span class=\"feature-check\"><i class=\"fas fa-check-circle\"><\/i><\/span>\n                                <span class=\"feature-item-text\">Optimitzaci\u00f3 del processament multi-nucli<\/span>\n                            <\/li>\n                            <li class=\"feature-item\">\n                                <span class=\"feature-check\"><i class=\"fas fa-check-circle\"><\/i><\/span>\n                                <span class=\"feature-item-text\">Conversi\u00f3 per lots instant\u00e0nia de milers de fitxers AVIF<\/span>\n                            <\/li>\n                        <\/ul>\n                    <\/div>\n                <\/div>\n                <div class=\"feature-card\">\n                    <div class=\"feature-content\">\n                        <div class=\"feature-icon\">\n                            <i class=\"fas fa-shield-alt\"><\/i>\n                        <\/div>\n                        <h3 class=\"feature-title\">Preservaci\u00f3 de la qualitat sense p\u00e8rdues<\/h3>\n                        <p class=\"feature-text\">Mantingueu la m\u00e0xima fidelitat de la imatge durant la conversi\u00f3 amb una gesti\u00f3 avan\u00e7ada de l&#8217;espai de color i un maneig de precisi\u00f3 de profunditat de bits per obtenir resultats de qualitat professional.<\/p>\n                        <ul class=\"feature-list\">\n                            <li class=\"feature-item\">\n                                <span class=\"feature-check\"><i class=\"fas fa-check-circle\"><\/i><\/span>\n                                <span class=\"feature-item-text\">Conserva les dades HDR i una \u00e0mplia gamma de colors<\/span>\n                            <\/li>\n                            <li class=\"feature-item\">\n                                <span class=\"feature-check\"><i class=\"fas fa-check-circle\"><\/i><\/span>\n                                <span class=\"feature-item-text\">Mant\u00e9 la transpar\u00e8ncia del canal alfa<\/span>\n                            <\/li>\n                            <li class=\"feature-item\">\n                                <span class=\"feature-check\"><i class=\"fas fa-check-circle\"><\/i><\/span>\n                                <span class=\"feature-item-text\">No hi ha degradaci\u00f3 de la qualitat durant la conversi\u00f3<\/span>\n                            <\/li>\n                        <\/ul>\n                    <\/div>\n                <\/div>\n                <div class=\"feature-card\">\n                    <div class=\"feature-content\">\n                        <div class=\"feature-icon\">\n                            <i class=\"fas fa-compress-arrows-alt\"><\/i>\n                        <\/div>\n                        <h3 class=\"feature-title\">Control intel\u00b7ligent de compressi\u00f3<\/h3>\n                        <p class=\"feature-text\">Convertiu mentre optimitzeu la mida dels fitxers amb la codificaci\u00f3 WEBP intel\u00b7ligent que equilibra la qualitat i la compressi\u00f3 per a imatges optimitzades per a la web.<\/p>\n                        <ul class=\"feature-list\">\n                            <li class=\"feature-item\">\n                                <span class=\"feature-check\"><i class=\"fas fa-check-circle\"><\/i><\/span>\n                                <span class=\"feature-item-text\">Optimitzaci\u00f3 autom\u00e0tica de la qualitat<\/span>\n                            <\/li>\n                            <li class=\"feature-item\">\n                                <span class=\"feature-check\"><i class=\"fas fa-check-circle\"><\/i><\/span>\n                                <span class=\"feature-item-text\">Redueix la mida dels fitxers fins a un 40%<\/span>\n                            <\/li>\n                            <li class=\"feature-item\">\n                                <span class=\"feature-check\"><i class=\"fas fa-check-circle\"><\/i><\/span>\n                                <span class=\"feature-item-text\">Mant\u00e9 els est\u00e0ndards de qualitat visual<\/span>\n                            <\/li>\n                        <\/ul>\n                    <\/div>\n                <\/div>\n                <div class=\"feature-card\">\n                    <div class=\"feature-content\">\n                        <div class=\"feature-icon\">\n                            <i class=\"fas fa-globe\"><\/i>\n                        <\/div>\n                        <h3 class=\"feature-title\">Compatibilitat universal del navegador<\/h3>\n                        <p class=\"feature-text\">Transformeu les imatges AVIF al format WEBP per obtenir un suport m\u00e9s ampli del navegador, assegurant-vos que les vostres imatges es mostrin correctament a tots els navegadors i plataformes web moderns.<\/p>\n                        <ul class=\"feature-list\">\n                            <li class=\"feature-item\">\n                                <span class=\"feature-check\"><i class=\"fas fa-check-circle\"><\/i><\/span>\n                                <span class=\"feature-item-text\">95% + compatibilitat amb el navegador<\/span>\n                            <\/li>\n                            <li class=\"feature-item\">\n                                <span class=\"feature-check\"><i class=\"fas fa-check-circle\"><\/i><\/span>\n                                <span class=\"feature-item-text\">Suport m\u00f2bil i escriptori<\/span>\n                            <\/li>\n                            <li class=\"feature-item\">\n                                <span class=\"feature-check\"><i class=\"fas fa-check-circle\"><\/i><\/span>\n                                <span class=\"feature-item-text\">Garantia de compatibilitat enrere<\/span>\n                            <\/li>\n                        <\/ul>\n                    <\/div>\n                <\/div>\n                <div class=\"feature-card\">\n                    <div class=\"feature-content\">\n                        <div class=\"feature-icon\">\n                            <i class=\"fas fa-magic\"><\/i>\n                        <\/div>\n                        <h3 class=\"feature-title\">Millora de la imatge de l&#8217;IA<\/h3>\n                        <p class=\"feature-text\">Milloreu les imatges convertides amb la tecnologia d&#8217;augment de l&#8217;IA integrada que millora de manera intel\u00b7ligent la resoluci\u00f3 i la nitidesa durant el proc\u00e9s de conversi\u00f3 AVIF a WEBP.<\/p>\n                        <ul class=\"feature-list\">\n                            <li class=\"feature-item\">\n                                <span class=\"feature-check\"><i class=\"fas fa-check-circle\"><\/i><\/span>\n                                <span class=\"feature-item-text\">Capacitat d&#8217;augment de resoluci\u00f3 4X<\/span>\n                            <\/li>\n                            <li class=\"feature-item\">\n                                <span class=\"feature-check\"><i class=\"fas fa-check-circle\"><\/i><\/span>\n                                <span class=\"feature-item-text\">Millora de la vora intel\u00b7ligent<\/span>\n                            <\/li>\n                            <li class=\"feature-item\">\n                                <span class=\"feature-check\"><i class=\"fas fa-check-circle\"><\/i><\/span>\n                                <span class=\"feature-item-text\">Algoritmes de reducci\u00f3 de soroll<\/span>\n                            <\/li>\n                        <\/ul>\n                    <\/div>\n                <\/div>\n                <div class=\"feature-card\">\n                    <div class=\"feature-content\">\n                        <div class=\"feature-icon\">\n                            <i class=\"fas fa-lock\"><\/i>\n                        <\/div>\n                        <h3 class=\"feature-title\">Protecci\u00f3 de privadesa completa<\/h3>\n                        <p class=\"feature-text\">Processeu imatges sensibles completament fora de l\u00ednia sense c\u00e0rregues al n\u00favol, assegurant-vos que el vostre contingut visual es mantingui segur i privat al vostre dispositiu Windows.<\/p>\n                        <ul class=\"feature-list\">\n                            <li class=\"feature-item\">\n                                <span class=\"feature-check\"><i class=\"fas fa-check-circle\"><\/i><\/span>\n                                <span class=\"feature-item-text\">Processament 100% fora de l\u00ednia<\/span>\n                            <\/li>\n                            <li class=\"feature-item\">\n                                <span class=\"feature-check\"><i class=\"fas fa-check-circle\"><\/i><\/span>\n                                <span class=\"feature-item-text\">Sense transmissi\u00f3 de dades<\/span>\n                            <\/li>\n                            <li class=\"feature-item\">\n                                <span class=\"feature-check\"><i class=\"fas fa-check-circle\"><\/i><\/span>\n                                <span class=\"feature-item-text\">Els fitxers no surten mai de l&#8217;ordinador<\/span>\n                            <\/li>\n                        <\/ul>\n                    <\/div>\n                <\/div>\n            <\/div>\n        <\/section>\n\n\n        <!-- Why Convert Section -->\n        <section class=\"why-convert-section\">\n            <h2 class=\"section-title\">Per qu\u00e8 convertir AVIF en WEBP?<\/h2>\n\n            <div class=\"comparison-grid\">\n                <div class=\"format-card\">\n                    <h3 class=\"format-title\">\n                        <span class=\"format-icon\"><i class=\"fas fa-file-video\"><\/i><\/span>\n                        Format AVIF\n                    <\/h3>\n                    <ul class=\"format-list\">\n                        <li class=\"format-item\">\n                            <span class=\"format-check\"><i class=\"fas fa-check-circle\"><\/i><\/span>\n                            <span class=\"format-text\">Efic\u00e0cia de compressi\u00f3 superior: fitxers fins a un 50% m\u00e9s petits que els JPEG amb millor qualitat<\/span>\n                        <\/li>\n                        <li class=\"format-item\">\n                            <span class=\"format-check\"><i class=\"fas fa-check-circle\"><\/i><\/span>\n                            <span class=\"format-text\">El c\u00f2dec AV1 avan\u00e7at ofereix una qualitat d&#8217;imatge excepcional a velocitats de bits baixes<\/span>\n                        <\/li>\n                        <li class=\"format-item\">\n                            <span class=\"format-check\"><i class=\"fas fa-times-circle\"><\/i><\/span>\n                            <span class=\"format-text\">Compatibilitat limitada del navegador: nom\u00e9s s&#8217;admet a Chrome 85+, Firefox 93+ i Safari 16+<\/span>\n                        <\/li>\n                        <li class=\"format-item\">\n                            <span class=\"format-check\"><i class=\"fas fa-check-circle\"><\/i><\/span>\n                            <span class=\"format-text\">Admet contingut HDR i una \u00e0mplia gamma de colors per a la fotografia professional<\/span>\n                        <\/li>\n                        <li class=\"format-item\">\n                            <span class=\"format-check\"><i class=\"fas fa-times-circle\"><\/i><\/span>\n                            <span class=\"format-text\">Velocitats de codificaci\u00f3 i descodificaci\u00f3 lentes en comparaci\u00f3 amb formats establerts com WEBP<\/span>\n                        <\/li>\n                    <\/ul>\n                <\/div>\n\n                <div class=\"format-card\">\n                    <h3 class=\"format-title\">\n                        <span class=\"format-icon\"><i class=\"fas fa-file-video\"><\/i><\/span>\n                        Format WEBP\n                    <\/h3>\n                    <ul class=\"format-list\">\n                        <li class=\"format-item\">\n                            <span class=\"format-check\"><i class=\"fas fa-check-circle\"><\/i><\/span>\n                            <span class=\"format-text\">Excel\u00b7lent compatibilitat amb navegadors: funciona en el 95% dels navegadors, incloses les versions anteriors<\/span>\n                        <\/li>\n                        <li class=\"format-item\">\n                            <span class=\"format-check\"><i class=\"fas fa-check-circle\"><\/i><\/span>\n                            <span class=\"format-text\">El rendiment de descodificaci\u00f3 r\u00e0pid garanteix una c\u00e0rrega r\u00e0pida d&#8217;imatges als llocs web<\/span>\n                        <\/li>\n                        <li class=\"format-item\">\n                            <span class=\"format-check\"><i class=\"fas fa-check-circle\"><\/i><\/span>\n                            <span class=\"format-text\">Admet compressi\u00f3 amb p\u00e8rdues i sense p\u00e8rdues amb transpar\u00e8ncia<\/span>\n                        <\/li>\n                        <li class=\"format-item\">\n                            <span class=\"format-check\"><i class=\"fas fa-check-circle\"><\/i><\/span>\n                            <span class=\"format-text\">Mides de fitxer significativament m\u00e9s petites que PNG tot mantenint la qualitat<\/span>\n                        <\/li>\n                        <li class=\"format-item\">\n                            <span class=\"format-check\"><i class=\"fas fa-check-circle\"><\/i><\/span>\n                            <span class=\"format-text\">\u00c0mplia compatibilitat amb plataformes, inclosos dispositius m\u00f2bils i sistemes heretats<\/span>\n                        <\/li>\n                    <\/ul>\n                <\/div>\n            <\/div>\n        <\/section>\n\n\n        <!-- Technical Details Section -->\n        <section class=\"technical-details-section\">\n            <h2 class=\"section-title\">Detalls t\u00e8cnics<\/h2>\n\n            <div class=\"technical-details-grid\">\n                <div class=\"tech-detail-card\">\n                    <h3 class=\"tech-detail-title\">\n                        <span class=\"tech-detail-icon\"><i class=\"fas fa-cog\"><\/i><\/span>\n                        Conversi\u00f3 de c\u00f2decs avan\u00e7ats\n                    <\/h3>\n                    <p class=\"tech-detail-text\">Convertify gestiona el complex proc\u00e9s de descodificaci\u00f3 de contenidors AVIF basats en AV1 i de tornar a codificar al format WEBP VP8\/VP9, gestionant les transformacions de l&#8217;espai de color, els ajustos de profunditat de bits i la preservaci\u00f3 de metadades al llarg del canal de conversi\u00f3.<\/p>\n                <\/div>\n                <div class=\"tech-detail-card\">\n                    <h3 class=\"tech-detail-title\">\n                        <span class=\"tech-detail-icon\"><i class=\"fas fa-palette\"><\/i><\/span>\n                        Gesti\u00f3 de perfils de color\n                    <\/h3>\n                    <p class=\"tech-detail-text\">El proc\u00e9s de conversi\u00f3 gestiona de manera intel\u00b7ligent els perfils de color ICC, mantenint sRGB, Display P3 i Rec. 2020 espais de color quan es converteixen de les capacitats de color avan\u00e7ades d&#8217;AVIF a les gammes de color admeses per WEBP.<\/p>\n                <\/div>\n                <div class=\"tech-detail-card\">\n                    <h3 class=\"tech-detail-title\">\n                        <span class=\"tech-detail-icon\"><i class=\"fas fa-layer-group\"><\/i><\/span>\n                        Processament del canal alfa\n                    <\/h3>\n                    <p class=\"tech-detail-text\">El maneig sofisticat del canal alfa preserva la informaci\u00f3 de transpar\u00e8ncia durant la conversi\u00f3, convertint l&#8217;alfa premultiplicat d&#8217;AVIF al format alfa de WEBP alhora que mant\u00e9 la qualitat de la vora i evita els artefactes de sagnat del color.<\/p>\n                <\/div>\n            <\/div>\n        <\/section>\n\n\n        <!-- How It Works Section -->\n        <section id=\"how-it-works\" class=\"how-it-works-section\">\n            <h2 class=\"section-title\">Com convertir AVIF a WEBP<\/h2>\n\n            <div class=\"steps-container\">\n                <div class=\"step-card\">\n                    <div class=\"step-number\">1<\/div>\n                    <div class=\"step-content\">\n                        <h3 class=\"step-title\">Descarrega i instal\u00b7la<\/h3>\n                        <p class=\"step-text\">Baixeu Convertify gratu\u00eftament i instal\u00b7leu-lo al vostre PC Windows. No cal cap compte ni registre.<\/p>\n                    <\/div>\n                <\/div>\n                <div class=\"step-card\">\n                    <div class=\"step-number\">2<\/div>\n                    <div class=\"step-content\">\n                        <h3 class=\"step-title\">Afegiu els vostres fitxers AVIF<\/h3>\n                        <p class=\"step-text\">Arrossegueu i deixeu anar els vostres fitxers AVIF a Convertify o utilitzeu el navegador de fitxers per seleccionar-los.<\/p>\n                    <\/div>\n                <\/div>\n                <div class=\"step-card\">\n                    <div class=\"step-number\">3<\/div>\n                    <div class=\"step-content\">\n                        <h3 class=\"step-title\">Seleccioneu Sortida WEBP<\/h3>\n                        <p class=\"step-text\">Trieu WEBP com a format de sortida. Ajusteu la configuraci\u00f3 de qualitat si cal.<\/p>\n                    <\/div>\n                <\/div>\n                <div class=\"step-card\">\n                    <div class=\"step-number\">4<\/div>\n                    <div class=\"step-content\">\n                        <h3 class=\"step-title\">Converteix i desa<\/h3>\n                        <p class=\"step-text\">Feu clic a Converteix i els vostres fitxers es processaran a l&#8217;instant. Deseu-los a qualsevol lloc del vostre ordinador.<\/p>\n                    <\/div>\n                <\/div>\n            <\/div>\n        <\/section>\n\n\n        <!-- Use Cases Section -->\n        <section class=\"use-cases-section\">\n            <h2 class=\"section-title\">Quan utilitzar la conversi\u00f3 AVIF a WEBP<\/h2>\n\n            <div class=\"use-cases-grid\">\n                <div class=\"use-case-card\">\n                    <div class=\"use-case-icon\"><i class=\"fas fa-code\"><\/i><\/div>\n                    <h3 class=\"use-case-title\">Projectes de Desenvolupament Web<\/h3>\n                    <p class=\"use-case-text\">Converteix els actius AVIF a WEBP per a una compatibilitat m\u00e9s \u00e0mplia del navegador alhora que mant\u00e9 els avantatges de la compressi\u00f3 moderna per a una c\u00e0rrega m\u00e9s r\u00e0pida del lloc web.<\/p>\n                <\/div>\n                <div class=\"use-case-card\">\n                    <div class=\"use-case-icon\"><i class=\"fas fa-mobile-alt\"><\/i><\/div>\n                    <h3 class=\"use-case-title\">Actius d&#8217;aplicacions m\u00f2bils<\/h3>\n                    <p class=\"use-case-text\">Assegureu-vos la compatibilitat d&#8217;imatges a totes les plataformes m\u00f2bils convertint imatges AVIF d&#8217;avantguarda al format WEBP compatible amb universal.<\/p>\n                <\/div>\n                <div class=\"use-case-card\">\n                    <div class=\"use-case-icon\"><i class=\"fas fa-shopping-cart\"><\/i><\/div>\n                    <h3 class=\"use-case-title\">Plataformes de comer\u00e7 electr\u00f2nic<\/h3>\n                    <p class=\"use-case-text\">Converteix imatges de productes d&#8217;AVIF a WEBP per a una visualitzaci\u00f3 coherent a tots els dispositius dels clients i plataformes de carret\u00f3 de la compra.<\/p>\n                <\/div>\n                <div class=\"use-case-card\">\n                    <div class=\"use-case-icon\"><i class=\"fas fa-newspaper\"><\/i><\/div>\n                    <h3 class=\"use-case-title\">Sistemes de gesti\u00f3 de continguts<\/h3>\n                    <p class=\"use-case-text\">Transformeu les imatges AVIF per a la compatibilitat amb CMS on WEBP ofereix un millor suport mantenint unes excel\u00b7lents relacions de compressi\u00f3.<\/p>\n                <\/div>\n                <div class=\"use-case-card\">\n                    <div class=\"use-case-icon\"><i class=\"fas fa-share-alt\"><\/i><\/div>\n                    <h3 class=\"use-case-title\">Contingut de xarxes socials<\/h3>\n                    <p class=\"use-case-text\">Converteix imatges AVIF al format WEBP per compartir-les de manera fiable a trav\u00e9s de plataformes socials que encara no s\u00f3n compatibles amb l&#8217;est\u00e0ndard AVIF m\u00e9s recent.<\/p>\n                <\/div>\n                <div class=\"use-case-card\">\n                    <div class=\"use-case-icon\"><i class=\"fas fa-archive\"><\/i><\/div>\n                    <h3 class=\"use-case-title\">Migraci\u00f3 del sistema heretat<\/h3>\n                    <p class=\"use-case-text\">Converteix els arxius AVIF moderns a WEBP per integrar-los amb sistemes de gesti\u00f3 de contingut m\u00e9s antics que requereixen suport de format establert.<\/p>\n                <\/div>\n            <\/div>\n        <\/section>\n\n\n        <!-- Security Section -->\n        <section class=\"security-section\">\n            <h2 class=\"section-title\">La teva privadesa est\u00e0 protegida<\/h2>\n\n            <div class=\"security-features\">\n                <div class=\"security-card\">\n                    <h3 class=\"security-title\">\n                        <span class=\"security-icon\"><i class=\"fas fa-lock\"><\/i><\/span>\n                        100% fora de l\u00ednia\n                    <\/h3>\n                    <p class=\"security-text\">Totes les conversions es produeixen localment al vostre ordinador. Els vostres fitxers no surten mai del vostre dispositiu i mai es pengen a cap servidor.<\/p>\n                <\/div>\n                <div class=\"security-card\">\n                    <h3 class=\"security-title\">\n                        <span class=\"security-icon\"><i class=\"fas fa-user-shield\"><\/i><\/span>\n                        No es requereix cap compte\n                    <\/h3>\n                    <p class=\"security-text\">Comenceu a convertir immediatament sense crear un compte, proporcionar informaci\u00f3 personal o registrar-vos per a res.<\/p>\n                <\/div>\n                <div class=\"security-card\">\n                    <h3 class=\"security-title\">\n                        <span class=\"security-icon\"><i class=\"fas fa-trash-alt\"><\/i><\/span>\n                        Neteja autom\u00e0tica\n                    <\/h3>\n                    <p class=\"security-text\">Els fitxers temporals s&#8217;eliminen de manera segura despr\u00e9s de la conversi\u00f3. Els vostres fitxers originals romanen completament intacs tret que decidiu el contrari.<\/p>\n                <\/div>\n            <\/div>\n        <\/section>\n\n\n        <!-- FAQ Section -->\n        <section class=\"faq-section\">\n            <h2 class=\"section-title\">Preguntes freq\u00fcents<\/h2>\n\n            <div class=\"faq-container\">\n                <div class=\"faq-item\">\n                    <h3 class=\"faq-question\">\n                        <span class=\"faq-icon\"><i class=\"fas fa-question-circle\"><\/i><\/span>\n                        Convertir AVIF a WEBP reduir\u00e0 la qualitat de la imatge?\n                    <\/h3>\n                    <div class=\"faq-answer\">\n                        <p>La conversi\u00f3 mant\u00e9 una qualitat excel\u00b7lent, ja que ambd\u00f3s formats utilitzen compressi\u00f3 avan\u00e7ada. Tot i que AVIF pot tenir una efici\u00e8ncia de compressi\u00f3 lleugerament millor, WEBP encara ofereix una qualitat superior en comparaci\u00f3 amb JPEG amb una difer\u00e8ncia visible m\u00ednima amb l&#8217;AVIF original.<\/p>\n                    <\/div>\n                <\/div>\n                <div class=\"faq-item\">\n                    <h3 class=\"faq-question\">\n                        <span class=\"faq-icon\"><i class=\"fas fa-question-circle\"><\/i><\/span>\n                        Per qu\u00e8 hauria de convertir d&#8217;AVIF a WEBP en lloc de mantenir el format m\u00e9s nou?\n                    <\/h3>\n                    <div class=\"faq-answer\">\n                        <p>La compatibilitat del navegador \u00e9s la ra\u00f3 principal. Tot i que AVIF ofereix compressi\u00f3 d&#8217;avantguarda, nom\u00e9s \u00e9s compatible amb els navegadors m\u00e9s nous. WEBP t\u00e9 un 95% de compatibilitat amb el navegador, assegurant que les vostres imatges es mostrin correctament per a tots els visitants.<\/p>\n                    <\/div>\n                <\/div>\n                <div class=\"faq-item\">\n                    <h3 class=\"faq-question\">\n                        <span class=\"faq-icon\"><i class=\"fas fa-question-circle\"><\/i><\/span>\n                        La conversi\u00f3 preserva la transpar\u00e8ncia i els canals alfa?\n                    <\/h3>\n                    <div class=\"faq-answer\">\n                        <p>S\u00ed, Convertify conserva la informaci\u00f3 del canal alfa durant la conversi\u00f3 d&#8217;AVIF a WEBP, mantenint els efectes de transpar\u00e8ncia i assegurant que no es perdi capes o dades de composici\u00f3.<\/p>\n                    <\/div>\n                <\/div>\n                <div class=\"faq-item\">\n                    <h3 class=\"faq-question\">\n                        <span class=\"faq-icon\"><i class=\"fas fa-question-circle\"><\/i><\/span>\n                        Quant m\u00e9s grans seran els fitxers WEBP en comparaci\u00f3 amb l&#8217;AVIF original?\n                    <\/h3>\n                    <div class=\"faq-answer\">\n                        <p>Els fitxers WEBP solen ser un 10-25% m\u00e9s grans que les imatges AVIF equivalents a causa de les difer\u00e8ncies de compressi\u00f3, per\u00f2 encara s\u00f3n un 25-50% m\u00e9s petits que els fitxers JPEG alhora que ofereixen una millor qualitat i suport de transpar\u00e8ncia.<\/p>\n                    <\/div>\n                <\/div>\n                <div class=\"faq-item\">\n                    <h3 class=\"faq-question\">\n                        <span class=\"faq-icon\"><i class=\"fas fa-question-circle\"><\/i><\/span>\n                        Puc convertir per lots diverses imatges AVIF a WEBP simult\u00e0niament?\n                    <\/h3>\n                    <div class=\"faq-answer\">\n                        <p>S\u00ed, Convertify admet el processament per lots massiu, la qual cosa us permet convertir milers de fitxers AVIF al format WEBP simult\u00e0niament amb la funcionalitat d&#8217;arrossegar i deixar anar i l&#8217;optimitzaci\u00f3 de processament de diversos nuclis.<\/p>\n                    <\/div>\n                <\/div>\n                <div class=\"faq-item\">\n                    <h3 class=\"faq-question\">\n                        <span class=\"faq-icon\"><i class=\"fas fa-question-circle\"><\/i><\/span>\n                        Es conservar\u00e0 la informaci\u00f3 HDR i una \u00e0mplia gamma de colors?\n                    <\/h3>\n                    <div class=\"faq-answer\">\n                        <p>WEBP t\u00e9 un suport d&#8217;espai de color m\u00e9s limitat que AVIF. La conversi\u00f3 assignar\u00e0 una \u00e0mplia gamma de colors a sRGB o Display P3 en funci\u00f3 del contingut, assegurant la compatibilitat i conservant la m\u00e0xima informaci\u00f3 de color possible.<\/p>\n                    <\/div>\n                <\/div>\n                <div class=\"faq-item\">\n                    <h3 class=\"faq-question\">\n                        <span class=\"faq-icon\"><i class=\"fas fa-question-circle\"><\/i><\/span>\n                        Hi ha alguna difer\u00e8ncia de velocitat entre AVIF i WEBP per a la c\u00e0rrega web?\n                    <\/h3>\n                    <div class=\"faq-answer\">\n                        <p>WEBP normalment es carrega m\u00e9s r\u00e0pid a causa d&#8217;una descodificaci\u00f3 del navegador m\u00e9s eficient, malgrat les mides de fitxers potencialment m\u00e9s grans. Aix\u00f2 fa que la conversi\u00f3 sigui beneficiosa per al rendiment web, tot i que els fitxers AVIF poden ser m\u00e9s petits.<\/p>\n                    <\/div>\n                <\/div>\n                <div class=\"faq-item\">\n                    <h3 class=\"faq-question\">\n                        <span class=\"faq-icon\"><i class=\"fas fa-question-circle\"><\/i><\/span>\n                        Necessito connexi\u00f3 a Internet per convertir AVIF a WEBP?\n                    <\/h3>\n                    <div class=\"faq-answer\">\n                        <p>No, Convertify funciona completament fora de l\u00ednia. Tota la conversi\u00f3 AVIF a WEBP es fa localment al vostre ordinador Windows, garantint la privadesa i permetent la conversi\u00f3 fins i tot sense connexi\u00f3 a Internet.<\/p>\n                    <\/div>\n                <\/div>\n            <\/div>\n        <\/section>\n\n\n        <!-- CTA Section -->\n        <section class=\"cta-section\">\n            <div class=\"cta-pattern\"><\/div>\n            <div class=\"cta-content\">\n                <h2 class=\"cta-title\">Preparat per convertir els vostres fitxers?<\/h2>\n                <p class=\"cta-text\">Baixeu Convertify ara i comenceu a convertir AVIF a WEBP a l&#8217;instant. Gratu\u00eft, il\u00b7limitat i completament fora de l\u00ednia.<\/p>\n                <div class=\"hero-buttons\">\n                    <a href=\"\/download\" class=\"btn btn-primary\">Descarrega Convertify gratis<\/a>\n                    <a href=\"\/pricing\" class=\"btn btn-secondary\">Veure preus<\/a>\n                <\/div>\n            <\/div>\n        <\/section>\n    <\/div>\n<\/body>\n<\/html>\n\n\n\n<p><\/p>\n","protected":false},"excerpt":{"rendered":"<p>Convertidor AVIF a WEBP: r\u00e0pid, gratu\u00eft i fora de l\u00ednia per a Windows Convertidor AVIF a WEBP Converteix imatges AVIF [&hellip;]<\/p>\n","protected":false},"author":1,"featured_media":0,"parent":0,"menu_order":0,"comment_status":"closed","ping_status":"closed","template":"","meta":{"pagelayer_contact_templates":[],"_pagelayer_content":"","_uag_custom_page_level_css":"","site-sidebar-layout":"default","site-content-layout":"","ast-site-content-layout":"","site-content-style":"default","site-sidebar-style":"default","ast-global-header-display":"","ast-banner-title-visibility":"","ast-main-header-display":"","ast-hfb-above-header-display":"","ast-hfb-below-header-display":"","ast-hfb-mobile-header-display":"","site-post-title":"disabled","ast-breadcrumbs-content":"","ast-featured-img":"","footer-sml-layout":"","theme-transparent-header-meta":"","adv-header-id-meta":"","stick-header-meta":"","header-above-stick-meta":"","header-main-stick-meta":"","header-below-stick-meta":"","astra-migrate-meta-layouts":"default","ast-page-background-enabled":"default","ast-page-background-meta":{"desktop":{"background-color":"var(--ast-global-color-5)","background-image":"","background-repeat":"repeat","background-position":"center center","background-size":"auto","background-attachment":"scroll","background-type":"","background-media":"","overlay-type":"","overlay-color":"","overlay-opacity":"","overlay-gradient":""},"tablet":{"background-color":"","background-image":"","background-repeat":"repeat","background-position":"center center","background-size":"auto","background-attachment":"scroll","background-type":"","background-media":"","overlay-type":"","overlay-color":"","overlay-opacity":"","overlay-gradient":""},"mobile":{"background-color":"","background-image":"","background-repeat":"repeat","background-position":"center center","background-size":"auto","background-attachment":"scroll","background-type":"","background-media":"","overlay-type":"","overlay-color":"","overlay-opacity":"","overlay-gradient":""}},"ast-content-background-meta":{"desktop":{"background-color":"var(--ast-global-color-4)","background-image":"","background-repeat":"repeat","background-position":"center center","background-size":"auto","background-attachment":"scroll","background-type":"","background-media":"","overlay-type":"","overlay-color":"","overlay-opacity":"","overlay-gradient":""},"tablet":{"background-color":"var(--ast-global-color-4)","background-image":"","background-repeat":"repeat","background-position":"center center","background-size":"auto","background-attachment":"scroll","background-type":"","background-media":"","overlay-type":"","overlay-color":"","overlay-opacity":"","overlay-gradient":""},"mobile":{"background-color":"var(--ast-global-color-4)","background-image":"","background-repeat":"repeat","background-position":"center center","background-size":"auto","background-attachment":"scroll","background-type":"","background-media":"","overlay-type":"","overlay-color":"","overlay-opacity":"","overlay-gradient":""}},"footnotes":""},"class_list":["post-740321","page","type-page","status-publish","hentry"],"uagb_featured_image_src":{"full":false,"thumbnail":false,"medium":false,"medium_large":false,"large":false,"1536x1536":false,"2048x2048":false,"woocommerce_thumbnail":false,"woocommerce_single":false,"woocommerce_gallery_thumbnail":false},"uagb_author_info":{"display_name":"convertify","author_link":"https:\/\/convertifypro.com\/author\/convertifypro\/"},"uagb_comment_info":0,"uagb_excerpt":"Convertidor AVIF a WEBP: r\u00e0pid, gratu\u00eft i fora de l\u00ednia per a Windows Convertidor AVIF a WEBP Converteix imatges AVIF [&hellip;]","_links":{"self":[{"href":"https:\/\/convertifypro.com\/wp-json\/wp\/v2\/pages\/740321","targetHints":{"allow":["GET"]}}],"collection":[{"href":"https:\/\/convertifypro.com\/wp-json\/wp\/v2\/pages"}],"about":[{"href":"https:\/\/convertifypro.com\/wp-json\/wp\/v2\/types\/page"}],"author":[{"embeddable":true,"href":"https:\/\/convertifypro.com\/wp-json\/wp\/v2\/users\/1"}],"replies":[{"embeddable":true,"href":"https:\/\/convertifypro.com\/wp-json\/wp\/v2\/comments?post=740321"}],"version-history":[{"count":0,"href":"https:\/\/convertifypro.com\/wp-json\/wp\/v2\/pages\/740321\/revisions"}],"wp:attachment":[{"href":"https:\/\/convertifypro.com\/wp-json\/wp\/v2\/media?parent=740321"}],"curies":[{"name":"wp","href":"https:\/\/api.w.org\/{rel}","templated":true}]}}